{"id":93,"date":"2016-09-04T16:04:14","date_gmt":"2016-09-04T16:04:14","guid":{"rendered":"http:\/\/wordpress.celinevonmeijenfeldt.nl\/?page_id=93"},"modified":"2025-07-06T10:22:28","modified_gmt":"2025-07-06T10:22:28","slug":"1-1-5-kasteelheer-van-riga","status":"publish","type":"page","link":"https:\/\/meijenfeldt.nl\/?page_id=93","title":{"rendered":"1.1.4. Johann van Bubus"},"content":{"rendered":"<p style=\"text-align: justify;\"><span style=\"color: #000000;\">De eerst bekende telg van het <\/span><span style=\"color: #0000ff;\"><span style=\"color: #000000;\">Lijflandse geslacht<\/span> <\/span><span style=\"color: #000000;\">is Johann Meijer. Over zijn ouders en de datum en <\/span><span style=\"color: #000000;\">plaats van geboorte en overlijden is het gissen. Alleen de jaren 1480 en 1510 staan bij hem vermeld. Vermoedelijk ligt zijn geboortejaar ergens tussen 1445 en 1455, omdat zijn zoon <span style=\"color: #0000ff;\"><a style=\"color: #0000ff;\" href=\"https:\/\/meijenfeldt.nl\/?page_id=5142\">Wolmar<\/a><\/span> in 1520 al stadhouder is over het gebied Wenden.<\/span><\/p>\n<p style=\"text-align: justify;\"><span style=\"color: #000000;\">Johann Meijer is getrouwd met <em>Gertrud\u00a0von <\/em><em>Fahrensbach<\/em>. In de gezaghebbende Zweedse adellijke stamtafels van <span style=\"color: #0000ff;\"><a style=\"color: #0000ff;\" href=\"http:\/\/runeberg.org\/anrep\/2\/0894.html\">Anrep<\/a><\/span> wordt het foutief als <em>Farsenbach<\/em> overgeschreven. De oude naam van dit <\/span><span style=\"color: #000000;\">aanzienlijke Duits-Baltische vazallengeslacht <\/span><span style=\"color: #000000;\">is <em>Varresbeck<\/em>, toen het <\/span><span style=\"color: #000000;\">zich met de Kruistochten vanuit het Rijnland in Estland vestigde, in eerste instantie op het eiland \u00d6sel, later in Marienland (<em>M\u00e4rjamaa<\/em>) in het district Rappel (<em>Rapla<\/em>), dicht tegen de noordelijke grens van\u00a0Lijfland (nu Estland).<\/span><\/p>\n<p style=\"text-align: center;\"><img loading=\"lazy\" decoding=\"async\" class=\"alignnone wp-image-1280 aligncenter\" src=\"https:\/\/meijenfeldt.nl\/wp-content\/uploads\/2016\/11\/IMG_0436.jpg\" alt=\"\" width=\"207\" height=\"281\" \/><span style=\"font-size: 10pt; color: #000000;\"><em>Wapenschild<\/em> <em>von <\/em><em>Fahrensbach<\/em><\/span><\/p>\n<p style=\"text-align: justify;\"><span style=\"color: #000000;\">Het wapen van haar familie is een rode muur die op zes plaatsen is uitgebouwd op een zilveren plaat en een krijger met Hongaarse muts. <\/span><span style=\"color: #000000;\">In het geslacht Von Fahrensbach is uit die tijd een Gertrud te vinden. Zij is in in <\/span><span style=\"color: #000000;\">1445 in Weimar, Saksen geboren. Haar ouders <\/span><span style=\"color: #000000;\">Dietrich von Farensbach (* 1410, \u2020 na 1<\/span><span style=\"color: #000000;\">478) en <\/span><span style=\"color: #000000;\">Elisabeth\/Aleit Schwartzhoff (<\/span><span style=\"color: #000000;\">\u2020 na 1460) reizen met haar naar Reval, waar hij ridder is. Gertrud <\/span><span style=\"color: #000000;\">huwt eerst met Wolmar von \u00dcxk\u00fcll (* 1444, \u2020 na 1493) en daarna met Kersten von Rosen (* <\/span><span style=\"color: #000000;\">1458, \u2020 1535). Uit het tweede huwelijk zijn twee dochters bekend. Zij overlijdt in 1489. Van een derde huwelijk met Johann Meijer en een zoon Wolmar is niets bekend. <\/span><span style=\"color: #0000ff;\"><a style=\"color: #0000ff;\" href=\"#voetnoot\">(1)<\/a><\/span><\/p>\n<p style=\"text-align: justify;\"><span style=\"color: #000000;\">Johann Meijer is <\/span><span style=\"color: #000000;\">Heer van Bubus (Babbus). <\/span>Na enig zoeken blijkt 50 km ten noorden van R\u012bga en 12 km van de Oostzeekust in het kirchspiel Kremon het hof Bubbusch, Babsel, Pabbasch (<em>Paba\u017e,<\/em> <i>Pabazi, <\/i><i>Pabasile<\/i>) of Poba\u03b2 te liggen. De Lijven gaven deze plaats in 1231 de naam Visikendorp. De Duitse benaming is etymologisch terug te voeren op het Lijfs voor \u2018eiland\/hoogte in het moeras\u2019. De geaccidenteerde omgeving draagt de bijnaam <em>La Livlande Suisse<\/em> en is bekend om zijn houtproductie. Aanvankelijk is de Duitse Orde heer en meester, sinds 1562 ligt het in Pools-Lijfland en vanaf 1620 in Zweeds-Lijfland. Het gebied van het kasteel Krimulda wisselt vaak tussen de Lijflandse Orde en het Aartsbisdom Riga, tussen Russen, Polen en Zweden en wordt meermaals verwoest. <span style=\"color: #0000ff;\"><a style=\"color: #0000ff;\" href=\"https:\/\/meijenfeldt.nl\/?page_id=99#voetnoot\">(2)<\/a><\/span><\/p>\n<p style=\"text-align: center;\"><img loading=\"lazy\" decoding=\"async\" class=\" wp-image-52953 aligncenter\" src=\"https:\/\/meijenfeldt.nl\/wp-content\/uploads\/2023\/01\/Pabbasch-N-300x200.jpg\" alt=\"\" width=\"564\" height=\"376\" srcset=\"https:\/\/meijenfeldt.nl\/wp-content\/uploads\/2023\/01\/Pabbasch-N-300x200.jpg 300w, https:\/\/meijenfeldt.nl\/wp-content\/uploads\/2023\/01\/Pabbasch-N-1024x681.jpg 1024w, https:\/\/meijenfeldt.nl\/wp-content\/uploads\/2023\/01\/Pabbasch-N-768x511.jpg 768w, https:\/\/meijenfeldt.nl\/wp-content\/uploads\/2023\/01\/Pabbasch-N.jpg 1200w\" sizes=\"auto, (max-width: 564px) 100vw, 564px\" \/><em><span style=\"font-size: 10pt; color: #000000;\">Pabbasch in het kierchspiel Kremon<\/span><\/em><\/p>\n<p style=\"text-align: justify;\"><span style=\"color: #000000;\">Johann Meijer is in 1510 kastelein (<i>kastellan<\/i>) van het slot in Riga. Hij is de plaatsvervanger van of de feitelijk beheerder voor de kasteelheer, niet het equivalent van een herbergier. Eerder wordt gezegd dat hij in 1480 <i>Rittmeister\u00a0<\/i>van de Lijflandse adelscompagnie cavalerie is, maar al snel volgt de correctie dat dit zijn kleinzoon Henric in 1560 betreft.\u00a0<\/span><\/p>\n<p style=\"text-align: center;\"><img loading=\"lazy\" decoding=\"async\" class=\" wp-image-441 aligncenter\" src=\"https:\/\/meijenfeldt.nl\/wp-content\/uploads\/2016\/09\/image001-1-215x300.jpg\" alt=\"1.1.4. Kasteel Riga\" width=\"464\" height=\"648\" srcset=\"https:\/\/meijenfeldt.nl\/wp-content\/uploads\/2016\/09\/image001-1-215x300.jpg 215w, https:\/\/meijenfeldt.nl\/wp-content\/uploads\/2016\/09\/image001-1.jpg 594w\" sizes=\"auto, (max-width: 464px) 100vw, 464px\" \/><span style=\"font-size: 10pt;\"><em><span style=\"color: #000000;\">Het kasteel van Riga in 1515 <\/span><\/em><span style=\"color: #000000;\"><span style=\"color: #0000ff;\"><a style=\"color: #0000ff;\" href=\"#voetnoot\">(3)<\/a><\/span><\/span><span style=\"color: #0000ff;\">\u00a0<\/span><\/span><\/p>\n<p style=\"text-align: justify;\"><span style=\"color: #000000;\">Het kasteel van Riga meet 63 bij 56 meter. Het is een van de Duitse Orde bekende combinatie van vesting en klooster. Twee ronde torens staan op de hoeken in het noordwesten en zuidoosten en in de andere twee hoeken lopen vierkante trappen omhoog. Kelders, souterrain en begane grond zijn er voor munitie, voedsel, paarden en werkkamers. Op de eerste verdieping bevinden zich de meer luxueuze vertrekken met plafonds op 7 meter hoogte met prachtig boogwerk. Hier bevinden zich de kapel, de eetkamer, de oostelijke vertrekken voor de priesters, de westelijke vertrekken voor de Komtur en Meester (als hij op bezoek is) alsook de keuken en de noordelijke vertrekken voor de ridders. De tweede verdieping is ontworpen voor de kruisboogschutters om het kasteel te verdedigen. Dwars op de buitenmuur aan de rivierzijde loopt een op vijf pijlers rustende overdekte balustrade, ook wel de Dansker genoemd. De toren aan het einde hangt boven de rivier voor de afvoer van de latrine. Ook kan het dienen voor de verdediging en bevoorrading.<\/span><\/p>\n<p style=\"text-align: center;\"><img loading=\"lazy\" decoding=\"async\" class=\" wp-image-52954 aligncenter\" src=\"https:\/\/meijenfeldt.nl\/wp-content\/uploads\/2023\/01\/Riga-1581-300x117.jpg\" alt=\"\" width=\"600\" height=\"234\" srcset=\"https:\/\/meijenfeldt.nl\/wp-content\/uploads\/2023\/01\/Riga-1581-300x117.jpg 300w, https:\/\/meijenfeldt.nl\/wp-content\/uploads\/2023\/01\/Riga-1581-1024x400.jpg 1024w, https:\/\/meijenfeldt.nl\/wp-content\/uploads\/2023\/01\/Riga-1581-768x300.jpg 768w, https:\/\/meijenfeldt.nl\/wp-content\/uploads\/2023\/01\/Riga-1581-1536x600.jpg 1536w, https:\/\/meijenfeldt.nl\/wp-content\/uploads\/2023\/01\/Riga-1581-2048x801.jpg 2048w\" sizes=\"auto, (max-width: 600px) 100vw, 600px\" \/><span style=\"font-size: 10pt;\"><em>Riga in 1581<\/em><\/span><\/p>\n<p style=\"text-align: justify;\"><span style=\"color: #000000;\">Als kastelein bekleedt Johann Meijer een hoge functie. Hij heeft het commando over het garnizoen, de verdediging van het kasteel en patrouilles in de omgeving. Bovendien is hij verantwoordelijk voor het dagelijkse garnizoensleven, zoals de voedselvoorziening (inclusief het aanhouden van voorraden voor twee jaar om een belegering te doorstaan), munitie en bewapening en onderhoud van het kasteel.<\/span><\/p>\n<p style=\"text-align: center;\"><img loading=\"lazy\" decoding=\"async\" class=\" wp-image-52955 aligncenter\" src=\"https:\/\/meijenfeldt.nl\/wp-content\/uploads\/2023\/01\/Plettenberg-204x300.jpg\" alt=\"\" width=\"363\" height=\"534\" srcset=\"https:\/\/meijenfeldt.nl\/wp-content\/uploads\/2023\/01\/Plettenberg-204x300.jpg 204w, https:\/\/meijenfeldt.nl\/wp-content\/uploads\/2023\/01\/Plettenberg.jpg 407w\" sizes=\"auto, (max-width: 363px) 100vw, 363px\" \/><em><span style=\"font-size: 10pt; color: #000000;\">Wolter von Plettenberg (1494-1535)<\/span><\/em><\/p>\n<p style=\"text-align: justify;\"><span style=\"color: #000000;\">De Landmeester had Wolter von Plettenberg in 1491 tot Landmaarschalk benoemd. Deze wist Riga al in hetzelfde jaar op de burgers terug te veroveren en hen de verplichting op te leggen kasteel Wittensteen binnen zes jaar te herbouwen, op de manier zoals deze tussen 1330 en 1343 was herbouwd na de eerdere plundering van het slot door de stad. De niet al te ijverige stad wordt niet al te sterk achter de broek gezeten door de op rust en welvaart uit zijnde Von Plettenberg (die in 1494 tot Landmeester wordt gekozen) en de nieuwe Aartsbisschop Kaspar Linde. Daardoor is het werk pas in 1515 klaar. <a href=\"#voetnoot\"><span style=\"color: #0000ff;\">(4)<\/span><\/a><\/span><\/p>\n<p style=\"text-align: justify;\"><span style=\"color: #000000;\">Dat Wolter von Plettenberg uit is op binnenlandse vrede ligt aan vijandelijke acties uit het oosten. De vorst van Moskou heeft de Lijflandse hanzevestiging in Novgorod gesloten en de handelaren gevangen gezet en weigert vrede te sluiten. In 1498 ziet Von Plettenberg zich daarom gedwongen net als zijn voorganger naar Pleskau op te trekken. Met steunzegging van de vorst van Litouwen woedt tussen 1501 en 1503 een oorlog, waarbij zijn cavalerie en artillerie in verschillende slagen de doorslag geeft.<\/span><\/p>\n<p style=\"text-align: justify;\"><span style=\"color: #000000;\">Om de bisschop van Riga niet te veel in macht te laten groeien geeft Von Plettenberg in 1522 ruimte aan de reformatie, zonder zelf Luthers te worden. Hoewel de Meijers hoge functie voor de Duitse Orde blijven bekleden, is het niet uit te sluiten dat zij van de ruimte gebruik maken om Luthers te worden.<\/span><a id=\"voetnoot\"><\/a><\/p>\n<p style=\"text-align: center;\"><span style=\"font-size: 10pt;\"><span style=\"color: #0000ff;\"><a style=\"color: #0000ff;\" href=\"https:\/\/meijenfeldt.nl\/?page_id=50819\">Terug<\/a>\u00a0<\/span> \u00a0<span style=\"color: #000000;\">***\u00a0 <span style=\"color: #0000ff;\"><a style=\"color: #0000ff;\" href=\"https:\/\/meijenfeldt.nl\/?page_id=650\">Landgoederen<\/a><\/span>\u00a0 \u00a0***<\/span>\u00a0 \u00a0<span style=\"color: #0000ff;\"><a style=\"color: #0000ff;\" href=\"https:\/\/meijenfeldt.nl\/?page_id=5142\">Verder<\/a><\/span><\/span><\/p>\n<p style=\"text-align: justify;\"><span style=\"font-family: georgia, palatino, serif; font-size: 10pt;\"><span style=\"color: #000000;\">1. <\/span><span style=\"color: #000000;\">O.M. von Stackelberg, \u201cGenealogisches Handbuch der esthl\u00e4ndischen Ritterschaft\u201d, G\u00f6rlitz 1931,\u00a0<\/span><span style=\"color: #666699;\"><a style=\"color: #666699;\" href=\"http:\/\/daten.digitale-sammlungen.de\/~db\/bsb00000600\/images\/index.html?id=00000600&amp;fip=193.174.98.30&amp;no=&amp;seite=498\"><span style=\"color: #0000ff;\">pag. 489<\/span><\/a><\/span><span style=\"color: #000000;\">, baseert zich op en landakten en rechterlijke uitspraken. Verder <\/span><span style=\"color: #000000;\">A.A. von Stiernman, <\/span><span style=\"color: #000000;\">Uppsala Universitetsbibliotek, Handskrifter, <\/span><span style=\"color: #000000;\">X. Svensk genealogi och biografi,\u00a0<\/span><span style=\"color: #000000;\">\u201cSvecia Illustris. Sl\u00e4gttaflor \u00f6fver de p\u00e5 Svenska Riddarhuset until \u00e5r \u2026. introducerade \u00e4tter i alfabetisk ordning\u201d, <\/span><span style=\"color: #000000;\">del 18 (M-O), <\/span><span style=\"color: #000000;\"><a href=\"https:\/\/meijenfeldt.nl\/?page_id=12369\"><span style=\"color: #008000;\"><span style=\"color: #0000ff;\">Mejerfelt<\/span><\/span><\/a><\/span><span style=\"color: #000000;\">.<br \/>\n<\/span><span style=\"color: #000000;\">2. H. <span style=\"color: #0000ff;\"><a style=\"color: #0000ff;\" href=\"https:\/\/meijenfeldt.nl\/wp-content\/uploads\/2022\/04\/bruiningk_livlandische_eod.pdf\">von Bruiningk<\/a><\/span>\u00a0en N.\u00a0Busch, \u201c<span class=\"fn\"><span dir=\"ltr\">Livl\u00e4ndische G\u00fcterurkunden: aus den Jahren 1207 bis 1500<\/span><\/span>\u201c, Riga 1908, pag. 23, noot 9.<br \/>\n3. Getekend door Peter Dennis, in S. Turnbull en P. Dennis, \u201cCrusader Castles of the Teutonic Knights,\u00a0 The stone castles of Latvia and Estonia 1185-1560\u201d, Oxford 2004, pag. 46.<br \/>\n4. O. von <span style=\"color: #0000ff;\"><a style=\"color: #0000ff;\" href=\"https:\/\/books.google.se\/books?id=mvDUAAAAMAAJ&amp;printsec=frontcover&amp;dq=geschichte+der+stadt+riga&amp;hl=sv&amp;sa=X&amp;ved=0ahUKEwidtLGso47fAhVO66QKHaUcBoY4WhDoAQhnMAk#v=onepage&amp;q&amp;f=false\">Rutenberg<\/a><\/span>, &#8220;Geschichte der Ostseeprovinzen Liv-, Est- und Kurland von der \u00e4ltesten Zeit bis zum Untergange ihrer Sebst\u00e4ndigkeit&#8221;, Leipzig 1860.<br \/>\n<\/span><\/span><\/p>\n","protected":false},"excerpt":{"rendered":"<p>De eerst bekende telg van het Lijflandse geslacht is Johann Meijer. Over zijn ouders en de datum en plaats van geboorte en overlijden is het gissen. Alleen de jaren 1480 en 1510 staan bij hem vermeld. Vermoedelijk ligt zijn geboortejaar ergens tussen 1445 en 1455, omdat zijn zoon Wolmar in 1520 al stadhouder is over &hellip; <a href=\"https:\/\/meijenfeldt.nl\/?page_id=93\" class=\"more-link\">Verder lezen <span class=\"screen-reader-text\">1.1.4. Johann van Bubus<\/span><\/a><\/p>\n","protected":false},"author":1,"featured_media":0,"parent":346,"menu_order":0,"comment_status":"closed","ping_status":"closed","template":"","meta":{"footnotes":""},"class_list":["post-93","page","type-page","status-publish","hentry"],"_links":{"self":[{"href":"https:\/\/meijenfeldt.nl\/index.php?rest_route=\/wp\/v2\/pages\/93","targetHints":{"allow":["GET"]}}],"collection":[{"href":"https:\/\/meijenfeldt.nl\/index.php?rest_route=\/wp\/v2\/pages"}],"about":[{"href":"https:\/\/meijenfeldt.nl\/index.php?rest_route=\/wp\/v2\/types\/page"}],"author":[{"embeddable":true,"href":"https:\/\/meijenfeldt.nl\/index.php?rest_route=\/wp\/v2\/users\/1"}],"replies":[{"embeddable":true,"href":"https:\/\/meijenfeldt.nl\/index.php?rest_route=%2Fwp%2Fv2%2Fcomments&post=93"}],"version-history":[{"count":191,"href":"https:\/\/meijenfeldt.nl\/index.php?rest_route=\/wp\/v2\/pages\/93\/revisions"}],"predecessor-version":[{"id":73657,"href":"https:\/\/meijenfeldt.nl\/index.php?rest_route=\/wp\/v2\/pages\/93\/revisions\/73657"}],"up":[{"embeddable":true,"href":"https:\/\/meijenfeldt.nl\/index.php?rest_route=\/wp\/v2\/pages\/346"}],"wp:attachment":[{"href":"https:\/\/meijenfeldt.nl\/index.php?rest_route=%2Fwp%2Fv2%2Fmedia&parent=93"}],"curies":[{"name":"wp","href":"https:\/\/api.w.org\/{rel}","templated":true}]}}