{"id":9099,"date":"2018-04-22T13:48:38","date_gmt":"2018-04-22T13:48:38","guid":{"rendered":"http:\/\/meijenfeldt.nl\/?page_id=9099"},"modified":"2023-02-21T20:27:38","modified_gmt":"2023-02-21T20:27:38","slug":"1-6-4-ouderdom","status":"publish","type":"page","link":"https:\/\/meijenfeldt.nl\/?page_id=9099","title":{"rendered":"1.6.9. Ambten neergelegd"},"content":{"rendered":"<p style=\"text-align: justify;\"><span style=\"color: #000000;\">De jonge graven Von Meijerfeldt zijn nu beiden van de oorlog naar Stralsund <\/span><span style=\"color: #000000;\">teruggekeerd<\/span><span style=\"color: #000000;\">. Carl Friedrich jr wordt op 19 november 1747 kapitein bij het garnizoensregiment waar zijn broer Johann August diende 1737-1744. Hij neemt die functie over van majoor (met kapiteinssalaris) Carnall. In het jaar daarop overlijdt regimentschef Schwerin en wordt opgevolgd door Cronhiort. <\/span><span style=\"color: #000000;\">Johann August jr keert terug als kapitein in het Lijfregiment van de koningin<\/span><span style=\"color: #000000;\">.<\/span><span style=\"color: #000000;\">\u00a0Daar treft hij zijn oude kapitein Adlerstr\u00e5hle als r<\/span><span style=\"color: #000000;\">egimentschef, die de overleden Fr\u00f6lich dat jaar is opgevolgd. <\/span><span style=\"color: #0000ff;\"><a style=\"color: #0000ff;\" href=\"#voetnoot\">(1)<\/a><\/span><\/p>\n<table style=\"border-collapse: collapse; width: 100%;\">\n<tbody>\n<tr>\n<td style=\"width: 50%;\"><img loading=\"lazy\" decoding=\"async\" class=\"size-full wp-image-11251 aligncenter\" style=\"text-align: center;\" src=\"https:\/\/meijenfeldt.nl\/wp-content\/uploads\/2018\/09\/Fritschz.bmp\" alt=\"\" width=\"3513\" height=\"4513\" \/><\/td>\n<td style=\"width: 50%;\"><img loading=\"lazy\" decoding=\"async\" class=\"wp-image-11250 aligncenter\" style=\"text-align: center;\" src=\"https:\/\/meijenfeldt.nl\/wp-content\/uploads\/2018\/09\/Bernigeroth.bmp\" alt=\"\" width=\"219\" height=\"363\" \/><\/td>\n<\/tr>\n<tr>\n<td style=\"width: 100%; text-align: center;\" colspan=\"2\"><em style=\"color: #000000; font-family: georgia, palatino, serif; text-align: center;\"><span style=\"font-size: 10pt;\">Tekst: <\/span><\/em><span style=\"font-size: 10pt;\">Jo(h). August de Meijerfeldt<\/span><span style=\"font-size: 10pt;\"><br \/>\n<\/span><span style=\"font-size: 10pt;\">Com[tes] Senat[us] Pro-Princeps Pomeran[es] et Cancell[arius] Academ[ius] Grijph[enwaldenius]\u00a0<\/span><em style=\"color: #000000; font-family: georgia, palatino, serif; text-align: center;\"><span style=\"font-size: 10pt;\"><br \/>\n<\/span><\/em><em style=\"color: #000000; font-family: georgia, palatino, serif;\"><span style=\"font-size: 10pt;\">Kopie van: <\/span><\/em><span style=\"font-size: 10pt;\">G.E.\u00a0<\/span><span style=\"font-size: 10pt;\">Schr\u00f6der<br \/>\n<em>Techniek:\u00a0<\/em>Kopergravure<br \/>\nOrigineel in FamilieMuseum<\/span><\/td>\n<\/tr>\n<tr>\n<td style=\"width: 50%; text-align: center;\"><span style=\"font-family: georgia, palatino, serif; color: #000000;\"><em style=\"font-family: 'Noto Serif', serif; color: #333333; font-size: 13.3333px;\"><span style=\"font-family: georgia, palatino, serif; color: #000000;\">Afbeelding: <\/span><\/em><span style=\"font-family: georgia, palatino, serif; color: #000000; font-size: 10pt;\">150 x 190 mm<\/span><em style=\"font-family: 'Noto Serif', serif; color: #333333; font-size: 13.3333px;\"><span style=\"font-family: georgia, palatino, serif; color: #000000;\"><br \/>\n<\/span><\/em><\/span><em style=\"text-align: center; font-size: 13.3333px;\"><span style=\"font-family: georgia, palatino, serif; color: #000000;\">Artiest: <\/span><\/em><span style=\"font-family: georgia, palatino, serif; color: #000000; font-size: 10pt;\">Christian Fritzsch<\/span><em style=\"text-align: center; font-size: 13.3333px;\"><span style=\"font-family: georgia, palatino, serif; color: #000000;\"><br \/>\n<\/span><\/em><em style=\"text-align: center; font-size: 13.3333px;\"><span style=\"font-family: georgia, palatino, serif; color: #000000;\">Vervaardigd: Hamburg 1729<\/span><\/em><\/td>\n<td style=\"width: 50%; text-align: center;\"><span style=\"font-size: 10pt;\"><em>Afbeelding:<\/em> 90 x 121 mm<\/span><br style=\"text-align: center;\" \/><span style=\"font-family: georgia, palatino, serif; color: #000000;\"><em style=\"color: #333333; font-family: 'Noto Serif', serif; font-size: 13.3333px;\">Artiest: <\/em><span style=\"font-size: 10pt;\">M. Bernigeroth (of J.C. Syfang)<br \/>\n<\/span><em style=\"color: #333333; font-family: 'Noto Serif', serif; font-size: 13.3333px;\">Vervaardigd: <\/em><span style=\"font-size: 10pt;\">1780-1790<\/span><\/span><\/td>\n<\/tr>\n<\/tbody>\n<\/table>\n<p style=\"text-align: justify;\"><span style=\"color: #000000;\">Hun oude vader weet van geen wijken. In 1745 reageert hij zelfs op moderne wijze op berichten over een naderende runderpest. Terwijl de koning en de boeren hogere machten aanroepen, werpt hij barri\u00e8res op met een verbod op invoer van runderen en runderproducten als huid, talg, kaas en boter zonder certificaat dat ze uit pestvrije gebieden komen.<\/span><\/p>\n<p style=\"text-align: justify;\"><span style=\"color: #000000;\">Koningin Ulrika Eleonora merkt met spottend medelijden in haar brieven op dat het de oude graaf erg veel moeite kost voor haar op zijn knie\u00ebn te vallen. Als hij nog iets ouder wordt gaat zijn opmerkzaamheid zodanig achteruit, dat hij zich in kasteel <\/span><span style=\"color: #000000;\">S\u00f6fdeborg <\/span><span style=\"color: #000000;\">volledig in uniform en pruik laat optuigen om zich per rijtuig bij het koninklijke hof aan te dienen, maar terugkeert met het bericht dat het koningspaar afwezig is. <span style=\"color: #0000ff;\"><a style=\"color: #0000ff;\" href=\"#voetnoot)\">(2)<\/a><\/span><\/span><\/p>\n<p style=\"text-align: justify;\"><span style=\"color: #000000;\">Johann August von Meijerfeldt sr legt sterk verzwakt rond de jaarwisseling van 1747 op 1748 al zijn ambten neer. Hij is dan meer dan 30 jaar Rijksraad geweest. Vanwege zijn afkomst uit Lijfland zou hij nooit Senator of Koningsraad hebben kunnen worden. <span style=\"color: #0000ff;\"><a style=\"color: #0000ff;\" href=\"#voetnoot\">(3)<\/a><\/span> Hij trekt zich terug in Zweden op S\u00f6vdeborg. Op grond van zijn 84-jarige leeftijd bedankt hij bovendien voor de hem aangeboden nieuwe Serafimer Orde. Voor de oud-strijders telden de hoge officiersrangen en adellijke titels die ze van Karel XII hadden gekregen en hadden ze weinig op met deze nieuwe onderscheidingen. <span style=\"color: #0000ff;\"><a style=\"color: #0000ff;\" href=\"#voetnoot\">(4)<\/a><\/span><\/span><\/p>\n<p style=\"text-align: center;\"><img loading=\"lazy\" decoding=\"async\" class=\"wp-image-628 aligncenter\" src=\"https:\/\/meijenfeldt.nl\/wp-content\/uploads\/2016\/10\/IMG_0307-300x141.jpg\" alt=\"\" width=\"443\" height=\"208\" srcset=\"https:\/\/meijenfeldt.nl\/wp-content\/uploads\/2016\/10\/IMG_0307-300x141.jpg 300w, https:\/\/meijenfeldt.nl\/wp-content\/uploads\/2016\/10\/IMG_0307.jpg 574w\" sizes=\"auto, (max-width: 443px) 100vw, 443px\" \/><span style=\"color: #000000; font-size: 10pt;\"><i>\u2019s Gravenhaegsche Courant 15 januari 1748<\/i><\/span><\/p>\n<p style=\"text-align: justify;\"><span style=\"color: #000000;\">In 1749 bezoekt Linnaeus \u2013 de beroemde Zweedse plantkundige en arts, die geruime tijd in de Nederlanden had gewerkt \u2013 de graaf in diens kasteel S\u00f6vdeborg: <span style=\"color: #0000ff;\"><a style=\"color: #0000ff;\" href=\"#voetnoot\">(5)<\/a><\/span><\/span><\/p>\n<p style=\"text-align: justify; padding-left: 30px;\"><span style=\"color: #000000;\"><i>Graaf Meijerfeldt, rijksraad en gouverneur-generaal, heeft zich hier gevestigd, nadat hij zich door deugd, vlijt, verstand, dapperheid tot de hoogste ereplaatsen had opgewerkt, nadat hij koning Karel XII in legertochten was gevolgd, nadat hij vele jaren Pommeren had bestuurd, en nadat hij nu uiteindelijk alle hoge krijgsheren in leeftijd en leven overtreft, omdat hij hier zijn resterende dagen wil slijten; hij had nog immer een flinke buik en redelijke gezondheid, ondanks het door de hoge ouderdom verzwakte gebeente, uitspraak en zenuwen, maar overleed niet lang daarna. <\/i><\/span><\/p>\n<p style=\"text-align: justify;\"><span style=\"color: #000000; text-align: justify;\">In 1749 vult het echtpaar de\u00a0<\/span><span style=\"color: #000000; text-align: justify;\">850 kilogram zware <\/span><span style=\"color: #000000; text-align: justify;\">grote klok van de S\u00f6vde kerk aan met een kleine klok van 493 kilogram, gemaakt door Andrea Wetterholtz in Malm\u00f6. Aan de ene kant staat geschreven dat het echtpaar de klok heeft gegeven en aan <\/span><span style=\"color: #000000; text-align: justify;\">de andere kant een dankwoord van magister Wilh: Julius Hoffgard. In 1750 zal de klok worden opgehangen.<\/span><\/p>\n<p style=\"text-align: justify;\"><span style=\"color: #000000; text-align: justify;\">Na een langdurige ziekte slaat op 9 november 1749 het laatste uur voor graaf Johann August von Meijerfeldt sr: hij overlijdt in zijn kasteel S\u00f6vdeborg. Zijn lichaam wordt twee dagen later opgebaard. Op 22 november wordt het lichaam ge\u00ebscorteerd naar de kerk van S\u00f6vde en daar onder het koor tijdelijk begraven. <\/span><span style=\"color: #0000ff;\"><a style=\"color: #0000ff;\" href=\"#voetnoot\">(5)<\/a><\/span><\/p>\n<p><img loading=\"lazy\" decoding=\"async\" class=\" wp-image-17161 aligncenter\" src=\"https:\/\/meijenfeldt.nl\/wp-content\/uploads\/2019\/06\/C332D7CA-5262-41EA-A92C-CFC59C96BA6A-216x300.jpeg\" alt=\"\" width=\"353\" height=\"490\" srcset=\"https:\/\/meijenfeldt.nl\/wp-content\/uploads\/2019\/06\/C332D7CA-5262-41EA-A92C-CFC59C96BA6A-216x300.jpeg 216w, https:\/\/meijenfeldt.nl\/wp-content\/uploads\/2019\/06\/C332D7CA-5262-41EA-A92C-CFC59C96BA6A-768x1064.jpeg 768w, https:\/\/meijenfeldt.nl\/wp-content\/uploads\/2019\/06\/C332D7CA-5262-41EA-A92C-CFC59C96BA6A-739x1024.jpeg 739w\" sizes=\"auto, (max-width: 353px) 100vw, 353px\" \/><\/p>\n<p style=\"text-align: center;\"><span style=\"color: #000000;\"><em><span style=\"font-size: 10pt;\">S\u00f6vde Kyrckoarchiv, D\u00f6d- och begravningsb\u00f6cker 1738-1775, folio 74.<\/span><\/em><\/span><\/p>\n<p style=\"text-align: justify;\"><span style=\"color: #000000;\">Brita Barnekow neemt dan de leiding over de organisatie van een grootse begrafenis. Tien maanden later, op 29 september arriveert de lijkprocessie in de dichtbij gelegen havenstad<\/span><span style=\"color: #000000;\">\u00a0Ystad.\u00a0Voorop rijdt de stalmeester, daarna de lijkwagen getrokken door\u00a0drie paar zwarte hengsten, ge\u00ebscorteerd door zes ge\u00fcniformeerde\u00a0korporaals van de cavalerie, gevolgd door zo&#8217;n 20 koetsen gevuld met de familie, hoge adel, geestelijkheid\u00a0en de burgerij. Aan de stadsrand bij de brug wordt de kist\u00a0aan boord gebracht van het koninklijke jacht Prinses\u00a0Lovisa Ulrica, met 64 kanonschoten en veel vertoond van zwarte en witte vlaggen en een blauwe wimpel. Na de processie\u00a0gaat de kist aan boord van het koninklijke jacht Prins Gustaaf, dat\u00a0zeil zet naar Pommeren. <span style=\"color: #0000ff;\"><a style=\"color: #0000ff;\" href=\"#voetnoot\">(7)<\/a><\/span><\/span><\/p>\n<p style=\"text-align: justify;\"><span style=\"color: #000000;\">In Stralsund vindt op 19 oktober 1750 opnieuw\u00a0een \u201c<em>hochansehnliche u. Standesm\u00e4ssige Procession<\/em>\u201d voor de overleden oud-gouverneur-generaal plaats en op 20 oktober een \u201c<em>hochgraffl. Begr\u00e4bniss<\/em>\u201d in de kerk van Nehringen. Zijn lichaam wordt in het verfraaide familiegraf bijgezet. <span style=\"color: #0000ff;\"><a style=\"color: #0000ff;\" href=\"#voetnoot\">(8)<\/a> <span style=\"color: #000000;\">Het lange tijdsverloop van bijna een jaar tussen overlijden en begrafenis brengt menig geschiedschrijver in verwarring.<\/span> (9) <\/span><\/span><span style=\"color: #000000;\">Ter nagedachtenis aan haar man <\/span><span style=\"color: #000000;\">schenkt zijn weduwe een zilveren kan aan de dorpskerk van T\u00e4by met<span style=\"font-size: 12pt;\"> op de achterzijde het familiewapen en op de voorzijde: &#8220;<span style=\"color: #000000;\"><span style=\"font-family: georgia,palatino,serif;\"><em>Till Guds \u00c4ra \/ och T\u00e4by F\u00f6rsamlings Tjenst \/ Samt \u00c5minnelse Af \/ Kongl. Maj:ts och Sweriges Rikets \/ H\u00f6gstbetrodde Man och R\u00e5d \/ General Gouverneur i Pommern \/ och Canceller wid Gripswalds Academia \/ den H\u00f6gvalborne \/ Herr Grefwe JOHAN AUGUST MEIJERFELDT \/ Grefwe och Friherre till Gammelk\u00f6ge p\u00e5 Seland i Danmark \/ f\u00f6dd 1665 och d\u00f6d den 10 Novemb. 1749 p\u00e5 S\u00f6fdeborg \/ i Sk\u00e5ne efter 85 \u00e5rs \u00e5lder \/ \u00c4r Denna Kanna Sk\u00e4nckt \/ af H\u00f6gbemelte Herres Enke Grefvinna BRIGITA BARNEKOV<\/em>&#8220;.<\/span><\/span><\/span><\/span><\/p>\n<p style=\"text-align: center;\"><img loading=\"lazy\" decoding=\"async\" class=\"alignnone wp-image-1064 aligncenter\" src=\"https:\/\/meijenfeldt.nl\/wp-content\/uploads\/2016\/10\/IMG_0367-178x300.jpg\" alt=\"\" width=\"344\" height=\"580\" srcset=\"https:\/\/meijenfeldt.nl\/wp-content\/uploads\/2016\/10\/IMG_0367-178x300.jpg 178w, https:\/\/meijenfeldt.nl\/wp-content\/uploads\/2016\/10\/IMG_0367.jpg 250w\" sizes=\"auto, (max-width: 344px) 100vw, 344px\" \/><span style=\"color: #000000; font-size: 10pt;\"><i>Object: <\/i>Zilveren schenkkan met lam op deksel<br \/>\n<em style=\"color: #333333;\">Maten: <\/em>1410 gram<i><br \/>\nArtiest: <\/i>Hindrich Wittkopf sr in 1752 <span style=\"color: #0000ff;\"><a style=\"color: #0000ff;\" href=\"#voetnoot\">(2)\u00a0<\/a><\/span>\u00a0<\/span><br \/>\n<em><span style=\"color: #000000; font-size: 10pt;\">Schenker: <\/span><\/em><span style=\"color: #000000; font-size: 10pt;\">Brita Barnekow\u00a0<\/span><br \/>\n<em><span style=\"color: #000000; font-size: 10pt;\"> Plaats: <\/span><\/em><span style=\"color: #000000; font-size: 10pt;\">T\u00e4by\u00a0kerk bij N\u00e4sby<\/span><br \/>\n<em><span style=\"color: #000000; font-size: 10pt;\"> Foto: <\/span><\/em><span style=\"color: #000000; font-size: 10pt;\">Gustav Hanson<\/span><\/p>\n<p style=\"text-align: justify;\"><span style=\"color: #000000;\">Brita Barnekow laat in 1770 de grote klok van S\u00f6vde omgieten van 850 naar 1190 kilogram, vlak voor haar overlijden<\/span><span style=\"color: #000000;\">.<\/span><a id=\"voetnoot\"><\/a><\/p>\n<p style=\"text-align: center;\"><span style=\"color: #000000; font-size: 10pt;\"><span style=\"color: #0000ff;\"><a style=\"color: #0000ff;\" href=\"https:\/\/meijenfeldt.nl\/?page_id=171\">Terug<\/a><\/span>\u00a0 \u00a0***\u00a0 \u00a0<span style=\"color: #0000ff;\"><a style=\"color: #0000ff;\" href=\"https:\/\/meijenfeldt.nl\/?page_id=173\">Verder<\/a><\/span><\/span><\/p>\n<p style=\"text-align: justify;\"><span style=\"color: #000000; font-size: 10pt;\">1. <\/span><span style=\"color: #000000; font-size: 13.3333px;\">Krigsarkivet Sverige, 023 Generalm\u00f6nsterrullor, 0\/1272, <\/span><a style=\"font-size: 13.3333px;\" href=\"https:\/\/sok.riksarkivet.se\/bildvisning\/A0029350_00239#?c=&amp;m=&amp;s=&amp;cv=238&amp;xywh=296%2C116%2C4998%2C3305\"><span style=\"color: #0000ff;\">fol 230<\/span><\/a>, <span style=\"font-size: 10pt;\"><span style=\"color: #000000;\">0\/1357<\/span>, <span style=\"color: #0000ff;\"><a style=\"color: #0000ff;\" href=\"https:\/\/sok.riksarkivet.se\/bildvisning\/A0029455_00250#?c=&amp;m=&amp;s=&amp;cv=249&amp;xywh=670%2C317%2C4161%2C2752\">fol. 234<\/a><\/span>.<\/span><span style=\"color: #000000; font-size: 13.3333px;\"><br \/>\n<\/span><span style=\"color: #000000; font-size: 10pt;\">2. F. Persson, <\/span><span style=\"font-family: georgia, palatino, serif; font-size: 10pt;\"><span style=\"color: #000000;\">Survival and Revival in Sweden&#8217;s Court and Monarchy, 1718\u20131930,<\/span> <span style=\"color: #0000ff;\"><a style=\"color: #0000ff;\" href=\"https:\/\/books.google.nl\/books?id=MN8IEAAAQBAJ&amp;pg=PA61&amp;dq=Lovisa+meijerfelt&amp;hl=nl&amp;sa=X&amp;ved=2ahUKEwjl8O6Kr7H0AhVJ6qQKHRq0Bf4Q6AF6BAgIEAI#v=onepage&amp;q=Lovisa%20meijerfelt&amp;f=false\">pag. 61<\/a><\/span> en <span style=\"color: #0000ff;\"><a style=\"color: #0000ff;\" href=\"https:\/\/books.google.nl\/books?id=MN8IEAAAQBAJ&amp;pg=PA61&amp;dq=Lovisa+meijerfelt&amp;hl=nl&amp;sa=X&amp;ved=2ahUKEwjl8O6Kr7H0AhVJ6qQKHRq0Bf4Q6AF6BAgIEAI#v=onepage&amp;q=Lovisa%20meijerfelt&amp;f=false\">pag. 128<\/a><\/span>.<br \/>\n<\/span><span style=\"color: #000000; font-size: 10pt;\">3. &#8220;<span style=\"color: #0000ff;\"><span style=\"color: #000000;\">Maandelykse Berichten Uit de andere Waerelt,\u00a0<\/span><\/span><\/span><span style=\"color: #000000; font-size: 13.3333px;\">Of de spreekende dooden. Bestaande in Redeneeringen, tusschen allerhande verstorvene Potentaten en Personagien van Rang; zo van den Deegen, Tabbaart, Letteren, als anders&#8221;,\u00a0Patkul-G\u00f6rtz, december 1723,<\/span><span style=\"font-size: 10pt;\"><span style=\"color: #000000;\">\u00a0<\/span><span style=\"color: #0000ff;\"><a style=\"color: #0000ff;\" href=\"https:\/\/books.google.nl\/books?id=0iJbAAAAQAAJ&amp;printsec=frontcover&amp;dq=editions:xmOawWLBaREC&amp;hl=nl&amp;sa=X&amp;ved=0ahUKEwjmr9vYt4PbAhVEK1AKHQ9dBQE4ChDoAQhPMAg#v=onepage&amp;q=meyerfelt&amp;f=false\">pag. 681<\/a><\/span><\/span><span style=\"color: #000000; font-size: 10pt;\">.<br \/>\n<\/span><span style=\"color: #000000; font-size: 10pt;\">4. C.F. von Meijerfeldt, &#8220;<a href=\"http:\/\/www.digitale-bibliothek-mv.de\/viewer\/image\/PPN77481201X_1776\/33\/LOG_0012\/\"><span style=\"color: #0000ff;\">Ode<\/span><\/a>. (Sie betrift das vor einigen Jaren erfolgte Ableben der Wolsel. Frau Gr\u00e4fin von Meyerfeldten, Excellenze.)&#8221;, Pommerschen Magazin deel 2, Stralsund\/Greifswald 1776, pag. 18-19. B. von Beskow,\u00a0<\/span><span style=\"color: #000000; font-size: 13.3333px;\">\u201cKarl den Tolfte. En Minnesbild\u201d, Stockhom 1868, deel 1,\u00a0<\/span><span style=\"color: #0000ff;\"><a style=\"color: #0000ff;\" href=\"https:\/\/books.google.nl\/books?id=g_pAAAAAYAAJ&amp;pg=RA1-PA65&amp;dq=Nordberg+Karl+XII&amp;hl=sv&amp;sa=X&amp;ved=0ahUKEwjN6umdpazdAhUPbVAKHZfTAecQ6AEILTAB#v=onepage&amp;q=Meyerfeldt&amp;f=false\"><span style=\"font-size: 10pt;\">pag. 276-278<\/span><\/a><\/span><span style=\"color: #000000; font-size: 10pt;\">.<br \/>\n<\/span><span style=\"color: #000000; font-size: 10pt;\">5. C. von Linn\u00e9, \u201cCarl Linnaei Sk\u00e5nska resa\u201d, Stockholm 1999, pag. 302. M. Stenbock, \u201cBref till Carl\u201d, KKD deel 12, Lund 1918, pag. 280, voetnoot.<br \/>\n<\/span><span style=\"color: #000000; font-size: 10pt;\">6. Kyrckoarchiv S\u00f6vde, D\u00f6d- och begravningsb\u00f6cker 1738-1775, <span style=\"color: #0000ff;\"><a style=\"color: #0000ff;\" href=\"https:\/\/sok.riksarkivet.se\/bildvisning\/C0069682_00084#?c=&amp;m=&amp;s=&amp;cv=83&amp;xywh=2368%2C116%2C3896%2C3622\">folio 74<\/a><\/span>.<br \/>\n7. Posttidningar, <span style=\"color: #0000ff;\"><a style=\"color: #0000ff;\" href=\"https:\/\/tidningar.kb.se\/2979645\/1750-10-15\/edition\/145134\/part\/1\/page\/3\/?q=%20meijerfelts\">15-10-1750<\/a><\/span><span class=\"date\" data-reactid=\".0.1.2.6.1\">.<\/span><\/span><br \/>\n<span style=\"color: #000000; font-size: 10pt;\"><span style=\"color: #333333;\">8<\/span>. Evangelisches Pfarramb Glewitz, Kirchebuch Nehringen 1682-1792. C.F. von Meijerfeldt, pag. 19.<br \/>\n9. In chronologische volgorde schrijft <\/span><span style=\"color: #000000; font-size: 10pt;\">Ranft (1753) Ystad, 23 november 1749, <\/span><span style=\"color: #000000; font-size: 10pt;\">Stiernman (1754) S\u00f6fdeborg, 9 november 1749, Br\u00fcggemann (1779) en Duitse auteurs na hem 1750 <\/span><span style=\"color: #000000; font-size: 10pt;\">en Elgenstierna (1930) S\u00f6fdeborg, 10 november 1749<\/span><\/p>\n","protected":false},"excerpt":{"rendered":"<p>De jonge graven Von Meijerfeldt zijn nu beiden van de oorlog naar Stralsund teruggekeerd. Carl Friedrich jr wordt op 19 november 1747 kapitein bij het garnizoensregiment waar zijn broer Johann August diende 1737-1744. Hij neemt die functie over van majoor (met kapiteinssalaris) Carnall. In het jaar daarop overlijdt regimentschef Schwerin en wordt opgevolgd door Cronhiort. &hellip; <a href=\"https:\/\/meijenfeldt.nl\/?page_id=9099\" class=\"more-link\">Verder lezen <span class=\"screen-reader-text\">1.6.9. Ambten neergelegd<\/span><\/a><\/p>\n","protected":false},"author":1,"featured_media":0,"parent":0,"menu_order":0,"comment_status":"closed","ping_status":"closed","template":"","meta":{"footnotes":""},"class_list":["post-9099","page","type-page","status-publish","hentry"],"_links":{"self":[{"href":"https:\/\/meijenfeldt.nl\/index.php?rest_route=\/wp\/v2\/pages\/9099","targetHints":{"allow":["GET"]}}],"collection":[{"href":"https:\/\/meijenfeldt.nl\/index.php?rest_route=\/wp\/v2\/pages"}],"about":[{"href":"https:\/\/meijenfeldt.nl\/index.php?rest_route=\/wp\/v2\/types\/page"}],"author":[{"embeddable":true,"href":"https:\/\/meijenfeldt.nl\/index.php?rest_route=\/wp\/v2\/users\/1"}],"replies":[{"embeddable":true,"href":"https:\/\/meijenfeldt.nl\/index.php?rest_route=%2Fwp%2Fv2%2Fcomments&post=9099"}],"version-history":[{"count":76,"href":"https:\/\/meijenfeldt.nl\/index.php?rest_route=\/wp\/v2\/pages\/9099\/revisions"}],"predecessor-version":[{"id":52896,"href":"https:\/\/meijenfeldt.nl\/index.php?rest_route=\/wp\/v2\/pages\/9099\/revisions\/52896"}],"wp:attachment":[{"href":"https:\/\/meijenfeldt.nl\/index.php?rest_route=%2Fwp%2Fv2%2Fmedia&parent=9099"}],"curies":[{"name":"wp","href":"https:\/\/api.w.org\/{rel}","templated":true}]}}