{"id":57227,"date":"2023-07-18T10:06:30","date_gmt":"2023-07-18T10:06:30","guid":{"rendered":"https:\/\/meijenfeldt.nl\/?page_id=57227"},"modified":"2025-07-12T11:46:09","modified_gmt":"2025-07-12T11:46:09","slug":"jamjr-kranten","status":"publish","type":"page","link":"https:\/\/meijenfeldt.nl\/?page_id=57227","title":{"rendered":"Kranten"},"content":{"rendered":"<table style=\"border-collapse: collapse; width: 100%;\">\n<tbody>\n<tr>\n<td style=\"width: 52.5758%; text-align: center;\" colspan=\"4\"><span style=\"color: #0000ff;\"><span style=\"color: #000000;\"><strong>Johann August von Meijerfeldt jr<\/strong><\/span><br \/>\n<a style=\"color: #0000ff;\" href=\"https:\/\/meijenfeldt.nl\/?page_id=41514\"><span style=\"font-family: georgia, palatino, serif; font-size: 10pt;\">\u2190 Persoonsdossier<\/span><\/a><\/span><\/td>\n<\/tr>\n<tr>\n<td style=\"width: 52.5758%; background-color: #d5e8eb;\"><span style=\"color: #000000;\"><strong><span style=\"font-size: 13.3333px; font-family: georgia, palatino, serif;\">KRANT<\/span><\/strong><\/span><\/td>\n<td style=\"background-color: #d5e8eb;\" colspan=\"2\"><span style=\"color: #000000;\"><strong><span style=\"font-size: 13.3333px; font-family: georgia, palatino, serif;\">INHOUD<\/span><\/strong><\/span><\/td>\n<td style=\"width: 27.5758%; background-color: #d5e8eb;\"><span style=\"color: #000000;\"><strong><span style=\"font-family: georgia, palatino, serif; font-size: 10pt;\">DATUM<\/span><\/strong><\/span><\/td>\n<\/tr>\n<tr>\n<td style=\"width: 52.5758%;\"><span style=\"font-size: 13.3333px;\">G de Leyde<\/span><\/td>\n<td colspan=\"2\"><span style=\"font-size: 13.3333px;\">Dresden<\/span><\/td>\n<td style=\"width: 27.5758%;\"><span style=\"font-family: georgia, palatino, serif; font-size: 10pt;\"><a style=\"font-family: 'Noto Serif', serif;\" href=\"https:\/\/www.delpher.nl\/nl\/kranten\/view?query=Meyerfeld&amp;page=2&amp;coll=ddd&amp;identifier=ddd%3A010410992%3Ampeg21%3Aa0005&amp;resultsidentifier=ddd%3A010410992%3Ampeg21%3Aa0005\"><span style=\"color: #0000ff;\">24-03-1750<\/span><\/a><br \/>\n<\/span><\/td>\n<\/tr>\n<tr style=\"height: 28px;\">\n<td style=\"width: 52.5758%; height: 28px;\"><span style=\"font-size: 10pt; font-family: georgia, palatino, serif;\">Stockholms Post Tidningar<\/span><\/td>\n<td style=\"height: 28px; width: 133.625%;\" colspan=\"2\"><span style=\"font-family: georgia, palatino, serif; font-size: 10pt; color: #0000ff;\"><a style=\"color: #0000ff;\" href=\"https:\/\/tidningar.kb.se\/2979645\/1752-03-19\/edition\/145134\/part\/1\/page\/1\/?q=mejerfeldt\">Major wid Cronhiorska regementet<\/a><\/span><\/td>\n<td style=\"width: 27.5758%; height: 28px;\"><span style=\"font-family: georgia, palatino, serif; font-size: 10pt;\">19-03-<span class=\"date\" data-reactid=\".0.1.2.6.1\">1752<\/span><\/span><\/td>\n<\/tr>\n<tr style=\"height: 56px;\">\n<td style=\"width: 52.5758%; height: 56px;\"><span style=\"color: #000000; font-size: 13.3333px;\">Auspurgische Ordinari-Post-Zeitung<\/span><\/td>\n<td style=\"width: 133.625%; height: 56px;\" colspan=\"2\"><span style=\"color: #000000; font-size: 10pt;\">Stralsund<br \/>\n<\/span><\/td>\n<td style=\"width: 27.5758%;\"><span style=\"font-family: georgia, palatino, serif; font-size: 10pt;\"><a style=\"color: #0000ff; font-family: 'Noto Serif', serif; font-size: 17px;\" href=\"https:\/\/digipress.digitale-sammlungen.de\/view\/bsb10505125_00089_u001\/3?cq=meyerfeldt\"><span style=\"font-size: 10pt;\">25-01-1759<\/span><\/a><br \/>\n<\/span><\/td>\n<\/tr>\n<tr style=\"height: 28px;\">\n<td style=\"width: 52.5758%; height: 28px;\"><span style=\"color: #000000; font-size: 10pt; font-family: georgia, palatino, serif;\">Leeuwarder Courant\u00a0<\/span><\/td>\n<td style=\"height: 28px; width: 133.625%;\" colspan=\"2\"><span style=\"color: #000000; font-size: 10pt; font-family: georgia, palatino, serif;\">Fourage<\/span><\/td>\n<td style=\"width: 27.5758%; height: 28px;\"><span style=\"font-family: georgia, palatino, serif; font-size: 10pt;\"><a style=\"color: #0000ff;\" href=\"https:\/\/www.delpher.nl\/nl\/kranten\/view?query=Meyerfeld&amp;page=11&amp;sortfield=title&amp;coll=ddd&amp;identifier=ddd%3A010573952%3Ampeg21%3Aa0002&amp;resultsidentifier=ddd%3A010573952%3Ampeg21%3Aa0002\">31-03-1759<\/a><br \/>\n<\/span><\/td>\n<\/tr>\n<tr style=\"height: 28px;\">\n<td style=\"width: 52.5758%; height: 28px;\"><span style=\"color: #000000; font-size: 10pt; font-family: georgia, palatino, serif;\">Nederlandsche Post-Ryder<\/span><\/td>\n<td style=\"width: 133.625%; height: 28px;\" colspan=\"2\"><span style=\"color: #000000; font-size: 10pt; font-family: georgia, palatino, serif;\">Mondorf\u00a0<\/span><\/td>\n<td style=\"width: 27.5758%; height: 28px;\"><span style=\"font-family: georgia, palatino, serif; font-size: 10pt;\"><a style=\"color: #0000ff;\" href=\"https:\/\/www.delpher.nl\/nl\/boeken1\/gview?query=meyerfeld&amp;coll=boeken1&amp;identifier=eM9N1dxtsOkC\">21-04-1759<\/a><br \/>\n<\/span><\/td>\n<\/tr>\n<tr style=\"height: 28px;\">\n<td style=\"width: 52.5758%; height: 28px;\"><span style=\"color: #000000; font-size: 10pt; font-family: georgia, palatino, serif;\">Opregte Groninger Courant<\/span><\/td>\n<td style=\"width: 133.625%; height: 28px;\" colspan=\"2\"><span style=\"color: #000000; font-size: 10pt; font-family: georgia, palatino, serif;\">Geprezen<\/span><\/td>\n<td style=\"width: 27.5758%; height: 28px;\"><span style=\"font-family: georgia, palatino, serif; font-size: 10pt;\"><a href=\"https:\/\/www.delpher.nl\/nl\/kranten\/view?query=Meyerfeldt&amp;page=1&amp;sortfield=date&amp;coll=ddd&amp;identifier=ddd%3A010259568%3Ampeg21%3Aa0004&amp;resultsidentifier=ddd%3A010259568%3Ampeg21%3Aa0004\"><span style=\"color: #0000ff;\">11-09-1759<\/span><\/a><br \/>\n<\/span><\/td>\n<\/tr>\n<tr>\n<td style=\"width: 52.5758%;\"><span style=\"font-size: 10pt; font-family: georgia, palatino, serif;\"><span style=\"color: #000000; font-size: 10pt;\">G de Paris<\/span><\/span><\/td>\n<td style=\"width: 133.625%;\" colspan=\"2\"><span style=\"font-family: georgia, palatino, serif; font-size: 10pt; color: #0000ff;\"><span style=\"color: #000000; font-size: 10pt;\">Schwine<\/span><\/span><\/td>\n<td style=\"width: 27.5758%;\"><span style=\"font-family: georgia, palatino, serif; font-size: 10pt;\"><a href=\"https:\/\/gallica.bnf.fr\/ark:\/12148\/bpt6k64562374\/f480.image.r=meyerfeld?rk=321890;0\"><span style=\"color: #0000ff;\"><span style=\"font-size: 10pt;\">22-09-1759<\/span><\/span><\/a><\/span><\/td>\n<\/tr>\n<tr style=\"height: 28px;\">\n<td style=\"width: 52.5758%; height: 28px;\"><span style=\"font-size: 10pt; font-family: georgia, palatino, serif;\">Stockholms Post Tidningar<\/span><\/td>\n<td style=\"height: 28px; width: 133.625%;\" colspan=\"2\"><span style=\"font-family: georgia, palatino, serif; font-size: 10pt; color: #0000ff;\"><a style=\"color: #0000ff;\" href=\"https:\/\/tidningar.kb.se\/2979645\/1759-10-04\/edition\/145134\/part\/1\/page\/3\/?q=meyerfeldt&amp;sort=asc\">Wollin<\/a><\/span><\/td>\n<td style=\"width: 27.5758%; height: 28px;\"><span style=\"font-family: georgia, palatino, serif; font-size: 10pt;\">04-10-1759<\/span><\/td>\n<\/tr>\n<tr style=\"height: 28px;\">\n<td style=\"width: 52.5758%; height: 28px;\"><span style=\"font-size: 10pt; font-family: georgia, palatino, serif;\">Stockholms Post Tidningar<\/span><\/td>\n<td style=\"height: 28px; width: 133.625%;\" colspan=\"2\"><span style=\"font-family: georgia, palatino, serif; font-size: 10pt; color: #0000ff;\"><a href=\"https:\/\/tidningar.kb.se\/2979645\/1761-08-27\/edition\/145134\/part\/1\/page\/3\/?q=%20meyerfelt\"><span style=\"color: #0000ff;\">Friedland<\/span><\/a><\/span><\/td>\n<td style=\"width: 27.5758%; height: 28px;\"><span style=\"font-family: georgia, palatino, serif; font-size: 10pt;\">27-08-1761<\/span><\/td>\n<\/tr>\n<tr style=\"height: 28px;\">\n<td style=\"width: 52.5758%; height: 28px;\"><span style=\"color: #000000; font-size: 10pt; font-family: georgia, palatino, serif;\">Opregte Groninger Courant<\/span><\/td>\n<td style=\"width: 133.625%; height: 28px;\" colspan=\"2\"><span style=\"font-family: georgia, palatino, serif; font-size: 10pt; color: #0000ff;\"><span style=\"color: #0000ff;\"><span style=\"color: #000000;\">Friedland<\/span><\/span><\/span><\/td>\n<td style=\"width: 27.5758%; height: 28px;\"><span style=\"font-family: georgia, palatino, serif; font-size: 10pt;\"><a href=\"https:\/\/www.delpher.nl\/nl\/kranten\/view?query=Meierfeld&amp;coll=ddd&amp;sortfield=date&amp;resultsidentifier=ddd%3A010259780%3Ampeg21%3Aa0002&amp;identifier=ddd%3A010259780%3Ampeg21%3Ap002\"><span style=\"color: #0000ff;\">22-09-1761<\/span><\/a><br \/>\n<\/span><\/td>\n<\/tr>\n<tr style=\"height: 26px;\">\n<td style=\"width: 52.5758%; height: 100%;\"><span style=\"color: #000000; font-size: 13.3333px;\">G de Paris<\/span><\/td>\n<td style=\"height: 100%; width: 133.625%;\" colspan=\"2\"><span style=\"color: #000000; font-size: 10pt;\">Friedland<\/span><br \/>\n<span style=\"font-family: georgia, palatino, serif; font-size: 10pt;\"><span style=\"color: #0000ff;\"><br \/>\n<\/span><\/span><\/td>\n<td style=\"width: 27.5758%;\"><span style=\"font-family: georgia, palatino, serif; font-size: 10pt;\"><span style=\"color: #0000ff;\"><a style=\"color: #0000ff; font-family: 'Noto Serif', serif;\" href=\"https:\/\/gallica.bnf.fr\/ark:\/12148\/bpt6k64580676\/f485.image.r=meyerfeld?rk=343349;2\">22-09-1761\u00a0<\/a><br \/>\n<\/span><\/span><\/td>\n<\/tr>\n<tr style=\"height: 56px;\">\n<td style=\"width: 52.5758%; height: 56px;\"><span style=\"color: #000000; font-size: 13.3333px;\">Auspurgische Ordinari-Post-Zeitung<\/span><\/td>\n<td style=\"width: 133.625%; height: 56px;\" colspan=\"2\"><span style=\"color: #000000; font-size: 10pt;\">Boldekow<br \/>\n<\/span><\/td>\n<td style=\"width: 27.5758%;\"><span style=\"font-family: georgia, palatino, serif; font-size: 10pt;\"><span style=\"color: #0000ff;\"><a style=\"color: #0000ff; font-family: 'Noto Serif', serif;\" href=\"https:\/\/digipress.digitale-sammlungen.de\/view\/bsb10505130_00883_u001\/3?cq=meyerfeldt\">23-09-1761<\/a><br \/>\n<\/span><\/span><\/td>\n<\/tr>\n<tr style=\"height: 56px;\">\n<td style=\"width: 52.5758%; height: 56px;\"><span style=\"color: #000000; font-family: georgia, palatino, serif; font-size: 13.3333px;\">The General Evening<\/span><\/td>\n<td style=\"height: 56px; width: 133.625%;\" colspan=\"2\"><span style=\"color: #000000; font-family: georgia, palatino, serif; font-size: 13.3333px;\">Brief uit Boldekow, Zw-Pomm, 8\/9: M kolonel in Friedland<\/span><\/td>\n<td style=\"width: 27.5758%; height: 56px;\"><span style=\"font-family: georgia, palatino, serif; font-size: 10pt;\"><span style=\"color: #0000ff;\"><a style=\"color: #0000ff;\" href=\"https:\/\/digipress.digitale-sammlungen.de\/view\/bsb10487576_00465_u001\/1?cq=meyerfeldt\">25-09-1761<\/a><\/span><br \/>\n<\/span><\/td>\n<\/tr>\n<tr style=\"height: 28px;\">\n<td style=\"width: 52.5758%; height: 28px;\"><span style=\"font-family: georgia, palatino, serif; font-size: 10pt;\">Stockholms Post Tidningar\u00a0<\/span><\/td>\n<td style=\"height: 28px; width: 133.625%;\" colspan=\"2\"><span style=\"font-family: georgia, palatino, serif; font-size: 10pt; color: #0000ff;\"><a style=\"color: #0000ff;\" href=\"https:\/\/tidningar.kb.se\/2979645\/1761-10-05\/edition\/145134\/part\/1\/page\/3\/?q=%20meyerfelt\">Friedland<\/a><\/span><\/td>\n<td style=\"width: 27.5758%; height: 28px;\"><span style=\"font-family: georgia, palatino, serif; font-size: 10pt;\">05-10-1761<\/span><\/td>\n<\/tr>\n<tr style=\"height: 28px;\">\n<td style=\"width: 52.5758%; height: 28px;\"><span style=\"color: #000000; font-size: 13.3333px;\">Gazette de Vienne\u00a0\u00a0<\/span><\/td>\n<td style=\"width: 133.625%; height: 28px;\" colspan=\"2\"><span style=\"color: #000000; font-size: 10pt;\">Bultekow\u00a0<\/span><\/td>\n<td style=\"width: 27.5758%;\"><span style=\"font-family: georgia, palatino, serif; font-size: 10pt;\"><a style=\"color: #0000ff; font-family: 'Noto Serif', serif;\" href=\"http:\/\/anno.onb.ac.at\/cgi-content\/anno?aid=gdv&amp;datum=17611010&amp;query=%22meyerfeld%22&amp;ref=anno-search&amp;seite=2\">10-10-1761<\/a><br \/>\n<\/span><\/td>\n<\/tr>\n<tr style=\"height: 26px;\">\n<td style=\"width: 52.5758%; height: 100%;\"><span style=\"font-size: 10pt; font-family: georgia, palatino, serif;\">G de Paris<\/span><\/td>\n<td style=\"width: 133.625%; height: 100%;\" colspan=\"2\"><span style=\"color: #000000; font-size: 10pt;\">Brohn<\/span><br \/>\n<span style=\"font-family: georgia, palatino, serif; font-size: 10pt;\"><span style=\"color: #0000ff;\"><br \/>\n<\/span><\/span><\/td>\n<td style=\"width: 27.5758%;\"><span style=\"font-family: georgia, palatino, serif; font-size: 10pt;\"><a style=\"font-family: 'Noto Serif', serif; font-size: 17px;\" href=\"https:\/\/gallica.bnf.fr\/ark:\/12148\/bpt6k64580676\/f524.image.r=meyerfeld?rk=343349;2\"><span style=\"color: #0000ff;\"><span style=\"font-size: 10pt;\">17-10-1761<\/span><\/span><\/a><br \/>\n<\/span><\/td>\n<\/tr>\n<tr style=\"height: 28px;\">\n<td style=\"width: 52.5758%; height: 28px;\"><span style=\"font-family: georgia, palatino, serif; font-size: 10pt;\">Stockholms Post Tidningar\u00a0<\/span><\/td>\n<td style=\"width: 133.625%; height: 28px;\" colspan=\"2\"><span style=\"font-family: georgia, palatino, serif; font-size: 10pt; color: #0000ff;\"><a style=\"color: #0000ff;\" href=\"https:\/\/tidningar.kb.se\/2979645\/1762-01-21\/edition\/145134\/part\/1\/page\/4\/?q=%20meyerfeldt\">Pensioner, 400 Dal.<\/a><\/span><\/td>\n<td style=\"width: 27.5758%; height: 28px;\"><span style=\"font-family: georgia, palatino, serif; font-size: 10pt;\">21-01-1762<\/span><\/td>\n<\/tr>\n<tr style=\"height: 28px;\">\n<td style=\"width: 52.5758%; height: 28px;\"><span style=\"font-family: georgia, palatino, serif; font-size: 10pt;\">Stockholms Post Tidningar\u00a0<\/span><\/td>\n<td style=\"width: 133.625%; height: 28px;\" colspan=\"2\"><span style=\"font-family: georgia, palatino, serif; font-size: 10pt; color: #0000ff;\"><a style=\"color: #0000ff;\" href=\"https:\/\/tidningar.kb.se\/2509100\/1762-09-23\/edition\/145120\/part\/1\/page\/2\/?q=%20meyerfelt\">Passagerare \u00d6fwerste Gref<\/a><\/span><\/td>\n<td style=\"width: 27.5758%; height: 28px;\"><span style=\"font-family: georgia, palatino, serif; font-size: 10pt;\">23-09-1762<\/span><\/td>\n<\/tr>\n<tr style=\"height: 28px;\">\n<td style=\"width: 52.5758%; height: 28px;\"><span style=\"font-size: 10pt; font-family: georgia, palatino, serif;\">Inrikes Tidningar<\/span><\/td>\n<td style=\"height: 28px; width: 133.625%;\" colspan=\"2\"><span style=\"color: #000000; font-size: 10pt; font-family: georgia, palatino, serif;\">Passagerare til Pommern med\u00a0Fru Riks=R\u00e5dinnan<\/span><\/td>\n<td style=\"width: 27.5758%; height: 28px;\"><span style=\"font-family: georgia, palatino, serif; font-size: 10pt;\"><a style=\"color: #0000ff;\" href=\"https:\/\/tidningar.kb.se\/2509100\/1762-10-14\/edition\/145120\/part\/1\/page\/3\/?q=%20meyerfelt\">14-10-1762<\/a><\/span><\/td>\n<\/tr>\n<tr>\n<td style=\"width: 52.5758%;\"><span style=\"color: #000000; font-size: 10pt; font-family: georgia, palatino, serif;\">Gazette de France<\/span><\/td>\n<td style=\"width: 133.625%;\" colspan=\"2\"><span style=\"color: #000000; font-size: 10pt; font-family: georgia, palatino, serif;\">Huwelijksaankondiging door het Hof op Ulriksdal<\/span><\/td>\n<td style=\"width: 27.5758%;\"><span style=\"font-family: georgia, palatino, serif; font-size: 10pt; color: #0000ff;\"><a style=\"color: #0000ff;\" href=\"https:\/\/meijenfeldt.nl\/wp-content\/uploads\/2025\/07\/1763-Gazette-de-France.pdf\">18-03-1763<\/a><\/span><\/td>\n<\/tr>\n<tr style=\"height: 28px;\">\n<td style=\"width: 52.5758%; height: 28px;\"><span style=\"color: #000000; font-size: 10pt; font-family: georgia, palatino, serif;\">Middelburgsche Courant<\/span><\/td>\n<td style=\"height: 28px;\" colspan=\"2\"><span style=\"color: #000000; font-size: 10pt; font-family: georgia, palatino, serif;\">Huwelijk<\/span><\/td>\n<td style=\"width: 27.5758%; height: 28px;\"><span style=\"font-family: georgia, palatino, serif; font-size: 10pt;\"><a href=\"https:\/\/www.delpher.nl\/nl\/kranten\/view?query=Meyerfeld&amp;page=1&amp;coll=ddd&amp;identifier=ddd%3A010201478%3Ampeg21%3Aa0003&amp;resultsidentifier=ddd%3A010201478%3Ampeg21%3Aa0003\"><span style=\"color: #0000ff;\">21-01-1764<\/span><\/a><\/span><\/td>\n<\/tr>\n<tr style=\"height: 28px;\">\n<td style=\"width: 52.5758%; height: 28px;\"><span style=\"font-size: 10pt; font-family: georgia, palatino, serif;\">Inrikes Tidningar<\/span><\/td>\n<td style=\"width: 133.625%; height: 28px;\" colspan=\"2\"><span style=\"color: #000000; font-family: georgia, palatino, serif; font-size: 10pt;\">Sprengtportska Regementet\u00a0<\/span><\/td>\n<td style=\"width: 27.5758%; height: 28px;\"><span style=\"font-family: georgia, palatino, serif; font-size: 10pt;\"><a style=\"color: #0000ff;\" href=\"https:\/\/tidningar.kb.se\/2979645\/1766-10-09\/edition\/145134\/part\/1\/page\/3\/?q=%20meyerfelt\">09-11-1766<\/a><\/span><\/td>\n<\/tr>\n<tr style=\"height: 28px;\">\n<td style=\"width: 52.5758%; height: 28px;\"><span style=\"font-size: 10pt; font-family: georgia, palatino, serif;\">Inrikes Tidningar<\/span><\/td>\n<td style=\"width: 133.625%; height: 28px;\" colspan=\"2\"><span style=\"color: #000000; font-size: 10pt; font-family: georgia, palatino, serif;\">General Adjutant hos Hans Kongl. Maj:t<\/span><\/td>\n<td style=\"width: 27.5758%; height: 28px;\"><span style=\"font-family: georgia, palatino, serif; font-size: 10pt;\"><a style=\"color: #0000ff;\" href=\"https:\/\/tidningar.kb.se\/2979645\/1767-01-08\/edition\/145134\/part\/1\/page\/3\/?q=%20meijerfelt\">08-01-1767<\/a><\/span><\/td>\n<\/tr>\n<tr style=\"height: 27px;\">\n<td style=\"width: 52.5758%; height: 27px;\"><span style=\"font-size: 10pt; font-family: georgia, palatino, serif;\">Inrikes Tidningar<\/span><\/td>\n<td style=\"width: 133.625%; height: 27px;\" colspan=\"2\"><span style=\"color: #000000; font-size: 10pt; font-family: georgia, palatino, serif;\">General=Adjudant best\u00e4llning ledig, efter M.<\/span><\/td>\n<td style=\"width: 27.5758%; height: 27px;\"><span style=\"color: #0000ff; font-size: 10pt; font-family: georgia, palatino, serif;\">21-06-1770<\/span><\/td>\n<\/tr>\n<tr style=\"height: 28px;\">\n<td style=\"width: 52.5758%; height: 28px;\"><span style=\"font-family: georgia, palatino, serif; font-size: 10pt;\"><span style=\"color: #000000;\">Carlscronas Wekoblad <\/span><span style=\"color: #000000;\">Politie- och Commerce-Tidningar<\/span><\/span><\/td>\n<td style=\"width: 133.625%; height: 28px;\" colspan=\"2\"><span class=\"date\" style=\"color: #000000; font-size: 10pt; font-family: georgia, palatino, serif;\" data-reactid=\".0.1.2.6.1\">Ofwerste Lieut. Grefwe Mejerfeldt til Sk\u00e5ne<\/span><\/td>\n<td style=\"width: 27.5758%; height: 28px;\"><span style=\"font-family: georgia, palatino, serif; font-size: 10pt;\"><a style=\"color: #0000ff;\" href=\"https:\/\/tidningar.kb.se\/9422417\/1770-06-30\/edition\/145063\/part\/1\/page\/1\/?q=mejerfeldt\">30-06-<span class=\"date\" data-reactid=\".0.1.2.6.1\">1770<\/span><\/a><\/span><\/td>\n<\/tr>\n<tr style=\"height: 28px;\">\n<td style=\"width: 52.5758%; height: 28px;\"><span style=\"font-family: georgia, palatino, serif; font-size: 10pt;\"><span style=\"color: #000000;\">Carlscronas Wekoblad <\/span><span style=\"color: #000000;\">Politie- och Commerce-Tidningar<\/span><\/span><\/td>\n<td style=\"width: 133.625%; height: 28px;\" colspan=\"2\"><span style=\"color: #000000; font-size: 10pt; font-family: georgia, palatino, serif;\">Utpasserade til Sk\u00e5ne<\/span><\/td>\n<td style=\"width: 27.5758%; height: 28px;\"><span style=\"font-family: georgia, palatino, serif; font-size: 10pt;\"><a style=\"color: #0000ff;\" href=\"https:\/\/tidningar.kb.se\/9422417\/1772-05-30\/edition\/145063\/part\/1\/page\/1\/?q=%20meijerfeldt\">30-05-1772<\/a><\/span><\/td>\n<\/tr>\n<tr style=\"height: 28px;\">\n<td style=\"width: 52.5758%; height: 28px;\"><span style=\"font-size: 10pt; font-family: georgia, palatino, serif;\">Inrikes Tidningar<\/span><\/td>\n<td style=\"height: 28px; width: 133.625%;\" colspan=\"2\"><span class=\"date\" style=\"color: #000000; font-size: 10pt; font-family: georgia, palatino, serif;\" data-reactid=\".0.1.2.6.1\">Ystad, d. 8 Julii (&#8230;) Ifr\u00e5n Stralsund hafwa inpasserat<\/span><\/td>\n<td style=\"width: 27.5758%; height: 28px;\"><span style=\"font-family: georgia, palatino, serif; font-size: 10pt;\"><a style=\"color: #0000ff;\" href=\"https:\/\/tidningar.kb.se\/2509100\/1772-07-16\/edition\/145120\/part\/1\/page\/2\/?q=%20mejerfelt\">16-07-1772<\/a><\/span><\/td>\n<\/tr>\n<tr>\n<td style=\"width: 52.5758%;\"><span style=\"color: #000000; font-size: 13.3333px;\">G de Leyde<\/span><\/td>\n<td style=\"width: 133.625%;\" colspan=\"2\"><span style=\"color: #000000; font-size: 10pt;\">Straatsgreep Gustaaf III<br \/>\n<\/span><\/td>\n<td style=\"width: 27.5758%;\"><span style=\"font-family: georgia, palatino, serif; font-size: 10pt;\"><a style=\"color: #0000ff; font-family: 'Noto Serif', serif;\" href=\"https:\/\/babel.hathitrust.org\/cgi\/pt?id=njp.32101076535655&amp;view=1up&amp;seq=621&amp;q1=meyerfeldt\">18-09-1772<\/a><br \/>\n<\/span><\/td>\n<\/tr>\n<tr style=\"height: 26px;\">\n<td style=\"width: 52.5758%; height: 100%;\"><span style=\"font-size: 13.3333px;\">Courier du Bas-Rhin<\/span><\/td>\n<td style=\"width: 133.625%; height: 100%;\" colspan=\"2\"><span style=\"font-size: 10pt;\">Stockholm, Cristianstadt<\/span><\/td>\n<td style=\"width: 27.5758%;\"><span style=\"font-family: georgia, palatino, serif; font-size: 10pt;\"><a style=\"color: #0000ff; font-family: 'Noto Serif', serif; font-size: 17px;\" href=\"https:\/\/digipress.digitale-sammlungen.de\/view\/bsb10502412_00607_u001\/8?cq=meyerfeldt\"><span class=\"srTitleAccessory\" style=\"font-size: 10pt;\">23-09-1772<\/span><\/a><br \/>\n<\/span><\/td>\n<\/tr>\n<tr style=\"height: 28px;\">\n<td style=\"width: 52.5758%; height: 28px;\"><span style=\"font-size: 10pt; font-family: georgia, palatino, serif;\">Inrikes Tidningar<\/span><\/td>\n<td style=\"width: 133.625%; height: 28px;\" colspan=\"2\"><span class=\"date\" style=\"color: #000000; font-size: 10pt; font-family: georgia, palatino, serif;\" data-reactid=\".0.1.2.6.1\">Pite\u00e5 d. 20 Oct.<\/span><\/td>\n<td style=\"width: 27.5758%; height: 28px;\"><span style=\"font-family: georgia, palatino, serif; font-size: 10pt;\"><a style=\"color: #0000ff;\" href=\"https:\/\/tidningar.kb.se\/2509100\/1773-11-04\/edition\/145120\/part\/1\/page\/2\/?q=%20meijerfeldt\">04-11-1773<\/a><\/span><\/td>\n<\/tr>\n<tr style=\"height: 28px;\">\n<td style=\"width: 52.5758%; height: 28px;\"><span style=\"font-size: 10pt; font-family: georgia, palatino, serif;\">Posttidningar<\/span><\/td>\n<td style=\"height: 28px; width: 133.625%;\" colspan=\"2\"><span style=\"color: #000000; font-size: 10pt; font-family: georgia, palatino, serif;\">1 Nov. utn\u00e4mna til General=Majorer\u00a0<\/span><\/td>\n<td style=\"width: 27.5758%; height: 28px;\"><span style=\"font-family: georgia, palatino, serif; font-size: 10pt;\"><a style=\"color: #0000ff;\" href=\"https:\/\/tidningar.kb.se\/2979645\/1773-11-15\/edition\/145134\/part\/1\/page\/3\/?q=%20meyerfelt\">15-11-1773<\/a><\/span><\/td>\n<\/tr>\n<tr>\n<td style=\"width: 52.5758%;\"><span style=\"font-size: 10pt; font-family: georgia, palatino, serif;\">Courier du Bas-Rhin<br \/>\n<\/span><\/td>\n<td style=\"width: 133.625%;\" colspan=\"2\"><span style=\"color: #000000; font-size: 10pt; font-family: georgia, palatino, serif;\">Stockholm, benoeming gen. maj.<br \/>\n<\/span><\/td>\n<td style=\"width: 27.5758%;\"><span style=\"font-family: georgia, palatino, serif; font-size: 10pt;\"><a style=\"color: #0000ff; font-family: 'Noto Serif', serif; font-size: 17px;\" href=\"https:\/\/digipress.digitale-sammlungen.de\/view\/bsb10502413_00741_u001\/5?cq=meyerfeldt\"><span class=\"srTitleAccessory\" style=\"font-size: 10pt;\">20-11-1773<\/span><\/a><br \/>\n<\/span><\/td>\n<\/tr>\n<tr style=\"height: 28px;\">\n<td style=\"width: 52.5758%; height: 28px;\"><span style=\"color: #000000; font-size: 10pt; font-family: georgia, palatino, serif;\">Inrikes Tidningar<\/span><\/td>\n<td style=\"width: 133.625%; height: 28px;\" colspan=\"2\"><span class=\"date\" style=\"color: #000000; font-size: 10pt; font-family: georgia, palatino, serif;\" data-reactid=\".0.1.2.6.1\">Ystad, ifr\u00e5n Pommern anl\u00e4nde<\/span><\/td>\n<td style=\"width: 27.5758%; height: 28px;\"><span style=\"color: #0000ff; font-size: 10pt; font-family: georgia, palatino, serif;\"><a style=\"color: #0000ff;\" href=\"https:\/\/tidningar.kb.se\/2509100\/1774-06-27\/edition\/145120\/part\/1\/page\/2\/?q=%20meijerfelt&amp;page=1\">27-06-1774<\/a><\/span><\/td>\n<\/tr>\n<tr style=\"height: 28px;\">\n<td style=\"width: 52.5758%; height: 28px;\"><span style=\"color: #000000; font-size: 10pt; font-family: georgia, palatino, serif;\">Dagligt Allehanda<\/span><\/td>\n<td style=\"width: 133.625%; height: 28px;\" colspan=\"2\"><span class=\"date\" style=\"color: #000000; font-size: 10pt; font-family: georgia, palatino, serif;\" data-reactid=\".0.1.2.6.1\">Procession i Riddare-Salen, at h\u00e5lla \u00e5rliga Ordens=Capitlet (&#8230;) utn\u00e4mde\u00a0til Commendeur af Kongl. Sw\u00e5rds=Orden.<\/span><\/td>\n<td style=\"width: 27.5758%; height: 28px;\"><span style=\"color: #0000ff; font-size: 10pt; font-family: georgia, palatino, serif;\"><a style=\"color: #0000ff;\" href=\"https:\/\/tidningar.kb.se\/2631189\/1775-11-29\/edition\/144030\/part\/1\/page\/2\/?q=mejerfeldt\">29-11-1775<\/a><\/span><\/td>\n<\/tr>\n<tr style=\"height: 28px;\">\n<td style=\"width: 52.5758%; height: 28px;\"><span style=\"color: #000000; font-size: 10pt; font-family: georgia, palatino, serif;\">Dagligt Allehanda<\/span><\/td>\n<td style=\"height: 28px; width: 133.625%;\" colspan=\"2\"><span class=\"date\" style=\"color: #000000; font-size: 10pt; font-family: georgia, palatino, serif;\" data-reactid=\".0.1.2.6.1\"><span class=\"edition\" data-reactid=\".0.1.2.6.2\">Grislehamn, d. 21 Maii (&#8230;) ifr\u00e5n Stockholm \u00e5ro reste til Finland<\/span><\/span><\/td>\n<td style=\"width: 27.5758%; height: 28px;\"><span style=\"color: #0000ff; font-size: 10pt; font-family: georgia, palatino, serif;\"><a style=\"color: #0000ff;\" href=\"https:\/\/tidningar.kb.se\/2509100\/1776-05-23\/edition\/145120\/part\/1\/page\/2\/?q=%20meierfelt\">23-05-1776<\/a><\/span><\/td>\n<\/tr>\n<tr style=\"height: 28px;\">\n<td style=\"width: 52.5758%; height: 28px;\"><span style=\"color: #000000; font-size: 13.3333px;\">Wiener Zeitung\u00a0\u00a0<\/span><\/td>\n<td style=\"width: 133.625%; height: 28px;\" colspan=\"2\"><span style=\"color: #000000; font-size: 10pt;\">\u00c5bo<\/span><\/td>\n<td style=\"width: 27.5758%;\"><span style=\"color: #0000ff; font-size: 10pt; font-family: georgia, palatino, serif;\"><a style=\"color: #0000ff; font-family: 'Noto Serif', serif; font-size: 17px;\" href=\"http:\/\/anno.onb.ac.at\/cgi-content\/anno?aid=wrz&amp;datum=17760612&amp;query=%22mayerfeld%22&amp;ref=anno-search&amp;seite=5\"><span style=\"font-size: 10pt;\">12-06-1776<\/span><\/a><br \/>\n<\/span><\/td>\n<\/tr>\n<tr style=\"height: 28px;\">\n<td style=\"width: 52.5758%; height: 28px;\"><span style=\"color: #000000; font-size: 10pt; font-family: georgia, palatino, serif;\">Dagligt Allehanda<\/span><\/td>\n<td style=\"width: 133.625%; height: 28px;\" colspan=\"2\"><span class=\"date\" style=\"color: #000000; font-size: 10pt; font-family: georgia, palatino, serif;\" data-reactid=\".0.1.2.6.1\">Swea Hoff=R\u00e5tt, Dalarna<\/span><\/td>\n<td style=\"width: 27.5758%; height: 28px;\"><span style=\"color: #0000ff; font-size: 10pt; font-family: georgia, palatino, serif;\"><a style=\"color: #0000ff;\" href=\"https:\/\/tidningar.kb.se\/2631189\/1777-03-13\/edition\/144030\/part\/1\/page\/2\/?q=%20meijerfeldt\">13-03-1777<\/a><\/span><\/td>\n<\/tr>\n<tr style=\"height: 28px;\">\n<td style=\"width: 52.5758%; height: 28px;\"><span style=\"color: #000000; font-size: 10pt; font-family: georgia, palatino, serif;\">Dagligt Allehanda<\/span><\/td>\n<td style=\"height: 28px; width: 133.625%;\" colspan=\"2\"><span class=\"date\" style=\"color: #000000; font-size: 10pt; font-family: georgia, palatino, serif;\" data-reactid=\".0.1.2.6.1\">Ibland Generalitetet blefwo N\u00e5digst befordrade (&#8230;) til General=Lieutenanter <\/span><\/td>\n<td style=\"width: 27.5758%; height: 28px;\"><span style=\"color: #0000ff; font-size: 10pt; font-family: georgia, palatino, serif;\"><a style=\"color: #0000ff;\" href=\"https:\/\/tidningar.kb.se\/2631189\/1778-12-30\/edition\/144030\/part\/1\/page\/2\/?q=mejerfeldt\">30-12-<span class=\"date\" data-reactid=\".0.1.2.6.1\">1778<\/span><\/a><\/span><\/td>\n<\/tr>\n<tr style=\"height: 28px;\">\n<td style=\"width: 52.5758%; height: 28px;\"><span style=\"color: #000000; font-size: 13.3333px;\">Leydse Courant<\/span><\/td>\n<td style=\"width: 133.625%; height: 28px;\" colspan=\"2\"><span style=\"color: #000000; font-size: 10pt;\">Nerke<\/span><\/td>\n<td style=\"width: 27.5758%; height: 28px;\"><span style=\"color: #0000ff; font-size: 10pt; font-family: georgia, palatino, serif;\"><a style=\"color: #0000ff; font-family: 'Noto Serif', serif;\" href=\"https:\/\/www.delpher.nl\/nl\/kranten\/view?query=Meyerfeld&amp;page=3&amp;coll=ddd&amp;identifier=ddd%3A010913940%3Ampeg21%3Aa0001&amp;resultsidentifier=ddd%3A010913940%3Ampeg21%3Aa0001\">01-03-1779<\/a><br \/>\n<\/span><\/td>\n<\/tr>\n<tr style=\"height: 28px;\">\n<td style=\"width: 52.5758%; height: 28px;\"><span style=\"color: #000000; font-size: 10pt; font-family: georgia, palatino, serif;\">Inrikes Tidningar<\/span><\/td>\n<td style=\"width: 133.625%; height: 28px;\" colspan=\"2\"><span class=\"date\" style=\"color: #000000; font-size: 10pt; font-family: georgia, palatino, serif;\" data-reactid=\".0.1.2.6.1\">utn\u00e4mna til Stora Korset af Kongl. Sw\u00e4rds=Orden<\/span><\/td>\n<td style=\"width: 27.5758%; height: 28px;\"><span style=\"color: #0000ff; font-size: 10pt; font-family: georgia, palatino, serif;\"><a style=\"color: #0000ff;\" href=\"https:\/\/tidningar.kb.se\/2509100\/1782-09-02\/edition\/145120\/part\/1\/page\/1\/?q=%20meijerfelt&amp;page=1\">02-09-1782<\/a><\/span><\/td>\n<\/tr>\n<tr style=\"height: 28px;\">\n<td style=\"width: 52.5758%; height: 28px;\"><span style=\"color: #000000; font-size: 10pt; font-family: georgia, palatino, serif;\">Inrikes Tidningar<\/span><\/td>\n<td style=\"width: 133.625%; height: 28px;\" colspan=\"2\"><span class=\"date\" style=\"color: #000000; font-size: 10pt; font-family: georgia, palatino, serif;\" data-reactid=\".0.1.2.6.1\">Ystad d.\u00a016 Sept. Ifr\u00e5n Pommern \u00e5ro\u00a0hitkomne<\/span><\/td>\n<td style=\"width: 27.5758%; height: 28px;\"><span style=\"color: #0000ff; font-size: 10pt; font-family: georgia, palatino, serif;\"><a style=\"color: #0000ff;\" href=\"https:\/\/tidningar.kb.se\/2509100\/1782-09-30\/edition\/145120\/part\/1\/page\/1\/?q=%20mejerfelt\">30-09-1782<\/a><\/span><\/td>\n<\/tr>\n<tr style=\"height: 28px;\">\n<td style=\"width: 52.5758%; height: 28px;\"><span style=\"color: #000000; font-size: 10pt; font-family: georgia, palatino, serif;\">Inrikes Tidningar<\/span><\/td>\n<td style=\"width: 133.625%; height: 28px;\" colspan=\"2\"><span class=\"date\" style=\"color: #000000; font-size: 10pt; font-family: georgia, palatino, serif;\" data-reactid=\".0.1.2.6.1\">Ystad, fr\u00e5n Pommern inkommen<\/span><\/td>\n<td style=\"width: 27.5758%; height: 28px;\"><span style=\"color: #0000ff; font-size: 10pt; font-family: georgia, palatino, serif;\"><a style=\"color: #0000ff;\" href=\"https:\/\/tidningar.kb.se\/2509100\/1783-06-02\/edition\/145120\/part\/1\/page\/1\/?q=%20meijerfelt&amp;page=1\">02-06-1783<\/a><\/span><\/td>\n<\/tr>\n<tr style=\"height: 28px;\">\n<td style=\"width: 52.5758%; height: 28px;\"><span style=\"color: #000000; font-size: 10pt; font-family: georgia, palatino, serif;\">Inrikes Tidningar<\/span><\/td>\n<td style=\"width: 133.625%; height: 28px;\" colspan=\"2\"><span style=\"color: #000000; font-size: 10pt; font-family: georgia, palatino, serif;\">Ystad, passagerare, Fru Grefvinnan<\/span><\/td>\n<td style=\"width: 27.5758%; height: 28px;\"><span style=\"color: #0000ff; font-size: 10pt; font-family: georgia, palatino, serif;\"><a style=\"color: #0000ff;\" href=\"https:\/\/tidningar.kb.se\/2509100\/1785-11-07\/edition\/145120\/part\/1\/page\/2\/?q=%20meijerfeldt\">07-11-1785<\/a><\/span><\/td>\n<\/tr>\n<tr style=\"height: 28px;\">\n<td style=\"width: 52.5758%; height: 28px;\"><span style=\"color: #000000; font-size: 13.3333px;\">Reichspostreuter\u00a0<\/span><\/td>\n<td style=\"width: 133.625%; height: 28px;\" colspan=\"2\"><span style=\"color: #000000; font-size: 10pt;\">Finland\u00a0\u00a0<\/span><\/td>\n<td style=\"width: 27.5758%; height: 28px;\"><span style=\"color: #000000; font-size: 10pt;\"><span style=\"color: #0000ff;\"><a style=\"color: #0000ff;\" href=\"http:\/\/anno.onb.ac.at\/cgi-content\/anno?aid=rpr&amp;datum=17880607&amp;query=%22meyerfeld%22&amp;ref=anno-search&amp;seite=4\">07-06-1788<\/a><\/span>\u00a0<\/span><\/td>\n<\/tr>\n<tr style=\"height: 84px;\">\n<td style=\"width: 52.5758%; height: 84px;\"><span style=\"font-size: 13.3333px;\">Ausburgische Ordinari Postzeitung; Bayreuther Zeitung<\/span><\/td>\n<td style=\"width: 133.625%; height: 84px;\" colspan=\"2\"><span style=\"font-size: 10pt;\">Gustaaf naar Finland om M. af te lossen<br \/>\n<\/span><\/td>\n<td style=\"width: 27.5758%; height: 84px;\"><span style=\"font-size: 10pt; color: #0000ff;\"><a style=\"color: #0000ff;\" href=\"https:\/\/digipress.digitale-sammlungen.de\/view\/bsb10505154_00566_u001\/4?cq=meyerfeldt\"><span class=\"srTitleAccessory\">13-06-1788<\/span><\/a><br \/>\n<a style=\"color: #0000ff;\" href=\"https:\/\/digipress.digitale-sammlungen.de\/view\/bsb10505363_00523_u001\/4?cq=meyerfeldt\">13-06-1788<\/a><\/span><\/td>\n<\/tr>\n<tr>\n<td style=\"width: 52.5758%;\"><span style=\"font-size: 10pt;\">G de Leyde<\/span><\/td>\n<td style=\"width: 133.625%;\" colspan=\"2\"><span style=\"font-size: 10pt;\">Commando in Finland terug<br \/>\n<\/span><span style=\"color: #0000ff;\"><span class=\"srTitleAccessory\" style=\"font-size: 10pt;\"><br \/>\n<\/span><\/span><\/td>\n<td style=\"width: 27.5758%; height: 56px;\"><a style=\"color: #0000ff;\" href=\"https:\/\/digipress.digitale-sammlungen.de\/view\/bsb10503179_00183_u001\/1?cq=meyerfeldt\"><span style=\"font-size: 10pt;\">04-07-1788<\/span><\/a><\/td>\n<\/tr>\n<tr style=\"height: 56px;\">\n<td style=\"width: 52.5758%; height: 56px;\"><span style=\"color: #000000; font-size: 13.3333px;\">Karlsruher Zeitung<\/span><\/td>\n<td style=\"width: 133.625%; height: 56px;\" colspan=\"2\"><span style=\"font-size: 10pt; color: #000000;\">30.000 troepen gaan scheep onder M.<\/span><\/td>\n<td style=\"width: 27.5758%;\"><a style=\"color: #0000ff;\" href=\"https:\/\/www.deutsche-digitale-bibliothek.de\/newspaper\/item\/ODQKM6B7E4DHN3ACSYIMSEQFEFRZN2YI?query=meyerfeldt&amp;hit=&amp;issuepage=1\"><span style=\"font-size: 10pt;\"><span class=\"srTitleAccessory\">14-07-1788<\/span><\/span><\/a><span style=\"color: #0000ff;\"><span style=\"font-size: 10pt;\"><br \/>\n<\/span><\/span><\/td>\n<\/tr>\n<tr style=\"height: 28px;\">\n<td style=\"width: 52.5758%; height: 28px;\"><span style=\"color: #000000; font-size: 10pt; font-family: georgia, palatino, serif;\">Nytt och Gammelt<\/span><br \/>\n<span style=\"color: #000000; font-size: 10pt; font-family: georgia, palatino, serif;\">etc. etc. etc.<\/span><\/td>\n<td style=\"height: 28px; width: 133.625%;\" colspan=\"2\"><span style=\"color: #000000; font-size: 10pt; font-family: georgia, palatino, serif;\">H\u00f6gste bef\u00e4lhafwarens (&#8230;) Kundg\u00f6relse (&#8230;) fr\u00e5n fientliga sidan i Riket insmygd Sm\u00e5delig och F\u00f6rr\u0101disk Skrift<\/span><\/td>\n<td style=\"width: 27.5758%; height: 28px;\"><span style=\"color: #0000ff; font-size: 10pt; font-family: georgia, palatino, serif;\"><a style=\"color: #0000ff;\" href=\"https:\/\/tidningar.kb.se\/2801121\/1789-02-18\/edition\/147487\/part\/1\/page\/6\/?q=%20meijerfeldt\">18-02-1789<\/a><\/span><\/td>\n<\/tr>\n<tr style=\"height: 28px;\">\n<td style=\"width: 52.5758%; height: 28px;\"><span style=\"color: #000000; font-size: 10pt; font-family: georgia, palatino, serif;\">G\u00f6theborgs Allehanda<\/span><\/td>\n<td style=\"height: 28px; width: 133.625%;\" colspan=\"2\"><span class=\"date\" style=\"color: #000000; font-size: 10pt; font-family: georgia, palatino, serif;\" data-reactid=\".0.1.2.6.1\">Lovisa 29-12-1788, F\u00e4derneslandet<\/span><\/td>\n<td style=\"width: 27.5758%; height: 28px;\"><span style=\"color: #0000ff; font-size: 10pt; font-family: georgia, palatino, serif;\"><a style=\"color: #0000ff;\" href=\"https:\/\/tidningar.kb.se\/2625423\/1789-02-20\/edition\/148003\/part\/1\/page\/3\/?q=%20meijerfeldt\">20-02-1789<\/a><\/span><\/td>\n<\/tr>\n<tr>\n<td style=\"width: 52.5758%;\"><span style=\"font-size: 10pt;\">G de Leyde<\/span><\/td>\n<td style=\"width: 133.625%;\" colspan=\"2\"><span style=\"font-size: 10pt;\">Met Stedingk<br \/>\n<\/span><\/td>\n<td style=\"width: 27.5758%;\"><span style=\"color: #0000ff; font-size: 10pt; font-family: georgia, palatino, serif;\"><a style=\"color: #0000ff; font-family: 'Noto Serif', serif; font-size: 17px;\" href=\"https:\/\/digipress.digitale-sammlungen.de\/view\/bsb10503180_00181_u001\/8?cq=meyerfeldt\"><span style=\"font-size: 10pt;\"><span class=\"srTitleAccessory\">24-03-1789<\/span><\/span><\/a><br \/>\n<\/span><\/td>\n<\/tr>\n<tr>\n<td style=\"width: 52.5758%;\"><span style=\"font-size: 10pt;\">G de Leyde<\/span><\/td>\n<td style=\"width: 133.625%;\" colspan=\"2\"><span style=\"font-size: 10pt;\">Aanval op Pyttis<br \/>\n<\/span><span style=\"color: #0000ff;\"><span style=\"font-size: 10pt;\">\u00a0<\/span><\/span><\/td>\n<td style=\"width: 27.5758%;\"><span style=\"color: #0000ff; font-size: 10pt; font-family: georgia, palatino, serif;\"><a style=\"color: #0000ff; font-family: 'Noto Serif', serif;\" href=\"https:\/\/digipress.digitale-sammlungen.de\/view\/bsb10503180_00437_u001\/5?cq=meyerfeldt\"><span class=\"srTitleAccessory\">21-07-1789<\/span><\/a><span style=\"font-size: 10pt;\"><span class=\"srTitleAccessory\"><br \/>\n<\/span><\/span><\/span><\/td>\n<\/tr>\n<tr>\n<td style=\"width: 52.5758%;\"><span style=\"font-size: 13.3333px;\">Journal g\u00e9n\u00e9ral de l&#8217;Europe ou Mercure, Paris (9)<\/span><\/td>\n<td style=\"width: 133.625%;\" colspan=\"2\"><span style=\"font-size: 10pt;\"> H\u00f6gfors en Frederikshamn<\/span><\/td>\n<td style=\"width: 27.5758%;\"><span style=\"color: #0000ff; font-family: georgia, palatino, serif; font-size: 10pt;\"><a style=\"font-family: 'Noto Serif', serif;\" href=\"https:\/\/digipress.digitale-sammlungen.de\/view\/bsb10613171_00533_u001\/2?cq=meyerfeldt\"><span style=\"color: #0000ff;\"><span class=\"srTitleAccessory\">28-07-1789<\/span>\u00a0<\/span><\/a><br \/>\n<\/span><\/td>\n<\/tr>\n<tr style=\"height: 28px;\">\n<td style=\"width: 52.5758%; height: 28px;\"><span style=\"color: #000000; font-size: 10pt; font-family: georgia, palatino, serif;\">G\u00f6theborgs Allehanda<\/span><\/td>\n<td style=\"height: 28px; width: 133.625%;\" colspan=\"2\"><span style=\"color: #000000; font-size: 10pt; font-family: georgia, palatino, serif;\">Rapport om Affairen wid Suttula<\/span><\/td>\n<td style=\"width: 27.5758%; height: 28px;\"><span style=\"color: #0000ff; font-family: georgia, palatino, serif; font-size: 10pt;\"><a style=\"color: #0000ff;\" href=\"https:\/\/tidningar.kb.se\/2625423\/1789-07-28\/edition\/148003\/part\/1\/page\/7\/?q=%20meyerfelts\">29-07-1789<\/a><\/span><\/td>\n<\/tr>\n<tr style=\"height: 28px;\">\n<td style=\"width: 52.5758%; height: 28px;\"><span style=\"color: #000000; font-size: 10pt; font-family: georgia, palatino, serif;\">Inrikes Tidningar<\/span><\/td>\n<td style=\"height: 28px; width: 133.625%;\" colspan=\"2\"><span style=\"font-size: 10pt; font-family: georgia, palatino, serif;\">Suttula<\/span><\/td>\n<td style=\"width: 27.5758%; height: 28px;\"><span style=\"color: #0000ff; font-family: georgia, palatino, serif; font-size: 10pt;\"><a style=\"color: #0000ff;\" href=\"https:\/\/tidningar.kb.se\/2509100\/1789-07-30\/edition\/145120\/part\/1\/page\/2\/?q=%20meyerfelt\">30-07-1789\u00a0<\/a><\/span><\/td>\n<\/tr>\n<tr>\n<td style=\"width: 52.5758%;\"><span style=\"font-size: 13.3333px;\">G de Leyde<\/span><\/td>\n<td style=\"width: 133.625%;\" colspan=\"2\"><span style=\"font-size: 10pt;\">Kannonade van 12 uur<br \/>\n<\/span><\/td>\n<td style=\"width: 27.5758%;\"><span style=\"color: #0000ff; font-family: georgia, palatino, serif; font-size: 10pt;\"><a style=\"color: #0000ff; font-family: 'Noto Serif', serif; font-size: 17px;\" href=\"https:\/\/digipress.digitale-sammlungen.de\/view\/bsb10503180_00485_u001\/5?cq=meyerfeldt\"><span style=\"font-size: 10pt;\"><span class=\"srTitleAccessory\">11-08-1789<\/span><\/span><\/a><br \/>\n<\/span><\/td>\n<\/tr>\n<tr style=\"height: 56px;\">\n<td style=\"width: 52.5758%; height: 56px;\"><span style=\"color: #000000; font-size: 13.3333px;\">Ausburgische Ordinari Postzeitung\u00a0<\/span><\/td>\n<td style=\"width: 133.625%; height: 56px;\" colspan=\"2\"><span style=\"color: #000000;\"><span style=\"font-size: 10pt;\">H\u00f6gfors en Pyttis genomen<br \/>\n<\/span><\/span><\/td>\n<td style=\"width: 27.5758%;\"><span style=\"color: #0000ff; font-family: georgia, palatino, serif; font-size: 10pt;\"><a style=\"color: #0000ff; font-family: 'Noto Serif', serif; font-size: 17px;\" href=\"https:\/\/digipress.digitale-sammlungen.de\/view\/bsb10505155_00803_u001\/4?cq=meyerfeldt\"><span style=\"font-size: 10pt;\">18-08-1789<\/span><\/a><br \/>\n<\/span><\/td>\n<\/tr>\n<tr style=\"height: 28px;\">\n<td style=\"width: 52.5758%; height: 28px;\"><span style=\"font-size: 10pt; font-family: georgia, palatino, serif;\">The Gentlemen\u2019s Magazine<\/span><\/td>\n<td style=\"height: 28px; width: 133.625%;\" colspan=\"2\"><span style=\"color: #000000; font-family: georgia, palatino, serif; font-size: 10pt;\">H\u00e4gfors<\/span><\/td>\n<td style=\"width: 27.5758%; height: 28px;\"><span style=\"color: #0000ff; font-family: georgia, palatino, serif; font-size: 10pt;\"><a style=\"color: #0000ff;\" href=\"http:\/\/anno.onb.ac.at\/cgi-content\/anno-plus?aid=gen&amp;datum=17890059&amp;query=((text:meyerfeld))&amp;ref=anno-search&amp;seite=79\">09-1789<\/a><br \/>\n<\/span><\/td>\n<\/tr>\n<tr>\n<td style=\"width: 52.5758%;\">\n<p class=\"window-manifest-title\" aria-label=\"Journal g\u00e9n\u00e9ral de l'Europe ou Mercure national et \u00e9tranger, Annonces, Articles et Avis Divers 28.07.1789\" data-hasqtip=\"5\" aria-describedby=\"qtip-5\"><span style=\"font-size: 10pt;\">G de Leyde<\/span><\/p>\n<\/td>\n<td style=\"width: 133.625%;\" colspan=\"2\"><span style=\"font-size: 10pt;\">met Platen bevelhebber<br \/>\n<\/span><\/td>\n<td style=\"width: 27.5758%;\"><span style=\"font-size: 10pt;\"><span style=\"color: #0000ff;\"><span class=\"srTitleAccessory\"><a style=\"color: #0000ff;\" href=\"https:\/\/digipress.digitale-sammlungen.de\/view\/bsb10503180_00757_u001\/5?cq=meyerfeldt\">22-12-1789<\/a>\u00a0<\/span><\/span><\/span><\/td>\n<\/tr>\n<tr style=\"height: 56px;\">\n<td style=\"width: 52.5758%; height: 56px;\"><span style=\"color: #000000; font-size: 13.3333px;\">M\u00fcnchner-Zeitung<\/span><\/td>\n<td style=\"width: 133.625%; height: 56px;\" colspan=\"2\"><span style=\"color: #000000;\"><span style=\"font-size: 10pt;\">met Platen bevelhebber<br \/>\n<\/span><\/span><\/td>\n<td style=\"width: 27.5758%;\"><a style=\"color: #0000ff;\" href=\"https:\/\/digipress.digitale-sammlungen.de\/view\/bsb10505691_00485_u001\/4?cq=meyerfeldt\"><span class=\"srTitleAccessory\" style=\"font-size: 10pt;\">24-12-1789<\/span><\/a><span style=\"font-size: 10pt;\"><span style=\"color: #0000ff;\"><span class=\"srTitleAccessory\"><br \/>\n<\/span><\/span><\/span><\/td>\n<\/tr>\n<tr style=\"height: 28px;\">\n<td style=\"width: 52.5758%; height: 28px;\"><span style=\"color: #000000; font-size: 10pt; font-family: georgia, palatino, serif;\">G\u00f6theborgs Allehanda<\/span><\/td>\n<td style=\"height: 28px; width: 133.625%;\" colspan=\"2\"><span style=\"color: #000000; font-size: 10pt; font-family: georgia, palatino, serif;\">H\u00f6g-Qwarter i Borgo (&#8230;) Allmogens och Soldatens Hjerta<\/span><\/td>\n<td style=\"width: 27.5758%;\"><a style=\"color: #0000ff; font-family: georgia, palatino, serif; font-size: 13.3333px;\" href=\"https:\/\/tidningar.kb.se\/2625423\/1790-03-26\/edition\/148003\/part\/1\/page\/2\/?q=%20meyerfelt\">26-03-1790<\/a><span style=\"color: #0000ff;\"><span style=\"font-size: 10pt;\"><span class=\"srTitleAccessory\"><br \/>\n<\/span><\/span><\/span><\/td>\n<\/tr>\n<tr>\n<td style=\"width: 52.5758%;\">\n<p class=\"window-manifest-title\" aria-label=\"Journal g\u00e9n\u00e9ral de l'Europe ou Mercure national et \u00e9tranger, Annonces, Articles et Avis Divers 28.07.1789\" data-hasqtip=\"5\" aria-describedby=\"qtip-5\"><span style=\"font-size: 10pt;\">Le Moniteur Universel, Paris (10)<br \/>\n<\/span><\/p>\n<\/td>\n<td style=\"width: 133.625%;\" colspan=\"2\"><span style=\"font-size: 10pt;\">Aankomst in Borgo<br \/>\n<\/span><\/td>\n<td style=\"width: 27.5758%;\"><span style=\"color: #0000ff;\"><a style=\"color: #0000ff;\" href=\"https:\/\/digipress.digitale-sammlungen.de\/view\/bsb10487364_00063_u001\/1?cq=meyerfeldt\"><span style=\"font-size: 10pt;\"><span class=\"srTitleAccessory\"> 15-04-1790<\/span><\/span><\/a><\/span><\/td>\n<\/tr>\n<tr style=\"height: 28px;\">\n<td style=\"width: 52.5758%; height: 28px;\"><span style=\"color: #000000; font-size: 10pt; font-family: georgia, palatino, serif;\">Nytt Och Gammalt<\/span><\/td>\n<td style=\"width: 133.625%; height: 28px;\" colspan=\"2\"><span style=\"color: #000000; font-size: 10pt; font-family: georgia, palatino, serif;\">26 Junii intagit Kymeneg\u00e5rd<\/span><\/td>\n<td style=\"width: 27.5758%;\"><a style=\"color: #0000ff; font-family: georgia, palatino, serif; font-size: 13.3333px;\" href=\"https:\/\/tidningar.kb.se\/2801121\/1790-04-22\/edition\/147487\/part\/2\/page\/3\/?q=%20meyerfelt\">22-04-1790<\/a><span style=\"color: #0000ff;\"><span style=\"font-size: 10pt;\"><span class=\"srTitleAccessory\"><br \/>\n<\/span><\/span><\/span><\/td>\n<\/tr>\n<tr>\n<td style=\"width: 52.5758%;\">\n<p class=\"window-manifest-title\" aria-label=\"Journal g\u00e9n\u00e9ral de l'Europe ou Mercure national et \u00e9tranger, Annonces, Articles et Avis Divers 28.07.1789\" data-hasqtip=\"5\" aria-describedby=\"qtip-5\"><span style=\"font-size: 10pt;\">G de Leyde<br \/>\n<\/span><\/p>\n<\/td>\n<td style=\"width: 133.625%;\" colspan=\"2\"><span style=\"font-size: 10pt;\">Supplement over de Finse oorlog<br \/>\n<\/span><\/td>\n<td style=\"width: 27.5758%;\"><span style=\"color: #0000ff;\"><a style=\"color: #0000ff;\" href=\"https:\/\/babel.hathitrust.org\/cgi\/pt?id=njp.32101076535697&amp;view=1up&amp;seq=317&amp;q1=meyerfeldt\"><span style=\"font-size: 10pt;\">18-05-1790<\/span><\/a><span style=\"font-size: 10pt;\"><span class=\"srTitleAccessory\"><br \/>\n<\/span><\/span><\/span><\/td>\n<\/tr>\n<tr>\n<td style=\"width: 52.5758%;\">\n<p class=\"window-manifest-title\" aria-label=\"Journal g\u00e9n\u00e9ral de l'Europe ou Mercure national et \u00e9tranger, Annonces, Articles et Avis Divers 28.07.1789\" data-hasqtip=\"5\" aria-describedby=\"qtip-5\"><span style=\"font-size: 10pt;\">Gazette Nationale ou Le Moniteur Universel<br \/>\n<\/span><\/p>\n<\/td>\n<td style=\"width: 133.625%;\" colspan=\"2\"><span style=\"font-size: 10pt;\">Terugtrekking bij Anjala<br \/>\n<\/span><\/td>\n<td style=\"width: 27.5758%;\"><a href=\"https:\/\/www.retronews.fr\/journal\/gazette-nationale-ou-le-moniteur-universel\/01-juin-1790\/149\/1285113\/1\"><span style=\"font-size: 10pt; color: #0000ff;\">01-06-1790<\/span><\/a><span style=\"color: #0000ff;\"><span style=\"font-size: 10pt;\"><span class=\"srTitleAccessory\"><br \/>\n<\/span><\/span><\/span><\/td>\n<\/tr>\n<tr style=\"height: 28px;\">\n<td style=\"width: 52.5758%; height: 28px;\"><span style=\"color: #000000; font-size: 10pt; font-family: georgia, palatino, serif;\">G\u00f6theborgs Allehanda<\/span><\/td>\n<td style=\"width: 133.625%; height: 28px;\" colspan=\"2\"><span class=\"date\" style=\"color: #000000; font-size: 10pt; font-family: georgia, palatino, serif;\" data-reactid=\".0.1.2.6.1\">Meijerfeldt i Finland<\/span><\/td>\n<td style=\"width: 27.5758%; height: 28px;\"><span style=\"color: #0000ff; font-size: 10pt; font-family: georgia, palatino, serif;\"><a style=\"color: #0000ff;\" href=\"https:\/\/tidningar.kb.se\/2625423\/1790-06-11\/edition\/148003\/part\/1\/page\/6\/?q=%20meijerfeldt\">11-06-1790<\/a><\/span><\/td>\n<\/tr>\n<tr style=\"height: 28px;\">\n<td style=\"width: 52.5758%; height: 28px;\"><span style=\"color: #000000; font-size: 10pt; font-family: georgia, palatino, serif;\">Stockholmsposten<\/span><br style=\"color: #000000; font-size: 13.3333px;\" \/><span style=\"color: #000000; font-size: 10pt; font-family: georgia, palatino, serif;\">etc. etc. etc.<\/span><\/td>\n<td style=\"width: 133.625%; height: 28px;\" colspan=\"2\"><span style=\"color: #000000; font-size: 10pt; font-family: georgia, palatino, serif;\">Kymmeneg\u00e5rd 27-06, Underd\u00e5nig Rapport til Kongl. Maj:t<\/span><\/td>\n<td style=\"width: 27.5758%;\"><span style=\"color: #0000ff; font-size: 10pt; font-family: georgia, palatino, serif;\"><a style=\"color: #0000ff;\" href=\"https:\/\/tidningar.kb.se\/1532291\/1790-07-03\/edition\/144028\/part\/1\/page\/2\/?q=%20meijerfeldt\">03-07-1790<\/a><br \/>\n<\/span><\/td>\n<\/tr>\n<tr style=\"height: 28px;\">\n<td style=\"width: 52.5758%; height: 28px;\"><span style=\"color: #000000; font-size: 10pt; font-family: georgia, palatino, serif;\">G\u00f6theborgs Allehanda<\/span><\/td>\n<td style=\"height: 28px; width: 133.625%;\" colspan=\"2\"><span style=\"color: #000000; font-size: 10pt; font-family: georgia, palatino, serif;\">Meijerfelt hast n\u00e4dig skrifwelse<\/span><\/td>\n<td style=\"width: 27.5758%; height: 28px;\"><span style=\"color: #0000ff; font-size: 10pt; font-family: georgia, palatino, serif;\"><a style=\"color: #0000ff;\" href=\"https:\/\/tidningar.kb.se\/2625423\/1790-07-06\/edition\/148003\/part\/2\/page\/1\/?q=%20meijerfelt\">06-07-1790<\/a><\/span><\/td>\n<\/tr>\n<tr>\n<td style=\"width: 52.5758%;\"><span style=\"font-size: 13.3333px;\">G de Leyde<\/span><\/td>\n<td style=\"width: 133.625%;\" colspan=\"2\"><span style=\"font-size: 10pt;\">Brief van M. dat hij 3 passen veroverde<br \/>\n<\/span><\/td>\n<td style=\"width: 27.5758%;\"><span style=\"color: #0000ff; font-size: 10pt; font-family: georgia, palatino, serif;\"><a style=\"color: #0000ff; font-family: 'Noto Serif', serif; font-size: 17px;\" href=\"https:\/\/digipress.digitale-sammlungen.de\/view\/bsb10503181_00453_u001\/8?cq=meyerfeldt\"><span style=\"font-size: 10pt;\">16-07-1790<\/span><\/a><br \/>\n<\/span><\/td>\n<\/tr>\n<tr style=\"height: 112px;\">\n<td style=\"width: 52.5758%; height: 112px;\"><span style=\"font-family: georgia, palatino, serif; font-size: 10pt;\">Ausburgische Ordinari Postzeitung\u00a0<\/span><\/td>\n<td style=\"width: 133.625%; height: 112px;\" colspan=\"2\"><span style=\"font-size: 10pt;\">Verovering passen en actie met vloot<br \/>\n<\/span><\/td>\n<td style=\"width: 27.5758%;\"><span style=\"color: #0000ff; font-size: 10pt; font-family: georgia, palatino, serif;\"><a style=\"color: #0000ff; font-family: 'Noto Serif', serif;\" href=\"https:\/\/digipress.digitale-sammlungen.de\/view\/bsb10505156_00691_u001\/2?cq=meyerfeldt\">20-07-1790<\/a><br \/>\n<\/span><\/td>\n<\/tr>\n<tr style=\"height: 28px;\">\n<td style=\"width: 52.5758%; height: 28px;\"><span style=\"color: #000000; font-size: 13.3333px; font-family: georgia, palatino, serif;\">Ommelander Courant<\/span><\/td>\n<td style=\"height: 28px; width: 133.625%;\" colspan=\"2\"><span style=\"color: #000000; font-size: 10pt; font-family: georgia, palatino, serif;\">H\u00f6gfors\u00a0<\/span><\/td>\n<td style=\"width: 27.5758%; height: 28px;\"><span style=\"color: #0000ff; font-size: 10pt; font-family: georgia, palatino, serif;\"><a style=\"color: #0000ff;\" href=\"https:\/\/www.delpher.nl\/nl\/kranten\/view?query=Meyerfeld&amp;page=18&amp;sortfield=title&amp;coll=ddd&amp;identifier=ddd%3A010214281%3Ampeg21%3Aa0006&amp;resultsidentifier=ddd%3A010214281%3Ampeg21%3Aa0006\">23-07-1790<\/a><br \/>\n<\/span><\/td>\n<\/tr>\n<tr style=\"height: 28px;\">\n<td style=\"width: 52.5758%; height: 28px;\"><span style=\"color: #000000; font-size: 10pt; font-family: georgia, palatino, serif;\">G\u00f6theborgs Allehanda<\/span><\/td>\n<td style=\"height: 28px; width: 133.625%;\" colspan=\"2\"><span style=\"color: #000000; font-size: 10pt; font-family: georgia, palatino, serif;\">Intagit Kymmeneg\u00e5rd eller H\u00f6gfors=Passet<\/span><\/td>\n<td style=\"width: 27.5758%; height: 28px;\"><span style=\"color: #0000ff; font-size: 10pt; font-family: georgia, palatino, serif;\"><a style=\"color: #0000ff;\" href=\"https:\/\/tidningar.kb.se\/2625423\/1790-07-27\/edition\/148003\/part\/1\/page\/8\/?q=%20meijerfelt\">27-07-1790<\/a><\/span><\/td>\n<\/tr>\n<tr style=\"height: 28px;\">\n<td style=\"width: 52.5758%; height: 28px;\"><span style=\"color: #000000; font-size: 10pt; font-family: georgia, palatino, serif;\">G\u00f6theborgs Allehanda<\/span><\/td>\n<td style=\"width: 133.625%; height: 28px;\" colspan=\"2\"><span style=\"color: #000000; font-size: 10pt; font-family: georgia, palatino, serif;\">Ode til Armeens Flotta,\u00a0(&#8230;) af Wilhelm\u00a0von Rosenheim (&#8230;)\u00a0\u00a0&#8220;Med oinskr\u00e4nkt bef\u00e4l &#8211; &#8211; Du store Mejerfelt!&#8221;<\/span><\/td>\n<td style=\"width: 27.5758%; height: 28px;\"><span style=\"color: #0000ff; font-size: 10pt; font-family: georgia, palatino, serif;\"><a style=\"color: #0000ff;\" href=\"https:\/\/tidningar.kb.se\/2625423\/1790-11-19\/edition\/148003\/part\/1\/page\/3\/?q=%20mejerfelt\">19-11-1790<\/a><\/span><\/td>\n<\/tr>\n<tr style=\"height: 28px;\">\n<td style=\"width: 52.5758%; height: 28px;\"><span style=\"color: #000000; font-size: 10pt; font-family: georgia, palatino, serif;\">G\u00f6theborgs Allehanda<\/span><\/td>\n<td style=\"width: 133.625%; height: 28px;\" colspan=\"2\"><span style=\"color: #000000; font-size: 10pt; font-family: georgia, palatino, serif;\">Stralsund d. 7 Octob. Meyerfelt och straxt d\u00e4refter kom den Kongliga Bruden<\/span><\/td>\n<td style=\"width: 27.5758%; height: 28px;\"><span style=\"color: #0000ff; font-size: 10pt; font-family: georgia, palatino, serif;\"><a style=\"color: #0000ff;\" href=\"https:\/\/tidningar.kb.se\/2625423\/1797-10-20\/edition\/148003\/part\/1\/page\/1\/?q=%20meyerfelt\"><span class=\"date\" data-reactid=\".0.1.2.6.1\">20-10-1797<\/span><\/a><\/span><\/td>\n<\/tr>\n<tr style=\"height: 28px;\">\n<td style=\"width: 52.5758%; height: 28px;\"><span style=\"color: #000000; font-size: 10pt; font-family: georgia, palatino, serif;\">Inrikes Tidningar<\/span><\/td>\n<td style=\"width: 133.625%; height: 28px;\" colspan=\"2\"><span style=\"color: #000000; font-size: 10pt; font-family: georgia, palatino, serif;\">Ystad 19\/9 Passagerare. Fr\u00e5n Stralsund. Grefwe samt des Grefwinna<\/span><\/td>\n<td style=\"width: 27.5758%; height: 28px;\"><span style=\"font-family: georgia, palatino, serif; font-size: 10pt;\"><a href=\"https:\/\/tidningar.kb.se\/2509100\/1798-10-03\/edition\/145120\/part\/1\/page\/1\/?q=%20meyerfelt\"><span style=\"color: #0000ff;\"><span class=\"date\" data-reactid=\".0.1.2.6.1\">03-10-1798<\/span><\/span><\/a><\/span><\/td>\n<\/tr>\n<tr style=\"height: 28px;\">\n<td style=\"width: 52.5758%; height: 28px;\"><span style=\"color: #000000; font-size: 10pt; font-family: georgia, palatino, serif;\">Inrikes Tidningar<\/span><\/td>\n<td style=\"width: 133.625%; height: 28px;\" colspan=\"2\"><span class=\"date\" style=\"color: #000000; font-size: 10pt; font-family: georgia, palatino, serif;\" data-reactid=\".0.1.2.6.1\">dubba En af Rikets Herrar, F\u00e4ltmarskalken<\/span><\/td>\n<td style=\"width: 27.5758%; height: 28px;\"><span class=\"date\" style=\"color: #0000ff; font-size: 10pt; font-family: georgia, palatino, serif;\" data-reactid=\".0.1.2.6.1\"><a style=\"color: #0000ff;\" href=\"https:\/\/tidningar.kb.se\/2509100\/1799-05-01\/edition\/145120\/part\/1\/page\/2\/?q=mejerfeldt\">01-05-1799<\/a><\/span><\/td>\n<\/tr>\n<tr style=\"height: 28px;\">\n<td style=\"width: 52.5758%; height: 28px;\"><span style=\"color: #000000; font-size: 10pt; font-family: georgia, palatino, serif;\">Dagligt Allehanda<\/span><\/td>\n<td style=\"width: 133.625%; height: 28px;\" colspan=\"2\"><span style=\"color: #000000; font-size: 10pt; font-family: georgia, palatino, serif;\">Af Trycket var utkommit och finnes i Deleens Bokhandel: &#8220;Tal \u00f6fwer (&#8230;) krossades.&#8221; Kostar h\u00e4ft 8 \u03b2.<\/span><\/td>\n<td style=\"width: 27.5758%; height: 28px;\"><span class=\"date\" style=\"color: #0000ff; font-size: 10pt; font-family: georgia, palatino, serif;\" data-reactid=\".0.1.2.6.1\"><a style=\"color: #0000ff;\" href=\"https:\/\/tidningar.kb.se\/2631189\/1800-05-20\/edition\/144030\/part\/1\/page\/3\/?q=mejerfeldt\">20-05-1800<\/a>\u00a0<\/span><\/td>\n<\/tr>\n<tr>\n<td style=\"width: 52.5758%;\"><span style=\"color: #000000; font-size: 10pt; font-family: georgia, palatino, serif;\">Dagligt Allehanda<\/span><\/td>\n<td style=\"width: 133.625%;\" colspan=\"2\"><span style=\"color: #000000; font-size: 10pt; font-family: georgia, palatino, serif;\">Af Trycket var utkommit och finnes i Deleens Bokhandel: &#8220;Tal \u00f6fwer (&#8230;) krossades.&#8221; Kostar h\u00e4ft 8 \u03b2.<\/span><\/td>\n<td style=\"width: 27.5758%;\"><span style=\"color: #0000ff; font-family: georgia, palatino, serif; font-size: 10pt;\"><span class=\"date\" style=\"color: #0000ff; font-size: 10pt; font-family: georgia, palatino, serif;\" data-reactid=\".0.1.2.6.1\"><a style=\"color: #0000ff;\" href=\"https:\/\/tidningar.kb.se\/2631189\/1800-06-13\/edition\/144030\/part\/1\/page\/3\/?q=mejerfeldt\">13-06-1800<\/a> <\/span><\/span><\/td>\n<\/tr>\n<tr>\n<td style=\"width: 52.5758%;\"><span style=\"color: #000000; font-size: 10pt; font-family: georgia, palatino, serif;\">Dagligt Allehanda<\/span><\/td>\n<td style=\"width: 133.625%;\" colspan=\"2\"><span style=\"color: #000000; font-size: 10pt; font-family: georgia, palatino, serif;\">Af Trycket var utkommit och finnes i Deleens Bokhandel: &#8220;Tal \u00f6fwer (&#8230;) krossades.&#8221; Kostar h\u00e4ft 8 \u03b2.<\/span><\/td>\n<td style=\"width: 27.5758%;\"><span style=\"color: #0000ff; font-family: georgia, palatino, serif; font-size: 10pt;\"><a style=\"color: #0000ff;\" href=\"https:\/\/tidningar.kb.se\/2631189\/1800-06-07\/edition\/144030\/part\/1\/page\/3\/?q=mejerfeldt\">07-06-1800<\/a><br \/>\n<\/span><\/td>\n<\/tr>\n<tr style=\"height: 10px;\">\n<td style=\"width: 52.5758%; height: 10px;\"><span style=\"font-size: 10pt;\">Politisches journal, Hamburg<\/span><\/td>\n<td style=\"width: 133.625%; height: 10px;\" colspan=\"2\"><span style=\"font-size: 10pt;\">Overlijden<br \/>\n<\/span><\/td>\n<td style=\"width: 27.5758%;\"><span style=\"color: #0000ff; font-family: georgia, palatino, serif; font-size: 10pt;\"><a style=\"color: #0000ff; font-family: 'Noto Serif', serif; font-size: 17px;\" href=\"https:\/\/babel.hathitrust.org\/cgi\/pt?id=hvd.hn46x8&amp;view=1up&amp;seq=545&amp;q1=meyerfeldt\"><span style=\"font-size: 10pt;\">1800 mnd 1-6<\/span><\/a><br \/>\n<\/span><\/td>\n<\/tr>\n<tr style=\"height: 136px;\">\n<td style=\"width: 52.5758%; height: 136px;\"><span style=\"font-size: 13.3333px;\">Staats- und gelehrte Zeitung des Hamburgischen unpartheyischen Correspondenten<\/span><\/td>\n<td style=\"height: 136px; width: 133.625%;\" colspan=\"2\"><span style=\"font-size: 10pt;\">Oproep aan erfgenamen Meyerfeldts<\/span><\/td>\n<td style=\"width: 27.5758%;\"><span style=\"color: #0000ff; font-family: georgia, palatino, serif; font-size: 10pt;\"><a style=\"color: #0000ff; font-family: 'Noto Serif', serif; font-size: 17px;\" href=\"https:\/\/www.digitale-sammlungen.de\/en\/view\/bsb10503685_00081_u001?q=meyerfeldt&amp;page=12,\"><span style=\"font-size: 10pt;\">27-11-1802<\/span><\/a><br \/>\n<\/span><\/td>\n<\/tr>\n<tr>\n<td style=\"width: 52.5758%;\"><span style=\"font-size: 13.3333px;\">Staats- und gelehrte Zeitung des Hamburgischen unpartheyischen Correspondenten<\/span><\/td>\n<td style=\"width: 133.625%;\" colspan=\"2\"><span style=\"font-size: 10pt;\">Oproep aan erfgenamen Meyerfeldts<\/span><\/td>\n<td style=\"width: 27.5758%;\"><span style=\"color: #0000ff; font-family: georgia, palatino, serif; font-size: 10pt;\"><span style=\"font-size: 10pt;\"><span style=\"color: #0000ff;\"><a style=\"color: #0000ff;\" href=\"https:\/\/digipress.digitale-sammlungen.de\/view\/bsb10503685_00059_u001\/16?cq=meyerfeldt\">12-01-1803<\/a><\/span><\/span><\/span><\/td>\n<\/tr>\n<tr style=\"height: 28px;\">\n<td style=\"width: 52.5758%; height: 28px;\"><span style=\"color: #000000; font-size: 10pt; font-family: georgia, palatino, serif;\">Posttidningar<\/span><\/td>\n<td style=\"height: 28px; width: 133.625%;\" colspan=\"2\"><span style=\"color: #000000; font-size: 10pt; font-family: georgia, palatino, serif;\">Barnekowschke Geschwister-Kinder als Allodial-Erben Nehringen<\/span><\/td>\n<td style=\"width: 27.5758%; height: 28px;\"><span style=\"color: #0000ff; font-family: georgia, palatino, serif; font-size: 10pt;\"><a style=\"color: #0000ff;\" href=\"https:\/\/tidningar.kb.se\/2979645\/1803-03-03\/edition\/145134\/part\/1\/page\/8\/?q=%20meyerfeldt\">03-03-1803<\/a><\/span><\/td>\n<\/tr>\n<tr style=\"height: 28px;\">\n<td style=\"width: 52.5758%; height: 28px;\"><span style=\"color: #000000; font-size: 10pt; font-family: georgia, palatino, serif;\">Inrikes Tidningar<\/span><\/td>\n<td style=\"width: 133.625%; height: 28px;\" colspan=\"2\"><span style=\"color: #000000; font-size: 10pt; font-family: georgia, palatino, serif;\">Gustaf L\u00f6htberg Silfwer=medalj f\u00f6r 20 \u00e5rs tjenst p\u00e5 N\u00e4sby\u00a0<\/span><\/td>\n<td style=\"width: 27.5758%; height: 28px;\"><span style=\"color: #0000ff; font-family: georgia, palatino, serif; font-size: 10pt;\"><a style=\"color: #0000ff;\" href=\"https:\/\/tidningar.kb.se\/2509100\/1806-02-21\/edition\/145120\/part\/1\/page\/1\/?q=%20meyerfelt\"><span class=\"date\" data-reactid=\".0.1.2.6.1\">21-02-1806<\/span><\/a><\/span><\/td>\n<\/tr>\n<tr style=\"height: 28px;\">\n<td style=\"width: 52.5758%; height: 28px;\"><span style=\"color: #000000; font-size: 10pt; font-family: georgia, palatino, serif;\">Dagligt Allehanda\u00a0<\/span><\/td>\n<td style=\"width: 133.625%; height: 28px;\" colspan=\"2\"><span style=\"color: #000000; font-size: 10pt; font-family: georgia, palatino, serif;\">Fruntimmer (&#8230;) Grefwinnan Mejerfeldts Hus wid Drottningsgatan<\/span><\/td>\n<td style=\"width: 27.5758%; height: 28px;\"><span class=\"date\" style=\"color: #0000ff; font-size: 10pt; font-family: georgia, palatino, serif;\" data-reactid=\".0.1.2.6.1\"><a style=\"color: #0000ff;\" href=\"https:\/\/tidningar.kb.se\/2631189\/1817-04-14\/edition\/144030\/part\/2\/page\/7\/?q=%20mejerfeldts\">14-04-1817<\/a><\/span><\/td>\n<\/tr>\n<tr style=\"height: 28px;\">\n<td style=\"width: 52.5758%; height: 28px;\"><span style=\"color: #000000; font-size: 10pt; font-family: georgia, palatino, serif;\">Posttidningar<\/span><\/td>\n<td style=\"height: 28px; width: 133.625%;\" colspan=\"2\"><span style=\"color: #000000; font-size: 10pt; font-family: georgia, palatino, serif;\">Bouppteckning Meyerfeldt-Sparre<\/span><\/td>\n<td style=\"width: 27.5758%; height: 28px;\"><span style=\"color: #0000ff; font-family: georgia, palatino, serif; font-size: 10pt;\"><a style=\"color: #0000ff;\" href=\"https:\/\/tidningar.kb.se\/2979645\/1817-09-27\/edition\/145134\/part\/1\/page\/8\/?q=%20meyerfelt\"><span class=\"date\" data-reactid=\".0.1.2.6.1\">27-09-1817<\/span><\/a><\/span><\/td>\n<\/tr>\n<tr style=\"height: 28px;\">\n<td style=\"width: 52.5758%; height: 28px;\"><span style=\"color: #000000; font-size: 13.3333px;\">Leipziger Zeitung\u00a0\u00a0<\/span><\/td>\n<td style=\"width: 133.625%; height: 28px;\" colspan=\"2\"><span style=\"color: #000000; font-size: 10pt;\">Gr\u00e4fin tot<\/span><\/td>\n<td style=\"width: 27.5758%;\"><span style=\"color: #0000ff; font-family: georgia, palatino, serif; font-size: 10pt;\"><span class=\"date\" data-reactid=\".0.1.2.6.1\"><a style=\"color: #0000ff;\" href=\"http:\/\/anno.onb.ac.at\/cgi-content\/anno?aid=lzg&amp;datum=18171009&amp;query=%22meyerfeld%22&amp;ref=anno-search&amp;seite=1\">19-10-1817<\/a><span style=\"color: #000000; font-family: 'Noto Serif', serif;\">\u00a0<\/span><br \/>\n<\/span><\/span><\/td>\n<\/tr>\n<tr style=\"height: 28px;\">\n<td style=\"width: 52.5758%; height: 28px;\"><span style=\"color: #000000; font-size: 10pt; font-family: georgia, palatino, serif;\">Dagligt Allehanda<\/span><\/td>\n<td style=\"width: 133.625%; height: 28px;\" colspan=\"2\"><span style=\"font-size: 10pt; font-family: georgia, palatino, serif;\">Auktion Drottninggatan No. 2<\/span><\/td>\n<td style=\"width: 27.5758%; height: 28px;\"><span style=\"color: #0000ff; font-family: georgia, palatino, serif; font-size: 10pt;\"><a style=\"color: #0000ff;\" href=\"https:\/\/tidningar.kb.se\/2631189\/1818-03-05\/edition\/144030\/part\/1\/page\/3\/?q=%20meyerfelts\">05-03-1818<\/a><\/span><\/td>\n<\/tr>\n<tr style=\"height: 28px;\">\n<td style=\"width: 52.5758%; height: 28px;\"><span style=\"color: #000000; font-size: 10pt; font-family: georgia, palatino, serif;\">Post- Och Inrikes Tidningar<\/span><\/td>\n<td style=\"height: 28px; width: 133.625%;\" colspan=\"2\"><span style=\"color: #000000; font-size: 10pt; font-family: georgia, palatino, serif;\">Pensionbref fr\u00f6cken Anna Sophia Forsell<\/span><\/td>\n<td style=\"width: 27.5758%; height: 28px;\"><span style=\"color: #0000ff; font-size: 10pt; font-family: georgia, palatino, serif;\"><a style=\"color: #0000ff;\" href=\"https:\/\/tidningar.kb.se\/8206782\/1826-10-02\/edition\/144010\/part\/1\/page\/4\/?q=%20meijerfeldt\">10-02-1826<\/a><\/span><br \/>\n<span style=\"color: #0000ff; font-size: 10pt; font-family: georgia, palatino, serif;\"> <a style=\"color: #0000ff;\" href=\"https:\/\/tidningar.kb.se\/8206782\/1826-09-25\/edition\/144010\/part\/1\/page\/4\/?q=%20meijerfeldt\"><span class=\"date\" data-reactid=\".0.1.2.6.1\">25-09-1826<\/span><\/a><\/span><\/td>\n<\/tr>\n<tr style=\"height: 8px;\">\n<td style=\"width: 52.5758%; height: 8px;\"><span style=\"color: #000000; font-size: 10pt; font-family: georgia, palatino, serif;\">Aftonbladet<\/span><\/td>\n<td style=\"height: 8px; width: 133.625%;\" colspan=\"2\"><span style=\"color: #000000; font-size: 10pt; font-family: georgia, palatino, serif;\">Min s\u00f6ta Clas<\/span><\/td>\n<td style=\"width: 27.5758%; height: 8px;\"><span style=\"color: #0000ff; font-family: georgia, palatino, serif; font-size: 10pt;\"><a style=\"color: #0000ff;\" href=\"https:\/\/tidningar.kb.se\/4112678\/1850-07-25\/edition\/0\/part\/1\/page\/2\/?q=%20meyerfelts\">25-07-1850<\/a><\/span><\/td>\n<\/tr>\n<tr style=\"height: 56px;\">\n<td style=\"width: 52.5758%; height: 56px;\"><span style=\"color: #000000; font-family: georgia, palatino, serif; font-size: 13.3333px;\">The Hobart Town Daily Courier<\/span><\/td>\n<td style=\"width: 133.625%; height: 56px;\" colspan=\"2\"><span style=\"color: #000000; font-family: georgia, palatino, serif; font-size: 10pt;\">Destruction of the Hango Forts<\/span><\/td>\n<td style=\"width: 27.5758%; height: 56px;\"><span style=\"color: #0000ff; font-family: georgia, palatino, serif; font-size: 10pt;\"><a style=\"color: #0000ff;\" href=\"https:\/\/trove.nla.gov.au\/newspaper\/article\/2249029?searchTerm=meyerfeld\">16-11-1854<\/a><br \/>\n<\/span><\/td>\n<\/tr>\n<tr style=\"height: 28px;\">\n<td style=\"width: 52.5758%; height: 28px;\"><span style=\"color: #000000; font-size: 10pt; font-family: georgia, palatino, serif;\">Folkets R\u00f6st<\/span><\/td>\n<td style=\"width: 133.625%; height: 28px;\" colspan=\"2\"><span style=\"color: #000000; font-size: 10pt; font-family: georgia, palatino, serif;\">Litet af hvarje<\/span><\/td>\n<td style=\"width: 27.5758%; height: 28px;\"><span style=\"color: #0000ff; font-size: 10pt; font-family: georgia, palatino, serif;\"><a style=\"color: #0000ff;\" href=\"https:\/\/tidningar.kb.se\/2586637\/1855-08-29\/edition\/146873\/part\/1\/page\/4\/?q=%20meyerfelt\">29-08-1855<\/a><\/span><\/td>\n<\/tr>\n<tr style=\"height: 28px;\">\n<td style=\"width: 52.5758%; height: 28px;\"><span style=\"color: #000000; font-size: 10pt; font-family: georgia, palatino, serif;\">Helsingborgs-posten<\/span><\/td>\n<td style=\"height: 28px; width: 133.625%;\" colspan=\"2\"><span style=\"color: #000000; font-size: 10pt; font-family: georgia, palatino, serif;\">Prosten Willins Tal, (&#8230;) Och\u00a0Ducker, Mejerfelt<\/span><\/td>\n<td style=\"width: 27.5758%; height: 28px;\"><span class=\"date\" style=\"color: #0000ff; font-size: 10pt; font-family: georgia, palatino, serif;\" data-reactid=\".0.1.2.6.1\"><a style=\"color: #0000ff;\" href=\"https:\/\/tidningar.kb.se\/2723316\/1860-02-29\/edition\/153097\/part\/1\/page\/1\/?q=%20mejerfelt\">29-02-1860<\/a><\/span><\/td>\n<\/tr>\n<tr style=\"height: 18px;\">\n<td style=\"width: 52.5758%; height: 18px;\"><span style=\"font-size: 10pt; color: #000000;\">Algemeen Handelsblad<\/span><\/td>\n<td style=\"width: 133.625%; height: 18px;\" colspan=\"2\"><span style=\"font-size: 10pt; color: #000000; font-family: georgia, palatino, serif;\">Erfenis Helsingfors<\/span><\/td>\n<td style=\"width: 27.5758%; height: 18px;\"><span style=\"font-size: 10pt; color: #0000ff;\"><a style=\"color: #0000ff;\" href=\"https:\/\/www.delpher.nl\/nl\/kranten\/view?query=Meyerfeldt&amp;page=1&amp;sortfield=date&amp;coll=ddd&amp;identifier=ddd%3A010137200%3Ampeg21%3Aa0006&amp;resultsidentifier=ddd%3A010137200%3Ampeg21%3Aa0006\">24-06-1862<\/a><\/span><\/td>\n<\/tr>\n<tr style=\"height: 56px;\">\n<td style=\"width: 52.5758%; height: 56px;\"><span style=\"color: #000000; font-size: 10pt; font-family: georgia, palatino, serif;\">Dagblad van Zuidholland en \u2019s Gravenhage<br \/>\n<\/span><\/td>\n<td style=\"width: 133.625%; height: 56px;\" colspan=\"2\"><span style=\"color: #000000; font-size: 10pt; font-family: georgia, palatino, serif;\">Erfenis Helsingfors<\/span><\/td>\n<td style=\"width: 27.5758%; height: 56px;\"><span class=\"date\" style=\"color: #0000ff; font-size: 10pt; font-family: georgia, palatino, serif;\" data-reactid=\".0.1.2.6.1\"><a style=\"font-family: 'Noto Serif', serif; color: #0000ff;\" href=\"https:\/\/www.delpher.nl\/nl\/kranten\/view?query=Meyerfeldt&amp;page=1&amp;sortfield=date&amp;coll=ddd&amp;identifier=ddd%3A000021225%3Ampeg21%3Ap003&amp;resultsidentifier=ddd%3A000021225%3Ampeg21%3Aa0011\">28-06-1862<\/a><br \/>\n<\/span><\/td>\n<\/tr>\n<tr style=\"height: 28px;\">\n<td style=\"width: 52.5758%; height: 28px;\"><span style=\"color: #000000; font-size: 10pt; font-family: georgia, palatino, serif;\">Post- Och Inrikes Tidningar<\/span><\/td>\n<td style=\"width: 133.625%; height: 28px;\" colspan=\"2\"><span style=\"color: #000000; font-size: 10pt; font-family: georgia, palatino, serif;\">Norrbotten Reg. Portr\u00e4tt<\/span><\/td>\n<td style=\"width: 27.5758%; height: 28px;\"><span style=\"color: #0000ff; font-size: 10pt; font-family: georgia, palatino, serif;\"><a style=\"color: #0000ff;\" href=\"https:\/\/tidningar.kb.se\/8206782\/1878-06-18\/edition\/144010\/part\/1\/page\/3\/?q=%20meijerfeldt\"><span class=\"date\" data-reactid=\".0.1.2.6.1\">18-06-1878<\/span><\/a><\/span><\/td>\n<\/tr>\n<tr style=\"height: 28px;\">\n<td style=\"width: 52.5758%; height: 28px;\"><span style=\"color: #000000; font-size: 10pt; font-family: georgia, palatino, serif;\">Stockholms Dagblad<\/span><\/td>\n<td style=\"width: 133.625%; height: 28px;\" colspan=\"2\"><span style=\"color: #000000; font-size: 10pt; font-family: georgia, palatino, serif;\">Kellgren<\/span><\/td>\n<td style=\"width: 27.5758%; height: 28px;\"><span style=\"color: #0000ff; font-size: 10pt; font-family: georgia, palatino, serif;\"><a style=\"color: #0000ff;\" href=\"https:\/\/tidningar.kb.se\/2811213\/1885-08-14\/edition\/147683\/part\/1\/page\/5\/?q=%20meijerfeldt\">14-08-1885<\/a><\/span><\/td>\n<\/tr>\n<tr style=\"height: 28px;\">\n<td style=\"width: 52.5758%; height: 28px;\"><span style=\"color: #000000; font-size: 10pt; font-family: georgia, palatino, serif;\">Stockholms Dagblad<\/span><\/td>\n<td style=\"width: 133.625%; height: 28px;\" colspan=\"2\"><span class=\"edition\" style=\"color: #000000; font-size: 10pt; font-family: georgia, palatino, serif;\" data-reactid=\".0.1.2.6.2\">Hvilken \u00e5r 1782 s\u00e5lde \u00d6stan\u00e5 till kommerser\u00e5det Simon Hebbe\u00a0<\/span><\/td>\n<td style=\"width: 27.5758%; height: 28px;\"><span style=\"color: #0000ff; font-size: 10pt; font-family: georgia, palatino, serif;\"><a style=\"color: #0000ff;\" href=\"https:\/\/tidningar.kb.se\/2811213\/1891-09-27\/edition\/147683\/part\/1\/page\/2\/?q=%20mejerfelt\">27-09-1891<\/a><\/span><\/td>\n<\/tr>\n<tr style=\"height: 28px;\">\n<td style=\"width: 52.5758%; height: 28px;\"><span style=\"color: #000000; font-size: 10pt; font-family: georgia, palatino, serif;\">Karlshamns Allehanda<\/span><\/td>\n<td style=\"width: 133.625%; height: 28px;\" colspan=\"2\"><span style=\"color: #000000; font-size: 10pt; font-family: georgia, palatino, serif;\">Kellgren<\/span><\/td>\n<td style=\"width: 27.5758%; height: 28px;\"><span style=\"color: #0000ff; font-size: 10pt; font-family: georgia, palatino, serif;\"><a style=\"color: #0000ff;\" href=\"https:\/\/tidningar.kb.se\/2506033\/1895-04-18\/edition\/148377\/part\/1\/page\/3\/?q=%20meijerfelt\">18-04-1895<\/a><\/span><\/td>\n<\/tr>\n<tr style=\"height: 28px;\">\n<td style=\"width: 52.5758%; height: 28px;\"><span style=\"color: #000000; font-size: 10pt; font-family: georgia, palatino, serif;\">Svenska Dagbladet<\/span><\/td>\n<td style=\"width: 133.625%; height: 28px;\" colspan=\"2\"><span style=\"color: #000000; font-size: 10pt; font-family: georgia, palatino, serif;\">Stor auktion \u00e5 Vapen-, Konst-, Mynt- och Medaljsamling (&#8230;) H. Bukowski (&#8230;) Grefvinnan Augusta Sparre, Louise M.<\/span><\/td>\n<td style=\"width: 27.5758%; height: 28px;\"><span style=\"color: #0000ff; font-size: 10pt; font-family: georgia, palatino, serif;\"><a style=\"color: #0000ff;\" href=\"https:\/\/tidningar.kb.se\/1767385\/1900-02-26\/edition\/0\/part\/1\/page\/8\/?q=%20meijerfelt&amp;page=2\">26-02<\/a> &amp; <a style=\"color: #0000ff;\" href=\"https:\/\/tidningar.kb.se\/1767385\/1900-02-27\/edition\/0\/part\/1\/page\/8\/?q=%20meijerfelt&amp;page=2\">27-02-1900<\/a><\/span><\/td>\n<\/tr>\n<tr style=\"height: 28px;\">\n<td style=\"width: 52.5758%; height: 28px;\"><span style=\"color: #000000; font-size: 10pt; font-family: georgia, palatino, serif;\">Dagens Nyheter<\/span><\/td>\n<td style=\"width: 133.625%; height: 28px;\" colspan=\"2\"><span style=\"color: #000000; font-size: 10pt; font-family: georgia, palatino, serif;\">Konstauktionen efter H. Bukowski portr\u00e4tten JAM &amp; LAS m\u00e5lade af Aud Ekman 625 kr<\/span><\/td>\n<td style=\"width: 27.5758%; height: 28px;\"><span style=\"color: #0000ff; font-size: 10pt; font-family: georgia, palatino, serif;\"><a style=\"color: #0000ff;\" href=\"https:\/\/tidningar.kb.se\/8224221\/1900-05-10\/edition\/0A\/part\/1\/page\/1\/?q=%20meijerfelt&amp;page=2\">10-05-1900<\/a><\/span><\/td>\n<\/tr>\n<tr style=\"height: 28px;\">\n<td style=\"width: 52.5758%; height: 28px;\"><span style=\"color: #000000; font-size: 10pt; font-family: georgia, palatino, serif;\">Svenska Dagbladet<\/span><\/td>\n<td style=\"width: 133.625%; height: 28px;\" colspan=\"2\"><span style=\"color: #000000; font-size: 10pt; font-family: georgia, palatino, serif;\">som s\u00e5lde \u00d6stan\u00e5 1782 den 21 september f\u00f6r 46.000 riksdalder specie till kommercer\u00e5det Simon Bernhard Hebbe<\/span><\/td>\n<td style=\"width: 27.5758%; height: 28px;\"><span style=\"color: #0000ff; font-size: 10pt; font-family: georgia, palatino, serif;\"><a style=\"color: #0000ff;\" href=\"https:\/\/tidningar.kb.se\/1767385\/1902-09-07\/edition\/11631\/part\/1\/page\/4\/?q=%20mejerfelt\">07-09-1902<\/a><\/span><\/td>\n<\/tr>\n<tr style=\"height: 28px;\">\n<td style=\"width: 52.5758%; height: 28px;\"><span style=\"color: #000000; font-size: 10pt; font-family: georgia, palatino, serif;\">Svenska Dagbladet<\/span><\/td>\n<td style=\"width: 133.625%; height: 28px;\" colspan=\"2\"><span style=\"color: #000000; font-size: 10pt; font-family: georgia, palatino, serif;\">f\u00e4ltmarskalken odh \u00e4gdes mot slutet af 1780-talet af grefve J A Mejerfelt d y<\/span><\/td>\n<td style=\"width: 27.5758%; height: 28px;\"><span style=\"color: #0000ff; font-size: 10pt; font-family: georgia, palatino, serif;\"><a style=\"color: #0000ff;\" href=\"https:\/\/tidningar.kb.se\/1767385\/1910-05-10\/edition\/11631\/part\/1\/page\/8\/?q=%20mejerfelt\">10-05-1910<\/a><\/span><\/td>\n<\/tr>\n<\/tbody>\n<\/table>\n","protected":false},"excerpt":{"rendered":"<p>Johann August von Meijerfeldt jr \u2190 Persoonsdossier KRANT INHOUD DATUM G de Leyde Dresden 24-03-1750 Stockholms Post Tidningar Major wid Cronhiorska regementet 19-03-1752 Auspurgische Ordinari-Post-Zeitung Stralsund 25-01-1759 Leeuwarder Courant\u00a0 Fourage 31-03-1759 Nederlandsche Post-Ryder Mondorf\u00a0 21-04-1759 Opregte Groninger Courant Geprezen 11-09-1759 G de Paris Schwine 22-09-1759 Stockholms Post Tidningar Wollin 04-10-1759 Stockholms Post Tidningar Friedland 27-08-1761 &hellip; <a href=\"https:\/\/meijenfeldt.nl\/?page_id=57227\" class=\"more-link\">Verder lezen <span class=\"screen-reader-text\">Kranten<\/span><\/a><\/p>\n","protected":false},"author":1,"featured_media":0,"parent":0,"menu_order":0,"comment_status":"closed","ping_status":"closed","template":"","meta":{"footnotes":""},"class_list":["post-57227","page","type-page","status-publish","hentry"],"_links":{"self":[{"href":"https:\/\/meijenfeldt.nl\/index.php?rest_route=\/wp\/v2\/pages\/57227","targetHints":{"allow":["GET"]}}],"collection":[{"href":"https:\/\/meijenfeldt.nl\/index.php?rest_route=\/wp\/v2\/pages"}],"about":[{"href":"https:\/\/meijenfeldt.nl\/index.php?rest_route=\/wp\/v2\/types\/page"}],"author":[{"embeddable":true,"href":"https:\/\/meijenfeldt.nl\/index.php?rest_route=\/wp\/v2\/users\/1"}],"replies":[{"embeddable":true,"href":"https:\/\/meijenfeldt.nl\/index.php?rest_route=%2Fwp%2Fv2%2Fcomments&post=57227"}],"version-history":[{"count":13,"href":"https:\/\/meijenfeldt.nl\/index.php?rest_route=\/wp\/v2\/pages\/57227\/revisions"}],"predecessor-version":[{"id":73702,"href":"https:\/\/meijenfeldt.nl\/index.php?rest_route=\/wp\/v2\/pages\/57227\/revisions\/73702"}],"wp:attachment":[{"href":"https:\/\/meijenfeldt.nl\/index.php?rest_route=%2Fwp%2Fv2%2Fmedia&parent=57227"}],"curies":[{"name":"wp","href":"https:\/\/api.w.org\/{rel}","templated":true}]}}