{"id":47448,"date":"2022-05-06T18:34:33","date_gmt":"2022-05-06T18:34:33","guid":{"rendered":"https:\/\/meijenfeldt.nl\/?page_id=47448"},"modified":"2023-05-16T15:48:50","modified_gmt":"2023-05-16T15:48:50","slug":"documenten-carl-friedrich-sr","status":"publish","type":"page","link":"https:\/\/meijenfeldt.nl\/?page_id=47448","title":{"rendered":"Documenten Carl Friedrich sr"},"content":{"rendered":"<table style=\"width: 102.963%; height: 6321px;\">\n<tbody>\n<tr style=\"height: 28px;\">\n<td style=\"background-color: #d5e8eb; text-align: center; width: 107.743%; height: 28px;\" colspan=\"5\"><strong>DOCUMENTEN<\/strong><\/td>\n<\/tr>\n<tr style=\"height: 28px;\">\n<td style=\"text-align: center; width: 107.743%; height: 28px;\" colspan=\"5\"><span style=\"color: #0000ff;\"><a style=\"color: #0000ff;\" href=\"https:\/\/meijenfeldt.nl\/?page_id=41288\"><span style=\"font-size: 10pt;\">\u2190 Persoonsdossier<\/span><\/a><\/span><\/td>\n<\/tr>\n<tr style=\"height: 308px;\">\n<td style=\"width: 107.743%; height: 308px;\" colspan=\"5\"><span style=\"color: #000000; font-size: 10pt;\"><strong>EAA\u00a0<\/strong>= Rahvusarhiiv (Archief Estland);\u00a0<strong>1<\/strong>\u00a0= Eestimaa rootsiaegne kindralkuberner (Zweedse Gouverneur Estland);\u00a0<strong>278<\/strong>\u00a0= Liivimaa rootsiaegne kindralkuberner (Zweedse Gouverneur Lijfland);\u00a0<strong>854<\/strong>\u00a0= Archiv der Estl\u00e4ndischen Ritterschaft;\u00a0<strong>858<\/strong>\u00a0=\u00a0<em>Eestimaa \u00fclemmaakohus\u00a0<\/em>(President Obergericht Dorpat, Nils Bielke);\u00a0<strong>914<\/strong>\u00a0=Tartu maakohus 1632-1889 (Rechtbank Tartu).<em><br \/>\n<\/em><strong>LVVA<\/strong> = Latvijas Valsts Vestures Arhivs (Nationaal Archief Letland), 235 Evangelisch-Lutherse Kerkboeken.<\/span><br \/>\n<span style=\"color: #000000; font-size: 10pt;\"><strong>KrA<\/strong> = Krigsarkivet (Militair Archief Zweden); <strong>Rullor <\/strong>1620-1723 = 0022, <span style=\"color: #0000ff;\"><a style=\"color: #0000ff;\" href=\"https:\/\/sok.riksarkivet.se\/bildvisning\/C0300114_00720#?c=&amp;m=&amp;s=&amp;cv=719&amp;xywh=-881%2C-47%2C2790%2C1252\">Registerkort<\/a><\/span><span style=\"font-size: 10pt;\">; <strong>Biografica<\/strong> = <\/span>1051\/001\/55; <span style=\"color: #0000ff;\"><a style=\"color: #0000ff;\" href=\"https:\/\/sok.riksarkivet.se\/bildvisning\/C0300055_00233#?c=&amp;m=&amp;s=&amp;cv=232&amp;xywh=-134%2C-47%2C2439%2C1364\">Registerkort<\/a><\/span><span style=\"font-size: 10pt;\">;\u00a0<\/span><span style=\"color: #0000ff;\"><a style=\"color: #0000ff;\" href=\"https:\/\/sok.riksarkivet.se\/bildvisning\/A0066512_00005#?c=&amp;m=&amp;s=&amp;cv=4&amp;xywh=-1887%2C-394%2C6868%2C3966\">Fiches<\/a><\/span><span style=\"font-size: 10pt;\">.\u00a0<\/span><br \/>\n<\/span><span style=\"color: #000000; font-size: 10pt;\"><strong>RA<\/strong> = Riksarkivet (Nationaal Archief Zweden) \/ <strong>720<\/strong> = Enskilda archiv och samlingar \/ <strong>Militaria<\/strong> = 754.1\u00a0<\/span><span style=\"font-size: 10pt;\">Riksarkivets \u00e4mnessamlingar, Administrativa handlingar r\u00f6rande arm\u00e9n,<\/span><span style=\"color: #000000; font-size: 10pt;\">\u00a0Personregister: Skrivelser fr\u00e5n milit\u00e4ra chefer M-\u00d6, <\/span><span style=\"color: #0000ff; font-size: 10pt;\"><a style=\"color: #0000ff;\" href=\"https:\/\/meijenfeldt.nl\/wp-content\/uploads\/2022\/09\/Register-Carl-Fredrik-sr.pdf\">fiche<\/a><\/span><span style=\"color: #000000; font-size: 10pt;\"> \/ <\/span><strong style=\"color: #000000; font-size: 10pt;\">Meijerfeldt<\/strong><span style=\"color: #000000; font-size: 10pt;\">\u00a0=\u00a0756.1\u00a0\u00c4mnessamlingar \/ Personhistoria \/\u00a0<\/span><span style=\"font-size: 10pt; color: #0000ff;\"><a style=\"color: #0000ff;\" href=\"https:\/\/sok.riksarkivet.se\/?postid=Arkis+3ee29906-9b89-11d5-a701-0002440207bb&amp;vol=n%2cn%2cn%2cn%2cn%2cn%2cn%2cn&amp;s=Balder\">Biographica<\/a><\/span><span style=\"color: #000000; font-size: 10pt;\"> 1500t \u2013 1800t \/ <\/span><strong style=\"color: #000000; font-size: 10pt;\">RR<\/strong><span style=\"color: #000000; font-size: 10pt;\"> = 1112.1. Riksregistraturet 1523-1718 \/ <\/span><strong style=\"color: #000000; font-size: 10pt;\">Ericsberg<\/strong><span style=\"color: #000000; font-size: 10pt;\"> =\u00a0270266 Ericsbergsarkivet \/ 01\u00a0\/ Autografsammlingen \/ 139 Martin-Meijerfelt.<\/span><\/td>\n<\/tr>\n<tr style=\"height: 28px;\">\n<td style=\"width: 36.2849%; height: 28px;\" width=\"77\"><span style=\"font-size: 10pt; color: #800000;\"><strong>VINDPLAATS<\/strong><\/span><\/td>\n<td style=\"width: 69.2647%; height: 28px;\" colspan=\"3\"><span style=\"font-size: 10pt; color: #800000;\"><strong>ONDERWERP<\/strong><\/span><span style=\"font-size: 10pt; color: #800000;\"><strong><br \/>\n<\/strong><\/span><\/td>\n<td style=\"width: 2.19298%; height: 28px;\"><strong style=\"color: #800000; font-size: 13.3333px;\">DATUM<\/strong><\/td>\n<\/tr>\n<tr style=\"height: 56px;\">\n<td style=\"width: 36.2849%; height: 56px;\"><span style=\"font-size: 10pt;\">KrA\/Rullor 1682\/7, 774 (370)<\/span><\/td>\n<td style=\"width: 69.2647%; height: 56px;\" colspan=\"3\"><span style=\"font-size: 10pt; color: #0000ff;\"><a style=\"color: #0000ff;\" href=\"https:\/\/sok.riksarkivet.se\/bildvisning\/A0054030_00370#?c=&amp;m=&amp;s=&amp;cv=369&amp;xywh=3167%2C134%2C2829%2C2189\">V\u00e4rvade Regiment Campenhausen,<br \/>\nCompagnie Captain Anders Jerner, Fendrich<\/a><\/span><\/td>\n<td style=\"height: 56px; width: 2.19298%;\"><span style=\"font-size: 10pt;\">17-03-1682<\/span><\/td>\n<\/tr>\n<tr style=\"height: 84px;\">\n<td style=\"width: 36.2849%; height: 48px;\"><span style=\"font-size: 10pt;\">RA\/<span title=\"Riksarkivets \u00e4mnessamlingar. Personhistoria, SE\/RA\/756\/756.1\/M\/I\/M 8 b\">Meijerfeldt 20<\/span><\/span><\/td>\n<td style=\"height: 48px; width: 69.2647%;\" colspan=\"3\"><span style=\"font-size: 10pt; color: #0000ff;\"><a style=\"color: #0000ff;\" href=\"https:\/\/sok.riksarkivet.se\/bildvisning\/A0069897_00020#?c=&amp;m=&amp;s=&amp;cv=19&amp;xywh=-905%2C338%2C8189%2C3967\">Brief aan koning Karel XI<\/a><\/span><\/td>\n<td style=\"height: 48px; width: 2.19298%;\"><span style=\"font-size: 10pt;\">05-01-1685<\/span><\/td>\n<\/tr>\n<tr style=\"height: 84px;\">\n<td style=\"width: 36.2849%; height: 84px;\"><span style=\"font-size: 10pt;\">RA\/RR 489 \u00d6pen Bref, fol 65v<\/span><\/td>\n<td style=\"height: 84px; width: 69.2647%;\" colspan=\"3\"><span style=\"font-size: 10pt; color: #0000ff;\"><a style=\"color: #0000ff;\" href=\"https:\/\/sok.riksarkivet.se\/bildvisning\/A0038984_00071#?c=&amp;m=&amp;s=&amp;cv=70&amp;xywh=1629%2C450%2C3253%2C1913\">Lieutenant fullmakt undra \u00d6fwersten von Campenhausens Regimente<\/a>\u00a0<\/span><\/td>\n<td style=\"height: 84px; width: 2.19298%;\"><span style=\"font-size: 10pt;\">10-01-1685<\/span><\/td>\n<\/tr>\n<tr style=\"height: 56px;\">\n<td style=\"width: 36.2849%; height: 56px;\"><span style=\"font-size: 10pt;\">KrA\/Rullor 1684\/1, 120<\/span><\/td>\n<td style=\"width: 69.2647%; height: 56px;\" colspan=\"3\"><span style=\"font-size: 10pt; color: #0000ff;\"><a style=\"color: #0000ff;\" href=\"https:\/\/sok.riksarkivet.se\/bildvisning\/A0054065_00066#?c=&amp;m=&amp;s=&amp;cv=65&amp;xywh=989%2C1447%2C2750%2C1588\">Estniste Regiment, Compagnie 2. Dellinghausen u. 8. Helmerssen, Lieutnant<\/a><\/span><\/td>\n<td style=\"height: 56px; width: 2.19298%;\"><span style=\"font-size: 10pt;\">23-06-1685<\/span><\/td>\n<\/tr>\n<tr style=\"height: 56px;\">\n<td style=\"width: 36.2849%; height: 56px;\"><span style=\"font-size: 10pt;\">KrA\/Rullor 1684\/1, 122<\/span><\/td>\n<td style=\"height: 56px; width: 69.2647%;\" colspan=\"3\"><span style=\"font-size: 10pt; color: #0000ff;\"><a style=\"color: #0000ff;\" href=\"https:\/\/sok.riksarkivet.se\/bildvisning\/A0054065_00067#?c=&amp;m=&amp;s=&amp;cv=66&amp;xywh=679%2C1110%2C3048%2C1837\">Estniste Regiment, Compagnie 2. Dellinghausen u. 8. Helmerssen, Lieutnant<\/a><\/span><\/td>\n<td style=\"height: 56px; width: 2.19298%;\"><span style=\"font-size: 10pt;\">12-10-1685<\/span><\/td>\n<\/tr>\n<tr style=\"height: 56px;\">\n<td style=\"width: 36.2849%; height: 56px;\"><span style=\"font-size: 10pt;\">RA\/Militaria\/V\/6, M1114, fol 4-6<\/span><\/td>\n<td style=\"height: 56px; width: 69.2647%;\" colspan=\"3\"><span style=\"font-size: 10pt; color: #0000ff;\"><a style=\"color: #0000ff;\" href=\"https:\/\/meijenfeldt.nl\/wp-content\/uploads\/2023\/02\/M1114-4-6-Extract-klagar-CFMsr-1686-02-02.pdf\">Extract klagar<\/a><br \/>\n<a style=\"color: #0000ff;\" href=\"https:\/\/meijenfeldt.nl\/?page_id=53272\">Transcriptie en vertaling<\/a><\/span><\/td>\n<td style=\"width: 2.19298%; height: 56px;\"><span style=\"font-size: 10pt;\">02-02-1686<br \/>\n<\/span><\/td>\n<\/tr>\n<tr style=\"height: 84px;\">\n<td style=\"width: 36.2849%; height: 84px;\"><span style=\"font-size: 10pt;\">KrA\/Rullor 1687\/10, 380 (46)<\/span><\/td>\n<td style=\"width: 69.2647%; height: 84px;\" colspan=\"3\"><span style=\"font-size: 10pt; color: #0000ff;\"><a style=\"color: #0000ff;\" href=\"https:\/\/sok.riksarkivet.se\/bildvisning\/A0054152_00046#?c=&amp;m=&amp;s=&amp;cv=45&amp;xywh=1735%2C46%2C4179%2C3233\">Regiment Hauenschild, Compagnie Captain\u00a0i.p.v. Fromholt Johan Lippe<\/a><\/span><\/td>\n<td style=\"height: 84px; width: 2.19298%;\"><span style=\"font-size: 10pt;\">07-1687<\/span><\/td>\n<\/tr>\n<tr style=\"height: 84px;\">\n<td style=\"width: 36.2849%; height: 84px;\"><span style=\"font-size: 10pt;\">KrA\/Rullor 1690\/1, 268 (120)<\/span><\/td>\n<td style=\"width: 69.2647%; height: 84px;\" colspan=\"3\"><span style=\"color: #0000ff;\"><a style=\"color: #0000ff;\" href=\"https:\/\/sok.riksarkivet.se\/bildvisning\/A0054215_00120#?c=&amp;m=&amp;s=&amp;cv=119&amp;xywh=-1494%2C-195%2C7806%2C3967\"><span style=\"font-size: 10pt;\">Regiment Hauenschild, Compagnie\u00a0Captain<\/span><\/a><\/span><\/td>\n<td style=\"height: 84px; width: 2.19298%;\"><span style=\"font-size: 10pt;\">21-07-1688<\/span><\/td>\n<\/tr>\n<tr style=\"height: 84px;\">\n<td style=\"width: 36.2849%; height: 61px;\"><span style=\"font-size: 10pt;\">KrA\/Rullor 1688\/9, 158 (134)<\/span><\/td>\n<td style=\"height: 61px; width: 69.2647%;\" colspan=\"3\"><span style=\"font-size: 10pt; color: #0000ff;\"><a style=\"color: #0000ff;\" href=\"https:\/\/sok.riksarkivet.se\/bildvisning\/A0054175_00134#?c=&amp;m=&amp;s=&amp;cv=133&amp;xywh=2919%2C96%2C2760%2C1594\">Regiment Hauenschild, Compagnie Captain<\/a><\/span><\/td>\n<td style=\"height: 61px; width: 2.19298%;\"><span style=\"font-size: 10pt;\">01-09-1688<\/span><\/td>\n<\/tr>\n<tr style=\"height: 28px;\">\n<td style=\"width: 36.2849%; height: 28px;\"><span style=\"font-size: 10pt;\">KrA\/Rullor 1690\/5, 282 (280)<\/span><\/td>\n<td style=\"width: 69.2647%; height: 28px;\" colspan=\"3\"><a href=\"https:\/\/sok.riksarkivet.se\/bildvisning\/A0054219_00280#?c=&amp;m=&amp;s=&amp;cv=279&amp;xywh=1084%2C64%2C6602%2C3355\"><span style=\"font-size: 10pt; color: #0000ff;\">Regiment Hauenschild, Compagnie Captain<\/span><\/a> <span style=\"font-size: 10pt;\">V\u00f6rlof at resa &#8230;<\/span><\/td>\n<td style=\"width: 2.19298%; height: 28px;\"><span style=\"font-size: 10pt;\">11-11-1689<\/span><\/td>\n<\/tr>\n<tr style=\"height: 28px;\">\n<td style=\"width: 36.2849%; height: 28px;\"><span style=\"font-size: 10pt;\">EAA 278,\u00a0<span style=\"color: #0000ff;\"><a style=\"color: #0000ff;\" href=\"http:\/\/ais.ra.ee\/index.php?module=202&amp;op=4&amp;tyyp=3&amp;otsing_id=20190201202232405271&amp;id=200704709591&amp;active=1&amp;query=Meyerfeldt&amp;naita_ridu=&amp;sess_id=4f5e987024c57099044e432ad657a6e1\">1.XVII-27b Nr. 119<\/a><\/span>,\u00a0<span style=\"font-size: 10pt;\">fol. 182\/182r<\/span><br \/>\n<\/span><\/td>\n<td style=\"height: 28px; width: 69.2647%;\" colspan=\"3\">\n<p id=\"tw-target-text\" class=\"tw-data-text tw-text-large tw-ta\" dir=\"ltr\" data-placeholder=\"Vertaling\"><span style=\"color: #000000; font-size: 10pt;\">Supplik des Johan Preutz contra den Kapit\u00e4n Meyerfeldt wegen einer Schuldforderung<\/span><\/p>\n<\/td>\n<td style=\"height: 28px; width: 2.19298%;\"><span style=\"font-size: 10pt;\">20-05-1690<br \/>\n<\/span><\/td>\n<\/tr>\n<tr style=\"height: 84px;\">\n<td style=\"width: 36.2849%; height: 84px;\"><span style=\"font-size: 10pt;\">KrA\/Rullor 1690\/5, 378 (371)<\/span><\/td>\n<td style=\"width: 69.2647%; height: 84px;\" colspan=\"3\"><span style=\"font-size: 10pt; color: #0000ff;\"><a style=\"color: #0000ff;\" href=\"https:\/\/sok.riksarkivet.se\/bildvisning\/A0054219_00371#?c=&amp;m=&amp;s=&amp;cv=370&amp;xywh=1390%2C390%2C4770%2C2755\">Regiment Hauenschild, Compagnie Captain,\u00a0V\u00f6rlofwat af Hans Kong. Maj:t at resa<\/a><\/span><\/td>\n<td style=\"width: 2.19298%; height: 84px;\"><span style=\"font-size: 10pt;\">21-07-1690<br \/>\n<\/span><\/td>\n<\/tr>\n<tr style=\"height: 84px;\">\n<td style=\"width: 36.2849%; height: 84px;\"><span style=\"font-size: 10pt;\">KrA\/Rullor 1690\/5, 332 (329)<\/span><\/td>\n<td style=\"height: 84px; width: 69.2647%;\" colspan=\"3\"><span style=\"font-size: 10pt; color: #0000ff;\"><a style=\"color: #0000ff;\" href=\"https:\/\/sok.riksarkivet.se\/bildvisning\/A0054219_00329#?c=&amp;m=&amp;s=&amp;cv=328&amp;xywh=1391%2C391%2C4770%2C2755\">Regiment Hauenschild, Compagnie Captain<\/a><\/span><\/td>\n<td style=\"height: 84px; width: 2.19298%;\"><span style=\"font-size: 10pt;\">01-09-1690<\/span><\/td>\n<\/tr>\n<tr style=\"height: 28px;\">\n<td style=\"width: 36.2849%; height: 28px;\"><span style=\"font-size: 10pt;\">EAA 278, <span style=\"color: #0000ff;\"><a style=\"color: #0000ff;\" href=\"http:\/\/ais.ra.ee\/index.php?module=202&amp;op=4&amp;tyyp=3&amp;otsing_id=20190201161727483396&amp;id=200704709130&amp;active=1&amp;query=meyerfelt&amp;naita_ridu=&amp;sess_id=9c45e1ad8d729760f00a29bb3e34513c\">1.XVII-27b\u00a0Nr. 18<\/a><\/span>, <\/span><span style=\"font-size: 10pt;\">fol. 31-32<\/span><\/td>\n<td style=\"height: 28px; width: 69.2647%;\" colspan=\"3\"><span style=\"font-size: 10pt; color: #0000ff;\"><a style=\"color: #0000ff;\" href=\"https:\/\/meijenfeldt.nl\/wp-content\/uploads\/2019\/12\/EAA.278.1.XVII-27b.pdf\">Supplik des Offizeirs Carl F Meyerfelt in Sachen seines wegen einer Reise noch ausstehenden Lohnes<\/a>\u00a0<\/span><\/td>\n<td style=\"height: 28px; width: 2.19298%;\"><span style=\"font-size: 10pt;\">31-12-1690<\/span><\/td>\n<\/tr>\n<tr style=\"height: 56px;\">\n<td style=\"width: 36.2849%; height: 56px;\"><span style=\"font-size: 10pt;\"><span style=\"color: #000000;\">RA\/Militaria\/V\/2, M964, fol 15, 15v, 16<\/span><\/span><\/td>\n<td style=\"width: 69.2647%; height: 56px;\" colspan=\"3\"><span style=\"font-size: 10pt; color: #0000ff;\"><a style=\"color: #0000ff;\" href=\"https:\/\/meijenfeldt.nl\/?page_id=53169\">Meritf\u00f6rteckning<\/a><\/span><\/td>\n<td style=\"width: 2.19298%; height: 56px;\"><span style=\"font-size: 10pt;\">10-01-1691<\/span><\/td>\n<\/tr>\n<tr style=\"height: 84px;\">\n<td style=\"width: 36.2849%; height: 84px;\"><span style=\"font-size: 10pt;\">KrA\/Rullor 1691\/11, 271 (264)<\/span><\/td>\n<td style=\"width: 69.2647%; height: 84px;\" colspan=\"3\"><span style=\"font-size: 10pt; color: #0000ff;\"><a style=\"color: #0000ff;\" href=\"https:\/\/sok.riksarkivet.se\/bildvisning\/A0054247_00264#?c=&amp;m=&amp;s=&amp;cv=263&amp;xywh=1715%2C251%2C4770%2C2755\">Regiment Hauenschild, Compagnie\u00a0Captain<\/a><\/span><\/td>\n<td style=\"height: 84px; width: 2.19298%;\"><span style=\"font-size: 10pt;\">31-08-1691<\/span><\/td>\n<\/tr>\n<tr style=\"height: 84px;\">\n<td style=\"width: 36.2849%; height: 84px;\"><span style=\"font-size: 10pt;\">KrA\/Rullor 1691\/11, 307 (301)<\/span><\/td>\n<td style=\"height: 84px; width: 69.2647%;\" colspan=\"3\"><span style=\"font-size: 10pt; color: #0000ff;\"><a style=\"color: #0000ff;\" href=\"https:\/\/sok.riksarkivet.se\/bildvisning\/A0054247_00301#?c=&amp;m=&amp;s=&amp;cv=300&amp;xywh=2442%2C258%2C3415%2C1972\">Regiment Hauenschild, Compagnie\u00a0Captain<\/a><\/span><\/td>\n<td style=\"height: 84px; width: 2.19298%;\"><span style=\"font-size: 10pt;\">27-10-1691<\/span><\/td>\n<\/tr>\n<tr style=\"height: 196px;\">\n<td style=\"width: 36.2849%; vertical-align: top; height: 81px;\"><span style=\"font-size: 10pt;\"><span style=\"color: #000000;\"><span style=\"font-size: 10pt;\">LVVA<\/span> 1427 St. Petri Riga 1657-1811, 10 Leichenbuch, <span style=\"font-size: 10pt; color: #333333;\">fol<\/span><span style=\"color: #000000;\">\u00a092, nr. 13<\/span><br \/>\n<\/span><\/span><\/td>\n<td style=\"width: 69.2647%; height: 81px;\" colspan=\"3\"><a href=\"https:\/\/www.raduraksti.arhivi.lv\/objects\/1:4:11:2055:2474:23855#&amp;gid=1&amp;pid=52\"><span style=\"font-size: 10pt; color: #008000;\"><span style=\"color: #000000;\"><img loading=\"lazy\" decoding=\"async\" class=\"alignnone wp-image-21791\" src=\"https:\/\/meijenfeldt.nl\/wp-content\/uploads\/2019\/12\/Riga-St-Petri-1692-92-300x40.jpg\" sizes=\"auto, (max-width: 443px) 100vw, 443px\" srcset=\"https:\/\/meijenfeldt.nl\/wp-content\/uploads\/2019\/12\/Riga-St-Petri-1692-92-300x40.jpg 300w, https:\/\/meijenfeldt.nl\/wp-content\/uploads\/2019\/12\/Riga-St-Petri-1692-92-768x102.jpg 768w, https:\/\/meijenfeldt.nl\/wp-content\/uploads\/2019\/12\/Riga-St-Petri-1692-92.jpg 799w\" alt=\"\" width=\"443\" height=\"59\" \/><\/span><\/span><\/a><\/td>\n<td style=\"vertical-align: top; height: 81px; width: 2.19298%;\"><span style=\"font-size: 10pt;\">07-04-1692<\/span><\/td>\n<\/tr>\n<tr style=\"height: 84px;\">\n<td style=\"width: 36.2849%; vertical-align: top; height: 84px;\"><span style=\"font-size: 10pt;\"><span style=\"color: #000000;\"><span style=\"font-size: 10pt;\">KrA\/Rullor\u00a0 1692\/13, 168 (179)<\/span><\/span><\/span><\/td>\n<td style=\"width: 69.2647%; height: 84px;\" colspan=\"3\"><span style=\"font-size: 10pt; color: #0000ff;\"><a style=\"color: #0000ff;\" href=\"https:\/\/sok.riksarkivet.se\/bildvisning\/A0054277_00179#?c=&amp;m=&amp;s=&amp;cv=178&amp;xywh=3751%2C2063%2C1857%2C1072\">Regiment \u00d6sterbotten, Compagnie\u00a0Captain<\/a><\/span><\/td>\n<td style=\"height: 84px; width: 2.19298%;\"><span style=\"color: #000000; font-size: 13.3333px;\">03-05-1692<\/span><\/td>\n<\/tr>\n<tr style=\"height: 84px;\">\n<td style=\"width: 36.2849%; vertical-align: top; height: 84px;\"><span style=\"font-size: 10pt;\"><span style=\"color: #000000;\"><span style=\"font-size: 10pt;\">KrA\/Rullor 1692\/13, 138 (146)<\/span><\/span><\/span><\/td>\n<td style=\"width: 69.2647%; height: 84px;\" colspan=\"3\"><span style=\"font-size: 10pt; color: #0000ff;\"><a style=\"color: #0000ff;\" href=\"https:\/\/sok.riksarkivet.se\/bildvisning\/A0054277_00146#?c=&amp;m=&amp;s=&amp;cv=145&amp;xywh=-635%2C-141%2C4770%2C2755\">Regiment \u00d6sterbotten, Compagnie\u00a0Captain<\/a><\/span><\/td>\n<td style=\"vertical-align: top; height: 84px; width: 2.19298%;\"><span style=\"font-size: 10pt;\">24-10-1692<br \/>\n<\/span><\/td>\n<\/tr>\n<tr style=\"height: 56px;\">\n<td style=\"width: 36.2849%; vertical-align: top; height: 56px;\"><span style=\"font-size: 10pt;\"><span style=\"color: #000000;\"><span style=\"font-size: 10pt;\">EEA 278, 1-XXI-60, fol. 82<\/span><\/span><\/span><\/td>\n<td style=\"height: 56px; width: 69.2647%;\" colspan=\"3\"><span style=\"color: #0000ff;\"><a style=\"color: #0000ff;\" href=\"https:\/\/www.ra.ee\/dgs\/browser.php?tid=345&amp;iid=200251836618&amp;img=eaa0278_001_xxi-0-60_00084_t.jpg&amp;tbn=1&amp;pgn=5&amp;prc=40&amp;ctr=0&amp;dgr=0&amp;lst=2&amp;hash=9325096e43089f2916116fc5d6e5220c\"><span style=\"font-size: 10pt;\">Regiment \u00d6sterbotten, Compagnie\u00a0Captain<\/span><\/a><\/span><\/td>\n<td style=\"vertical-align: top; height: 56px; width: 2.19298%;\"><span style=\"font-size: 10pt;\">01-1693<\/span><\/td>\n<\/tr>\n<tr style=\"height: 56px;\">\n<td style=\"width: 36.2849%; vertical-align: top; height: 56px;\"><span style=\"font-size: 10pt;\"><span style=\"color: #000000;\"><span style=\"font-size: 10pt;\">EEA 278, 1-XXI-60, fol. 109<\/span><\/span><\/span><\/td>\n<td style=\"height: 56px; width: 69.2647%;\" colspan=\"3\"><span style=\"color: #0000ff;\"><a style=\"color: #0000ff;\" href=\"https:\/\/www.ra.ee\/dgs\/browser.php?tid=345&amp;iid=200251836618&amp;img=eaa0278_001_xxi-0-60_00111_t.jpg&amp;tbn=1&amp;pgn=6&amp;prc=40&amp;ctr=0&amp;dgr=0&amp;lst=2&amp;hash=3acff1c7b2ffc31648c43f00b020fffd\"><span style=\"font-size: 10pt;\">Regiment \u00d6sterbotten, Compagnie Captain<\/span><\/a><br \/>\n<span style=\"color: #000000; font-size: 10pt;\">afrest till Stockholm d: 31 Jan: 1693<\/span><\/span><\/td>\n<td style=\"vertical-align: top; height: 56px; width: 2.19298%;\"><span style=\"font-size: 10pt;\">02-1693<\/span><\/td>\n<\/tr>\n<tr style=\"height: 55px;\">\n<td style=\"width: 36.2849%; vertical-align: top; height: 55px;\"><span style=\"font-size: 10pt;\"><span style=\"color: #000000;\"><span style=\"font-size: 10pt;\">EEA 278, 1-XXI-60, fol. 136<\/span><\/span><\/span><\/td>\n<td style=\"height: 55px; width: 69.2647%;\" colspan=\"3\"><span style=\"color: #0000ff;\"><span style=\"font-size: 10pt;\"><span style=\"color: #0000ff;\"><a style=\"color: #0000ff;\" href=\"https:\/\/www.ra.ee\/dgs\/browser.php?tid=345&amp;iid=200251836618&amp;img=eaa0278_001_xxi-0-60_00138_t.jpg&amp;tbn=1&amp;pgn=7&amp;prc=40&amp;ctr=0&amp;dgr=0&amp;lst=2&amp;hash=1e8a24aecb27c40d85042cef68d08c67\">Regiment \u00d6sterbotten, Compagnie Captain<\/a><\/span><br \/>\n<span style=\"color: #000000;\"><span style=\"color: #000000;\">f\u00f6rlofwadt<\/span><\/span><\/span><\/span><\/td>\n<td style=\"vertical-align: top; height: 55px; width: 2.19298%;\"><span style=\"font-size: 10pt;\">03-1693<\/span><\/td>\n<\/tr>\n<tr style=\"height: 56px;\">\n<td style=\"width: 36.2849%; vertical-align: top; height: 56px;\"><span style=\"font-size: 10pt;\"><span style=\"color: #000000;\"><span style=\"font-size: 10pt;\">EEA 278, 1-XXI-60, fol. 162<\/span><\/span><\/span><\/td>\n<td style=\"height: 56px; width: 69.2647%;\" colspan=\"3\"><span style=\"color: #0000ff;\"><span style=\"font-size: 10pt;\"><span style=\"color: #0000ff;\"><a style=\"color: #0000ff;\" href=\"https:\/\/www.ra.ee\/dgs\/browser.php?tid=345&amp;iid=200251836618&amp;img=eaa0278_001_xxi-0-60_00164_t.jpg&amp;tbn=1&amp;pgn=9&amp;prc=40&amp;ctr=0&amp;dgr=0&amp;lst=2&amp;hash=eb99594757c18e27414e15d29bc2b4fd\">Regiment \u00d6sterbotten, Compagnie Captain<\/a><br \/>\n<span style=\"color: #000000;\">f\u00f6rlof<sup>t<\/sup><\/span><\/span><\/span><\/span><\/td>\n<td style=\"vertical-align: top; height: 56px; width: 2.19298%;\"><span style=\"font-size: 10pt;\">04-1693<\/span><\/td>\n<\/tr>\n<tr style=\"height: 56px;\">\n<td style=\"width: 36.2849%; vertical-align: top; height: 56px;\"><span style=\"font-size: 10pt;\"><span style=\"color: #000000;\"><span style=\"font-size: 10pt;\">EEA 278, 1-XXI-60, fol. 188<\/span><\/span><\/span><\/td>\n<td style=\"height: 56px; width: 69.2647%;\" colspan=\"3\"><span style=\"color: #0000ff;\"><span style=\"font-size: 10pt;\"><span style=\"color: #0000ff;\"><a style=\"color: #0000ff;\" href=\"https:\/\/www.ra.ee\/dgs\/browser.php?tid=345&amp;iid=200251836618&amp;img=eaa0278_001_xxi-0-60_00190_t.jpg&amp;tbn=1&amp;pgn=10&amp;prc=40&amp;ctr=0&amp;dgr=0&amp;lst=2&amp;hash=bc93bb6aa87742880eafcbedaab4d166\">Regiment \u00d6sterbotten, Compagnie Captain<\/a><br \/>\n<span style=\"color: #000000;\">f\u00f6rlofwadt<\/span><\/span><\/span><\/span><\/td>\n<td style=\"vertical-align: top; width: 2.19298%; height: 56px;\"><span style=\"font-size: 10pt;\">05-1693<\/span><\/td>\n<\/tr>\n<tr style=\"height: 56px;\">\n<td style=\"width: 36.2849%; vertical-align: top; height: 56px;\"><span style=\"font-size: 10pt;\"><span style=\"color: #000000;\"><span style=\"font-size: 10pt;\">EEA 278, 1-XXI-60, fol. 214<\/span><\/span><\/span><\/td>\n<td style=\"height: 56px; width: 69.2647%;\" colspan=\"3\"><span style=\"color: #0000ff;\"><span style=\"font-size: 10pt;\"><span style=\"color: #0000ff;\"><a style=\"color: #0000ff;\" href=\"https:\/\/www.ra.ee\/dgs\/browser.php?tid=345&amp;iid=200251836618&amp;img=eaa0278_001_xxi-0-60_00216_t.jpg&amp;tbn=1&amp;pgn=11&amp;prc=40&amp;ctr=0&amp;dgr=0&amp;lst=2&amp;hash=899e6748df9808b7d24f7b4cb0dd6c73\">Regiment \u00d6sterbotten, Compagnie Captain<\/a><br \/>\n<span style=\"color: #000000;\">f\u00f6rlof<sup>t <\/sup>till 8 Junij 1693<\/span><\/span><\/span><\/span><\/td>\n<td style=\"vertical-align: top; width: 2.19298%; height: 56px;\"><span style=\"font-size: 10pt;\">01-06-1693<\/span><\/td>\n<\/tr>\n<tr style=\"height: 56px;\">\n<td style=\"width: 36.2849%; vertical-align: top; height: 56px;\"><span style=\"font-size: 10pt;\"><span style=\"color: #000000;\"><span style=\"font-size: 10pt;\">EEA 278, 1-XXI-60, fol. 241<\/span><\/span><\/span><\/td>\n<td style=\"height: 56px; width: 69.2647%;\" colspan=\"3\"><span style=\"color: #0000ff;\"><a style=\"color: #0000ff;\" href=\"https:\/\/www.ra.ee\/dgs\/browser.php?tid=345&amp;iid=200251836618&amp;img=eaa0278_001_xxi-0-60_00244_t.jpg&amp;tbn=1&amp;pgn=13&amp;prc=40&amp;ctr=0&amp;dgr=0&amp;lst=2&amp;hash=fa8d3d11bc804259f8b414ec805894ae\"><span style=\"font-size: 10pt;\">Regiment \u00d6sterbotten, Compagnie Captain<\/span><\/a><\/span><\/td>\n<td style=\"vertical-align: top; width: 2.19298%; height: 56px;\"><span style=\"font-size: 10pt;\">01-07-1693<\/span><\/td>\n<\/tr>\n<tr style=\"height: 56px;\">\n<td style=\"width: 36.2849%; vertical-align: top; height: 56px;\"><span style=\"font-size: 10pt;\"><span style=\"color: #000000;\"><span style=\"font-size: 10pt;\">EEA 278, 1-XXI-60, fol. 267<\/span><\/span><\/span><\/td>\n<td style=\"height: 56px; width: 69.2647%;\" colspan=\"3\"><span style=\"color: #0000ff;\"><a style=\"color: #0000ff;\" href=\"https:\/\/www.ra.ee\/dgs\/browser.php?tid=345&amp;iid=200251836618&amp;img=eaa0278_001_xxi-0-60_00270_t.jpg&amp;tbn=1&amp;pgn=14&amp;prc=40&amp;ctr=0&amp;dgr=0&amp;lst=2&amp;hash=153b71d5f6d56ff656d243eb6d4e9ebb\"><span style=\"font-size: 10pt;\">Regiment \u00d6sterbotten, Compagnie Captain<\/span><\/a><\/span><\/td>\n<td style=\"vertical-align: top; width: 2.19298%; height: 56px;\"><span style=\"font-size: 10pt;\">01-08-1693<\/span><\/td>\n<\/tr>\n<tr style=\"height: 56px;\">\n<td style=\"width: 36.2849%; vertical-align: top; height: 56px;\"><span style=\"font-size: 10pt;\"><span style=\"color: #000000;\"><span style=\"font-size: 10pt;\">EEA 278, 1-XXI-60, fol. 293<\/span><\/span><\/span><\/td>\n<td style=\"width: 69.2647%; height: 56px;\" colspan=\"3\"><span style=\"color: #0000ff;\"><a style=\"color: #0000ff;\" href=\"https:\/\/www.ra.ee\/dgs\/browser.php?tid=345&amp;iid=200251836618&amp;img=eaa0278_001_xxi-0-60_00296_t.jpg&amp;tbn=1&amp;pgn=15&amp;prc=40&amp;ctr=0&amp;dgr=0&amp;lst=2&amp;hash=53adfa037939540acd6c05dfa7876c15\"><span style=\"font-size: 10pt;\">Regiment \u00d6sterbotten, Compagnie Captain<\/span><\/a><\/span><\/td>\n<td style=\"vertical-align: top; width: 2.19298%; height: 56px;\"><span style=\"font-size: 10pt;\">01-09-1693<\/span><\/td>\n<\/tr>\n<tr style=\"height: 56px;\">\n<td style=\"width: 36.2849%; vertical-align: top; height: 56px;\"><span style=\"font-size: 10pt;\"><span style=\"color: #000000;\"><span style=\"font-size: 10pt;\">EEA 278, 1-XXI-60, fol. 349<\/span><\/span><\/span><\/td>\n<td style=\"width: 69.2647%; height: 56px;\" colspan=\"3\"><span style=\"color: #0000ff;\"><a style=\"color: #0000ff;\" href=\"https:\/\/www.ra.ee\/dgs\/browser.php?tid=345&amp;iid=200251836618&amp;img=eaa0278_001_xxi-0-60_00347_t.jpg&amp;tbn=1&amp;pgn=18&amp;prc=40&amp;ctr=0&amp;dgr=0&amp;lst=2&amp;hash=efea1ab747939126da4753108e37668f\"><span style=\"font-size: 10pt;\"><span style=\"font-size: 10pt;\">Regiment \u00d6sterbotten, Compagnie Captain<\/span><\/span><\/a><\/span><\/td>\n<td style=\"vertical-align: top; width: 2.19298%; height: 56px;\"><span style=\"font-size: 10pt;\">23-09-1693<\/span><\/td>\n<\/tr>\n<tr style=\"height: 84px;\">\n<td style=\"width: 36.2849%; vertical-align: top; height: 84px;\"><span style=\"font-size: 10pt;\"><span style=\"color: #000000;\"><span style=\"font-size: 10pt;\">KrA\/Rullor 1693\/7, 103 (104)<\/span><\/span><\/span><\/td>\n<td style=\"height: 84px; width: 69.2647%;\" colspan=\"3\"><span style=\"font-size: 10pt; color: #0000ff;\"><a style=\"color: #0000ff;\" href=\"https:\/\/sok.riksarkivet.se\/bildvisning\/A0054300_00104#?c=&amp;m=&amp;s=&amp;cv=103&amp;xywh=2034%2C1531%2C3309%2C1911\">Regiment \u00d6sterbotten, Compagnie\u00a0Captain<\/a><\/span><\/td>\n<td style=\"vertical-align: top; height: 84px; width: 2.19298%;\"><span style=\"font-size: 10pt;\">23-09-1693<\/span><\/td>\n<\/tr>\n<tr style=\"height: 56px;\">\n<td style=\"width: 36.2849%; vertical-align: top; height: 56px;\"><span style=\"font-size: 10pt;\"><span style=\"color: #000000;\"><span style=\"font-size: 10pt;\">EEA 278, 1-XXI-60, fol. 370<\/span><\/span><\/span><\/td>\n<td style=\"height: 56px; width: 69.2647%;\" colspan=\"3\"><span style=\"color: #0000ff;\"><a style=\"color: #0000ff;\" href=\"https:\/\/www.ra.ee\/dgs\/browser.php?tid=345&amp;iid=200251836618&amp;tbn=1&amp;pgn=18&amp;prc=40&amp;ctr=0&amp;dgr=0&amp;lst=2&amp;img=eaa0278_001_xxi-0-60_00375_t.jpg&amp;hash=ed4f54a1c94e83fe7e41c0d90b60887e\"><span style=\"font-size: 10pt;\"><span style=\"font-size: 10pt;\">Regiment \u00d6sterbotten, Compagnie Captain<\/span><\/span><\/a><\/span><\/td>\n<td style=\"vertical-align: top; width: 2.19298%; height: 56px;\"><span style=\"font-size: 10pt;\">01-10-1693<\/span><\/td>\n<\/tr>\n<tr style=\"height: 56px;\">\n<td style=\"width: 36.2849%; vertical-align: top; height: 56px;\"><span style=\"font-size: 10pt;\"><span style=\"color: #000000;\"><span style=\"font-size: 10pt;\">EEA 278, 1-XXI-60, fol. 396<\/span><\/span><\/span><\/td>\n<td style=\"height: 56px; width: 69.2647%;\" colspan=\"3\"><span style=\"color: #0000ff;\"><a style=\"color: #0000ff;\" href=\"https:\/\/www.ra.ee\/dgs\/browser.php?tid=345&amp;iid=200251836618&amp;img=eaa0278_001_xxi-0-60_00401_t.jpg&amp;tbn=1&amp;pgn=20&amp;prc=40&amp;ctr=0&amp;dgr=0&amp;lst=2&amp;hash=0ff2bae9fcffce4b73a459e11a052c78\"><span style=\"font-size: 10pt;\"><span style=\"font-size: 10pt;\">Regiment \u00d6sterbotten, Compagnie Captain<\/span><\/span><\/a><\/span><\/td>\n<td style=\"vertical-align: top; width: 2.19298%; height: 56px;\"><span style=\"font-size: 10pt;\">01-11-1693<\/span><\/td>\n<\/tr>\n<tr style=\"height: 56px;\">\n<td style=\"width: 36.2849%; vertical-align: top; height: 56px;\"><span style=\"font-size: 10pt;\"><span style=\"color: #000000;\"><span style=\"font-size: 10pt;\">EEA 278, 1-XXI-60, fol. 422<\/span><\/span><\/span><\/td>\n<td style=\"height: 56px; width: 69.2647%;\" colspan=\"3\"><span style=\"color: #0000ff;\"><a style=\"color: #0000ff;\" href=\"https:\/\/www.ra.ee\/dgs\/browser.php?tid=345&amp;iid=200251836618&amp;img=eaa0278_001_xxi-0-60_00427_t.jpg&amp;tbn=1&amp;pgn=22&amp;prc=40&amp;ctr=0&amp;dgr=0&amp;lst=2&amp;hash=9789fc1dadc2d2ed0e80075d546eee25\"><span style=\"font-size: 10pt;\"><span style=\"font-size: 10pt;\">Regiment \u00d6sterbotten, Compagnie Captain<\/span><\/span><\/a><\/span><\/td>\n<td style=\"vertical-align: top; width: 2.19298%; height: 56px;\"><span style=\"font-size: 10pt;\">01-12-1693<\/span><\/td>\n<\/tr>\n<tr style=\"height: 84px;\">\n<td style=\"width: 36.2849%; vertical-align: top; height: 84px;\"><span style=\"font-size: 10pt;\"><span style=\"color: #000000;\"><span style=\"font-size: 10pt;\">KrA\/Rullor 1694\/1, 225 (112)<\/span><\/span><\/span><\/td>\n<td style=\"height: 84px; width: 69.2647%;\" colspan=\"3\"><span style=\"font-size: 10pt; color: #0000ff;\"><a style=\"color: #0000ff;\" href=\"https:\/\/sok.riksarkivet.se\/bildvisning\/A0054313_00112#?c=&amp;m=&amp;s=&amp;cv=111&amp;xywh=685%2C1331%2C2300%2C1328\">Regiment \u00d6sterbotten, Compagnie\u00a0Captain<\/a><\/span><\/td>\n<td style=\"vertical-align: top; height: 84px; width: 2.19298%;\"><span style=\"font-size: 10pt;\">23-09-1694<\/span><\/td>\n<\/tr>\n<tr style=\"height: 84px;\">\n<td style=\"width: 36.2849%; vertical-align: top; height: 84px;\"><span style=\"font-size: 10pt;\"><span style=\"color: #000000;\"><span style=\"font-size: 10pt;\">RA\/<span title=\"Riksarkivets \u00e4mnessamlingar. Personhistoria, SE\/RA\/756\/756.1\/M\/I\/M 8 b\">Meijerfeldt, 21<\/span><\/span><\/span><\/span><\/td>\n<td style=\"height: 84px; width: 69.2647%;\" colspan=\"3\"><span style=\"font-size: 10pt; color: #0000ff;\"><a style=\"color: #0000ff;\" href=\"https:\/\/sok.riksarkivet.se\/bildvisning\/A0069897_00021#?c=&amp;m=&amp;s=&amp;cv=20&amp;xywh=2151%2C384%2C5273%2C2554\">Brief aan de gouverneur-generaal<\/a><\/span><\/td>\n<td style=\"vertical-align: top; height: 84px; width: 2.19298%;\"><span style=\"font-size: 10pt;\">20-12-1694<br \/>\n<\/span><\/td>\n<\/tr>\n<tr style=\"height: 87px;\">\n<td style=\"width: 36.2849%; vertical-align: top; height: 87px;\"><span style=\"font-size: 10pt;\"><span style=\"font-size: 10pt;\"><span style=\"color: #000000;\"><span style=\"font-size: 10pt;\">LVVA 148 Duitse parochies Lemsal 1690-1701, fol 44<\/span><\/span><\/span><\/span><\/td>\n<td style=\"width: 69.2647%; height: 87px;\" colspan=\"3\"><a href=\"https:\/\/raduraksti.arhivi.lv\/objects\/1:4:11:2055:2431:21522#&amp;gid=1&amp;pid=24\"><span style=\"color: #0000ff;\"><span style=\"font-size: 10pt;\"><img loading=\"lazy\" decoding=\"async\" class=\"alignnone wp-image-55692\" src=\"https:\/\/meijenfeldt.nl\/wp-content\/uploads\/2023\/04\/Huwelijksacte-CFM-met-ACH-1--300x58.jpg\" alt=\"\" width=\"455\" height=\"88\" srcset=\"https:\/\/meijenfeldt.nl\/wp-content\/uploads\/2023\/04\/Huwelijksacte-CFM-met-ACH-1--300x58.jpg 300w, https:\/\/meijenfeldt.nl\/wp-content\/uploads\/2023\/04\/Huwelijksacte-CFM-met-ACH-1--1024x198.jpg 1024w, https:\/\/meijenfeldt.nl\/wp-content\/uploads\/2023\/04\/Huwelijksacte-CFM-met-ACH-1--768x148.jpg 768w, https:\/\/meijenfeldt.nl\/wp-content\/uploads\/2023\/04\/Huwelijksacte-CFM-met-ACH-1-.jpg 1348w\" sizes=\"auto, (max-width: 455px) 100vw, 455px\" \/><\/span><\/span><\/a><\/td>\n<td style=\"vertical-align: top; width: 2.19298%; height: 87px;\"><span style=\"font-size: 10pt;\">16-01-1695<\/span><\/td>\n<\/tr>\n<tr style=\"height: 112px;\">\n<td style=\"width: 36.2849%; vertical-align: top; height: 30px;\" colspan=\"4\"><span style=\"font-size: 10pt;\"><span style=\"color: #000000;\"><span style=\"font-size: 10pt;\">EAA Kirchb\u00fccher, LR 1910 Ausz\u00fcge aus Gemeinde in Lettisch-Livland, II. III. Trauungen Beerigungen <span style=\"font-size: 10pt;\">1700-1833 <\/span><span style=\"font-size: 10pt;\">, fol 189, Kirchspiel Lemsal, <\/span><a style=\"color: #0000ff;\" href=\"https:\/\/www.familysearch.org\/ark:\/61903\/3:1:3Q9M-CS5S-DQBH-X?i=387&amp;cc=1932350&amp;personaUrl=%2Fark%3A%2F61903%2F1%3A1%3A6D7Q-TBV7\"><span style=\"font-size: 10pt;\">Carl Friedrich Meierfeldt mit die Jungfer Anna Christina von Hastfer (vol I, pag. 44)<\/span><\/a><br \/>\n<\/span><\/span><\/span><\/td>\n<td style=\"vertical-align: top; height: 40px; width: 2.19298%;\"><span style=\"font-size: 10pt;\">16-01-1695<\/span><br \/>\n<span style=\"font-size: 10pt;\"><br \/>\n<\/span><\/td>\n<\/tr>\n<tr style=\"height: 56px;\">\n<td style=\"width: 36.2849%; vertical-align: top; height: 56px;\"><span style=\"font-size: 10pt;\"><span style=\"color: #000000;\"><span style=\"font-size: 10pt;\">KrA\/Rullor 1696\/10, 76 (82)<\/span><\/span><\/span><\/td>\n<td style=\"width: 69.2647%; height: 56px;\" colspan=\"3\"><span style=\"font-size: 10pt; color: #0000ff;\"><a style=\"color: #0000ff;\" href=\"https:\/\/sok.riksarkivet.se\/bildvisning\/A0054378_00082#?c=&amp;m=&amp;s=&amp;cv=81&amp;xywh=2585%2C1134%2C4113%2C2375\">Regiment \u00d6sterbotten, Compagnie\u00a0Captain<\/a><\/span><\/td>\n<td style=\"vertical-align: top; height: 56px; width: 2.19298%;\"><span style=\"font-size: 10pt;\">27-10-1696<\/span><\/td>\n<\/tr>\n<tr style=\"height: 56px;\">\n<td style=\"width: 36.2849%; vertical-align: top; height: 56px;\"><span style=\"font-size: 10pt;\"><span style=\"color: #000000;\"><span style=\"font-size: 10pt;\">KrA\/Rullor 1697\/6, 331<\/span><\/span><\/span><\/td>\n<td style=\"width: 64.5588%; height: 56px;\" colspan=\"2\"><span style=\"font-size: 10pt; color: #0000ff;\"><a style=\"color: #0000ff;\" href=\"https:\/\/sok.riksarkivet.se\/bildvisning\/A0054400_00348#?c=&amp;m=&amp;s=&amp;cv=347&amp;xywh=754%2C391%2C6401%2C3303\">Regiment \u00d6sterbotten, Compagnie\u00a0Capitain<\/a><\/span><\/td>\n<td style=\"vertical-align: top; height: 56px; width: 4.70588%;\"><\/td>\n<td style=\"vertical-align: top; height: 56px; width: 2.19298%;\"><span style=\"font-size: 10pt;\">01-10-1697<\/span><\/td>\n<\/tr>\n<tr style=\"height: 84px;\">\n<td style=\"width: 36.2849%; vertical-align: top; height: 84px;\"><span style=\"font-size: 10pt;\"><span style=\"color: #000000;\"><span style=\"font-size: 10pt;\">KrA\/Rullor 1698\/3, 69 (76) &amp; 124 (134)<\/span><\/span><\/span><\/td>\n<td style=\"width: 69.2647%; height: 84px;\" colspan=\"3\"><span style=\"font-size: 10pt; color: #0000ff;\"><a style=\"color: #0000ff;\" href=\"https:\/\/sok.riksarkivet.se\/bildvisning\/A0054419_00076#?c=&amp;m=&amp;s=&amp;cv=75&amp;xywh=2225%2C103%2C4567%2C2753\">Regiment \u00d6sterbotten, Compagnie\u00a0Captain<\/a> <span style=\"color: #000000;\">&amp;<\/span> <a style=\"color: #0000ff;\" href=\"https:\/\/sok.riksarkivet.se\/bildvisning\/A0054419_00134#?c=&amp;m=&amp;s=&amp;cv=133&amp;xywh=2441%2C888%2C3166%2C1908\">Rulla Brabant<\/a><\/span><\/td>\n<td style=\"vertical-align: top; height: 84px; width: 2.19298%;\"><span style=\"font-size: 10pt;\">12-1698<\/span><\/td>\n<\/tr>\n<tr style=\"height: 84px;\">\n<td style=\"width: 36.2849%; vertical-align: top; height: 84px;\"><span style=\"font-size: 10pt;\"><span style=\"color: #000000;\"><span style=\"font-size: 10pt;\">RA\/<span title=\"Riksarkivets \u00e4mnessamlingar. Personhistoria, SE\/RA\/756\/756.1\/M\/I\/M 8 b\">Meijerfeldt 22<\/span><\/span><\/span><\/span><\/td>\n<td style=\"height: 84px; width: 69.2647%;\" colspan=\"3\"><span style=\"font-size: 10pt; color: #0000ff;\"><a style=\"color: #0000ff;\" href=\"https:\/\/sok.riksarkivet.se\/bildvisning\/A0069897_00022#?c=&amp;m=&amp;s=&amp;cv=21&amp;xywh=1432%2C1322%2C4393%2C2128\">Brief aan de gouverneur-Generaal<\/a><\/span><\/td>\n<td style=\"vertical-align: top; height: 84px; width: 2.19298%;\"><span style=\"font-size: 10pt;\">16-12-1698<\/span><\/td>\n<\/tr>\n<tr style=\"height: 84px;\">\n<td style=\"width: 36.2849%; vertical-align: top; height: 84px;\"><span style=\"font-size: 10pt;\"><span style=\"color: #000000;\"><span style=\"font-size: 10pt;\">RA\/<span title=\"Riksarkivets \u00e4mnessamlingar. Personhistoria, SE\/RA\/756\/756.1\/M\/I\/M 8 b\">Meijerfeldt 23<\/span><\/span><\/span><\/span><\/td>\n<td style=\"width: 69.2647%; height: 84px;\" colspan=\"3\"><span style=\"font-size: 10pt; color: #0000ff;\">\u00a0<a style=\"font-size: 10pt; color: #0000ff;\" href=\"https:\/\/sok.riksarkivet.se\/bildvisning\/A0069897_00023#?c=&amp;m=&amp;s=&amp;cv=22&amp;xywh=3574%2C1909%2C2542%2C1231\">Brief aan koning Karel XI over de reductie<\/a><br \/>\n<\/span><\/td>\n<td style=\"vertical-align: top; height: 84px; width: 2.19298%;\"><span style=\"font-size: 10pt;\">\u00a0<\/span><\/td>\n<\/tr>\n<tr style=\"height: 84px;\">\n<td style=\"width: 36.2849%; vertical-align: top; height: 84px;\"><span style=\"font-size: 10pt; color: #000000;\">RA\/2402. Livonica, II \/ vol. I<\/span><\/td>\n<td style=\"height: 84px; width: 69.2647%;\" colspan=\"3\"><span style=\"font-size: 10pt; color: #000000;\"><span style=\"color: #0000ff;\"><span style=\"color: #000000;\">Garnison i Riga<\/span><\/span><\/span><\/td>\n<td style=\"vertical-align: top; height: 84px; width: 2.19298%;\"><span style=\"color: #000000; font-size: 13.3333px;\">\u00a0<\/span><\/td>\n<\/tr>\n<tr style=\"height: 56px;\">\n<td style=\"width: 36.2849%; vertical-align: top; height: 56px;\"><span style=\"font-size: 10pt; color: #000000;\">RA\/720269\/B \/B 6\/B 6 A vol E 3497<\/span><\/td>\n<td style=\"width: 69.2647%; height: 56px;\" colspan=\"3\"><span style=\"font-size: 10pt; color: #000000;\"><span style=\"color: #0000ff;\"><span style=\"color: #000000;\">Vijf brieven aan gouverneur-generaal Eric Dahlberg.<\/span><\/span><\/span><\/td>\n<td style=\"vertical-align: top; height: 56px; width: 2.19298%;\"><span style=\"color: #000000; font-size: 13.3333px;\">1697-1702<\/span><\/td>\n<\/tr>\n<tr style=\"height: 28px;\">\n<td style=\"width: 36.2849%; height: 28px; vertical-align: top;\"><span style=\"font-size: 10pt; color: #000000;\">LVVA<\/span><span style=\"font-size: 10pt;\"><span style=\"color: #000000;\">\u00a0Riga, St. Jacobi, Tauf-, Trau- und Leichenbuch, 1668-1704<\/span>,\u00a0<span style=\"color: #0000ff;\"><a style=\"color: #0000ff;\" href=\"https:\/\/www.raduraksti.arhivi.lv\/objects\/1:4:11:2055:2472:23734#&amp;gid=1&amp;pid=122\">pag. 244<\/a><\/span><\/span><\/td>\n<td style=\"height: 28px; width: 69.2647%;\" colspan=\"3\"><span style=\"font-size: 10pt; color: #000000;\"><span style=\"color: #0000ff;\"><span style=\"color: #000000;\"><a style=\"color: #000000;\" href=\"http:\/\/www.lvva-raduraksti.lv\/en\/menu\/lv\/2\/ig\/1\/ie\/239\/book\/7548.html\"><img loading=\"lazy\" decoding=\"async\" class=\"alignnone wp-image-21789\" src=\"https:\/\/meijenfeldt.nl\/wp-content\/uploads\/2019\/12\/Riga-St-Jacobi-1699-244-300x112.jpg\" sizes=\"auto, (max-width: 439px) 100vw, 439px\" srcset=\"https:\/\/meijenfeldt.nl\/wp-content\/uploads\/2019\/12\/Riga-St-Jacobi-1699-244-300x112.jpg 300w, https:\/\/meijenfeldt.nl\/wp-content\/uploads\/2019\/12\/Riga-St-Jacobi-1699-244-768x287.jpg 768w, https:\/\/meijenfeldt.nl\/wp-content\/uploads\/2019\/12\/Riga-St-Jacobi-1699-244.jpg 943w\" alt=\"\" width=\"434\" height=\"162\" \/><\/a><\/span><br \/>\n<\/span><\/span><\/td>\n<td style=\"height: 28px; vertical-align: top; width: 2.19298%;\"><span style=\"color: #000000; font-size: 13.3333px;\">02-07-1699<\/span><\/td>\n<\/tr>\n<tr style=\"height: 84px;\">\n<td style=\"width: 36.2849%; vertical-align: top; height: 84px;\"><span style=\"font-size: 10pt;\"><span style=\"color: #000000;\">KrA\/Rullor 1699\/3, 333 (348)<\/span><\/span><\/td>\n<td style=\"width: 69.2647%; height: 84px;\" colspan=\"3\"><span style=\"font-size: 10pt; color: #0000ff;\"><a style=\"color: #0000ff;\" href=\"https:\/\/sok.riksarkivet.se\/bildvisning\/A0054439_00348#?c=&amp;m=&amp;s=&amp;cv=347&amp;xywh=1591%2C60%2C4408%2C2546\">Regiment \u00d6sterbotten, Compagnie\u00a0Captain<\/a><\/span><\/td>\n<td style=\"vertical-align: top; height: 84px; width: 2.19298%;\"><span style=\"color: #000000; font-size: 13.3333px;\">06-10-1699<\/span><\/td>\n<\/tr>\n<tr style=\"height: 56px;\">\n<td style=\"width: 36.2849%; vertical-align: top; height: 56px;\"><span style=\"font-size: 10pt;\"><span style=\"color: #000000;\">RA\/Militaria\/V\/2, M964, fol 4<\/span><\/span><\/td>\n<td style=\"width: 69.2647%; height: 56px;\" colspan=\"3\"><span style=\"font-size: 10pt; color: #0000ff;\"><a style=\"color: #0000ff;\" href=\"https:\/\/meijenfeldt.nl\/wp-content\/uploads\/2023\/02\/M964-4-Extract-Monsterrol-1700-04-28.pdf\">Extract Monsterrol<\/a><\/span><\/td>\n<td style=\"vertical-align: top; width: 2.19298%; height: 56px;\"><span style=\"color: #000000; font-size: 13.3333px;\">28-04-1700<\/span><\/td>\n<\/tr>\n<tr style=\"height: 56px;\">\n<td style=\"width: 36.2849%; vertical-align: top; height: 56px;\"><span style=\"font-size: 10pt;\"><span style=\"color: #000000;\">KrA\/Rullor 1700\/4 (34)<\/span><\/span><\/td>\n<td style=\"height: 56px; width: 69.2647%;\" colspan=\"3\"><span style=\"font-size: 10pt; color: #0000ff;\"><a style=\"color: #0000ff;\" href=\"https:\/\/sok.riksarkivet.se\/bildvisning\/A0054463_00034#?c=&amp;m=&amp;s=&amp;cv=33&amp;xywh=944%2C-225%2C5661%2C4380\">Regiment \u00d6sterbotten, Compagnie\u00a0Captain<\/a><\/span><\/td>\n<td style=\"vertical-align: top; height: 56px; width: 2.19298%;\"><span style=\"color: #000000; font-size: 13.3333px;\">04-1700<\/span><\/td>\n<\/tr>\n<tr style=\"height: 56px;\">\n<td style=\"width: 36.2849%; vertical-align: top; height: 56px;\"><span style=\"font-size: 10pt;\"><span style=\"color: #000000;\">RA\/Militaria\/V\/2, M964, fol 5-6<\/span><\/span><\/td>\n<td style=\"height: 56px; width: 69.2647%;\" colspan=\"3\"><span style=\"font-size: 10pt; color: #0000ff;\"><a style=\"color: #0000ff;\" href=\"https:\/\/meijenfeldt.nl\/wp-content\/uploads\/2023\/02\/M964-5-6-Specification-regiment-Riga-1-juli-1700.pdf\">Specification regiment Riga<\/a><\/span><\/td>\n<td style=\"vertical-align: top; width: 2.19298%; height: 56px;\"><span style=\"color: #000000; font-size: 13.3333px;\">01-07-1700<\/span><\/td>\n<\/tr>\n<tr style=\"height: 84px;\">\n<td style=\"width: 36.2849%; vertical-align: top; height: 84px;\"><span style=\"font-size: 10pt;\"><span style=\"color: #000000;\">RA\/RR 619 \u00d6pen Bref, fol 159<\/span><\/span><\/td>\n<td style=\"height: 84px; width: 69.2647%;\" colspan=\"3\"><span style=\"font-size: 10pt; color: #0000ff;\"><a style=\"color: #0000ff;\" href=\"https:\/\/sok.riksarkivet.se\/bildvisning\/A0039114_00165#?c=&amp;m=&amp;s=&amp;cv=164&amp;xywh=733%2C166%2C4684%2C2755\">Majors fullmakt under \u00d6sterbottens infanterie regemente<\/a>\u00a0<\/span><\/td>\n<td style=\"vertical-align: top; height: 84px; width: 2.19298%;\"><span style=\"color: #000000; font-size: 13.3333px;\">20-10-1700<\/span><\/td>\n<\/tr>\n<tr style=\"height: 56px;\">\n<td style=\"width: 36.2849%; vertical-align: top; height: 56px;\"><span style=\"font-size: 10pt;\"><span style=\"color: #000000;\">KrA\/Rullor 1700\/5 (130)<\/span><\/span><\/td>\n<td style=\"width: 69.2647%; height: 56px;\" colspan=\"3\"><span style=\"font-size: 10pt; color: #0000ff;\"><a style=\"color: #0000ff;\" href=\"https:\/\/sok.riksarkivet.se\/bildvisning\/A0054464_00127#?c=&amp;m=&amp;s=&amp;cv=126&amp;xywh=2957%2C479%2C3173%2C1913\">Regiment \u00d6sterbotten, Compagnie\u00a0Captain<\/a><\/span><\/td>\n<td style=\"vertical-align: top; height: 56px; width: 2.19298%;\"><span style=\"color: #000000; font-size: 13.3333px;\">10-1700<\/span><\/td>\n<\/tr>\n<tr style=\"height: 56px;\">\n<td style=\"width: 36.2849%; vertical-align: top; height: 56px;\"><span style=\"font-size: 10pt;\">RA\/481\/01\/01\/D\/D II dc\/51 <\/span><span style=\"font-size: 10pt;\">Mat-Meu<span style=\"color: #000000;\"><br \/>\n<\/span><\/span><\/td>\n<td style=\"width: 69.2647%; height: 56px;\" colspan=\"3\"><span style=\"font-size: 10pt; color: #000000;\">Brief aan koning Karel XII<\/span><\/td>\n<td style=\"vertical-align: top; height: 56px; width: 2.19298%;\"><span style=\"color: #000000; font-size: 13.3333px;\">1700<\/span><\/td>\n<\/tr>\n<tr style=\"height: 56px;\">\n<td style=\"width: 36.2849%; vertical-align: top; height: 56px;\"><span style=\"font-size: 10pt;\"><span style=\"color: #000000;\">KrA\/Rullor 1700\/6 (85)<\/span><\/span><\/td>\n<td style=\"height: 56px; width: 69.2647%;\" colspan=\"3\"><span style=\"font-size: 10pt; color: #0000ff;\"><a style=\"color: #0000ff;\" href=\"https:\/\/sok.riksarkivet.se\/bildvisning\/A0054465_00085#?c=&amp;m=&amp;s=&amp;cv=84&amp;xywh=3393%2C442%2C3173%2C1913\">Regiment \u00d6sterbotten, Compagnie Captain, avancerad till major d. 20 october<\/a><\/span><\/td>\n<td style=\"vertical-align: top; height: 56px; width: 2.19298%;\"><span style=\"color: #000000; font-size: 13.3333px;\">11-1700<\/span><\/td>\n<\/tr>\n<tr style=\"height: 56px;\">\n<td style=\"width: 36.2849%; vertical-align: top; height: 56px;\"><span style=\"font-size: 10pt;\"><span style=\"color: #000000;\">KrA\/Rullor 1700\/7 (98)<\/span><\/span><\/td>\n<td style=\"width: 69.2647%; height: 56px;\" colspan=\"3\"><span style=\"font-size: 10pt; color: #0000ff;\"><a style=\"color: #0000ff;\" href=\"https:\/\/sok.riksarkivet.se\/bildvisning\/A0054466_00098#?c=&amp;m=&amp;s=&amp;cv=97&amp;xywh=3172%2C379%2C3171%2C1911\">Regiment \u00d6sterbotten, Compagnie\u00a0Major<\/a><\/span><\/td>\n<td style=\"vertical-align: top; height: 56px; width: 2.19298%;\"><span style=\"color: #000000; font-size: 13.3333px;\">12-1700<\/span><\/td>\n<\/tr>\n<tr style=\"height: 56px;\">\n<td style=\"width: 36.2849%; height: 56px;\"><span style=\"color: #000000; font-size: 10pt;\"><span style=\"font-size: 10pt;\"><span style=\"color: #000000;\">KrA\/Rullor <\/span><\/span>1701\/2 <\/span><span style=\"color: #000000; font-size: 10pt;\">(105)<\/span><\/td>\n<td style=\"width: 69.2647%; height: 56px;\" colspan=\"3\"><span style=\"color: #0000ff; font-size: 10pt;\"><a style=\"color: #0000ff;\" href=\"https:\/\/sok.riksarkivet.se\/bildvisning\/A0054482_00105#?c=&amp;m=&amp;s=&amp;cv=104&amp;xywh=603%2C-291%2C5469%2C4231\">Regiment \u00d6sterbotten, Compagnie\u00a0Major<\/a><\/span><\/td>\n<td style=\"height: 56px; width: 2.19298%;\"><span style=\"color: #000000; font-size: 13.3333px;\">01-1701<\/span><\/td>\n<\/tr>\n<tr style=\"height: 56px;\">\n<td style=\"width: 36.2849%; height: 56px;\"><span style=\"color: #000000; font-size: 10pt;\"><span style=\"font-size: 10pt;\"><span style=\"color: #000000;\">KrA\/Rullor <\/span><\/span>1701\/3 <\/span><span style=\"color: #000000; font-size: 10pt;\">(61)<\/span><\/td>\n<td style=\"width: 69.2647%; height: 56px;\" colspan=\"3\"><span style=\"color: #0000ff; font-size: 10pt;\"><a style=\"color: #0000ff;\" href=\"https:\/\/sok.riksarkivet.se\/bildvisning\/A0054483_00061#?c=&amp;m=&amp;s=&amp;cv=60&amp;xywh=52%2C-147%2C6344%2C4909\">Regiment \u00d6sterbotten, Compagnie\u00a0Major<\/a><\/span><\/td>\n<td style=\"height: 56px; width: 2.19298%;\"><span style=\"color: #000000; font-size: 13.3333px;\">02-1701<\/span><\/td>\n<\/tr>\n<tr style=\"height: 56px;\">\n<td style=\"width: 36.2849%; height: 56px;\"><span style=\"color: #000000; font-size: 10pt;\"><span style=\"font-size: 10pt;\"><span style=\"color: #000000;\">KrA\/Rullor <\/span><\/span>1701\/4 <\/span><span style=\"color: #000000; font-size: 10pt;\">(57)<\/span><\/td>\n<td style=\"width: 69.2647%; height: 56px;\" colspan=\"3\"><span style=\"color: #0000ff; font-size: 10pt;\"><a style=\"color: #0000ff;\" href=\"https:\/\/sok.riksarkivet.se\/bildvisning\/A0054484_00057#?c=&amp;m=&amp;s=&amp;cv=56&amp;xywh=650%2C-26%2C4571%2C2755\">Regiment \u00d6sterbotten, Compagnie\u00a0Major<\/a><\/span><\/td>\n<td style=\"height: 56px; width: 2.19298%;\"><span style=\"color: #000000; font-size: 13.3333px;\">03-1701<\/span><\/td>\n<\/tr>\n<tr style=\"height: 50px;\">\n<td style=\"width: 36.2849%; height: 50px;\"><span style=\"color: #000000; font-size: 10pt;\"><span style=\"font-size: 10pt;\"><span style=\"color: #000000;\">KrA\/Rullor <\/span><\/span>1701\/5 <\/span><span style=\"color: #000000; font-size: 10pt;\">(67)<\/span><\/td>\n<td style=\"width: 69.2647%; height: 50px;\" colspan=\"3\"><span style=\"color: #0000ff; font-size: 10pt;\"><a style=\"color: #0000ff;\" href=\"https:\/\/sok.riksarkivet.se\/bildvisning\/A0054485_00067#?c=&amp;m=&amp;s=&amp;cv=66&amp;xywh=1077%2C-94%2C4571%2C2755\">Regiment \u00d6sterbotten, Compagnie Major, commenderad till \u2026land effter recruter<\/a><\/span><\/td>\n<td style=\"height: 50px; width: 2.19298%;\"><span style=\"color: #000000; font-size: 13.3333px;\">04-1701<\/span><\/td>\n<\/tr>\n<tr style=\"height: 84px;\">\n<td style=\"width: 36.2849%; height: 84px;\"><span style=\"color: #000000; font-size: 10pt;\"><span style=\"font-size: 10pt;\"><span style=\"color: #000000;\">KrA\/Rullor <\/span><\/span>1701\/6 <\/span><span style=\"color: #000000; font-size: 10pt;\">(49)<\/span><\/td>\n<td style=\"width: 69.2647%; height: 84px;\" colspan=\"3\"><span style=\"color: #0000ff; font-size: 10pt;\"><a style=\"color: #0000ff;\" href=\"https:\/\/sok.riksarkivet.se\/bildvisning\/A0054486_00049#?c=&amp;m=&amp;s=&amp;cv=48&amp;xywh=2071%2C301%2C4571%2C2755\">Regiment \u00d6sterbotten, Compagnie Major, commenderad till \u00d6sterbotten<\/a><\/span><\/td>\n<td style=\"height: 84px; width: 2.19298%;\"><span style=\"color: #000000; font-size: 13.3333px;\">05\/06-1701<\/span><\/td>\n<\/tr>\n<tr style=\"height: 84px;\">\n<td style=\"width: 36.2849%; height: 84px;\"><span style=\"font-size: 10pt;\"><span style=\"color: #000000;\">KrA\/Rullor <\/span>1701\/7 <\/span><span style=\"font-size: 10pt;\">(46)<\/span><\/td>\n<td style=\"width: 69.2647%; height: 84px;\" colspan=\"3\"><span style=\"font-size: 10pt; color: #0000ff;\"><a style=\"color: #0000ff;\" href=\"https:\/\/sok.riksarkivet.se\/bildvisning\/A0054487_00046#?c=&amp;m=&amp;s=&amp;cv=45&amp;xywh=1661%2C294%2C4571%2C2755\">Regiment \u00d6sterbotten, Compagnie Major, commenderat till \u00d6sterbotten effter recruter<\/a><\/span><\/td>\n<td style=\"height: 84px; width: 2.19298%;\"><span style=\"font-size: 13.3333px;\">07\/08-1701<\/span><\/td>\n<\/tr>\n<tr style=\"height: 84px;\">\n<td style=\"width: 36.2849%; vertical-align: top; height: 84px;\"><span style=\"font-size: 10pt;\"><span style=\"color: #000000;\">RA\/RR 626 \u00d6pen Bref, fol 274<\/span><\/span><\/td>\n<td style=\"height: 84px; width: 69.2647%;\" colspan=\"3\"><span style=\"font-size: 10pt; color: #0000ff;\"><a style=\"color: #0000ff;\" href=\"https:\/\/sok.riksarkivet.se\/bildvisning\/A0039121_00277#?c=&amp;m=&amp;s=&amp;cv=276&amp;xywh=378%2C113%2C4684%2C2755\">Commendantskapet p\u00e5\u00a0Sehlburg<\/a><\/span><\/td>\n<td style=\"vertical-align: top; height: 84px; width: 2.19298%;\"><span style=\"color: #000000; font-size: 13.3333px;\">05-09-1701<\/span><\/td>\n<\/tr>\n<tr style=\"height: 56px;\">\n<td style=\"width: 36.2849%; vertical-align: top; height: 56px;\"><span style=\"font-size: 10pt;\"><span style=\"color: #000000;\">RA\/Militaria\/V\/2, M964, fol 7-16<br \/>\n<\/span><\/span><\/td>\n<td style=\"width: 69.2647%; height: 56px;\" colspan=\"3\"><span style=\"font-size: 10pt;\"><a href=\"https:\/\/meijenfeldt.nl\/wp-content\/uploads\/2023\/02\/M964-7-16-Osterbottenregiment-1701.pdf\"><span style=\"color: #0000ff;\">Lijst \u00d6sterbottenregiment Riga<\/span><\/a><\/span><\/td>\n<td style=\"vertical-align: top; width: 2.19298%; height: 56px;\"><span style=\"color: #000000; font-size: 13.3333px;\">1701<\/span><\/td>\n<\/tr>\n<tr style=\"height: 84px;\">\n<td style=\"width: 36.2849%; vertical-align: top; height: 84px;\"><span style=\"font-size: 10pt;\"><span style=\"color: #000000;\">RA\/720<span style=\"font-size: 10pt;\">732, vol.\u00a0 E 5094<\/span><\/span><\/span><span style=\"font-size: 10pt;\"><span style=\"color: #000000;\"><span style=\"font-size: 10pt;\"><br \/>\n<\/span><\/span><\/span><\/td>\n<td style=\"height: 84px; width: 69.2647%;\" colspan=\"3\"><span style=\"font-size: 10pt; color: #000000;\"><span style=\"color: #0000ff;\"><span style=\"color: #000000;\">50 brieven\u00a0 aan Nils Posse af S\u00e4by (1660-1723)<\/span><\/span><\/span><\/td>\n<td style=\"vertical-align: top; height: 84px; width: 2.19298%;\"><span style=\"color: #000000; font-size: 13.3333px;\">1701-1703<\/span><\/td>\n<\/tr>\n<tr style=\"height: 56px;\">\n<td style=\"width: 36.2849%; height: 56px;\"><span style=\"font-size: 10pt;\"><span style=\"color: #000000;\">KrA\/Rullor <\/span>1701\/8 <\/span><span style=\"font-size: 10pt;\">(56)<\/span><\/td>\n<td style=\"width: 69.2647%; height: 56px;\" colspan=\"3\"><span style=\"font-size: 10pt; color: #0000ff;\"><a style=\"color: #0000ff;\" href=\"https:\/\/sok.riksarkivet.se\/bildvisning\/A0054488_00056#?c=&amp;m=&amp;s=&amp;cv=55&amp;xywh=1340%2C179%2C4571%2C2755\">Regiment \u00d6sterbotten,\u00a0 Compagnie Major, commenderad till Sehlburgh<\/a><\/span><\/td>\n<td style=\"height: 56px; width: 2.19298%;\"><span style=\"font-size: 13.3333px;\">09\/10-1701<\/span><\/td>\n<\/tr>\n<tr style=\"height: 56px;\">\n<td style=\"width: 36.2849%; height: 56px;\"><span style=\"font-size: 10pt;\"><span style=\"color: #000000;\">KrA\/Rullor <\/span>1701\/9 <\/span><span style=\"font-size: 10pt;\">(46)<\/span><\/td>\n<td style=\"width: 69.2647%; height: 56px;\" colspan=\"3\"><span style=\"font-size: 10pt; color: #0000ff;\"><a style=\"color: #0000ff;\" href=\"https:\/\/sok.riksarkivet.se\/bildvisning\/A0054489_00046#?c=&amp;m=&amp;s=&amp;cv=45&amp;xywh=1795%2C484%2C4571%2C2755\">Regiment \u00d6sterbotten, Compagnie Major\u00a0till Sehlburgh<\/a><\/span><\/td>\n<td style=\"height: 56px; width: 2.19298%;\"><span style=\"font-size: 13.3333px;\">11\/12-1701<\/span><\/td>\n<\/tr>\n<tr style=\"height: 56px;\">\n<td style=\"width: 36.2849%; height: 56px;\"><span style=\"font-size: 10pt;\"><span style=\"color: #000000;\">KrA\/Rullor <\/span>1702\/1 <\/span><span style=\"font-size: 10pt;\">(78)<\/span><\/td>\n<td style=\"width: 69.2647%; height: 56px;\" colspan=\"3\"><span style=\"font-size: 10pt; color: #0000ff;\"><a style=\"color: #0000ff;\" href=\"https:\/\/sok.riksarkivet.se\/bildvisning\/A0054516_00078#?c=&amp;m=&amp;s=&amp;cv=77&amp;xywh=496%2C9%2C4571%2C2755\">Regiment \u00d6sterbotten, Compagnie Major\u00a0till Sehlburgh (158 man)<\/a><\/span><\/td>\n<td style=\"height: 56px; width: 2.19298%;\"><span style=\"font-size: 13.3333px;\">01-01-1702<\/span><\/td>\n<\/tr>\n<tr style=\"height: 56px;\">\n<td style=\"width: 36.2849%; height: 56px;\"><span style=\"font-size: 10pt;\"><span style=\"color: #000000;\">KrA\/Rullor <\/span>1702\/2 <\/span><span style=\"font-size: 10pt;\">(54)<\/span><\/td>\n<td style=\"width: 69.2647%; height: 56px;\" colspan=\"3\"><span style=\"font-size: 10pt; color: #0000ff;\"><a style=\"color: #0000ff;\" href=\"https:\/\/sok.riksarkivet.se\/bildvisning\/A0054517_00054#?c=&amp;m=&amp;s=&amp;cv=53&amp;xywh=1151%2C121%2C4571%2C2755\">Regiment \u00d6sterbotten, Compagnie Major\u00a0till Sehlburg<\/a><\/span><\/td>\n<td style=\"height: 56px; width: 2.19298%;\"><span style=\"font-size: 13.3333px;\">01-03-1703<\/span><\/td>\n<\/tr>\n<tr style=\"height: 84px;\">\n<td style=\"width: 36.2849%; vertical-align: top; height: 84px;\"><span style=\"font-size: 10pt;\"><span style=\"color: #000000;\">RA\/RR 641 \u00d6pen Bref, fol 386<\/span><\/span><\/td>\n<td style=\"height: 84px; width: 69.2647%;\" colspan=\"3\"><span style=\"font-size: 10pt; color: #0000ff;\"><a style=\"color: #0000ff;\" href=\"https:\/\/sok.riksarkivet.se\/bildvisning\/A0039126_00391#?c=&amp;m=&amp;s=&amp;cv=390&amp;xywh=1043%2C154%2C4684%2C2755\">\u00d6fwerste Lieutenant fullmakt, afsked Casper St\u00e5lhammer<\/a>\u00a0<\/span><\/td>\n<td style=\"vertical-align: top; height: 84px; width: 2.19298%;\"><span style=\"color: #000000; font-size: 13.3333px;\">08-04-1703<\/span><\/td>\n<\/tr>\n<tr style=\"height: 56px;\">\n<td style=\"width: 36.2849%; vertical-align: top; height: 56px;\"><span style=\"font-size: 10pt;\"><span style=\"color: #000000;\">KrA\/Rullor 1703\/2a (16)<\/span><\/span><\/td>\n<td style=\"width: 69.2647%; height: 56px;\" colspan=\"3\"><span style=\"font-size: 10pt; color: #0000ff;\"><a style=\"color: #0000ff;\" href=\"https:\/\/sok.riksarkivet.se\/bildvisning\/A0054542_00016#?c=&amp;m=&amp;s=&amp;cv=15&amp;xywh=1260%2C217%2C4571%2C2755\">Regiment \u00d6sterbotten, Compagnie<\/a><a style=\"color: #0000ff;\" href=\"https:\/\/sok.riksarkivet.se\/bildvisning\/A0054542_00016#?c=&amp;m=&amp;s=&amp;cv=15&amp;xywh=1260%2C217%2C4571%2C2755\">\u00a0<\/a><a style=\"color: #0000ff;\" href=\"https:\/\/sok.riksarkivet.se\/bildvisning\/A0054542_00016#?c=&amp;m=&amp;s=&amp;cv=15&amp;xywh=1260%2C217%2C4571%2C2755\">Major, avancerat effter hans Kongl. M:s fullmacht till \u00d6fverst Lieutnant<\/a><\/span><\/td>\n<td style=\"vertical-align: top; height: 56px; width: 2.19298%;\"><span style=\"color: #000000; font-size: 13.3333px;\">01-09-1703<\/span><\/td>\n<\/tr>\n<tr style=\"height: 56px;\">\n<td style=\"width: 36.2849%; vertical-align: top; height: 56px;\"><span style=\"font-size: 10pt;\"><span style=\"color: #000000;\">KrA\/Rullor 1704\/1b 8v (19)<\/span><\/span><\/td>\n<td style=\"width: 69.2647%; height: 56px;\" colspan=\"3\"><span style=\"font-size: 10pt; color: #0000ff;\"><a style=\"color: #0000ff;\" href=\"https:\/\/sok.riksarkivet.se\/bildvisning\/A0054561_00019#?c=&amp;m=&amp;s=&amp;cv=18&amp;xywh=955%2C-97%2C4571%2C2755\">Regiment \u00d6sterbotten, Compagnie\u00a0\u00d6fverst Lieutnant<\/a><\/span><\/td>\n<td style=\"vertical-align: top; height: 56px; width: 2.19298%;\"><span style=\"color: #000000; font-size: 13.3333px;\">01-09-1704<\/span><\/td>\n<\/tr>\n<tr style=\"height: 249px;\">\n<td style=\"width: 36.2849%; vertical-align: top; height: 202px;\"><span style=\"font-size: 10pt;\"><span style=\"color: #000000;\"><span style=\"font-size: 10pt;\">LVVA R<\/span>iga, St. Jacobi, Tauf-, Trau- und Leichenbuch, 1668-1704,<\/span> <span style=\"color: #0000ff;\"><a style=\"color: #0000ff;\" href=\"https:\/\/www.raduraksti.arhivi.lv\/objects\/1:4:11:2055:2472:23734#&amp;gid=1&amp;pid=152\">pag. 302<\/a><\/span><\/span><\/td>\n<td style=\"width: 69.2647%; height: 202px;\" colspan=\"3\"><span style=\"font-size: 10pt; color: #000000;\"><span style=\"color: #0000ff;\"><span style=\"color: #000000;\"><img loading=\"lazy\" decoding=\"async\" class=\"alignnone wp-image-21790\" src=\"https:\/\/meijenfeldt.nl\/wp-content\/uploads\/2019\/12\/Riga-St-Jacobi-1704-302-300x169.jpg\" sizes=\"auto, (max-width: 442px) 100vw, 442px\" srcset=\"https:\/\/meijenfeldt.nl\/wp-content\/uploads\/2019\/12\/Riga-St-Jacobi-1704-302-300x169.jpg 300w, https:\/\/meijenfeldt.nl\/wp-content\/uploads\/2019\/12\/Riga-St-Jacobi-1704-302.jpg 766w\" alt=\"\" width=\"442\" height=\"249\" \/><\/span><br \/>\n<\/span><\/span><\/td>\n<td style=\"vertical-align: top; height: 202px; width: 2.19298%;\"><span style=\"color: #000000; font-size: 13.3333px;\">02-12-1704<br \/>\n<\/span><\/td>\n<\/tr>\n<tr style=\"height: 31px;\">\n<td style=\"width: 36.2849%; vertical-align: top; height: 31px;\"><span style=\"font-size: 10pt;\"><span style=\"color: #000000;\">RA\/Militaria\/v\/6, M1114, fol 1-3 <\/span><\/span><\/td>\n<td style=\"height: 31px; width: 69.2647%;\" colspan=\"3\"><span style=\"font-size: 10pt;\"><span style=\"color: #0000ff;\"><a style=\"color: #0000ff;\" href=\"https:\/\/meijenfeldt.nl\/?page_id=53279\">Meritf\u00f6rteckning 1705<\/a><\/span><\/span><\/td>\n<td style=\"vertical-align: top; width: 2.19298%; height: 31px;\"><span style=\"color: #000000; font-size: 13.3333px;\">01-03-1705<\/span><\/td>\n<\/tr>\n<tr style=\"height: 84px;\">\n<td style=\"width: 36.2849%; vertical-align: top; height: 84px;\"><span style=\"font-size: 10pt;\"><span style=\"color: #000000;\"><span style=\"font-size: 10pt;\">RA\/RR 637 \u00d6pen Bref, fol 915<\/span><\/span><\/span><\/td>\n<td style=\"height: 84px; width: 69.2647%;\" colspan=\"3\"><span style=\"font-size: 10pt; color: #0000ff;\"><a style=\"color: #0000ff;\" href=\"https:\/\/sok.riksarkivet.se\/bildvisning\/A0039132_00929#?c=&amp;m=&amp;s=&amp;cv=928&amp;xywh=1570%2C-171%2C4684%2C2755\">Tijdelijk commando \u00d6sterbotten regiment<\/a>\u00a0<\/span><\/td>\n<td style=\"vertical-align: top; height: 84px; width: 2.19298%;\"><span style=\"color: #000000; font-size: 13.3333px;\">24-04-1705<\/span><\/td>\n<\/tr>\n<tr style=\"height: 28px;\">\n<td style=\"width: 36.2849%; vertical-align: top; height: 28px;\"><span style=\"font-size: 10pt;\"><span style=\"color: #000000;\"><span style=\"font-size: 10pt;\">RA\/Militaria\/II\/1\/44, M511, fol 2-6<\/span><\/span><\/span><\/td>\n<td style=\"height: 28px; width: 69.2647%;\" colspan=\"3\"><span style=\"font-size: 10pt; color: #0000ff;\"><a style=\"color: #0000ff;\" href=\"https:\/\/meijenfeldt.nl\/wp-content\/uploads\/2023\/02\/M511-2-6-Memorial-1705-04-24.pdf\">Memorial<\/a><\/span><\/td>\n<td style=\"vertical-align: top; width: 2.19298%; height: 28px;\"><span style=\"color: #000000; font-size: 13.3333px;\">24-04-1705<\/span><\/td>\n<\/tr>\n<tr style=\"height: 56px;\">\n<td style=\"width: 36.2849%; vertical-align: top; height: 56px;\"><span style=\"font-size: 10pt;\"><span style=\"color: #000000;\"><span style=\"font-size: 10pt;\">RA\/Militaria\/II\/1\/44, M511, fol 7-8<\/span><\/span><\/span><\/td>\n<td style=\"width: 69.2647%; height: 56px;\" colspan=\"3\"><span style=\"font-size: 10pt; color: #0000ff;\"><a href=\"https:\/\/meijenfeldt.nl\/wp-content\/uploads\/2023\/02\/M511-7-8-Brief-aan-Koning-Riga-1705-08-03.pdf\"><span style=\"color: #0000ff;\">Brief uit Riga aan Koning<\/span><\/a><\/span><\/td>\n<td style=\"vertical-align: top; width: 2.19298%; height: 56px;\"><span style=\"color: #000000; font-size: 13.3333px;\">03-08-1705<\/span><\/td>\n<\/tr>\n<tr style=\"height: 56px;\">\n<td style=\"width: 36.2849%; height: 56px;\"><span style=\"font-size: 10pt;\"><span style=\"color: #000000;\">KrA\/Rullor <\/span>1705\/2, <\/span><span style=\"font-size: 10pt;\">7 (13)<\/span><\/td>\n<td style=\"width: 69.2647%; height: 56px;\" colspan=\"3\"><span style=\"font-size: 10pt; color: #0000ff;\"><a style=\"color: #0000ff;\" href=\"https:\/\/sok.riksarkivet.se\/bildvisning\/A0054579_00013#?c=&amp;m=&amp;s=&amp;cv=12&amp;xywh=2170%2C229%2C4571%2C2755\">Regiment \u00d6sterbotten, kolonel dood 28-02-1705, Compagnie \u00d6fverst Lieutnant, 150 man, waarvan 32 dood of weg<\/a><\/span><\/td>\n<td style=\"height: 56px; width: 2.19298%;\"><span style=\"font-size: 13.3333px;\">01-09-1705<\/span><\/td>\n<\/tr>\n<tr style=\"height: 56px;\">\n<td style=\"width: 36.2849%; height: 56px;\"><span style=\"font-size: 10pt;\"><span style=\"color: #000000;\">KrA\/Rullor <\/span>1706\/5<\/span><br \/>\n<span style=\"font-size: 10pt;\">8 (13)<\/span><\/td>\n<td style=\"height: 56px; width: 69.2647%;\" colspan=\"3\"><span style=\"font-size: 10pt; color: #0000ff;\"><a style=\"color: #0000ff;\" href=\"https:\/\/sok.riksarkivet.se\/bildvisning\/A0054589_00013#?c=&amp;m=&amp;s=&amp;cv=12&amp;xywh=2038%2C632%2C4571%2C2755\">Regiment \u00d6sterbotten, Compagnie\u00a0\u00d6fverst Lieutnant<\/a><\/span><\/td>\n<td style=\"height: 56px; width: 2.19298%;\"><span style=\"font-size: 13.3333px;\">01-09-1706<\/span><\/td>\n<\/tr>\n<tr style=\"height: 280px;\">\n<td style=\"width: 36.2849%; height: 280px;\" colspan=\"2\"><span style=\"font-size: 10pt;\"><span style=\"color: #000000;\">C.A. Klingspor, &#8220;Sveriges Ridderskaps och Adels Vapenbok&#8221;, Uppsala 1890, pag. 22<\/span><\/span><\/td>\n<td style=\"width: 2.20588%; height: 280px;\" colspan=\"2\"><span style=\"font-size: 10pt; color: #0000ff;\"><a style=\"color: #0000ff;\" href=\"https:\/\/www.digitale-bibliothek-mv.de\/viewer\/image\/PPN755781104\/184\/\">Sigill under en handl. [??]:<\/a>\u00a0<span style=\"color: #000000;\">armen med sk\u00e4ran v\u00e4nd \u00e5t v\u00e4nster samt krona \u00e5 hjelmen och en krona mellan sv\u00e4rdspetsarne<\/span><br \/>\n<\/span><span style=\"font-size: 10pt; color: #0000ff;\"><br \/>\n<\/span><\/td>\n<td style=\"width: 2.19298%; height: 280px;\"><span style=\"font-size: 13.3333px;\">10-10-1705<\/span><\/td>\n<\/tr>\n<tr style=\"height: 56px;\">\n<td style=\"width: 36.2849%; height: 54px;\"><span style=\"font-size: 10pt;\"><span style=\"color: #000000;\">RA\/Militaria\/II\/1\/44, M511, fol 9-10<\/span><\/span><\/td>\n<td style=\"height: 54px; width: 69.2647%;\" colspan=\"3\"><span style=\"font-size: 10pt; color: #0000ff;\"><a style=\"color: #0000ff;\" href=\"https:\/\/meijenfeldt.nl\/wp-content\/uploads\/2023\/02\/M511-9-10-Brief-aan-Koning-Riga-1705-10-29.pdf\">Brief uit Riga aan Koning<\/a><\/span><\/td>\n<td style=\"width: 2.19298%; height: 54px;\"><span style=\"font-size: 13.3333px;\">29-10-1705<\/span><\/td>\n<\/tr>\n<tr style=\"height: 56px;\">\n<td style=\"width: 36.2849%; height: 56px;\"><span style=\"font-size: 10pt;\"><span style=\"color: #000000;\">RA\/Militaria\/II\/1\/44, M511, fol 11<\/span><\/span><\/td>\n<td style=\"height: 56px; width: 69.2647%;\" colspan=\"3\"><span style=\"font-size: 10pt; color: #0000ff;\"><a style=\"color: #0000ff;\" href=\"https:\/\/meijenfeldt.nl\/wp-content\/uploads\/2023\/02\/M511-11-Overzicht-regiment-Riga-1705-10-30.pdf\">Overzicht regiment Riga<\/a><\/span><\/td>\n<td style=\"width: 2.19298%; height: 56px;\"><span style=\"font-size: 13.3333px;\">30-10-1705<\/span><\/td>\n<\/tr>\n<tr style=\"height: 56px;\">\n<td style=\"width: 36.2849%; height: 56px;\"><span style=\"font-size: 10pt;\"><span style=\"color: #000000;\">RA\/Militaria\/II\/1\/44, M511, fol 12-15<\/span><\/span><\/td>\n<td style=\"height: 56px; width: 69.2647%;\" colspan=\"3\"><a href=\"https:\/\/meijenfeldt.nl\/wp-content\/uploads\/2023\/02\/M511-12-15-Brief-aan-Koning-Riga-1706-08-06.pdf\"><span style=\"color: #0000ff; font-size: 10pt;\">Brief uit Riga aan Koning<\/span><\/a><\/td>\n<td style=\"width: 2.19298%; height: 56px;\"><span style=\"font-size: 13.3333px;\">06-08-1706<\/span><\/td>\n<\/tr>\n<tr style=\"height: 56px;\">\n<td style=\"width: 36.2849%; height: 56px;\"><span style=\"font-size: 10pt;\"><span style=\"color: #000000;\">RA\/Militaria\/II\/1\/44, M511, fol 16-19<\/span><\/span><\/td>\n<td style=\"width: 69.2647%; height: 56px;\" colspan=\"3\"><span style=\"color: #0000ff; font-size: 10pt;\"><a style=\"color: #0000ff;\" href=\"https:\/\/meijenfeldt.nl\/wp-content\/uploads\/2023\/02\/M511-16-19-Lewenhaupt-aan-Koning-over-CFMsr-Riga-1706-12-15.pdf\">Brief uit Riga van A.L. Lewenhaupt aan Koning over CFMsr<\/a><\/span><\/td>\n<td style=\"width: 2.19298%; height: 56px;\"><span style=\"font-size: 13.3333px;\">15-12-1706<\/span><\/td>\n<\/tr>\n<tr style=\"height: 84px;\">\n<td style=\"width: 36.2849%; vertical-align: top; height: 84px;\"><span style=\"font-size: 10pt;\"><span style=\"color: #000000;\"><span style=\"font-size: 10pt;\">RA\/720<\/span><\/span>005\/001<br \/>\nE 4645<\/span><\/td>\n<td style=\"width: 69.2647%; height: 84px;\" colspan=\"3\"><span style=\"font-size: 10pt; color: #000000;\"><span style=\"color: #0000ff;\"><span style=\"color: #000000;\">Enskilda archiv och samlingar. A L Lewenhaupts samling.<br \/>\nBrief aan A.L. Lewenhaupt<\/span><\/span><\/span><\/td>\n<td style=\"vertical-align: top; height: 84px; width: 2.19298%;\"><span style=\"color: #000000; font-size: 13.3333px;\">1706<\/span><\/td>\n<\/tr>\n<tr style=\"height: 84px;\">\n<td style=\"width: 36.2849%; vertical-align: top; height: 84px;\"><span style=\"font-size: 10pt;\"><span style=\"color: #000000;\">RA\/720005\/001<br \/>\nE 4645.<br \/>\n<\/span><\/span><\/td>\n<td style=\"width: 69.2647%; height: 84px;\" colspan=\"3\"><span style=\"font-size: 10pt; color: #000000;\"><span style=\"color: #0000ff;\"><span style=\"color: #000000;\">Enskilda archiv och samlingar. A L Lewenhaupts samling.<br \/>\nBrief aan A.L. Lewenhaupt<br \/>\n<\/span><\/span><\/span><\/td>\n<td style=\"vertical-align: top; height: 84px; width: 2.19298%;\"><span style=\"color: #000000; font-size: 13.3333px;\">1708<\/span><\/td>\n<\/tr>\n<tr style=\"height: 84px;\">\n<td style=\"width: 36.2849%; vertical-align: top; height: 46px;\"><span style=\"font-size: 10pt;\"><span style=\"color: #000000;\">RA\/<span title=\"Riksarkivets \u00e4mnessamlingar. Personhistoria, SE\/RA\/756\/756.1\/M\/I\/M 8 b\">Meijerfeldt 33<\/span><\/span><\/span><\/td>\n<td style=\"height: 46px; width: 69.2647%;\" colspan=\"3\"><span style=\"font-size: 10pt; color: #0000ff;\"><a style=\"color: #0000ff;\" href=\"https:\/\/sok.riksarkivet.se\/bildvisning\/A0069897_00033#?c=&amp;m=&amp;s=&amp;cv=32&amp;xywh=644%2C-791%2C6091%2C3581\">Brief van Anna Christina Hastfer, weduwe C.F. Meijerfeldt<\/a><\/span><\/td>\n<td style=\"vertical-align: top; height: 46px; width: 2.19298%;\"><span style=\"color: #000000; font-size: 13.3333px;\">L\u00fcbeck<br \/>\n1716<\/span><\/td>\n<\/tr>\n<tr style=\"height: 84px;\">\n<td style=\"width: 36.2849%; vertical-align: top; height: 50px;\"><span style=\"font-size: 10pt;\"><span style=\"color: #000000;\">RA\/<span title=\"Riksarkivets \u00e4mnessamlingar. Personhistoria, SE\/RA\/756\/756.1\/M\/I\/M 8 b\">Meijerfeldt 49<\/span><\/span><\/span><\/td>\n<td style=\"height: 50px; width: 69.2647%;\" colspan=\"3\"><span style=\"font-size: 10pt; color: #0000ff;\"><a style=\"color: #0000ff;\" href=\"https:\/\/sok.riksarkivet.se\/bildvisning\/A0069897_00049#?c=&amp;m=&amp;s=&amp;cv=48&amp;xywh=-227%2C117%2C6392%2C3965\">Fr. Oberst Meijerfeltin<\/a><\/span><\/td>\n<td style=\"vertical-align: top; height: 50px; width: 2.19298%;\"><span style=\"color: #000000; font-size: 13.3333px;\">07-06-1716<\/span><\/td>\n<\/tr>\n<tr style=\"height: 112px;\">\n<td style=\"width: 36.2849%; vertical-align: top; height: 112px;\"><span style=\"font-size: 10pt;\"><span style=\"color: #000000;\">RA\/Landsarkivet i Vadstena \/03825\/01 \/E XI a nr. 275, fol. 348; E XI ba 1762 II, no. 30, fol. 337<\/span><\/span><\/td>\n<td style=\"width: 69.2647%; height: 112px;\" colspan=\"3\"><span style=\"font-size: 10pt; color: #0000ff;\"><span style=\"color: #000000;\">G\u00f6ta Hovr\u00e4tt, hufvudarchiv, Bouppteckningar <span style=\"color: #0000ff;\"><a style=\"color: #0000ff;\" href=\"https:\/\/sok.riksarkivet.se\/bildvisning\/C0105413_00348#?c=&amp;m=&amp;s=&amp;cv=347&amp;xywh=1982%2C-127%2C4513%2C2066\">Helena Hastfer<\/a><\/span> och <\/span><a style=\"color: #0000ff;\" href=\"https:\/\/sok.riksarkivet.se\/bildvisning\/C0105473_00337#?c=&amp;m=&amp;s=&amp;cv=336&amp;xywh=3066%2C264%2C2373%2C1328\">Anna Christina Hastfer<\/a><\/span><\/td>\n<td style=\"vertical-align: top; width: 2.19298%; height: 112px;\"><span style=\"color: #000000; font-size: 13.3333px;\">03-06-1759<br \/>\n22-11-1762<\/span><\/td>\n<\/tr>\n<\/tbody>\n<\/table>\n","protected":false},"excerpt":{"rendered":"<p>DOCUMENTEN \u2190 Persoonsdossier EAA\u00a0= Rahvusarhiiv (Archief Estland);\u00a01\u00a0= Eestimaa rootsiaegne kindralkuberner (Zweedse Gouverneur Estland);\u00a0278\u00a0= Liivimaa rootsiaegne kindralkuberner (Zweedse Gouverneur Lijfland);\u00a0854\u00a0= Archiv der Estl\u00e4ndischen Ritterschaft;\u00a0858\u00a0=\u00a0Eestimaa \u00fclemmaakohus\u00a0(President Obergericht Dorpat, Nils Bielke);\u00a0914\u00a0=Tartu maakohus 1632-1889 (Rechtbank Tartu). LVVA = Latvijas Valsts Vestures Arhivs (Nationaal Archief Letland), 235 Evangelisch-Lutherse Kerkboeken. KrA = Krigsarkivet (Militair Archief Zweden); Rullor 1620-1723 = 0022, Registerkort; &hellip; <a href=\"https:\/\/meijenfeldt.nl\/?page_id=47448\" class=\"more-link\">Verder lezen <span class=\"screen-reader-text\">Documenten Carl Friedrich sr<\/span><\/a><\/p>\n","protected":false},"author":1,"featured_media":0,"parent":0,"menu_order":0,"comment_status":"closed","ping_status":"closed","template":"","meta":{"footnotes":""},"class_list":["post-47448","page","type-page","status-publish","hentry"],"_links":{"self":[{"href":"https:\/\/meijenfeldt.nl\/index.php?rest_route=\/wp\/v2\/pages\/47448","targetHints":{"allow":["GET"]}}],"collection":[{"href":"https:\/\/meijenfeldt.nl\/index.php?rest_route=\/wp\/v2\/pages"}],"about":[{"href":"https:\/\/meijenfeldt.nl\/index.php?rest_route=\/wp\/v2\/types\/page"}],"author":[{"embeddable":true,"href":"https:\/\/meijenfeldt.nl\/index.php?rest_route=\/wp\/v2\/users\/1"}],"replies":[{"embeddable":true,"href":"https:\/\/meijenfeldt.nl\/index.php?rest_route=%2Fwp%2Fv2%2Fcomments&post=47448"}],"version-history":[{"count":49,"href":"https:\/\/meijenfeldt.nl\/index.php?rest_route=\/wp\/v2\/pages\/47448\/revisions"}],"predecessor-version":[{"id":56187,"href":"https:\/\/meijenfeldt.nl\/index.php?rest_route=\/wp\/v2\/pages\/47448\/revisions\/56187"}],"wp:attachment":[{"href":"https:\/\/meijenfeldt.nl\/index.php?rest_route=%2Fwp%2Fv2%2Fmedia&parent=47448"}],"curies":[{"name":"wp","href":"https:\/\/api.w.org\/{rel}","templated":true}]}}