{"id":42452,"date":"2022-01-29T13:49:10","date_gmt":"2022-01-29T13:49:10","guid":{"rendered":"https:\/\/meijenfeldt.nl\/?page_id=42452"},"modified":"2025-05-27T12:32:13","modified_gmt":"2025-05-27T12:32:13","slug":"documenten-johan-august-jr","status":"publish","type":"page","link":"https:\/\/meijenfeldt.nl\/?page_id=42452","title":{"rendered":"Documenten"},"content":{"rendered":"<table style=\"border-collapse: collapse; width: 100%; height: 9711px;\">\n<tbody>\n<tr style=\"height: 28px;\">\n<td style=\"background-color: #ffffff; height: 28px; text-align: center; width: 87.1253%;\" colspan=\"5\"><strong style=\"color: #0000ff; font-family: georgia, palatino, serif; font-size: 16px;\"><span style=\"color: #000000;\">Johann August von Meijerfeldt jr<br \/>\n<\/span><\/strong><span style=\"font-family: georgia, palatino, serif; font-size: 10pt;\"><a style=\"color: #0000ff;\" href=\"https:\/\/meijenfeldt.nl\/?page_id=41514\">\u2190 Persoonsdossier<\/a><\/span><strong><br \/>\n<\/strong><\/td>\n<\/tr>\n<tr style=\"height: 28px;\">\n<td style=\"width: 87.1253%; background-color: #d5e8eb; text-align: center; height: 28px;\" colspan=\"5\"><span style=\"color: #000000;\"><strong style=\"font-family: georgia, palatino, serif; font-size: 16px;\">DOCUMENTEN<\/strong><\/span><\/td>\n<\/tr>\n<tr style=\"height: 168px;\">\n<td style=\"height: 134px; width: 87.1253%;\" colspan=\"5\"><span style=\"color: #000000; font-size: 10pt;\"><strong>SE\/KrA<\/strong> = Sverige \/ Krigsarkivet:<br \/>\n&#8211; <strong>Rullor<\/strong> = 0023\/0. Generalm\u00fcnsterrullor 1660-1887 \/ Arkiv med l\u00f6pande volymnumrering;<br \/>\n<strong>&#8211; Biografica<\/strong><span style=\"color: #0000ff;\"><span style=\"color: #000000;\">\u00a0= 1051. Biografica <a style=\"color: #0000ff;\" href=\"https:\/\/sok.riksarkivet.se\/bildvisning\/C0300055_00233#?c=&amp;m=&amp;s=&amp;cv=232&amp;xywh=-134%2C-47%2C2439%2C1364\">Registerkort<\/a>; <a style=\"color: #0000ff;\" href=\"https:\/\/sok.riksarkivet.se\/bildvisning\/A0066512_00005#?c=&amp;m=&amp;s=&amp;cv=4&amp;xywh=-1887%2C-394%2C6868%2C3966\">Fiches;<\/a><br \/>\n<strong>&#8211; Meritband<\/strong> = <\/span> <span style=\"color: #000000; font-size: 13.3333px;\">0078\/\/A\/004:\u00d6, E 5, Arm\u00e9ns Pensionskassa, Meritband; <\/span><\/span><br \/>\n<strong>SE\/RA<\/strong> = Sverige \/ Riksarkivet;<br \/>\n<strong>&#8211; Militaria<\/strong> = 754;<br \/>\n<strong>&#8211; Biographica<\/strong> = 756.1 \u00c4mnessamlingar \/ Personhistoria \/ <span style=\"color: #0000ff;\"><a style=\"font-size: 10pt; color: #0000ff;\" href=\"https:\/\/sok.riksarkivet.se\/?postid=Arkis+3ee29906-9b89-11d5-a701-0002440207bb&amp;vol=n%2cn%2cn%2cn%2cn%2cn%2cn%2cn&amp;s=Balder\">Biographica<\/a><\/span><span style=\"font-size: 10pt;\"> 1500t \u2013 1800t;<br \/>\n<strong>&#8211; Ericsberg<\/strong> = <\/span>270266\/01\/139. Ericsbergsarkivet \/ Autografsammlingen \/ Martin-Meijerfelt.<br \/>\n<strong>SE\/SSA<\/strong>= Sverige \/ Stockholm Stadsarkivet.<br \/>\n<span style=\"font-size: 10pt;\"><span style=\"font-size: 13.3333px;\"><b>WT<\/b> =Wismarer Tribunal, Relationen, Urteilsbegr\u00fcndungen des Assessoren am Tribunal. Landesarchiv Mecklenburg-Vorpommern, <span style=\"color: #333333;\">Landesarchiv Greifswald, 010.01. Schwedische Regierung Stralsund.<\/span><br \/>\n<\/span><\/span><br \/>\n<\/span><\/td>\n<\/tr>\n<tr style=\"height: 27px;\">\n<td style=\"width: 36.6667%; background-color: #ffffff; height: 27px;\"><span style=\"color: #800000;\"><strong><span style=\"font-size: 13.3333px; font-family: georgia, palatino, serif;\">VINDPLAATS<\/span><\/strong><\/span><\/td>\n<td style=\"width: 25.4586%; background-color: #ffffff; height: 27px;\" colspan=\"3\"><span style=\"color: #800000;\"><strong><span style=\"font-size: 10pt; font-family: georgia, palatino, serif;\">DOCUMENT<\/span><\/strong><\/span><\/td>\n<td style=\"width: 25%; background-color: #ffffff; height: 27px;\"><span style=\"color: #800000;\"><strong><span style=\"font-size: 10pt; font-family: georgia, palatino, serif;\">DATUM<\/span><\/strong><\/span><\/td>\n<\/tr>\n<tr style=\"height: 56px;\">\n<td style=\"height: 23px; width: 36.6667%;\"><span style=\"color: #000000; font-size: 13.3333px;\">Stadsarchiv Stralsund, Kirchenbuchkartei, Geburten, Meyerfeld-Moellenhoff, 1600-1900, <span style=\"color: #0000ff;\"><a style=\"color: #0000ff;\" href=\"https:\/\/www.familysearch.org\/ark:\/61903\/3:1:S3HT-D4V8-PH?i=4&amp;wc=M6HH-M29%3A48065601%2C48133501%2C53143201&amp;cc=1475887\">Fol 225b<\/a><\/span><br \/>\n<\/span><\/td>\n<td style=\"height: 23px; width: 25.4586%;\" colspan=\"3\"><span style=\"font-size: 10pt; color: #0000ff;\"><span style=\"color: #000000;\">Evangelische Pfarrambt Stralsund, St. Nikolai Kirche, doop, <span style=\"color: #0000ff;\"><a style=\"color: #0000ff;\" href=\"https:\/\/meijenfeldt.nl\/wp-content\/uploads\/2022\/08\/Nikolai-doop-Johan-August-jr.pdf\">d. 5 Maij, H: Johann August Meyerfeldt, Generall= Gouverneurs, Jungst Graff, von H: N. Rekfelden getauft, genannt Johann August, pathen waren H: Generall Baron von Trautvetter, nahmens der s\u00e4mtl: K\u00f6ningl: Regierung, H: Generall=Superintendens, Joachim von Krakewitz, nahmens der s\u00e4mtlichen Priesterschaft, H: Obrist Wulffrathen fr: nahmens s\u00e4mtlicher Ritterschafft\u00a0\u00a0<\/a><\/span><\/span><\/span><span style=\"font-size: 10pt; color: #0000ff;\"><span style=\"color: #000000;\"><br \/>\n<\/span><\/span><\/td>\n<td style=\"width: 25%; height: 23px;\"><span style=\"font-size: 10pt;\">05-05-1725<br \/>\n<\/span><\/td>\n<\/tr>\n<tr style=\"height: 84px;\">\n<td style=\"width: 36.6667%; height: 84px;\"><span style=\"color: #000000; font-size: 13.3333px;\">SE\/KrA, Rullor 1268, Fol 51<\/span><\/td>\n<td style=\"height: 84px; width: 25.4586%;\" colspan=\"3\"><span style=\"font-size: 10pt; color: #0000ff;\"><a style=\"color: #0000ff;\" href=\"https:\/\/sok.riksarkivet.se\/bildvisning\/A0029344_00051#?c=&amp;m=&amp;s=&amp;cv=50&amp;xywh=11%2C209%2C5787%2C3827\">Garnizons Regemente Stralsund, \u00f6fwerste Dohna\/Schwerin, Adlerstr\u00e5hles Compagnie, f\u00f6rare utan lohn<\/a>\u00a0<\/span><\/td>\n<td style=\"width: 25%; height: 84px;\"><span style=\"font-size: 10pt;\">28-11-1737<\/span><\/td>\n<\/tr>\n<tr style=\"height: 84px;\">\n<td style=\"width: 36.6667%; height: 45px;\"><span style=\"color: #000000; font-size: 13.3333px;\">SE\/KrA, Rullor 1369, Fol 51<\/span><\/td>\n<td style=\"width: 25.4586%; height: 45px;\" colspan=\"3\"><span style=\"font-size: 10pt; color: #0000ff;\"><a style=\"color: #0000ff;\" href=\"https:\/\/sok.riksarkivet.se\/bildvisning\/A0029346_00051#?c=&amp;m=&amp;s=&amp;cv=50&amp;xywh=194%2C-21%2C4999%2C3306\">Garnizons Regemente Stralsund, \u00f6fwerste Schwerin, Adlerstr\u00e5hles Compagnie,\u00a0\u00a0f\u00f6rare utan lohn<\/a><\/span><\/td>\n<td style=\"width: 25%; height: 45px;\"><span style=\"font-size: 10pt;\">02-06-1740<\/span><\/td>\n<\/tr>\n<tr style=\"height: 84px;\">\n<td style=\"width: 36.6667%; height: 44px;\"><span style=\"color: #000000; font-size: 13.3333px;\">SE\/KrA, Rullor 1356, fol 363<\/span><\/td>\n<td style=\"width: 25.4586%; height: 44px;\" colspan=\"3\"><span style=\"font-size: 10pt; color: #0000ff;\"><a style=\"color: #0000ff;\" href=\"https:\/\/sok.riksarkivet.se\/bildvisning\/A0029454_00363#?c=&amp;m=&amp;s=&amp;cv=362&amp;xywh=201%2C804%2C3939%2C2605\">Drottningens livregemente till fot, \u00f6fwerste Fr\u00f6lich, Meijerfelds Compagnie, capitain bef\u00f6rdrat<\/a><\/span><\/td>\n<td style=\"width: 25%; height: 44px;\"><span style=\"font-size: 10pt;\">13-06-1744<\/span><\/td>\n<\/tr>\n<tr style=\"height: 84px;\">\n<td style=\"width: 36.6667%; height: 84px;\"><span style=\"color: #000000; font-size: 13.3333px;\">SE\/KrA, Rullor 1270, fol 62<\/span><\/td>\n<td style=\"height: 84px; width: 25.4586%;\" colspan=\"3\"><span style=\"font-size: 10pt; color: #0000ff;\"><a style=\"color: #0000ff;\" href=\"https:\/\/sok.riksarkivet.se\/bildvisning\/A0029347_00062#?c=&amp;m=&amp;s=&amp;cv=61&amp;xywh=-369%2C663%2C4862%2C3216\">Garnizons Regemente Stralsund, \u00f6fwerste\u00a0Schwerin, Adlerst\u00e5hles Compagnie,\u00a0f\u00f6rare utan lohn<\/a><\/span><\/td>\n<td style=\"width: 25%; height: 84px;\"><span style=\"font-size: 10pt;\">03-07-1744\u00a0<\/span><\/td>\n<\/tr>\n<tr style=\"height: 28px;\">\n<td style=\"width: 36.6667%; height: 28px;\"><span style=\"color: #000000; font-size: 13.3333px;\">SE\/KrA, Biografica 003\/M\/8, 293<\/span><\/td>\n<td style=\"width: 25.4586%; height: 28px;\" colspan=\"3\"><span style=\"font-size: 10pt; color: #0000ff;\"><a style=\"color: #0000ff;\" href=\"https:\/\/sok.riksarkivet.se\/bildvisning\/A0066512_00293#?c=&amp;m=&amp;s=&amp;cv=292&amp;xywh=-80%2C-31%2C2456%2C1680\">Kapitein<\/a><\/span><\/td>\n<td style=\"width: 25%; height: 28px;\"><span style=\"font-size: 10pt;\">09-05-1746<\/span><\/td>\n<\/tr>\n<tr style=\"height: 84px;\">\n<td style=\"width: 36.6667%; height: 46px;\"><span style=\"color: #000000; font-size: 13.3333px;\">SE\/KrA, Rullor 1357, fol 234<\/span><\/td>\n<td style=\"width: 25.4586%; height: 46px;\" colspan=\"3\"><span style=\"font-size: 10pt; color: #0000ff;\"><a style=\"color: #0000ff;\" href=\"https:\/\/sok.riksarkivet.se\/bildvisning\/A0029455_00250#?c=&amp;m=&amp;s=&amp;cv=249&amp;xywh=670%2C317%2C4161%2C2752\">Drottningens livregemente till fot, \u00f6fwerste Adlerstr\u00e5hle, Meijerfelds Compagnie, capitain<\/a><\/span><\/td>\n<td style=\"width: 25%; height: 46px;\"><span style=\"font-size: 10pt;\">24-06-1750<\/span><\/td>\n<\/tr>\n<tr style=\"height: 84px;\">\n<td style=\"width: 36.6667%; height: 84px;\"><span style=\"font-size: 10pt;\"><span style=\"font-size: 10pt; color: #000000;\">SE\/RA\/Militaria\/V\/6, M1114, fol 25-26<\/span><\/span><\/td>\n<td style=\"height: 84px; width: 25.4586%;\" colspan=\"3\"><span style=\"font-size: 10pt; color: #0000ff;\"><a href=\"https:\/\/meijenfeldt.nl\/wp-content\/uploads\/2023\/02\/M1114-25-26-JAMjr-Kristianstadt-1751-08-31.pdf\"><span style=\"color: #0000ff;\">Brief uit Kristianstadt aan Koning<\/span><\/a><\/span><\/td>\n<td style=\"width: 25%; height: 84px;\"><span style=\"font-size: 10pt;\">31-08-1751<\/span><\/td>\n<\/tr>\n<tr style=\"height: 10px;\">\n<td style=\"width: 36.6667%; height: 10px;\"><span style=\"font-size: 10pt;\"><span style=\"font-size: 10pt; color: #000000;\">SE\/RA\/Militaria\/V\/6, M1114, fol 27-28<\/span><\/span><\/td>\n<td style=\"height: 10px; width: 25.4586%;\" colspan=\"3\"><span style=\"font-size: 10pt; color: #0000ff;\"><a style=\"color: #0000ff;\" href=\"https:\/\/meijenfeldt.nl\/wp-content\/uploads\/2023\/02\/M1114-27-28-JAMjr-Meriter-1751-08-31.pdf\">Meriter 1<\/a><\/span><\/td>\n<td style=\"width: 25%; height: 10px;\"><span style=\"font-size: 10pt;\">31-08-1751<\/span><\/td>\n<\/tr>\n<tr style=\"height: 84px;\">\n<td style=\"width: 36.6667%; height: 84px;\"><span style=\"font-size: 10pt;\"><span style=\"font-size: 10pt; color: #000000;\">SE\/RA\/Militaria\/V\/6, M1114, fol 29-30<\/span><\/span><\/td>\n<td style=\"width: 25.4586%; height: 84px;\" colspan=\"3\"><span style=\"font-size: 10pt; color: #0000ff;\"><a style=\"color: #0000ff;\" href=\"https:\/\/meijenfeldt.nl\/wp-content\/uploads\/2023\/02\/M1114-29-30-JAMjr-Meriter-1751-08-31.pdf\">Meriter 2<\/a><\/span><\/td>\n<td style=\"width: 25%; height: 84px;\"><span style=\"font-size: 10pt;\">31-08-1751<\/span><\/td>\n<\/tr>\n<tr style=\"height: 84px;\">\n<td style=\"width: 36.6667%; height: 50px;\"><span style=\"color: #000000; font-size: 13.3333px;\">SE\/KrA, Rullor 1273, fol 70\u00a0<\/span><\/td>\n<td style=\"height: 50px; width: 25.4586%;\" colspan=\"3\"><span style=\"font-size: 10pt; color: #0000ff;\"><a style=\"color: #0000ff;\" href=\"https:\/\/sok.riksarkivet.se\/bildvisning\/A0029351_00070#?c=&amp;m=&amp;s=&amp;cv=69&amp;xywh=-43%2C237%2C4980%2C3313\">Garnizons Regemente Stralsund, \u00f6fwst, Cronhiort<br \/>\nMajorscompagnie,\u00a0major<\/a><\/span><\/td>\n<td style=\"width: 25%; height: 50px;\"><span style=\"font-size: 10pt;\">03-09-1754<\/span><\/td>\n<\/tr>\n<tr style=\"height: 83px;\">\n<td style=\"width: 36.6667%; height: 83px;\"><span style=\"color: #000000; font-size: 13.3333px;\">SE\/RA\/720807.033, Vol 29, Stafsundsarkivet. Anna Maria Soops samling<br \/>\n<\/span><\/td>\n<td style=\"width: 25.4586%; height: 83px;\" colspan=\"3\"><span style=\"font-size: 10pt; color: #0000ff;\"><span style=\"color: #000000;\">Brief aan koningin Lovisa Ulrika (1710-1771)<\/span><br \/>\n<\/span><\/td>\n<td style=\"width: 25%; height: 83px;\"><span style=\"font-size: 10pt;\">1756<\/span><\/td>\n<\/tr>\n<tr style=\"height: 55px;\">\n<td style=\"width: 36.6667%; height: 55px;\"><span style=\"color: #0000ff;\"><a style=\"color: #0000ff;\" href=\"https:\/\/meijenfeldt.nl\/?page_id=62135\"><span style=\"font-size: 13.3333px;\">Klinckowstr\u00f6m<\/span><\/a><\/span><\/td>\n<td style=\"width: 25.4586%; height: 55px;\" colspan=\"3\"><span style=\"font-size: 10pt; color: #0000ff;\"><a style=\"color: #0000ff;\" href=\"https:\/\/meijenfeldt.nl\/wp-content\/uploads\/2024\/02\/Klinkchowstrom.pdf\">Brief van koningin Lovisa Ulrika<\/a><\/span><\/td>\n<td style=\"width: 25%; height: 55px;\"><span style=\"font-size: 10pt;\">1756<\/span><\/td>\n<\/tr>\n<tr style=\"height: 55px;\">\n<td style=\"width: 36.6667%; height: 110px;\" rowspan=\"2\"><span style=\"color: #000000; font-size: 13.3333px;\">SE\/RA\/720807.033, Vol 29, Stafsundsarkivet. Anna Maria Soops samling<br \/>\n<\/span><span style=\"color: #000000; font-size: 13.3333px;\"><br \/>\n<\/span><\/td>\n<td style=\"width: 25.4586%; height: 55px;\" colspan=\"3\"><span style=\"font-size: 10pt; color: #0000ff;\"><a style=\"color: #0000ff;\" href=\"https:\/\/meijenfeldt.nl\/wp-content\/uploads\/2024\/02\/Klinkchowstrom.pdf\">Brief aan koningin Lovisa Ulrika<\/a><\/span><\/td>\n<td style=\"width: 25%; height: 55px;\"><span style=\"font-size: 10pt;\">01-02-1757<br \/>\n<\/span><\/td>\n<\/tr>\n<tr style=\"height: 55px;\">\n<td style=\"width: 25.4586%; height: 55px;\" colspan=\"3\"><span style=\"font-size: 10pt; color: #0000ff;\"><a style=\"color: #0000ff;\" href=\"https:\/\/meijenfeldt.nl\/wp-content\/uploads\/2024\/02\/Klinkchowstrom.pdf\">Brief aan koningin Lovisa Ulrika<\/a><\/span><\/td>\n<td style=\"width: 25%; height: 55px;\"><span style=\"font-size: 10pt;\">09-03-1757<br \/>\n<\/span><\/td>\n<\/tr>\n<tr style=\"height: 84px;\">\n<td style=\"width: 39.1069%; height: 84px;\" colspan=\"2\"><span style=\"color: #000000; font-size: 13.3333px;\"><span style=\"font-size: 10pt; color: #000000;\">SE\/RA\/720132.011, <\/span><span style=\"font-size: 10pt; color: #000000;\">Vol E 3077, B<span style=\"font-size: 10pt;\">\u00f6rstorpsamlingen<\/span><\/span><\/span><\/td>\n<td style=\"width: 23.0184%; height: 84px;\" colspan=\"2\"><span style=\"font-size: 10pt;\">Brief van Louise aan haar vader<\/span><\/td>\n<td style=\"width: 25%; height: 84px;\"><span style=\"font-size: 10pt;\">1757<\/span><\/td>\n<\/tr>\n<tr style=\"height: 56px;\">\n<td style=\"height: 56px; width: 39.1069%;\" colspan=\"2\"><span style=\"color: #000000; font-size: 13.3333px;\">SE\/KrA, Meritband Dl 1-2-3, fol 635<\/span><\/td>\n<td style=\"height: 56px; width: 23.0184%;\" colspan=\"2\"><span style=\"font-size: 13.3333px; color: #0000ff;\"><a style=\"color: #0000ff;\" href=\"https:\/\/sok.riksarkivet.se\/bildvisning\/A0043350_00802#?c=&amp;m=&amp;s=&amp;cv=801&amp;xywh=-1192%2C134%2C8062%2C4305\">Regement L\u00f6wenfels<\/a><\/span><\/td>\n<td style=\"width: 25%; height: 56px;\"><span style=\"font-size: 10pt;\">1757<\/span><\/td>\n<\/tr>\n<tr style=\"height: 112px;\">\n<td style=\"width: 39.1069%; height: 112px;\" colspan=\"2\"><span style=\"color: #000000; font-size: 13.3333px;\"><span style=\"font-size: 10pt; color: #000000;\">SE\/ RA\/720132.041,\u00a0<span style=\"font-size: 10pt;\">Vol E 3084, B\u00f6rstorpsamlingen<\/span><\/span><\/span><\/td>\n<td style=\"width: 23.0184%; height: 112px;\" colspan=\"2\"><span style=\"font-size: 13.3333px; color: #000000;\"><span style=\"font-size: 10pt;\">12 brieven van Louise aan Carl Axel Sigge Sparre af Sundby (1738-1759)<\/span><\/span><\/td>\n<td style=\"width: 25%; height: 112px;\"><span style=\"font-size: 10pt;\">1757-1759<\/span><\/td>\n<\/tr>\n<tr style=\"height: 84px;\">\n<td style=\"width: 39.1069%; height: 84px;\" colspan=\"2\"><span style=\"color: #000000; font-size: 13.3333px;\"><span style=\"font-size: 10pt; color: #000000;\">SE\/<span style=\"font-size: 10pt;\">RA\/720807\/11, Vol 28, Stafsundsarkivet. Autografsamlingen.\u00a0<\/span><\/span><\/span><\/td>\n<td style=\"width: 23.0184%; height: 84px;\" colspan=\"2\"><span style=\"font-size: 13.3333px; color: #0000ff;\"><span style=\"font-size: 10pt;\">Brief aan koningin Lovisa Ulrika<\/span><\/span><\/td>\n<td style=\"width: 25%; height: 84px;\"><span style=\"font-size: 10pt;\"><span style=\"font-size: 13.3333px;\"><span style=\"color: #000000; font-size: 13.3333px;\">13-01-1758<\/span><\/span><\/span><\/td>\n<\/tr>\n<tr style=\"height: 56px;\">\n<td style=\"height: 56px;\" colspan=\"2\"><span style=\"color: #000000; font-size: 13.3333px;\">SE\/KrA, Meritband, Dl 1-2-3, fo 711<\/span><\/td>\n<td style=\"height: 56px;\" colspan=\"2\"><span style=\"font-size: 13.3333px; color: #0000ff;\"><a style=\"color: #0000ff;\" href=\"https:\/\/sok.riksarkivet.se\/bildvisning\/A0043350_00889#?c=&amp;m=&amp;s=&amp;cv=888&amp;xywh=-107%2C1131%2C5912%2C3305\">Regement L\u00f6wenfels<\/a><\/span><\/td>\n<td style=\"width: 25%; height: 56px;\"><span style=\"font-size: 10pt;\">1758<\/span><\/td>\n<\/tr>\n<tr>\n<td colspan=\"2\"><span style=\"color: #000000; font-size: 13.3333px;\">SE\/RA\/720807.033, Vol 29, Stafsundsarkivet. Anna Maria Soops samling<br \/>\n<\/span><\/td>\n<td colspan=\"2\"><span style=\"font-size: 13.3333px; color: #0000ff;\">Brief aan koningin Lovisa Ulrika<br \/>\n<\/span><\/td>\n<td style=\"width: 25%;\"><span style=\"font-size: 10pt;\">1758<br \/>\n<\/span><\/td>\n<\/tr>\n<tr>\n<td style=\"width: 36.6667%;\"><span style=\"font-size: 10pt;\">SE\/KrA, Rullor 0046 \/ 1409<br \/>\n<\/span><\/td>\n<td style=\"width: 25.4586%;\" colspan=\"3\"><span style=\"font-size: 13.3333px; color: #0000ff;\"><a style=\"color: #0000ff;\" href=\"https:\/\/meijenfeldt.nl\/?page_id=62418\"><span style=\"font-size: 10pt;\">Tyska \/ Meijerfeldts \/ F\u00f6rsta Tyska Grenadier Batallion<\/span><\/a><br \/>\n<\/span><\/td>\n<td style=\"width: 25%;\"><span style=\"font-size: 10pt;\">1758-1762<br \/>\n<\/span><\/td>\n<\/tr>\n<tr style=\"height: 84px;\">\n<td style=\"width: 36.6667%; height: 53px;\"><span style=\"font-size: 10pt;\">SE\/KrA, Rullor 1274, fol 75<\/span><\/td>\n<td style=\"height: 53px;\" colspan=\"3\"><span style=\"font-size: 13.3333px; color: #0000ff;\"><a style=\"color: #0000ff;\" href=\"https:\/\/sok.riksarkivet.se\/bildvisning\/A0029353_00075#?c=&amp;m=&amp;s=&amp;cv=74&amp;xywh=997%2C220%2C3467%2C2377\">Garnizons Regemente Stralsund, \u00f6fwerste L\u00f6wenfels, Meijerfelds Compagnie, major<\/a><\/span><\/td>\n<td style=\"width: 25%; height: 53px;\"><span style=\"font-size: 10pt;\"> 13-02-1759<\/span><\/td>\n<\/tr>\n<tr style=\"height: 84px;\">\n<td style=\"width: 36.6667%; height: 47px;\"><span style=\"font-size: 10pt;\">SE\/KrA, Rullor 1275, fol 64<\/span><\/td>\n<td style=\"width: 25.4586%; height: 47px;\" colspan=\"3\"><span style=\"font-size: 13.3333px; color: #0000ff;\"><a style=\"color: #0000ff;\" href=\"https:\/\/sok.riksarkivet.se\/bildvisning\/A0029354_00064#?c=&amp;m=&amp;s=&amp;cv=63&amp;xywh=-154%2C-125%2C7993%2C5039\">Garnizons Regemente Stralsund, \u00f6fwerste L\u00f6wenfels, Meijerfelds Compagnie, major<\/a><\/span><\/td>\n<td style=\"width: 25%; height: 47px;\"><span style=\"font-size: 10pt;\">21-11-1759<\/span><\/td>\n<\/tr>\n<tr style=\"height: 56px;\">\n<td style=\"width: 39.1069%; height: 19px;\" colspan=\"2\"><span style=\"font-size: 10pt;\"><span style=\"color: #000000; font-size: 13.3333px;\">SE\/KrA, Meritband, <\/span>Dl 1-2-3, fo 665<\/span><\/td>\n<td style=\"width: 23.0184%; height: 19px;\" colspan=\"2\"><span style=\"font-size: 13.3333px; color: #0000ff;\"><a style=\"color: #0000ff;\" href=\"https:\/\/sok.riksarkivet.se\/bildvisning\/A0043350_00836#?c=&amp;m=&amp;s=&amp;cv=835&amp;xywh=-885%2C-61%2C7095%2C3967\">Regement L\u00f6wenfels<\/a><\/span><span style=\"font-size: 13.3333px; color: #0000ff;\"><br \/>\n<\/span><\/td>\n<td style=\"width: 25%; height: 19px;\"><span style=\"font-size: 10pt;\">1759<\/span><\/td>\n<\/tr>\n<tr style=\"height: 84px;\">\n<td style=\"width: 36.6667%; height: 51px;\"><span style=\"font-size: 10pt;\">SE\/KrA, Rullor 1276,\u00a0fo 64<\/span><\/td>\n<td style=\"height: 51px; width: 25.4586%;\" colspan=\"3\"><span style=\"font-size: 13.3333px; color: #0000ff;\"><a style=\"color: #0000ff;\" href=\"https:\/\/sok.riksarkivet.se\/bildvisning\/A0029355_00064#?c=&amp;m=&amp;s=&amp;cv=63&amp;xywh=257%2C246%2C5998%2C3967\">Garnizons Regemente Stralsund, \u00f6fwerste L\u00f6wenfels, Meijerfelds Compagnie, major<\/a><\/span><\/td>\n<td style=\"width: 25%; height: 51px;\"><span style=\"font-size: 10pt;\">15-11-1760<\/span><\/td>\n<\/tr>\n<tr style=\"height: 84px;\">\n<td style=\"width: 39.1069%; height: 19px;\" colspan=\"2\"><span style=\"font-size: 10pt;\"><span style=\"color: #000000; font-size: 13.3333px;\">SE\/KrA, Meritband,\u00a0<span style=\"color: #333333;\">Dl 4-5, fo 1004<\/span><br \/>\n<\/span><\/span><\/td>\n<td style=\"width: 23.0184%; height: 19px;\" colspan=\"2\"><span style=\"font-size: 13.3333px; color: #0000ff;\"><a style=\"color: #0000ff;\" href=\"https:\/\/sok.riksarkivet.se\/bildvisning\/A0043351_00438#?c=&amp;m=&amp;s=&amp;cv=437&amp;xywh=-380%2C446%2C7095%2C3967\">Regement L\u00f6wenfels<\/a><br \/>\n<\/span><\/td>\n<td style=\"width: 25%; height: 19px;\"><span style=\"font-size: 10pt;\">1760<br \/>\n<\/span><\/td>\n<\/tr>\n<tr style=\"height: 56px;\">\n<td style=\"height: 26px; width: 39.1069%;\" colspan=\"2\"><span style=\"font-size: 10pt;\"><span style=\"color: #000000; font-size: 13.3333px;\">SE\/KrA, Meritband, Dl 4-5, fo 1015<br \/>\n<\/span><\/span><\/td>\n<td style=\"height: 26px; width: 23.0184%;\" colspan=\"2\"><span style=\"font-size: 13.3333px; color: #0000ff;\"><a style=\"color: #0000ff;\" href=\"https:\/\/sok.riksarkivet.se\/bildvisning\/A0043351_00449#?c=&amp;m=&amp;s=&amp;cv=448&amp;xywh=736%2C327%2C4922%2C2752\">\u00d6fverste-Lieutenant Meijerfeldts Compagnie<\/a><br \/>\n<\/span><\/td>\n<td style=\"width: 25%; height: 26px;\"><span style=\"font-size: 10pt;\">1760<br \/>\n<\/span><\/td>\n<\/tr>\n<tr style=\"height: 28px;\">\n<td style=\"width: 39.1069%; height: 28px;\" colspan=\"2\"><span style=\"font-size: 10pt;\"><span style=\"color: #000000; font-size: 13.3333px;\">SE\/RA\/720\/011, vol. 10<\/span><\/span><\/td>\n<td style=\"width: 23.0184%; height: 28px;\" colspan=\"2\"><span style=\"font-size: 13.3333px; color: #0000ff;\"><span style=\"color: #000000; font-size: 10pt;\">Brief aan Johan Sparre af S\u00f6fdeborg<\/span><\/span><\/td>\n<td style=\"width: 25%; height: 28px;\"><span style=\"font-size: 10pt;\">1760<\/span><\/td>\n<\/tr>\n<tr style=\"height: 84px;\">\n<td style=\"width: 36.6667%; height: 20px;\"><span style=\"font-size: 10pt;\">SE\/KrA, Rullor 1517, fol 7<br \/>\n<\/span><\/td>\n<td style=\"height: 20px; width: 25.4586%;\" colspan=\"3\"><span style=\"font-size: 13.3333px; color: #0000ff;\"><a style=\"color: #0000ff;\" href=\"https:\/\/sok.riksarkivet.se\/bildvisning\/A0029685_00007#?c=&amp;m=&amp;s=&amp;cv=6&amp;xywh=-618%2C-413%2C6947%2C4764\">F\u00f6rsta tyska grenadj\u00e4rbataljonen, Staben<\/a><br \/>\n<\/span><\/td>\n<td style=\"width: 25%; height: 20px;\"><span style=\"font-size: 10pt;\">19-11-1761<\/span><\/td>\n<\/tr>\n<tr style=\"height: 84px;\">\n<td style=\"width: 36.6667%; height: 14px;\"><span style=\"font-size: 10pt;\">SE\/KrA, Rullor 1517, fol 242<\/span><\/td>\n<td style=\"height: 14px; width: 25.4586%;\" colspan=\"3\"><span style=\"color: #0000ff;\"><a style=\"font-size: 13.3333px; color: #0000ff;\" href=\"https:\/\/sok.riksarkivet.se\/bildvisning\/A0029685_00121#?c=&amp;m=&amp;s=&amp;cv=120&amp;xywh=1768%2C25%2C4085%2C2801\"><span style=\"font-size: 13.3333px;\">F\u00f6rsta tyska grenadj\u00e4rbataljonen, <\/span>Avskedade<\/a><\/span><\/td>\n<td style=\"width: 25%; height: 14px;\"><span style=\"font-size: 10pt;\">19-11-1761<\/span><\/td>\n<\/tr>\n<tr style=\"height: 84px;\">\n<td style=\"width: 36.6667%; height: 84px;\"><span style=\"font-size: 10pt;\"><span style=\"font-size: 10pt; color: #000000;\">SE\/RA\/Militaria\/V\/6, M1114, fol 23-24<\/span><\/span><\/td>\n<td style=\"width: 25.4586%; height: 84px;\" colspan=\"3\"><span style=\"color: #0000ff;\"><span style=\"font-size: 13.3333px;\"><a style=\"color: #0000ff;\" href=\"https:\/\/meijenfeldt.nl\/wp-content\/uploads\/2023\/02\/M1114-23-24-JAMjr-1762-01-24.pdf\">Brief aan Koning<\/a><\/span><\/span><\/td>\n<td style=\"width: 25%; height: 84px;\"><span style=\"font-size: 10pt;\">24-01-1762<\/span><\/td>\n<\/tr>\n<tr style=\"height: 84px;\">\n<td style=\"width: 36.6667%; height: 10px;\"><span style=\"font-size: 10pt;\">SE\/KrA, Rullor 1277, fol 76 <\/span><\/td>\n<td style=\"width: 25.4586%; height: 10px;\" colspan=\"3\"><span style=\"color: #0000ff;\"><span style=\"font-size: 13.3333px;\"><a style=\"color: #0000ff;\" href=\"https:\/\/sok.riksarkivet.se\/bildvisning\/A0029356_00076#?c=&amp;m=&amp;s=&amp;cv=75&amp;xywh=2263%2C1045%2C4164%2C2754\">Garnizons Regemente Stralsund, \u00f6fwerste L\u00f6wenfels, Meijerfelds Compagnie, major<\/a><\/span><\/span><\/td>\n<td style=\"width: 25%; height: 10px;\"><span style=\"font-size: 10pt;\">12-03-1762<\/span><\/td>\n<\/tr>\n<tr style=\"height: 56px;\">\n<td style=\"width: 36.6667%; height: 56px;\"><span style=\"font-size: 10pt;\"><span style=\"color: #000000; font-size: 13.3333px;\"><span style=\"font-size: 10pt; color: #000000;\">SE\/KrA, 0116. <span style=\"color: #000000;\"><span style=\"font-size: 13.3333px;\">Andra livgrenadj\u00e4rregementet, 039:\u00d6\/0\/44<\/span><\/span><\/span><\/span><\/span><\/td>\n<td style=\"width: 25.4586%; height: 56px;\" colspan=\"3\"><span style=\"color: #000000;\"><span style=\"font-size: 13.3333px;\"><span style=\"font-size: 10pt;\">Arkiv med l\u00f6pande volymnumrering<\/span><\/span><\/span><\/td>\n<td style=\"width: 25%; height: 56px;\"><span style=\"font-size: 10pt;\">1762<\/span><\/td>\n<\/tr>\n<tr style=\"height: 84px;\">\n<td style=\"width: 36.6667%; height: 84px;\"><span style=\"font-size: 10pt;\"><span style=\"color: #000000; font-size: 13.3333px;\"><span style=\"font-size: 10pt; color: #000000;\">SE\/RA\/720849.002, Vol E 5769,\u00a0Tessinska samlingen<\/span><\/span><\/span><\/td>\n<td style=\"height: 84px; width: 25.4586%;\" colspan=\"3\"><span style=\"color: #000000;\"><span style=\"font-size: 13.3333px;\"><span style=\"font-size: 10pt;\">10 brieven van Louise aan Ulrika Lovisa (Ulla) Sparre af Sundby (1711-1768) gm Carl Gustaf Tessin (1695-1770).<\/span><\/span><\/span><\/td>\n<td style=\"width: 25%; height: 84px;\"><span style=\"font-size: 10pt;\">1762-1763<\/span><\/td>\n<\/tr>\n<tr style=\"height: 84px;\">\n<td style=\"width: 36.6667%; height: 10px;\"><span style=\"font-size: 10pt;\">SE\/KrA, Rullor 1278,\u00a0fo 89 <\/span><\/td>\n<td style=\"height: 10px; width: 25.4586%;\" colspan=\"3\"><span style=\"color: #0000ff;\"><span style=\"font-size: 13.3333px;\"><a style=\"color: #0000ff;\" href=\"https:\/\/sok.riksarkivet.se\/bildvisning\/A0029357_00089#?c=&amp;m=&amp;s=&amp;cv=88&amp;xywh=-42%2C-90%2C5998%2C3967\">Garnizons Regemente Stralsund, \u00f6fwerste L\u00f6wenfels, Meijerfelds Compagnie, major<\/a><\/span><\/span><\/td>\n<td style=\"width: 25%; height: 10px;\"><span style=\"font-size: 10pt;\">04-07-1763<\/span><\/td>\n<\/tr>\n<tr style=\"height: 56px;\">\n<td style=\"width: 36.6667%; height: 56px;\"><span style=\"font-size: 10pt; color: #000000;\"><span style=\"font-size: 13.3333px;\"><span style=\"font-size: 10pt;\">SE\/SSA, 0013<br \/>\nE II \/ 1, folio 35<br \/>\n<\/span><\/span><\/span><\/td>\n<td style=\"width: 25.4586%; height: 56px;\" colspan=\"3\"><span style=\"color: #000000;\"><span style=\"font-size: 13.3333px;\"><span style=\"font-size: 10pt;\">Riddarholmens Kyrkoarkiv<br \/>\n<a style=\"color: #000000;\" href=\"https:\/\/sok.riksarkivet.se\/bildvisning\/C0055344_00035#?c=&amp;m=&amp;s=&amp;cv=34&amp;xywh=3085%2C-89%2C2901%2C1791\"><span style=\"color: #0000ff;\">Vigselb\u00f6cker 1738-1807<\/span><br \/>\n<\/a><\/span><\/span><\/span><\/td>\n<td style=\"width: 25%; height: 56px;\"><span style=\"font-size: 10pt; color: #000000;\"><span style=\"font-size: 13.3333px;\"><span style=\"font-size: 13.3333px;\">13-12-1763<\/span><\/span><\/span><\/td>\n<\/tr>\n<tr style=\"height: 84px;\">\n<td style=\"width: 36.6667%; height: 48px;\"><span style=\"font-size: 10pt;\"><span style=\"color: #000000; font-size: 13.3333px;\"><span style=\"font-size: 10pt; color: #000000;\"><span style=\"color: #333333;\">SE\/RA, 420\/422.<br \/>\nSvea Hovr\u00e4tt\u00a0<\/span><\/span><\/span><\/span><\/td>\n<td style=\"height: 48px; width: 25.4586%;\" colspan=\"3\"><span style=\"color: #000000;\"><span style=\"font-size: 13.3333px;\"><span style=\"font-size: 10pt;\">Bruidschat van J.A. Meijerfeldt jr aan Lovisa Augusta Sparre (Zweedse vertaling)<\/span><\/span><\/span><\/td>\n<td style=\"width: 25%; height: 48px;\"><span style=\"font-size: 10pt;\"><span style=\"font-size: 13.3333px;\"><span style=\"color: #000000; font-size: 13.3333px;\">13-12-1763<\/span><\/span><\/span><\/td>\n<\/tr>\n<tr style=\"height: 56px;\">\n<td style=\"width: 36.6667%; height: 21px;\"><span style=\"font-size: 10pt;\"><span style=\"color: #000000; font-size: 13.3333px;\">SE\/RA, 720\/132\/<span style=\"color: #000000;\">009, E 3080<\/span><\/span><\/span><\/td>\n<td style=\"width: 25.4586%; height: 21px;\" colspan=\"3\"><span style=\"color: #0000ff;\"><span style=\"font-size: 13.3333px;\"><span style=\"font-size: 10pt; color: #000000;\"><span style=\"font-size: 10pt;\">8 brieven aan Fredrik Sparre (1731-1803)<br \/>\n<\/span><\/span><\/span><\/span><\/td>\n<td style=\"width: 25%; height: 21px;\"><span style=\"font-size: 10pt;\">1763-1797<br \/>\n<\/span><\/td>\n<\/tr>\n<tr style=\"height: 84px;\">\n<td style=\"width: 36.6667%; height: 25px;\"><span style=\"font-size: 10pt;\">SE\/RA, 720\/132\/002, <span style=\"font-size: 10pt; color: #000000;\">Vol E 3069<\/span><\/span><\/td>\n<td style=\"height: 25px; width: 25.4586%;\" colspan=\"3\"><span style=\"color: #0000ff;\"><span style=\"font-size: 13.3333px;\"><span style=\"color: #000000; font-size: 13.3333px;\">Brief aan Carl Sparre (1723-1791)<\/span><\/span><\/span><\/td>\n<td style=\"width: 25%; height: 25px;\"><span style=\"font-size: 10pt;\">1764<\/span><\/td>\n<\/tr>\n<tr style=\"height: 84px;\">\n<td style=\"width: 36.6667%; height: 38px;\"><span style=\"font-size: 10pt;\">SE\/KrA, Rullor 1359,\u00a0fo 54 <\/span><\/td>\n<td style=\"height: 38px; width: 25.4586%;\" colspan=\"3\"><span style=\"color: #0000ff;\"><span style=\"font-size: 13.3333px;\"><a style=\"color: #0000ff;\" href=\"https:\/\/sok.riksarkivet.se\/bildvisning\/A0029457_00054#?c=&amp;m=&amp;s=&amp;cv=53&amp;xywh=-451%2C305%2C5157%2C3411\">Drottningens livregemente, \u00f6fwerste\u00a0\u00a0H\u00f6pken, \u00d6fwerste=Lieutenants Compagnie, \u00f6fwerste i armeen bef\u00f6rdrat<\/a><\/span><\/span><\/td>\n<td style=\"width: 25%; height: 38px;\"><span style=\"font-size: 10pt;\">13-05-1766<\/span><\/td>\n<\/tr>\n<tr style=\"height: 84px;\">\n<td style=\"height: 23px; width: 39.1069%;\" colspan=\"2\"><span style=\"font-size: 10pt;\"><span style=\"color: #000000; font-size: 13.3333px;\">SE\/KrA, Meritband,\u00a0<span style=\"color: #333333;\">Dl 6, fol 1169<\/span><br \/>\n<\/span><\/span><\/td>\n<td style=\"height: 23px; width: 23.0184%;\" colspan=\"2\"><span style=\"color: #0000ff;\"><span style=\"font-size: 13.3333px;\"><span style=\"font-size: 10pt; color: #000000;\"><span style=\"font-size: 10pt;\"><a style=\"color: #0000ff;\" href=\"https:\/\/sok.riksarkivet.se\/bildvisning\/A0043352_00008#?c=&amp;m=&amp;s=&amp;cv=7&amp;xywh=-22%2C404%2C7093%2C3965\">Regement Sprengtporten<\/a><br \/>\n<\/span><\/span><\/span><\/span><\/td>\n<td style=\"width: 25%; height: 23px;\"><span style=\"font-size: 10pt;\"><span style=\"font-size: 10pt; color: #000000;\">15-05-1766<br \/>\n<\/span><\/span><\/td>\n<\/tr>\n<tr style=\"height: 28px;\">\n<td style=\"width: 39.1069%; height: 28px;\" colspan=\"2\"><span style=\"font-size: 10pt;\"><span style=\"color: #000000; font-size: 13.3333px;\">SE\/SSA, 0013<br \/>\nC I \/ 2, folio 177<br \/>\n<\/span><\/span><\/td>\n<td style=\"width: 23.0184%; height: 28px;\" colspan=\"2\"><span style=\"color: #0000ff;\"><span style=\"font-size: 13.3333px;\"><span style=\"font-size: 10pt; color: #000000;\"><span style=\"font-size: 10pt;\">Riddarholmens Kyrkoarkiv<br \/>\n<a href=\"https:\/\/sok.riksarkivet.se\/bildvisning\/C0055335_00177#?c=&amp;m=&amp;s=&amp;cv=176&amp;xywh=3634%2C3402%2C2825%2C1743\"><span style=\"color: #0000ff;\">F\u00f6delse- och Dopb\u00f6cker 1738-1793<\/span><\/a><br \/>\n<\/span><\/span><\/span><\/span><\/td>\n<td style=\"width: 25%; height: 28px;\"><span style=\"font-size: 10pt;\"><span style=\"font-size: 10pt; color: #000000;\">12-11-1766<br \/>\n14-11-1766<\/span><\/span><\/td>\n<\/tr>\n<tr style=\"height: 84px;\">\n<td style=\"width: 39.1069%; height: 48px;\" colspan=\"2\"><span style=\"font-size: 10pt;\"><span style=\"color: #000000; font-size: 13.3333px;\">SE\/RA\/720849.002, <span style=\"font-size: 10pt; color: #000000;\">Vol E 5769<\/span><\/span><\/span><\/td>\n<td style=\"width: 23.0184%; height: 48px;\" colspan=\"2\"><span style=\"color: #0000ff;\"><span style=\"font-size: 13.3333px;\"><span style=\"font-size: 10pt; color: #000000;\"><span style=\"font-size: 10pt;\"><span style=\"color: #000000; font-size: 13.3333px;\">Brief aan Ulrika Lovisa (Ulla) Sparre af Sundby (1711-1768)<\/span><\/span><\/span><\/span><\/span><\/td>\n<td style=\"width: 25%; height: 48px;\"><span style=\"font-size: 10pt;\"><span style=\"font-size: 10pt; color: #000000;\">1766<\/span><\/span><\/td>\n<\/tr>\n<tr style=\"height: 84px;\">\n<td style=\"width: 36.6667%; height: 84px;\"><span style=\"font-size: 10pt;\"><span style=\"color: #000000; font-size: 13.3333px;\"><span style=\"font-size: 10pt; color: #000000;\">SE\/RA\/720849.002, <\/span><span style=\"font-size: 10pt; color: #000000;\">Vol E 5769<\/span><\/span><\/span><\/td>\n<td style=\"width: 25.4586%; height: 84px;\" colspan=\"3\"><span style=\"color: #0000ff;\"><span style=\"font-size: 13.3333px;\"><span style=\"font-size: 10pt; color: #000000;\"><span style=\"font-size: 10pt;\"><span style=\"color: #000000; font-size: 13.3333px;\">Louise aan Ulrika Lovisa (Ulla) Sparre af Sundby (1711-1768) gm Carl Gustaf Tessin (1695-1770)<\/span><\/span><\/span><\/span><\/span><\/td>\n<td style=\"width: 25%; height: 84px;\"><span style=\"font-size: 10pt;\"><span style=\"font-size: 10pt; color: #000000;\">1676-1768<\/span><\/span><\/td>\n<\/tr>\n<tr style=\"height: 84px;\">\n<td style=\"width: 36.6667%; height: 84px;\"><span style=\"font-size: 10pt;\"><span style=\"color: #000000; font-size: 13.3333px;\">SE\/KrA, Rullor <span style=\"color: #000000; font-size: 10pt;\">1360, fol 49<\/span><\/span><\/span><\/td>\n<td style=\"height: 84px; width: 25.4586%;\" colspan=\"3\"><span style=\"color: #0000ff;\"><span style=\"font-size: 13.3333px;\"><span style=\"font-size: 10pt; color: #000000;\"><span style=\"font-size: 10pt;\"><a style=\"color: #0000ff;\" href=\"https:\/\/sok.riksarkivet.se\/bildvisning\/A0029458_00049#?c=&amp;m=&amp;s=&amp;cv=48&amp;xywh=393%2C730%2C4165%2C2755\">Drottningens livregemente, \u00f6fwerste H\u00f6pken, \u00d6fwerste=Lieutenants Compagnie, \u00f6fwerste i armeen, vijstas i Stockholm<\/a><\/span><\/span><\/span><\/span><\/td>\n<td style=\"width: 25%; height: 84px;\"><span style=\"font-size: 10pt;\"><span style=\"font-size: 10pt; color: #000000;\">20-06-1768<\/span><\/span><\/td>\n<\/tr>\n<tr style=\"height: 28px;\">\n<td style=\"width: 39.1069%; height: 28px;\" colspan=\"2\"><span style=\"font-size: 10pt;\"><span style=\"color: #000000; font-size: 13.3333px;\">SE\/KrA, Meritband, Dl 17, fol 327\u00a0<\/span><\/span><\/td>\n<td style=\"width: 23.0184%; height: 28px;\" colspan=\"2\"><span style=\"color: #0000ff;\"><span style=\"font-size: 13.3333px;\"><span style=\"font-size: 10pt; color: #000000;\"><span style=\"font-size: 10pt;\"><span style=\"color: #000000; font-size: 13.3333px;\"><a style=\"color: #0000ff;\" href=\"https:\/\/sok.riksarkivet.se\/bildvisning\/A0043361_00354#?c=&amp;m=&amp;s=&amp;cv=353&amp;xywh=-412%2C327%2C7093%2C3966\">Drottningens Lif Regemente<\/a><\/span><\/span><\/span><\/span><\/span><\/td>\n<td style=\"width: 25%; height: 28px;\"><span style=\"font-size: 10pt;\"><span style=\"font-size: 10pt; color: #000000;\">1768<\/span><\/span><\/td>\n<\/tr>\n<tr style=\"height: 84px;\">\n<td style=\"height: 40px; width: 39.1069%;\" colspan=\"2\"><span style=\"font-size: 10pt;\"><span style=\"color: #000000; font-size: 13.3333px;\">SE\/RA\/720\/805\/006, <span style=\"font-size: 10pt; color: #000000;\">Vol E 5508<\/span><\/span><\/span><\/td>\n<td style=\"height: 40px; width: 23.0184%;\" colspan=\"2\"><span style=\"color: #0000ff;\"><span style=\"font-size: 13.3333px;\"><span style=\"font-size: 10pt; color: #000000;\"><span style=\"font-size: 10pt;\"><span style=\"color: #000000; font-size: 13.3333px;\">Brief van Johan Wilhelm Sprengtporten (1720-1795)<\/span><\/span><\/span><\/span><\/span><span style=\"color: #0000ff;\"><span style=\"font-size: 13.3333px;\"><span style=\"font-size: 10pt; color: #000000;\"><span style=\"font-size: 10pt;\"><span style=\"color: #000000; font-size: 13.3333px;\"><br \/>\n<\/span><\/span><\/span><\/span><\/span><\/td>\n<td style=\"width: 25%; height: 40px;\"><span style=\"font-size: 10pt;\"><span style=\"font-size: 10pt; color: #000000;\">1768<\/span><\/span><\/td>\n<\/tr>\n<tr style=\"height: 84px;\">\n<td style=\"height: 17px; width: 39.1069%;\" colspan=\"2\"><span style=\"font-size: 10pt;\">KB1\/1,<\/span> <span style=\"font-size: 10pt; color: #000000;\">Autografsamlingen<\/span><\/td>\n<td style=\"height: 17px; width: 23.0184%;\" colspan=\"2\"><span style=\"color: #0000ff;\"><span style=\"font-size: 13.3333px;\"><span style=\"font-size: 10pt; color: #000000;\"><span style=\"font-size: 10pt;\"><span style=\"color: #000000; font-size: 13.3333px;\">S\u00f6fdeborg, aan Carl Gustaf <a style=\"color: #0000ff;\" href=\"https:\/\/meijenfeldt.nl\/wp-content\/uploads\/2020\/09\/1769-JAjr-aan-Tessin.pdf\">Tessin<\/a> (1695-1770)<\/span><\/span><\/span><\/span><\/span><span style=\"color: #0000ff;\"><span style=\"font-size: 13.3333px;\"><span style=\"font-size: 10pt; color: #000000;\"><span style=\"font-size: 10pt;\"><span style=\"color: #000000; font-size: 13.3333px;\"><br \/>\n<\/span><\/span><\/span><\/span><\/span><\/td>\n<td style=\"width: 25%; height: 17px;\"><span style=\"font-size: 10pt;\"><span style=\"font-size: 10pt; color: #000000;\"><span style=\"color: #000000; font-size: 13.3333px;\">02-01-1769<\/span><\/span><\/span><\/td>\n<\/tr>\n<tr style=\"height: 28px;\">\n<td style=\"width: 39.1069%; height: 28px;\" colspan=\"2\"><span style=\"font-size: 10pt;\"><span style=\"color: #000000; font-size: 13.3333px;\">SE\/KrA, Meritband, Dl 17, fol 336\u00a0<\/span><\/span><\/td>\n<td style=\"width: 23.0184%; height: 28px;\" colspan=\"2\"><span style=\"color: #0000ff;\"><span style=\"font-size: 13.3333px;\"><span style=\"font-size: 10pt;\"><span style=\"font-size: 10pt;\"><span style=\"font-size: 13.3333px;\"><a style=\"color: #0000ff;\" href=\"https:\/\/sok.riksarkivet.se\/bildvisning\/A0043361_00364#?c=&amp;m=&amp;s=&amp;cv=363&amp;xywh=-280%2C198%2C7093%2C3965\">Drottningens Lif Regemente\u00a0<\/a><\/span><\/span><\/span><\/span><\/span><\/td>\n<td style=\"width: 25%; height: 28px;\"><span style=\"font-size: 10pt;\"><span style=\"font-size: 10pt; color: #000000;\"><span style=\"color: #000000; font-size: 13.3333px;\">1769<\/span><\/span><\/span><\/td>\n<\/tr>\n<tr style=\"height: 28px;\">\n<td style=\"height: 28px; width: 39.1069%;\" colspan=\"2\"><span style=\"font-size: 10pt;\"><span style=\"color: #000000; font-size: 13.3333px;\">SE\/KrA, Biografica 003\/M\/8, 294\u00a0<\/span><\/span><\/td>\n<td style=\"height: 28px; width: 23.0184%;\" colspan=\"2\"><span style=\"color: #0000ff;\"><span style=\"font-size: 13.3333px;\"><span style=\"font-size: 10pt;\"><span style=\"font-size: 10pt;\"><span style=\"font-size: 13.3333px;\"><a style=\"color: #0000ff;\" href=\"https:\/\/sok.riksarkivet.se\/bildvisning\/A0066512_00294#?c=&amp;m=&amp;s=&amp;cv=293&amp;xywh=3078%2C112%2C1892%2C1464\">L\u00f6fwenfeldska regementet<\/a><\/span><\/span><\/span><\/span><\/span><\/td>\n<td style=\"width: 25%; height: 28px;\"><span style=\"font-size: 10pt;\"><span style=\"font-size: 10pt; color: #000000;\"><span style=\"color: #000000; font-size: 13.3333px;\">16-03-1770<\/span><\/span><\/span><\/td>\n<\/tr>\n<tr style=\"height: 84px;\">\n<td style=\"width: 39.1069%; height: 84px;\" colspan=\"2\"><span style=\"font-size: 10pt;\"><span style=\"color: #000000; font-size: 13.3333px;\"><span style=\"font-size: 10pt; color: #000000;\">SE\/RA\/Militaria\/V\/6, M1114, fol 21-22<\/span><\/span><\/span><\/td>\n<td style=\"width: 23.0184%; height: 84px;\" colspan=\"2\"><span style=\"color: #0000ff;\"><span style=\"font-size: 13.3333px;\"><span style=\"font-size: 10pt;\"><span style=\"font-size: 10pt;\"><span style=\"font-size: 13.3333px;\"><a href=\"https:\/\/meijenfeldt.nl\/wp-content\/uploads\/2023\/02\/M1114-21-22-CFMjr-1770-04-19.pdf\"><span style=\"color: #0000ff;\">Brief aan Koning<\/span><\/a><\/span><\/span><\/span><\/span><\/span><\/td>\n<td style=\"width: 25%; height: 84px;\"><span style=\"font-size: 10pt;\"><span style=\"font-size: 10pt; color: #000000;\"><span style=\"color: #000000; font-size: 13.3333px;\">19-04-1770<\/span><\/span><\/span><\/td>\n<\/tr>\n<tr style=\"height: 168px;\">\n<td style=\"width: 36.6667%; height: 47px;\"><span style=\"font-size: 10pt;\"><span style=\"color: #000000; font-size: 13.3333px;\">SE\/KrA, Rullor\u00a0<span style=\"color: #000000; font-size: 10pt;\">747, fo 2-3<\/span><br \/>\n<\/span><\/span><\/td>\n<td style=\"width: 25.4586%; height: 47px;\" colspan=\"3\"><span style=\"color: #0000ff;\"><span style=\"font-size: 13.3333px;\"><span style=\"font-size: 10pt; color: #000000;\"><span style=\"font-size: 10pt;\"><a style=\"color: #0000ff;\" href=\"https:\/\/sok.riksarkivet.se\/bildvisning\/A0028750_00009#?c=&amp;m=&amp;s=&amp;cv=8&amp;xywh=-175%2C574%2C5532%2C3476\">W\u00e4sterbottns Infanterie regemente, \u00f6fwerste, general major i armeen<\/a><\/span><\/span><\/span><\/span><\/td>\n<td style=\"width: 25%; height: 47px;\"><span style=\"font-size: 10pt;\"><span style=\"font-size: 10pt; color: #000000;\">02-05-1770<br \/>\n01-11-1773<\/span><\/span><\/td>\n<\/tr>\n<tr style=\"height: 84px;\">\n<td style=\"width: 36.6667%; height: 84px;\"><span style=\"font-size: 10pt;\"><span style=\"color: #000000; font-size: 13.3333px;\">SE\/KrA, Rullor<span style=\"color: #000000; font-size: 10pt;\">1361, fol 53<\/span><\/span><\/span><\/td>\n<td style=\"height: 84px; width: 25.4586%;\" colspan=\"3\"><span style=\"color: #0000ff;\"><span style=\"font-size: 13.3333px;\"><span style=\"font-size: 10pt; color: #000000;\"><span style=\"font-size: 10pt;\"><a style=\"color: #0000ff;\" href=\"https:\/\/sok.riksarkivet.se\/bildvisning\/A0029459_00053#?c=&amp;m=&amp;s=&amp;cv=52&amp;xywh=58%2C479%2C4999%2C3306\">Drottningens livregemente, \u00f6fwerste H\u00f6pken, \u00d6fwerste=Lieutenants Compagnie, \u00f6fwerste i armeen, vacant<\/a><\/span><\/span><\/span><\/span><\/td>\n<td style=\"width: 25%; height: 84px;\"><span style=\"font-size: 10pt;\"><span style=\"font-size: 10pt; color: #000000;\">21-06-1770<\/span><\/span><\/td>\n<\/tr>\n<tr style=\"height: 84px;\">\n<td style=\"width: 39.1069%; height: 19px;\" colspan=\"2\"><span style=\"font-size: 10pt;\"><span style=\"color: #000000; font-size: 13.3333px;\">SE\/RA\/481\/01\/01\/D\/D II dc\/51 Mat-Meu<\/span><\/span><\/td>\n<td style=\"width: 23.0184%; height: 19px;\" colspan=\"2\"><span style=\"color: #0000ff;\"><span style=\"font-size: 13.3333px;\"><span style=\"font-size: 10pt; color: #000000;\"><span style=\"font-size: 10pt;\"><span style=\"color: #000000; font-size: 13.3333px;\">Statskontoret aan koning<\/span><\/span><\/span><\/span><\/span><\/td>\n<td style=\"width: 25%; height: 19px;\"><span style=\"font-size: 10pt;\"><span style=\"font-size: 10pt; color: #000000;\"><span style=\"color: #000000; font-size: 13.3333px;\">27-03-1770<\/span><\/span><\/span><\/td>\n<\/tr>\n<tr style=\"height: 84px;\">\n<td style=\"width: 39.1069%; height: 18px;\" colspan=\"2\"><span style=\"font-size: 10pt;\"><span style=\"color: #000000; font-size: 13.3333px;\">SE\/KrA, Meritband, Dl 9, fol 386<br \/>\n<\/span><\/span><\/td>\n<td style=\"width: 23.0184%; height: 18px;\" colspan=\"2\"><span style=\"color: #0000ff;\"><span style=\"font-size: 13.3333px;\"><span style=\"font-size: 10pt; color: #000000;\"><span style=\"font-size: 10pt;\"><a style=\"color: #0000ff;\" href=\"https:\/\/sok.riksarkivet.se\/bildvisning\/A0043354_00417#?c=&amp;m=&amp;s=&amp;cv=416&amp;xywh=275%2C292%2C5912%2C3305\">Westerbottens\u00a0<\/a><a style=\"color: #0000ff;\" href=\"https:\/\/sok.riksarkivet.se\/bildvisning\/A0043354_00417#?c=&amp;m=&amp;s=&amp;cv=416&amp;xywh=275%2C292%2C5912%2C3305\"><span style=\"font-size: 10pt;\">Regemente<\/span><\/a><br \/>\n<\/span><\/span><\/span><\/span><\/td>\n<td style=\"width: 25%; height: 18px;\"><span style=\"font-size: 10pt;\"><span style=\"font-size: 10pt; color: #000000;\">23-11-1771<br \/>\n<\/span><\/span><\/td>\n<\/tr>\n<tr style=\"height: 84px;\">\n<td style=\"height: 42px; width: 39.1069%;\" colspan=\"2\"><span style=\"font-size: 10pt;\"><span style=\"color: #000000; font-size: 13.3333px;\">KB SB 17 Dep. 269, vol. 7:1<br \/>\nAcc. 2013\/73\u00a0<\/span><\/span><\/td>\n<td style=\"height: 42px; width: 23.0184%;\" colspan=\"2\"><span style=\"color: #0000ff;\"><span style=\"font-size: 13.3333px;\"><span style=\"font-size: 10pt; color: #000000;\"><span style=\"font-size: 10pt;\"><span style=\"color: #000000; font-size: 13.3333px;\">Samfundet Societas svecana Pro Fide et Christianismo<br \/>\n<\/span><\/span><\/span><\/span><\/span><\/td>\n<td style=\"width: 25%; height: 42px;\"><span style=\"font-size: 10pt;\"><span style=\"font-size: 10pt; color: #000000;\"><span style=\"color: #000000; font-size: 13.3333px;\">1772<\/span><\/span><\/span><\/td>\n<\/tr>\n<tr style=\"height: 28px;\">\n<td style=\"height: 28px; width: 39.1069%;\" colspan=\"2\"><span style=\"font-size: 10pt;\"><span style=\"color: #000000; font-size: 13.3333px;\">KB SB 17 Ep. E 10, vol. 3<\/span><\/span><\/td>\n<td style=\"height: 28px; width: 23.0184%;\" colspan=\"2\"><span style=\"color: #0000ff;\"><span style=\"font-size: 13.3333px;\"><span style=\"font-size: 10pt; color: #000000;\"><span style=\"font-size: 10pt;\"><span style=\"color: #000000; font-size: 13.3333px;\">Brief aan Lars von Engestr\u00f6m (1751-1826)<\/span><\/span><\/span><\/span><\/span><\/td>\n<td style=\"width: 25%; height: 28px;\"><span style=\"font-size: 10pt;\"><span style=\"font-size: 10pt; color: #000000;\"><span style=\"color: #000000; font-size: 13.3333px;\">\u00a0<\/span><\/span><\/span><\/td>\n<\/tr>\n<tr style=\"height: 28px;\">\n<td style=\"width: 39.1069%; height: 28px;\" colspan=\"2\"><span style=\"font-size: 10pt;\"><span style=\"color: #000000; font-size: 13.3333px;\">KB SB 17 Ep. K 6, vol. 1-6<\/span><\/span><\/td>\n<td style=\"width: 23.0184%; height: 28px;\" colspan=\"2\"><span style=\"color: #0000ff;\"><span style=\"font-size: 13.3333px;\"><span style=\"font-size: 10pt; color: #000000;\"><span style=\"font-size: 10pt;\"><span style=\"color: #000000; font-size: 13.3333px;\">3 brieven aan Carl Nathanel af Klercker<\/span><\/span><\/span><\/span><\/span><\/td>\n<td style=\"width: 25%; height: 28px;\"><span style=\"font-size: 10pt;\"><span style=\"font-size: 10pt; color: #000000;\"><span style=\"color: #000000; font-size: 13.3333px;\">\u00a0<\/span><\/span><\/span><\/td>\n<\/tr>\n<tr style=\"height: 84px;\">\n<td style=\"width: 39.1069%; height: 18px;\" colspan=\"2\"><span style=\"font-size: 10pt;\"><span style=\"color: #000000; font-size: 13.3333px;\">SE\/KrA, Meritband, Dl 9, fol 893<br \/>\n<\/span><\/span><\/td>\n<td style=\"width: 23.0184%; height: 18px;\" colspan=\"2\"><span style=\"color: #0000ff;\"><span style=\"font-size: 13.3333px;\"><span style=\"font-size: 10pt; color: #000000;\"><span style=\"font-size: 10pt;\"><a style=\"color: #0000ff;\" href=\"https:\/\/sok.riksarkivet.se\/bildvisning\/A0043354_00956#?c=&amp;m=&amp;s=&amp;cv=955&amp;xywh=1228%2C431%2C4925%2C2754\">W\u00e4sterbottens Regemente<\/a><br \/>\n<\/span><\/span><\/span><\/span><\/td>\n<td style=\"width: 25%; height: 18px;\"><span style=\"font-size: 10pt;\"><span style=\"font-size: 10pt; color: #000000;\">30-05-1774<br \/>\n<\/span><\/span><\/td>\n<\/tr>\n<tr style=\"height: 56px;\">\n<td style=\"height: 13px; width: 39.1069%;\" colspan=\"2\"><span style=\"font-size: 10pt;\"><span style=\"color: #000000; font-size: 13.3333px;\">SE\/RA, 720\/132\/009, <span style=\"font-size: 10pt; color: #000000;\">Vol E 3080<\/span><br \/>\n<\/span><\/span><\/td>\n<td style=\"height: 13px; width: 23.0184%;\" colspan=\"2\"><span style=\"color: #0000ff;\"><span style=\"font-size: 13.3333px;\"><span style=\"font-size: 10pt; color: #000000;\"><span style=\"font-size: 10pt;\">Brief aan zijn schoonmoeder<br \/>\n<\/span><\/span><\/span><\/span><\/td>\n<td style=\"width: 25%; height: 13px;\"><span style=\"font-size: 10pt;\"><span style=\"font-size: 10pt; color: #000000;\">1774<br \/>\n<\/span><\/span><\/td>\n<\/tr>\n<tr style=\"height: 28px;\">\n<td style=\"width: 39.1069%; height: 28px;\" colspan=\"2\"><span style=\"font-size: 10pt;\"><span style=\"color: #000000; font-size: 13.3333px;\">SE\/RA, 720\/132\/<span style=\"color: #000000;\">002, Vol E 3061<\/span><\/span><\/span><\/td>\n<td style=\"width: 23.0184%; height: 28px;\" colspan=\"2\"><span style=\"color: #0000ff;\"><span style=\"font-size: 13.3333px;\"><span style=\"font-size: 10pt; color: #000000;\"><span style=\"font-size: 10pt;\">Brief aan Carl Sparre<\/span><\/span><\/span><\/span><\/td>\n<td style=\"width: 25%; height: 28px;\"><span style=\"font-size: 10pt;\"><span style=\"font-size: 10pt; color: #000000;\">1774<\/span><\/span><\/td>\n<\/tr>\n<tr style=\"height: 56px;\">\n<td style=\"width: 39.1069%; height: 56px;\" colspan=\"2\"><span style=\"font-size: 10pt;\"><span style=\"color: #000000; font-size: 13.3333px;\">SE\/RA\/720132.009 Vol E 3081,\u00a0<span style=\"font-size: 10pt;\">B\u00f6rstorpsamlingen<\/span><br \/>\n<\/span><\/span><\/td>\n<td style=\"width: 23.0184%; height: 56px;\" colspan=\"2\"><span style=\"color: #0000ff;\"><span style=\"font-size: 13.3333px;\"><span style=\"font-size: 10pt; color: #000000;\"><span style=\"font-size: 10pt;\">Brief van Louise a<span style=\"font-size: 10pt; color: #000000;\">an haar moeder<\/span><br \/>\n<\/span><\/span><\/span><\/span><\/td>\n<td style=\"width: 25%; height: 56px;\"><span style=\"font-size: 10pt;\"><span style=\"font-size: 10pt; color: #000000;\">?<\/span><\/span><\/td>\n<\/tr>\n<tr style=\"height: 196px;\">\n<td style=\"width: 36.6667%; height: 196px;\"><span style=\"font-size: 10pt;\"><span style=\"color: #000000; font-size: 13.3333px;\"><span style=\"font-size: 10pt; color: #000000;\">WT 1777 II: fol 64, fol 65v, fol 72<\/span><\/span><\/span><\/td>\n<td style=\"height: 196px; width: 25.4586%;\" colspan=\"3\"><span style=\"font-size: 10pt; color: #0000ff;\"><span style=\"font-size: 13.3333px;\"><span style=\"font-size: 10pt;\"><span style=\"color: #0000ff;\"><a style=\"color: #0000ff;\" href=\"https:\/\/digitale-bibliothek-mv.de\/viewer\/fullscreen\/PPN_STA-HWI_obj_5367018\/65\/\">Arhendatoris Fabricius zu Langenfelde, wieder die gr\u00e4fl: Meijerfeltschen curatores, in Sachen entnommener Ochsten, Libello<\/a><br \/>\n<\/span><\/span><\/span><\/span><\/td>\n<td style=\"width: 25%; height: 196px;\"><span style=\"font-size: 10pt;\"><span style=\"font-size: 10pt; color: #000000;\">10-04-1777<br \/>\n<\/span><\/span><\/td>\n<\/tr>\n<tr style=\"height: 28px;\">\n<td style=\"width: 36.6667%; height: 28px;\"><span style=\"font-size: 10pt;\"><span style=\"color: #000000; font-size: 13.3333px;\"><span style=\"font-size: 10pt; color: #000000;\">SE\/KrA, Meritband, Dl 14, fol 907<\/span><\/span><\/span><\/td>\n<td style=\"width: 25.4586%; height: 28px;\" colspan=\"3\"><span style=\"font-size: 10pt; color: #0000ff;\"><span style=\"font-size: 13.3333px;\"><span style=\"font-size: 10pt;\"><a style=\"color: #0000ff;\" href=\"https:\/\/sok.riksarkivet.se\/bildvisning\/A0043359_00997#?c=&amp;m=&amp;s=&amp;cv=996&amp;xywh=560%2C-9%2C5913%2C3306\">W\u00e4sterbottens\u00a0<\/a><a style=\"color: #0000ff;\" href=\"https:\/\/sok.riksarkivet.se\/bildvisning\/A0043359_00997#?c=&amp;m=&amp;s=&amp;cv=996&amp;xywh=560%2C-9%2C5913%2C3306\">Regemente<\/a><\/span><\/span><\/span><\/td>\n<td style=\"width: 25%; height: 28px;\"><span style=\"font-size: 10pt;\"><span style=\"font-size: 10pt; color: #000000;\">1777<\/span><\/span><\/td>\n<\/tr>\n<tr style=\"height: 196px;\">\n<td style=\"width: 36.6667%; height: 196px;\"><span style=\"font-size: 10pt;\"><span style=\"color: #000000; font-size: 13.3333px;\"><span style=\"font-size: 10pt; color: #000000;\">WT 1778 III: fol 44, fol 49, fol 55<\/span><\/span><\/span><\/td>\n<td style=\"width: 25.4586%; height: 196px;\" colspan=\"3\"><span style=\"font-size: 10pt; color: #0000ff;\"><span style=\"font-size: 13.3333px;\"><span style=\"font-size: 10pt;\"><a href=\"https:\/\/digitale-bibliothek-mv.de\/viewer\/fullscreen\/PPN_STA-HWI_obj_5367023\/45\/\"><span style=\"color: #0000ff;\">Arhendatoris Fabricius zu Langenfelde, wieder die gr\u00e4fl: Meijerfeltschen curatores, in Sachen entnom, Continuata<\/span><\/a><br \/>\n<\/span><\/span><\/span><\/td>\n<td style=\"width: 25%; height: 196px;\"><span style=\"font-size: 10pt;\"><span style=\"font-size: 10pt; color: #000000;\">11-05-1778<br \/>\n<\/span><\/span><\/td>\n<\/tr>\n<tr style=\"height: 168px;\">\n<td style=\"width: 36.6667%; height: 168px;\"><span style=\"font-size: 10pt;\"><span style=\"color: #000000; font-size: 13.3333px;\"><span style=\"font-size: 10pt; color: #000000;\">WT 1778 III: fol 61, fol 65v<\/span><\/span><\/span><\/td>\n<td style=\"width: 25.4586%; height: 168px;\" colspan=\"3\"><span style=\"font-size: 10pt; color: #0000ff;\"><span style=\"font-size: 13.3333px;\"><span style=\"font-size: 10pt;\"><a style=\"color: #0000ff;\" href=\"https:\/\/digitale-bibliothek-mv.de\/viewer\/fullscreen\/PPN_STA-HWI_obj_5367023\/62\/\">Arhendatoris Fabricius zu Langenfelde, wieder die gr\u00e4fl: Meijerfeltschen curatores, in Sachen entnom, Votum Correlativum<\/a><br \/>\n<\/span><\/span><\/span><\/td>\n<td style=\"width: 25%; height: 168px;\"><span style=\"font-size: 10pt;\"><span style=\"font-size: 10pt; color: #000000;\">02-07-1778<br \/>\n<\/span><\/span><\/td>\n<\/tr>\n<tr style=\"height: 56px;\">\n<td style=\"width: 36.6667%; height: 56px;\"><span style=\"font-size: 10pt;\"><span style=\"color: #000000; font-size: 13.3333px;\"><span style=\"font-size: 10pt; color: #000000;\">SE\/KrA, 0321. Meritf\u00f6rteckningar, 248<\/span><\/span><\/span><\/td>\n<td style=\"height: 56px; width: 25.4586%;\" colspan=\"3\"><span style=\"font-size: 10pt; color: #0000ff;\"><span style=\"font-size: 13.3333px;\"><span style=\"font-size: 10pt;\"><a style=\"color: #0000ff;\" href=\"https:\/\/sok.riksarkivet.se\/bildvisning\/A0004242_00248#?c=&amp;m=&amp;s=&amp;cv=247&amp;xywh=89%2C746%2C4059%2C2167\">General-Lieutenant och Commendeur Merite F\u00f6rteckning<\/a><\/span><\/span><\/span><\/td>\n<td style=\"width: 25%; height: 56px;\"><span style=\"font-size: 10pt;\"><span style=\"font-size: 10pt; color: #000000;\">27-12-1778<\/span><\/span><\/td>\n<\/tr>\n<tr style=\"height: 84px;\">\n<td style=\"width: 36.6667%; height: 50px;\"><span style=\"font-size: 10pt;\"><span style=\"color: #000000; font-size: 13.3333px;\"><span style=\"font-size: 10pt; color: #000000;\">SE\/KrA, Rullor 748, fol 2-3<\/span><\/span><\/span><\/td>\n<td style=\"height: 50px; width: 25.4586%;\" colspan=\"3\"><span style=\"font-size: 10pt; color: #0000ff;\"><span style=\"font-size: 13.3333px;\"><span style=\"font-size: 10pt;\"><a style=\"color: #0000ff;\" href=\"https:\/\/sok.riksarkivet.se\/bildvisning\/A0028751_00008#?c=&amp;m=&amp;s=&amp;cv=7&amp;xywh=-541%2C224%2C6547%2C4114\">W\u00e4sterbottns Infanterie regemente, \u00f6fwerste, afsked<\/a><\/span><\/span><\/span><span style=\"color: #0000ff;\"><span style=\"font-size: 13.3333px;\"><span style=\"font-size: 10pt; color: #000000;\"><span style=\"font-size: 10pt;\"><span style=\"color: #0000ff;\"><br \/>\n<\/span><\/span><\/span><\/span><\/span><\/td>\n<td style=\"width: 25%; height: 50px;\"><span style=\"font-size: 10pt;\"><span style=\"font-size: 10pt; color: #000000;\">10-02-1779<\/span><\/span><\/td>\n<\/tr>\n<tr style=\"height: 56px;\">\n<td style=\"width: 36.6667%; height: 56px;\"><span style=\"font-size: 10pt;\"><span style=\"color: #000000; font-size: 13.3333px;\"><span style=\"font-size: 10pt; color: #000000;\">SE\/KrA, 0321. Meritf\u00f6rteckningar, 239<\/span><\/span><\/span><\/td>\n<td style=\"width: 25.4586%; height: 56px;\" colspan=\"3\"><span style=\"font-size: 10pt; color: #0000ff;\"><span style=\"font-size: 13.3333px;\"><span style=\"font-size: 10pt;\"><span style=\"color: #0000ff;\"><a style=\"color: #0000ff;\" href=\"https:\/\/sok.riksarkivet.se\/bildvisning\/A0004242_00239#?c=&amp;m=&amp;s=&amp;cv=238&amp;xywh=2227%2C1027%2C2107%2C1125\">General-Lieutenant och Commendeur transporterad\u00a0<\/a><\/span><\/span><\/span><\/span><\/td>\n<td style=\"width: 25%; height: 56px;\"><span style=\"font-size: 10pt;\"><span style=\"font-size: 10pt; color: #000000;\">10-02-1779<\/span><\/span><\/td>\n<\/tr>\n<tr style=\"height: 168px;\">\n<td style=\"width: 36.6667%; height: 168px;\"><span style=\"font-size: 10pt;\"><span style=\"color: #000000; font-size: 13.3333px;\"><span style=\"font-size: 10pt; color: #000000;\">WT 1779 III: fo 2, fo 5v, fo 6<\/span><\/span><\/span><\/td>\n<td style=\"width: 25.4586%; height: 168px;\" colspan=\"3\"><span style=\"color: #0000ff;\"><span style=\"font-size: 13.3333px;\"><span style=\"font-size: 10pt;\"><span style=\"font-size: 10pt;\"><a style=\"color: #0000ff;\" href=\"https:\/\/digitale-bibliothek-mv.de\/viewer\/fullscreen\/PPN_STA-HWI_obj_5367027\/3\/\">Arhendatoris Fabricius zu Langenfelde, wieder die gr\u00e4fl: Meijerfeltschen curatores, in Sachen entnommener Ochsten, Ulterior<\/a><br \/>\n<\/span><\/span><\/span><\/span><\/td>\n<td style=\"width: 25%; height: 168px;\"><span style=\"font-size: 10pt;\"><span style=\"font-size: 10pt; color: #000000;\"><span style=\"color: #000000; font-size: 13.3333px;\">02-06-1779<br \/>\n<\/span><\/span><\/span><\/td>\n<\/tr>\n<tr style=\"height: 28px;\">\n<td style=\"width: 36.6667%; height: 28px;\"><span style=\"font-size: 10pt;\"><span style=\"color: #000000; font-size: 13.3333px;\"><span style=\"font-size: 10pt; color: #000000;\">SE\/KrA, Meritband, Dl 25, fol 147<\/span><\/span><\/span><\/td>\n<td style=\"height: 28px; width: 25.4586%;\" colspan=\"3\"><span style=\"color: #0000ff;\"><span style=\"font-size: 13.3333px;\"><span style=\"font-size: 10pt;\"><span style=\"font-size: 10pt;\"><a style=\"color: #0000ff;\" href=\"https:\/\/sok.riksarkivet.se\/bildvisning\/A0043369_00194#?c=&amp;m=&amp;s=&amp;cv=193&amp;xywh=11%2C290%2C5913%2C3306\">Nerike och Wermelands Regemente<\/a><\/span><\/span><\/span><\/span><\/td>\n<td style=\"width: 25%; height: 28px;\"><span style=\"font-size: 10pt;\"><span style=\"font-size: 10pt; color: #000000;\"><span style=\"color: #000000; font-size: 13.3333px;\">1779<\/span><\/span><\/span><\/td>\n<\/tr>\n<tr style=\"height: 56px;\">\n<td style=\"width: 36.6667%; height: 10px;\"><span style=\"font-size: 10pt;\"><span style=\"color: #000000; font-size: 13.3333px;\"><span style=\"font-size: 10pt; color: #000000;\">SE\/KrA, Rullor 189, fol 1-2<\/span><\/span><\/span><\/td>\n<td style=\"height: 10px; width: 25.4586%;\" colspan=\"3\"><span style=\"color: #0000ff;\"><span style=\"font-size: 13.3333px;\"><span style=\"font-size: 10pt;\"><span style=\"font-size: 10pt;\"><a style=\"color: #0000ff;\" href=\"https:\/\/sok.riksarkivet.se\/bildvisning\/A0028164_00006#?c=&amp;m=&amp;s=&amp;cv=5&amp;xywh=-243%2C180%2C5973%2C3753\">Nerike och Wermelands regemente,\u00a0\u00f6fwerste<\/a>\u00a0<\/span><\/span><\/span><\/span><\/td>\n<td style=\"width: 25%; height: 10px;\"><span style=\"font-size: 10pt;\"><span style=\"font-size: 10pt; color: #000000;\"><span style=\"color: #000000; font-size: 13.3333px;\">1780<br \/>\n<\/span><\/span><\/span><\/td>\n<\/tr>\n<tr style=\"height: 28px;\">\n<td style=\"width: 36.6667%; height: 28px;\"><span style=\"font-size: 10pt;\"><span style=\"color: #000000; font-size: 13.3333px;\"><span style=\"font-size: 10pt; color: #000000;\">SE\/KrA, Meritband, Dl 25, fol 158<\/span><\/span><\/span><\/td>\n<td style=\"height: 28px; width: 25.4586%;\" colspan=\"3\"><span style=\"color: #0000ff;\"><span style=\"font-size: 13.3333px;\"><span style=\"font-size: 10pt;\"><span style=\"font-size: 10pt;\"><a style=\"color: #0000ff;\" href=\"https:\/\/sok.riksarkivet.se\/bildvisning\/A0043369_00205#?c=&amp;m=&amp;s=&amp;cv=204&amp;xywh=10%2C278%2C5912%2C3305\">Nerike och wermelands Regemente<\/a><\/span><\/span><\/span><\/span><\/td>\n<td style=\"width: 25%; height: 28px;\"><span style=\"font-size: 10pt;\"><span style=\"font-size: 10pt; color: #000000;\"><span style=\"color: #000000; font-size: 13.3333px;\">1780<\/span><\/span><\/span><\/td>\n<\/tr>\n<tr style=\"height: 28px;\">\n<td style=\"width: 36.6667%; height: 28px;\"><span style=\"font-size: 10pt;\"><span style=\"color: #000000; font-size: 13.3333px;\"><span style=\"font-size: 10pt; color: #000000;\">SE\/KrA, Meritband, <\/span><\/span>Dl 25, fol 171<\/span><span style=\"font-size: 10pt;\"><span style=\"color: #000000; font-size: 13.3333px;\"><span style=\"font-size: 10pt; color: #000000;\"><br \/>\n<\/span><\/span><\/span><\/td>\n<td style=\"width: 25.4586%; height: 28px;\" colspan=\"3\"><span style=\"color: #0000ff;\"><span style=\"font-size: 13.3333px;\"><span style=\"font-size: 10pt;\"><span style=\"font-size: 10pt;\"><a style=\"color: #0000ff;\" href=\"https:\/\/sok.riksarkivet.se\/bildvisning\/A0043369_00221#?c=&amp;m=&amp;s=&amp;cv=220&amp;xywh=-337%2C368%2C7761%2C4339\">Nerike och Wermelands Regemente<\/a><\/span><\/span><\/span><\/span><\/td>\n<td style=\"width: 25%; height: 28px;\"><span style=\"font-size: 10pt;\"><span style=\"font-size: 10pt; color: #000000;\"><span style=\"color: #000000; font-size: 13.3333px;\">1780<\/span><\/span><\/span><\/td>\n<\/tr>\n<tr style=\"height: 28px;\">\n<td style=\"width: 36.6667%; height: 28px;\"><span style=\"font-size: 10pt;\"><span style=\"color: #000000; font-size: 13.3333px;\"><span style=\"font-size: 10pt; color: #000000;\">SE\/KrA, Meritband, Dl 21, fol 726<\/span><\/span><\/span><\/td>\n<td style=\"height: 28px; width: 25.4586%;\" colspan=\"3\"><span style=\"color: #0000ff;\"><span style=\"font-size: 13.3333px;\"><span style=\"font-size: 10pt;\"><span style=\"font-size: 10pt;\"><a style=\"color: #0000ff;\" href=\"https:\/\/sok.riksarkivet.se\/bildvisning\/A0043365_00803#?c=&amp;m=&amp;s=&amp;cv=802&amp;xywh=-830%2C129%2C8042%2C4496\">Nerike och Wermelands Regemente<\/a><\/span><\/span><\/span><\/span><\/td>\n<td style=\"width: 25%; height: 28px;\"><span style=\"font-size: 10pt;\"><span style=\"font-size: 10pt; color: #000000;\"><span style=\"color: #000000; font-size: 13.3333px;\">1783<\/span><\/span><\/span><\/td>\n<\/tr>\n<tr style=\"height: 28px;\">\n<td style=\"width: 36.6667%; height: 28px;\"><span style=\"font-size: 10pt;\"><span style=\"color: #000000; font-size: 13.3333px;\"><span style=\"font-size: 10pt; color: #000000;\">Gallica<br \/>\n<\/span><\/span><\/span><\/td>\n<td style=\"width: 25.4586%; height: 28px;\" colspan=\"3\"><span style=\"color: #0000ff;\"><span style=\"font-size: 13.3333px;\"><span style=\"font-size: 10pt;\"><span style=\"font-size: 10pt;\"><a style=\"color: #0000ff; font-size: 13.3333px;\" href=\"https:\/\/gallica.bnf.fr\/ark:\/12148\/btv1b10081433k\/f576.item\">Drotningsholm, aan J.J. Oberlin<\/a><br \/>\n<\/span><\/span><\/span><\/span><\/td>\n<td style=\"width: 25%; height: 28px;\"><span style=\"font-size: 10pt;\"><span style=\"font-size: 10pt; color: #000000;\"><span style=\"color: #000000; font-size: 13.3333px;\">12-09-1784<br \/>\n<\/span><\/span><\/span><\/td>\n<\/tr>\n<tr style=\"height: 28px;\">\n<td style=\"width: 36.6667%; height: 28px;\"><span style=\"font-size: 10pt;\"><span style=\"color: #000000; font-size: 13.3333px;\"><span style=\"font-size: 10pt; color: #000000;\">Gallica<br \/>\n<\/span><\/span><\/span><\/td>\n<td style=\"width: 25.4586%; height: 28px;\" colspan=\"3\"><span style=\"color: #0000ff;\"><span style=\"font-size: 13.3333px;\"><span style=\"font-size: 10pt;\"><span style=\"font-size: 10pt;\"><a style=\"color: #0000ff;\" href=\"https:\/\/gallica.bnf.fr\/ark:\/12148\/btv1b10081433k\/f579.item.zoom\">Stockholm, aan J.J. Oberlin<\/a><br \/>\n<\/span><\/span><\/span><\/span><\/td>\n<td style=\"width: 25%; height: 28px;\"><span style=\"font-size: 10pt;\"><span style=\"font-size: 10pt; color: #000000;\"><span style=\"color: #000000; font-size: 13.3333px;\">16-02-1785<br \/>\n<\/span><\/span><\/span><\/td>\n<\/tr>\n<tr style=\"height: 84px;\">\n<td style=\"width: 36.6667%; height: 10px;\"><span style=\"font-size: 10pt;\"><span style=\"color: #000000; font-size: 13.3333px;\"><span style=\"font-size: 10pt; color: #000000;\">SE\/KrA, Rullor 190, fol 1-2<\/span><\/span><\/span><\/td>\n<td style=\"height: 10px; width: 25.4586%;\" colspan=\"3\"><span style=\"color: #0000ff;\"><span style=\"font-size: 13.3333px;\"><span style=\"font-size: 10pt;\"><span style=\"font-size: 10pt;\"><a style=\"color: #0000ff;\" href=\"https:\/\/sok.riksarkivet.se\/bildvisning\/A0028165_00008#?c=&amp;m=&amp;s=&amp;cv=7&amp;xywh=-958%2C-222%2C7229%2C4543\">Nerike och Wermelands regemente,\u00a0\u00f6fwerste<\/a><\/span><\/span><\/span><\/span><\/td>\n<td style=\"width: 25%; height: 10px;\"><span style=\"font-size: 10pt;\"><span style=\"font-size: 10pt; color: #000000;\"><span style=\"color: #000000; font-size: 13.3333px;\">30-06-1785<\/span><\/span><\/span><\/td>\n<\/tr>\n<tr style=\"height: 56px;\">\n<td style=\"width: 36.6667%; height: 26px;\"><span style=\"font-size: 10pt;\"><span style=\"color: #000000; font-size: 13.3333px;\"><span style=\"font-size: 10pt; color: #000000;\"><span style=\"color: #000000;\" title=\"Riksarkivets \u00e4mnessamlingar. Personhistoria, SE\/RA\/756\/756.1\/M\/I\/M 8 b\">SE\/RA, 720\/132\/<span style=\"color: #000000;\">004, Vol E 2960<\/span><\/span><\/span><\/span><\/span><\/td>\n<td style=\"width: 25.4586%; height: 26px;\" colspan=\"3\"><span style=\"font-size: 10pt; color: #0000ff;\"><span style=\"font-size: 13.3333px;\"><span style=\"font-size: 10pt;\"><span title=\"Riksarkivets \u00e4mnessamlingar. Personhistoria, SE\/RA\/756\/756.1\/M\/I\/M 8 b\"><span style=\"color: #000000; font-size: 10pt;\">21 brieven van Louise aan Fredrik Sparre<\/span><\/span><\/span><\/span><\/span><\/td>\n<td style=\"width: 25%; height: 26px;\"><span style=\"font-size: 10pt;\">1785<\/span><\/td>\n<\/tr>\n<tr style=\"height: 28px;\">\n<td style=\"width: 36.6667%; height: 28px;\"><span style=\"font-size: 10pt;\"><span style=\"color: #000000; font-size: 13.3333px;\"><span style=\"font-size: 10pt; color: #000000;\"><span style=\"color: #000000;\" title=\"Riksarkivets \u00e4mnessamlingar. Personhistoria, SE\/RA\/756\/756.1\/M\/I\/M 8 b\">SE\/RA, Biographica, M8b, 17<br \/>\n<\/span><\/span><\/span><\/span><\/td>\n<td style=\"height: 28px; width: 25.4586%;\" colspan=\"3\"><span style=\"font-size: 10pt; color: #0000ff;\"><span style=\"font-size: 13.3333px;\"><span style=\"font-size: 10pt;\"><span title=\"Riksarkivets \u00e4mnessamlingar. Personhistoria, SE\/RA\/756\/756.1\/M\/I\/M 8 b\"><a style=\"color: #0000ff;\" href=\"https:\/\/sok.riksarkivet.se\/bildvisning\/A0069897_00017#?c=&amp;m=&amp;s=&amp;cv=16&amp;xywh=-902%2C341%2C8189%2C3967\">Rekening \u00c5gerup &amp; S\u00f6fdeborg<\/a><br \/>\n<\/span><\/span><\/span><\/span><\/td>\n<td style=\"width: 25%; height: 28px;\"><span style=\"font-size: 10pt;\">16-08-1787<br \/>\n<\/span><\/td>\n<\/tr>\n<tr style=\"height: 28px;\">\n<td style=\"width: 36.6667%; height: 28px;\"><span style=\"font-size: 10pt;\"><span style=\"color: #000000; font-size: 13.3333px;\"><span style=\"font-size: 10pt; color: #000000;\"><span style=\"color: #000000;\" title=\"Riksarkivets \u00e4mnessamlingar. Personhistoria, SE\/RA\/756\/756.1\/M\/I\/M 8 b\"><span style=\"color: #000000;\">SE\/RA\/808\/II\/I\/B\/IBc\/IBc2, <\/span><span style=\"color: #000000;\">E 6620<\/span><\/span><\/span><\/span><\/span><\/td>\n<td style=\"width: 25.4586%; height: 28px;\" colspan=\"3\"><span style=\"font-size: 10pt; color: #0000ff;\"><span style=\"font-size: 13.3333px;\"><span style=\"font-size: 10pt;\"><span title=\"Riksarkivets \u00e4mnessamlingar. Personhistoria, SE\/RA\/756\/756.1\/M\/I\/M 8 b\"><span style=\"color: #000000; font-size: 10pt;\"><span style=\"color: #0000ff;\"><a style=\"color: #0000ff;\" href=\"https:\/\/sok.riksarkivet.se\/bildvisning\/90003466_00324#?c=&amp;m=&amp;s=&amp;cv=323&amp;xywh=30%2C50%2C2168%2C1256\">Brief vanuit Lovisa aan Curt von Stedingk<\/a><\/span><\/span><\/span><\/span><\/span><\/span><\/td>\n<td style=\"width: 25%; height: 28px;\"><span style=\"font-size: 10pt;\">14-01-1788<\/span><\/td>\n<\/tr>\n<tr style=\"height: 84px;\">\n<td style=\"width: 36.6667%; height: 22px;\"><span style=\"font-size: 10pt;\"><span style=\"color: #000000; font-size: 13.3333px;\"><span style=\"font-size: 10pt; color: #000000;\"><span style=\"color: #000000;\" title=\"Riksarkivets \u00e4mnessamlingar. Personhistoria, SE\/RA\/756\/756.1\/M\/I\/M 8 b\">SE\/KrA, Rullor 191, fol 8<\/span><\/span><\/span><\/span><\/td>\n<td style=\"height: 22px; width: 25.4586%;\" colspan=\"3\"><span style=\"font-size: 10pt; color: #0000ff;\"><span style=\"font-size: 13.3333px;\"><span style=\"font-size: 10pt;\"><span title=\"Riksarkivets \u00e4mnessamlingar. Personhistoria, SE\/RA\/756\/756.1\/M\/I\/M 8 b\"><a style=\"color: #0000ff;\" href=\"https:\/\/sok.riksarkivet.se\/bildvisning\/A0028166_00008#?c=&amp;m=&amp;s=&amp;cv=7&amp;xywh=273%2C175%2C6186%2C3900\">Nerike och Wermelands regemente,\u00a0\u00f6fwerste<\/a><\/span><\/span><\/span><\/span><span style=\"color: #0000ff;\"><span style=\"font-size: 13.3333px;\"><span style=\"font-size: 10pt; color: #000000;\"><span style=\"font-size: 10pt;\"><span style=\"color: #0000ff;\"><br \/>\n<\/span><\/span><\/span><\/span><\/span><\/td>\n<td style=\"width: 25%; height: 22px;\"><span style=\"font-size: 10pt;\">08-07-1788<\/span><\/td>\n<\/tr>\n<tr style=\"height: 56px;\">\n<td style=\"width: 39.1069%; height: 56px;\" colspan=\"2\"><span style=\"font-size: 10pt;\"><span style=\"color: #000000; font-size: 13.3333px;\"><span style=\"font-size: 10pt; color: #000000;\">SE\/KrA, 0321. Meritf\u00f6rteckningar, 265, 270, 276<\/span><\/span><\/span><\/td>\n<td style=\"width: 23.0184%; height: 56px;\" colspan=\"2\"><span style=\"font-size: 13.3333px;\"><span style=\"font-size: 10pt;\"><span style=\"font-size: 10pt;\"><span style=\"font-size: 10pt; color: #000000;\"><a style=\"color: #0000ff;\" href=\"https:\/\/sok.riksarkivet.se\/bildvisning\/A0004242_00265#?c=&amp;m=&amp;s=&amp;cv=264&amp;xywh=2066%2C1793%2C2849%2C1593\">General-Lieutenant och Commendeur merit f\u00f6rteckning<\/a><\/span><\/span><\/span><\/span><\/td>\n<td style=\"width: 25%; height: 56px;\"><span style=\"font-size: 10pt;\"><span style=\"font-size: 10pt; color: #000000;\">1788<\/span><\/span><\/td>\n<\/tr>\n<tr style=\"height: 112px;\">\n<td style=\"height: 46px; width: 39.1069%;\" colspan=\"2\"><span style=\"font-size: 10pt;\"><span style=\"color: #000000; font-size: 13.3333px;\"><span style=\"font-size: 10pt; color: #000000;\">Universiteit Helsinki,\u00a0<span style=\"font-size: 10pt;\">Johan August Meijerfelt Coll. 144,\u00a0va<\/span><span style=\"font-size: 10pt;\">n 144.1\u00a0a<\/span><span style=\"font-size: 10pt;\">an 144.2<\/span><br \/>\n<\/span><\/span><\/span><\/td>\n<td style=\"height: 46px; width: 23.0184%;\" colspan=\"2\"><span style=\"font-size: 13.3333px;\"><span style=\"font-size: 10pt;\"><span style=\"font-size: 10pt;\"><span style=\"font-size: 10pt; color: #000000;\">Brieven aan Carl Leijonstedt ym \/Wadenstierna<br \/>\n<\/span><\/span><\/span><\/span><\/td>\n<td style=\"width: 25%; height: 46px;\"><span style=\"font-size: 10pt;\"><span style=\"font-size: 10pt; color: #000000;\">1788<br \/>\n<\/span><\/span><\/td>\n<\/tr>\n<tr style=\"height: 112px;\">\n<td style=\"width: 39.1069%; height: 60px;\" colspan=\"2\"><span style=\"font-size: 10pt;\"><span style=\"color: #000000; font-size: 13.3333px;\"><span style=\"font-size: 10pt; color: #000000;\">Universiteit Helsinki,\u00a0<span style=\"font-size: 10pt;\">Johan August Meijerfelt Coll. 144,\u00a0va<\/span><span style=\"font-size: 10pt;\">n 144.1\u00a0a<\/span><span style=\"font-size: 10pt;\">an 144.2<\/span><br \/>\n<\/span><\/span><\/span><\/td>\n<td style=\"width: 23.0184%; height: 60px;\" colspan=\"2\"><span style=\"font-size: 13.3333px;\"><span style=\"font-size: 10pt;\"><span style=\"font-size: 10pt;\"><span style=\"font-size: 10pt; color: #000000;\">Brieven van B. I. Hastfehr<br \/>\n<\/span><\/span><\/span><\/span><\/td>\n<td style=\"width: 25%; height: 60px;\"><span style=\"font-size: 10pt;\"><span style=\"font-size: 10pt; color: #000000;\">1788<br \/>\n<\/span><\/span><\/td>\n<\/tr>\n<tr style=\"height: 112px;\">\n<td style=\"width: 39.1069%; height: 72px;\" colspan=\"2\"><span style=\"font-size: 10pt;\"><span style=\"color: #000000; font-size: 13.3333px;\"><span style=\"font-size: 10pt; color: #000000;\">Universiteit Helsinki,\u00a0<span style=\"font-size: 10pt;\">Johan August Meijerfelt Coll. 144,\u00a0va<\/span><span style=\"font-size: 10pt;\">n 144.1\u00a0a<\/span><span style=\"font-size: 10pt;\">an 144.2<\/span><br \/>\n<\/span><\/span><\/span><\/td>\n<td style=\"width: 23.0184%; height: 72px;\" colspan=\"2\"><span style=\"font-size: 13.3333px;\"><span style=\"font-size: 10pt;\"><span style=\"font-size: 10pt;\"><span style=\"font-size: 10pt; color: #000000;\">Brieven van A. Leijonhufvud<br \/>\n<\/span><\/span><\/span><\/span><\/td>\n<td style=\"width: 25%; height: 72px;\"><span style=\"font-size: 10pt;\"><span style=\"font-size: 10pt; color: #000000;\">1788<br \/>\n<\/span><\/span><\/td>\n<\/tr>\n<tr style=\"height: 112px;\">\n<td style=\"height: 48px; width: 39.1069%;\" colspan=\"2\"><span style=\"font-size: 10pt;\"><span style=\"color: #000000; font-size: 13.3333px;\"><span style=\"font-size: 10pt; color: #000000;\">Universiteit Helsinki,\u00a0<span style=\"font-size: 10pt;\">Johan August Meijerfelt Coll. 144,\u00a0va<\/span><span style=\"font-size: 10pt;\">n 144.1\u00a0a<\/span><span style=\"font-size: 10pt;\">an 144.2<\/span><br \/>\n<\/span><\/span><\/span><\/td>\n<td style=\"height: 48px; width: 23.0184%;\" colspan=\"2\"><span style=\"font-size: 13.3333px;\"><span style=\"font-size: 10pt;\"><span style=\"font-size: 10pt;\"><span style=\"font-size: 10pt; color: #000000;\">Brieven van Erik Ruuth<br \/>\n<\/span><\/span><\/span><\/span><\/td>\n<td style=\"width: 25%; height: 48px;\"><span style=\"font-size: 10pt;\"><span style=\"font-size: 10pt; color: #000000;\">1788<br \/>\n<\/span><\/span><\/td>\n<\/tr>\n<tr style=\"height: 112px;\">\n<td style=\"width: 36.6667%; height: 112px;\"><span style=\"font-size: 10pt; color: #000000;\"><span style=\"font-size: 10pt;\">SE\/KrA\/0393:A\/0\/53, 63, 77<br \/>\n<\/span><\/span><span style=\"font-size: 10pt;\"><span style=\"font-size: 10pt;\"><span style=\"font-size: 10pt;\">Krigshandlingar; Skrivelser, Rapporter<\/span><\/span><\/span><span style=\"font-size: 10pt; color: #000000;\"><span style=\"font-size: 10pt;\"><br \/>\n<\/span><\/span><\/td>\n<td style=\"width: 25.4586%; height: 112px;\" colspan=\"3\"><span style=\"font-size: 10pt; color: #0000ff;\"><span style=\"font-size: 10pt;\"><a style=\"color: #0000ff;\" href=\"https:\/\/meijenfeldt.nl\/wp-content\/uploads\/2023\/12\/1788-12-29-Hogste-Befalhafwarens.pdf\">H\u00f6gste Bef\u00e4lhafwarens (\u2026) fr\u00e5n fientliga sidan i Ryket insmygd Sm\u00e5delig och F\u00f6rr\u00e5disk Skrift<\/a>\u00a0<\/span><\/span><\/td>\n<td style=\"width: 25%; height: 112px;\"><span style=\"font-size: 10pt;\"><span style=\"font-size: 10pt; color: #000000;\">29-12-1788<\/span><\/span><\/td>\n<\/tr>\n<tr style=\"height: 56px;\">\n<td style=\"width: 36.6667%; height: 56px;\"><span style=\"font-size: 10pt;\"><span style=\"font-size: 10pt; color: #000000;\">SE\/RA, 710\/005, Vol K 365, Kungliga Arkiv. Svenska prinsar och prinsessor<br \/>\n<\/span><\/span><\/td>\n<td style=\"height: 56px; width: 25.4586%;\" colspan=\"3\"><span style=\"font-size: 10pt; color: #0000ff;\"><span style=\"color: #000000;\">19 brieven uit Anjala, Lovisa, Borg\u00e5 en Kymmeneg\u00e5rd aan hertog Karel van S\u00f6dermanland<br \/>\n<\/span><\/span><\/td>\n<td style=\"width: 25%; height: 56px;\"><span style=\"font-size: 10pt;\"><span style=\"font-size: 10pt; color: #000000;\">1788-1790<br \/>\n<\/span><\/span><\/td>\n<\/tr>\n<tr style=\"height: 51px;\">\n<td style=\"width: 39.1069%; height: 51px;\" colspan=\"2\"><span style=\"font-size: 10pt;\"><span style=\"color: #000000; font-size: 13.3333px;\"><span style=\"font-size: 10pt; color: #000000;\">Universiteit Helsinki,\u00a0Johan August Meijerfelt Coll. 144,\u00a0van 144.1\u00a0aan 144.2<\/span><\/span><\/span><\/td>\n<td style=\"width: 23.0184%; height: 51px;\" colspan=\"2\"><span style=\"font-size: 13.3333px;\"><span style=\"font-size: 10pt;\"><span style=\"font-size: 10pt;\">Brieven van koning Gustaaf III (concept)<\/span><\/span><\/span><\/td>\n<td style=\"width: 25%; height: 51px;\"><span style=\"font-size: 10pt;\"><span style=\"font-size: 10pt; color: #000000;\">1788-1790<\/span><\/span><\/td>\n<\/tr>\n<tr style=\"height: 45px;\">\n<td style=\"width: 39.1069%; height: 45px;\" colspan=\"2\"><span style=\"font-size: 10pt;\"><span style=\"color: #000000; font-size: 13.3333px;\"><span style=\"font-size: 10pt; color: #000000;\">Universiteit Helsinki,\u00a0Johan August Meijerfelt Coll. 144,\u00a0van 144.1\u00a0aan 144.2<\/span><\/span><\/span><\/td>\n<td style=\"width: 23.0184%; height: 45px;\" colspan=\"2\"><span style=\"font-size: 13.3333px;\"><span style=\"font-size: 10pt;\"><span style=\"font-size: 10pt;\"><span style=\"font-size: 10pt; color: #000000;\">Brieven van hertog Karel van S\u00f6dermanland<\/span><\/span><\/span><\/span><\/td>\n<td style=\"width: 25%; height: 45px;\"><span style=\"font-size: 10pt;\"><span style=\"font-size: 10pt; color: #000000;\">1788-1790<br \/>\n<\/span><\/span><\/td>\n<\/tr>\n<tr style=\"height: 55px;\">\n<td style=\"height: 55px; width: 39.1069%;\" colspan=\"2\"><span style=\"font-size: 10pt;\"><span style=\"color: #000000; font-size: 13.3333px;\"><span style=\"font-size: 10pt; color: #000000;\">Universiteit Helsinki,\u00a0<span style=\"font-size: 10pt;\">Johan August Meijerfelt Coll. 144,\u00a0va<\/span><span style=\"font-size: 10pt;\">n 144.1\u00a0a<\/span><span style=\"font-size: 10pt;\">an 144.2<\/span><br \/>\n<\/span><\/span><\/span><\/td>\n<td style=\"height: 55px; width: 23.0184%;\" colspan=\"2\"><span style=\"font-size: 13.3333px;\"><span style=\"font-size: 10pt;\"><span style=\"font-size: 10pt;\"><span style=\"font-size: 10pt; color: #000000;\">Brieven aan koning Gustaaf III en hertog Karel van S\u00f6dermanland<br \/>\n<\/span><\/span><\/span><\/span><\/td>\n<td style=\"width: 25%; height: 55px;\"><span style=\"font-size: 10pt;\"><span style=\"font-size: 10pt; color: #000000;\">1788-1790<br \/>\n<\/span><\/span><\/td>\n<\/tr>\n<tr style=\"height: 56px;\">\n<td style=\"width: 36.6667%; height: 56px;\"><span style=\"font-size: 10pt;\"><span style=\"font-size: 10pt; color: #000000;\">SE\/RA\/Militaria, 1\/I\/9\/M105<br \/>\n<\/span><\/span><\/td>\n<td style=\"width: 25.4586%; height: 56px;\" colspan=\"3\"><span style=\"font-size: 10pt; color: #0000ff;\"><span style=\"color: #000000;\">J.A. Meyerfeldt. Overbef\u00e4lhavares i Finland skrivelser till K\u00f6ng: Maj:t<br \/>\n<\/span><\/span><\/td>\n<td style=\"width: 25%; height: 56px;\"><span style=\"font-size: 10pt;\"><span style=\"color: #000000;\"><span style=\"font-size: 10pt; color: #000000;\">1788-1790<br \/>\n<\/span><\/span><\/span><\/td>\n<\/tr>\n<tr style=\"height: 26px;\">\n<td style=\"width: 36.6667%; height: 26px;\"><span style=\"font-size: 10pt;\"><span style=\"font-size: 10pt; color: #000000;\">SE\/RA\/Militaria,\u00a0<span style=\"font-size: 10pt;\">1\/V\/6\/1\/M1114<\/span><br \/>\n<\/span><\/span><\/td>\n<td style=\"width: 25.4586%; height: 26px;\" colspan=\"3\"><span style=\"font-size: 10pt; color: #0000ff;\"><span style=\"color: #000000;\">Officerares ans\u00f6kningar och meritf\u00f6rteckningar<br \/>\n<\/span><\/span><\/td>\n<td style=\"width: 25%; height: 26px;\"><span style=\"font-size: 10pt;\"><span style=\"color: #000000;\"><span style=\"font-size: 10pt; color: #000000;\">1788-1790<br \/>\n<\/span><\/span><\/span><\/td>\n<\/tr>\n<tr style=\"height: 56px;\">\n<td style=\"width: 36.6667%; height: 56px;\"><span style=\"font-size: 10pt;\"><span style=\"font-size: 10pt; color: #000000;\">SE\/RA\/Militaria, 2\/XXIV\/9 2\/M1538<br \/>\n<\/span><\/span><\/td>\n<td style=\"width: 25.4586%; height: 56px;\" colspan=\"3\"><span style=\"font-size: 10pt; color: #0000ff;\"><span style=\"color: #000000;\">Brev fr\u00e5n enskilda personer, bl.a. Arvid Horn och J.M. Meyerfelt.<br \/>\n<\/span><\/span><\/td>\n<td style=\"width: 25%; height: 56px;\"><span style=\"font-size: 10pt;\"><span style=\"color: #000000;\"><span style=\"font-size: 10pt; color: #000000;\">1788-1790<br \/>\n<\/span><\/span><\/span><\/td>\n<\/tr>\n<tr style=\"height: 46px;\">\n<td style=\"width: 36.6667%; height: 46px;\"><span style=\"font-size: 10pt;\"><span style=\"font-size: 10pt; color: #000000;\">SE\/RA\/Militaria,\u00a0<\/span>2\/XXXII\/28\u00a0<\/span><span style=\"font-size: 10pt;\">2\/M1666<\/span><\/td>\n<td style=\"width: 25.4586%; height: 46px;\" colspan=\"3\"><span style=\"font-size: 10pt; color: #0000ff;\"><span style=\"color: #000000;\">Generalintendenten vid finska arm\u00e9n Mauritz Klingspors skrivelser till general en chef J.A. Meyerfelt<br \/>\n<\/span><\/span><\/td>\n<td style=\"width: 25%; height: 46px;\"><span style=\"font-size: 10pt;\"><span style=\"color: #000000;\"><span style=\"font-size: 10pt; color: #000000;\">1788-1790<br \/>\n<\/span><\/span><\/span><\/td>\n<\/tr>\n<tr style=\"height: 28px;\">\n<td style=\"width: 36.6667%; height: 28px;\"><span style=\"font-size: 10pt;\"><span style=\"color: #000000; font-size: 13.3333px;\"><span style=\"font-size: 10pt; color: #000000;\"><span style=\"color: #000000;\" title=\"Riksarkivets \u00e4mnessamlingar. Personhistoria, SE\/RA\/756\/756.1\/M\/I\/M 8 b\">KB1\/1<\/span><\/span><\/span><\/span><\/td>\n<td style=\"height: 28px; width: 25.4586%;\" colspan=\"3\"><span style=\"font-size: 10pt; color: #0000ff;\"><span style=\"font-size: 13.3333px;\"><span style=\"font-size: 10pt;\"><span title=\"Riksarkivets \u00e4mnessamlingar. Personhistoria, SE\/RA\/756\/756.1\/M\/I\/M 8 b\"><span style=\"font-size: 10pt; color: #000000;\"><span style=\"color: #0000ff;\"><span style=\"color: #000000;\">Brief aan baron<\/span> <a style=\"color: #0000ff;\" href=\"https:\/\/meijenfeldt.nl\/wp-content\/uploads\/2020\/09\/1789-JAjr-Stackelberg.pdf\">Stackelberg<\/a><\/span><\/span><\/span><\/span><\/span><\/span><\/td>\n<td style=\"width: 25%; height: 28px;\"><span style=\"font-size: 10pt;\"><span style=\"font-size: 10pt; color: #000000;\">04-01-1789<\/span><\/span><\/td>\n<\/tr>\n<tr style=\"height: 28px;\">\n<td style=\"width: 36.6667%; height: 28px;\"><span style=\"font-size: 10pt;\"><span style=\"color: #000000; font-size: 13.3333px;\"><span style=\"font-size: 10pt; color: #000000;\"><span style=\"color: #000000;\" title=\"Riksarkivets \u00e4mnessamlingar. Personhistoria, SE\/RA\/756\/756.1\/M\/I\/M 8 b\"><span style=\"color: #000000;\">SE\/RA\/808\/II\/I\/B\/IBc\/IBc2, <\/span><span style=\"color: #000000;\">E 6620<\/span><\/span><\/span><\/span><\/span><\/td>\n<td style=\"height: 28px; width: 25.4586%;\" colspan=\"3\"><span style=\"font-size: 10pt; color: #0000ff;\"><span style=\"font-size: 13.3333px;\"><span style=\"font-size: 10pt;\"><span title=\"Riksarkivets \u00e4mnessamlingar. Personhistoria, SE\/RA\/756\/756.1\/M\/I\/M 8 b\"><span style=\"font-size: 10pt; color: #000000;\"><span style=\"color: #0000ff;\"><span style=\"color: #000000;\"><a style=\"color: #0000ff;\" href=\"https:\/\/sok.riksarkivet.se\/bildvisning\/90003466_00327#?c=&amp;m=&amp;s=&amp;cv=326&amp;xywh=27%2C47%2C2168%2C1256\">Brief vanuit Lovisa aan Curt von Stedingk<\/a><\/span><\/span><\/span><\/span><\/span><\/span><\/span><\/td>\n<td style=\"width: 25%; height: 28px;\"><span style=\"font-size: 10pt; color: #000000;\"><span style=\"font-size: 10pt;\">08-02-1789<\/span><\/span><\/td>\n<\/tr>\n<tr style=\"height: 28px;\">\n<td style=\"width: 36.6667%; height: 28px;\"><span style=\"font-size: 10pt;\"><span style=\"color: #000000; font-size: 13.3333px;\"><span style=\"font-size: 10pt; color: #000000;\"><span style=\"color: #000000;\" title=\"Riksarkivets \u00e4mnessamlingar. Personhistoria, SE\/RA\/756\/756.1\/M\/I\/M 8 b\"><span style=\"color: #000000;\">SE\/RA\/808\/II\/I\/B\/IBc\/IBc2, E 6620<\/span><\/span><\/span><\/span><\/span><\/td>\n<td style=\"height: 28px; width: 25.4586%;\" colspan=\"3\"><span style=\"font-size: 10pt; color: #0000ff;\"><span style=\"font-size: 13.3333px;\"><span style=\"font-size: 10pt;\"><span title=\"Riksarkivets \u00e4mnessamlingar. Personhistoria, SE\/RA\/756\/756.1\/M\/I\/M 8 b\"><span style=\"font-size: 10pt; color: #000000;\"><span style=\"color: #0000ff;\"><span style=\"color: #000000;\"><a style=\"color: #0000ff;\" href=\"https:\/\/sok.riksarkivet.se\/bildvisning\/90003466_00330#?c=&amp;m=&amp;s=&amp;cv=329&amp;xywh=24%2C44%2C2168%2C1256\">Brief vanuit Lovisa aan Curt von Stedingk<\/a><\/span><\/span><\/span><\/span><\/span><\/span><\/span><\/td>\n<td style=\"width: 25%; height: 28px;\"><span style=\"font-size: 10pt; color: #000000;\"><span style=\"font-size: 10pt;\"><span style=\"font-size: 10pt; color: #0000ff;\"><span style=\"font-size: 13.3333px;\"><span title=\"Riksarkivets \u00e4mnessamlingar. Personhistoria, SE\/RA\/756\/756.1\/M\/I\/M 8 b\"><span style=\"color: #0000ff;\"><span style=\"color: #000000;\">18-02-1789<\/span><\/span><\/span><\/span><\/span><\/span><\/span><\/td>\n<\/tr>\n<tr style=\"height: 28px;\">\n<td style=\"width: 36.6667%; height: 28px;\"><span style=\"font-size: 10pt;\"><span style=\"color: #000000; font-size: 13.3333px;\"><span style=\"font-size: 10pt; color: #000000;\"><span style=\"color: #000000;\" title=\"Riksarkivets \u00e4mnessamlingar. Personhistoria, SE\/RA\/756\/756.1\/M\/I\/M 8 b\"><span style=\"color: #000000;\">SE\/RA\/808\/II\/I\/B\/IBc\/IBc2, E 6620<\/span><\/span><\/span><\/span><\/span><\/td>\n<td style=\"height: 28px; width: 25.4586%;\" colspan=\"3\"><span style=\"font-size: 10pt; color: #0000ff;\"><span style=\"font-size: 13.3333px;\"><span style=\"font-size: 10pt;\"><span title=\"Riksarkivets \u00e4mnessamlingar. Personhistoria, SE\/RA\/756\/756.1\/M\/I\/M 8 b\"><span style=\"font-size: 10pt; color: #000000;\"><span style=\"color: #0000ff;\"><span style=\"color: #000000;\"><a style=\"color: #0000ff;\" href=\"https:\/\/sok.riksarkivet.se\/bildvisning\/90003466_00332#?c=&amp;m=&amp;s=&amp;cv=331&amp;xywh=-31%2C-28%2C2168%2C1256\">Brief vanuit Lovisa aan Curt von Stedingk<\/a><\/span><\/span><\/span><\/span><\/span><\/span><\/span><\/td>\n<td style=\"width: 25%; height: 28px;\"><span style=\"font-size: 10pt; color: #000000;\"><span style=\"font-size: 10pt;\"><span style=\"font-size: 10pt; color: #0000ff;\"><span style=\"font-size: 13.3333px;\"><span title=\"Riksarkivets \u00e4mnessamlingar. Personhistoria, SE\/RA\/756\/756.1\/M\/I\/M 8 b\"><span style=\"color: #0000ff;\"><span style=\"color: #000000;\">06-04-1789<\/span><\/span><\/span><\/span><\/span><\/span><\/span><\/td>\n<\/tr>\n<tr style=\"height: 28px;\">\n<td style=\"width: 36.6667%; height: 28px;\"><span style=\"font-size: 10pt;\"><span style=\"color: #000000; font-size: 13.3333px;\"><span style=\"font-size: 10pt; color: #000000;\"><span style=\"color: #000000;\" title=\"Riksarkivets \u00e4mnessamlingar. Personhistoria, SE\/RA\/756\/756.1\/M\/I\/M 8 b\"><span style=\"color: #000000;\">SE\/RA\/808\/II\/I\/B\/IBc\/IBc2, E 6620<\/span><\/span><\/span><\/span><\/span><\/td>\n<td style=\"width: 25.4586%; height: 28px;\" colspan=\"3\"><span style=\"font-size: 10pt; color: #0000ff;\"><span style=\"font-size: 13.3333px;\"><span style=\"font-size: 10pt;\"><span title=\"Riksarkivets \u00e4mnessamlingar. Personhistoria, SE\/RA\/756\/756.1\/M\/I\/M 8 b\"><span style=\"font-size: 10pt; color: #000000;\"><span style=\"color: #0000ff;\"><span style=\"color: #000000;\"><a style=\"color: #0000ff;\" href=\"https:\/\/sok.riksarkivet.se\/bildvisning\/90003466_00334#?c=&amp;m=&amp;s=&amp;cv=333&amp;xywh=-33%2C-30%2C2168%2C1256\">Brief vanuit Lovisa aan Curt von Stedingk<\/a><\/span><\/span><\/span><\/span><\/span><\/span><\/span><\/td>\n<td style=\"width: 25%; height: 28px;\"><span style=\"font-size: 10pt; color: #000000;\"><span style=\"font-size: 10pt;\">22-04-1789<\/span><\/span><\/td>\n<\/tr>\n<tr style=\"height: 112px;\">\n<td style=\"width: 36.6667%; height: 112px;\"><span style=\"font-size: 10pt;\"><span style=\"color: #000000; font-size: 13.3333px;\"><span style=\"font-size: 10pt; color: #000000;\"><span style=\"color: #000000;\" title=\"Riksarkivets \u00e4mnessamlingar. Personhistoria, SE\/RA\/756\/756.1\/M\/I\/M 8 b\">SE\/KrA, 0450. Rullor 1724-, F I \/ 199 \/ blad 13<\/span><\/span><\/span><\/span><\/td>\n<td style=\"height: 112px; width: 25.4586%;\" colspan=\"3\"><span style=\"font-size: 10pt; color: #0000ff;\"><span style=\"font-size: 13.3333px;\"><span style=\"font-size: 10pt;\"><span title=\"Riksarkivets \u00e4mnessamlingar. Personhistoria, SE\/RA\/756\/756.1\/M\/I\/M 8 b\"><span style=\"font-size: 10pt; color: #000000;\"><span style=\"color: #0000ff;\"><a style=\"color: #0000ff;\" href=\"https:\/\/sok.riksarkivet.se\/bildvisning\/A0052199_00013#?c=&amp;m=&amp;s=&amp;cv=12&amp;xywh=233%2C327%2C5912%2C3305\">\u00c4mnesordnade handlingar, Besiktning och Cassasitions Munster Rulla med Kongl: Nerike och Wermelands Regementes J\u00e4gare Corps, ordres<\/a><\/span><\/span><\/span><\/span><\/span><\/span><\/td>\n<td style=\"width: 25%; height: 112px;\"><span style=\"font-size: 10pt;\"><span style=\"font-size: 10pt; color: #000000;\">30-04-1789<\/span><\/span><\/td>\n<\/tr>\n<tr style=\"height: 28px;\">\n<td style=\"width: 36.6667%; height: 28px;\"><span style=\"font-size: 10pt;\"><span style=\"color: #000000; font-size: 13.3333px;\"><span style=\"font-size: 10pt; color: #000000;\"><span style=\"color: #000000;\" title=\"Riksarkivets \u00e4mnessamlingar. Personhistoria, SE\/RA\/756\/756.1\/M\/I\/M 8 b\"><span style=\"color: #000000;\">SE\/RA\/808\/II\/I\/B\/IBc\/IBc2, E 6620<\/span><\/span><\/span><\/span><\/span><\/td>\n<td style=\"height: 28px; width: 25.4586%;\" colspan=\"3\"><span style=\"font-size: 10pt; color: #0000ff;\"><span style=\"font-size: 13.3333px;\"><span style=\"font-size: 10pt;\"><span title=\"Riksarkivets \u00e4mnessamlingar. Personhistoria, SE\/RA\/756\/756.1\/M\/I\/M 8 b\"><span style=\"font-size: 10pt;\"><a style=\"color: #0000ff;\" href=\"https:\/\/sok.riksarkivet.se\/bildvisning\/90003466_00337#?c=&amp;m=&amp;s=&amp;cv=336&amp;xywh=-36%2C-33%2C2168%2C1256\">Brief vanuit Lovisa aan Curt von Stedingk<\/a><\/span><\/span><\/span><\/span><\/span><\/td>\n<td style=\"width: 25%; height: 28px;\"><span style=\"font-size: 10pt; color: #000000;\"><span style=\"font-size: 10pt;\">01-05-1789<\/span><\/span><\/td>\n<\/tr>\n<tr style=\"height: 28px;\">\n<td style=\"width: 36.6667%; height: 28px;\"><span style=\"font-size: 10pt;\"><span style=\"color: #000000; font-size: 13.3333px;\"><span style=\"font-size: 10pt; color: #000000;\"><span style=\"color: #000000;\" title=\"Riksarkivets \u00e4mnessamlingar. Personhistoria, SE\/RA\/756\/756.1\/M\/I\/M 8 b\"><span style=\"color: #000000;\">SE\/RA\/808\/II\/I\/B\/IBc\/IBc2, E 6620<\/span><\/span><\/span><\/span><\/span><\/td>\n<td style=\"height: 28px; width: 25.4586%;\" colspan=\"3\"><span style=\"font-size: 10pt; color: #0000ff;\"><span style=\"font-size: 13.3333px;\"><span style=\"font-size: 10pt;\"><span title=\"Riksarkivets \u00e4mnessamlingar. Personhistoria, SE\/RA\/756\/756.1\/M\/I\/M 8 b\"><span style=\"font-size: 10pt;\"><span style=\"color: #000000; font-size: 10pt;\"><span style=\"color: #0000ff;\"><a style=\"color: #0000ff;\" href=\"https:\/\/sok.riksarkivet.se\/bildvisning\/90003466_00339#?c=&amp;m=&amp;s=&amp;cv=338&amp;xywh=-38%2C-35%2C2168%2C1256\">Brief vanuit Lovisa aan Curt von Stedingk<\/a><\/span><\/span><\/span><\/span><\/span><\/span><\/span><\/td>\n<td style=\"width: 25%; height: 28px;\"><span style=\"font-size: 10pt; color: #000000;\"><span style=\"font-size: 10pt;\">10-05-1789<\/span><\/span><\/td>\n<\/tr>\n<tr style=\"height: 28px;\">\n<td style=\"width: 36.6667%; height: 28px;\"><span style=\"font-size: 10pt;\"><span style=\"color: #000000; font-size: 13.3333px;\"><span style=\"font-size: 10pt; color: #000000;\"><span style=\"color: #000000;\" title=\"Riksarkivets \u00e4mnessamlingar. Personhistoria, SE\/RA\/756\/756.1\/M\/I\/M 8 b\"><span style=\"color: #000000;\">SE\/RA\/808\/II\/I\/B\/IBc\/IBc2, E 6620<\/span><\/span><\/span><\/span><\/span><\/td>\n<td style=\"height: 28px; width: 25.4586%;\" colspan=\"3\"><span style=\"font-size: 10pt; color: #0000ff;\"><span style=\"font-size: 13.3333px;\"><span style=\"font-size: 10pt;\"><span title=\"Riksarkivets \u00e4mnessamlingar. Personhistoria, SE\/RA\/756\/756.1\/M\/I\/M 8 b\"><span style=\"font-size: 10pt;\"><span style=\"color: #000000; font-size: 10pt;\"><span style=\"color: #0000ff;\"><a style=\"color: #0000ff;\" href=\"https:\/\/sok.riksarkivet.se\/bildvisning\/90003466_00344#?c=&amp;m=&amp;s=&amp;cv=343&amp;xywh=-52%2C-19%2C2168%2C1256\">Brief vanuit Lovisa aan Curt von Stedingk<\/a><\/span><\/span><\/span><\/span><\/span><\/span><\/span><\/td>\n<td style=\"width: 25%; height: 28px;\"><span style=\"font-size: 10pt; color: #000000;\"><span style=\"font-size: 10pt;\">11-05-1789<\/span><\/span><\/td>\n<\/tr>\n<tr style=\"height: 28px;\">\n<td style=\"width: 36.6667%; height: 28px;\"><span style=\"font-size: 10pt;\"><span style=\"color: #000000; font-size: 13.3333px;\"><span style=\"font-size: 10pt; color: #000000;\"><span style=\"color: #000000;\" title=\"Riksarkivets \u00e4mnessamlingar. Personhistoria, SE\/RA\/756\/756.1\/M\/I\/M 8 b\"><span style=\"color: #000000;\">SE\/RA\/808\/II\/I\/B\/IBc\/IBc2, E 6620<\/span><\/span><\/span><\/span><\/span><\/td>\n<td style=\"height: 28px; width: 25.4586%;\" colspan=\"3\"><span style=\"font-size: 10pt; color: #0000ff;\"><span style=\"font-size: 13.3333px;\"><span style=\"font-size: 10pt;\"><span title=\"Riksarkivets \u00e4mnessamlingar. Personhistoria, SE\/RA\/756\/756.1\/M\/I\/M 8 b\"><span style=\"font-size: 10pt;\"><span style=\"color: #000000; font-size: 10pt;\"><span style=\"color: #0000ff;\"><a style=\"color: #0000ff;\" href=\"https:\/\/sok.riksarkivet.se\/bildvisning\/90003466_00346#?c=&amp;m=&amp;s=&amp;cv=345&amp;xywh=-54%2C-21%2C2168%2C1256\">Brief vanuit Lovisa aan Curt von Stedingk<\/a><\/span><\/span><\/span><\/span><\/span><\/span><\/span><\/td>\n<td style=\"width: 25%; height: 28px;\"><span style=\"font-size: 10pt; color: #000000;\"><span style=\"font-size: 10pt;\">30-05-1789<\/span><\/span><\/td>\n<\/tr>\n<tr style=\"height: 28px;\">\n<td style=\"width: 36.6667%; height: 28px;\"><span style=\"font-size: 10pt;\"><span style=\"color: #000000; font-size: 13.3333px;\"><span style=\"font-size: 10pt; color: #000000;\"><span style=\"color: #000000;\" title=\"Riksarkivets \u00e4mnessamlingar. Personhistoria, SE\/RA\/756\/756.1\/M\/I\/M 8 b\"><span style=\"color: #000000;\">SE\/RA\/808\/II\/I\/B\/IBc\/IBc2, E 6620<\/span><\/span><\/span><\/span><\/span><\/td>\n<td style=\"height: 28px; width: 25.4586%;\" colspan=\"3\"><span style=\"font-size: 10pt; color: #0000ff;\"><span style=\"font-size: 13.3333px;\"><span style=\"font-size: 10pt;\"><span title=\"Riksarkivets \u00e4mnessamlingar. Personhistoria, SE\/RA\/756\/756.1\/M\/I\/M 8 b\"><span style=\"font-size: 10pt;\"><span style=\"color: #000000; font-size: 10pt;\"><span style=\"color: #0000ff;\"><a style=\"color: #0000ff;\" href=\"https:\/\/sok.riksarkivet.se\/bildvisning\/90003466_00349#?c=&amp;m=&amp;s=&amp;cv=348&amp;xywh=-57%2C-24%2C2168%2C1256\">Brief vanuit Lovisa aan Curt von Stedingk<\/a><br \/>\n<\/span><\/span><\/span><\/span><\/span><\/span><\/span><\/td>\n<td style=\"width: 25%; height: 28px;\"><span style=\"font-size: 10pt; color: #000000;\"><span style=\"font-size: 10pt;\">08-06-1789<\/span><\/span><\/td>\n<\/tr>\n<tr style=\"height: 28px;\">\n<td style=\"width: 36.6667%; height: 28px;\"><span style=\"font-size: 10pt;\"><span style=\"color: #000000; font-size: 13.3333px;\"><span style=\"font-size: 10pt; color: #000000;\"><span style=\"color: #000000;\" title=\"Riksarkivets \u00e4mnessamlingar. Personhistoria, SE\/RA\/756\/756.1\/M\/I\/M 8 b\"><span style=\"color: #000000;\">SE\/RA\/808\/II\/I\/B\/IBc\/IBc2, E 6620<\/span><\/span><\/span><\/span><\/span><\/td>\n<td style=\"height: 28px; width: 25.4586%;\" colspan=\"3\"><span style=\"font-size: 10pt; color: #0000ff;\"><span style=\"font-size: 13.3333px;\"><span style=\"font-size: 10pt;\"><span title=\"Riksarkivets \u00e4mnessamlingar. Personhistoria, SE\/RA\/756\/756.1\/M\/I\/M 8 b\"><span style=\"font-size: 10pt;\"><span style=\"color: #000000; font-size: 10pt;\"><span style=\"color: #0000ff;\"><a style=\"color: #0000ff;\" href=\"https:\/\/sok.riksarkivet.se\/bildvisning\/90003466_00352#?c=&amp;m=&amp;s=&amp;cv=351&amp;xywh=-60%2C-27%2C2168%2C1256\">Brief vanuit Lovisa aan Curt von Stedingk<\/a><\/span><\/span><\/span><\/span><\/span><\/span><\/span><\/td>\n<td style=\"width: 25%; height: 28px;\"><span style=\"font-size: 10pt; color: #000000;\"><span style=\"font-size: 10pt;\">10-06-1789<\/span><\/span><\/td>\n<\/tr>\n<tr style=\"height: 84px;\">\n<td style=\"width: 36.6667%; height: 10px;\"><span style=\"font-size: 10pt;\"><span style=\"color: #000000; font-size: 13.3333px;\"><span style=\"font-size: 10pt; color: #000000;\"><span style=\"color: #000000;\" title=\"Riksarkivets \u00e4mnessamlingar. Personhistoria, SE\/RA\/756\/756.1\/M\/I\/M 8 b\">SE\/KrA, Rullor 192, fol 249<\/span><\/span><\/span><\/span><\/td>\n<td style=\"height: 10px; width: 25.4586%;\" colspan=\"3\"><span style=\"font-size: 10pt; color: #0000ff;\"><span style=\"font-size: 13.3333px;\"><span style=\"font-size: 10pt;\"><span title=\"Riksarkivets \u00e4mnessamlingar. Personhistoria, SE\/RA\/756\/756.1\/M\/I\/M 8 b\"><a style=\"color: #0000ff;\" href=\"https:\/\/sok.riksarkivet.se\/bildvisning\/A0028167_00249#?c=&amp;m=&amp;s=&amp;cv=248&amp;xywh=404%2C153%2C3992%2C2640\">Nerike och Wermelands regemente,\u00a0\u00f6fwerste<\/a><\/span><\/span><\/span><\/span><\/td>\n<td style=\"width: 25%; height: 10px;\"><span style=\"font-size: 10pt;\"><span style=\"font-size: 10pt; color: #000000;\">11-10-1889<br \/>\n<\/span><\/span><\/td>\n<\/tr>\n<tr style=\"height: 196px;\">\n<td style=\"width: 39.1069%; height: 196px;\" colspan=\"2\"><span style=\"font-size: 10pt;\"><span style=\"color: #000000; font-size: 13.3333px;\"><span style=\"font-size: 10pt; color: #000000;\">SE\/KrA, 0425. Sveriges Krig, 251<\/span><\/span><\/span><\/td>\n<td style=\"width: 23.0184%; height: 196px;\" colspan=\"2\"><span style=\"font-size: 13.3333px; color: #000000;\"><span style=\"font-size: 10pt;\"><span style=\"font-size: 10pt;\"><span style=\"font-size: 10pt;\">Kymmene g\u00e5rd. &#8220;Situations=Charta \u00f6fver Den delen af Ryssland, som inneslutes genom Kymene Elf, samt Blef intagen af Generalen, Commendeuren med Stora Korset af Kongl. Sv\u00e4rds=Orden, H\u00f6gw\u00e4lborne Herr Grefve Johan August Meijerfeldt uti Julii m\u00e5nad \u00c5r 1789.&#8221;<\/span><\/span><\/span><\/span><\/td>\n<td style=\"width: 25%; height: 196px;\"><span style=\"font-size: 10pt;\"><span style=\"font-size: 10pt; color: #000000;\">1789<\/span><\/span><\/td>\n<\/tr>\n<tr style=\"height: 112px;\">\n<td style=\"height: 64px; width: 39.1069%;\" colspan=\"2\"><span style=\"font-size: 10pt;\"><span style=\"color: #000000; font-size: 13.3333px;\"><span style=\"font-size: 10pt; color: #000000;\">Universiteit Helsinki,\u00a0<span style=\"font-size: 10pt;\">Johan August Meijerfelt Coll. 144,\u00a0va<\/span><span style=\"font-size: 10pt;\">n 144.1\u00a0a<\/span><span style=\"font-size: 10pt;\">an 144.2<\/span><br \/>\n<\/span><\/span><\/span><\/td>\n<td style=\"height: 64px; width: 23.0184%;\" colspan=\"2\"><span style=\"font-size: 13.3333px;\"><span style=\"font-size: 10pt;\"><span style=\"font-size: 10pt;\"><span style=\"font-size: 10pt; color: #000000;\">Brieven van Carl v. Axelson<br \/>\n<\/span><\/span><\/span><\/span><\/td>\n<td style=\"width: 25%; height: 64px;\"><span style=\"font-size: 10pt;\"><span style=\"font-size: 10pt; color: #000000;\">1789<\/span><\/span><\/td>\n<\/tr>\n<tr style=\"height: 112px;\">\n<td style=\"width: 39.1069%; height: 75px;\" colspan=\"2\"><span style=\"font-size: 10pt;\"><span style=\"color: #000000; font-size: 13.3333px;\"><span style=\"font-size: 10pt; color: #000000;\">Universiteit Helsinki,\u00a0<span style=\"font-size: 10pt;\">Johan August Meijerfelt Coll. 144,\u00a0va<\/span><span style=\"font-size: 10pt;\">n 144.1\u00a0a<\/span><span style=\"font-size: 10pt;\">an 144.2<\/span><br \/>\n<\/span><\/span><\/span><\/td>\n<td style=\"width: 23.0184%; height: 75px;\" colspan=\"2\"><span style=\"font-size: 13.3333px;\"><span style=\"font-size: 10pt;\"><span style=\"font-size: 10pt;\"><span style=\"font-size: 10pt; color: #000000;\">Brieven van Niclas Clayhills<br \/>\n<\/span><\/span><\/span><\/span><\/td>\n<td style=\"width: 25%; height: 75px;\"><span style=\"font-size: 10pt;\"><span style=\"font-size: 10pt; color: #000000;\">1789<br \/>\n<\/span><\/span><\/td>\n<\/tr>\n<tr style=\"height: 112px;\">\n<td style=\"width: 39.1069%; height: 65px;\" colspan=\"2\"><span style=\"font-size: 10pt;\"><span style=\"color: #000000; font-size: 13.3333px;\"><span style=\"font-size: 10pt; color: #000000;\">Universiteit Helsinki,\u00a0<span style=\"font-size: 10pt;\">Johan August Meijerfelt Coll. 144,\u00a0va<\/span><span style=\"font-size: 10pt;\">n 144.1\u00a0a<\/span><span style=\"font-size: 10pt;\">an 144.2<\/span><br \/>\n<\/span><\/span><\/span><\/td>\n<td style=\"width: 23.0184%; height: 65px;\" colspan=\"2\"><span style=\"font-size: 13.3333px;\"><span style=\"font-size: 10pt;\"><span style=\"font-size: 10pt;\"><span style=\"font-size: 10pt; color: #000000;\">Brieven van C.A. Ehrensv\u00e4rd<br \/>\n<\/span><\/span><\/span><\/span><\/td>\n<td style=\"width: 25%; height: 65px;\"><span style=\"font-size: 10pt;\"><span style=\"font-size: 10pt; color: #000000;\">1789<br \/>\n<\/span><\/span><\/td>\n<\/tr>\n<tr style=\"height: 112px;\">\n<td style=\"width: 39.1069%; height: 61px;\" colspan=\"2\"><span style=\"font-size: 10pt;\"><span style=\"color: #000000; font-size: 13.3333px;\"><span style=\"font-size: 10pt; color: #000000;\">Universiteit Helsinki,\u00a0<span style=\"font-size: 10pt;\">Johan August Meijerfelt Coll. 144,\u00a0va<\/span><span style=\"font-size: 10pt;\">n 144.1\u00a0a<\/span><span style=\"font-size: 10pt;\">an 144.2<\/span><br \/>\n<\/span><\/span><\/span><\/td>\n<td style=\"width: 23.0184%; height: 61px;\" colspan=\"2\"><span style=\"font-size: 13.3333px;\"><span style=\"font-size: 10pt;\"><span style=\"font-size: 10pt;\"><span style=\"font-size: 10pt; color: #000000;\">Brieven van Kaulbars<br \/>\n<\/span><\/span><\/span><\/span><\/td>\n<td style=\"width: 25%; height: 61px;\"><span style=\"font-size: 10pt;\"><span style=\"font-size: 10pt; color: #000000;\">1789<br \/>\n<\/span><\/span><\/td>\n<\/tr>\n<tr style=\"height: 112px;\">\n<td style=\"width: 39.1069%; height: 73px;\" colspan=\"2\"><span style=\"font-size: 10pt;\"><span style=\"color: #000000; font-size: 13.3333px;\"><span style=\"font-size: 10pt; color: #000000;\">Universiteit Helsinki,\u00a0<span style=\"font-size: 10pt;\">Johan August Meijerfelt Coll. 144,\u00a0va<\/span><span style=\"font-size: 10pt;\">n 144.1\u00a0a<\/span><span style=\"font-size: 10pt;\">an 144.2<\/span><br \/>\n<\/span><\/span><\/span><\/td>\n<td style=\"width: 23.0184%; height: 73px;\" colspan=\"2\"><span style=\"font-size: 13.3333px;\"><span style=\"font-size: 10pt;\"><span style=\"font-size: 10pt;\"><span style=\"font-size: 10pt; color: #000000;\">Brieven van M. Klingspor<\/span><\/span><\/span><\/span><\/td>\n<td style=\"width: 25%; height: 73px;\"><span style=\"font-size: 10pt;\"><span style=\"font-size: 10pt; color: #000000;\">1789<br \/>\n<\/span><\/span><\/td>\n<\/tr>\n<tr style=\"height: 112px;\">\n<td style=\"width: 39.1069%; height: 63px;\" colspan=\"2\"><span style=\"font-size: 10pt;\"><span style=\"color: #000000; font-size: 13.3333px;\"><span style=\"font-size: 10pt; color: #000000;\">Universiteit Helsinki,\u00a0<span style=\"font-size: 10pt;\">Johan August Meijerfelt Coll. 144,\u00a0va<\/span><span style=\"font-size: 10pt;\">n 144.1\u00a0a<\/span><span style=\"font-size: 10pt;\">an 144.2<\/span><br \/>\n<\/span><\/span><\/span><\/td>\n<td style=\"width: 23.0184%; height: 63px;\" colspan=\"2\"><span style=\"font-size: 13.3333px;\"><span style=\"font-size: 10pt;\"><span style=\"font-size: 10pt;\"><span style=\"font-size: 10pt; color: #000000;\">Brieven van N. Mannerskants<br \/>\n<\/span><\/span><\/span><\/span><\/td>\n<td style=\"width: 25%; height: 63px;\"><span style=\"font-size: 10pt;\"><span style=\"font-size: 10pt; color: #000000;\">1789<br \/>\n<\/span><\/span><\/td>\n<\/tr>\n<tr style=\"height: 112px;\">\n<td style=\"width: 39.1069%; height: 67px;\" colspan=\"2\"><span style=\"font-size: 10pt;\"><span style=\"color: #000000; font-size: 13.3333px;\"><span style=\"font-size: 10pt; color: #000000;\">Universiteit Helsinki,\u00a0<span style=\"font-size: 10pt;\">Johan August Meijerfelt Coll. 144,\u00a0va<\/span><span style=\"font-size: 10pt;\">n 144.1\u00a0a<\/span><span style=\"font-size: 10pt;\">an 144.2<\/span><br \/>\n<\/span><\/span><\/span><\/td>\n<td style=\"width: 23.0184%; height: 67px;\" colspan=\"2\"><span style=\"font-size: 13.3333px;\"><span style=\"font-size: 10pt;\"><span style=\"font-size: 10pt;\"><span style=\"font-size: 10pt; color: #000000;\">Brieven van P.J.B. v. Platen<\/span><\/span><\/span><\/span><\/td>\n<td style=\"width: 25%; height: 67px;\"><span style=\"font-size: 10pt;\"><span style=\"font-size: 10pt; color: #000000;\">1789<br \/>\n<\/span><\/span><\/td>\n<\/tr>\n<tr style=\"height: 112px;\">\n<td style=\"width: 39.1069%; height: 79px;\" colspan=\"2\"><span style=\"font-size: 10pt;\"><span style=\"color: #000000; font-size: 13.3333px;\"><span style=\"font-size: 10pt; color: #000000;\">Universiteit Helsinki,\u00a0<span style=\"font-size: 10pt;\">Johan August Meijerfelt Coll. 144,\u00a0va<\/span><span style=\"font-size: 10pt;\">n 144.1\u00a0a<\/span><span style=\"font-size: 10pt;\">an 144.2<\/span><br \/>\n<\/span><\/span><\/span><\/td>\n<td style=\"width: 23.0184%; height: 79px;\" colspan=\"2\"><span style=\"font-size: 13.3333px;\"><span style=\"font-size: 10pt;\"><span style=\"font-size: 10pt;\"><span style=\"font-size: 10pt; color: #000000;\">Brieven van Rajalin<br \/>\n<\/span><\/span><\/span><\/span><\/td>\n<td style=\"width: 25%; height: 79px;\"><span style=\"font-size: 10pt;\"><span style=\"font-size: 10pt; color: #000000;\">1789<br \/>\n<\/span><\/span><\/td>\n<\/tr>\n<tr style=\"height: 112px;\">\n<td style=\"width: 39.1069%; height: 46px;\" colspan=\"2\"><span style=\"font-size: 10pt;\">Universiteit Helsinki,\u00a0Johan August Meijerfelt Coll. 144,\u00a0va<\/span><span style=\"font-size: 10pt;\">n 144.1\u00a0a<\/span><span style=\"font-size: 10pt;\">an 144.2<\/span><\/td>\n<td style=\"width: 23.0184%; height: 46px;\" colspan=\"2\"><span style=\"font-size: 10pt;\"><span style=\"color: #000000;\">\u00a0Brieven v<\/span>an F. Wrede<\/span><\/td>\n<td style=\"width: 25%; height: 46px;\"><span style=\"font-size: 10pt;\"><span style=\"color: #000000;\">\u00a0<\/span>1789<\/span><\/td>\n<\/tr>\n<tr style=\"height: 112px;\">\n<td style=\"height: 78px; width: 39.1069%;\" colspan=\"2\"><span style=\"font-size: 10pt;\">Universiteit Helsinki,\u00a0<span style=\"font-size: 10pt;\">Johan August Meijerfelt Coll. 144,\u00a0va<\/span><span style=\"font-size: 10pt;\">n 144.1\u00a0a<\/span><span style=\"font-size: 10pt;\">an 144.2<\/span><br \/>\n<\/span><\/td>\n<td style=\"height: 78px; width: 23.0184%;\" colspan=\"2\"><span style=\"font-size: 10pt;\"><span style=\"color: #000000;\">Brieven van Pollett<br \/>\n<\/span><\/span><\/td>\n<td style=\"width: 25%; height: 78px;\"><span style=\"font-size: 10pt;\"><span style=\"color: #000000;\">1789-1790<br \/>\n<\/span><\/span><\/td>\n<\/tr>\n<tr style=\"height: 84px;\">\n<td style=\"height: 84px; width: 39.1069%;\" colspan=\"2\"><span style=\"font-size: 10pt;\">Universiteit Helsinki,\u00a0Johan August Meijerfelt Coll. 144,\u00a0van 144.1\u00a0aan 144.2<br \/>\n<\/span><\/td>\n<td style=\"height: 84px; width: 23.0184%;\" colspan=\"2\"><span style=\"font-size: 10pt;\"><span style=\"color: #000000;\">Brieven v<span style=\"font-size: 10pt; color: #000000;\">an Curt v. Stedink<\/span><br \/>\n<\/span><\/span><\/td>\n<td style=\"width: 25%; height: 84px;\"><span style=\"font-size: 10pt;\"><span style=\"color: #000000;\">1789-1790<br \/>\n<\/span><\/span><\/td>\n<\/tr>\n<tr style=\"height: 28px;\">\n<td style=\"height: 28px; width: 39.1069%;\" colspan=\"2\"><span style=\"font-size: 10pt;\">SE\/KrA, Rullor 1504, fol 8<br \/>\n<\/span><\/td>\n<td style=\"height: 28px; width: 23.0184%;\" colspan=\"2\"><span style=\"font-size: 10pt;\"><span style=\"color: #000000;\"><a style=\"color: #0000ff;\" href=\"https:\/\/sok.riksarkivet.se\/bildvisning\/A0029661_00005#?c=&amp;m=&amp;s=&amp;cv=4&amp;xywh=-754%2C67%2C2942%2C2017\">Meyerfeldtske friskytte k\u00e5ren<\/a><br \/>\n<\/span><\/span><\/td>\n<td style=\"width: 25%; height: 28px;\"><span style=\"font-size: 10pt;\"><span style=\"color: #000000;\">1789-1791<br \/>\n<\/span><\/span><\/td>\n<\/tr>\n<tr style=\"height: 84px;\">\n<td style=\"height: 84px; width: 39.1069%;\" colspan=\"2\"><span style=\"font-size: 10pt;\">Universiteit Helsinki,\u00a0<span style=\"font-size: 10pt;\">Johan August Meijerfelt Coll. 144,\u00a0va<\/span><span style=\"font-size: 10pt;\">n 144.1\u00a0a<\/span><span style=\"font-size: 10pt;\">an 144.2<\/span><br \/>\n<\/span><\/td>\n<td style=\"height: 84px; width: 23.0184%;\" colspan=\"2\"><span style=\"font-size: 10pt;\"><span style=\"color: #000000;\">Brieven van G. Wachtmeister<br \/>\n<\/span><\/span><\/td>\n<td style=\"width: 25%; height: 84px;\"><span style=\"font-size: 10pt;\"><span style=\"color: #000000;\">1789-1790<br \/>\n<\/span><\/span><\/td>\n<\/tr>\n<tr style=\"height: 28px;\">\n<td style=\"height: 28px; width: 39.1069%;\" colspan=\"2\"><span style=\"font-size: 10pt;\">KB1\/1<\/span><\/td>\n<td style=\"height: 28px; width: 23.0184%;\" colspan=\"2\"><span style=\"font-size: 10pt;\"><span style=\"color: #000000;\"><span style=\"color: #0000ff;\"><span style=\"color: #000000; font-size: 10pt;\">Brief aan baron <a style=\"color: #0000ff;\" href=\"https:\/\/meijenfeldt.nl\/wp-content\/uploads\/2020\/09\/1790-JAjr-Stromfeldt.pdf\">Str\u00f6mfeldt<\/a><\/span><\/span><\/span><\/span><\/td>\n<td style=\"width: 25%; height: 28px;\"><span style=\"font-size: 10pt;\"><span style=\"color: #000000;\"><span style=\"color: #000000; font-size: 10pt;\">06-06-1790<\/span><\/span><\/span><\/td>\n<\/tr>\n<tr style=\"height: 28px;\">\n<td style=\"height: 28px; width: 39.1069%;\" colspan=\"2\"><span style=\"font-size: 10pt;\">SE\/KrA, Meritband, Dl 29, fol 206\u00a0<\/span><\/td>\n<td style=\"height: 28px; width: 23.0184%;\" colspan=\"2\"><span style=\"font-size: 10pt;\"><span style=\"color: #000000;\"><span style=\"color: #0000ff;\"><a style=\"color: #0000ff;\" href=\"https:\/\/sok.riksarkivet.se\/bildvisning\/A0043372_00211#?c=&amp;m=&amp;s=&amp;cv=210&amp;xywh=-1642%2C-39%2C8515%2C4761\">Nerike och Wermelands Regemente<\/a><\/span><\/span><\/span><\/td>\n<td style=\"width: 25%; height: 28px;\"><span style=\"font-size: 10pt;\"><span style=\"color: #000000;\">1790<\/span><\/span><\/td>\n<\/tr>\n<tr style=\"height: 28px;\">\n<td style=\"height: 28px; width: 39.1069%;\" colspan=\"2\"><span style=\"font-size: 10pt;\">SE\/KrA, Meritband, Dl 29, fol 216\u00a0<\/span><\/td>\n<td style=\"height: 28px; width: 23.0184%;\" colspan=\"2\"><span style=\"font-size: 10pt;\"><span style=\"color: #000000;\"><span style=\"color: #0000ff;\"><span style=\"font-size: 10pt; color: #000000;\"><a style=\"color: #0000ff;\" href=\"https:\/\/sok.riksarkivet.se\/bildvisning\/A0043372_00221#?c=&amp;m=&amp;s=&amp;cv=220&amp;xywh=-538%2C259%2C7095%2C3967\">Nerike och Wermelands Regemente<\/a>\u00a0<\/span><\/span><\/span><\/span><\/td>\n<td style=\"width: 25%; height: 28px;\"><span style=\"font-size: 10pt;\"><span style=\"color: #000000;\">1790<\/span><\/span><\/td>\n<\/tr>\n<tr style=\"height: 28px;\">\n<td style=\"height: 28px; width: 39.1069%;\" colspan=\"2\"><span style=\"font-size: 10pt;\">SE\/KrA, Meritband, Dl 29, fol 312<\/span><\/td>\n<td style=\"height: 28px; width: 23.0184%;\" colspan=\"2\"><span style=\"font-size: 10pt;\"><span style=\"color: #000000;\"><span style=\"color: #0000ff;\"><a style=\"color: #0000ff;\" href=\"https:\/\/sok.riksarkivet.se\/bildvisning\/A0043372_00322#?c=&amp;m=&amp;s=&amp;cv=321&amp;xywh=1340%2C335%2C4109%2C2295\">Nerike och Wermelands Regemente<\/a><\/span><\/span><\/span><\/td>\n<td style=\"width: 25%; height: 28px;\"><span style=\"font-size: 10pt;\"><span style=\"color: #000000;\">1790<\/span><\/span><\/td>\n<\/tr>\n<tr style=\"height: 84px;\">\n<td style=\"height: 84px; width: 39.1069%;\" colspan=\"2\"><span style=\"font-size: 10pt;\">Universiteit Helsinki,\u00a0<span style=\"font-size: 10pt;\">Johan August Meijerfelt Coll. 144,\u00a0va<\/span><span style=\"font-size: 10pt;\">n 144.1\u00a0a<\/span><span style=\"font-size: 10pt;\">an 144.2<\/span><br \/>\n<\/span><\/td>\n<td style=\"height: 84px; width: 23.0184%;\" colspan=\"2\"><span style=\"font-size: 10pt;\"><span style=\"color: #000000;\">Brieven van J.A. J\u00e4gerhorn (copie)<br \/>\n<\/span><\/span><\/td>\n<td style=\"width: 25%; height: 84px;\"><span style=\"font-size: 10pt;\"><span style=\"color: #000000;\">1790<br \/>\n<\/span><\/span><\/td>\n<\/tr>\n<tr style=\"height: 84px;\">\n<td style=\"height: 84px; width: 39.1069%;\" colspan=\"2\"><span style=\"font-size: 10pt;\">Universiteit Helsinki,\u00a0<span style=\"font-size: 10pt;\">Johan August Meijerfelt Coll. 144,\u00a0va<\/span><span style=\"font-size: 10pt;\">n 144.1\u00a0a<\/span><span style=\"font-size: 10pt;\">an 144.2<\/span><br \/>\n<\/span><\/td>\n<td style=\"height: 84px; width: 23.0184%;\" colspan=\"2\"><span style=\"font-size: 10pt;\"><span style=\"color: #000000;\">Brieven van W. Pauli<br \/>\n<\/span><\/span><\/td>\n<td style=\"width: 25%; height: 84px;\"><span style=\"font-size: 10pt;\"><span style=\"color: #000000;\">1790<br \/>\n<\/span><\/span><\/td>\n<\/tr>\n<tr style=\"height: 84px;\">\n<td style=\"height: 84px; width: 39.1069%;\" colspan=\"2\"><span style=\"font-size: 10pt;\">Universiteit Helsinki,\u00a0<span style=\"font-size: 10pt;\">Johan August Meijerfelt Coll. 144,\u00a0va<\/span><span style=\"font-size: 10pt;\">n 144.1\u00a0a<\/span><span style=\"font-size: 10pt;\">an 144.2<\/span><br \/>\n<\/span><\/td>\n<td style=\"height: 84px; width: 23.0184%;\" colspan=\"2\"><span style=\"font-size: 10pt;\"><span style=\"color: #000000;\">Brieven van C.A. Wachtmeister<br \/>\n<\/span><\/span><\/td>\n<td style=\"width: 25%; height: 84px;\"><span style=\"font-size: 10pt;\"><span style=\"color: #000000;\">1790<br \/>\n<\/span><\/span><\/td>\n<\/tr>\n<tr style=\"height: 84px;\">\n<td style=\"height: 84px; width: 39.1069%;\" colspan=\"2\"><span style=\"font-size: 10pt;\">Universiteit Helsinki,\u00a0<span style=\"font-size: 10pt;\">Johan August Meijerfelt Coll. 144,\u00a0va<\/span><span style=\"font-size: 10pt;\">n 144.1\u00a0a<\/span><span style=\"font-size: 10pt;\">an 144.2<\/span><br \/>\n<\/span><\/td>\n<td style=\"height: 84px; width: 23.0184%;\" colspan=\"2\"><span style=\"font-size: 10pt;\"><span style=\"color: #000000;\">Brieven van Otto Wrede<br \/>\n<\/span><\/span><\/td>\n<td style=\"width: 25%; height: 84px;\"><span style=\"font-size: 10pt;\"><span style=\"color: #000000;\">1790<br \/>\n<\/span><\/span><\/td>\n<\/tr>\n<tr style=\"height: 28px;\">\n<td style=\"height: 28px; width: 39.1069%;\" colspan=\"2\"><span style=\"font-size: 10pt;\">KB1\/1, Autografsamlingen<br \/>\n<\/span><\/td>\n<td style=\"height: 28px; width: 23.0184%;\" colspan=\"2\"><span style=\"font-size: 10pt;\"><span style=\"color: #000000;\">Brief aan Str\u00f6mfeld<br \/>\n<\/span><\/span><\/td>\n<td style=\"width: 25%; height: 28px;\"><span style=\"font-size: 10pt;\"><span style=\"color: #000000;\">1790<br \/>\n<\/span><\/span><\/td>\n<\/tr>\n<tr style=\"height: 84px;\">\n<td style=\"width: 36.6667%; height: 26px;\"><span style=\"color: #000000; font-size: 13.3333px;\">SE\/RA, Biographica 8Mb,\u00a0<\/span><span style=\"font-size: 10pt;\">112<\/span><\/td>\n<td style=\"width: 25.4586%; height: 26px;\" colspan=\"3\"><span style=\"font-size: 10pt;\"><a style=\"color: #0000ff;\" href=\"https:\/\/sok.riksarkivet.se\/bildvisning\/A0069897_00112#?c=&amp;m=&amp;s=&amp;cv=111&amp;xywh=2249%2C593%2C3683%2C2334\">R\u00f6rande\u00a0F\u00e4lt-Marskalken<\/a><\/span><\/td>\n<td style=\"width: 25%; height: 26px;\"><span style=\"color: #000000; font-size: 13.3333px;\">90-er jaren<\/span><\/td>\n<\/tr>\n<tr style=\"height: 56px;\">\n<td style=\"width: 36.6667%; height: 56px;\"><span style=\"font-size: 10pt;\"><span style=\"font-size: 10pt; color: #000000;\">SE\/RA\/481\/01\/01\/D\/D II dc\/51 Mat-Meu, \u00c4mbetsarkiv (samlingspost)<br \/>\n<\/span><\/span><\/td>\n<td style=\"height: 56px; width: 25.4586%;\" colspan=\"3\"><span style=\"font-size: 10pt; color: #0000ff;\"><span style=\"color: #000000;\">Direktionen \u00f6ver arm\u00e9ns pensionskassa aan koning<br \/>\n<\/span><\/span><\/td>\n<td style=\"width: 25%; height: 56px;\"><span style=\"font-size: 10pt;\"><span style=\"color: #000000;\"><span style=\"font-size: 10pt; color: #000000;\">30-03-1791<br \/>\n<\/span><\/span><\/span><\/td>\n<\/tr>\n<tr style=\"height: 28px;\">\n<td style=\"width: 36.6667%; height: 28px;\"><span style=\"font-size: 10pt;\"><span style=\"font-size: 10pt; color: #000000;\">SE\/KrA, Rullor 193, fol 5<\/span><\/span><\/td>\n<td style=\"width: 25.4586%; height: 28px;\" colspan=\"3\"><span style=\"font-size: 10pt; color: #0000ff;\"><a style=\"color: #0000ff;\" href=\"https:\/\/sok.riksarkivet.se\/bildvisning\/A0028168_00005#?c=&amp;m=&amp;s=&amp;cv=4&amp;xywh=657%2C1904%2C2334%2C1544\">Nerike och Wermelands regemente, \u00f6fwerste,\u00a0afsked<\/a><\/span><\/td>\n<td style=\"width: 25%; height: 28px;\"><span style=\"font-size: 10pt;\"><span style=\"color: #000000;\"><span style=\"font-size: 10pt; color: #000000;\">31-03-1791<br \/>\n<\/span><\/span><\/span><\/td>\n<\/tr>\n<tr style=\"height: 56px;\">\n<td style=\"width: 36.6667%; height: 56px;\"><span style=\"font-size: 10pt;\"><span style=\"font-size: 10pt; color: #000000;\">SE\/RA, 720\/791\/003. Sj\u00f6holmsarkivet I. Autografsamlingen<br \/>\n<\/span><\/span><\/td>\n<td style=\"width: 25.4586%; height: 56px;\" colspan=\"3\"><span style=\"font-size: 10pt; color: #0000ff;\"><span style=\"color: #000000;\">Brief aan <span style=\"font-size: 13.3333px;\"><span style=\"font-size: 10pt;\"><span style=\"font-size: 10pt; color: #000000;\">hertog Karel van S\u00f6dermanland<\/span><\/span><\/span><br style=\"color: #333333; font-size: 17px;\" \/><\/span><\/span><\/td>\n<td style=\"width: 25%; height: 56px;\"><span style=\"font-size: 10pt;\"><span style=\"color: #000000;\"><span style=\"font-size: 10pt; color: #000000;\">1793<br \/>\n<\/span><\/span><\/span><\/td>\n<\/tr>\n<tr style=\"height: 112px;\">\n<td style=\"width: 36.6667%; height: 112px;\"><span style=\"font-size: 10pt;\"><span style=\"font-size: 10pt; color: #000000;\">Stadtarchiv Stralsund, 01.01.16.13. Testamenten, deel 2, Buchstabe M, 1151 (M57)\u00a0<\/span><\/span><\/td>\n<td style=\"height: 112px; width: 25.4586%;\" colspan=\"3\"><span style=\"font-size: 10pt; color: #0000ff;\"><span style=\"font-size: 10pt;\"><span style=\"font-size: 10pt;\"><a style=\"color: #0000ff;\" href=\"https:\/\/meijenfeldt.nl\/wp-content\/uploads\/2016\/09\/ZZ.25-testament.pdf\" target=\"_blank\" rel=\"noopener noreferrer\">Testamentum des Grafen von Meijerfeldt und seiner Frau Gr\u00e4fin<\/a><\/span><\/span><\/span><\/td>\n<td style=\"width: 25%; height: 112px;\"><span style=\"font-size: 10pt;\"><span style=\"color: #000000;\"><span style=\"font-size: 10pt; color: #000000;\">10-06-1795<br \/>\n<\/span><\/span><\/span><\/td>\n<\/tr>\n<tr style=\"height: 28px;\">\n<td style=\"width: 36.6667%; height: 28px;\"><span style=\"font-size: 10pt;\"><span style=\"font-size: 10pt; color: #000000;\">SE\/RA\/720\/873\/010, vol. 69<\/span><\/span><\/td>\n<td style=\"width: 25.4586%; height: 28px;\" colspan=\"3\"><span style=\"font-size: 10pt; color: #0000ff;\"><span style=\"color: #000000;\"><span style=\"font-size: 10pt; color: #008000;\"><span style=\"font-size: 10pt;\"><span style=\"color: #000000; font-size: 10pt;\">Brief aan Gustav IV Adolf<\/span><\/span><\/span><\/span><\/span><\/td>\n<td style=\"width: 25%; height: 28px;\"><span style=\"font-size: 10pt;\"><span style=\"color: #000000;\"><span style=\"font-size: 10pt; color: #000000;\">11-1795<\/span><\/span><\/span><\/td>\n<\/tr>\n<tr style=\"height: 56px;\">\n<td style=\"width: 36.6667%; height: 31px;\"><span style=\"font-size: 10pt;\"><span style=\"font-size: 10pt; color: #000000;\">SE\/RA, 720\/741, Vol E 5131<\/span><\/span><\/td>\n<td style=\"width: 25.4586%; height: 31px;\" colspan=\"3\"><span style=\"font-size: 10pt; color: #000000;\"><span style=\"font-size: 10pt;\"><span style=\"font-size: 10pt;\">Brief aan Gustaf Adolf Reuterholm (1756-1813)<br \/>\n<\/span><\/span><\/span><\/td>\n<td style=\"width: 25%; height: 31px;\"><span style=\"font-size: 10pt;\"><span style=\"color: #000000;\"><span style=\"font-size: 10pt; color: #000000;\">1796<\/span><\/span><\/span><\/td>\n<\/tr>\n<tr style=\"height: 196px;\">\n<td style=\"width: 36.6667%; height: 196px;\"><span style=\"font-size: 10pt;\"><span style=\"font-size: 10pt; color: #000000;\">KB1\/37<\/span><\/span><\/td>\n<td style=\"width: 25.4586%; height: 196px;\" colspan=\"3\"><span style=\"font-size: 10pt; color: #000000;\"><span style=\"font-size: 10pt;\"><span style=\"font-size: 10pt;\">Ur Edelcrantz\u2019ska papperen: Kungl. Maj:t Gustav IV Adolf, kung av Sverige, <span style=\"color: #0000ff;\"><a style=\"color: #0000ff;\" href=\"https:\/\/meijenfeldt.nl\/wp-content\/uploads\/2018\/10\/Tal-Seraphimer.pdf\">\u201cTal, h\u00e5llit af konungen<\/a><\/span> uti ordens-capellet i Stockholms slott den 29 april 1799, d\u00e5 til riddare af Seraphimer Orden dubbades en af rikets herrar \u2026 Johan August Meyerfelt\u201d, Svenska Academien.\u00a0Kongl. Tryckeriet Stockholm<\/span><\/span><\/span><\/td>\n<td style=\"width: 25%; height: 196px;\"><span style=\"font-size: 10pt;\"><span style=\"color: #000000;\"><span style=\"font-size: 10pt; color: #000000;\">29-04-1799<\/span><\/span><\/span><\/td>\n<\/tr>\n<tr style=\"height: 56px;\">\n<td style=\"width: 36.6667%; height: 56px;\"><span style=\"font-size: 10pt;\"><span style=\"font-size: 10pt; color: #000000;\">SE\/RA\/720\/132.004, Vol E 2974, <span style=\"font-size: 10pt;\">B\u00f6rstorpsamlingen<\/span><br \/>\n<\/span><\/span><\/td>\n<td style=\"height: 56px; width: 25.4586%;\" colspan=\"3\"><span style=\"font-size: 10pt; color: #000000;\"><span style=\"font-size: 10pt;\"><span style=\"font-size: 10pt;\">Brief van Louise aan Fredrik Sparre (1731-1803)<br \/>\n<\/span><\/span><\/span><\/td>\n<td style=\"width: 25%; height: 56px;\"><span style=\"font-size: 10pt;\"><span style=\"color: #000000;\"><span style=\"font-size: 10pt; color: #000000;\">?<br \/>\n<\/span><\/span><\/span><\/td>\n<\/tr>\n<tr style=\"height: 112px;\">\n<td style=\"width: 36.6667%; height: 112px;\"><span style=\"font-size: 10pt;\"><span style=\"font-size: 10pt; color: #000000;\"><span style=\"color: #333333;\">SE\/RA\/720\/805\/002, <\/span>Vol E 5570<\/span><\/span><\/td>\n<td style=\"width: 25.4586%; height: 112px;\" colspan=\"3\"><span style=\"font-size: 10pt; color: #000000;\"><span style=\"font-size: 10pt;\"><span style=\"font-size: 10pt;\"><span style=\"color: #333333;\">Brief van L<\/span>ouise aan Ulrika Charlotta Taube (1724-1780) gm1 Anton de Geer (1721-1756) gm2 Johan Wilhelm Sprengtporten (1720-1795).<\/span><\/span><\/span><\/td>\n<td style=\"width: 25%; height: 112px;\"><span style=\"font-size: 10pt;\"><span style=\"color: #000000;\"><span style=\"font-size: 10pt; color: #000000;\">?<\/span><\/span><\/span><\/td>\n<\/tr>\n<tr style=\"height: 84px;\">\n<td style=\"width: 36.6667%; height: 84px;\"><span style=\"font-size: 10pt; color: #000000;\"><span style=\"color: #333333;\">SE\/SSA, 0008<br \/>\nF Ia \/ 3, f<span style=\"font-size: 10pt;\">olio 105\/84<\/span><br \/>\nF Ib \/ 2, <span style=\"color: #000000;\">f<span style=\"font-size: 10pt;\">olio 120\/101<\/span><\/span><br \/>\n<\/span><\/span><\/td>\n<td style=\"width: 25.4586%; height: 84px;\" colspan=\"3\"><span style=\"font-size: 10pt;\"><span style=\"font-size: 10pt; color: #000000;\">Jakob och Johannes kyrkoarkiv<br \/>\n<span style=\"color: #0000ff;\"><a style=\"color: #0000ff;\" href=\"https:\/\/sok.riksarkivet.se\/bildvisning\/C0054721_00105#?c=&amp;m=&amp;s=&amp;cv=104&amp;xywh=1009%2C-18%2C4674%2C3588\">D\u00f6d- och Begravingsb\u00f6cker Jakob 1785-1808<\/a><br \/>\n<a href=\"https:\/\/sok.riksarkivet.se\/bildvisning\/C0054725_00120#?c=&amp;m=&amp;s=&amp;cv=119&amp;xywh=2137%2C82%2C2705%2C2077\"><span style=\"color: #0000ff;\">D\u00f6d- och Begravingsb\u00f6cker Joh. 1785-1804<\/span><br \/>\n<\/a><\/span><\/span><\/span><\/td>\n<td style=\"width: 25%; height: 84px;\"><span style=\"font-size: 10pt;\"><span style=\"color: #000000;\"><span style=\"font-size: 10pt; color: #000000;\"><br \/>\n21-04-1800<br \/>\n02-05-1800<\/span><\/span><\/span><\/td>\n<\/tr>\n<tr style=\"height: 56px;\">\n<td style=\"width: 36.6667%; height: 56px;\"><span style=\"font-size: 10pt; color: #000000;\"><span style=\"color: #333333;\">SE\/SSA, 0010<br \/>\nC Ia \/ 5, folio 87<br \/>\n<\/span><\/span><\/td>\n<td style=\"height: 56px; width: 25.4586%;\" colspan=\"3\"><span style=\"font-size: 10pt;\"><span style=\"font-size: 10pt; color: #000000;\">Klara kyroarchiv<br \/>\n<a href=\"https:\/\/sok.riksarkivet.se\/bildvisning\/C0056142_00087#?c=&amp;m=&amp;s=&amp;cv=86&amp;xywh=2843%2C2479%2C3246%2C2492\"><span style=\"color: #0000ff;\">D\u00f6d- och Begravingsb\u00f6cker 1748-1860 M-S<\/span><\/a><br \/>\n<\/span><\/span><\/td>\n<td style=\"width: 25%; height: 56px;\"><span style=\"font-size: 10pt;\"><span style=\"color: #000000;\"><span style=\"font-size: 10pt; color: #000000;\">\u2020 21-04-1800<br \/>\n\u2261 02-05-1800<\/span><\/span><\/span><\/td>\n<\/tr>\n<tr style=\"height: 112px;\">\n<td style=\"width: 36.6667%; height: 112px;\"><span style=\"font-size: 10pt; color: #000000;\"><span style=\"color: #333333;\">SE\/SSA, 0013 F I\/1, folio 134<\/span><\/span><\/td>\n<td style=\"width: 25.4586%; height: 112px;\" colspan=\"3\"><span style=\"font-size: 10pt;\"><span style=\"font-size: 10pt; color: #000000;\">Ridderholmens Kyrkoarkiv, D\u00f6d- och begravningsb\u00f6cker 1738-1807, <span style=\"color: #0000ff;\"><a style=\"color: #0000ff;\" href=\"https:\/\/sok.riksarkivet.se\/bildvisning\/C0055345_00134#?c=&amp;m=&amp;s=&amp;cv=133&amp;xywh=1713%2C859%2C2114%2C1107\">Hans Excellence F\u00e4ldtmarskalken m.m. Grefve Johan August Meyerfeldt, ifr Clara<\/a><\/span><\/span><\/span><\/td>\n<td style=\"width: 25%; height: 112px;\"><span style=\"font-size: 10pt;\"><span style=\"color: #000000;\"><span style=\"font-size: 10pt; color: #000000;\">\u2261 02-05-1800<\/span><\/span><\/span><\/td>\n<\/tr>\n<tr style=\"height: 84px;\">\n<td style=\"width: 36.6667%; height: 84px;\"><span style=\"font-size: 10pt; color: #000000;\"><span style=\"color: #333333;\">Evangelisches Pfarramt Glewitz, Todten=Buch f\u00fcr die Kirche zu Nehringen 1792 e.v.j., 38, fol 11<\/span><\/span><\/td>\n<td style=\"height: 84px; width: 25.4586%;\" colspan=\"3\"><span style=\"color: #0000ff;\"><a style=\"color: #0000ff;\" href=\"https:\/\/meijenfeldt.nl\/wp-content\/uploads\/2025\/05\/Kirchenbucher-Nehringen.pdf\"><em><span style=\"font-size: 10pt;\">Sterbe: d. 21sten Aprill des Morgens fr\u00fche um 1 Uhr. Beerdigung: d. 15ten Julius hier in dem Gew\u00f6lbe beygesetzt. Name: Sr. Excellenz, der Reichsherr, Feldmarschall, Ritter und Commandeur der K\u00f6nigl. Ordren und Gro\u03b2 Kreuz vom Schwerdtordren, Herr Graf Johan August Meijerfeldt. Geburstort: S\u00f6fteborg in Schweden. Wohn\/Sterbort: Stockholm, wo er sich den Winter \u00fcber aufgehalten hatte. Jahr-Alter: 75 Jahre und einige Monate alt geworden. Krankheit: an der Lungen Sucht<\/span><\/em><\/a><\/span><\/td>\n<td style=\"width: 25%; height: 84px;\"><span style=\"font-size: 10pt;\"><span style=\"color: #000000;\"><span style=\"font-size: 10pt; color: #000000;\">15-07-1800<br \/>\n<\/span><\/span><\/span><\/td>\n<\/tr>\n<tr style=\"height: 56px;\">\n<td style=\"width: 36.6667%; height: 56px;\"><span style=\"font-size: 10pt;\"><span style=\"font-size: 10pt; color: #000000;\">SE\/RA\/420422\/01\/AIa1\/317 1800\u00a0 deel II, fol 77-104v<br \/>\n<\/span><\/span><\/td>\n<td style=\"height: 56px; width: 25.4586%;\" colspan=\"3\"><span style=\"color: #0000ff;\"><span style=\"font-size: 10pt; color: #000000;\">Svea Hovr\u00e4tt, <\/span><a style=\"color: #0000ff;\" href=\"https:\/\/sok.riksarkivet.se\/bildvisning\/A0068871_00099#?c=&amp;m=&amp;s=&amp;cv=98&amp;xywh=1842%2C-46%2C4095%2C2292\"><span style=\"font-size: 13.3333px;\">Testament, Litt A-G<\/span><\/a><span style=\"font-size: 10pt;\">, <\/span><\/span><a style=\"color: #0000ff; font-size: 13.3333px;\" href=\"https:\/\/meijenfeldt.nl\/wp-content\/uploads\/2022\/07\/Riksarkivet-Transcriptie-testament-JAM-jr.pdf\">Transcriptie<\/a><\/td>\n<td style=\"width: 25%; height: 56px;\"><span style=\"font-size: 10pt;\">11-09-1800<br \/>\n<\/span><\/td>\n<\/tr>\n<tr style=\"height: 84px;\">\n<td style=\"width: 36.6667%; height: 84px;\"><span style=\"font-size: 10pt;\"><span style=\"font-size: 10pt; color: #000000;\">SE\/RA\/420422\/01\/AIa1\/318 1800 deel III, fol. 1124v<\/span><\/span><\/td>\n<td style=\"width: 25.4586%; height: 84px;\" colspan=\"3\"><span style=\"color: #0000ff;\"><span style=\"font-size: 10pt; color: #000000;\">Svea Hovr\u00e4tt, <a style=\"color: #0000ff;\" href=\"https:\/\/sok.riksarkivet.se\/bildvisning\/A0068872_00570#?c=&amp;m=&amp;s=&amp;cv=569&amp;xywh=-181%2C195%2C5859%2C2479\"><span style=\"font-size: 10pt;\">Landgoederen<\/span><\/a><span style=\"color: #0000ff; font-size: 17px;\">\u00a0<\/span><br \/>\n<\/span><\/span><\/td>\n<td style=\"width: 25%; height: 84px;\"><span style=\"font-size: 10pt;\">19-12-1800<br \/>\n<\/span><\/td>\n<\/tr>\n<tr style=\"height: 84px;\">\n<td style=\"width: 36.6667%; height: 84px;\"><span style=\"font-size: 10pt;\"><span style=\"font-size: 10pt; color: #000000;\">SE\/RA\/420422\/01\/EIXb\/160 fol. 68-120<\/span><\/span><\/td>\n<td style=\"width: 25.4586%; height: 84px;\" colspan=\"3\"><span style=\"color: #0000ff;\"><span style=\"font-size: 10pt; color: #000000;\">Svea Hovr\u00e4tt, Adelige Bouppteckningar, <\/span><a style=\"color: #0000ff;\" href=\"https:\/\/sok.riksarkivet.se\/bildvisning\/C0100768_00068#?c=&amp;m=&amp;s=&amp;cv=67&amp;xywh=-683%2C2844%2C6999%2C3160\"><span style=\"font-size: 13.3333px;\">Roerende Zaken<\/span><\/a>, <a style=\"color: #0000ff;\" href=\"https:\/\/sok.riksarkivet.se\/bildvisning\/C0100768_00080#?c=&amp;m=&amp;s=&amp;cv=79&amp;xywh=378%2C253%2C5830%2C2631\"><span style=\"font-size: 10pt;\">F\u00f6rteckning p\u00e5 handlingar<\/span><\/a>, <a style=\"color: #0000ff;\" href=\"https:\/\/sok.riksarkivet.se\/bildvisning\/C0100768_00086#?c=&amp;m=&amp;s=&amp;cv=85&amp;xywh=340%2C236%2C4857%2C2193\"><span style=\"font-size: 10pt;\">Ugerup<\/span><\/a>, <span style=\"font-size: 10pt;\"><a style=\"color: #0000ff;\" href=\"https:\/\/sok.riksarkivet.se\/bildvisning\/C0100768_00097#?c=&amp;m=&amp;s=&amp;cv=96&amp;xywh=1882%2C570%2C4854%2C2191\">Sundby<\/a><\/span>, <a style=\"color: #0000ff;\" href=\"https:\/\/sok.riksarkivet.se\/bildvisning\/C0100768_00110#?c=&amp;m=&amp;s=&amp;cv=109&amp;xywh=2127%2C783%2C4852%2C2190\"><span style=\"font-size: 10pt;\">N\u00e4sby<\/span><\/a>\u00a0<\/span><\/td>\n<td style=\"width: 25%; height: 84px;\"><span style=\"font-size: 10pt;\">19-12-1800<\/span><\/td>\n<\/tr>\n<tr style=\"height: 28px;\">\n<td style=\"width: 36.6667%; height: 28px;\"><span style=\"font-size: 10pt; color: #000000;\"><span style=\"font-size: 10pt;\">SE\/SSA, 244<\/span><\/span><\/td>\n<td style=\"height: 28px; width: 25.4586%;\" colspan=\"3\"><span style=\"font-size: 10pt; color: #000000;\"><span style=\"font-size: 10pt;\"><span style=\"font-size: 10pt;\">Grefve, F\u00e4ltmarskalk m m, Klara neder<\/span><\/span><\/span><\/td>\n<td style=\"width: 25%; height: 28px;\"><span style=\"font-size: 10pt; color: #000000;\"><span style=\"font-size: 10pt;\">1800<\/span><\/span><\/td>\n<\/tr>\n<tr style=\"height: 28px;\">\n<td style=\"width: 36.6667%; height: 28px;\"><span style=\"font-size: 10pt; color: #000000;\"><span style=\"font-size: 10pt;\">SE\/SSA, 275<\/span><\/span><\/td>\n<td style=\"width: 25.4586%; height: 28px;\" colspan=\"3\"><span style=\"font-size: 10pt; color: #000000;\"><span style=\"font-size: 10pt;\"><span style=\"font-size: 10pt;\">Dr\u00e4ng (= knecht\/huisbediende) L.A. Sparre<\/span><\/span><\/span><\/td>\n<td style=\"width: 25%; height: 28px;\"><span style=\"font-size: 10pt; color: #000000;\"><span style=\"font-size: 10pt;\">1800<\/span><\/span><\/td>\n<\/tr>\n<tr style=\"height: 112px;\">\n<td style=\"width: 36.6667%; height: 112px;\"><span style=\"font-size: 10pt;\"><span style=\"font-size: 10pt; color: #000000;\">SE\/RA\/720\/805\/002, <span style=\"font-size: 10pt;\">Vol E 5570\u00a0<\/span><br \/>\n<\/span><\/span><\/td>\n<td style=\"width: 25.4586%; height: 112px;\" colspan=\"3\"><span style=\"font-size: 10pt; color: #000000;\"><span style=\"font-size: 10pt;\"><span style=\"font-size: 10pt;\">Brieven van Louise aan Sofia Lovisa M\u00f6rner af Morlanda (1762-1821) gm Johan Willhelm Sprengtporten (1720-1795)<br \/>\n<\/span><\/span><\/span><\/td>\n<td style=\"width: 25%; height: 112px;\"><span style=\"font-size: 10pt;\"><span style=\"color: #000000;\"><span style=\"font-size: 10pt; color: #000000;\">1800-1811<br \/>\n<\/span><\/span><\/span><\/td>\n<\/tr>\n<tr style=\"height: 89px;\">\n<td style=\"width: 48.4889%; height: 89px;\" colspan=\"3\"><span style=\"font-size: 10pt;\"><span style=\"font-size: 10pt; color: #000000;\"><span style=\"color: #000000; font-size: 14pt;\"><span style=\"font-size: 10pt;\">WT Senatsprotokolle der Universit\u00e4t Greifswald, Konzilsprotokolle 1802, <span style=\"color: #0000ff;\"><a style=\"color: #0000ff;\" href=\"https:\/\/digitale-bibliothek-mv.de\/viewer\/fullscreen\/PPNUAG_0_1_St_658\/66\/\">fol 32v<\/a><\/span><\/span><\/span><\/span><\/span><br \/>\n<span style=\"font-size: 10pt; color: #000000;\"><span style=\"color: #0000ff;\"><span style=\"color: #000000;\"><br \/>\n<\/span><\/span><\/span><\/td>\n<td style=\"width: 13.6364%; height: 89px;\"><span style=\"font-size: 10pt; color: #000000;\"><span style=\"color: #0000ff;\"><span style=\"color: #000000;\"><span style=\"color: #000000;\">Gr\u00e4fl: Meijerfeldtschen Allodial Erben<\/span><\/span><\/span><\/span><\/td>\n<td style=\"width: 25%; height: 89px;\"><span style=\"font-size: 10pt;\"><span style=\"color: #000000;\"><span style=\"color: #000000;\">28-09-1802<br \/>\n<\/span><\/span><\/span><\/td>\n<\/tr>\n<tr style=\"height: 112px;\">\n<td style=\"width: 39.1069%; height: 112px;\" colspan=\"2\"><span style=\"font-size: 10pt;\"><span style=\"font-size: 10pt; color: #000000;\">Stadtarchiv Stralsund, Handschriften, Rep 24. St\u00e4dtischen Grundbesitz und Bauwesen, 4589<br \/>\n<\/span><\/span><\/td>\n<td style=\"width: 23.0184%; height: 112px;\" colspan=\"2\"><span style=\"font-size: 10pt; color: #000000;\"><span style=\"font-size: 10pt;\"><span style=\"font-size: 10pt;\"><span style=\"font-size: 10pt; color: #0000ff;\"><span style=\"color: #000000;\">Ankauf des den Erben des Grafen Meyerfeld geh\u00f6renden Hauses Badenstra\u03b2e 17 durch den K\u00f6nig von Schweden<br \/>\n<\/span><\/span><\/span><\/span><\/span><span style=\"font-size: 10pt; color: #000000;\"><span style=\"font-size: 10pt;\"><span style=\"font-size: 10pt;\"><span style=\"font-size: 10pt; color: #0000ff;\"><span style=\"color: #000000;\"><br \/>\n<\/span><\/span><\/span><\/span><\/span><\/td>\n<td style=\"width: 25%; height: 112px;\"><span style=\"font-size: 10pt;\"><span style=\"color: #000000;\"><span style=\"font-size: 10pt; color: #000000;\">1802<br \/>\n<\/span><\/span><\/span><\/td>\n<\/tr>\n<tr style=\"height: 196px;\">\n<td style=\"width: 36.6667%; height: 196px;\"><span style=\"font-size: 10pt;\"><span style=\"font-size: 10pt; color: #000000;\">Stadtarchiv Stralsund, Handschriften, Rep 3. Das Gerichtswesen, 300<br \/>\n<\/span><\/span><\/td>\n<td style=\"width: 25.4586%; height: 196px;\" colspan=\"3\"><span style=\"font-size: 10pt; color: #000000;\"><span style=\"font-size: 10pt;\"><span style=\"font-size: 10pt;\"><span style=\"font-size: 10pt; color: #0000ff;\"><span style=\"color: #000000;\">Appellation in der Klage des Herrn von Platen zu Silenz und Martensdorf gegen die Witwe des Grafen Meyerfeldt und die T\u00fcrckscen Erben wegen Anerkennung seines ererbte Vorkaufrechts am Meyerfeldtschen Hause in der Badenstra\u03b2e<br \/>\n<\/span><\/span><\/span><\/span><\/span><\/td>\n<td style=\"width: 25%; height: 196px;\"><span style=\"font-size: 10pt;\"><span style=\"color: #000000;\"><span style=\"font-size: 10pt; color: #000000;\">1802-1807<br \/>\n<\/span><\/span><\/span><\/td>\n<\/tr>\n<tr style=\"height: 196px;\">\n<td style=\"width: 36.6667%; height: 196px;\"><span style=\"font-size: 10pt;\"><span style=\"font-size: 10pt; color: #000000;\"><span style=\"color: #333333;\">WT 1803, fol 88-89<\/span><\/span><\/span><\/td>\n<td style=\"height: 196px; width: 25.4586%;\" colspan=\"3\"><span style=\"font-size: 10pt; color: #000000;\"><span style=\"font-size: 10pt; color: #000000;\"><span style=\"font-size: 10pt;\"><span style=\"font-size: 10pt;\"><span style=\"font-size: 10pt; color: #0000ff;\"><span style=\"color: #000000;\"><a style=\"color: #0000ff;\" href=\"https:\/\/digitale-bibliothek-mv.de\/viewer\/fullscreen\/PPNUAG_0_1_St_658\/183\/\">Auf eine Missive des Herrn Rathsverwandten Schneider in Stralsund Nahmens der Gr\u00e4fl: Meijerfeldtschen Erben Herren Creditoren<\/a> <\/span><\/span><\/span><\/span><\/span><\/span><span style=\"font-size: 10pt;\">mit beglaubigter Abschrift des beim K\u00f6nigl. Hofgerichte eingereichten Postenzettels, zur Vermeidung entbehrlicher Liquidation auf die extrahirten Proclamata, w\u00e4re eine Abschrift ad Acta besorgt und dem Herrn Justizrath die Beantwortung wegen des die K\u00f6nigl. Akademie betreffenden Postens in Ansehung des Legati Aemingani<\/span> <span style=\"font-size: 10pt;\">aufgetragen.<\/span><\/td>\n<td style=\"width: 25%; height: 196px;\"><span style=\"font-size: 10pt;\"><span style=\"color: #000000;\"><span style=\"font-size: 10pt; color: #000000;\">15-03-1803<\/span><\/span><\/span><\/td>\n<\/tr>\n<tr style=\"height: 140px;\">\n<td style=\"width: 36.6667%; height: 140px;\"><span style=\"font-size: 10pt;\"><span style=\"font-size: 10pt; color: #000000;\"><span style=\"color: #333333;\">WT 1804 IV nr. 10, Fol. 174-221<\/span><\/span><\/span><\/td>\n<td style=\"width: 25.4586%; height: 140px;\" colspan=\"3\">\n<div class=\"col-12 col-sm-8 col-md-9\">\n<div class=\"toc__list-full-title\">\n<p><span style=\"font-size: 10pt; color: #0000ff;\"><span style=\"font-size: 10pt; color: #0000ff;\"><a style=\"color: #0000ff;\" title=\"Der Cammerherr Baron Schulz von Ascheraden auf Nehringen contra die k\u00f6niglich Pommersche Landesregierung\" href=\"https:\/\/www.digitale-bibliothek-mv.de\/viewer\/image\/PPN_STA-HWI_obj_5367128\/174\/LOG_0012\/\">Der Cammerherr Baron Schulz von Ascheraden auf Nehringen contra die k\u00f6niglich Pommersche Landesregierung <span style=\"font-size: 10pt;\">betreffend die von Lezterer wegen des Nehringschen Holtzverkaufs erlassenen Inhibitionen<\/span><\/a><\/span><\/span><\/p>\n<\/div>\n<\/div>\n<\/td>\n<td style=\"width: 25%; height: 140px;\"><span style=\"font-size: 10pt;\"><span style=\"color: #000000;\"><span style=\"font-size: 10pt; color: #000000;\">1804<\/span><\/span><\/span><\/td>\n<\/tr>\n<tr style=\"height: 167px;\">\n<td style=\"width: 36.6667%; height: 167px;\"><span style=\"font-size: 10pt;\"><span style=\"font-size: 10pt; color: #000000;\"><span style=\"color: #333333;\">WT 1805 IV nr 6, Fol 1-88<\/span><\/span><\/span><\/td>\n<td style=\"height: 167px;\" colspan=\"3\"><span style=\"color: #0000ff;\"><a style=\"color: #0000ff;\" href=\"https:\/\/www.digitale-bibliothek-mv.de\/viewer\/image\/PPN_STA-HWI_obj_5367132\/153\/LOG_0010\/\"><span style=\"font-size: 10pt; font-family: georgia, palatino, serif;\"><span style=\"font-size: 10pt;\"><span style=\"font-size: 10pt;\"><span style=\"font-size: 10pt;\">Der Eigent\u00fcmer Hagenow zu Langenfelde und Friedrich Steinmann zu Gnoien als Vorm\u00fcnder der Thilowschen Kinder contra das k\u00f6nigliche Hofgericht in Greifswald<\/span><\/span><\/span><\/span><\/a><\/span><\/td>\n<td style=\"width: 25%; height: 167px;\"><span style=\"font-size: 10pt;\"><span style=\"color: #000000;\"><span style=\"font-size: 10pt; color: #000000;\">22-05-1805<\/span><\/span><\/span><\/td>\n<\/tr>\n<tr>\n<td style=\"width: 36.6667%;\"><span style=\"font-size: 10pt;\"><span style=\"font-size: 10pt; color: #000000;\"><span style=\"color: #333333;\">SE\/SSA<\/span><\/span><\/span><\/td>\n<td style=\"width: 25.4586%;\" colspan=\"3\"><span style=\"color: #0000ff;\"><span style=\"font-size: 10pt; font-family: georgia, palatino, serif;\"><span style=\"font-size: 10pt;\"><span style=\"font-size: 10pt;\"><span style=\"font-size: 10pt;\"><a style=\"color: #0000ff;\" href=\"https:\/\/meijenfeldt.nl\/wp-content\/uploads\/2024\/03\/1805.pdf\">Qvart. Gripen 28, Grefvinnan Meijerfeldt<\/a><\/span><\/span><\/span><\/span><\/span><\/td>\n<td style=\"width: 25%;\"><span style=\"font-size: 10pt;\"><span style=\"color: #000000;\"><span style=\"font-size: 10pt; color: #000000;\">30-10-1805<\/span><\/span><\/span><\/td>\n<\/tr>\n<tr style=\"height: 28px;\">\n<td style=\"width: 36.6667%; height: 28px;\"><span style=\"font-size: 10pt;\"><span style=\"font-size: 10pt; color: #000000;\"><span style=\"color: #333333;\">SE\/RA, Biographica 8Mb, 119<br \/>\n<\/span><\/span><\/span><\/td>\n<td style=\"height: 28px; width: 25.4586%;\" colspan=\"3\"><span style=\"font-size: 10pt; color: #000000;\"><span style=\"font-size: 10pt;\"><span style=\"font-size: 10pt;\"><span style=\"font-size: 10pt; color: #0000ff;\"><span style=\"color: #000000;\"><span style=\"color: #0000ff;\"><a style=\"color: #0000ff;\" href=\"https:\/\/meijenfeldt.nl\/?page_id=56090\">Donatie briefwisseling<\/a><\/span><br \/>\n<\/span><\/span><\/span><\/span><\/span><\/td>\n<td style=\"width: 25%; height: 28px;\"><span style=\"font-size: 10pt;\"><span style=\"color: #000000;\"><span style=\"font-size: 10pt; color: #000000;\">13-08-1807<br \/>\n<\/span><\/span><\/span><\/td>\n<\/tr>\n<tr style=\"height: 56px;\">\n<td style=\"width: 36.6667%; height: 56px;\"><span style=\"font-size: 10pt;\"><span style=\"font-size: 10pt; color: #000000;\"><span style=\"color: #333333;\">SE\/SSA, 976<\/span><\/span><\/span><\/td>\n<td style=\"height: 56px; width: 25.4586%;\" colspan=\"3\"><span style=\"font-size: 10pt; color: #0000ff;\"><span style=\"font-size: 10pt;\"><span style=\"font-size: 10pt;\"><span style=\"font-size: 10pt;\"><a style=\"color: #0000ff;\" href=\"https:\/\/sok.stadsarkivet.stockholm.se\/Bildarkiv\/Egenproducerat\/SE-SSA-0031\/Mantalslangder1810\/M181006010315_150dpi.pdf\">Louisa Augusta Sparre: Klara och Kungsholmen<\/a><\/span><\/span><\/span><\/span><\/td>\n<td style=\"width: 25%; height: 56px;\"><span style=\"font-size: 10pt;\"><span style=\"color: #000000;\"><span style=\"font-size: 10pt; color: #000000;\">1810<\/span><\/span><\/span><\/td>\n<\/tr>\n<tr style=\"height: 56px;\">\n<td style=\"width: 36.6667%; height: 56px;\"><span style=\"font-size: 10pt; color: #000000;\"><span style=\"font-size: 10pt;\">SE\/SSA, 0010<br \/>\nC Ia \/ 6, folio 61<br \/>\n<\/span><\/span><\/td>\n<td style=\"height: 56px; width: 25.4586%;\" colspan=\"3\"><span style=\"font-size: 10pt; color: #000000;\"><span style=\"font-size: 10pt;\"><span style=\"font-size: 10pt;\"><span style=\"font-size: 10pt;\">Klara Kyrkoarchiv<br \/>\n<a style=\"color: #000000;\" href=\"https:\/\/sok.riksarkivet.se\/bildvisning\/C0056143_00061#?c=&amp;m=&amp;s=&amp;cv=60&amp;xywh=3040%2C4%2C3246%2C2492\"><span style=\"color: #0000ff;\">D\u00f6d- och Begravingsb\u00f6cker 1811-1828<\/span><\/a><\/span><\/span><\/span><\/span><\/td>\n<td style=\"width: 25%; height: 56px;\"><span style=\"font-size: 10pt; color: #000000;\"><span style=\"font-size: 10pt;\">16-09-1817<br \/>\n23-09-1817<\/span><\/span><\/td>\n<\/tr>\n<tr>\n<td style=\"width: 36.6667%;\"><span style=\"font-size: 10pt;\"><span style=\"font-size: 10pt; color: #000000;\"><span style=\"color: #333333;\">Svea Hovr\u00e4tt, Adelns Bouppteckningar, EIXb:206<\/span><\/span><\/span><\/td>\n<td style=\"width: 25.4586%;\" colspan=\"3\"><span style=\"font-size: 10pt; color: #000000;\"><span style=\"font-size: 10pt;\"><span style=\"font-size: 10pt;\"><span style=\"font-size: 10pt;\">Grefvinnan Lovisa Augusta Meijerfeldt f\u00f6dd Sparre<\/span><\/span><\/span><\/span><\/td>\n<td style=\"width: 25%;\"><span style=\"font-size: 10pt; color: #000000;\"><span style=\"font-size: 10pt;\">16-12-1817<\/span><\/span><\/td>\n<\/tr>\n<tr style=\"height: 56px;\">\n<td style=\"width: 36.6667%; height: 56px;\"><span style=\"font-size: 10pt;\"><span style=\"font-size: 10pt; color: #000000;\"><span style=\"color: #333333;\">SE\/SSA, 376\/A\/4<\/span><\/span><\/span><\/td>\n<td style=\"height: 56px;\" colspan=\"3\"><span style=\"font-size: 10pt; color: #000000;\"><span style=\"font-size: 10pt;\"><span style=\"font-size: 10pt;\"><span style=\"font-size: 10pt;\">Daniel Almqvists Archiv, Vetenskapliga Arbeten<\/span><\/span><\/span><\/span><\/td>\n<td style=\"width: 25%; height: 56px;\"><span style=\"font-size: 10pt; color: #000000;\"><span style=\"font-size: 10pt;\">1918-1936<\/span><\/span><\/td>\n<\/tr>\n<\/tbody>\n<\/table>\n","protected":false},"excerpt":{"rendered":"<p>Johann August von Meijerfeldt jr \u2190 Persoonsdossier DOCUMENTEN SE\/KrA = Sverige \/ Krigsarkivet: &#8211; Rullor = 0023\/0. Generalm\u00fcnsterrullor 1660-1887 \/ Arkiv med l\u00f6pande volymnumrering; &#8211; Biografica\u00a0= 1051. Biografica Registerkort; Fiches; &#8211; Meritband = 0078\/\/A\/004:\u00d6, E 5, Arm\u00e9ns Pensionskassa, Meritband; SE\/RA = Sverige \/ Riksarkivet; &#8211; Militaria = 754; &#8211; Biographica = 756.1 \u00c4mnessamlingar \/ Personhistoria &hellip; <a href=\"https:\/\/meijenfeldt.nl\/?page_id=42452\" class=\"more-link\">Verder lezen <span class=\"screen-reader-text\">Documenten<\/span><\/a><\/p>\n","protected":false},"author":1,"featured_media":0,"parent":0,"menu_order":0,"comment_status":"closed","ping_status":"closed","template":"","meta":{"footnotes":""},"class_list":["post-42452","page","type-page","status-publish","hentry"],"_links":{"self":[{"href":"https:\/\/meijenfeldt.nl\/index.php?rest_route=\/wp\/v2\/pages\/42452","targetHints":{"allow":["GET"]}}],"collection":[{"href":"https:\/\/meijenfeldt.nl\/index.php?rest_route=\/wp\/v2\/pages"}],"about":[{"href":"https:\/\/meijenfeldt.nl\/index.php?rest_route=\/wp\/v2\/types\/page"}],"author":[{"embeddable":true,"href":"https:\/\/meijenfeldt.nl\/index.php?rest_route=\/wp\/v2\/users\/1"}],"replies":[{"embeddable":true,"href":"https:\/\/meijenfeldt.nl\/index.php?rest_route=%2Fwp%2Fv2%2Fcomments&post=42452"}],"version-history":[{"count":116,"href":"https:\/\/meijenfeldt.nl\/index.php?rest_route=\/wp\/v2\/pages\/42452\/revisions"}],"predecessor-version":[{"id":73259,"href":"https:\/\/meijenfeldt.nl\/index.php?rest_route=\/wp\/v2\/pages\/42452\/revisions\/73259"}],"wp:attachment":[{"href":"https:\/\/meijenfeldt.nl\/index.php?rest_route=%2Fwp%2Fv2%2Fmedia&parent=42452"}],"curies":[{"name":"wp","href":"https:\/\/api.w.org\/{rel}","templated":true}]}}