{"id":41808,"date":"2022-01-14T13:29:10","date_gmt":"2022-01-14T13:29:10","guid":{"rendered":"https:\/\/meijenfeldt.nl\/?page_id=41808"},"modified":"2026-03-03T16:52:18","modified_gmt":"2026-03-03T16:52:18","slug":"documenten-johan-august-sr","status":"publish","type":"page","link":"https:\/\/meijenfeldt.nl\/?page_id=41808","title":{"rendered":"Documenten Johann August sr"},"content":{"rendered":"<table style=\"border-collapse: collapse; height: 25183px; width: 99.8485%;\">\n<tbody>\n<tr style=\"height: 30px;\">\n<td style=\"width: 134.219%; background-color: #d5e8eb; text-align: center; height: 30px;\" colspan=\"5\"><span style=\"color: #000000; font-size: 14pt;\"><strong>DOCUMENTEN<\/strong><\/span><\/td>\n<\/tr>\n<tr style=\"height: 28px;\">\n<td style=\"width: 134.219%; text-align: center; height: 28px;\" colspan=\"5\"><span style=\"color: #0000ff;\"><a style=\"color: #0000ff;\" href=\"https:\/\/meijenfeldt.nl\/?page_id=41395\"><span style=\"font-size: 10pt;\"><span style=\"font-size: 13.3333px;\">\u2190 Persoonsdossier<\/span><\/span><\/a><\/span><\/td>\n<\/tr>\n<tr style=\"height: 280px;\">\n<td style=\"height: 280px; width: 134.219%;\" colspan=\"5\"><span style=\"color: #000000; font-size: 10pt;\"><strong><span style=\"color: #000000; font-size: 13.3333px;\">Carlson = <\/span><\/strong><span style=\"color: #000000; font-size: 13.3333px;\">E. Carlson, <\/span><span style=\"color: #000000; font-size: 13.3333px;\">\u201cKonung Karl XII:s <\/span><span style=\"color: #000000;\"><span style=\"font-size: 13.3333px;\"><span style=\"color: #008000;\"><span style=\"color: #0000ff;\"><a style=\"color: #0000ff;\" href=\"https:\/\/meijenfeldt.nl\/?page_id=19684\">egenh\u00e4ndige bref<\/a><\/span>,<\/span> Stockholm 1893.<\/span><\/span><strong><br \/>\n<\/strong><span style=\"font-size: 10pt;\"><strong>Liske<\/strong> = X. Liske, &#8220;\u00d6versikt af den Polska literaturen med s\u00e4rskildt afseende p\u00e5 den Svenska historien, deel 3, in C. Silfverstolpe&#8217;s Historiskt Bibliotek, 1875-1880.<\/span><em><br \/>\n<\/em><strong>NL\/NA<\/strong> = Nederland \/ Nationaal Archief; <strong style=\"font-size: 10pt;\">1.01.19<\/strong><span style=\"font-size: 10pt;\"> = Inventaris van het Archief van de Raad van State\u00a01581-1795.<\/span><br \/>\n<strong>SE\/KrA<\/strong> = Sverige \/ Krigsarkivet (Militair Archief Zweden); <strong>1051<\/strong> = <strong>Biografica<\/strong> = 1051, <a style=\"color: #0000ff;\" href=\"https:\/\/sok.riksarkivet.se\/bildvisning\/C0300055_00235#?c=&amp;m=&amp;s=&amp;cv=234&amp;xywh=-279%2C-72%2C2725%2C1406\">Registerkort<\/a>,<span style=\"color: #0000ff; font-size: 10pt;\">\u00a0<\/span><a style=\"color: #0000ff;\" href=\"https:\/\/sok.riksarkivet.se\/bildvisning\/A0066512_00018#?c=&amp;m=&amp;s=&amp;cv=17&amp;xywh=2353%2C-282%2C3683%2C3353\">Fiches<\/a>, <span style=\"color: #0000ff;\"><a style=\"color: #0000ff;\" href=\"https:\/\/sok.riksarkivet.se\/bildvisning\/A0066512#?c=&amp;m=&amp;s=&amp;cv=28&amp;xywh=3301%2C-97%2C2518%2C1730\">Biografi<\/a><\/span><br \/>\n<strong>SE\/LLA<\/strong> = Sverige \/ Landsarkivet i Lund.<br \/>\n<strong>SE\/RA<\/strong> = Sverige \/ Riksarkivet; <strong>Skr.t.K<\/strong> = 481\/01\/01, <span style=\"color: #000000; font-size: 13.3333px;\">D\/D II dc\/51. <\/span>\u00c4mbetsarkiv (samlingpost), Skrivelser till Kung. Maj:t, Mat-Meu; <strong>Likvidationer<\/strong> = 522\/16\/7a\/27. Kammarkollegiet \u00c4mnessamlingar \/ Likvidationsakter \/ H\u00e4ren L\u00f6neavr\u00e4kningar efter 1680 \/ Meijdell-Meijerse; <strong>Meijerfeldt<\/strong> = 756.1 \u00c4mnessamlingar Personhistoria \/ Biographica<span style=\"font-size: 10pt;\"> 1500t \u2013 1800t \/ M\/I\/M8b; <\/span><strong style=\"font-size: 10pt;\">RR<\/strong><span style=\"font-size: 10pt;\"> = <\/span><span style=\"font-size: 10pt;\">1112.1\/B. Riksregistraturet 1523-1718; <\/span><span style=\"font-size: 10pt;\"><strong>Pommeranica <\/strong>= 2404; <strong>Ericsberg<\/strong> = <\/span><span style=\"font-size: 10pt;\">270266\/01\/139. Ericsbergsarkivet \/ Autografsammlingen \/ Martin-Meijerfelt. <\/span><span style=\"color: #0000ff;\"><a style=\"color: #0000ff;\" href=\"https:\/\/sok.riksarkivet.se\/bildvisning\/A0040220_00484#?c=&amp;m=&amp;s=&amp;cv=483&amp;xywh=-547%2C101%2C4219%2C2177\">Fiche<\/a>.<\/span><br \/>\n<span style=\"color: #0000ff;\"><span style=\"color: #000000;\"><strong>SE\/S<\/strong> = Sverige \/ Kungliga Biblioteket; <strong>HS<\/strong> = Handstriftsamling.<br \/>\n<strong>SE\/UUB<\/strong> = Sverige \/ Uppsala Universitetsbibliotek; <strong>H<\/strong> = Handskriftsavdelningen; <strong>F<\/strong> = <span class=\"site-name no-print\" style=\"color: #000000; font-size: 10pt;\">Sveriges historia efter 1697<\/span>; <span style=\"font-size: 10pt;\"><span class=\"site-name no-print\"><strong>Meijerfelts papper<\/strong> =<\/span>\u00a0X. Svensk genealogi och biografi, 240. <span class=\"site-name no-print\">Svensk biografi i portf\u00f6ljer. Folio. <\/span><span class=\"site-name no-print\">Meijerfelts papper.<br \/>\n<strong><span style=\"color: #000000;\">SE\/UUL <\/span><\/strong><span style=\"color: #000000;\">= Sverige \/ Universitetsbibliotek Lund.<\/span><br \/>\n<strong>SE\/VALA<\/strong> = Sverige \/ Landsarkivet i Vadstena.<\/span><\/span><\/span><\/span><\/span><\/td>\n<\/tr>\n<tr style=\"height: 36px;\">\n<td style=\"height: 16px; width: 48.4411%;\" colspan=\"2\" width=\"77\"><strong style=\"color: #800000; font-size: 13.3333px;\">VINDPLAATS<\/strong><\/td>\n<td style=\"width: 49.4138%; height: 16px;\" colspan=\"2\"><span style=\"font-size: 10pt; color: #800000;\"><strong>\u00a0ONDERWERP<\/strong><strong><br \/>\n<\/strong><\/span><\/td>\n<td style=\"width: 36.3637%; height: 16px;\" width=\"168\"><span style=\"color: #800000;\"><strong><span style=\"font-size: 10pt;\">DATUM<\/span><\/strong><\/span><\/td>\n<\/tr>\n<tr style=\"height: 28px;\">\n<td style=\"height: 10px; width: 48.4411%;\" colspan=\"2\"><span style=\"font-size: 10pt; color: #000000;\"><span style=\"font-size: 10pt;\"><span style=\"color: #0000ff;\"><span style=\"color: #000000;\">SE\/UUB, <\/span><\/span>Meijerfelts papper<br \/>\n<\/span><\/span><\/td>\n<td style=\"height: 10px; width: 49.4138%;\" colspan=\"2\"><span style=\"font-size: 10pt; color: #0000ff;\"><span style=\"font-size: 10pt;\"><a style=\"color: #0000ff;\" href=\"https:\/\/meijenfeldt.nl\/wp-content\/uploads\/2020\/10\/1686-01-10-Pahlen-1.pdf\">Reval, von der Pahlen, Cornette<\/a><\/span><\/span><span style=\"font-size: 10pt; color: #008000;\"><span style=\"font-size: 10pt;\"><br \/>\n<\/span><\/span><\/td>\n<td style=\"width: 36.3637%; height: 10px;\"><span style=\"font-size: 10pt;\">10-01-1686<br \/>\n<\/span><\/td>\n<\/tr>\n<tr style=\"height: 28px;\">\n<td style=\"width: 48.4411%; height: 28px;\" colspan=\"2\"><span style=\"font-size: 10pt; color: #000000;\"><span style=\"font-size: 10pt;\"><span style=\"color: #0000ff;\"><span style=\"color: #000000;\">SE\/UUB, <span class=\"site-name no-print\">Meijerfelts papper<\/span><\/span><\/span><\/span><\/span><\/td>\n<td style=\"width: 49.4138%; height: 28px;\" colspan=\"2\"><span style=\"font-size: 10pt; color: #0000ff;\"><span style=\"font-size: 10pt;\"><a style=\"color: #0000ff;\" href=\"https:\/\/meijenfeldt.nl\/wp-content\/uploads\/2020\/10\/1689-02-02-Pahlen.pdf\">Reval, von der Pahlen, Lieutenant<\/a><\/span><\/span><span style=\"font-size: 10pt; color: #008000;\"><span style=\"font-size: 10pt;\"><br \/>\n<\/span><\/span><\/td>\n<td style=\"width: 36.3637%; height: 28px;\"><span style=\"font-size: 10pt;\">02-02-1689<\/span><\/td>\n<\/tr>\n<tr style=\"height: 28px;\">\n<td style=\"width: 48.4411%; height: 15px;\" colspan=\"2\"><span style=\"font-size: 10pt; color: #000000;\"><span style=\"font-size: 10pt;\"><span style=\"color: #0000ff;\"><span style=\"color: #000000;\">SE\/UUB, <span class=\"site-name no-print\">Meijerfelts papper<\/span><\/span><\/span><\/span><\/span><\/td>\n<td style=\"width: 49.4138%; height: 15px;\" colspan=\"2\"><span style=\"font-size: 10pt; color: #0000ff;\"><span style=\"font-size: 10pt;\"><a style=\"color: #0000ff;\" href=\"https:\/\/meijenfeldt.nl\/wp-content\/uploads\/2020\/10\/1693-04-28-Pahlen.pdf\">Reval, von der Pahlens afsked och pass<\/a><\/span><\/span><span style=\"font-size: 10pt; color: #008000;\"><span style=\"font-size: 10pt;\"><br \/>\n<\/span><\/span><\/td>\n<td style=\"width: 36.3637%; height: 15px;\"><span style=\"font-size: 10pt;\">28-04-1693<\/span><\/td>\n<\/tr>\n<tr style=\"height: 28px;\">\n<td style=\"width: 48.4411%; height: 28px;\" colspan=\"2\"><span style=\"font-size: 10pt; color: #000000;\"><span style=\"font-size: 10pt;\"><span style=\"color: #0000ff;\"><span style=\"color: #000000;\">SE\/UUB, <span class=\"site-name no-print\">Meijerfelts papper<\/span><\/span><\/span><\/span><\/span><\/td>\n<td style=\"width: 49.4138%; height: 28px;\" colspan=\"2\"><span style=\"font-size: 10pt; color: #008000;\"><span style=\"font-size: 10pt;\"><a style=\"color: #008000;\" href=\"https:\/\/meijenfeldt.nl\/wp-content\/uploads\/2020\/10\/1693-11-10-Kapitein.pdf\"><span style=\"color: #0000ff;\">Whitehall, King Willliam, Capitein fullmakt<\/span><\/a><\/span><\/span><span style=\"font-size: 10pt; color: #008000;\"><span style=\"font-size: 10pt;\"><br \/>\n<\/span><\/span><\/td>\n<td style=\"width: 36.3637%; height: 28px;\"><span style=\"font-size: 10pt;\">10-11-1693<\/span><\/td>\n<\/tr>\n<tr style=\"height: 224px;\">\n<td style=\"width: 44.8486%; height: 224px;\"><span style=\"color: #0000ff;\"><a style=\"color: #0000ff;\" href=\"https:\/\/www.nationaalarchief.nl\/onderzoeken\/index\/nt00194\/2f0a5376-ae58-102d-8e23-0050569c51dd?searchTerm=meijervelt\"><span style=\"font-size: 10pt;\">NL\/NA, 1.01.19, A.4<br \/>\n1533 Commissie-boeken 1692-1699<\/span><\/a><\/span><\/td>\n<td style=\"width: 53.0063%; height: 224px;\" colspan=\"3\"><span style=\"font-size: 10pt; color: #008000;\"><span style=\"font-size: 10pt;\"><a style=\"color: #008000;\" href=\"https:\/\/meijenfeldt.nl\/wp-content\/uploads\/2020\/11\/NL-NA-1.01.19-1533.pdf\"><span style=\"color: #0000ff;\">Zeelandt onder Hastfer. Den selven dito Commissie als Capitein van de nieuwe wervinge gedepecheert voor <\/span><\/a><a style=\"color: #008000;\" href=\"https:\/\/meijenfeldt.nl\/wp-content\/uploads\/2020\/11\/NL-NA-1.01.19-1533.pdf\"><span style=\"color: #0000ff;\">Johan Meijervelt heeft de plaatse bedient \u2019t sedert den eersten January 1694. gerepartieert op de Provincie van Zeelandt in communi forum als andere hiervooren, was<\/span> <span style=\"color: #0000ff;\">geparapheert ende getekent als boven, Everhard Schimmelpenning heeft bij procuratie Eedt gedaan den selven dito. \u223c xber 1694 in persoon de eed afgelegt.<\/span><\/a><\/span><\/span><\/td>\n<td style=\"width: 36.3637%; height: 224px;\"><span style=\"font-size: 10pt; color: #000000;\">01-01-1694<br \/>\n16-09-1694<\/span><\/td>\n<\/tr>\n<tr style=\"height: 198px;\">\n<td style=\"width: 44.8486%; height: 198px;\"><span style=\"font-size: 10pt;\"><span style=\"color: #000000;\"><span style=\"color: #000000; font-size: 10pt;\">NL\/Zeeuws Archief, <\/span><\/span>1671. <span style=\"color: #000000; font-size: 10pt;\"><span style=\"color: #000000;\">Registers van commissi\u00ebn en instructi\u00ebn, deel V, 1677-1702<\/span><\/span>, folio 142-143<span style=\"color: #000000;\"><br \/>\n<\/span><\/span><\/td>\n<td style=\"height: 198px; width: 53.0063%;\" colspan=\"3\"><span style=\"font-size: 10pt; color: #000000;\"><span style=\"font-size: 10pt;\"><span style=\"color: #0000ff;\"><a style=\"color: #0000ff;\" href=\"https:\/\/www.zeeuwsarchief.nl\/maisi_ajax_proxy.php?mivast=239&amp;mizig=862&amp;miadt=239&amp;miaet=918&amp;micode=2-1671&amp;minr=15988594&amp;milang=nl&amp;misort=last_mod|desc&amp;mizk_alle=meyerfelt&amp;miview=viewer2\">Commissie voor Adam Voetier, als Cap<sup>t<\/sup> te voet, van een nieuw te werve Compagnie; gelijcke commissie verleent aan Joan Meijerfelt als cap<sup>t<\/sup> van nieuw overgenomen Sweedse comp<sup>a<\/sup>, reg<sup>a<\/sup> 27 septemb 1694<\/a><\/span><a href=\"https:\/\/www.zeeuwsarchief.nl\/maisi_ajax_proxy.php?mivast=239&amp;mizig=210&amp;miadt=239&amp;miaet=185&amp;micode=2&amp;minr=15988594&amp;milang=nl&amp;misort=last_mod%7Cdesc&amp;mizk_alle=register%20van%20commissi%C3%ABn%20en%20instructi%C3%ABn&amp;miview=viewer2\"><img loading=\"lazy\" decoding=\"async\" class=\"alignnone wp-image-34335 alignleft\" src=\"https:\/\/meijenfeldt.nl\/wp-content\/uploads\/2020\/10\/Zeeland-Joan-Meyerfelt-2-300x43.jpg\" sizes=\"auto, (max-width: 621px) 100vw, 621px\" srcset=\"https:\/\/meijenfeldt.nl\/wp-content\/uploads\/2020\/10\/Zeeland-Joan-Meyerfelt-2-300x43.jpg 300w, https:\/\/meijenfeldt.nl\/wp-content\/uploads\/2020\/10\/Zeeland-Joan-Meyerfelt-2-1024x148.jpg 1024w, https:\/\/meijenfeldt.nl\/wp-content\/uploads\/2020\/10\/Zeeland-Joan-Meyerfelt-2-768x111.jpg 768w, https:\/\/meijenfeldt.nl\/wp-content\/uploads\/2020\/10\/Zeeland-Joan-Meyerfelt-2.bmp 1396w\" alt=\"\" width=\"621\" height=\"89\" \/><\/a><br \/>\n<\/span><\/span><\/td>\n<td style=\"width: 36.3637%; height: 198px;\"><span style=\"font-size: 10pt;\">16-09-1694<\/span><span style=\"font-size: 10pt; color: #000000;\"><br \/>\n<\/span><\/td>\n<\/tr>\n<tr style=\"height: 140px;\">\n<td style=\"height: 140px; width: 48.4411%;\" colspan=\"2\"><span style=\"color: #000000;\"><span style=\"font-size: 10pt;\"><span style=\"color: #000000; font-size: 10pt;\">NL\/Zeeuws Archief, 2.<strong>\u00a0<\/strong>Staten van Zeeland en Gecommitteerde Raden<\/span>, 2. Gedrukte Notulen van de Staten van Zeeland en opvolgende besturen, 3410, <span style=\"color: #0000ff;\"><a style=\"color: #0000ff;\" href=\"https:\/\/www.zeeuwsarchief.nl\/maisi_ajax_proxy.php?mivast=239&amp;mizig=435&amp;miadt=239&amp;miaet=918&amp;micode=2-3410&amp;minr=38857968&amp;milang=nl&amp;misort=last_mod|asc&amp;mizk_alle=meyerfeld&amp;miview=viewer2\">pag. 311<\/a><\/span><\/span><\/span><span style=\"font-size: 10pt; color: #0000ff;\"><span style=\"font-size: 10pt;\"><br \/>\n<\/span><\/span><\/td>\n<td style=\"height: 140px; width: 49.4138%;\" colspan=\"2\"><span style=\"font-size: 10pt; color: #000000;\"><span style=\"font-size: 10pt;\">Notulen van de Ed: Mog: Heeren Staten van Zeelant d\u2019Anno 1694<\/span><\/span><\/td>\n<td style=\"width: 36.3637%; height: 140px;\"><span style=\"font-size: 10pt; color: #000000;\">24-12-1694<\/span><\/td>\n<\/tr>\n<tr style=\"height: 112px;\">\n<td style=\"width: 48.4411%; height: 112px;\" colspan=\"2\"><span style=\"color: #000000;\"><span style=\"font-size: 10pt;\"><span style=\"font-size: 10pt;\">SE\/UUB, <span class=\"site-name no-print\">Meijerfelts papper<\/span><\/span><\/span><\/span><\/td>\n<td style=\"width: 49.4138%; height: 112px;\" colspan=\"2\"><span style=\"font-size: 10pt; color: #0000ff;\"><span style=\"font-size: 10pt;\"><span style=\"color: #0000ff;\"><a href=\"https:\/\/meijenfeldt.nl\/wp-content\/uploads\/2022\/08\/1695-08-13-Verlof-9-mnd.pdf\"><span style=\"color: #0000ff;\">Willem III , voor Namen: Consent om 9 mnd van dienst te absenteren om in Zweden recruten voor het regiment te werven<\/span><\/a><br \/>\n<\/span><\/span><\/span><\/td>\n<td style=\"width: 36.3637%; height: 112px;\"><span style=\"font-size: 10pt; color: #000000;\">13-08-1695\u00a0<\/span><\/td>\n<\/tr>\n<tr style=\"height: 105px;\">\n<td style=\"height: 105px; width: 48.4411%;\" colspan=\"2\"><span style=\"font-size: 10pt;\"><span style=\"color: #000000;\"><span style=\"color: #000000; font-size: 10pt;\">NL\/Zeeuws Archief, 2. Staten van Zeeland en Gecommitteerde Raden, <\/span>2. Gedrukte Notulen van de Staten van Zeeland en opvolgende besturen, <\/span>3412, <\/span><span style=\"font-size: 10pt;\"><span style=\"color: #0000ff;\"><a style=\"color: #0000ff;\" href=\"https:\/\/www.zeeuwsarchief.nl\/maisi_ajax_proxy.php?mivast=239&amp;mizig=435&amp;miadt=239&amp;miaet=918&amp;micode=2-3412&amp;minr=36944390&amp;milang=nl&amp;misort=last_mod|asc&amp;mizk_alle=meyerfelt&amp;miview=viewer2\">pag. 179<\/a><\/span> en <span style=\"color: #0000ff;\"><a style=\"color: #0000ff;\" href=\"https:\/\/www.zeeuwsarchief.nl\/maisi_ajax_proxy.php?mivast=239&amp;mizig=435&amp;miadt=239&amp;miaet=918&amp;micode=2-3412&amp;minr=36944517&amp;milang=nl&amp;misort=last_mod|asc&amp;mizk_alle=meyerfelt&amp;miview=viewer2\">pag. 308<\/a><\/span><\/span><span style=\"color: #000000;\"><span style=\"font-size: 10pt;\"><br \/>\n<\/span><\/span><\/td>\n<td style=\"height: 105px; width: 49.4138%;\" colspan=\"2\"><span style=\"font-size: 10pt; color: #0000ff;\"><span style=\"font-size: 10pt;\"><a style=\"color: #0000ff;\" href=\"https:\/\/books.google.nl\/books?id=k6ZQ6banF4kC&amp;pg=PA381&amp;lpg=PA381&amp;dq=notulen+edel+mogende+heeren+staten+van+zeelandt+1696&amp;source=bl&amp;ots=HcRrhaH28F&amp;sig=ACfU3U1lKXAvVk74IWw_cV7hsBlDz1yUBg&amp;hl=nl&amp;sa=X&amp;ved=2ahUKEwia2_HEkpjqAhUR-6QKHR0hCn0Q6AEwAHoECAoQAQ#v=onepage&amp;q=meyerfelt&amp;f=false\">Notulen van de Ed: Mog: Heeren Staten van Zeelant d\u2019Anno 1696<\/a><\/span><\/span><\/p>\n<p>&nbsp;<\/td>\n<td style=\"width: 36.3637%; height: 105px;\"><span style=\"font-size: 10pt; color: #000000;\">19-04-1696<br \/>\n04-12-1696<\/span><\/td>\n<\/tr>\n<tr>\n<td colspan=\"2\"><span style=\"font-size: 10pt;\"><span style=\"color: #000000;\"><span style=\"color: #000000; font-size: 10pt;\">NA 1.01.02 Staten-Generaal, Inv 8119 Kort Recuiel Staet van Oorlogh 1695, blad 115\u00a0 \u00a0<\/span><\/span><\/span><\/td>\n<td colspan=\"2\"><span style=\"color: #0000ff;\"><a style=\"color: #0000ff;\" href=\"https:\/\/www.nationaalarchief.nl\/onderzoeken\/archief\/1.01.02\/invnr\/8119\/file\/NL-HaNA_1.01.02_8119_0115?t=meijerfelt&amp;term=meijerfelt\"><span style=\"font-size: 10pt;\"><span style=\"font-size: 10pt;\">Johan Meijerfelt\u00a0 79\u00a0 1154<\/span><\/span><\/a><\/span><\/td>\n<td style=\"width: 36.3637%;\"><span style=\"font-size: 10pt; color: #000000;\">1696<\/span><\/td>\n<\/tr>\n<tr>\n<td style=\"width: 48.4411%;\" colspan=\"2\"><span style=\"font-size: 10pt;\"><span style=\"color: #000000;\"><span style=\"color: #000000; font-size: 10pt;\">NA 1.01.02 Staten-Generaal, Inv 8121 Kort Recuiel Staet van Oorlogh 1696, blad 115<\/span><\/span><\/span><\/td>\n<td style=\"width: 49.4138%;\" colspan=\"2\"><span style=\"color: #0000ff;\"><a style=\"color: #0000ff;\" href=\"https:\/\/www.nationaalarchief.nl\/onderzoeken\/archief\/1.01.02\/invnr\/8121\/file\/NL-HaNA_1.01.02_8121_0110?eadID=1.01.02&amp;unitID=8121&amp;query=8119\"><span style=\"font-size: 10pt;\"><span style=\"font-size: 10pt;\">Johan Meyerfelt 79 1158<\/span><\/span><\/a><\/span><\/td>\n<td style=\"width: 36.3637%;\"><span style=\"font-size: 10pt; color: #000000;\">1697<\/span><\/td>\n<\/tr>\n<tr style=\"height: 139px;\">\n<td style=\"width: 48.4411%; height: 139px;\" colspan=\"2\">\n<div id=\"mi_viewer_details_top\" class=\"mi_unit_top\"><span style=\"font-family: georgia, palatino, serif; font-size: 10pt; color: #000000;\">NL\/BHIC, 178 Rijksarchief 1574-1817, 517 Ordinaris Staten van Oorlog 1650-1699, Inv 1697 extraordinais, Zeelandt, Voetvolck Sweden, fol 236<\/span><\/div>\n<\/td>\n<td style=\"width: 49.4138%; height: 139px;\" colspan=\"2\"><span style=\"color: #0000ff;\"><a style=\"color: #0000ff;\" href=\"https:\/\/www.bhic.nl\/maisi_ajax_proxy.php?mivast=235&amp;mizig=210&amp;miadt=235&amp;miaet=918&amp;micode=178-517&amp;minr=18551563&amp;milang=nl&amp;misort=last_mod|desc&amp;miview=viewer2\"><span style=\"font-size: 10pt;\"><span style=\"font-size: 10pt;\">Johan Meijerfelt, aantal 79, bedrag 1158<\/span><\/span><\/a><\/span><\/td>\n<td style=\"width: 36.3637%; height: 139px;\"><span style=\"font-size: 10pt; color: #000000;\">1697<\/span><\/td>\n<\/tr>\n<tr style=\"height: 55px;\">\n<td style=\"width: 48.4411%; height: 55px;\" colspan=\"2\"><span style=\"font-size: 10pt; color: #000000;\"><span style=\"font-size: 10pt;\">SE\/UUB,\u00a0<span class=\"site-name no-print\">Meijerfelts papper<\/span><br \/>\n<\/span><\/span><\/td>\n<td style=\"width: 49.4138%; height: 55px;\" colspan=\"2\"><span style=\"font-size: 10pt; color: #008000;\"><span style=\"font-size: 10pt;\"><span style=\"color: #000000;\"><a style=\"color: #008000;\" href=\"https:\/\/meijenfeldt.nl\/wp-content\/uploads\/2020\/10\/1698-01-24-Majoor.pdf\"><span style=\"color: #0000ff;\">Kensington, King William, Major fullmakt<\/span><\/a><br \/>\n<\/span><\/span><\/span><\/td>\n<td style=\"width: 36.3637%; height: 55px;\"><span style=\"font-size: 10pt;\">24-01-1698<br \/>\n<\/span><\/td>\n<\/tr>\n<tr style=\"height: 84px;\">\n<td style=\"height: 51px; width: 48.4411%;\" colspan=\"2\"><span style=\"font-size: 10pt; color: #000000;\"><span style=\"font-size: 10pt;\">SE\/RA\/720, 269 Erik Dahlbergs samling, B 6 AE 3497<\/span><\/span><\/td>\n<td style=\"height: 51px; width: 49.4138%;\" colspan=\"2\"><span style=\"font-size: 10pt; color: #008000;\"><span style=\"font-size: 10pt;\"><span style=\"color: #000000;\">Zes<span style=\"color: #008000;\">\u00a0<\/span><span style=\"color: #000000; font-size: 10pt;\">brieven aan E. Dahlberg<\/span><\/span><\/span><\/span><span style=\"font-size: 10pt; color: #008000;\"><span style=\"font-size: 10pt;\"><span style=\"color: #000000;\"><br \/>\n<\/span><\/span><\/span><\/td>\n<td style=\"width: 36.3637%; height: 51px;\"><span style=\"font-size: 10pt;\">1698-1700<\/span><\/td>\n<\/tr>\n<tr style=\"height: 28px;\">\n<td style=\"width: 48.4411%; height: 28px;\" colspan=\"2\"><span style=\"font-size: 10pt; color: #000000;\"><span style=\"font-size: 10pt;\"><span style=\"color: #0000ff;\"><span style=\"color: #000000;\">SE\/UUB, <span class=\"site-name no-print\">Meijerfelts papper<\/span><\/span><\/span><\/span><\/span><\/td>\n<td style=\"width: 49.4138%; height: 28px;\" colspan=\"2\"><span style=\"font-size: 10pt; color: #0000ff;\"><span style=\"font-size: 10pt;\"><span class=\"site-name no-print\"><a style=\"color: #0000ff;\" href=\"https:\/\/meijenfeldt.nl\/wp-content\/uploads\/2020\/10\/1700-06-01-Ofwestlieutenant.pdf\">Dechlinghof, Otto Vellingk, Capitulation<\/a><\/span><\/span><\/span><span style=\"font-size: 10pt; color: #008000;\"><span style=\"font-size: 10pt;\"><span class=\"site-name no-print\"><br \/>\n<\/span><\/span><\/span><\/td>\n<td style=\"width: 36.3637%; height: 28px;\"><span style=\"font-size: 10pt;\">01-06-1700<\/span><\/td>\n<\/tr>\n<tr style=\"height: 28px;\">\n<td style=\"width: 48.4411%; height: 28px;\" colspan=\"2\"><span style=\"font-size: 10pt; color: #000000;\"><span style=\"font-size: 10pt;\"><span style=\"color: #0000ff;\"><span style=\"color: #000000;\">SE\/UUB, <span class=\"site-name no-print\">Meijerfelts papper<\/span><\/span><\/span><\/span><\/span><\/td>\n<td style=\"width: 49.4138%; height: 28px;\" colspan=\"2\"><span style=\"font-size: 10pt; color: #0000ff;\"><span style=\"font-size: 10pt;\"><span class=\"site-name no-print\"><a style=\"color: #0000ff;\" href=\"https:\/\/meijenfeldt.nl\/wp-content\/uploads\/2020\/10\/1700-06-02-TBD.pdf\">Dechlinghof, Otto Vellingk, \u00d6fwerstlieutnanten fullmakt<\/a><\/span><\/span><\/span><span style=\"font-size: 10pt; color: #008000;\"><span style=\"font-size: 10pt;\"><span class=\"site-name no-print\"><br \/>\n<\/span><\/span><\/span><\/td>\n<td style=\"width: 36.3637%; height: 28px;\"><span style=\"font-size: 10pt;\">02-06-1700<\/span><\/td>\n<\/tr>\n<tr style=\"height: 28px;\">\n<td style=\"width: 48.4411%; height: 28px;\" colspan=\"2\"><span style=\"font-size: 10pt; color: #000000;\"><span style=\"font-size: 10pt;\"><span style=\"color: #0000ff;\"><span style=\"color: #000000;\">SE\/UUB, <span class=\"site-name no-print\">Meijerfelts papper<\/span><\/span><\/span><\/span><\/span><br \/>\n<span style=\"font-size: 10pt; color: #008000;\"><span style=\"font-size: 10pt;\"><span class=\"site-name no-print\"><br \/>\n<\/span><\/span><\/span><\/td>\n<td style=\"width: 49.4138%; height: 28px;\" colspan=\"2\"><span style=\"font-size: 10pt; color: #008000;\"><span style=\"font-size: 10pt;\"><span class=\"site-name no-print\"><span style=\"color: #008000;\"><a style=\"color: #008000;\" href=\"https:\/\/meijenfeldt.nl\/wp-content\/uploads\/2020\/10\/1700-06-03-Warfwingspatent.pdf\"><span style=\"color: #0000ff;\">Dechlinghof, Otto Vellingk, W\u00e4rfwingspatent<\/span><\/a><\/span><\/span><\/span><\/span><span style=\"font-size: 10pt; color: #008000;\"><span style=\"font-size: 10pt;\"><span class=\"site-name no-print\"><span style=\"color: #008000;\"><br \/>\n<\/span><\/span><\/span><\/span><\/td>\n<td style=\"width: 36.3637%; height: 28px;\"><span style=\"font-size: 10pt;\">03-06-1700<\/span><\/td>\n<\/tr>\n<tr style=\"height: 112px;\">\n<td style=\"width: 44.8486%; height: 112px;\"><span style=\"color: #000000;\"><span style=\"font-size: 10pt;\">SE\/RA\/RR, 619 \u00d6pen Bref B fol 105<\/span><\/span><\/td>\n<td style=\"height: 112px; width: 53.0063%;\" colspan=\"3\"><span style=\"font-size: 10pt; color: #000000;\"><span style=\"color: #0000ff;\"><a href=\"https:\/\/sok.riksarkivet.se\/bildvisning\/A0039114_00110#?c=&amp;m=&amp;s=&amp;cv=109&amp;xywh=2517%2C219%2C2960%2C1740\"><span style=\"color: #000000;\"><span style=\"font-size: 10pt;\"><span style=\"color: #0000ff;\">Pernau, <\/span><\/span><\/span><span style=\"color: #0000ff;\">Till General Otto Vellingk svar ang: capitulationerne med Brakel och M. Skrifvelse af 16 Augusti, 200 man Majoren Meyerfelt, wh\u00e4rfwar 100 Ryttare, formeras Esquadron<\/span><\/a><\/span><\/span><\/td>\n<td style=\"width: 36.3637%; height: 112px;\"><span style=\"font-size: 10pt; color: #000000;\">17-10-1700<\/span><\/td>\n<\/tr>\n<tr style=\"height: 28px;\">\n<td style=\"width: 48.4411%; height: 28px;\" colspan=\"2\"><span style=\"color: #000000;\"><span style=\"font-size: 10pt;\"><span style=\"color: #000000; font-size: 10pt;\"><span class=\"site-name no-print\">SE\/UUB, <\/span><span class=\"site-name no-print\">Meijerfelts papper<\/span><\/span><\/span><\/span><\/td>\n<td style=\"width: 49.4138%; height: 28px;\" colspan=\"2\"><span style=\"font-size: 10pt; color: #000000;\"><span class=\"site-name no-print\" style=\"color: #0000ff; font-size: 10pt;\"><a style=\"color: #0000ff;\" href=\"https:\/\/meijenfeldt.nl\/?page_id=34155\">Meritf\u00f6rteckning<\/a><\/span><\/span><\/td>\n<td style=\"width: 36.3637%; height: 28px;\"><span style=\"font-size: 10pt; color: #000000;\">11-1700<\/span><\/td>\n<\/tr>\n<tr style=\"height: 84px;\">\n<td style=\"height: 84px; width: 48.4411%;\" colspan=\"2\"><span style=\"color: #000000;\"><span style=\"font-size: 10pt;\">SE\/RA\/795.010 <span style=\"color: #000000; font-size: 10pt;\">Sko-kloster samlingen III, E 8177, E 8243, E 8243<\/span><\/span><\/span><\/td>\n<td style=\"height: 84px; width: 49.4138%;\" colspan=\"2\"><span style=\"font-size: 10pt; color: #000000;\">137 brieven aan en van M. Vellingk. \u201c<em>Som H. Exc. denna correspondence med egen hand f\u00f6rt, s\u00e5 finnas hervid f\u00e5 concepter till de afg\u00e5gna swaren<\/em>\u201d<\/span><span style=\"font-size: 10pt; color: #000000;\"><br \/>\n<\/span><\/td>\n<td style=\"width: 36.3637%; height: 84px;\"><span style=\"font-size: 10pt; color: #000000;\">1700-1701<\/span><\/td>\n<\/tr>\n<tr style=\"height: 28px;\">\n<td style=\"height: 28px; width: 48.4411%;\" colspan=\"2\"><span style=\"color: #000000;\"><span style=\"font-size: 10pt;\">SE\/RA\/720.266, 139 f<span style=\"font-size: 10pt;\">ol 486<\/span><br \/>\n<\/span><\/span><\/td>\n<td style=\"height: 28px; width: 49.4138%;\" colspan=\"2\"><span style=\"font-size: 10pt; color: #000000;\"><a style=\"color: #0000ff;\" href=\"https:\/\/sok.riksarkivet.se\/bildvisning\/A0040220_00486#?c=&amp;m=&amp;s=&amp;cv=485&amp;xywh=-596%2C581%2C4174%2C2175\">Brief uit Lais aan GG Dahlberg<\/a><br \/>\n<\/span><\/td>\n<td style=\"width: 36.3637%; height: 28px;\"><span style=\"font-size: 10pt; color: #000000;\">13-03-1701<br \/>\n<\/span><\/td>\n<\/tr>\n<tr style=\"height: 28px;\">\n<td style=\"height: 28px; width: 48.4411%;\" colspan=\"2\"><span style=\"color: #000000;\"><span style=\"font-size: 10pt;\"><span style=\"font-size: 10pt;\">SE\/RA\/RR,\u00a0<\/span>625 \u00d6pen Bref fol 552<br \/>\n<\/span><\/span><\/td>\n<td style=\"height: 28px; width: 49.4138%;\" colspan=\"2\"><span style=\"font-size: 10pt; color: #000000;\"><a style=\"color: #0000ff;\" href=\"https:\/\/sok.riksarkivet.se\/bildvisning\/A0039120_00559#?c=&amp;m=&amp;s=&amp;cv=558&amp;xywh=1233%2C1596%2C4684%2C2755\">Alt-Raden, F\u00f6rs\u00e4ttning i Birsen<\/a><br \/>\n<\/span><\/td>\n<td style=\"width: 36.3637%; height: 28px;\"><span style=\"font-size: 10pt; color: #000000;\">23-07-1701<br \/>\n<\/span><\/td>\n<\/tr>\n<tr style=\"height: 28px;\">\n<td style=\"width: 48.4411%; height: 28px;\" colspan=\"2\"><span style=\"color: #000000;\"><span style=\"font-size: 10pt;\"><span style=\"font-size: 10pt;\">SE\/RA\/RR, 625 Missiver fol 591v<br \/>\n<\/span><\/span><\/span><\/td>\n<td style=\"width: 49.4138%; height: 28px;\" colspan=\"2\"><span style=\"font-size: 10pt; color: #000000;\"><a style=\"color: #0000ff;\" href=\"https:\/\/sok.riksarkivet.se\/bildvisning\/A0039120_00599#?c=&amp;m=&amp;s=&amp;cv=598&amp;xywh=279%2C264%2C4684%2C2755\">Alt-Raden, Birsen attaquerande<\/a><br \/>\n<\/span><\/td>\n<td style=\"width: 36.3637%; height: 28px;\"><span style=\"font-size: 10pt; color: #000000;\">24-07-1701<br \/>\n<\/span><\/td>\n<\/tr>\n<tr style=\"height: 28px;\">\n<td style=\"width: 48.4411%; height: 28px;\" colspan=\"2\"><span style=\"font-size: 10pt; color: #000000;\"><span style=\"color: #000000; font-size: 13.3333px;\">Carlson, nr. 239<\/span><\/span><\/td>\n<td style=\"width: 49.4138%; height: 28px;\" colspan=\"2\"><span style=\"color: #0000ff;\"><a style=\"color: #0000ff;\" href=\"https:\/\/babel.hathitrust.org\/cgi\/pt?id=inu.30000053834564&amp;view=1up&amp;seq=411&amp;skin=mobile\"><span style=\"font-size: 10pt;\">Brief uit Grubin van Karel XII<\/span><\/a><\/span><span style=\"font-size: 10pt; color: #000000;\"><span style=\"color: #0000ff;\"><br \/>\n<\/span><\/span><\/td>\n<td style=\"width: 36.3637%; height: 28px;\"><span style=\"font-size: 10pt; color: #000000;\">09-09-1701<\/span><\/td>\n<\/tr>\n<tr style=\"height: 28px;\">\n<td style=\"height: 28px; width: 48.4411%;\" colspan=\"2\"><span style=\"font-size: 10pt; color: #000000;\">SE\/RA, Skr.t.K<\/span><\/td>\n<td style=\"width: 49.4138%; height: 28px;\" colspan=\"2\"><span style=\"font-size: 10pt; color: #000000;\">Brief uit Polangen aan de Koning<br \/>\n<\/span><\/td>\n<td style=\"width: 36.3637%; height: 28px;\"><span style=\"font-size: 10pt; color: #000000;\">11-09-1701<\/span><\/td>\n<\/tr>\n<tr style=\"height: 28px;\">\n<td style=\"height: 28px; width: 48.4411%;\" colspan=\"2\"><span style=\"font-size: 10pt; color: #000000;\">SE\/RA, Skr.t.K.<\/span><\/td>\n<td style=\"height: 28px; width: 49.4138%;\" colspan=\"2\"><span style=\"font-size: 10pt; color: #000000;\">Brief uit Polangen aan de Koning<br \/>\n<\/span><\/td>\n<td style=\"width: 36.3637%; height: 28px;\"><span style=\"color: #000000; font-size: 13.3333px;\">13-09-1701<\/span><\/td>\n<\/tr>\n<tr style=\"height: 28px;\">\n<td style=\"width: 48.4411%; height: 28px;\" colspan=\"2\"><span style=\"font-size: 10pt; color: #000000;\"><span style=\"font-size: 10pt;\">SE\/RA\/RR,\u00a0<\/span>626 Missiver fol 530<br \/>\n<\/span><\/td>\n<td style=\"width: 49.4138%; height: 28px;\" colspan=\"2\"><span style=\"font-size: 10pt; color: #000000;\"><a style=\"color: #0000ff;\" href=\"https:\/\/sok.riksarkivet.se\/bildvisning\/A0039121_00532#?c=&amp;m=&amp;s=&amp;cv=531&amp;xywh=743%2C225%2C4684%2C2755\">Gr\u00fcbin, Hummerhielm<\/a><br \/>\n<\/span><\/td>\n<td style=\"width: 36.3637%; height: 28px;\"><span style=\"color: #000000; font-size: 13.3333px;\">25-09-1701<br \/>\n<\/span><\/td>\n<\/tr>\n<tr style=\"height: 56px;\">\n<td style=\"width: 48.4411%; height: 10px;\" colspan=\"2\"><span style=\"font-size: 10pt; color: #000000;\"><span style=\"color: #000000; font-size: 13.3333px;\"><span style=\"color: #000000;\"><span style=\"font-size: 10pt;\">SE\/RA\/RR, 626 Missiver fol 556<\/span><\/span><\/span><\/span><\/td>\n<td style=\"width: 49.4138%; height: 10px;\" colspan=\"2\"><span style=\"font-size: 10pt; color: #000000;\"><span style=\"color: #0000ff;\"><a style=\"color: #0000ff;\" href=\"https:\/\/sok.riksarkivet.se\/bildvisning\/A0039121_00559#?c=&amp;m=&amp;s=&amp;cv=558&amp;xywh=742%2C224%2C4684%2C2755\">Gr\u00fcbin, Recognoscera f\u00e4stningen Memel<\/a><br \/>\n<\/span><\/span><\/td>\n<td style=\"width: 36.3637%; height: 10px;\"><span style=\"font-size: 10pt; color: #000000;\">26-09-1701<br \/>\n<\/span><\/td>\n<\/tr>\n<tr style=\"height: 28px;\">\n<td style=\"height: 28px; width: 48.4411%;\" colspan=\"2\"><span style=\"color: #000000; font-size: 13.3333px;\">SE\/RA, Skr.t.K.<\/span><\/td>\n<td style=\"width: 49.4138%; height: 28px;\" colspan=\"2\"><span style=\"font-size: 10pt; color: #000000;\">Brief uit Polangen aan de Koning<br \/>\n<\/span><\/td>\n<td style=\"width: 36.3637%; height: 28px;\"><span style=\"font-size: 10pt; color: #000000;\">29-09-1701<\/span><\/td>\n<\/tr>\n<tr style=\"height: 28px;\">\n<td style=\"height: 28px; width: 48.4411%;\" colspan=\"2\"><span style=\"color: #000000; font-size: 13.3333px;\">SE\/RA, Skr.t.K.<\/span><\/td>\n<td style=\"width: 49.4138%; height: 28px;\" colspan=\"2\"><span style=\"font-size: 10pt; color: #000000;\">Brief uit Polangen aan de Koning<br \/>\n<\/span><\/td>\n<td style=\"width: 36.3637%; height: 28px;\"><span style=\"color: #000000; font-size: 13.3333px;\">10-10-1701<\/span><\/td>\n<\/tr>\n<tr style=\"height: 28px;\">\n<td style=\"height: 28px; width: 48.4411%;\" colspan=\"2\"><span style=\"color: #000000; font-size: 13.3333px;\">SE\/RA, Skr.t. .<\/span><\/td>\n<td style=\"width: 49.4138%; height: 28px;\" colspan=\"2\"><span style=\"font-size: 10pt; color: #000000;\">Brief uit Polangen aan de Koning<br \/>\n<\/span><\/td>\n<td style=\"width: 36.3637%; height: 28px;\"><span style=\"color: #000000; font-size: 13.3333px;\">24-10-1701<\/span><\/td>\n<\/tr>\n<tr style=\"height: 56px;\">\n<td style=\"width: 48.4411%; height: 10px;\" colspan=\"2\"><span style=\"color: #000000; font-size: 13.3333px;\"><span style=\"font-size: 10pt; color: #000000;\"><span style=\"color: #000000;\"><span style=\"font-size: 10pt;\">SE\/RA\/RR, 627 Missiver fol 438<\/span><\/span><\/span><\/span><\/td>\n<td style=\"width: 49.4138%; height: 10px;\" colspan=\"2\"><span style=\"font-size: 10pt; color: #000000;\"><span style=\"color: #0000ff;\"><a style=\"color: #0000ff;\" href=\"https:\/\/sok.riksarkivet.se\/bildvisning\/A0039122_00443#?c=&amp;m=&amp;s=&amp;cv=442&amp;xywh=685%2C683%2C4684%2C2755\">W\u00fcrgen, 300 ryttar<\/a><br \/>\n<\/span><\/span><\/td>\n<td style=\"width: 36.3637%; height: 10px;\"><span style=\"color: #000000; font-size: 13.3333px;\"><span style=\"font-size: 10pt; color: #000000;\">03-11-1701<\/span><\/span><\/td>\n<\/tr>\n<tr style=\"height: 28px;\">\n<td style=\"height: 28px; width: 48.4411%;\" colspan=\"2\"><span style=\"color: #000000; font-size: 13.3333px;\">SE\/RA, Skr.t.K.<\/span><\/td>\n<td style=\"width: 49.4138%; height: 28px;\" colspan=\"2\"><span style=\"font-size: 10pt; color: #000000;\">Brief uit Polangen aan de Koning<br \/>\n<\/span><\/td>\n<td style=\"width: 36.3637%; height: 28px;\"><span style=\"font-size: 13.3333px;\">08-11-1701<\/span><\/td>\n<\/tr>\n<tr style=\"height: 28px;\">\n<td style=\"height: 28px; width: 48.4411%;\" colspan=\"2\"><span style=\"color: #000000; font-size: 13.3333px;\">SE\/RA, Skr.t.K.<\/span><\/td>\n<td style=\"width: 49.4138%; height: 28px;\" colspan=\"2\"><span style=\"font-size: 10pt; color: #000000;\">Brief uit Polangen aan de Koning<br \/>\n<\/span><\/td>\n<td style=\"width: 36.3637%; height: 28px;\"><span style=\"color: #000000; font-size: 13.3333px;\">11-11-1701<\/span><\/td>\n<\/tr>\n<tr style=\"height: 28px;\">\n<td style=\"height: 28px; width: 48.4411%;\" colspan=\"2\"><span style=\"color: #0000ff;\"><span style=\"color: #000000; font-size: 10pt;\"><span style=\"color: #000000; font-size: 13.3333px;\"><span style=\"color: #000000;\"><span style=\"font-size: 10pt;\">SE\/RA\/RR, <\/span><\/span><\/span>627 \u00d6pen Bref fol 578<\/span><\/span><\/td>\n<td style=\"width: 49.4138%; height: 28px;\" colspan=\"2\"><span style=\"font-size: 10pt; color: #000000;\"><span style=\"color: #0000ff;\"><span style=\"font-size: 10pt;\"><a style=\"color: #0000ff;\" href=\"https:\/\/sok.riksarkivet.se\/bildvisning\/A0039122_00583#?c=&amp;m=&amp;s=&amp;cv=582&amp;xywh=967%2C156%2C3903%2C2295\"><span style=\"font-size: 10pt;\">W\u00fcrgen, Sapiehas beg\u00e4ren at rycka l\u00e4ngre in uti landet<\/span><\/a><\/span><\/span><\/span><span style=\"font-size: 10pt; color: #000000;\"><span style=\"color: #0000ff;\"><span style=\"font-size: 10pt;\"><br \/>\n<\/span><\/span><\/span><\/td>\n<td style=\"width: 36.3637%; height: 28px;\"><span style=\"font-size: 10pt; color: #000000;\">15-11-1701<\/span><\/td>\n<\/tr>\n<tr style=\"height: 56px;\">\n<td style=\"width: 48.4411%; height: 56px;\" colspan=\"2\"><span style=\"color: #0000ff;\"><span style=\"color: #000000; font-size: 10pt;\"><span style=\"color: #000000; font-size: 13.3333px;\"><span style=\"color: #000000;\"><span style=\"font-size: 10pt;\">SE\/RA\/RR, 627 \u00d6pen Bref fol 579<\/span><\/span><\/span><\/span><\/span><\/td>\n<td style=\"width: 49.4138%; height: 56px;\" colspan=\"2\"><span style=\"font-size: 10pt; color: #000000;\"><span style=\"color: #0000ff;\"><span style=\"font-size: 10pt;\"><a style=\"color: #0000ff;\" href=\"https:\/\/sok.riksarkivet.se\/bildvisning\/A0039122_00584#?c=&amp;m=&amp;s=&amp;cv=583&amp;xywh=964%2C194%2C4683%2C2754\">W\u00fcrgen, avancerende med fullmakt p\u00e5\u00d6fst. Lieutenants chargen under \u00c2bo L\u00e4hns Cavalerie<\/a><\/span><\/span><\/span><span style=\"font-size: 10pt; color: #000000;\"><span style=\"color: #0000ff;\"><span style=\"font-size: 10pt;\"><br \/>\n<\/span><\/span><\/span><\/td>\n<td style=\"width: 36.3637%; height: 56px;\"><span style=\"font-size: 10pt; color: #000000;\">15-11-1701<br \/>\n<\/span><\/td>\n<\/tr>\n<tr style=\"height: 56px;\">\n<td style=\"width: 48.4411%; height: 24px;\" colspan=\"2\"><span style=\"color: #000000; font-size: 13.3333px;\"><span style=\"color: #0000ff;\"><span style=\"color: #000000; font-size: 10pt;\"><span style=\"color: #000000;\"><span style=\"font-size: 10pt;\">SE\/RA\/RR, <\/span><\/span>627 <span style=\"color: #000000;\"><span style=\"font-size: 10pt;\">\u00d6pen Bref fol <\/span><\/span>579v<\/span><\/span><\/span><\/td>\n<td style=\"width: 49.4138%; height: 24px;\" colspan=\"2\"><span style=\"font-size: 10pt; color: #000000;\"><span style=\"color: #000000; font-size: 13.3333px;\"><span style=\"color: #0000ff;\"><a style=\"color: #0000ff;\" href=\"https:\/\/sok.riksarkivet.se\/bildvisning\/A0039122_00585#?c=&amp;m=&amp;s=&amp;cv=584&amp;xywh=579%2C-375%2C3903%2C2295\">W\u00fcrgen, \u00d6fwerst Lieutenant\u00a0<span style=\"font-size: 10pt;\">fullmakt<\/span><\/a><\/span><\/span><\/span><span style=\"font-size: 10pt; color: #000000;\"><span style=\"color: #000000; font-size: 13.3333px;\"><span style=\"color: #0000ff;\"><br \/>\n<\/span><\/span><\/span><\/td>\n<td style=\"width: 36.3637%; height: 24px;\"><span style=\"color: #000000; font-size: 13.3333px;\"><span style=\"font-size: 10pt; color: #000000;\">15-11-1701<\/span><\/span><\/td>\n<\/tr>\n<tr style=\"height: 84px;\">\n<td style=\"width: 48.4411%; height: 84px;\" colspan=\"2\"><span style=\"color: #000000; font-size: 13.3333px;\"><span style=\"color: #0000ff;\"><span style=\"color: #000000; font-size: 10pt;\"><span style=\"color: #000000;\"><span style=\"font-size: 10pt;\">SE\/RA\/RR, 627 \u00d6pen Bref fol 580<\/span><\/span><\/span><\/span><\/span><\/td>\n<td style=\"width: 49.4138%; height: 84px;\" colspan=\"2\"><span style=\"font-size: 10pt; color: #000000;\"><span style=\"color: #000000; font-size: 13.3333px;\"><span style=\"color: #0000ff;\"><a style=\"color: #0000ff;\" href=\"https:\/\/sok.riksarkivet.se\/bildvisning\/A0039122_00585#?c=&amp;m=&amp;s=&amp;cv=584&amp;xywh=1883%2C1680%2C3903%2C2295\">W\u00fcrgen,\u00a0<span style=\"font-size: 10pt;\">Till General Major Slippenbach ang. M.s till\u00a0<\/span>\u00f6fwerst lieutenants<span style=\"font-size: 10pt;\">\u00a0chargen wid \u00c2bo L\u00e4hns Cavalerie Regemente<\/span><\/a><\/span><\/span><\/span><span style=\"font-size: 10pt; color: #000000;\"><span style=\"color: #000000; font-size: 13.3333px;\"><span style=\"color: #0000ff;\"><br \/>\n<\/span><\/span><\/span><\/td>\n<td style=\"width: 36.3637%; height: 84px;\"><span style=\"color: #000000; font-size: 13.3333px;\"><span style=\"font-size: 10pt; color: #000000;\">15-11-1701<\/span><\/span><\/td>\n<\/tr>\n<tr style=\"height: 28px;\">\n<td style=\"height: 28px; width: 48.4411%;\" colspan=\"2\"><span style=\"color: #000000; font-size: 13.3333px;\">SE\/RA, Skr.t.K.<\/span><\/td>\n<td style=\"width: 49.4138%; height: 28px;\" colspan=\"2\"><span style=\"font-size: 10pt; color: #000000;\">Brief uit Polangen aan de Koning<\/span><span style=\"font-size: 10pt; color: #000000;\"><br \/>\n<\/span><\/td>\n<td style=\"width: 36.3637%; height: 28px;\"><span style=\"color: #000000; font-size: 13.3333px;\">20-11-1701<\/span><\/td>\n<\/tr>\n<tr style=\"height: 28px;\">\n<td style=\"height: 28px; width: 48.4411%;\" colspan=\"2\"><span style=\"font-size: 13.3333px;\">SE\/RA, Skr.t.K.<\/span><\/td>\n<td style=\"width: 49.4138%; height: 28px;\" colspan=\"2\"><span style=\"font-size: 10pt;\"><span style=\"font-size: 10pt; color: #000000;\">Brief uit\u00a0<span style=\"color: #333333;\">Polangen aan de Koning<\/span><\/span><\/span><span style=\"font-size: 10pt;\"><span style=\"font-size: 10pt; color: #000000;\"><br \/>\n<\/span><\/span><\/td>\n<td style=\"width: 36.3637%; height: 28px;\"><span style=\"color: #000000; font-size: 13.3333px;\">28-11-1701<\/span><\/td>\n<\/tr>\n<tr style=\"height: 56px;\">\n<td style=\"width: 48.4411%; height: 56px;\" colspan=\"2\"><span style=\"font-size: 10pt; color: #000000;\">SE\/RA\/710. Kungliga arkiv, <span style=\"font-size: 10pt;\">002 7<span style=\"color: #000000;\">\/K4<\/span><\/span><\/span><\/td>\n<td style=\"width: 49.4138%; height: 56px;\" colspan=\"2\"><span style=\"font-size: 10pt; color: #000000;\"><span style=\"font-size: 10pt;\"><span style=\"color: #0000ff;\"><a style=\"color: #0000ff;\" href=\"https:\/\/sok.riksarkivet.se\/bildvisning\/A0069169_00218#?c=&amp;m=&amp;s=&amp;cv=217&amp;xywh=-2851%2C43%2C6025%2C3788\">Kungliga Handskriftsamlingan, Karl XI; Karl XII till on\u00e4mnd<\/a><\/span><\/span><\/span><span style=\"font-size: 10pt; color: #000000;\"><span style=\"font-size: 10pt;\"><span style=\"color: #0000ff;\"><br \/>\n<\/span><\/span><\/span><\/td>\n<td style=\"width: 36.3637%; height: 56px;\"><span style=\"color: #000000; font-size: 13.3333px;\">1701<br \/>\n<\/span><\/td>\n<\/tr>\n<tr style=\"height: 56px;\">\n<td style=\"height: 21px; width: 48.4411%;\" colspan=\"2\" width=\"104\"><span style=\"color: #000000; font-size: 13.3333px;\"><span style=\"color: #0000ff;\"><span style=\"color: #000000; font-size: 10pt;\"><span style=\"color: #000000;\"><span style=\"font-size: 10pt;\">SE\/RA\/RR, <\/span><\/span><\/span><\/span>629 Missiver fol 66<\/span><\/td>\n<td style=\"width: 49.4138%; height: 21px;\" colspan=\"2\"><span style=\"font-size: 10pt; color: #0000ff;\"><span style=\"font-size: 10pt;\"><a style=\"color: #0000ff;\" href=\"https:\/\/sok.riksarkivet.se\/bildvisning\/A0039124_00077#?c=&amp;m=&amp;s=&amp;cv=76&amp;xywh=182%2C557%2C3903%2C2295\"><span style=\"font-size: 10pt;\">W\u00fcrgen,\u00a0<\/span>Opdracht om met squadron van Polangen naar de Kongl: Maj: te komen<\/a><\/span><\/span><span style=\"font-size: 10pt; color: #0000ff;\"><span style=\"font-size: 10pt;\"><br \/>\n<\/span><\/span><\/td>\n<td style=\"width: 36.3637%; height: 21px;\"><span style=\"color: #000000; font-size: 13.3333px;\">09-01-1702<br \/>\n<\/span><\/td>\n<\/tr>\n<tr style=\"height: 28px;\">\n<td style=\"width: 48.4411%; height: 28px;\" colspan=\"2\"><span style=\"color: #000000; font-size: 13.3333px;\"><span style=\"color: #0000ff;\"><span style=\"color: #000000; font-size: 10pt;\"><span style=\"color: #000000;\"><span style=\"font-size: 10pt;\"><span style=\"color: #000000; font-size: 10pt;\"><span style=\"font-size: 10pt;\">SE\/RA\/RR,\u00a0<\/span><\/span>629 \u00d6pen Bref fol 339<br \/>\n<\/span><\/span><\/span><\/span><\/span><\/td>\n<td style=\"width: 49.4138%; height: 28px;\" colspan=\"2\"><span style=\"color: #0000ff;\"><span style=\"font-size: 10pt;\"><span style=\"font-size: 10pt;\"><span style=\"color: #000000;\"><a style=\"color: #0000ff;\" href=\"https:\/\/sok.riksarkivet.se\/bildvisning\/A0039124_00345#?c=&amp;m=&amp;s=&amp;cv=344&amp;xywh=753%2C920%2C4581%2C2694\"><span style=\"font-size: 10pt;\">Bielewitz, \u00d6fwerste\u00a0<span style=\"font-size: 10pt; color: #0000ff;\">fullmakt<\/span><\/span><\/a><span style=\"font-size: 17px;\">\u00a0<\/span><br \/>\n<\/span><\/span><\/span><\/span><\/td>\n<td style=\"width: 36.3637%; height: 28px;\"><span style=\"color: #000000; font-size: 13.3333px;\">18-02-1702<br \/>\n<\/span><\/td>\n<\/tr>\n<tr style=\"height: 28px;\">\n<td style=\"height: 28px; width: 48.4411%;\" colspan=\"2\"><span style=\"color: #000000; font-size: 13.3333px;\"><span style=\"color: #0000ff;\"><span style=\"color: #000000; font-size: 10pt;\"><span style=\"color: #000000;\"><span style=\"font-size: 10pt;\">\u00a0SE\/UUB, <span style=\"font-size: 10pt; color: #000000;\"><span style=\"font-size: 10pt;\">Meijerfelts papper<\/span><\/span><br \/>\n<\/span><\/span><\/span><\/span><\/span><\/td>\n<td style=\"height: 28px; width: 49.4138%;\" colspan=\"2\"><span style=\"font-size: 10pt; color: #0000ff;\"><a style=\"color: #0000ff;\" href=\"https:\/\/meijenfeldt.nl\/wp-content\/uploads\/2022\/08\/1702-02-18-Ofwerste.pdf\">\u00d6fwerste<\/a><\/span><\/td>\n<td style=\"width: 36.3637%; height: 28px;\"><span style=\"color: #000000; font-size: 13.3333px;\">18-02-1702<\/span><\/td>\n<\/tr>\n<tr style=\"height: 56px;\">\n<td style=\"width: 48.4411%; height: 56px;\" colspan=\"2\"><span style=\"color: #000000; font-size: 13.3333px;\"><span style=\"color: #0000ff;\"><span style=\"color: #000000; font-size: 10pt;\"><span style=\"color: #000000;\"><span style=\"font-size: 10pt;\">SE\/RA\/RR, <\/span><\/span><\/span><\/span>629 Missiver fol 341<\/span><br \/>\n<span style=\"color: #0000ff;\"><span style=\"font-size: 10pt;\"><br \/>\n<\/span><\/span><\/td>\n<td style=\"width: 49.4138%; height: 56px;\" colspan=\"2\"><span style=\"color: #0000ff;\"><span style=\"font-size: 10pt;\"><a style=\"color: #0000ff;\" href=\"https:\/\/sok.riksarkivet.se\/bildvisning\/A0039124_00347#?c=&amp;m=&amp;s=&amp;cv=346&amp;xywh=-190%2C270%2C6134%2C3197\">Bielewitz, \u00d6fwerste befordran, till Gen-Maj Slippenbach<\/a><\/span><\/span><span style=\"color: #0000ff;\"><span style=\"font-size: 10pt;\"><br \/>\n<\/span><\/span><\/td>\n<td style=\"width: 36.3637%; height: 56px;\"><span style=\"color: #000000; font-size: 13.3333px;\">18-02-1702<br \/>\n<\/span><\/td>\n<\/tr>\n<tr style=\"height: 56px;\">\n<td style=\"height: 10px; width: 48.4411%;\" colspan=\"2\" width=\"104\"><span style=\"color: #000000; font-size: 13.3333px;\"><span style=\"color: #0000ff;\"><span style=\"color: #000000; font-size: 10pt;\"><span style=\"color: #000000;\"><span style=\"font-size: 10pt;\">SE\/RA\/RR, 629 Missiver fol 380<\/span><\/span><\/span><\/span><\/span><\/td>\n<td style=\"width: 49.4138%; height: 10px;\" colspan=\"2\"><span style=\"color: #0000ff;\"><span style=\"font-size: 10pt;\"><a style=\"color: #0000ff;\" href=\"https:\/\/sok.riksarkivet.se\/bildvisning\/A0039124_00387#?c=&amp;m=&amp;s=&amp;cv=386&amp;xywh=2206%2C619%2C3903%2C2295\"><span style=\"font-size: 10pt;\">Bielewitz, Marche Axel Sparre till och afmarche Hummerhielm uti Kauen<\/span><\/a><\/span><\/span><span style=\"color: #0000ff;\"><span style=\"font-size: 10pt;\"><br \/>\n<\/span><\/span><\/td>\n<td style=\"width: 36.3637%; height: 10px;\"><span style=\"color: #000000; font-size: 13.3333px;\">22-02-1702<br \/>\n<\/span><\/td>\n<\/tr>\n<tr style=\"height: 56px;\">\n<td style=\"height: 27px; width: 48.4411%;\" colspan=\"2\" width=\"104\"><span style=\"font-size: 10pt; color: #000000;\"><span style=\"color: #000000; font-size: 13.3333px;\"><span style=\"color: #0000ff;\"><span style=\"color: #000000;\"><span style=\"font-size: 10pt;\">SE\/RA\/RR, <\/span><\/span><\/span><\/span>629 Missiver fol 777v<\/span><\/td>\n<td style=\"width: 49.4138%; height: 27px;\" colspan=\"2\"><span style=\"color: #0000ff;\"><span style=\"font-size: 10pt;\"><a style=\"color: #0000ff;\" href=\"https:\/\/sok.riksarkivet.se\/bildvisning\/A0039124_00785#?c=&amp;m=&amp;s=&amp;cv=784&amp;xywh=-234%2C320%2C5620%2C3305\"><span style=\"font-size: 10pt;\">Leipunie, att ansl\u00e5 n\u00e5gre gadz til Pohlniska pegaternes sublistence (Grodno)<\/span><\/a><\/span><\/span><span style=\"color: #0000ff;\"><span style=\"font-size: 10pt;\"><br \/>\n<\/span><\/span><\/td>\n<td style=\"width: 36.3637%; height: 27px;\"><span style=\"color: #000000; font-size: 13.3333px;\">15-04-1702<\/span><\/td>\n<\/tr>\n<tr style=\"height: 56px;\">\n<td style=\"width: 48.4411%; height: 56px;\" colspan=\"2\"><span style=\"font-size: 10pt; color: #000000;\"><span style=\"color: #000000; font-size: 13.3333px;\"><span style=\"color: #0000ff;\"><span style=\"color: #000000;\"><span style=\"font-size: 10pt;\">SE\/RA\/Pommeranica, III\/A 385<\/span><\/span><\/span><\/span><\/span><\/td>\n<td style=\"width: 49.4138%; height: 56px;\" colspan=\"2\"><span style=\"color: #000000;\"><span style=\"font-size: 10pt;\">Kommissioners handlingar och skrivelser: Kommissioner (i vanlig mening)<\/span><\/span><span style=\"color: #000000;\"><span style=\"font-size: 10pt;\"><br \/>\n<\/span><\/span><\/td>\n<td style=\"width: 36.3637%; height: 56px;\"><span style=\"color: #000000; font-size: 13.3333px;\">1702<\/span><\/td>\n<\/tr>\n<tr style=\"height: 27px;\">\n<td style=\"width: 48.4411%; height: 27px;\" colspan=\"2\"><span style=\"font-size: 13.3333px;\"><span style=\"color: #000000; font-size: 13.3333px;\">Carlson, nr. 240<\/span><\/span><\/td>\n<td style=\"width: 49.4138%; height: 27px;\" colspan=\"2\"><span style=\"color: #0000ff;\"><a style=\"color: #0000ff;\" href=\"https:\/\/babel.hathitrust.org\/cgi\/pt?id=inu.30000053834564&amp;view=1up&amp;seq=412&amp;skin=mobile\"><span style=\"font-size: 10pt;\"><span style=\"font-size: 10pt;\">Brief omg. Krakau van Karel XII<\/span><\/span><\/a><\/span><\/td>\n<td style=\"width: 36.3637%; height: 27px;\"><span style=\"color: #000000; font-size: 13.3333px;\">08-1702<\/span><\/td>\n<\/tr>\n<tr style=\"height: 27px;\">\n<td style=\"width: 48.4411%; height: 27px;\" colspan=\"2\"><span style=\"font-size: 13.3333px;\"><span style=\"color: #000000; font-size: 13.3333px;\">Carlson, nr. 241<\/span><\/span><\/td>\n<td style=\"width: 49.4138%; height: 27px;\" colspan=\"2\"><span style=\"color: #0000ff;\"><a style=\"color: #0000ff;\" href=\"https:\/\/babel.hathitrust.org\/cgi\/pt?id=inu.30000053834564&amp;view=1up&amp;seq=412&amp;skin=mobile\"><span style=\"font-size: 10pt;\"><span style=\"font-size: 10pt;\">Brief omg. Krakau van Karel XII<\/span><\/span><\/a><\/span><\/td>\n<td style=\"width: 36.3637%; height: 27px;\"><span style=\"color: #000000; font-size: 13.3333px;\">09-1702<\/span><\/td>\n<\/tr>\n<tr style=\"height: 27px;\">\n<td style=\"width: 48.4411%; height: 27px;\" colspan=\"2\"><span style=\"font-size: 13.3333px;\"><span style=\"color: #000000; font-size: 13.3333px;\">Carlson, nr. 242<\/span><\/span><\/td>\n<td style=\"width: 49.4138%; height: 27px;\" colspan=\"2\"><span style=\"color: #0000ff;\"><a style=\"color: #0000ff;\" href=\"https:\/\/babel.hathitrust.org\/cgi\/pt?id=inu.30000053834564&amp;view=1up&amp;seq=413&amp;skin=mobile\"><span style=\"font-size: 10pt;\"><span style=\"font-size: 10pt;\">Brief omg. Krakau van Karel XII<\/span><\/span><\/a><\/span><\/td>\n<td style=\"width: 36.3637%; height: 27px;\"><span style=\"color: #000000; font-size: 13.3333px;\">09-1702<\/span><\/td>\n<\/tr>\n<tr style=\"height: 28px;\">\n<td style=\"height: 28px; width: 48.4411%;\" colspan=\"2\"><span style=\"font-size: 13.3333px;\"><span style=\"color: #000000; font-size: 13.3333px;\">Carlson,\u00a0<\/span><span style=\"color: #000000; font-size: 13.3333px;\">nr. 243<\/span><\/span><\/td>\n<td style=\"height: 28px; width: 49.4138%;\" colspan=\"2\"><span style=\"color: #0000ff;\"><a style=\"color: #0000ff;\" href=\"https:\/\/babel.hathitrust.org\/cgi\/pt?id=inu.30000053834564&amp;view=1up&amp;seq=414&amp;skin=mobile\"><span style=\"font-size: 10pt;\"><span style=\"font-size: 10pt;\">Brief omg. Lublin van Karel XII<\/span><\/span><\/a><\/span><span style=\"font-size: 10pt;\"><span style=\"font-size: 10pt; color: #000000;\"><br \/>\n<\/span><\/span><\/td>\n<td style=\"width: 36.3637%; height: 28px;\"><span style=\"color: #000000; font-size: 13.3333px;\">01-1703<\/span><\/td>\n<\/tr>\n<tr style=\"height: 28px;\">\n<td style=\"width: 48.4411%; height: 28px;\" colspan=\"2\"><span style=\"font-size: 13.3333px;\"><span style=\"color: #000000; font-size: 13.3333px;\"><span style=\"font-size: 10pt; color: #000000;\">Carlson,\u00a0 nr. 244<\/span><\/span><\/span><\/td>\n<td style=\"width: 49.4138%; height: 28px;\" colspan=\"2\"><span style=\"color: #0000ff;\"><a style=\"color: #0000ff;\" href=\"https:\/\/babel.hathitrust.org\/cgi\/pt?id=inu.30000053834564&amp;view=1up&amp;seq=414&amp;skin=mobile\"><span style=\"font-size: 10pt;\"><span style=\"font-size: 10pt;\">Brief omg. Lublin van Karel XII<\/span><\/span><\/a><\/span><span style=\"font-size: 10pt;\"><span style=\"font-size: 10pt; color: #000000;\"><br \/>\n<\/span><\/span><\/td>\n<td style=\"width: 36.3637%; height: 28px;\"><span style=\"color: #000000; font-size: 13.3333px;\"><span style=\"font-size: 10pt; color: #000000;\">02-1703<\/span><\/span><\/td>\n<\/tr>\n<tr style=\"height: 56px;\">\n<td style=\"width: 48.4411%; height: 56px;\" colspan=\"2\"><span style=\"font-size: 10pt; color: #000000;\"><span style=\"color: #000000; font-size: 13.3333px;\"><span style=\"color: #0000ff;\"><span style=\"color: #000000;\"><span style=\"font-size: 10pt;\">SE\/RA\/RR, <\/span><\/span><\/span><\/span>631 Missiver fol 85<\/span><\/td>\n<td style=\"width: 49.4138%; height: 56px;\" colspan=\"2\"><span style=\"font-size: 10pt; color: #000000;\"><span style=\"color: #0000ff;\"><a style=\"color: #0000ff;\" href=\"https:\/\/sok.riksarkivet.se\/bildvisning\/A0039126_00090#?c=&amp;m=&amp;s=&amp;cv=89&amp;xywh=1800%2C1270%2C3321%2C2569\">Jacobowice, Lublin, Littauske adelsmannen Podoskij och advocaten Boquezewskij<\/a><\/span><\/span><span style=\"font-size: 10pt; color: #000000;\"><span style=\"color: #0000ff;\"><br \/>\n<\/span><\/span><\/td>\n<td style=\"width: 36.3637%; height: 56px;\"><span style=\"font-size: 10pt; color: #000000;\">05-02-1703<\/span><\/td>\n<\/tr>\n<tr style=\"height: 56px;\">\n<td style=\"width: 48.4411%; height: 56px;\" colspan=\"2\"><span style=\"font-size: 10pt; color: #000000;\"><span style=\"color: #000000; font-size: 13.3333px;\"><span style=\"color: #0000ff;\"><span style=\"color: #000000;\"><span style=\"font-size: 10pt;\">SE\/RA\/RR, 631 Missiver fol 87v<\/span><\/span><\/span><\/span><\/span><\/td>\n<td style=\"width: 49.4138%; height: 56px;\" colspan=\"2\"><span style=\"font-size: 10pt; color: #000000;\"><span style=\"color: #0000ff;\"><a style=\"color: #0000ff;\" href=\"https:\/\/sok.riksarkivet.se\/bildvisning\/A0039126_00093#?c=&amp;m=&amp;s=&amp;cv=92&amp;xywh=899%2C1627%2C2438%2C1988\">Jacobowice, Lublin, marquetentaren Hirsch Lefkowitz<\/a><\/span><\/span><span style=\"font-size: 10pt; color: #000000;\"><span style=\"color: #0000ff;\"><br \/>\n<\/span><\/span><\/td>\n<td style=\"width: 36.3637%; height: 56px;\"><span style=\"font-size: 10pt; color: #000000;\">05-02-1703<br \/>\n<\/span><\/td>\n<\/tr>\n<tr style=\"height: 56px;\">\n<td style=\"width: 48.4411%; height: 56px;\" colspan=\"2\"><span style=\"font-size: 10pt; color: #000000;\"><span style=\"color: #000000; font-size: 13.3333px;\"><span style=\"color: #0000ff;\"><span style=\"color: #000000;\"><span style=\"font-size: 10pt;\">SE\/RA\/RR, 633 \u00d6pen Bref fol 387v<\/span><\/span><\/span><\/span><\/span><span style=\"font-size: 10pt; color: #000000;\"><span style=\"color: #0000ff;\"><br \/>\n<\/span><\/span><\/td>\n<td style=\"width: 49.4138%; height: 56px;\" colspan=\"2\"><span style=\"font-size: 10pt; color: #000000;\"><span style=\"color: #0000ff;\"><a style=\"color: #0000ff;\" href=\"https:\/\/sok.riksarkivet.se\/bildvisning\/A0039128_00385#?c=&amp;m=&amp;s=&amp;cv=384&amp;xywh=703%2C431%2C3253%2C1913\">Topolno, Warb Patent<\/a><\/span><\/span><span style=\"font-size: 10pt; color: #000000;\"><span style=\"color: #0000ff;\"><br \/>\n<\/span><\/span><\/td>\n<td style=\"width: 36.3637%; height: 56px;\"><span style=\"font-size: 10pt; color: #000000;\">20-11-1703<br \/>\n<\/span><\/td>\n<\/tr>\n<tr style=\"height: 56px;\">\n<td style=\"height: 56px; width: 48.4411%;\" colspan=\"2\"><span style=\"font-size: 10pt; color: #000000;\"><span style=\"color: #000000; font-size: 13.3333px;\"><span style=\"color: #0000ff;\"><span style=\"color: #000000;\"><span style=\"font-size: 10pt;\">SE\/RA\/RR, 633 \u00d6pen Bref fol 400<\/span><\/span><\/span><\/span><\/span><\/td>\n<td style=\"height: 56px; width: 49.4138%;\" colspan=\"2\"><span style=\"font-size: 10pt; color: #000000;\"><span style=\"color: #0000ff;\"><a style=\"color: #0000ff;\" href=\"https:\/\/sok.riksarkivet.se\/bildvisning\/A0039128_00398#?c=&amp;m=&amp;s=&amp;cv=397&amp;xywh=272%2C479%2C3252%2C1912\">Topolno, Capitulation Dragone Regimentes upr\u00e4ttande<\/a><\/span><\/span><span style=\"font-size: 10pt; color: #000000;\"><span style=\"color: #0000ff;\"><br \/>\n<\/span><\/span><\/td>\n<td style=\"width: 36.3637%; height: 56px;\"><span style=\"font-size: 10pt; color: #000000;\">20-11-1703<br \/>\n<\/span><\/td>\n<\/tr>\n<tr style=\"height: 28px;\">\n<td style=\"width: 48.4411%; height: 28px;\" colspan=\"2\"><span style=\"font-size: 10pt; color: #000000;\"><span style=\"color: #000000; font-size: 13.3333px;\"><span style=\"color: #0000ff;\"><span style=\"color: #000000;\"><span style=\"font-size: 10pt;\">SE\/UUB, Meijerfelts Papper<\/span><\/span><\/span><\/span><\/span><\/td>\n<td style=\"width: 49.4138%; height: 28px;\" colspan=\"2\"><span style=\"font-size: 10pt; color: #0000ff;\"><a style=\"color: #0000ff;\" href=\"https:\/\/meijenfeldt.nl\/wp-content\/uploads\/2022\/08\/1703-11-20-Capitulation-Dragonders.pdf\">Idem<\/a><\/span><\/td>\n<td style=\"width: 36.3637%; height: 28px;\"><span style=\"font-size: 10pt; color: #000000;\">20-11-1703<\/span><\/td>\n<\/tr>\n<tr style=\"height: 56px;\">\n<td style=\"width: 48.4411%; height: 56px;\" colspan=\"2\"><span style=\"font-size: 10pt; color: #000000;\"><span style=\"color: #000000; font-size: 13.3333px;\"><span style=\"color: #0000ff;\"><span style=\"color: #000000;\"><span style=\"font-size: 10pt;\">SE\/RA\/720, 260. Engs\u00f6arkivet, vol 1<br \/>\n<\/span><\/span><\/span><\/span><\/span><\/td>\n<td style=\"width: 49.4138%; height: 56px;\" colspan=\"2\"><span style=\"font-size: 10pt; color: #000000;\"><span style=\"color: #0000ff;\"><span style=\"color: #000000;\">2 brieven aan Carl Piper<\/span><\/span><\/span><span style=\"font-size: 10pt; color: #000000;\"><span style=\"color: #0000ff;\"><span style=\"color: #000000;\"><br \/>\n<\/span><\/span><\/span><\/td>\n<td style=\"width: 36.3637%; height: 56px;\"><span style=\"font-size: 10pt; color: #000000;\">1703<\/span><\/td>\n<\/tr>\n<tr style=\"height: 56px;\">\n<td style=\"width: 48.4411%; height: 56px;\" colspan=\"2\"><span style=\"font-size: 10pt; color: #000000;\"><span style=\"color: #000000; font-size: 13.3333px;\"><span style=\"color: #0000ff;\"><span style=\"color: #000000;\"><span style=\"font-size: 10pt;\">SE\/RA\/RR, <\/span><\/span><\/span><\/span>634 Missiver fol 306<\/span><\/td>\n<td style=\"width: 49.4138%; height: 56px;\" colspan=\"2\"><span style=\"font-size: 10pt; color: #000000;\"><span style=\"color: #0000ff;\"><a style=\"color: #0000ff;\" href=\"https:\/\/sok.riksarkivet.se\/bildvisning\/A0039129_00311#?c=&amp;m=&amp;s=&amp;cv=310&amp;xywh=-360%2C-15%2C4684%2C2755\">Heilsberg, Regemente\u00a0<span style=\"font-size: 10pt;\">Stenbock, Meijerfelt, D\u00fcker, Taube<\/span><\/a><\/span><\/span><span style=\"font-size: 10pt; color: #000000;\"><span style=\"color: #0000ff;\"><br \/>\n<\/span><\/span><\/td>\n<td style=\"width: 36.3637%; height: 56px;\"><span style=\"font-size: 10pt; color: #000000;\">25-01-1704<br \/>\n<\/span><\/td>\n<\/tr>\n<tr style=\"height: 28px;\">\n<td style=\"width: 48.4411%; height: 28px;\" colspan=\"2\"><span style=\"font-size: 10pt; color: #000000;\"><span style=\"color: #000000; font-size: 13.3333px;\"><span style=\"color: #0000ff;\"><span style=\"color: #000000;\"><span style=\"font-size: 10pt;\">SE\/RA\/Ericsberg 525-527<br \/>\n<\/span><\/span><\/span><\/span><\/span><\/td>\n<td style=\"width: 49.4138%; height: 28px;\" colspan=\"2\"><span style=\"font-size: 10pt;\"><a style=\"color: #0000ff;\" href=\"https:\/\/sok.riksarkivet.se\/bildvisning\/A0040220_00525#?c=&amp;m=&amp;s=&amp;cv=524&amp;xywh=-307%2C137%2C3354%2C1748\">Brief uit Danzig aan Magnus Stenbock<\/a><\/span><span style=\"font-size: 10pt;\"><br \/>\n<\/span><\/td>\n<td style=\"width: 36.3637%; height: 28px;\"><span style=\"font-size: 10pt; color: #000000;\">28-01-1704<\/span><\/td>\n<\/tr>\n<tr style=\"height: 28px;\">\n<td style=\"width: 48.4411%; height: 28px;\" colspan=\"2\"><span style=\"font-size: 10pt; color: #000000;\"><span style=\"color: #000000; font-size: 13.3333px;\"><span style=\"color: #0000ff;\"><span style=\"color: #000000;\"><span style=\"font-size: 10pt;\">SE\/UUB, Meijerfelts Papper<\/span><\/span><\/span><\/span><\/span><\/td>\n<td style=\"width: 49.4138%; height: 28px;\" colspan=\"2\"><span style=\"font-size: 10pt; color: #000000;\">Heilsberg, bevordering General-Major<\/span><\/td>\n<td style=\"width: 36.3637%; height: 28px;\"><span style=\"font-size: 10pt; color: #000000;\"><span style=\"font-size: 10pt;\">24-02-1704<\/span><\/span><\/td>\n<\/tr>\n<tr style=\"height: 56px;\">\n<td style=\"height: 56px; width: 48.4411%;\" colspan=\"2\"><span style=\"font-size: 10pt; color: #000000;\"><span style=\"color: #000000; font-size: 13.3333px;\"><span style=\"color: #0000ff;\"><span style=\"color: #000000;\"><span style=\"font-size: 10pt;\">SE\/RA\/RR, 634 Missiver fol 525<\/span><\/span><\/span><\/span><\/span><\/td>\n<td style=\"height: 56px; width: 49.4138%;\" colspan=\"2\"><span style=\"font-size: 10pt; color: #000000;\"><span style=\"color: #0000ff;\"><span style=\"color: #000000;\"><a style=\"color: #0000ff;\" href=\"https:\/\/sok.riksarkivet.se\/bildvisning\/A0039129_00530#?c=&amp;m=&amp;s=&amp;cv=529&amp;xywh=357%2C710%2C5998%2C3126\">Heilsberg, til l General Krig Commissarien Adlersten, inlogera Sapieha trouper in \u00d6fwerste M. quartier<\/a><\/span><\/span><\/span><span style=\"font-size: 10pt; color: #000000;\"><span style=\"color: #0000ff;\"><span style=\"color: #000000;\"><br \/>\n<\/span><\/span><\/span><\/td>\n<td style=\"width: 36.3637%; height: 56px;\"><span style=\"font-size: 10pt; color: #000000;\"><span style=\"font-size: 10pt;\">25-02-1704\u00a0<\/span><\/span><\/td>\n<\/tr>\n<tr style=\"height: 56px;\">\n<td style=\"width: 48.4411%; height: 56px;\" colspan=\"2\"><span style=\"font-size: 10pt; color: #000000;\"><span style=\"color: #000000; font-size: 13.3333px;\"><span style=\"color: #0000ff;\"><span style=\"color: #000000;\"><span style=\"font-size: 10pt;\">SE\/RA\/RR, 634 Missiver fol 533<\/span><\/span><\/span><\/span><\/span><\/td>\n<td style=\"width: 49.4138%; height: 56px;\" colspan=\"2\"><span style=\"font-size: 10pt; color: #000000;\"><span style=\"color: #0000ff;\"><span style=\"color: #000000;\"><a style=\"color: #0000ff;\" href=\"https:\/\/sok.riksarkivet.se\/bildvisning\/A0039129_00538#?c=&amp;m=&amp;s=&amp;cv=537&amp;xywh=831%2C1505%2C4684%2C2755\">Heilberg, Sapiehas trouppers inlogerande i des qwarter<\/a><\/span><\/span><\/span><span style=\"font-size: 10pt; color: #000000;\"><span style=\"color: #0000ff;\"><span style=\"color: #000000;\"><br \/>\n<\/span><\/span><\/span><\/td>\n<td style=\"width: 36.3637%; height: 56px;\"><span style=\"font-size: 10pt; color: #000000;\"><span style=\"font-size: 10pt;\">25-02-1704\u00a0<\/span><\/span><\/td>\n<\/tr>\n<tr style=\"height: 56px;\">\n<td style=\"width: 48.4411%; height: 27px;\" colspan=\"2\"><span style=\"font-size: 10pt; color: #000000;\">SE\/RA\/Ericberg 528<\/span><\/td>\n<td style=\"width: 49.4138%; height: 27px;\" colspan=\"2\"><span style=\"font-size: 10pt; color: #000000;\"><span style=\"color: #0000ff;\"><span style=\"color: #000000;\"><span style=\"font-size: 10pt;\"><a style=\"color: #0000ff;\" href=\"https:\/\/sok.riksarkivet.se\/bildvisning\/A0040220_00528#?c=&amp;m=&amp;s=&amp;cv=527&amp;xywh=-548%2C679%2C4829%2C2517\"><span style=\"font-size: 10pt;\">Brief uit Danzig aan Magnus Stenbock<\/span><\/a><br \/>\n<\/span><\/span><\/span><\/span><\/td>\n<td style=\"width: 36.3637%; height: 27px;\"><span style=\"font-size: 10pt; color: #000000;\"><span style=\"font-size: 10pt;\">17-06-1704<\/span><\/span><\/td>\n<\/tr>\n<tr style=\"height: 56px;\">\n<td style=\"width: 48.4411%; height: 22px;\" colspan=\"2\"><\/td>\n<td style=\"width: 49.4138%; height: 22px;\" colspan=\"2\"><\/td>\n<td style=\"width: 36.3637%; height: 22px;\"><\/td>\n<\/tr>\n<tr style=\"height: 56px;\">\n<td style=\"height: 56px; width: 48.4411%;\" colspan=\"2\"><span style=\"color: #000000; font-size: 13.3333px;\"><span style=\"font-size: 10pt;\">SE\/RA\/RR,\u00a0<\/span><\/span><span style=\"color: #000000; font-size: 13.3333px;\">635 Missiver fol 594<\/span><\/td>\n<td style=\"height: 56px; width: 49.4138%;\" colspan=\"2\"><span style=\"font-size: 10pt; color: #000000;\"><span style=\"color: #0000ff;\"><span style=\"color: #000000;\"><a style=\"color: #0000ff;\" href=\"https:\/\/sok.riksarkivet.se\/bildvisning\/A0039130_00603#?c=&amp;m=&amp;s=&amp;cv=602&amp;xywh=621%2C82%2C4684%2C2755\">Blonie, Uthi Stor Pohlen at betecken Posen och de confederationes gods<\/a><\/span><\/span><\/span><\/td>\n<td style=\"width: 36.3637%; height: 56px;\"><span style=\"font-size: 10pt; color: #000000;\"><span style=\"font-size: 10pt;\">04-07-1704<br \/>\n<\/span><\/span><\/td>\n<\/tr>\n<tr style=\"height: 84px;\">\n<td style=\"width: 48.4411%; height: 84px;\" colspan=\"2\"><span style=\"color: #000000; font-size: 13.3333px;\"><span style=\"font-size: 10pt;\">Handskrift-Prof 1500-1800, Lunds Universitets Biblioteks Handskriftsamling, Stockholm 1891<br \/>\n<\/span><\/span><\/td>\n<td style=\"width: 49.4138%; height: 84px;\" colspan=\"2\"><span style=\"font-size: 10pt; color: #000000;\"><span style=\"color: #0000ff;\"><span style=\"color: #000000;\"><a style=\"color: #0000ff;\" href=\"https:\/\/www.familysearch.org\/library\/books\/viewer\/577595\/?offset=&amp;return=1&amp;viewer=picture&amp;medianame=FL7470580_174555_000003&amp;q=Meijerfeldt#page=14&amp;viewer=picture&amp;o=search&amp;n=0&amp;q=Meijerfeldt\"><span style=\"font-size: 10pt;\">Konung Karl XII:s bref till generalmajoren J.A. Meijerfelt<\/span><\/a><br \/>\n<\/span><\/span><\/span><\/td>\n<td style=\"width: 36.3637%; height: 84px;\"><span style=\"font-size: 10pt; color: #000000;\"><span style=\"font-size: 10pt;\">04-07-1704<br \/>\n<\/span><\/span><\/td>\n<\/tr>\n<tr style=\"height: 56px;\">\n<td style=\"width: 48.4411%; height: 56px;\" colspan=\"2\"><span style=\"font-size: 10pt; color: #000000;\"><span style=\"color: #000000; font-size: 13.3333px;\"><span style=\"color: #0000ff;\"><span style=\"color: #000000;\"><span style=\"font-size: 10pt;\">SE\/RA\/RR, 635 Missiver fol 596<\/span><\/span><\/span><\/span><\/span><span style=\"font-size: 10pt; color: #000000;\"><span style=\"color: #0000ff;\"><span style=\"color: #000000;\"><br \/>\n<\/span><\/span><\/span><\/td>\n<td style=\"width: 49.4138%; height: 56px;\" colspan=\"2\"><span style=\"font-size: 10pt; color: #000000;\"><span style=\"color: #0000ff;\"><span style=\"color: #000000;\"><a style=\"color: #0000ff;\" href=\"https:\/\/sok.riksarkivet.se\/bildvisning\/A0039130_00605#?c=&amp;m=&amp;s=&amp;cv=604&amp;xywh=683%2C245%2C4998%2C2605\">Blonie, til General Major Mardefelt<\/a><br \/>\n<\/span><\/span><\/span><\/td>\n<td style=\"width: 36.3637%; height: 56px;\"><span style=\"font-size: 10pt; color: #000000;\"><span style=\"font-size: 10pt;\">04-07-1704<br \/>\n<\/span><\/span><\/td>\n<\/tr>\n<tr style=\"height: 56px;\">\n<td style=\"height: 56px; width: 48.4411%;\" colspan=\"2\"><span style=\"font-size: 10pt; color: #000000;\"><span style=\"color: #000000; font-size: 13.3333px;\"><span style=\"color: #0000ff;\"><span style=\"color: #000000;\"><span style=\"font-size: 10pt;\">SE\/RA\/RR, 635 Missiver fol 597<\/span><\/span><\/span><\/span><\/span><\/td>\n<td style=\"height: 56px; width: 49.4138%;\" colspan=\"2\"><span style=\"font-size: 10pt; color: #000000;\"><span style=\"color: #0000ff;\"><span style=\"color: #000000;\"><a style=\"color: #0000ff;\" href=\"https:\/\/sok.riksarkivet.se\/bildvisning\/A0039130_00606#?c=&amp;m=&amp;s=&amp;cv=605&amp;xywh=14%2C66%2C4997%2C2605\">Blonie, til \u00d6fverste Taube och \u00d6fverste Gustaf Horn<\/a><br \/>\n<\/span><\/span><\/span><\/td>\n<td style=\"width: 36.3637%; height: 56px;\"><span style=\"font-size: 10pt; color: #000000;\"><span style=\"font-size: 10pt;\">04-07-1704<br \/>\n<\/span><\/span><\/td>\n<\/tr>\n<tr style=\"height: 28px;\">\n<td style=\"width: 48.4411%; height: 28px;\" colspan=\"2\"><span style=\"font-size: 10pt; color: #000000;\"><span style=\"color: #000000; font-size: 13.3333px;\"><span style=\"color: #0000ff;\"><span style=\"color: #000000;\"><span style=\"font-size: 10pt;\">SE\/RA\/720\/807\/005, vol 28<\/span><\/span><\/span><\/span><\/span><\/td>\n<td style=\"width: 49.4138%; height: 28px;\" colspan=\"2\"><span style=\"font-size: 10pt; color: #000000;\"><span style=\"color: #0000ff;\"><span style=\"color: #000000;\"><span style=\"font-size: 10pt;\">Brief via Dantzig<\/span><\/span><\/span><\/span><\/td>\n<td style=\"width: 36.3637%; height: 28px;\"><span style=\"font-size: 10pt; color: #000000;\"><span style=\"font-size: 10pt;\">07-1704<\/span><\/span><\/td>\n<\/tr>\n<tr style=\"height: 56px;\">\n<td style=\"width: 48.4411%; height: 22px;\" colspan=\"2\"><span style=\"font-size: 10pt; color: #000000;\"><span style=\"color: #000000; font-size: 13.3333px;\"><span style=\"color: #0000ff;\"><span style=\"color: #000000;\"><span style=\"font-size: 10pt;\">SE\/RA\/Ericsberg 531<\/span><\/span><\/span><\/span><\/span><br \/>\n<span style=\"font-size: 10pt; color: #000000;\"><span style=\"color: #0000ff;\"><span style=\"color: #000000;\"><span style=\"font-size: 10pt;\"><br \/>\n<\/span><\/span><\/span><\/span><\/td>\n<td style=\"width: 36.3637%; height: 22px;\"><a style=\"color: #0000ff; font-size: 13.3333px;\" href=\"https:\/\/sok.riksarkivet.se\/bildvisning\/A0040220_00531#?c=&amp;m=&amp;s=&amp;cv=530&amp;xywh=-1303%2C252%2C4826%2C2516\">Brief uit Thorn aan Magnus Stenbock<\/a><\/td>\n<td style=\"width: 13.0501%; height: 22px;\"><\/td>\n<td style=\"width: 36.3637%; height: 22px;\"><span style=\"font-size: 10pt; color: #000000;\"><span style=\"font-size: 10pt;\">16-07-1704<br \/>\n<\/span><\/span><\/td>\n<\/tr>\n<tr style=\"height: 84px;\">\n<td style=\"height: 84px; width: 48.4411%;\" colspan=\"2\"><span style=\"font-size: 10pt; color: #000000;\"><span style=\"color: #000000; font-size: 13.3333px;\"><span style=\"color: #0000ff;\"><span style=\"color: #000000;\"><span style=\"font-size: 10pt;\">SE\/RA\/RR, 635 Missiver 746<\/span><\/span><\/span><\/span><\/span><\/td>\n<td style=\"height: 84px; width: 49.4138%;\" colspan=\"2\"><span style=\"font-size: 10pt; color: #000000;\"><span style=\"color: #0000ff;\"><span style=\"color: #000000;\"><a style=\"color: #0000ff;\" href=\"https:\/\/sok.riksarkivet.se\/bildvisning\/A0039130_00755#?c=&amp;m=&amp;s=&amp;cv=754&amp;xywh=313%2C-75%2C5424%2C3190\">Jaroslaw, 1. ang\u00e5ende till st\u00e4nd att exequera deserteurer. 2. att KM best\u00e5r passera lants penningar till da\u03b2 och \u00d6fwerste Taubes Regementes widmacht h\u00e4llande<\/a><br \/>\n<\/span><\/span><\/span><\/td>\n<td style=\"width: 36.3637%; height: 84px;\"><span style=\"font-size: 10pt; color: #000000;\"><span style=\"font-size: 10pt;\">19-08-1704<br \/>\n<\/span><\/span><\/td>\n<\/tr>\n<tr style=\"height: 84px;\">\n<td style=\"width: 48.4411%; height: 84px;\" colspan=\"2\"><span style=\"font-size: 10pt; color: #000000;\"><span style=\"color: #000000; font-size: 13.3333px;\"><span style=\"color: #0000ff;\"><span style=\"color: #000000;\"><span style=\"font-size: 10pt;\">Biblioteka Ossoli\u0144skich Wroclaw, munuscript 233, s. 74-75<\/span><\/span><\/span><\/span><\/span><\/td>\n<td style=\"width: 49.4138%; height: 84px;\" colspan=\"2\"><span style=\"color: #0000ff;\"><a style=\"color: #0000ff;\" href=\"https:\/\/meijenfeldt.nl\/?page_id=55863&amp;preview_id=55863&amp;preview_nonce=dce476973d&amp;_thumbnail_id=-1&amp;preview=true\"><span style=\"font-size: 10pt;\">Relacja Genera\u0142a Maierfeldta do kr\u00f3la J[ego] M[o\u015b]ci szwedzkiego o potrzebie z Sassami w Wielkiej Polszcze<\/span><\/a><\/span><\/td>\n<td style=\"width: 36.3637%; height: 84px;\"><span style=\"font-size: 10pt; color: #000000;\"><span style=\"font-size: 10pt;\">20-08-1704<\/span><\/span><\/td>\n<\/tr>\n<tr style=\"height: 28px;\">\n<td style=\"width: 48.4411%; height: 28px;\" colspan=\"2\"><span style=\"font-size: 10pt; color: #000000;\"><span style=\"color: #000000; font-size: 13.3333px;\"><span style=\"color: #0000ff;\"><span style=\"color: #000000;\"><span style=\"font-size: 10pt;\">KB Eng. B VI: 2 vol. I<\/span><\/span><\/span><\/span><\/span><\/td>\n<td style=\"width: 49.4138%; height: 28px;\" colspan=\"2\"><span style=\"font-size: 10pt; color: #000000;\"><span style=\"color: #0000ff;\"><span style=\"color: #000000;\">Meyerfeld till Ekeblad<\/span><\/span><\/span><\/td>\n<td style=\"width: 36.3637%; height: 28px;\"><span style=\"font-size: 10pt; color: #000000;\"><span style=\"font-size: 10pt;\">09-09-1704<\/span><\/span><\/td>\n<\/tr>\n<tr style=\"height: 56px;\">\n<td style=\"height: 56px; width: 48.4411%;\" colspan=\"2\"><span style=\"font-size: 10pt; color: #000000;\"><span style=\"color: #000000; font-size: 13.3333px;\"><span style=\"color: #0000ff;\"><span style=\"color: #000000;\"><span style=\"font-size: 10pt;\">SE\/RA\/RR, 635 \u00d6pen Bref fol 823<\/span><\/span><\/span><\/span><\/span><\/td>\n<td style=\"height: 56px; width: 49.4138%;\" colspan=\"2\"><span style=\"font-size: 10pt; color: #000000;\"><span style=\"color: #0000ff;\"><span style=\"color: #000000;\"><a style=\"color: #0000ff;\" href=\"https:\/\/sok.riksarkivet.se\/bildvisning\/A0039130_00837#?c=&amp;m=&amp;s=&amp;cv=836&amp;xywh=685%2C144%2C4684%2C2755\">Fraustadt, Capitulation\u00a0<span style=\"font-size: 10pt;\">Stenbock, Meijerfelt, Taube, D\u00fccker<\/span><\/a><br \/>\n<\/span><\/span><\/span><\/td>\n<td style=\"width: 36.3637%; height: 56px;\"><span style=\"font-size: 10pt; color: #000000;\"><span style=\"font-size: 10pt;\">09-11-1704<br \/>\n<\/span><\/span><\/td>\n<\/tr>\n<tr style=\"height: 84px;\">\n<td style=\"width: 48.4411%; height: 67px;\" colspan=\"2\"><span style=\"font-size: 10pt; color: #000000;\">SE\/UUB, F 103. <\/span><span style=\"font-size: 10pt;\">Handlingar till Sveriges politiska historia 1704-1709.<\/span><\/td>\n<td style=\"width: 49.4138%; height: 67px;\" colspan=\"2\"><span style=\"font-size: 10pt; color: #000000;\"><span class=\"site-name no-print\"><span class=\"site-name no-print\">Arrester om hans dragonregementes v\u00e4lf\u00f6rh\u00e5llende<\/span><br \/>\n<\/span><\/span><\/td>\n<td style=\"width: 36.3637%; height: 67px;\"><span style=\"font-size: 10pt; color: #000000;\">1704<\/span><\/td>\n<\/tr>\n<tr style=\"height: 28px;\">\n<td style=\"width: 48.4411%; height: 28px;\" colspan=\"2\"><span style=\"font-size: 10pt; color: #000000;\">SE\/RA\/720807\/11 <\/span><\/td>\n<td style=\"width: 49.4138%; height: 28px;\" colspan=\"2\"><span style=\"font-size: 10pt; color: #000000;\">Brief uit Danzig kvitto<\/span><span style=\"font-size: 10pt; color: #000000;\"><br \/>\n<\/span><\/td>\n<td style=\"width: 36.3637%; height: 28px;\"><span style=\"font-size: 10pt; color: #000000;\">1704<br \/>\n<\/span><\/td>\n<\/tr>\n<tr style=\"height: 28px;\">\n<td style=\"height: 28px; width: 48.4411%;\" colspan=\"2\"><span style=\"font-size: 10pt; color: #000000;\">SE\/RA\/720791, 01\/II\/010<span style=\"font-size: 10pt;\">, <\/span><\/span><span style=\"font-size: 10pt; color: #000000;\">Sj\u00f6holmsarkivet II, <span style=\"color: #0000ff;\"><a style=\"color: #0000ff;\" href=\"https:\/\/sok.riksarkivet.se\/?Sokord=Meijerfeldtska+samlingen&amp;EndastDigitaliserat=false&amp;AvanceradSok=False&amp;page=1&amp;postid=Arkis+A6CC957A-44A8-4B8E-83F7-4D5600C15C67&amp;tab=post&amp;FacettState=undefined%3Ac%7C#tab\">Meijerfeldtska samlingen<\/a><\/span><br \/>\n<\/span><\/td>\n<td style=\"height: 28px; width: 49.4138%;\" colspan=\"2\"><span style=\"font-size: 10pt; color: #000000;\">12 brieven uit diverse plaatsen aan Nils Gyldenstolpe<br \/>\n<\/span><\/td>\n<td style=\"width: 36.3637%; height: 28px;\"><span style=\"font-size: 10pt; color: #000000;\">1704-1705<\/span><\/td>\n<\/tr>\n<tr style=\"height: 84px;\">\n<td style=\"width: 48.4411%; height: 84px;\" colspan=\"2\"><span style=\"font-size: 10pt; color: #000000;\">SE\/UUL, <span style=\"color: #0000ff;\"><span style=\"color: #000000;\"><span style=\"font-size: 10pt;\"><span class=\"site-name no-print\">321370. Christian Ludvig von Aschebergs arkiv.<\/span><\/span><\/span><\/span><\/span><\/td>\n<td style=\"width: 49.4138%; height: 84px;\" colspan=\"2\"><span style=\"font-size: 10pt; color: #000000;\"><span style=\"font-size: 10pt;\">18 originalbrev \u00a0fr\u00e5n Karl XII, delvis skrivna med chiffer<\/span><\/span><\/td>\n<td style=\"width: 36.3637%; height: 84px;\"><span style=\"font-size: 10pt; color: #000000;\">1704-1712<\/span><\/td>\n<\/tr>\n<tr style=\"height: 112px;\">\n<td style=\"width: 48.4411%; height: 112px;\" colspan=\"2\"><span style=\"font-size: 10pt; color: #000000;\">SE\/LLA, 30733. S\u00f6vdeborg godsarchiv, J3. Handlingar och r\u00e4kenskaper ang familjen Meijerfeldt, 1<\/span><\/td>\n<td style=\"width: 49.4138%; height: 112px;\" colspan=\"2\"><span style=\"font-size: 10pt; color: #000000;\">Korrespondens samt utredning och dom ang\u00e5ende Carl Henrik L\u00f6wens expedition till Archangelsk och skeppet prinsessan Ulrikas strandande i K\u00f6ge bugt (paket nr 50 och 41).<\/span><\/td>\n<td style=\"width: 36.3637%; height: 112px;\"><span style=\"font-size: 10pt; color: #000000;\">1704-1745<\/span><\/td>\n<\/tr>\n<tr style=\"height: 56px;\">\n<td style=\"height: 56px; width: 48.4411%;\" colspan=\"2\" width=\"76\"><span style=\"font-size: 10pt; color: #000000;\">SE\/RA\/RR, 637 <span style=\"font-size: 10pt;\"><span style=\"color: #000000;\">\u00d6pen Bref<\/span><\/span> fol 240<\/span><span style=\"font-size: 10pt; color: #000000;\"><br \/>\n<\/span><\/td>\n<td style=\"width: 49.4138%; height: 56px;\" colspan=\"2\"><span style=\"font-size: 10pt; color: #000000;\"><span style=\"color: #0000ff;\"><a style=\"color: #0000ff;\" href=\"https:\/\/sok.riksarkivet.se\/bildvisning\/A0039132_00246#?c=&amp;m=&amp;s=&amp;cv=245&amp;xywh=-295%2C217%2C4684%2C2755\">Rawitz, till General Krigs-Commissariatet<\/a><br \/>\n<\/span><\/span><\/td>\n<td style=\"width: 36.3637%; height: 56px;\"><span style=\"font-size: 10pt; color: #000000;\">06-02-1705<br \/>\n<\/span><\/td>\n<\/tr>\n<tr style=\"height: 56px;\">\n<td style=\"width: 48.4411%; height: 18px;\" colspan=\"2\"><span style=\"font-size: 10pt; color: #000000;\">SE\/RA\/RR, 637 <span style=\"font-size: 10pt;\"><span style=\"color: #000000;\">Missiver fol <\/span><\/span>240v<\/span><\/td>\n<td style=\"width: 49.4138%; height: 18px;\" colspan=\"2\"><span style=\"font-size: 10pt; color: #000000;\"><span style=\"color: #0000ff;\"><a style=\"color: #0000ff;\" href=\"https:\/\/sok.riksarkivet.se\/bildvisning\/A0039132_00247#?c=&amp;m=&amp;s=&amp;cv=246&amp;xywh=767%2C2065%2C2068%2C1600\">Rawitz, Dragone regementes\u00a0completerande<\/a><br \/>\n<\/span><\/span><\/td>\n<td style=\"width: 36.3637%; height: 18px;\"><span style=\"font-size: 10pt; color: #000000;\">06-02-1705<br \/>\n<\/span><\/td>\n<\/tr>\n<tr style=\"height: 56px;\">\n<td style=\"height: 10px; width: 48.4411%;\" colspan=\"2\" width=\"76\"><span style=\"font-size: 10pt; color: #000000;\">SE\/RA\/RR, 638 <span style=\"font-size: 10pt;\"><span style=\"color: #000000;\">Missiver fol <\/span><\/span> 25<\/span><\/td>\n<td style=\"width: 49.4138%; height: 10px;\" colspan=\"2\"><span style=\"font-size: 10pt;\"><span style=\"color: #0000ff;\"><a style=\"color: #0000ff;\" href=\"https:\/\/sok.riksarkivet.se\/bildvisning\/A0039133_00030#?c=&amp;m=&amp;s=&amp;cv=29&amp;xywh=1315%2C400%2C4684%2C2755\">Rawitz, Capitaine Kr\u00fcdner<\/a><br \/>\n<\/span><\/span><\/td>\n<td style=\"width: 36.3637%; height: 10px;\"><span style=\"font-size: 10pt; color: #000000;\">05-05-1705<br \/>\n<\/span><\/td>\n<\/tr>\n<tr style=\"height: 28px;\">\n<td style=\"width: 48.4411%; height: 28px;\" colspan=\"2\"><span style=\"font-size: 10pt; color: #000000;\">Carlson,\u00a0 nr. 245<br \/>\n<\/span><\/td>\n<td style=\"width: 49.4138%; height: 28px;\" colspan=\"2\"><span style=\"font-size: 10pt;\"><span style=\"color: #0000ff;\"><a style=\"color: #0000ff;\" href=\"https:\/\/babel.hathitrust.org\/cgi\/pt?id=inu.30000053834564&amp;view=1up&amp;seq=415&amp;skin=mobile\">Brief uit Rawicz van Karel XII<\/a><br \/>\n<\/span><\/span><\/td>\n<td style=\"width: 36.3637%; height: 28px;\"><span style=\"font-size: 10pt; color: #000000;\">Pinksteren 1705<br \/>\n<\/span><\/td>\n<\/tr>\n<tr style=\"height: 56px;\">\n<td style=\"height: 56px; width: 48.4411%;\" colspan=\"2\" width=\"76\"><span style=\"font-size: 10pt; color: #000000;\">SE\/RA\/RR, 638 <span style=\"font-size: 10pt;\"><span style=\"color: #000000;\">\u00d6pen Bref<\/span><\/span> fol 424<\/span><\/td>\n<td style=\"height: 56px; width: 49.4138%;\" colspan=\"2\"><span style=\"font-size: 10pt;\"><span style=\"color: #0000ff;\"><a style=\"color: #0000ff;\" href=\"https:\/\/sok.riksarkivet.se\/bildvisning\/A0039133_00431#?c=&amp;m=&amp;s=&amp;cv=430&amp;xywh=-166%2C273%2C4684%2C2755\">Rawitz, Krigscommissariat Lind liquide contributionen<\/a><span style=\"color: #333333;\">\u00a0<\/span><br \/>\n<\/span><\/span><\/td>\n<td style=\"width: 36.3637%; height: 56px;\"><span style=\"font-size: 10pt; color: #000000;\">06-06-1705<br \/>\n<\/span><\/td>\n<\/tr>\n<tr style=\"height: 56px;\">\n<td style=\"width: 44.8486%; height: 56px;\"><span style=\"font-size: 10pt; color: #000000;\">SE\/RA\/RR, 638 <span style=\"font-size: 10pt;\"><span style=\"color: #000000;\">\u00d6pen Bref<\/span><\/span> fol 424v<br \/>\n<\/span><\/td>\n<td style=\"width: 53.0063%; height: 56px;\" colspan=\"3\"><span style=\"font-size: 10pt;\"><span style=\"color: #0000ff;\"><a style=\"color: #0000ff;\" href=\"https:\/\/sok.riksarkivet.se\/bildvisning\/A0039133_00432#?c=&amp;m=&amp;s=&amp;cv=431&amp;xywh=340%2C360%2C4165%2C2171\">Rawitz, Resolution som Memorial Stenbock, Lind, Lillienstierna (General Auditeur), arrest Reehausen (luitenant)<\/a><\/span><br \/>\n<\/span><\/td>\n<td style=\"width: 36.3637%; height: 56px;\"><span style=\"font-size: 10pt; color: #000000;\">06-06-1705<br \/>\n<\/span><\/td>\n<\/tr>\n<tr style=\"height: 28px;\">\n<td style=\"width: 44.8486%; height: 28px;\"><span style=\"font-size: 10pt; color: #000000;\">Carlson, nr. 246<\/span><\/td>\n<td style=\"height: 28px; width: 53.0063%;\" colspan=\"3\"><span style=\"color: #0000ff;\"><a style=\"color: #0000ff;\" href=\"https:\/\/babel.hathitrust.org\/cgi\/pt?id=inu.30000053834564&amp;view=1up&amp;seq=417&amp;skin=mobile\"><span style=\"font-size: 10pt;\">Brief uit Rawicz van Karel XII<\/span><\/a><\/span><\/td>\n<td style=\"width: 36.3637%; height: 28px;\"><span style=\"font-size: 10pt; color: #000000;\">20-06-1705<\/span><\/td>\n<\/tr>\n<tr style=\"height: 56px;\">\n<td style=\"height: 16px; width: 44.8486%;\" width=\"76\"><span style=\"font-size: 10pt; color: #000000;\">SE\/RA\/RR, 638 <span style=\"font-size: 10pt;\"><span style=\"color: #000000;\">Missiver fol <\/span><\/span> 510<br \/>\n<\/span><\/td>\n<td style=\"height: 16px; width: 53.0063%;\" colspan=\"3\" width=\"272\"><span style=\"color: #0000ff; font-size: 10pt;\"><a style=\"color: #0000ff;\" href=\"https:\/\/sok.riksarkivet.se\/bildvisning\/A0039133_00519#?c=&amp;m=&amp;s=&amp;cv=518&amp;xywh=784%2C1004%2C4684%2C2755\"><span style=\"color: #0000ff;\">Rawitz, convoijera Confederation<\/span><\/a><a style=\"color: #0000ff;\" href=\"https:\/\/sok.riksarkivet.se\/bildvisning\/A0039133_00519#?c=&amp;m=&amp;s=&amp;cv=518&amp;xywh=784%2C1004%2C4684%2C2755\"><span style=\"color: #0000ff;\"> Bronitz till Warschau<\/span><\/a>\u00a0<\/span><\/td>\n<td style=\"width: 36.3637%; height: 16px;\"><span style=\"font-size: 10pt; color: #000000;\">22-06-1705<br \/>\n<\/span><\/td>\n<\/tr>\n<tr style=\"height: 56px;\">\n<td style=\"height: 23px; width: 48.4411%;\" colspan=\"2\" width=\"76\"><span style=\"font-size: 10pt;\"><span style=\"font-size: 10pt; color: #000000;\">SE\/RA\/RR, <\/span>639 <span style=\"font-size: 10pt; color: #000000;\"><span style=\"color: #000000;\">\u00d6pen Bref<\/span> fol <\/span>f. 610<\/span><br \/>\n<span style=\"font-size: 10pt; color: #000000;\"><br \/>\n<\/span><\/td>\n<td style=\"width: 49.4138%; height: 23px;\" colspan=\"2\"><span style=\"color: #0000ff;\"><span style=\"font-size: 10pt;\"><a style=\"color: #0000ff;\" href=\"https:\/\/sok.riksarkivet.se\/bildvisning\/A0039134_00028#?c=&amp;m=&amp;s=&amp;cv=27&amp;xywh=932%2C-14%2C4684%2C2755\"><span style=\"font-size: 10pt;\">Rawitz, General Lieutenant Grefwe Stenbock<\/span><\/a><\/span><\/span><span style=\"color: #0000ff;\"><span style=\"font-size: 10pt;\"><br \/>\n<\/span><\/span><\/td>\n<td style=\"width: 36.3637%; height: 23px;\"><span style=\"font-size: 10pt; color: #000000;\">03-07-1705<br \/>\n<\/span><\/td>\n<\/tr>\n<tr style=\"height: 56px;\">\n<td style=\"height: 34px; width: 48.4411%;\" colspan=\"2\"><span style=\"font-size: 10pt;\">Riksarkivit Sverige<br \/>\nRiddarhus Finland<\/span><\/td>\n<td style=\"height: 34px; width: 49.4138%;\" colspan=\"2\"><span style=\"color: #0000ff;\"><a style=\"color: #0000ff;\" href=\"https:\/\/meijenfeldt.nl\/?page_id=54227\"><span style=\"font-size: 10pt;\">Rawitz, Frijherre Bref f\u00f6r General Major Johan August Mejerfeldt<\/span><\/a><\/span><span style=\"font-size: 10pt;\"><span style=\"color: #008000;\"><br \/>\n<\/span><\/span><\/td>\n<td style=\"width: 36.3637%; height: 34px;\"><span style=\"font-size: 10pt; color: #000000;\">12-07-1705<br style=\"color: #333333;\" \/><\/span><\/td>\n<\/tr>\n<tr style=\"height: 28px;\">\n<td style=\"width: 48.4411%; height: 28px;\" colspan=\"2\"><span style=\"font-size: 10pt;\">SE\/RA\/RR, nr. 639 Missiver fol 690v<\/span><\/td>\n<td style=\"width: 49.4138%; height: 28px;\" colspan=\"2\"><span style=\"color: #0000ff;\"><a style=\"color: #0000ff;\" href=\"https:\/\/sok.riksarkivet.se\/bildvisning\/A0039134_00109#?c=&amp;m=&amp;s=&amp;cv=108&amp;xywh=491%2C224%2C2405%2C1327\"><span style=\"font-size: 10pt;\">Rawitz, Ang: G: Liet: Brandt och Saksarna<\/span><\/a><\/span><\/td>\n<td style=\"width: 36.3637%; height: 28px;\"><span style=\"font-size: 10pt; color: #000000;\">21-07-1705<\/span><\/td>\n<\/tr>\n<tr style=\"height: 28px;\">\n<td style=\"width: 48.4411%; height: 28px;\" colspan=\"2\"><span style=\"font-size: 10pt; color: #000000;\">Carlson, nr. 247<\/span><\/td>\n<td style=\"width: 49.4138%; height: 28px;\" colspan=\"2\"><span style=\"font-size: 10pt; color: #000000;\"><span style=\"color: #0000ff;\"><a style=\"color: #0000ff;\" href=\"https:\/\/meijenfeldt.nl\/?page_id=19684\">Brief uit Rawicz van Karel XII<\/a><\/span><\/span><span style=\"font-size: 10pt; color: #000000;\"><span style=\"color: #0000ff;\"><br \/>\n<\/span><\/span><\/td>\n<td style=\"width: 36.3637%; height: 28px;\"><span style=\"font-size: 10pt; color: #000000;\">29-07-1705<\/span><\/td>\n<\/tr>\n<tr style=\"height: 28px;\">\n<td style=\"height: 28px; width: 48.4411%;\" colspan=\"2\"><span style=\"font-size: 10pt; color: #000000;\">Carlson, nr. 248<\/span><\/td>\n<td style=\"height: 28px; width: 49.4138%;\" colspan=\"2\"><span style=\"color: #0000ff;\"><a style=\"color: #0000ff;\" href=\"https:\/\/babel.hathitrust.org\/cgi\/pt?id=inu.30000053834564&amp;view=1up&amp;seq=418&amp;skin=mobile\"><span style=\"font-size: 10pt;\">Brief uit Blonie van Karel XII<\/span><\/a><\/span><span style=\"font-size: 10pt; color: #000000;\"><span style=\"color: #0000ff;\"><br \/>\n<\/span><\/span><\/td>\n<td style=\"width: 36.3637%; height: 28px;\"><span style=\"font-size: 10pt; color: #000000;\">14-08-1705<\/span><\/td>\n<\/tr>\n<tr style=\"height: 28px;\">\n<td style=\"width: 48.4411%; height: 28px;\" colspan=\"2\"><span style=\"font-size: 10pt; color: #000000;\">SE\/RA\/RR, 639 Missiver fol 1143<\/span><\/td>\n<td style=\"width: 49.4138%; height: 28px;\" colspan=\"2\"><span style=\"color: #0000ff;\"><a style=\"color: #0000ff;\" href=\"https:\/\/sok.riksarkivet.se\/bildvisning\/A0039134_00558#?c=&amp;m=&amp;s=&amp;cv=557&amp;xywh=3002%2C941%2C2404%2C1326\"><span style=\"font-size: 10pt;\">Ang: Capitains bef\u00e4ll f\u00f6r v. Langenau<\/span><\/a><\/span><\/td>\n<td style=\"width: 36.3637%; height: 28px;\"><span style=\"font-size: 10pt; color: #000000;\">18-11-1705<\/span><\/td>\n<\/tr>\n<tr style=\"height: 56px;\">\n<td style=\"height: 10px; width: 48.4411%;\" colspan=\"2\" width=\"76\"><span style=\"font-size: 10pt; color: #000000;\">SE\/RA\/RR, 639 <span style=\"font-size: 10pt;\"><span style=\"color: #000000;\">Missiver fol <\/span><\/span> 1310<\/span><\/td>\n<td style=\"height: 10px; width: 49.4138%;\" colspan=\"2\"><span style=\"color: #0000ff;\"><span style=\"font-size: 10pt;\"><a style=\"color: #0000ff;\" href=\"https:\/\/sok.riksarkivet.se\/bildvisning\/A0039134_00727#?c=&amp;m=&amp;s=&amp;cv=726&amp;xywh=-256%2C-204%2C4684%2C2755\"><span style=\"font-size: 10pt;\">Blonie, Memorial<\/span><\/a><\/span><\/span><span style=\"color: #0000ff;\"><span style=\"font-size: 10pt;\"><br \/>\n<\/span><\/span><\/td>\n<td style=\"width: 36.3637%; height: 10px;\"><span style=\"font-size: 10pt; color: #000000;\">11-12-1705<br \/>\n<\/span><\/td>\n<\/tr>\n<tr style=\"height: 56px;\">\n<td style=\"height: 56px; width: 48.4411%;\" colspan=\"2\"><span style=\"font-size: 10pt; color: #000000;\">SE\/RA\/RR, 639\u00a0<span style=\"font-size: 10pt;\">\u00d6pen Bref<\/span>\u00a0fol f. 1330<br \/>\n<\/span><\/td>\n<td style=\"height: 56px; width: 49.4138%;\" colspan=\"2\"><span style=\"color: #0000ff;\"><span style=\"font-size: 10pt;\"><span style=\"font-size: 10pt;\"><a style=\"color: #0000ff;\" href=\"https:\/\/sok.riksarkivet.se\/bildvisning\/A0039134_00746#?c=&amp;m=&amp;s=&amp;cv=745&amp;xywh=1163%2C1080%2C4382%2C2755\">Blonie, Herman Gustaf Trautvetter<\/a><br \/>\n<\/span><\/span><\/span><\/td>\n<td style=\"width: 36.3637%; height: 56px;\"><span style=\"font-size: 10pt; color: #000000;\">15-12-1705<br \/>\n<\/span><\/td>\n<\/tr>\n<tr style=\"height: 28px;\">\n<td style=\"width: 48.4411%; height: 28px;\" colspan=\"2\"><span style=\"font-size: 10pt; color: #000000;\">SE\/RA\/RR, 639\u00a0<span style=\"font-size: 10pt;\">\u00d6pen Bref<\/span>\u00a0fol f. 1337<br \/>\n<\/span><\/td>\n<td style=\"width: 49.4138%; height: 28px;\" colspan=\"2\"><span style=\"color: #0000ff;\"><span style=\"font-size: 10pt;\"><span style=\"font-size: 10pt;\"><a style=\"color: #0000ff;\" href=\"https:\/\/sok.riksarkivet.se\/bildvisning\/A0039134_00753#?c=&amp;m=&amp;s=&amp;cv=752&amp;xywh=952%2C169%2C4382%2C2755\"><span style=\"font-size: 10pt;\">Blonie, Memorial<\/span><\/a><br \/>\n<\/span><\/span><\/span><\/td>\n<td style=\"width: 36.3637%; height: 28px;\"><span style=\"font-size: 10pt; color: #000000;\">19-12-1705<br \/>\n<\/span><\/td>\n<\/tr>\n<tr style=\"height: 56px;\">\n<td style=\"height: 25px; width: 48.4411%;\" colspan=\"2\" width=\"76\"><span style=\"font-size: 10pt; color: #000000;\">SE\/RA\/RR, 639 <span style=\"font-size: 10pt;\"><span style=\"color: #000000;\">\u00d6pen Bref<\/span><\/span> fol 1345v<\/span><\/td>\n<td style=\"width: 49.4138%; height: 25px;\" colspan=\"2\"><span style=\"color: #0000ff;\"><span style=\"font-size: 10pt;\"><a style=\"color: #0000ff;\" href=\"https:\/\/sok.riksarkivet.se\/bildvisning\/A0039134_00762#?c=&amp;m=&amp;s=&amp;cv=761&amp;xywh=858%2C53%2C4382%2C2755\"><span style=\"font-size: 10pt;\">Blonie. Memorial<\/span><\/a><\/span><\/span><span style=\"color: #0000ff;\"><span style=\"font-size: 10pt;\"><br \/>\n<\/span><\/span><\/td>\n<td style=\"width: 36.3637%; height: 25px;\"><span style=\"font-size: 10pt; color: #000000;\">21-12-1705<br \/>\n<\/span><\/td>\n<\/tr>\n<tr style=\"height: 168px;\">\n<td style=\"width: 48.4411%; height: 85px;\" colspan=\"2\"><span style=\"font-size: 10pt; color: #000000;\">S\u00e4chsisches Staatsarchiv, 10024. Geheimer Rat (Geheimes Archiv), 087.1430.03. Kriegswesen, Einzelne Kriege, Gro\u00dfer Nordischer Krieg 1700-1721.<\/span><\/td>\n<td style=\"width: 49.4138%; height: 85px;\" colspan=\"2\"><span style=\"color: #0000ff;\"><span style=\"font-size: 10pt;\"><a style=\"color: #0000ff;\" href=\"https:\/\/www.archivportal-d.de\/item\/RF2RPJTQWJF4BMTSW2F25VYFQ4U2HZVO?isThumbnailFiltered=false&amp;rows=20&amp;offset=0&amp;viewType=list&amp;hitNumber=2&amp;_=1596446141592&amp;facetValues%5B%5D=provider_id%3DUG6LMRBTZUJVW6YRDFGWG6CS2TMNUOK7&amp;sort=random_610619084207202630\"><span style=\"font-size: 10pt; color: #000000;\"><span style=\"color: #0000ff;\">Schwedische Besatzung und Einquartierung, 09291\/21,<\/span><\/span><span style=\"color: #0000ff;\">\u00a0<\/span> Dragonerregiment Meyerfeld zu Dippoldiswalde<\/a><\/span><\/span><span style=\"color: #0000ff;\"><span style=\"font-size: 10pt;\"><br \/>\n<\/span><\/span><\/td>\n<td style=\"width: 36.3637%; height: 85px;\"><span style=\"font-size: 10pt; color: #000000;\">1705<\/span><\/td>\n<\/tr>\n<tr style=\"height: 28px;\">\n<td style=\"width: 48.4411%; height: 28px;\" colspan=\"2\"><span style=\"font-size: 10pt; color: #000000;\">SE\/RA\/RR, 640 <span style=\"font-size: 10pt;\"><span style=\"color: #000000;\">\u00d6pen Bref<\/span><\/span> fol 147<br \/>\n<\/span><span style=\"font-size: 10pt; color: #000000;\"><br \/>\n<\/span><\/td>\n<td style=\"width: 49.4138%; height: 28px;\" colspan=\"2\"><span style=\"font-size: 10pt; color: #000000;\"><span style=\"color: #0000ff;\"><a style=\"color: #0000ff;\" href=\"https:\/\/sok.riksarkivet.se\/bildvisning\/A0039135_00150#?c=&amp;m=&amp;s=&amp;cv=149&amp;xywh=1402%2C0%2C4382%2C2755\">Zaludeck, Memorial ang Dragone w\u00e4rfningen<\/a><\/span><\/span><span style=\"font-size: 10pt; color: #000000;\"><span style=\"color: #0000ff;\"><br \/>\n<\/span><\/span><\/td>\n<td style=\"width: 36.3637%; height: 28px;\"><span style=\"font-size: 10pt; color: #000000;\">16-03-1706<br \/>\n<\/span><\/td>\n<\/tr>\n<tr style=\"height: 28px;\">\n<td style=\"width: 48.4411%; height: 28px;\" colspan=\"2\"><span style=\"font-size: 10pt; color: #000000;\">Liske, pag. 400-401<br \/>\n<\/span><\/td>\n<td style=\"width: 49.4138%; height: 28px;\" colspan=\"2\"><span style=\"font-size: 10pt; color: #000000;\"><span style=\"color: #0000ff;\"><a style=\"color: #0000ff;\" href=\"http:\/\/runeberg.org\/histbib\/3\/0410.html\">Brief uit Brest aan Stanislaus<\/a><\/span>\u00a0 (Frans)<\/span><span style=\"font-size: 10pt; color: #000000;\"><br \/>\n<\/span><\/td>\n<td style=\"width: 36.3637%; height: 28px;\"><span style=\"font-size: 10pt; color: #000000;\">01-07-1706<br \/>\n<\/span><\/td>\n<\/tr>\n<tr style=\"height: 10px;\">\n<td style=\"width: 48.4411%; height: 10px;\" colspan=\"2\" width=\"161\"><span style=\"font-size: 10pt; color: #000000;\">SE\/RA\/720.085.002, <\/span><span style=\"font-size: 10pt; color: #000000;\">Vol 588<\/span><\/td>\n<td style=\"width: 49.4138%; height: 10px;\" colspan=\"2\"><span style=\"font-size: 10pt; color: #000000;\">Brief Anna Maria T\u00f6rnflycht geh. Meijerfeldt aan Johan Gabriel Werwing (-1715), Kommissionssekreterare<\/span><span style=\"font-size: 10pt; color: #000000;\"><br \/>\n<\/span><\/td>\n<td style=\"width: 36.3637%; height: 10px;\"><span style=\"font-size: 10pt; color: #000000;\">25-08-1706<\/span><\/td>\n<\/tr>\n<tr style=\"height: 28px;\">\n<td style=\"width: 48.4411%; height: 28px;\" colspan=\"2\"><span style=\"font-size: 10pt; color: #000000;\">SE\/RA\/RR, 641 <span style=\"font-size: 10pt;\"><span style=\"color: #000000;\">\u00d6pen Bref<\/span><\/span> fol 547<br \/>\n<\/span><\/td>\n<td style=\"width: 49.4138%; height: 28px;\" colspan=\"2\"><span style=\"font-size: 10pt; color: #000000;\"><span style=\"color: #0000ff;\"><a style=\"color: #0000ff;\" href=\"https:\/\/sok.riksarkivet.se\/bildvisning\/A0039136_00546#?c=&amp;m=&amp;s=&amp;cv=545&amp;xywh=1584%2C-153%2C4381%2C2755\">Altranstadt, W\u00e4rfning Patent<\/a><\/span><\/span><span style=\"font-size: 10pt; color: #000000;\"><span style=\"color: #0000ff;\"><br \/>\n<\/span><\/span><\/td>\n<td style=\"width: 36.3637%; height: 28px;\"><span style=\"font-size: 10pt; color: #000000;\">26-11-1706<br \/>\n<\/span><\/td>\n<\/tr>\n<tr style=\"height: 28px;\">\n<td style=\"width: 48.4411%; height: 28px;\" colspan=\"2\"><span style=\"font-size: 10pt; color: #000000;\">SE\/RA\/RR, 641 <span style=\"font-size: 10pt;\"><span style=\"color: #000000;\">\u00d6pen Bref<\/span><\/span> fol 573<br \/>\n<\/span><\/td>\n<td style=\"width: 49.4138%; height: 28px;\" colspan=\"2\"><span style=\"font-size: 10pt; color: #000000;\"><span style=\"color: #0000ff;\"><a style=\"color: #0000ff;\" href=\"https:\/\/sok.riksarkivet.se\/bildvisning\/A0039136_00572#?c=&amp;m=&amp;s=&amp;cv=571&amp;xywh=-186%2C69%2C6309%2C3967\">Altranstadt, Capitulation <span style=\"color: #0000ff;\">Reg.tet rec.<\/span><\/a>\u00a0<\/span><\/span><span style=\"font-size: 10pt; color: #000000;\"><span style=\"color: #0000ff;\"><br \/>\n<\/span><\/span><\/td>\n<td style=\"width: 36.3637%; height: 28px;\"><span style=\"font-size: 10pt; color: #000000;\">26-11-1706<br \/>\n<\/span><\/td>\n<\/tr>\n<tr style=\"height: 28px;\">\n<td style=\"width: 48.4411%; height: 28px;\" colspan=\"2\"><span style=\"font-size: 10pt; color: #000000;\">SE\/RA\/RR, 641 <span style=\"font-size: 10pt;\"><span style=\"color: #000000;\">\u00d6pen Bref<\/span><\/span> fol 806<br \/>\n<\/span><\/td>\n<td style=\"width: 49.4138%; height: 28px;\" colspan=\"2\"><span style=\"font-size: 10pt; color: #000000;\"><span style=\"color: #0000ff;\"><a style=\"color: #0000ff;\" href=\"https:\/\/sok.riksarkivet.se\/bildvisning\/A0039136_00803#?c=&amp;m=&amp;s=&amp;cv=802&amp;xywh=-566%2C297%2C6309%2C3967\">Altranstadt, Memorial<\/a><\/span><\/span><span style=\"font-size: 10pt; color: #000000;\"><span style=\"color: #0000ff;\"><br \/>\n<\/span><\/span><\/td>\n<td style=\"width: 36.3637%; height: 28px;\"><span style=\"font-size: 10pt; color: #000000;\">31-12-1706<br \/>\n<\/span><\/td>\n<\/tr>\n<tr style=\"height: 56px;\">\n<td style=\"width: 48.4411%; height: 56px;\" colspan=\"2\"><span style=\"font-size: 10pt; color: #000000;\">SE\/RA\/720.005.001 Vol E 4645<\/span><\/td>\n<td style=\"width: 49.4138%; height: 56px;\" colspan=\"2\"><span style=\"font-size: 10pt; color: #000000;\">Brief aan Adam Ludvig Lewenhaupt (1659-1719)<\/span><span style=\"font-size: 10pt; color: #000000;\"><br \/>\n<\/span><\/td>\n<td style=\"width: 36.3637%; height: 56px;\"><span style=\"font-size: 10pt; color: #000000;\">1706<\/span><\/td>\n<\/tr>\n<tr style=\"height: 140px;\">\n<td style=\"width: 48.4411%; height: 140px;\" colspan=\"2\"><span style=\"font-size: 10pt; color: #000000;\">S\u00e4chsisches Staatsarchiv, 11237. Geheimes Kriegsratskollegium,<br \/>\n02.05. Feldz\u00fcge, Feldzug gegen Schweden,<span style=\"font-size: 10pt;\"> 1118.<\/span><\/span><\/td>\n<td style=\"width: 49.4138%; height: 140px;\" colspan=\"2\"><span style=\"font-size: 10pt; color: #000000;\"><span style=\"color: #0000ff; font-size: 10pt;\"><a style=\"color: #0000ff;\" href=\"https:\/\/www.archivportal-d.de\/item\/P5JRNGP3GDRWOBCFPXRIDQT2Y3X3HGEH?isThumbnailFiltered=false&amp;rows=20&amp;offset=0&amp;viewType=list&amp;hitNumber=7&amp;_=1596446141592&amp;facetValues%5B%5D=provider_id%3DUG6LMRBTZUJVW6YRDFGWG6CS2TMNUOK7&amp;sort=random_610619084207202630\">Von Sachsen von den schwedischen Truppen im polnischen Kriegs erbeutete Troph\u00e4en an Standarten, Fahnen und Paucken und deren R\u00fcckgabe an den schwedischen Generalmajor Meyerfeld<\/a><em><br \/>\n<\/em><\/span><\/span><\/td>\n<td style=\"width: 36.3637%; height: 140px;\"><span style=\"font-size: 10pt; color: #000000;\">1706<\/span><\/td>\n<\/tr>\n<tr style=\"height: 140px;\">\n<td style=\"width: 48.4411%; height: 140px;\" colspan=\"2\"><span style=\"font-size: 10pt; color: #000000;\">S\u00e4chsisches Staatsarchiv, 10055. Amt Hohnstein mit Lohmen, 01.03.06. Amt Hohnstein bis 1831, Justizamt Hohnstein 1831 bis 1856, Verwaltung, Milit\u00e4r, 2324.<\/span><\/td>\n<td style=\"width: 49.4138%; height: 140px;\" colspan=\"2\"><span style=\"font-size: 10pt; color: #0000ff;\"><a style=\"color: #0000ff;\" href=\"https:\/\/www.archivportal-d.de\/item\/PWU5EIDJVC7I36WQYX5GPGMFCX6T6X2B?isThumbnailFiltered=false&amp;rows=20&amp;offset=0&amp;viewType=list&amp;hitNumber=4&amp;_=1596446141592&amp;facetValues%5B%5D=provider_id%3DUG6LMRBTZUJVW6YRDFGWG6CS2TMNUOK7&amp;sort=random_610619084207202630\">Einnahmeregister des Amtes Hohnstein \u00fcber die an das schwedische Dragonerregiment des Generalmajors Baron Meyerfeld bar bezahlten Mundportionen<\/a><\/span><span style=\"font-size: 10pt; color: #0000ff;\"><br \/>\n<\/span><\/td>\n<td style=\"width: 36.3637%; height: 140px;\"><span style=\"font-size: 10pt; color: #000000;\">1706-1707<\/span><\/td>\n<\/tr>\n<tr style=\"height: 140px;\">\n<td style=\"width: 48.4411%; height: 140px;\" colspan=\"2\"><span style=\"font-size: 10pt; color: #000000;\"><span style=\"font-size: 10pt;\">S\u00e4chsisches Staatsarchiv, 10055. Amt Hohnstein mit Lohmen, 01.03.06. Amt Hohnstein bis 1831, Justizamt Hohnstein 1831 bis 1856, Verwaltung, Milit\u00e4r, 2391<\/span><\/span><\/td>\n<td style=\"width: 49.4138%; height: 140px;\" colspan=\"2\"><span style=\"font-size: 10pt; color: #0000ff;\"><span style=\"font-size: 10pt;\"><a style=\"color: #0000ff;\" href=\"https:\/\/www.archivportal-d.de\/item\/QSA5KGEZPOHGRS7J75ZG3RGTPYRCLNFK?isThumbnailFiltered=false&amp;rows=20&amp;offset=0&amp;viewType=list&amp;hitNumber=3&amp;_=1596446141592&amp;facetValues%5B%5D=provider_id%3DUG6LMRBTZUJVW6YRDFGWG6CS2TMNUOK7&amp;sort=random_610619084207202630\"><span style=\"font-size: 10pt;\">Rechnung \u00fcber die an das schwedische Dragonerregiment des Generalmajors Baron Meyerfeld von den Amtsd\u00f6rfern geleisteten Getreideabgaben<\/span><\/a><\/span><\/span><span style=\"font-size: 10pt; color: #0000ff;\"><span style=\"font-size: 10pt;\"><br \/>\n<\/span><\/span><\/td>\n<td style=\"width: 36.3637%; height: 140px;\"><span style=\"font-size: 10pt; color: #000000;\">1706-1707<\/span><\/td>\n<\/tr>\n<tr style=\"height: 140px;\">\n<td style=\"width: 48.4411%; height: 140px;\" colspan=\"2\"><span style=\"font-size: 10pt; color: #000000;\"><span style=\"font-size: 10pt;\">S\u00e4chsisches Staatsarchiv, 10055. Amt Hohnstein mit Lohmen, 01.03.06. Amt Hohnstein bis 1831, Justizamt Hohnstein 1831 bis 1856, Verwaltung, Milit\u00e4r,<span style=\"color: #000000; font-size: 10pt;\"> 2443<\/span><\/span><\/span><\/td>\n<td style=\"width: 49.4138%; height: 140px;\" colspan=\"2\"><span style=\"font-size: 10pt; color: #0000ff;\"><span style=\"font-size: 10pt;\"><a style=\"color: #0000ff;\" href=\"https:\/\/www.archivportal-d.de\/item\/65ZX2OFRFSDZGDRWSZ7U3KON7C5PV2NE?isThumbnailFiltered=false&amp;rows=20&amp;offset=0&amp;viewType=list&amp;hitNumber=5&amp;_=1596446141592&amp;facetValues%5B%5D=provider_id%3DUG6LMRBTZUJVW6YRDFGWG6CS2TMNUOK7&amp;sort=random_610619084207202630\"><span style=\"font-size: 10pt;\">Rechnung \u00fcber die an das schwedische Dragonerregiment des Generalmajors Baron Meyerfeld von den Amtsd\u00f6rfern geleisteten Geld- und Naturalabgaben<\/span><\/a><\/span><\/span><span style=\"font-size: 10pt; color: #0000ff;\"><span style=\"font-size: 10pt;\"><br \/>\n<\/span><\/span><\/td>\n<td style=\"width: 36.3637%; height: 140px;\"><span style=\"font-size: 10pt; color: #000000;\">1706-1707<\/span><\/td>\n<\/tr>\n<tr style=\"height: 28px;\">\n<td style=\"height: 28px; width: 48.4411%;\" colspan=\"2\"><span style=\"font-size: 10pt; color: #000000;\">SE\/RA\/RR, 643 <span style=\"font-size: 10pt;\"><span style=\"color: #000000;\">\u00d6pen Bref<\/span><\/span> fol 443<br \/>\n<\/span><\/td>\n<td style=\"height: 28px; width: 49.4138%;\" colspan=\"2\"><span style=\"font-size: 10pt; color: #000000;\"><span style=\"color: #0000ff;\">Altranstadt,\u00a0<a style=\"color: #0000ff;\" href=\"https:\/\/sok.riksarkivet.se\/bildvisning\/A0039138_00450#?c=&amp;m=&amp;s=&amp;cv=449&amp;xywh=319%2C578%2C5702%2C3306\">Regimentes f\u00f6rst\u00e4rkendes Resolution<\/a><\/span><\/span><span style=\"font-size: 10pt; color: #000000;\"><span style=\"color: #0000ff;\"><br \/>\n<\/span><\/span><\/td>\n<td style=\"width: 36.3637%; height: 28px;\"><span style=\"font-size: 10pt; color: #000000;\">26-02-1707<br \/>\n<\/span><\/td>\n<\/tr>\n<tr style=\"height: 28px;\">\n<td style=\"width: 48.4411%; height: 28px;\" colspan=\"2\"><span style=\"font-size: 10pt; color: #000000;\">SE\/RA\/RR, 643\u00a0<span style=\"font-size: 10pt;\">\u00d6pen Bref<\/span>\u00a0fol 562<br \/>\n<\/span><\/td>\n<td style=\"width: 49.4138%; height: 28px;\" colspan=\"2\"><span style=\"font-size: 10pt; color: #000000;\"><span style=\"color: #0000ff;\"><a style=\"color: #0000ff;\" href=\"https:\/\/sok.riksarkivet.se\/bildvisning\/A0039138_00561#?c=&amp;m=&amp;s=&amp;cv=560&amp;xywh=-41%2C896%2C5702%2C3306\">Altranstadt<\/a><br \/>\n<\/span><\/span><\/td>\n<td style=\"width: 36.3637%; height: 28px;\"><span style=\"font-size: 10pt; color: #000000;\">06-03-1707<br \/>\n<\/span><\/td>\n<\/tr>\n<tr style=\"height: 28px;\">\n<td style=\"width: 48.4411%; height: 28px;\" colspan=\"2\"><span style=\"font-size: 10pt; color: #000000;\">SE\/RA\/RR, 643 <span style=\"font-size: 10pt;\"><span style=\"color: #000000;\">\u00d6pen Bref<\/span><\/span> fol 963<br \/>\n<\/span><\/td>\n<td style=\"width: 49.4138%; height: 28px;\" colspan=\"2\"><span style=\"font-size: 10pt; color: #000000;\"><span style=\"color: #0000ff;\"><a style=\"color: #0000ff;\" href=\"https:\/\/sok.riksarkivet.se\/bildvisning\/A0039138_00968#?c=&amp;m=&amp;s=&amp;cv=967&amp;xywh=-42%2C895%2C5702%2C3306\">Altranstadt<\/a><\/span><\/span><span style=\"font-size: 10pt; color: #000000;\"><span style=\"color: #0000ff;\"><br \/>\n<\/span><\/span><\/td>\n<td style=\"width: 36.3637%; height: 28px;\"><span style=\"font-size: 10pt; color: #000000;\">02-04-1707<br \/>\n<\/span><\/td>\n<\/tr>\n<tr style=\"height: 28px;\">\n<td style=\"width: 48.4411%; height: 28px;\" colspan=\"2\"><span style=\"font-size: 10pt; color: #000000;\">SE\/RA\/RR, 644 <span style=\"font-size: 10pt;\"><span style=\"color: #000000;\">Missiver fol <\/span><\/span> 13<br \/>\n<\/span><span style=\"font-size: 10pt; color: #000000;\"><br \/>\n<\/span><\/td>\n<td style=\"width: 49.4138%; height: 28px;\" colspan=\"2\"><span style=\"font-size: 10pt; color: #000000;\"><span style=\"color: #0000ff;\"><a style=\"color: #0000ff;\" href=\"https:\/\/sok.riksarkivet.se\/bildvisning\/A0039139_00019#?c=&amp;m=&amp;s=&amp;cv=18&amp;xywh=726%2C391%2C4753%2C2755\">Altranstadt, Om ammunitions afh\u00e4ntande ifr\u00e5n Stettin<\/a><\/span><\/span><span style=\"font-size: 10pt; color: #000000;\"><span style=\"color: #0000ff;\"><br \/>\n<\/span><\/span><\/td>\n<td style=\"width: 36.3637%; height: 28px;\"><span style=\"font-size: 10pt; color: #000000;\">03-05-1707<br \/>\n<\/span><\/td>\n<\/tr>\n<tr style=\"height: 28px;\">\n<td style=\"width: 48.4411%; height: 10px;\" colspan=\"2\"><span style=\"font-size: 10pt; color: #000000;\">SE\/RA\/RR, 644 <span style=\"font-size: 10pt;\"><span style=\"color: #000000;\">\u00d6pen Bref<\/span><\/span> fol 576<br \/>\n<\/span><\/td>\n<td style=\"width: 49.4138%; height: 10px;\" colspan=\"2\"><span style=\"font-size: 10pt; color: #000000;\"><span style=\"color: #0000ff;\"><a style=\"color: #0000ff;\" href=\"https:\/\/sok.riksarkivet.se\/bildvisning\/A0039139_00583#?c=&amp;m=&amp;s=&amp;cv=582&amp;xywh=520%2C496%2C4753%2C2774\">Altranstadt, Capitulation<\/a><\/span><\/span><span style=\"font-size: 10pt; color: #000000;\"><span style=\"color: #0000ff;\"><br \/>\n<\/span><\/span><\/td>\n<td style=\"width: 36.3637%; height: 10px;\"><span style=\"font-size: 10pt; color: #000000;\">08-07-1707<br \/>\n<\/span><\/td>\n<\/tr>\n<tr style=\"height: 28px;\">\n<td style=\"width: 48.4411%; height: 28px;\" colspan=\"2\"><span style=\"font-size: 10pt; color: #000000;\">SE\/RA\/RR, 644 <span style=\"font-size: 10pt;\"><span style=\"color: #000000;\">Missiver fol <\/span><\/span> 619<br \/>\n<\/span><\/td>\n<td style=\"width: 49.4138%; height: 28px;\" colspan=\"2\"><span style=\"font-size: 10pt; color: #000000;\"><span style=\"color: #0000ff;\"><a style=\"color: #0000ff;\" href=\"https:\/\/sok.riksarkivet.se\/bildvisning\/A0039139_00626#?c=&amp;m=&amp;s=&amp;cv=625&amp;xywh=519%2C495%2C4753%2C2774\">Altranstadt, kringen \u00e4r observerat<\/a><\/span><\/span><span style=\"font-size: 10pt; color: #000000;\"><span style=\"color: #0000ff;\"><br \/>\n<\/span><\/span><\/td>\n<td style=\"width: 36.3637%; height: 28px;\"><span style=\"font-size: 10pt; color: #000000;\">23-07-1707<br \/>\n<\/span><\/td>\n<\/tr>\n<tr style=\"height: 28px;\">\n<td style=\"width: 48.4411%; height: 28px;\" colspan=\"2\"><span style=\"font-size: 10pt; color: #000000;\">SE\/RA\/RR, 644 <span style=\"font-size: 10pt;\"><span style=\"color: #000000;\">\u00d6pen Bref<\/span><\/span> fol 743<br \/>\n<\/span><\/td>\n<td style=\"width: 49.4138%; height: 28px;\" colspan=\"2\"><span style=\"font-size: 10pt; color: #000000;\"><span style=\"color: #0000ff;\"><a style=\"color: #0000ff;\" href=\"https:\/\/sok.riksarkivet.se\/bildvisning\/A0039139_00750#?c=&amp;m=&amp;s=&amp;cv=749&amp;xywh=518%2C494%2C4753%2C2774\">Altranstadt, Memorial Resolution<\/a><\/span><\/span><span style=\"font-size: 10pt; color: #000000;\"><span style=\"color: #0000ff;\"><br \/>\n<\/span><\/span><\/td>\n<td style=\"width: 36.3637%; height: 28px;\"><span style=\"font-size: 10pt; color: #000000;\">24-08-1707<br \/>\n<\/span><\/td>\n<\/tr>\n<tr style=\"height: 28px;\">\n<td style=\"width: 48.4411%; height: 28px;\" colspan=\"2\"><span style=\"font-size: 10pt; color: #000000;\">SE\/RA\/RR, 644 <span style=\"font-size: 10pt;\"><span style=\"color: #000000;\">Missiver fol <\/span><\/span> 761<br \/>\n<\/span><\/td>\n<td style=\"width: 49.4138%; height: 28px;\" colspan=\"2\"><span style=\"color: #0000ff;\"><span style=\"font-size: 10pt;\"><span style=\"font-size: 10pt; color: #000000;\"><span style=\"color: #0000ff;\"><a style=\"color: #0000ff;\" href=\"https:\/\/sok.riksarkivet.se\/bildvisning\/A0039139_00766#?c=&amp;m=&amp;s=&amp;cv=765&amp;xywh=517%2C493%2C4753%2C2774\"><span style=\"font-size: 10pt;\"><span style=\"font-size: 10pt; color: #000000;\"><span style=\"color: #0000ff;\">Lauban<\/span><\/span><\/span><\/a><\/span><\/span><\/span><\/span><span style=\"color: #0000ff;\"><span style=\"font-size: 10pt;\"><span style=\"font-size: 10pt; color: #000000;\"><span style=\"color: #0000ff;\"><br \/>\n<\/span><\/span><\/span><\/span><\/td>\n<td style=\"width: 36.3637%; height: 28px;\"><span style=\"font-size: 10pt; color: #000000;\">02-09-1707<br \/>\n<\/span><\/td>\n<\/tr>\n<tr style=\"height: 28px;\">\n<td style=\"width: 48.4411%; height: 28px;\" colspan=\"2\"><span style=\"font-size: 10pt; color: #000000;\">SE\/RA\/RR, 644 <span style=\"font-size: 10pt;\"><span style=\"color: #000000;\">Missiver fol <\/span><\/span> 959<br \/>\n<\/span><\/td>\n<td style=\"width: 49.4138%; height: 28px;\" colspan=\"2\"><span style=\"color: #0000ff;\"><span style=\"font-size: 10pt;\"><a style=\"color: #0000ff;\" href=\"https:\/\/sok.riksarkivet.se\/bildvisning\/A0039139_00970#?c=&amp;m=&amp;s=&amp;cv=969&amp;xywh=103%2C519%2C5703%2C3329\"><span style=\"font-size: 10pt;\">Slupza, Albedijl<\/span><\/a><\/span><\/span><span style=\"color: #0000ff;\"><span style=\"font-size: 10pt;\"><br \/>\n<\/span><\/span><\/td>\n<td style=\"width: 36.3637%; height: 28px;\"><span style=\"font-size: 10pt; color: #000000;\">01-11-1707<br \/>\n<\/span><\/td>\n<\/tr>\n<tr style=\"height: 84px;\">\n<td style=\"width: 48.4411%; height: 84px;\" colspan=\"2\"><span style=\"font-size: 10pt; color: #000000;\">SE\/LLA, 30733. S\u00f6vdeborg godsarchiv, J3. Handlingar och r\u00e4kenskaper ang familjen Meijerfeldt, 2<\/span><span style=\"font-size: 10pt; color: #000000;\"><br \/>\n<\/span><\/td>\n<td style=\"width: 49.4138%; height: 84px;\" colspan=\"2\"><span style=\"color: #0000ff;\"><span style=\"font-size: 10pt;\"><span style=\"color: #000000; font-size: 10pt;\">Jordebok f\u00f6r Bollerup 1707, handlingar och r\u00e4kenskaper f\u00f6r Bollerup och Glimminge, f\u00f6r Glimminge. Inspektor Levin Rave (paket nr 47).<\/span><\/span><\/span><span style=\"color: #0000ff;\"><span style=\"font-size: 10pt;\"><span style=\"color: #000000; font-size: 10pt;\"><br \/>\n<\/span><\/span><\/span><\/td>\n<td style=\"width: 36.3637%; height: 84px;\"><span style=\"font-size: 10pt; color: #000000;\">1707-1720<\/span><\/td>\n<\/tr>\n<tr style=\"height: 196px;\">\n<td style=\"width: 44.8486%; height: 196px;\"><span style=\"font-size: 10pt; color: #000000;\">SE\/LLA, 30733. S\u00f6vdeborg godsarchiv, J3. Handlingar och r\u00e4kenskaper ang familjen Meijerfeldt, 3<\/span><\/td>\n<td style=\"width: 53.0063%; height: 196px;\" colspan=\"3\"><span style=\"color: #0000ff;\"><span style=\"font-size: 10pt;\"><span style=\"color: #000000; font-size: 10pt;\">Handlingar ang\u00e5ende Visings\u00f6 (paket nr 47). Kungliga brev och resolutioner ang\u00e5ende arrendet av Visings\u00f6 med Barnarp lista p\u00e5 resterande dagsverken (Mattis Sodman, inspektor), inventarium f\u00f6r boskap, b\u00e4rgning av gr\u00f6da, logb\u00e4rgningsb\u00f6cker f\u00f6r tv\u00e5 b\u00f6nder p\u00e5 Visings\u00f6 (paket nr 55).<\/span><\/span><\/span><\/td>\n<td style=\"width: 36.3637%; height: 196px;\"><span style=\"font-size: 10pt; color: #000000;\">1708-1757<\/span><\/td>\n<\/tr>\n<tr style=\"height: 28px;\">\n<td style=\"width: 44.8486%; height: 28px;\"><span style=\"font-size: 10pt; color: #000000;\">SE\/UUB, Meijerfelts papper<\/span><\/td>\n<td style=\"width: 53.0063%; height: 28px;\" colspan=\"3\"><a href=\"https:\/\/meijenfeldt.nl\/wp-content\/uploads\/2022\/09\/1709-Respass.pdf\"><span style=\"font-size: 10pt; color: #0000ff;\">Respass<\/span><\/a><\/td>\n<td style=\"width: 36.3637%; height: 28px;\"><span style=\"font-size: 10pt; color: #000000;\">1709<\/span><\/td>\n<\/tr>\n<tr style=\"height: 196px;\">\n<td style=\"width: 44.8486%; height: 196px;\"><span style=\"font-size: 10pt; color: #000000;\">SE\/LLA, 30733. S\u00f6vdeborg godsarchiv, J3. Handlingar och r\u00e4kenskaper ang familjen Meijerfeldt, 4<\/span><\/td>\n<td style=\"height: 196px; width: 53.0063%;\" colspan=\"3\"><span style=\"color: #0000ff;\"><span style=\"font-size: 10pt;\"><span style=\"color: #000000; font-size: 10pt;\">R\u00e4kenskaper, inklusive odaterade samt fr\u00e5n inspektor Levin Rave, spannm\u00e5lsleveranser, korrespondens\u00a0 bl. a. fr\u00e5n \u00e4nkan Flatho och inspektorn p\u00e5 Bollerup Levin Rave, b\u00f6ndernas p\u00e5 Visings\u00f6 besv\u00e4r (paket nr 52), brev fr\u00e5n J.G. Meurer med skuldsedlar, reverser och r\u00e4kenskaper.<\/span><\/span><\/span><\/td>\n<td style=\"width: 36.3637%; height: 196px;\"><span style=\"font-size: 10pt; color: #000000;\">1709-1748<\/span><\/td>\n<\/tr>\n<tr style=\"height: 56px;\">\n<td style=\"width: 48.4411%; height: 56px;\" colspan=\"2\"><span style=\"font-size: 10pt; color: #000000;\">SE\/UUB, F 109. <span class=\"site-name no-print\">Handlingar till Sveriges politiska historia <\/span>1710-1714.<\/span><\/td>\n<td style=\"width: 49.4138%; height: 56px;\" colspan=\"2\"><span style=\"font-size: 10pt; color: #000000;\"><span class=\"site-name no-print\">Bref till Hertig Carl Fredrik af Holstein fr\u00e5n Stralsund<\/span><\/span><span style=\"font-size: 10pt; color: #000000;\"><span class=\"site-name no-print\"><br \/>\n<\/span><\/span><\/td>\n<td style=\"width: 36.3637%; height: 56px;\"><span style=\"font-size: 10pt; color: #000000;\">07-07-1710<\/span><\/td>\n<\/tr>\n<tr style=\"height: 84px;\">\n<td style=\"width: 48.4411%; height: 84px;\" colspan=\"2\"><span style=\"font-size: 10pt; color: #000000;\">Stadsarkivet Stockholm, 0016. Stor eller Nikolai kyrkoarkiv, Bok 36. Register d\u00f6da, fol 414-416v<\/span><\/td>\n<td style=\"width: 49.4138%; height: 84px;\" colspan=\"2\"><span style=\"font-size: 10pt; color: #000000;\"><span style=\"color: #0000ff;\"><a style=\"color: #0000ff;\" href=\"https:\/\/sok.stadsarkivet.stockholm.se\/bildarkiv\/egenproducerat\/kyrkobok\/K183O0181-0200.pdf\">Overlijden en opbaring<br \/>\nAnna Maria T\u00f6rnflycht g.m. Meijerfeldt<\/a><\/span><\/span><span style=\"font-size: 10pt; color: #000000;\"><span style=\"color: #0000ff;\"><br \/>\n<\/span><\/span><\/td>\n<td style=\"width: 36.3637%; height: 84px;\"><span style=\"font-size: 10pt; color: #000000;\">24-07-1710<br \/>\n26-07-1710<\/span><\/td>\n<\/tr>\n<tr style=\"height: 84px;\">\n<td style=\"width: 84.8048%; height: 49px;\" colspan=\"3\"><span style=\"font-size: 10pt; color: #000000;\" title=\"Storkyrkof\u00f6rsamlingens kyrkoarkiv, Kyrkor\u00e4kenskaper, \u00e4ldre serie, SE\/SSA\/0016\/L I a 1\/74 (1710)\"><span style=\"font-size: 10pt; color: #000000;\">Stadsarkivet Stockholm, 0016. Stor eller Nikolai kyrkoarkiv, <\/span>L I a 1\/74. <span style=\"font-size: 10pt; color: #000000;\">Kyrkor\u00e4kenskaper 1710, fol 236-237<\/span><\/span><span style=\"font-size: 10pt; color: #000000;\"><span style=\"color: #0000ff;\"><span style=\"font-size: 10pt; color: #000000;\" title=\"Storkyrkof\u00f6rsamlingens kyrkoarkiv, Kyrkor\u00e4kenskaper, \u00e4ldre serie, SE\/SSA\/0016\/L I a 1\/74 (1710)\"><br \/>\n<\/span><\/span><\/span><\/td>\n<td style=\"width: 13.0501%; height: 49px;\"><span style=\"font-size: 10pt; color: #000000;\"><span style=\"color: #0000ff;\"><span style=\"font-size: 10pt; color: #000000;\" title=\"Storkyrkof\u00f6rsamlingens kyrkoarkiv, Kyrkor\u00e4kenskaper, \u00e4ldre serie, SE\/SSA\/0016\/L I a 1\/74 (1710)\"><a style=\"color: #0000ff;\" href=\"https:\/\/sok.riksarkivet.se\/bildvisning\/C0056691_00069#?c=&amp;m=&amp;s=&amp;cv=68&amp;xywh=-828%2C-273%2C5463%2C3435\">Klokgelui en kleed<\/a><br \/>\n<\/span><\/span><\/span><\/td>\n<td style=\"width: 36.3637%; height: 49px;\"><span style=\"font-size: 10pt; color: #000000;\">24-07-1710<br \/>\n26-07-1710<\/span><\/td>\n<\/tr>\n<tr style=\"height: 112px;\">\n<td style=\"width: 84.8048%; height: 70px;\" colspan=\"3\"><span style=\"font-size: 10pt; color: #000000;\">Stadsarkivet Stockholm, 0008. Jakob och Johannes kyrkoarkiv, Deel 21. Register \u00f6ver d\u00f6da 1681-1720, blad 402<\/span><\/td>\n<td style=\"width: 13.0501%; height: 70px;\"><span style=\"font-size: 10pt; color: #000000;\">Meijerfelt fru<br \/>\n<\/span><\/td>\n<td style=\"width: 36.3637%; height: 70px;\"><span style=\"font-size: 10pt; color: #000000;\">28-07-1710<\/span><\/td>\n<\/tr>\n<tr style=\"height: 56px;\">\n<td style=\"height: 26px; width: 48.4411%;\" colspan=\"2\"><span style=\"font-size: 10pt; color: #000000;\">Stadsarkivet Stockholm, Kyrkor\u00e4kenskaper<span title=\"Storkyrkof\u00f6rsamlingens kyrkoarkiv, Kyrkor\u00e4kenskaper, \u00e4ldre serie, SE\/SSA\/0016\/L I a 1\/74 (1710)\">, <\/span>fol 33<\/span><\/td>\n<td style=\"height: 26px; width: 49.4138%;\" colspan=\"2\"><span style=\"font-size: 10pt; color: #000000;\"><span style=\"color: #0000ff;\"><a style=\"color: #0000ff;\" href=\"https:\/\/sok.riksarkivet.se\/bildvisning\/C0056691_00021#?c=&amp;m=&amp;s=&amp;cv=20&amp;xywh=-531%2C809%2C3646%2C2293\">Opening familiegraf T\u00f6rnflycht<\/a><\/span><\/span><span style=\"font-size: 10pt; color: #000000;\"><span style=\"color: #0000ff;\"><br \/>\n<\/span><\/span><\/td>\n<td style=\"width: 36.3637%; height: 26px;\"><span style=\"font-size: 10pt; color: #000000;\">01-08-1710<\/span><\/td>\n<\/tr>\n<tr>\n<td style=\"width: 48.4411%;\" colspan=\"2\"><span style=\"font-size: 10pt; color: #000000;\">Niedersachsisches Landesarchiv, Abt Stade, Rep. 5a Schwed. Regierungs-archiv, 2.2.2. Korrespondenz Generalgouverneure<br \/>\n<\/span><\/td>\n<td style=\"width: 49.4138%;\" colspan=\"2\"><span style=\"font-size: 10pt; color: #0000ff;\"><a style=\"color: #0000ff;\" href=\"https:\/\/meijenfeldt.nl\/wp-content\/uploads\/2024\/07\/1710-08-23-Nils-Gyllenstierna.pdf\">Hamburg, an Nils Gyllenstierna, wegen Trauerfalls<\/a><\/span><\/td>\n<td style=\"width: 36.3637%;\"><span style=\"font-size: 10pt; color: #000000;\">23-08-1710<\/span><\/td>\n<\/tr>\n<tr style=\"height: 28px;\">\n<td style=\"width: 48.4411%; height: 28px;\" colspan=\"2\"><span style=\"font-size: 10pt; color: #000000;\">SE\/RA\/RR, 647 <span style=\"font-size: 10pt;\"><span style=\"color: #000000;\">\u00d6pen Bref<\/span><\/span> fol 150<\/span><span style=\"font-size: 10pt; color: #000000;\"><br \/>\n<\/span><\/td>\n<td style=\"width: 49.4138%; height: 28px;\" colspan=\"2\"><span style=\"font-size: 10pt; color: #000000;\"><span style=\"color: #0000ff;\"><a style=\"color: #0000ff;\" href=\"https:\/\/sok.riksarkivet.se\/bildvisning\/A0039142_00156#?c=&amp;m=&amp;s=&amp;cv=155&amp;xywh=34%2C570%2C5703%2C3306\">Bender, Gen: Lieutenants fullmakt<\/a><\/span><\/span><span style=\"font-size: 10pt; color: #000000;\"><span style=\"color: #0000ff;\"><br \/>\n<\/span><\/span><\/td>\n<td style=\"width: 36.3637%; height: 28px;\"><span style=\"font-size: 10pt; color: #000000;\">30-08-1710<br \/>\n<\/span><\/td>\n<\/tr>\n<tr style=\"height: 10px;\">\n<td style=\"width: 48.4411%; height: 10px;\" colspan=\"2\"><span style=\"font-size: 10pt; color: #000000;\">SE\/RA\/RR, 647 <span style=\"font-size: 10pt;\"><span style=\"color: #000000;\">\u00d6pen Bref<\/span><\/span> fol 151<br \/>\n<\/span><\/td>\n<td style=\"width: 49.4138%; height: 10px;\" colspan=\"2\"><span style=\"font-size: 10pt; color: #000000;\"><span style=\"color: #0000ff;\"><a style=\"color: #0000ff;\" href=\"https:\/\/sok.riksarkivet.se\/bildvisning\/A0039142_00157#?c=&amp;m=&amp;s=&amp;cv=156&amp;xywh=34%2C569%2C5703%2C3306\">Bender, \u00d6f: Commandants fullmakt<\/a><\/span><\/span><span style=\"font-size: 10pt; color: #000000;\"><span style=\"color: #0000ff;\"><br \/>\n<\/span><\/span><\/td>\n<td style=\"width: 36.3637%; height: 10px;\"><span style=\"font-size: 10pt; color: #000000;\">30-08-1710<br \/>\n<\/span><\/td>\n<\/tr>\n<tr style=\"height: 28px;\">\n<td style=\"width: 48.4411%; height: 28px;\" colspan=\"2\"><span style=\"font-size: 10pt; color: #000000;\">SE\/RA\/RR, 647 <span style=\"font-size: 10pt;\"><span style=\"color: #000000;\">\u00d6pen Bref<\/span><\/span> fol 151v<br \/>\n<\/span><\/td>\n<td style=\"width: 49.4138%; height: 28px;\" colspan=\"2\"><span style=\"font-size: 10pt; color: #000000;\"><span style=\"color: #0000ff;\"><a style=\"color: #0000ff;\" href=\"https:\/\/sok.riksarkivet.se\/bildvisning\/A0039142_00158#?c=&amp;m=&amp;s=&amp;cv=157&amp;xywh=34%2C568%2C5703%2C3306\">Bender, \u00d6fwerste fullmakt<\/a><\/span><\/span><span style=\"font-size: 10pt; color: #000000;\"><span style=\"color: #0000ff;\"><br \/>\n<\/span><\/span><\/td>\n<td style=\"width: 36.3637%; height: 28px;\"><span style=\"font-size: 10pt; color: #000000;\">30-08-1710<br \/>\n<\/span><\/td>\n<\/tr>\n<tr style=\"height: 28px;\">\n<td style=\"width: 48.4411%; height: 28px;\" colspan=\"2\"><span style=\"font-size: 10pt; color: #000000;\">SE\/UUB, Meijerfelts papper<\/span><\/td>\n<td style=\"width: 49.4138%; height: 28px;\" colspan=\"2\"><span style=\"font-size: 10pt; color: #0000ff;\"><span style=\"font-size: 10pt;\"><span class=\"site-name no-print\" style=\"font-size: 10pt;\"><a style=\"color: #0000ff;\" href=\"https:\/\/meijenfeldt.nl\/wp-content\/uploads\/2022\/09\/1710-11-27-Reiskosten.pdf\">Utgifter under hans resa till Bender<\/a>\u00a0<\/span><\/span><\/span><span style=\"font-size: 10pt; color: #0000ff;\"><span style=\"font-size: 10pt;\"><span class=\"site-name no-print\" style=\"font-size: 10pt;\"><br \/>\n<\/span><\/span><\/span><\/td>\n<td style=\"width: 36.3637%; height: 28px;\"><span style=\"font-size: 10pt; color: #000000;\">27-11-1710<\/span><\/td>\n<\/tr>\n<tr style=\"height: 308px;\">\n<td style=\"height: 201px; width: 48.4411%;\" colspan=\"2\"><span style=\"font-size: 10pt; color: #000000;\">SE\/S\/SB 17 <span class=\"code9\">Svensk Bibliografi\u00a0<\/span><span class=\"code9\">1700-1829, <span style=\"color: #0000ff;\"><a style=\"color: #0000ff;\" href=\"http:\/\/libris.kb.se\/bib\/2432237?vw=full\">870506g 13 Vitt. Sv. Ex B vers Ggl. Carl XII (Br)<\/a>; 14 15<\/span><\/span><\/span><br \/>\n<span style=\"font-size: 10pt; color: #008000;\"><br \/>\n<\/span><\/td>\n<td style=\"height: 201px; width: 49.4138%;\" colspan=\"2\"><span style=\"font-size: 10pt; color: #008000;\"><span style=\"color: #0000ff;\"><a style=\"color: #0000ff;\" href=\"https:\/\/meijenfeldt.nl\/wp-content\/uploads\/2022\/07\/Helsingsborg-1710.pdf\">D\u00e5 Tolffte Carl I Swerie R\u00e5r\/ Nytt Folck I F\u00e4lt med Stenbock g\u00e5r\/ En Meyerfelt f\u00f6r Krigs=R\u00e5d st\u00e5r\/<br \/>\n<span style=\"color: #0000ff;\">Da Schwedens zw\u00f6lffter Carl Da Schwedens zw\u00f6lffter Carl regiert\/ Graf Stenbock neues Volck anf\u00fchrt\/ und Meyerfeld den Kriegs-Raht ziert\/\u00a0<\/span><\/a><\/span><\/span><span style=\"font-size: 10pt; color: #008000;\"><span style=\"color: #0000ff;\"><br \/>\n<\/span><\/span><\/td>\n<td style=\"width: 36.3637%; height: 201px;\"><span style=\"font-size: 10pt; color: #000000;\">1710<\/span><\/td>\n<\/tr>\n<tr style=\"height: 56px;\">\n<td style=\"width: 48.4411%; height: 20px;\" colspan=\"2\"><span style=\"font-size: 10pt; color: #000000;\">SE\/RA, 720.807.028, Vol 19<\/span><\/td>\n<td style=\"width: 49.4138%; height: 20px;\" colspan=\"2\"><span style=\"font-size: 10pt; color: #000000;\">Brief aan Reinhold Johan von Fersen (1646-1716)<br \/>\n<\/span><\/td>\n<td style=\"width: 36.3637%; height: 20px;\"><span style=\"font-size: 10pt; color: #000000;\">1710<\/span><\/td>\n<\/tr>\n<tr style=\"height: 56px;\">\n<td style=\"width: 48.4411%; height: 25px;\" colspan=\"2\"><span style=\"font-size: 10pt; color: #000000;\"><span style=\"font-size: 10pt;\">SE\/RA, Sekreta utskottet 1668-1714, R 2380<\/span><\/span><\/td>\n<td style=\"width: 49.4138%; height: 25px;\" colspan=\"2\"><span style=\"font-size: 10pt; color: #000000;\">\u00a0<\/span><\/td>\n<td style=\"width: 36.3637%; height: 25px;\"><span style=\"font-size: 10pt; color: #000000;\">1710<\/span><\/td>\n<\/tr>\n<tr style=\"height: 28px;\">\n<td style=\"width: 48.4411%; height: 10px;\" colspan=\"2\"><span style=\"font-size: 10pt;\">SE\/RA\/Militaria\/V\/6, M1114, fol 7-10<\/span><\/td>\n<td style=\"width: 49.4138%; height: 10px;\" colspan=\"2\"><span style=\"font-size: 10pt; color: #0000ff;\"><a style=\"color: #0000ff;\" href=\"https:\/\/meijenfeldt.nl\/wp-content\/uploads\/2023\/02\/M1114-7-10-Unterthanigste-Memorial-JAMsr-1710.pdf\">Unterth\u00e4nigstes Memorial aan Koning<\/a><\/span><\/td>\n<td style=\"width: 36.3637%; height: 10px;\"><span style=\"font-size: 10pt;\">1710<\/span><\/td>\n<\/tr>\n<tr style=\"height: 56px;\">\n<td style=\"width: 48.4411%; height: 56px;\" colspan=\"2\"><span style=\"font-size: 10pt; color: #000000;\">SE\/RA\/Pommeranica, <span style=\"font-size: 10pt;\">I\/A\/1 28<\/span><\/span><\/td>\n<td style=\"width: 49.4138%; height: 56px;\" colspan=\"2\"><span style=\"font-size: 10pt; color: #000000;\"><span style=\"font-size: 10pt;\">Skrivelser till Kungl. Maj:t fr\u00e5n myndigheter:\u00a0<span style=\"font-size: 10pt;\">Pommerska regeringen<\/span><br \/>\n<\/span><\/span><\/td>\n<td style=\"width: 36.3637%; height: 56px;\"><span style=\"font-size: 10pt; color: #000000;\">1710-1713<\/span><\/td>\n<\/tr>\n<tr style=\"height: 56px;\">\n<td style=\"width: 48.4411%; height: 56px;\" colspan=\"2\"><span style=\"font-size: 10pt; color: #000000;\">SE\/RA\/Pommeranica, <span style=\"font-size: 10pt;\">I\/A\/3<br \/>\n191<\/span><\/span><\/td>\n<td style=\"width: 49.4138%; height: 56px;\" colspan=\"2\"><span style=\"font-size: 10pt; color: #000000;\"><span style=\"font-size: 10pt;\">Skrivelser till Kungl. Maj:t fr\u00e5n myndigheter: Pommerska kammaren<br \/>\n<\/span><\/span><\/td>\n<td style=\"width: 36.3637%; height: 56px;\"><span style=\"font-size: 10pt; color: #000000;\">1710-1731<\/span><\/td>\n<\/tr>\n<tr style=\"height: 21px;\">\n<td style=\"height: 21px; width: 48.4411%;\" colspan=\"2\"><span style=\"font-size: 10pt; color: #000000;\"><span style=\"font-size: 10pt;\">SE\/RA\/Militaria\/V\/6, M1114, fol <\/span>11-12<br \/>\n<\/span><\/td>\n<td style=\"height: 21px; width: 49.4138%;\" colspan=\"2\"><span style=\"color: #008000; font-size: 10pt;\"><a href=\"https:\/\/meijenfeldt.nl\/wp-content\/uploads\/2023\/02\/M1114-11-12-Brief-Koning-aan-JAMsr-Bender-1711-01-14.pdf\"><span style=\"color: #0000ff;\">Brief uit Bender van Koning<\/span><\/a><\/span><\/td>\n<td style=\"width: 36.3637%; height: 21px;\"><span style=\"font-size: 10pt; color: #000000;\">14-01-1711<\/span><\/td>\n<\/tr>\n<tr style=\"height: 56px;\">\n<td style=\"width: 48.4411%; height: 56px;\" colspan=\"2\"><span style=\"font-size: 10pt; color: #000000;\"><span style=\"font-size: 10pt;\">SE\/RA\/Militaria\/V\/6, M1114, fol 13-14<\/span><\/span><\/td>\n<td style=\"width: 49.4138%; height: 56px;\" colspan=\"2\"><span style=\"color: #008000; font-size: 10pt;\"><span style=\"color: #0000ff;\"><a href=\"https:\/\/meijenfeldt.nl\/wp-content\/uploads\/2023\/02\/M1114-13-14-Brief-Koning-aan-JAMsr-Bender-1711-01-14.pdf\"><span style=\"color: #0000ff;\">Brief uit Bender van Koning<\/span><\/a><\/span><\/span><\/td>\n<td style=\"width: 36.3637%; height: 56px;\"><span style=\"font-size: 10pt; color: #000000;\">14-01-1711<\/span><\/td>\n<\/tr>\n<tr style=\"height: 28px;\">\n<td style=\"height: 28px; width: 48.4411%;\" colspan=\"2\"><span style=\"font-size: 10pt; color: #000000;\">SE\/RA\/Meijerfeldt 43<\/span><\/td>\n<td style=\"height: 28px; width: 49.4138%;\" colspan=\"2\"><span style=\"font-size: 10pt; color: #000000;\"><span style=\"color: #0000ff;\"><span style=\"font-size: 10pt;\"><span class=\"site-name no-print\" style=\"color: #000000; font-size: 10pt;\"><span style=\"color: #008000;\"><a style=\"color: #0000ff;\" href=\"https:\/\/sok.riksarkivet.se\/bildvisning\/A0069897_00043#?c=&amp;m=&amp;s=&amp;cv=42&amp;xywh=-175%2C614%2C6091%2C3581\">Brief uit Bender aan Koning<\/a><br \/>\n<\/span><\/span><\/span><\/span><\/span><\/td>\n<td style=\"width: 36.3637%; height: 28px;\"><span style=\"font-size: 10pt; color: #000000;\">14-01-1711<\/span><\/td>\n<\/tr>\n<tr style=\"height: 28px;\">\n<td style=\"height: 28px; width: 48.4411%;\" colspan=\"2\"><span style=\"font-size: 10pt; color: #000000;\">SE\/RA\/Meijerfeldt 48<\/span><\/td>\n<td style=\"height: 28px; width: 49.4138%;\" colspan=\"2\"><span style=\"font-size: 10pt; color: #000000;\"><span style=\"color: #0000ff;\"><span style=\"font-size: 10pt;\"><span class=\"site-name no-print\" style=\"color: #000000; font-size: 10pt;\"><span style=\"color: #008000;\"><a style=\"color: #0000ff;\" href=\"https:\/\/sok.riksarkivet.se\/bildvisning\/A0069897_00048#?c=&amp;m=&amp;s=&amp;cv=47&amp;xywh=-226%2C118%2C6392%2C3965\">Bender, bedrag\u00a0ontvangen<\/a><br \/>\n<\/span><\/span><\/span><\/span><\/span><\/td>\n<td style=\"width: 36.3637%; height: 28px;\"><span style=\"font-size: 10pt; color: #000000;\">15-01-1711<\/span><\/td>\n<\/tr>\n<tr style=\"height: 28px;\">\n<td style=\"width: 48.4411%; height: 28px;\" colspan=\"2\"><span style=\"font-size: 10pt; color: #000000;\">SE\/UUB, Meijerfelts papper<\/span><\/td>\n<td style=\"width: 49.4138%; height: 28px;\" colspan=\"2\"><span style=\"font-size: 10pt; color: #000000;\"><span style=\"color: #0000ff;\"><span style=\"font-size: 10pt;\"><span class=\"site-name no-print\" style=\"color: #000000; font-size: 10pt;\"><span style=\"color: #008000;\"><span style=\"color: #0000ff;\"><a style=\"color: #0000ff;\" href=\"https:\/\/meijenfeldt.nl\/wp-content\/uploads\/2022\/09\/1711-01-18-Respass.pdf\">Respass<\/a><\/span><\/span><\/span><\/span><\/span><\/span><\/td>\n<td style=\"width: 36.3637%; height: 28px;\"><span style=\"font-size: 10pt; color: #000000;\">18-01-1711<\/span><\/td>\n<\/tr>\n<tr style=\"height: 84px;\">\n<td style=\"width: 44.8486%; height: 84px;\"><span style=\"font-size: 10pt; color: #000000;\">SE\/RA\/RR, 651 <span style=\"font-size: 10pt;\"><span style=\"color: #000000;\">Missiver fol <\/span><\/span> 169<\/span><\/td>\n<td style=\"height: 84px; width: 53.0063%;\" colspan=\"3\"><span style=\"font-size: 10pt; color: #000000;\"><span style=\"color: #0000ff;\"><a style=\"color: #0000ff;\" href=\"https:\/\/sok.riksarkivet.se\/bildvisning\/A0039146_00177#?c=&amp;m=&amp;s=&amp;cv=176&amp;xywh=214%2C507%2C4753%2C2755\"><span style=\"font-size: 10pt;\">Bender, 1. om landtmilieen 2. om de Svenska under-f\u00e5tern, som flychtet under fienden och 3. om magaziners ugrattande<\/span><\/a><\/span><\/span><\/td>\n<td style=\"width: 36.3637%; height: 84px;\"><span style=\"font-size: 10pt; color: #000000;\">06-05-1711<br \/>\n<\/span><\/td>\n<\/tr>\n<tr style=\"height: 56px;\">\n<td style=\"width: 44.8486%; height: 56px;\"><span style=\"font-size: 10pt; color: #000000;\">SE\/RA\/RR, 651 <span style=\"font-size: 10pt;\"><span style=\"color: #000000;\">Missiver fol <\/span><\/span> 240<br \/>\n<\/span><\/td>\n<td style=\"width: 53.0063%; height: 56px;\" colspan=\"3\"><span style=\"font-size: 10pt; color: #000000;\"><span style=\"color: #0000ff;\"><a style=\"color: #0000ff;\" href=\"https:\/\/sok.riksarkivet.se\/bildvisning\/A0039146_00249#?c=&amp;m=&amp;s=&amp;cv=248&amp;xywh=213%2C506%2C4753%2C2755\">Bender, om n\u00e5gra regimenter som (&#8230;) under hans commando<\/a><\/span><br \/>\n<\/span><\/td>\n<td style=\"width: 36.3637%; height: 56px;\"><span style=\"font-size: 10pt; color: #000000;\">12-06-1711<br \/>\n<\/span><\/td>\n<\/tr>\n<tr style=\"height: 28px;\">\n<td style=\"width: 44.8486%; height: 28px;\"><span style=\"font-size: 10pt; color: #000000;\">SE\/RA\/Ericsberg 534<\/span><\/td>\n<td style=\"height: 28px; width: 53.0063%;\" colspan=\"3\"><span style=\"font-size: 10pt; color: #000000;\"><a href=\"https:\/\/sok.riksarkivet.se\/bildvisning\/A0040220_00534#?c=&amp;m=&amp;s=&amp;cv=533&amp;xywh=-1279%2C565%2C4648%2C2317\"><span style=\"color: #0000ff;\">Brief uit Hamburg (alle bladen dubbel)<\/span><\/a><span style=\"color: #0000ff;\">\u00a0<\/span><\/span><\/td>\n<td style=\"width: 36.3637%; height: 28px;\"><span style=\"font-size: 10pt; color: #000000;\">23-06-1711<\/span><\/td>\n<\/tr>\n<tr style=\"height: 28px;\">\n<td style=\"width: 48.4411%; height: 28px;\" colspan=\"2\"><span style=\"font-size: 10pt; color: #000000;\">SE\/RA\/RR, 651 <span style=\"font-size: 10pt;\"><span style=\"color: #000000;\">\u00d6pen Bref<\/span><\/span> fol 271<br \/>\n<\/span><\/td>\n<td style=\"width: 49.4138%; height: 28px;\" colspan=\"2\"><span style=\"font-size: 10pt; color: #000000;\"><span style=\"color: #0000ff;\"><span style=\"font-size: 10pt;\"><a style=\"color: #0000ff;\" href=\"https:\/\/sok.riksarkivet.se\/bildvisning\/A0039146_00280#?c=&amp;m=&amp;s=&amp;cv=279&amp;xywh=45%2C623%2C4753%2C2755\"><span style=\"font-size: 10pt;\">Bender,\u00a0<\/span>Mellin<\/a><\/span><\/span><\/span><span style=\"font-size: 10pt; color: #000000;\"><span style=\"color: #0000ff;\"><span style=\"font-size: 10pt;\"><br \/>\n<\/span><\/span><\/span><\/td>\n<td style=\"width: 36.3637%; height: 28px;\"><span style=\"font-size: 10pt; color: #000000;\">28-06-1711<br \/>\n<\/span><\/td>\n<\/tr>\n<tr style=\"height: 28px;\">\n<td style=\"width: 48.4411%; height: 10px;\" colspan=\"2\"><span style=\"font-size: 10pt; color: #000000;\">SE\/RA\/RR, 651 <span style=\"font-size: 10pt;\"><span style=\"color: #000000;\">\u00d6pen Bref<\/span><\/span> fol 273<br \/>\n<\/span><\/td>\n<td style=\"width: 49.4138%; height: 10px;\" colspan=\"2\"><span style=\"font-size: 10pt; color: #000000;\"><span style=\"color: #0000ff;\"><a style=\"color: #0000ff;\" href=\"https:\/\/sok.riksarkivet.se\/bildvisning\/A0039146_00282#?c=&amp;m=&amp;s=&amp;cv=281&amp;xywh=320%2C509%2C4753%2C2755\">Bender, Vice-Gouverneurs fullmakt<\/a><\/span><\/span><span style=\"font-size: 10pt; color: #000000;\"><span style=\"color: #0000ff;\"><br \/>\n<\/span><\/span><\/td>\n<td style=\"width: 36.3637%; height: 10px;\"><span style=\"font-size: 10pt; color: #000000;\">04-07-1711<br \/>\n<\/span><\/td>\n<\/tr>\n<tr style=\"height: 56px;\">\n<td style=\"width: 48.4411%; height: 56px;\" colspan=\"2\"><span style=\"font-size: 10pt; color: #000000;\">\u201cHandlingar r\u00f6rande Skandinaviens historia\u201d, deel 7, pag. 179<\/span><\/td>\n<td style=\"width: 49.4138%; height: 56px;\" colspan=\"2\"><span style=\"color: #0000ff;\"><a style=\"color: #0000ff;\" href=\"http:\/\/runeberg.org\/hrsh\/7\/0188.html\"><span style=\"font-size: 10pt;\">Brief uit Stockholm van Eric Sparre<\/span><\/a><\/span><\/td>\n<td style=\"width: 36.3637%; height: 56px;\"><span style=\"font-size: 10pt; color: #000000;\">05\/13-07-1711<\/span><\/td>\n<\/tr>\n<tr style=\"height: 28px;\">\n<td style=\"height: 28px; width: 48.4411%;\" colspan=\"2\"><span style=\"font-size: 10pt; color: #000000;\"> SE\/RA\/Skr.t.K.<\/span><\/td>\n<td style=\"height: 28px; width: 49.4138%;\" colspan=\"2\"><span style=\"font-size: 10pt; color: #000000;\">Brief Guvern\u00f6rens i Sk\u00e5ne aan koning Karel XII<\/span><span style=\"font-size: 10pt; color: #000000;\"><br \/>\n<\/span><\/td>\n<td style=\"width: 36.3637%; height: 28px;\"><span style=\"font-size: 10pt; color: #000000;\"> 17-07-1711<\/span><\/td>\n<\/tr>\n<tr style=\"height: 28px;\">\n<td style=\"width: 48.4411%; height: 28px;\" colspan=\"2\"><span style=\"font-size: 10pt; color: #000000;\">SE\/RA\/RR, 651 <span style=\"font-size: 10pt;\"><span style=\"color: #000000;\">\u00d6pen Bref<\/span><\/span> fol 315v<br \/>\n<\/span><\/td>\n<td style=\"width: 49.4138%; height: 28px;\" colspan=\"2\"><span style=\"font-size: 10pt; color: #000000;\"><span style=\"color: #0000ff;\"><a style=\"color: #0000ff;\" href=\"https:\/\/sok.riksarkivet.se\/bildvisning\/A0039146_00325#?c=&amp;m=&amp;s=&amp;cv=324&amp;xywh=247%2C216%2C4753%2C2755\">Bender, absterben <\/a><a style=\"color: #0000ff;\" href=\"https:\/\/sok.riksarkivet.se\/bildvisning\/A0039146_00325#?c=&amp;m=&amp;s=&amp;cv=324&amp;xywh=247%2C216%2C4753%2C2755\">Hans Isacsson Ridderhielm<\/a><a style=\"color: #0000ff;\" href=\"https:\/\/sok.riksarkivet.se\/bildvisning\/A0039146_00325#?c=&amp;m=&amp;s=&amp;cv=324&amp;xywh=247%2C216%2C4753%2C2755\">, lehn <\/a><a style=\"color: #0000ff;\" href=\"https:\/\/sok.riksarkivet.se\/bildvisning\/A0039146_00325#?c=&amp;m=&amp;s=&amp;cv=324&amp;xywh=247%2C216%2C4753%2C2755\">gut Nehringen\u00a0\u00a0<\/a><\/span><\/span><\/td>\n<td style=\"width: 36.3637%; height: 28px;\"><span style=\"font-size: 10pt; color: #000000;\">23-08-1711<br \/>\n<\/span><\/td>\n<\/tr>\n<tr style=\"height: 84px;\">\n<td style=\"width: 44.8486%; height: 84px;\"><span style=\"font-size: 10pt; color: #000000;\">Universit\u00e4t Dresden<\/span><\/td>\n<td style=\"width: 53.0063%; height: 84px;\" colspan=\"3\"><span style=\"font-size: 10pt; color: #0000ff;\"><a style=\"color: #0000ff;\" href=\"https:\/\/digital.slub-dresden.de\/werkansicht\/dlf\/21809\/1\/\">Stettin, General-Statthallter und Regierung in Pommern, Manifest, Beschuldigungen<\/a><\/span><\/td>\n<td style=\"width: 36.3637%; height: 84px;\"><span style=\"font-size: 10pt; color: #000000;\">28-08-1711<\/span><\/td>\n<\/tr>\n<tr style=\"height: 28px;\">\n<td style=\"width: 48.4411%; height: 28px;\" colspan=\"2\"><span style=\"font-size: 10pt; color: #000000;\">SE\/RA\/RR, 651 <span style=\"font-size: 10pt;\"><span style=\"color: #000000;\">Missiver fol <\/span><\/span> 377<\/span><\/td>\n<td style=\"width: 49.4138%; height: 28px;\" colspan=\"2\"><span style=\"font-size: 10pt; color: #000000;\"><span style=\"color: #0000ff;\"><a href=\"https:\/\/sok.riksarkivet.se\/bildvisning\/A0039146_00386#?c=&amp;m=&amp;s=&amp;cv=385&amp;xywh=-51%2C647%2C4753%2C2755\"><span style=\"color: #0000ff;\">Bender, bref ang. Pommern<\/span><\/a><\/span><\/span><span style=\"font-size: 10pt; color: #000000;\"><span style=\"color: #0000ff;\"><br \/>\n<\/span><\/span><\/td>\n<td style=\"width: 36.3637%; height: 28px;\"><span style=\"font-size: 10pt; color: #000000;\">12-10-1711<br \/>\n<\/span><\/td>\n<\/tr>\n<tr style=\"height: 28px;\">\n<td style=\"width: 48.4411%; height: 28px;\" colspan=\"2\"><span style=\"font-size: 10pt; color: #000000;\">SE\/RA\/RR, 651 <span style=\"font-size: 10pt;\"><span style=\"color: #000000;\">\u00d6pen Bref<\/span><\/span> fol 378<\/span><span style=\"font-size: 10pt; color: #000000;\"><br \/>\n<\/span><\/td>\n<td style=\"width: 49.4138%; height: 28px;\" colspan=\"2\"><span style=\"font-size: 10pt; color: #000000;\"><span style=\"color: #0000ff;\"><span style=\"font-size: 10pt;\"><a style=\"color: #0000ff;\" href=\"https:\/\/sok.riksarkivet.se\/bildvisning\/A0039146_00387#?c=&amp;m=&amp;s=&amp;cv=386&amp;xywh=232%2C478%2C4753%2C2755\"><span style=\"font-size: 10pt;\">Bender,\u00a0<\/span>Generals fullmakt<\/a><\/span><\/span><\/span><span style=\"font-size: 10pt; color: #000000;\"><span style=\"color: #0000ff;\"><span style=\"font-size: 10pt;\"><br \/>\n<\/span><\/span><\/span><\/td>\n<td style=\"width: 36.3637%; height: 28px;\"><span style=\"font-size: 10pt; color: #000000;\">12-10-1711<br \/>\n<\/span><\/td>\n<\/tr>\n<tr style=\"height: 28px;\">\n<td style=\"width: 48.4411%; height: 28px;\" colspan=\"2\"><span style=\"font-size: 10pt; color: #000000;\">SE\/RA\/RR, 651 <span style=\"font-size: 10pt;\"><span style=\"color: #000000;\">Missiver fol <\/span><\/span> 472<br \/>\n<\/span><span style=\"font-size: 10pt; color: #000000;\"><br \/>\n<\/span><\/td>\n<td style=\"width: 49.4138%; height: 28px;\" colspan=\"2\"><span style=\"font-size: 10pt; color: #000000;\"><span style=\"color: #0000ff;\"><span style=\"font-size: 10pt;\"><a style=\"color: #0000ff;\" href=\"https:\/\/sok.riksarkivet.se\/bildvisning\/A0039146_00480#?c=&amp;m=&amp;s=&amp;cv=479&amp;xywh=44%2C658%2C4753%2C2755\"><span style=\"font-size: 10pt;\">Bender,\u00a0<\/span>om regementens conserverande<\/a><\/span><\/span><\/span><span style=\"font-size: 10pt; color: #000000;\"><span style=\"color: #0000ff;\"><span style=\"font-size: 10pt;\"><br \/>\n<\/span><\/span><\/span><\/td>\n<td style=\"width: 36.3637%; height: 28px;\"><span style=\"font-size: 10pt; color: #000000;\">06-11-1711<br \/>\n<\/span><\/td>\n<\/tr>\n<tr style=\"height: 56px;\">\n<td style=\"height: 24px; width: 44.8486%;\"><span style=\"font-size: 10pt; color: #000000;\">Liske,\u00a0 pag. 403-404<\/span><\/td>\n<td style=\"height: 24px; width: 53.0063%;\" colspan=\"3\"><span style=\"font-size: 10pt; color: #000000;\"><a href=\"http:\/\/runeberg.org\/histbib\/3\/0413.html\"><span style=\"color: #0000ff;\">Brief uit Sedini aan Wladislaw Poninski<\/span><\/a><span style=\"color: #0000ff;\">,<\/span> referendaris koning Stanislaus (Latijn)<\/span><\/td>\n<td style=\"width: 36.3637%; height: 24px;\"><span style=\"font-size: 10pt; color: #000000;\">13-11-1711<\/span><\/td>\n<\/tr>\n<tr style=\"height: 28px;\">\n<td style=\"width: 44.8486%; height: 28px;\"><span style=\"font-size: 10pt; color: #000000;\">Liske,\u00a0 pag. 404-405<\/span><\/td>\n<td style=\"width: 53.0063%; height: 28px;\" colspan=\"3\"><span style=\"color: #0000ff;\"><a style=\"color: #0000ff;\" href=\"http:\/\/runeberg.org\/histbib\/3\/0414.html\"><span style=\"font-size: 10pt;\">Brief uit Sedini aan Wladislaw Poninski<\/span><\/a><\/span><\/td>\n<td style=\"width: 36.3637%; height: 28px;\"><span style=\"font-size: 10pt; color: #000000;\">27-11-1711<\/span><\/td>\n<\/tr>\n<tr style=\"height: 28px;\">\n<td style=\"width: 44.8486%; height: 28px;\"><span style=\"font-size: 10pt; color: #000000;\">Liske,\u00a0 pag. 405<\/span><\/td>\n<td style=\"height: 28px; width: 53.0063%;\" colspan=\"3\"><span style=\"color: #0000ff;\"><a style=\"color: #0000ff;\" href=\"http:\/\/runeberg.org\/histbib\/3\/0415.html\"><span style=\"font-size: 10pt;\">Brief uit Sedini aan Wladislaw Poninski<\/span><\/a><\/span><\/td>\n<td style=\"width: 36.3637%; height: 28px;\"><span style=\"font-size: 10pt; color: #000000;\">05-12-1711<\/span><\/td>\n<\/tr>\n<tr style=\"height: 28px;\">\n<td style=\"width: 48.4411%; height: 28px;\" colspan=\"2\"><span style=\"font-size: 10pt; color: #000000;\">SE\/RA\/RR, 651 <span style=\"font-size: 10pt;\"><span style=\"color: #000000;\">Missiver fol <\/span><\/span> 526v<br \/>\n<\/span><\/td>\n<td style=\"width: 49.4138%; height: 28px;\" colspan=\"2\"><span style=\"font-size: 10pt; color: #000000;\"><span style=\"color: #0000ff;\"><a style=\"color: #0000ff;\" href=\"https:\/\/sok.riksarkivet.se\/bildvisning\/A0039146_00535#?c=&amp;m=&amp;s=&amp;cv=534&amp;xywh=-46%2C352%2C4753%2C2755\">(&#8230;) om tilk\u00e5m uthi Bender<\/a><\/span><\/span><span style=\"font-size: 10pt; color: #000000;\"><span style=\"color: #0000ff;\"><br \/>\n<\/span><\/span><\/td>\n<td style=\"width: 36.3637%; height: 28px;\"><span style=\"font-size: 10pt; color: #000000;\">07-12-1711<br \/>\n<\/span><\/td>\n<\/tr>\n<tr style=\"height: 28px;\">\n<td style=\"width: 48.4411%; height: 28px;\" colspan=\"2\"><span style=\"font-size: 10pt; color: #000000;\">SE\/RA\/RR, &#8212; <span style=\"font-size: 10pt;\"><span style=\"color: #000000;\">Missiver fol <\/span><\/span> 576<br \/>\n<\/span><\/td>\n<td style=\"width: 49.4138%; height: 28px;\" colspan=\"2\"><span style=\"font-size: 10pt; color: #000000;\"><span style=\"font-size: 10pt;\">Bender,\u00a0om Carl Horns pension<\/span><\/span><span style=\"font-size: 10pt; color: #000000;\"><span style=\"font-size: 10pt;\"><br \/>\n<\/span><\/span><\/td>\n<td style=\"width: 36.3637%; height: 28px;\"><span style=\"font-size: 10pt; color: #000000;\">08-12-1711<br \/>\n<\/span><\/td>\n<\/tr>\n<tr style=\"height: 56px;\">\n<td style=\"width: 48.4411%; height: 56px;\" colspan=\"2\"><span style=\"font-size: 10pt; color: #000000;\">Brinkman&#8217;ska archivet p\u00e5 Trolle-Ljungby, deel 2, pag. 159-160<\/span><\/td>\n<td style=\"width: 49.4138%; height: 56px;\" colspan=\"2\"><span style=\"font-size: 10pt; color: #0000ff;\"><span style=\"font-size: 10pt;\"><a style=\"color: #0000ff;\" href=\"https:\/\/litteraturbanken.se\/f%C3%B6rfattare\/BrinkmanCG\/titlar\/BrinkmanskaArchivet2\/sida\/159\/faksimil?traff=lb840226_241671&amp;traffslut=lb840226_241671&amp;s_query=meijerfelt&amp;s_from=0&amp;s_to=29&amp;s_text_filter=%5Bobject%20Object%5D&amp;s_word_form_only=true&amp;s_lbworkid=lb840226&amp;hit_index=1\">Brief uit Stettin van kapitein graaf H.O.G. Wasaborg; instructie ommezijde<\/a><br \/>\n<\/span><\/span><\/td>\n<td style=\"width: 36.3637%; height: 56px;\"><span style=\"font-size: 10pt; color: #000000;\">29-12-1711<\/span><\/td>\n<\/tr>\n<tr style=\"height: 112px;\">\n<td style=\"width: 48.4411%; height: 112px;\" colspan=\"2\"><span style=\"font-size: 10pt; color: #000000;\">SE\/UUB, F 194<\/span><\/td>\n<td style=\"width: 49.4138%; height: 112px;\" colspan=\"2\"><span style=\"font-size: 10pt; color: #000000;\"><span style=\"font-size: 10pt;\"><span class=\"site-name no-print\" style=\"color: #000000; font-size: 10pt;\">Bilagor. Tidningar qv. Bref till honom 1 mil fr. Zadnieck och krigsr\u00f6relserna Und. fr\u00e5n Amalia Schack, Thomas Funck, Cap. Th. de Beaulieu, L\u00f6jtn. Chr. Matthies, fendr. H\u00fcbner ock Zander.<\/span><\/span><\/span><\/td>\n<td style=\"width: 36.3637%; height: 112px;\"><span style=\"font-size: 10pt; color: #000000;\">1711<\/span><\/td>\n<\/tr>\n<tr style=\"height: 84px;\">\n<td style=\"height: 84px; width: 48.4411%;\" colspan=\"2\"><span style=\"font-size: 10pt; color: #000000;\">SE\/UUL, <span style=\"color: #0000ff;\"><span style=\"color: #000000;\"><span style=\"font-size: 10pt;\"><span class=\"site-name no-print\">321370. Christian Ludvig von Aschebergs arkiv.<\/span><\/span><\/span><\/span><\/span><\/td>\n<td style=\"height: 84px; width: 49.4138%;\" colspan=\"2\"><span style=\"font-size: 10pt; color: #000000;\"><span style=\"font-size: 10pt;\">2 originalbrev fr\u00e5n Christoffer Martin von Schwalch (1649\u20131720)<\/span><\/span><span style=\"font-size: 10pt; color: #000000;\"><span style=\"font-size: 10pt;\"><br \/>\n<\/span><\/span><\/td>\n<td style=\"width: 36.3637%; height: 84px;\"><span style=\"font-size: 10pt; color: #000000;\">1711<\/span><\/td>\n<\/tr>\n<tr style=\"height: 112px;\">\n<td style=\"width: 48.4411%; height: 112px;\" colspan=\"2\"><span style=\"font-size: 10pt; color: #000000;\">SE\/UUL, <span style=\"color: #0000ff;\"><span style=\"color: #000000;\"><span style=\"font-size: 10pt;\"><span class=\"site-name no-print\">321370. Christian Ludvig von Aschebergs arkiv.<\/span><\/span><\/span><\/span><\/span><\/td>\n<td style=\"width: 49.4138%; height: 112px;\" colspan=\"2\"><span style=\"font-size: 10pt; color: #000000;\"><span style=\"font-size: 10pt;\">Memorial fr\u00e5n Hans Henrik von Liewen till kungen och senaten (2 avskrifter)<\/span><\/span><span style=\"font-size: 10pt; color: #000000;\"><span style=\"font-size: 10pt;\"><br \/>\n<\/span><\/span><\/td>\n<td style=\"width: 36.3637%; height: 112px;\"><span style=\"font-size: 10pt; color: #000000;\">1711<\/span><\/td>\n<\/tr>\n<tr style=\"height: 28px;\">\n<td style=\"width: 48.4411%; height: 28px;\" colspan=\"2\"><span style=\"font-size: 10pt; color: #000000;\"> SE\/RA\/720.045, Vol E 4284<\/span><\/td>\n<td style=\"height: 28px; width: 49.4138%;\" colspan=\"2\"><span style=\"font-size: 10pt; color: #000000;\"> Brief aan Arvid Bernhard Horn af Ekebyholm (1664-1742)<\/span><\/td>\n<td style=\"width: 36.3637%; height: 28px;\"><span style=\"font-size: 10pt; color: #000000;\">1711<br \/>\n<\/span><\/td>\n<\/tr>\n<tr style=\"height: 84px;\">\n<td style=\"height: 48px; width: 48.4411%;\" colspan=\"2\"><span style=\"font-size: 10pt; color: #000000;\">SE\/RA\/2102. Diplomatica Anglica, I\/26\/223<\/span><\/td>\n<td style=\"height: 48px; width: 49.4138%;\" colspan=\"2\"><span style=\"font-size: 10pt; color: #000000;\">Bref fr\u00e5n generalguvern\u00f6rnerna (\u2026) Johan August Meijerfeldt (\u2026)<\/span><\/td>\n<td style=\"width: 36.3637%; height: 48px;\"><span style=\"font-size: 10pt; color: #000000;\">\u00a0?<\/span><\/td>\n<\/tr>\n<tr style=\"height: 28px;\">\n<td style=\"width: 48.4411%; height: 28px;\" colspan=\"2\"><span style=\"font-size: 10pt; color: #000000;\">SE\/RA\/720.045, E 4284<\/span><\/td>\n<td style=\"width: 49.4138%; height: 28px;\" colspan=\"2\"><span style=\"font-size: 10pt; color: #000000;\">Brief aan Arvid Bernhard Horn<\/span><\/td>\n<td style=\"width: 36.3637%; height: 28px;\"><span style=\"font-size: 10pt; color: #000000;\">1711<\/span><\/td>\n<\/tr>\n<tr style=\"height: 56px;\">\n<td style=\"width: 48.4411%; height: 56px;\" colspan=\"2\"><span style=\"font-size: 10pt; color: #000000;\">SE\/UUB, F 175<\/span><\/td>\n<td style=\"width: 49.4138%; height: 56px;\" colspan=\"2\"><span style=\"font-size: 10pt; color: #000000;\"><span style=\"font-size: 10pt;\"><span class=\"site-name no-print\" style=\"color: #000000; font-size: 10pt;\"><span style=\"color: #0000ff;\"><a style=\"color: #0000ff;\" href=\"https:\/\/meijenfeldt.nl\/wp-content\/uploads\/2020\/09\/Catalogus.pdf\">Concepter bref, skrifvelse, ordres, pass till index<\/a><\/span><\/span><\/span><\/span><\/td>\n<td style=\"width: 36.3637%; height: 56px;\"><span style=\"font-size: 10pt; color: #000000;\">1711-1712<\/span><\/td>\n<\/tr>\n<tr style=\"height: 84px;\">\n<td style=\"height: 84px; width: 48.4411%;\" colspan=\"2\"><span style=\"font-size: 10pt; color: #000000;\">SE\/UUL, <span style=\"color: #0000ff;\"><span style=\"color: #000000;\"><span style=\"font-size: 10pt;\"><span class=\"site-name no-print\">321370. Christian Ludvig von Aschebergs arkiv.<\/span><\/span><\/span><\/span><\/span><\/td>\n<td style=\"height: 84px; width: 49.4138%;\" colspan=\"2\"><span style=\"font-size: 10pt; color: #000000;\"><span style=\"font-size: 10pt;\">3 originalbrev fr\u00e5n Hans Henrik von Liewen (1664\u20131733)<\/span><\/span><\/td>\n<td style=\"width: 36.3637%; height: 84px;\"><span style=\"font-size: 10pt; color: #000000;\">1711-1713<\/span><\/td>\n<\/tr>\n<tr style=\"height: 84px;\">\n<td style=\"height: 53px; width: 48.4411%;\" colspan=\"2\"><span style=\"font-size: 10pt; color: #000000;\">SE\/RA\/2109. Diplomatica Hollandica, I\/26\/309<\/span><\/td>\n<td style=\"height: 53px; width: 49.4138%;\" colspan=\"2\"><span style=\"font-size: 10pt; color: #000000;\">Brev fr\u00e5n generalguvern\u00f6ren Johan August von Meijerfeldt m.fl.<\/span><\/td>\n<td style=\"width: 36.3637%; height: 53px;\"><span style=\"font-size: 10pt; color: #000000;\">1711-1714<\/span><\/td>\n<\/tr>\n<tr style=\"height: 28px;\">\n<td style=\"width: 48.4411%; height: 28px;\" colspan=\"2\"><span style=\"font-size: 10pt; color: #000000;\">SE\/UUB, F 187<\/span><\/td>\n<td style=\"width: 49.4138%; height: 28px;\" colspan=\"2\"><span style=\"font-size: 10pt; color: #000000;\"><span class=\"site-name no-print\" style=\"color: #000000; font-size: 10pt;\">Bref Gen. L\u00f6jtn. M. v. Schoultz fol<\/span><\/span><\/td>\n<td style=\"width: 36.3637%; height: 28px;\"><span style=\"font-size: 10pt; color: #000000;\">1711-1715<\/span><\/td>\n<\/tr>\n<tr style=\"height: 28px;\">\n<td style=\"height: 28px; width: 48.4411%;\" colspan=\"2\"><span style=\"font-size: 10pt; color: #000000;\">SE\/UUB, F 196<\/span><\/td>\n<td style=\"height: 28px; width: 49.4138%;\" colspan=\"2\"><span style=\"font-size: 10pt; color: #000000;\"><span class=\"site-name no-print\" style=\"color: #000000; font-size: 10pt;\"><span class=\"site-name no-print\">Handlingar om f\u00f6rsvardsverket i Pommern\u00a0<\/span><\/span><\/span><\/td>\n<td style=\"width: 36.3637%; height: 28px;\"><span style=\"font-size: 10pt; color: #000000;\">1711-1715<\/span><\/td>\n<\/tr>\n<tr style=\"height: 56px;\">\n<td style=\"height: 56px; width: 48.4411%;\" colspan=\"2\"><span style=\"font-size: 10pt; color: #000000;\">SE\/RA\/732, vol. E 5094<\/span><\/td>\n<td style=\"height: 56px; width: 49.4138%;\" colspan=\"2\"><span style=\"font-size: 10pt; color: #000000;\"><span class=\"site-name no-print\" style=\"color: #000000; font-size: 10pt;\"><span class=\"site-name no-print\">3 brieven aan Nils Posse af S\u00e4by<\/span><\/span><\/span><\/td>\n<td style=\"width: 36.3637%; height: 56px;\"><span style=\"font-size: 10pt; color: #000000;\">1711-1716<\/span><\/td>\n<\/tr>\n<tr style=\"height: 336px;\">\n<td style=\"width: 48.4411%; height: 336px;\" colspan=\"2\"><span style=\"font-size: 10pt; color: #000000;\">SE\/UUL,\u00a0<span style=\"color: #0000ff;\"><span style=\"color: #000000;\"><span style=\"font-size: 10pt;\"><span class=\"site-name no-print\">321370. Christian Ludvig von Aschebergs arkiv<\/span><\/span><\/span><\/span><br \/>\n<\/span><\/td>\n<td style=\"width: 49.4138%; height: 336px;\" colspan=\"2\"><span style=\"font-size: 10pt; color: #000000;\"><span class=\"site-name no-print\" style=\"color: #000000; font-size: 10pt;\"><span class=\"site-name no-print\"><span style=\"font-size: 10pt;\">8 original skrivelser och brev fr\u00e5n Karl XII till Kungl. Senaten, Pommerska regeringen, J\u00fcrgen Mellin, Gustaf Adam Taube, Magnus Stenbock, Germund Cederhielm, Anders Leijonhielm, Per Stierncrantz, Georg Reinhold Patkull, Anders Sparfelt. 18 st.<\/span><\/span><\/span><\/span><\/td>\n<td style=\"width: 36.3637%; height: 336px;\"><span style=\"font-size: 10pt; color: #000000;\">1711-1718<\/span><\/td>\n<\/tr>\n<tr style=\"height: 28px;\">\n<td style=\"width: 44.8486%; height: 28px;\"><span style=\"font-size: 10pt; color: #000000;\">SE\/UUB, F 198<\/span><\/td>\n<td style=\"width: 53.0063%; height: 28px;\" colspan=\"3\"><span style=\"font-size: 10pt; color: #000000;\"><span style=\"font-size: 10pt;\"><span class=\"site-name no-print\" style=\"color: #000000; font-size: 10pt;\">Bref till Stats-Sekretaren L\u00f6wenheim<\/span><\/span><\/span><\/td>\n<td style=\"width: 36.3637%; height: 28px;\"><span style=\"font-size: 10pt; color: #000000;\">1711-1720<\/span><\/td>\n<\/tr>\n<tr style=\"height: 28px;\">\n<td style=\"width: 44.8486%; height: 28px;\"><span style=\"font-size: 10pt; color: #000000;\">SE\/UUB, F 188<\/span><\/td>\n<td style=\"width: 53.0063%; height: 28px;\" colspan=\"3\"><span style=\"font-size: 10pt; color: #000000;\"><span style=\"font-size: 10pt;\"><span class=\"site-name no-print\" style=\"color: #000000; font-size: 10pt;\">Bref. M. Vellingk fol<\/span><\/span><\/span><\/td>\n<td style=\"width: 36.3637%; height: 28px;\"><span style=\"font-size: 10pt; color: #000000;\">1711-1722<\/span><\/td>\n<\/tr>\n<tr style=\"height: 28px;\">\n<td style=\"width: 44.8486%; height: 28px;\"><span style=\"font-size: 10pt; color: #000000;\">SE\/RA\/Pommeranica, <span style=\"font-size: 10pt;\">I\/A\/2<br \/>\n148 t\/m <\/span>156<\/span><\/td>\n<td style=\"height: 28px; width: 53.0063%;\" colspan=\"3\"><span style=\"font-size: 10pt; color: #000000;\"><span style=\"font-size: 10pt;\">Skrivelser till Kungl. Maj:t fr\u00e5n myndigheter: Generalguvern\u00f6rer<\/span><\/span><\/td>\n<td style=\"width: 36.3637%; height: 28px;\"><span style=\"font-size: 10pt; color: #000000;\">1711-1748<\/span><\/td>\n<\/tr>\n<tr style=\"height: 29px;\">\n<td style=\"height: 29px; width: 44.8486%;\" width=\"76\"><span style=\"font-size: 10pt; color: #000000;\">SE\/RA\/RR, 657 <span style=\"font-size: 10pt;\"><span style=\"color: #000000;\">Missiver fol <\/span><\/span> 25<\/span><\/td>\n<td style=\"height: 29px; width: 53.0063%;\" colspan=\"3\" width=\"272\"><span style=\"font-size: 10pt; color: #000000;\"><span style=\"color: #0000ff;\"><a style=\"color: #0000ff;\" href=\"https:\/\/sok.riksarkivet.se\/bildvisning\/A0039152_00036#?c=&amp;m=&amp;s=&amp;cv=35&amp;xywh=352%2C-19%2C4753%2C2755\">Bender, om regementarens completarande<\/a><\/span><br \/>\n<\/span><\/td>\n<td style=\"width: 36.3637%; height: 29px;\"><span style=\"font-size: 10pt; color: #000000;\">03-02-1712<br \/>\n<\/span><\/td>\n<\/tr>\n<tr style=\"height: 28px;\">\n<td style=\"width: 44.8486%; height: 28px;\"><span style=\"font-size: 10pt; color: #000000;\">Liske, pag. 405-406<\/span><\/td>\n<td style=\"height: 28px; width: 53.0063%;\" colspan=\"3\"><span style=\"color: #0000ff;\"><a style=\"color: #0000ff;\" href=\"http:\/\/runeberg.org\/histbib\/3\/0415.html\"><span style=\"font-size: 10pt;\">Brief uit <span style=\"font-size: 10pt;\">Stettin aan <\/span>Wladislaw Poninski<\/span><\/a><\/span><\/td>\n<td style=\"width: 36.3637%; height: 28px;\"><span style=\"font-size: 10pt; color: #000000;\">27-02-1712<\/span><\/td>\n<\/tr>\n<tr style=\"height: 26px;\">\n<td style=\"height: 26px; width: 44.8486%;\" width=\"76\"><span style=\"font-size: 10pt; color: #000000;\">SE\/RA\/RR, 657 <span style=\"font-size: 10pt;\"><span style=\"color: #000000;\">Missiver fol <\/span><\/span> 153<\/span><\/td>\n<td style=\"height: 26px; width: 53.0063%;\" colspan=\"3\" width=\"272\"><span style=\"font-size: 10pt; color: #000000;\"><span style=\"color: #0000ff;\"><a style=\"color: #0000ff;\" href=\"https:\/\/sok.riksarkivet.se\/bildvisning\/A0039152_00158#?c=&amp;m=&amp;s=&amp;cv=157&amp;xywh=351%2C-20%2C4753%2C2755\">Bender, om tropperne och Pommerns tilst\u00e5nd<\/a><\/span><br \/>\n<\/span><\/td>\n<td style=\"width: 36.3637%; height: 26px;\"><span style=\"font-size: 10pt; color: #000000;\">07-03-1712<br \/>\n<\/span><\/td>\n<\/tr>\n<tr style=\"height: 11px;\">\n<td style=\"height: 11px; width: 44.8486%;\" width=\"76\"><span style=\"font-size: 10pt; color: #000000;\">SE\/RA\/RR, 657 <span style=\"font-size: 10pt;\"><span style=\"color: #000000;\">Missiver fol <\/span><\/span> 193<\/span><\/td>\n<td style=\"height: 11px; width: 53.0063%;\" colspan=\"3\" width=\"272\"><span style=\"font-size: 10pt; color: #000000;\"><span style=\"color: #0000ff;\"><a style=\"color: #0000ff;\" href=\"https:\/\/sok.riksarkivet.se\/bildvisning\/A0039152_00198#?c=&amp;m=&amp;s=&amp;cv=197&amp;xywh=644%2C40%2C4753%2C2755\">Bender, Poniatowski<\/a><\/span><br \/>\n<\/span><\/td>\n<td style=\"width: 36.3637%; height: 11px;\"><span style=\"font-size: 10pt; color: #000000;\">17-03-1712<br \/>\n<\/span><\/td>\n<\/tr>\n<tr style=\"height: 28px;\">\n<td style=\"height: 28px; width: 48.4411%;\" colspan=\"2\"><span style=\"font-size: 10pt; color: #000000;\">SE\/RA, Likvidationer 334<\/span><\/td>\n<td style=\"height: 28px; width: 49.4138%;\" colspan=\"2\"><span style=\"font-size: 10pt; color: #0000ff;\"><a style=\"color: #0000ff;\" href=\"https:\/\/sok.riksarkivet.se\/bildvisning\/A0067005_00334#?c=&amp;m=&amp;s=&amp;cv=333&amp;xywh=2128%2C1311%2C3292%2C1716\">Brief uit Bender van Koning<\/a><\/span><span style=\"font-size: 10pt; color: #0000ff;\"><br \/>\n<\/span><\/td>\n<td style=\"width: 36.3637%; height: 28px;\"><span style=\"font-size: 10pt; color: #000000;\">10-03-1712<\/span><\/td>\n<\/tr>\n<tr style=\"height: 28px;\">\n<td style=\"width: 48.4411%; height: 28px;\" colspan=\"2\"><span style=\"font-size: 10pt; color: #000000;\"><span style=\"font-size: 10pt;\">SE\/RA\/Militaria\/V\/6, M1114, fol 15-16<\/span><br \/>\n<\/span><\/td>\n<td style=\"width: 49.4138%; height: 28px;\" colspan=\"2\"><span style=\"font-size: 10pt; color: #0000ff;\"><a href=\"https:\/\/meijenfeldt.nl\/wp-content\/uploads\/2023\/02\/M1114-15-16-Brief-Koning-aan-JAMsr-Bender-1712-03-10.pdf\"><span style=\"color: #0000ff;\">Brief uit Bender van Koning<\/span><\/a><\/span><\/td>\n<td style=\"width: 36.3637%; height: 28px;\"><span style=\"font-size: 10pt; color: #000000;\">10-03-1712<\/span><\/td>\n<\/tr>\n<tr style=\"height: 28px;\">\n<td style=\"width: 44.8486%; height: 28px;\"><\/td>\n<td style=\"height: 28px; width: 53.0063%;\" colspan=\"3\"><\/td>\n<td style=\"width: 36.3637%; height: 28px;\"><\/td>\n<\/tr>\n<tr style=\"height: 84px;\">\n<td style=\"width: 44.8486%; height: 10px;\" width=\"77\"><span style=\"font-size: 10pt; color: #000000;\">SE\/RA\/720.085.002, Vol 588 <\/span><\/td>\n<td style=\"height: 10px; width: 53.0063%;\" colspan=\"3\" width=\"102\"><span style=\"font-size: 10pt; color: #000000;\">Brief aan Werwing<\/span><\/td>\n<td style=\"width: 36.3637%; height: 10px;\" width=\"168\"><span style=\"font-size: 10pt; color: #000000;\">05-03-1712<\/span><\/td>\n<\/tr>\n<tr style=\"height: 140px;\">\n<td style=\"width: 44.8486%; height: 140px;\"><span style=\"font-size: 10pt; color: #000000;\">SE\/UUB, F 104\u00a0<\/span><\/td>\n<td style=\"height: 140px; width: 53.0063%;\" colspan=\"3\"><span style=\"font-size: 10pt; color: #000000;\"><span class=\"site-name no-print\">Handlingar till Sveriges politiska historia\u00a0<\/span>1710-1712.\u00a0<span class=\"site-name no-print\">Underteckning vid Alt-Stettins postkontor<\/span>\u00a0om ett f\u00f6rloradt bref<\/span><\/td>\n<td style=\"width: 36.3637%; height: 140px;\"><span style=\"font-size: 10pt; color: #000000;\">09-04-1712<\/span><\/td>\n<\/tr>\n<tr style=\"height: 56px;\">\n<td style=\"width: 44.8486%; height: 56px;\"><span style=\"font-size: 10pt; color: #000000;\">&#8220;Handlingar r\u00f6rande Skandinaviens historia&#8221;, deel 6, pag. 310<\/span><\/td>\n<td style=\"width: 53.0063%; height: 56px;\" colspan=\"3\"><span style=\"color: #0000ff;\"><a style=\"color: #0000ff;\" href=\"http:\/\/runeberg.org\/hrsh\/6\/0319.html\"><span style=\"font-size: 10pt;\"><span class=\"site-name no-print\">Egenh\u00e4ndigt bref ifr\u00e5n konung Stanislaus<\/span><\/span><\/a><\/span><\/td>\n<td style=\"width: 36.3637%; height: 56px;\"><span style=\"font-size: 10pt; color: #000000;\">19-04-1712<\/span><\/td>\n<\/tr>\n<tr style=\"height: 10px;\">\n<td style=\"height: 10px; width: 48.4411%;\" colspan=\"2\" width=\"76\"><span style=\"font-size: 10pt; color: #000000;\">SE\/RA\/RR, 657 <span style=\"font-size: 10pt;\"><span style=\"color: #000000;\">Missiver fol <\/span><\/span> 272v<\/span><\/td>\n<td style=\"width: 49.4138%; height: 10px;\" colspan=\"2\"><span style=\"color: #0000ff;\"><span style=\"font-size: 10pt;\"><span style=\"font-size: 10pt; color: #000000;\"><span style=\"color: #0000ff;\"><a style=\"color: #0000ff;\" href=\"https:\/\/sok.riksarkivet.se\/bildvisning\/A0039152_00276#?c=&amp;m=&amp;s=&amp;cv=275&amp;xywh=473%2C604%2C4753%2C2755\"><span style=\"font-size: 10pt;\"><span style=\"font-size: 10pt; color: #000000;\"><span style=\"color: #0000ff;\">Bender,<\/span>\u00a0<\/span>Ribbing och Mellin<\/span><\/a><\/span><\/span><\/span><\/span><span style=\"color: #0000ff;\"><span style=\"font-size: 10pt;\"><span style=\"font-size: 10pt; color: #000000;\"><span style=\"color: #0000ff;\"><br \/>\n<\/span><\/span><\/span><\/span><\/td>\n<td style=\"width: 36.3637%; height: 10px;\"><span style=\"font-size: 10pt; color: #000000;\">06-05-1712<br \/>\n<\/span><\/td>\n<\/tr>\n<tr style=\"height: 28px;\">\n<td style=\"width: 44.8486%; height: 28px;\"><span style=\"font-size: 10pt; color: #000000;\">Liske, pag. 406<\/span><\/td>\n<td style=\"height: 28px; width: 39.9562%;\" colspan=\"2\"><span style=\"color: #0000ff;\"><a style=\"color: #0000ff;\" href=\"http:\/\/runeberg.org\/histbib\/3\/0416.html\"><span style=\"font-size: 10pt;\">Brief uit <span style=\"font-size: 10pt;\">Stettin aan <\/span>Wladislaw Poninski<\/span><\/a><\/span><\/td>\n<td style=\"width: 13.0501%; height: 28px;\"><\/td>\n<td style=\"width: 36.3637%; height: 28px;\"><span style=\"font-size: 10pt; color: #000000;\">20-05-1712<br \/>\n<\/span><\/td>\n<\/tr>\n<tr style=\"height: 10px;\">\n<td style=\"height: 10px; width: 48.4411%;\" colspan=\"2\" width=\"76\"><span style=\"font-size: 10pt; color: #000000;\">SE\/RA\/RR, 657 <span style=\"font-size: 10pt;\"><span style=\"color: #000000;\">Missiver fol <\/span><\/span> 332<\/span><\/td>\n<td style=\"height: 10px; width: 49.4138%;\" colspan=\"2\"><span style=\"color: #0000ff;\"><span style=\"font-size: 10pt;\"><span style=\"color: #0000ff;\"><span style=\"font-size: 10pt;\"><a style=\"color: #0000ff;\" href=\"https:\/\/sok.riksarkivet.se\/bildvisning\/A0039152_00333#?c=&amp;m=&amp;s=&amp;cv=332&amp;xywh=493%2C203%2C4753%2C2755\"><span style=\"font-size: 10pt;\"><span style=\"font-size: 10pt;\">Bender,\u00a0<\/span>Irbeckel och Sander<\/span><\/a><\/span><\/span><\/span><\/span><span style=\"color: #0000ff;\"><span style=\"font-size: 10pt;\"><span style=\"color: #0000ff;\"><span style=\"font-size: 10pt;\"><br \/>\n<\/span><\/span><\/span><\/span><\/td>\n<td style=\"width: 36.3637%; height: 10px;\"><span style=\"font-size: 10pt; color: #000000;\">05-06-1712<br \/>\n<\/span><\/td>\n<\/tr>\n<tr style=\"height: 28px;\">\n<td style=\"width: 48.4411%; height: 28px;\" colspan=\"2\"><span style=\"font-size: 10pt; color: #000000;\">SE\/RA, Likvidationer 333<\/span><\/td>\n<td style=\"width: 49.4138%; height: 28px;\" colspan=\"2\"><span style=\"font-size: 10pt; color: #0000ff;\"><a style=\"color: #0000ff;\" href=\"https:\/\/sok.riksarkivet.se\/bildvisning\/A0067005_00333#?c=&amp;m=&amp;s=&amp;cv=332&amp;xywh=2676%2C2360%2C2744%2C1430\">Brief uit Stettin aan onbekend<\/a><\/span><span style=\"font-size: 10pt; color: #0000ff;\"><br \/>\n<\/span><\/td>\n<td style=\"width: 36.3637%; height: 28px;\"><span style=\"font-size: 10pt; color: #000000;\">11-06-1712<\/span><\/td>\n<\/tr>\n<tr style=\"height: 28px;\">\n<td style=\"width: 44.8486%; height: 28px;\"><span style=\"font-size: 10pt; color: #000000;\">SE\/RA\/Ericsberg 540<\/span><\/td>\n<td style=\"height: 28px; width: 53.0063%;\" colspan=\"3\"><span style=\"font-size: 10pt; color: #000000;\"><a href=\"https:\/\/sok.riksarkivet.se\/bildvisning\/A0040220_00540#?c=&amp;m=&amp;s=&amp;cv=539&amp;xywh=51%2C282%2C2241%2C1117\"><span style=\"color: #0000ff;\">Brief uit Stettin<\/span><\/a><\/span><\/td>\n<td style=\"width: 36.3637%; height: 28px;\"><span style=\"font-size: 10pt; color: #000000;\">18-06-1712<br \/>\n<\/span><\/td>\n<\/tr>\n<tr style=\"height: 31px;\">\n<td style=\"height: 31px; width: 44.8486%;\" width=\"76\"><span style=\"font-size: 10pt; color: #000000;\">SE\/RA\/RR, 657 <span style=\"font-size: 10pt;\"><span style=\"color: #000000;\">Missiver fol <\/span><\/span> 347<\/span><\/td>\n<td style=\"height: 31px; width: 53.0063%;\" colspan=\"3\" width=\"272\"><span style=\"font-size: 10pt; color: #000000;\"><span style=\"color: #0000ff;\"><a style=\"color: #0000ff;\" href=\"https:\/\/sok.riksarkivet.se\/bildvisning\/A0039152_00348#?c=&amp;m=&amp;s=&amp;cv=347&amp;xywh=492%2C202%2C4753%2C2755\">Bender, om regementens och Stettins garnizons conservation<\/a><\/span>\u00a0<\/span><\/td>\n<td style=\"width: 36.3637%; height: 31px;\"><span style=\"font-size: 10pt; color: #000000;\">23-06-1712<br \/>\n<\/span><\/td>\n<\/tr>\n<tr style=\"height: 56px;\">\n<td style=\"width: 44.8486%; height: 56px;\"><span style=\"font-size: 10pt; color: #000000;\">Liske, pag. 406-407<br \/>\n<\/span><\/td>\n<td style=\"height: 56px; width: 53.0063%;\" colspan=\"3\"><span style=\"font-size: 10pt; color: #000000;\"><span style=\"color: #0000ff;\"><a style=\"color: #0000ff;\" href=\"http:\/\/runeberg.org\/histbib\/3\/0416.html\">Brief uit\u00a0<span style=\"font-size: 10pt;\">Stettin aan\u00a0<\/span>Wladislaw Poninski<\/a><\/span><br \/>\n<\/span><\/td>\n<td style=\"width: 36.3637%; height: 56px;\"><span style=\"font-size: 10pt; color: #000000;\">29-06-1712<br \/>\n<\/span><\/td>\n<\/tr>\n<tr style=\"height: 10px;\">\n<td style=\"height: 10px; width: 44.8486%;\" width=\"76\"><span style=\"font-size: 10pt; color: #000000;\">SE\/RA\/RR, 657 <span style=\"font-size: 10pt;\"><span style=\"color: #000000;\">Missiver fol <\/span><\/span> 477<\/span><\/td>\n<td style=\"height: 10px; width: 53.0063%;\" colspan=\"3\" width=\"272\"><span style=\"color: #0000ff;\"><a style=\"color: #0000ff;\" href=\"https:\/\/sok.riksarkivet.se\/bildvisning\/A0039152_00478#?c=&amp;m=&amp;s=&amp;cv=477&amp;xywh=255%2C564%2C4753%2C2755\"><span style=\"font-size: 10pt;\"><span style=\"font-size: 10pt; color: #000000;\"><span style=\"color: #0000ff;\">Bender,<\/span> <\/span>Wismar<\/span><\/a><\/span><\/td>\n<td style=\"width: 36.3637%; height: 10px;\"><span style=\"font-size: 10pt; color: #000000;\">23-07-1712<br \/>\n<\/span><\/td>\n<\/tr>\n<tr style=\"height: 10px;\">\n<td style=\"width: 44.8486%; height: 10px;\"><span style=\"font-size: 10pt; color: #000000;\">SE\/RA\/RR, &#8212; <span style=\"font-size: 10pt;\"><span style=\"color: #000000;\">Missiver fol <\/span><\/span> 584<br \/>\n<\/span><\/td>\n<td style=\"width: 53.0063%; height: 10px;\" colspan=\"3\"><span style=\"font-size: 10pt; color: #000000;\"><span style=\"font-size: 10pt;\">Bender, <\/span>ang,. \u00d6fwersten Albedyll utwyling (Stenbok)<\/span><span style=\"font-size: 10pt; color: #000000;\"><br \/>\n<\/span><\/td>\n<td style=\"width: 36.3637%; height: 10px;\"><span style=\"font-size: 10pt; color: #000000;\">18-08-1712<br \/>\n<\/span><\/td>\n<\/tr>\n<tr style=\"height: 28px;\">\n<td style=\"width: 44.8486%; height: 28px;\"><span style=\"font-size: 10pt; color: #000000;\">SE\/RA, Likvidationer 336\u00a0<\/span><\/td>\n<td style=\"height: 28px; width: 53.0063%;\" colspan=\"3\"><span style=\"font-size: 10pt; color: #0000ff;\"><a style=\"color: #0000ff;\" href=\"https:\/\/sok.riksarkivet.se\/bildvisning\/A0067005_00335#?c=&amp;m=&amp;s=&amp;cv=334&amp;xywh=2128%2C1312%2C3292%2C1716\">Brief uit Stettin aan Cammenier\u00a0Wingenflijcht<\/a><\/span><\/td>\n<td style=\"width: 36.3637%; height: 28px;\"><span style=\"font-size: 10pt; color: #000000;\">26-08-1712<\/span><\/td>\n<\/tr>\n<tr style=\"height: 28px;\">\n<td style=\"width: 44.8486%; height: 28px;\"><span style=\"font-size: 10pt; color: #000000;\">SE\/RA\/720.085.002, Vol 588<\/span><\/td>\n<td style=\"height: 28px; width: 53.0063%;\" colspan=\"3\"><span style=\"font-size: 10pt; color: #000000;\">Brief aan Werwing\u00a0<\/span><\/td>\n<td style=\"width: 36.3637%; height: 28px;\"><span style=\"font-size: 10pt; color: #000000;\">08-09-1712<br \/>\n<\/span><\/td>\n<\/tr>\n<tr style=\"height: 56px;\">\n<td style=\"width: 44.8486%; height: 56px;\"><span style=\"font-size: 10pt; color: #000000;\">\u201cHandlingar r\u00f6rande Skandinaviens historia\u201d, deel 7, pag. 180<\/span><\/td>\n<td style=\"width: 53.0063%; height: 56px;\" colspan=\"3\"><a href=\"http:\/\/runeberg.org\/hrsh\/7\/0189.html\"><span style=\"font-size: 10pt; color: #000000;\"><span style=\"color: #0000ff;\">Brief uit Parijs van Eric Sparre<\/span><\/span><\/a><\/td>\n<td style=\"width: 36.3637%; height: 56px;\"><span style=\"font-size: 10pt; color: #000000;\">15-09-1712<\/span><\/td>\n<\/tr>\n<tr style=\"height: 28px;\">\n<td style=\"width: 44.8486%; height: 28px;\"><span style=\"font-size: 10pt; color: #000000;\">SE\/RA\/720.085.002, Vol 588<\/span><\/td>\n<td style=\"height: 28px; width: 53.0063%;\" colspan=\"3\"><span style=\"font-size: 10pt; color: #000000;\">Brief aan Werwing\u00a0<\/span><\/td>\n<td style=\"width: 36.3637%; height: 28px;\"><span style=\"font-size: 10pt; color: #000000;\">29-09-1712<br \/>\n<\/span><\/td>\n<\/tr>\n<tr style=\"height: 28px;\">\n<td style=\"width: 44.8486%; height: 28px;\"><span style=\"font-size: 10pt;\">SE\/RA\/Ericsberg 543<\/span><\/td>\n<td style=\"width: 53.0063%; height: 28px;\" colspan=\"3\"><span style=\"font-size: 10pt; color: #000000;\"><a href=\"https:\/\/sok.riksarkivet.se\/bildvisning\/A0040220_00543#?c=&amp;m=&amp;s=&amp;cv=542&amp;xywh=326%2C471%2C1867%2C930\"><span style=\"color: #0000ff;\">Brief uit Stralsund<\/span><\/a><\/span><\/td>\n<td style=\"width: 36.3637%; height: 28px;\"><span style=\"font-size: 10pt; color: #000000;\">02-10-1712<\/span><\/td>\n<\/tr>\n<tr style=\"height: 28px;\">\n<td style=\"width: 44.8486%; height: 28px;\"><span style=\"font-size: 10pt; color: #000000;\"><span style=\"font-size: 10pt;\">SE\/RA\/Ericsberg <span style=\"color: #333333;\">550<\/span><br \/>\n<\/span><\/span><\/td>\n<td style=\"width: 53.0063%; height: 28px;\" colspan=\"3\"><span style=\"font-size: 10pt; color: #000000;\"><span style=\"color: #0000ff;\"><a style=\"color: #0000ff;\" href=\"https:\/\/sok.riksarkivet.se\/bildvisning\/A0040220_00550#?c=&amp;m=&amp;s=&amp;cv=549&amp;xywh=-1483%2C145%2C5573%2C2778\">Brief uit Stettin<\/a><br \/>\n<\/span><\/span><\/td>\n<td style=\"width: 36.3637%; height: 28px;\"><span style=\"font-size: 10pt; color: #000000;\">06-10-1712<br \/>\n<\/span><\/td>\n<\/tr>\n<tr style=\"height: 28px;\">\n<td style=\"width: 44.8486%; height: 28px;\"><span style=\"font-size: 10pt; color: #000000;\"><span style=\"font-size: 10pt;\">SE\/RA\/Ericsberg 548<\/span><\/span><\/td>\n<td style=\"width: 53.0063%; height: 28px;\" colspan=\"3\"><span style=\"font-size: 10pt; color: #000000;\"><span style=\"color: #0000ff;\"><a style=\"color: #0000ff;\" href=\"https:\/\/sok.riksarkivet.se\/bildvisning\/A0040220_00548#?c=&amp;m=&amp;s=&amp;cv=547&amp;xywh=-2033%2C-197%2C6688%2C3334\">Brief uit Stettin<\/a><\/span><br \/>\n<\/span><\/td>\n<td style=\"width: 36.3637%; height: 28px;\"><span style=\"font-size: 10pt; color: #000000;\">08-10-1712<br \/>\n<\/span><\/td>\n<\/tr>\n<tr style=\"height: 28px;\">\n<td style=\"width: 44.8486%; height: 28px;\"><span style=\"font-size: 10pt;\"><span style=\"font-size: 10pt; color: #000000;\">SE\/RA\/Ericsberg <\/span>553<\/span><\/td>\n<td style=\"width: 53.0063%; height: 28px;\" colspan=\"3\"><span style=\"font-size: 10pt; color: #0000ff;\"><a style=\"color: #0000ff;\" href=\"https:\/\/sok.riksarkivet.se\/bildvisning\/A0040220_00553#?c=&amp;m=&amp;s=&amp;cv=552&amp;xywh=-1471%2C142%2C5573%2C2778\">Brief uit Stettin<\/a><\/span><\/td>\n<td style=\"width: 36.3637%; height: 28px;\"><span style=\"font-size: 10pt; color: #000000;\">22-10-1712<br \/>\n<\/span><\/td>\n<\/tr>\n<tr style=\"height: 28px;\">\n<td style=\"width: 44.8486%; height: 28px;\"><span style=\"font-size: 10pt;\"><span style=\"font-size: 10pt; color: #000000;\">SE\/RA\/Ericsberg <\/span>555<\/span><\/td>\n<td style=\"width: 53.0063%; height: 28px;\" colspan=\"3\"><span style=\"font-size: 10pt; color: #0000ff;\"><a style=\"color: #0000ff;\" href=\"https:\/\/sok.riksarkivet.se\/bildvisning\/A0040220_00555#?c=&amp;m=&amp;s=&amp;cv=554&amp;xywh=-1447%2C238%2C5573%2C2778\">Brief uit Stettin<\/a><\/span><\/td>\n<td style=\"width: 36.3637%; height: 28px;\"><span style=\"font-size: 10pt; color: #000000;\">24-10-1712<br \/>\n<\/span><\/td>\n<\/tr>\n<tr style=\"height: 10px;\">\n<td style=\"height: 10px; width: 44.8486%;\" width=\"76\"><span style=\"font-size: 10pt; color: #000000;\">SE\/RA\/RR, 657 <span style=\"font-size: 10pt;\"><span style=\"color: #000000;\">Missiver fol <\/span><\/span> 614v<\/span><\/td>\n<td style=\"height: 10px; width: 53.0063%;\" colspan=\"3\" width=\"272\"><span style=\"font-size: 10pt; color: #000000;\"><span style=\"color: #0000ff;\"><a style=\"color: #0000ff;\" href=\"https:\/\/sok.riksarkivet.se\/bildvisning\/A0039152_00616#?c=&amp;m=&amp;s=&amp;cv=615&amp;xywh=166%2C608%2C4752%2C2755\">Bender, at gat\u00e5ga sig drottningens af Polen skuld i Stettin<\/a><\/span><\/span><\/td>\n<td style=\"width: 36.3637%; height: 10px;\"><span style=\"font-size: 10pt; color: #000000;\">05-11-1712<br \/>\n<\/span><\/td>\n<\/tr>\n<tr style=\"height: 28px;\">\n<td style=\"width: 44.8486%; height: 28px;\"><span style=\"font-size: 10pt;\"><span style=\"font-size: 10pt; color: #000000;\">SE\/RA\/Ericsberg <\/span>557<\/span><\/td>\n<td style=\"height: 28px; width: 53.0063%;\" colspan=\"3\"><span style=\"font-size: 10pt; color: #0000ff;\"><a style=\"color: #0000ff;\" href=\"https:\/\/sok.riksarkivet.se\/bildvisning\/A0040220_00557#?c=&amp;m=&amp;s=&amp;cv=556&amp;xywh=-1443%2C491%2C5573%2C2778\">Brief uit Stettin<\/a><\/span><\/td>\n<td style=\"width: 36.3637%; height: 28px;\"><span style=\"font-size: 10pt; color: #000000;\">08-11-1712<br \/>\n<\/span><\/td>\n<\/tr>\n<tr style=\"height: 10px;\">\n<td style=\"height: 10px; width: 44.8486%;\" width=\"76\"><span style=\"font-size: 10pt; color: #000000;\">SE\/RA\/RR, 657 <span style=\"font-size: 10pt;\"><span style=\"color: #000000;\">Missiver fol <\/span><\/span> 652<\/span><\/td>\n<td style=\"height: 10px; width: 53.0063%;\" colspan=\"3\" width=\"272\"><span style=\"font-size: 10pt; color: #000000;\"><span style=\"color: #0000ff;\"><a style=\"color: #0000ff;\" href=\"https:\/\/sok.riksarkivet.se\/bildvisning\/A0039152_00653#?c=&amp;m=&amp;s=&amp;cv=652&amp;xywh=727%2C1097%2C4752%2C2755\">Bender, Expresse<\/a><\/span><\/span><\/td>\n<td style=\"width: 36.3637%; height: 10px;\"><span style=\"font-size: 10pt; color: #000000;\">13-12-1712<br \/>\n<\/span><\/td>\n<\/tr>\n<tr style=\"height: 28px;\">\n<td style=\"width: 44.8486%; height: 28px;\"><span style=\"font-size: 10pt; color: #000000;\">SE\/RA\/720.085.002, Vol 588<\/span><\/td>\n<td style=\"height: 28px; width: 53.0063%;\" colspan=\"3\"><span style=\"font-size: 10pt; color: #000000;\">Brief aan Werwing<\/span><\/td>\n<td style=\"width: 36.3637%; height: 28px;\"><span style=\"font-size: 10pt; color: #000000;\">29-12-1712<br \/>\n<\/span><\/td>\n<\/tr>\n<tr style=\"height: 16px;\">\n<td style=\"width: 44.8486%; height: 16px;\"><span style=\"font-size: 10pt; color: #000000;\">SE\/RA\/710.004, vol K 247<\/span><\/td>\n<td style=\"width: 53.0063%; height: 16px;\" colspan=\"3\"><span style=\"font-size: 10pt; color: #000000;\">Brief aan Ulrika Eleonora (koningin 1719-1741)<\/span><\/td>\n<td style=\"width: 36.3637%; height: 16px;\"><span style=\"font-size: 10pt; color: #000000;\">1712<br \/>\n<\/span><\/td>\n<\/tr>\n<tr style=\"height: 56px;\">\n<td style=\"width: 44.8486%; height: 56px;\"><span style=\"font-size: 10pt; color: #000000;\">SE\/UUB, Meijerfelts papper<\/span><\/td>\n<td style=\"width: 53.0063%; height: 56px;\" colspan=\"3\"><span style=\"font-size: 10pt; color: #000000;\"><span class=\"site-name no-print\" style=\"color: #000000; font-size: 10pt;\">Specification och inventarier \u00f6fver saker s\u00e4nda f\u00f6r honom och gen. l\u00f6jtn. Axel Sparre<\/span><\/span><\/td>\n<td style=\"width: 36.3637%; height: 56px;\"><span style=\"font-size: 10pt; color: #000000;\">1712-1715<\/span><\/td>\n<\/tr>\n<tr style=\"height: 56px;\">\n<td style=\"width: 44.8486%; height: 22px;\"><span style=\"font-size: 10pt; color: #000000;\">SE\/RA\/720.626 vol E 5994 <\/span><\/td>\n<td style=\"height: 22px; width: 53.0063%;\" colspan=\"3\"><span style=\"font-size: 10pt; color: #000000;\">Brief aan Mauritz Vellingk 1651-1727<\/span><\/td>\n<td style=\"width: 36.3637%; height: 22px;\"><span style=\"font-size: 10pt; color: #000000;\">1712-1720<br \/>\n<\/span><\/td>\n<\/tr>\n<tr style=\"height: 28px;\">\n<td style=\"width: 44.8486%; height: 28px;\"><span style=\"font-size: 10pt; color: #000000;\">SE\/RA\/710.005. vol K 365<\/span><\/td>\n<td style=\"width: 53.0063%; height: 28px;\" colspan=\"3\"><span style=\"font-size: 10pt; color: #000000;\"><span style=\"font-size: 10pt;\">16 brieven aan koningin Ulrika Eleonora<\/span><\/span><\/td>\n<td style=\"width: 36.3637%; height: 28px;\"><span style=\"font-size: 10pt; color: #000000;\">1712-1741<\/span><\/td>\n<\/tr>\n<tr style=\"height: 168px;\">\n<td style=\"width: 44.8486%; height: 168px;\"><span style=\"font-size: 10pt; color: #000000;\">SE\/RA\/RR, 664 <span style=\"font-size: 10pt;\"><span style=\"color: #000000;\">Kgl: Senat fol<\/span><\/span>\u00a0188v<br \/>\n<\/span><\/td>\n<td style=\"width: 53.0063%; height: 168px;\" colspan=\"3\"><span style=\"font-size: 10pt; color: #000000;\"><span style=\"font-size: 10pt;\">Stockholm, &#8220;<\/span><span style=\"color: #0000ff;\"><a style=\"color: #0000ff;\" href=\"https:\/\/sok.riksarkivet.se\/bildvisning\/A0039159_00194#?c=&amp;m=&amp;s=&amp;cv=193&amp;xywh=-28%2C777%2C4753%2C2755\">wegen dess anstalten so gemacht worden zur \u00fcberschaffung des n\u00f6htigen getruijdes und \u00fcbermachung einiger gelder nach Stralsund von dortiger Milici, wie auch wass vor verf\u00e4gung gemacht worden umb die Festung Stettin mit allem ben\u00f6tigten zu succurriren<\/a><\/span>.&#8221;<\/span><span style=\"font-size: 10pt; color: #000000;\"><br \/>\n<\/span><\/td>\n<td style=\"width: 36.3637%; height: 168px;\"><span style=\"font-size: 10pt; color: #000000;\">20-01-1713<br \/>\n<\/span><\/td>\n<\/tr>\n<tr style=\"height: 28px;\">\n<td style=\"width: 44.8486%; height: 28px;\"><span style=\"font-size: 10pt;\"><span style=\"font-size: 10pt; color: #000000;\">SE\/RA\/720.085.002, Vol 588<\/span><\/span><\/td>\n<td style=\"height: 28px; width: 53.0063%;\" colspan=\"3\"><span style=\"font-size: 10pt; color: #000000;\">Brief aan Werwing<\/span><\/td>\n<td style=\"width: 36.3637%; height: 28px;\"><span style=\"font-size: 10pt; color: #000000;\">23-01-1713<br \/>\n<\/span><\/td>\n<\/tr>\n<tr style=\"height: 56px;\">\n<td style=\"width: 44.8486%; height: 56px;\"><span style=\"font-size: 10pt;\"><span style=\"font-size: 10pt; color: #000000;\">\u201cHandlingar r\u00f6rande Skandinaviens historia\u201d, deel, pag. 182<\/span><\/span><\/td>\n<td style=\"width: 53.0063%; height: 56px;\" colspan=\"3\"><span style=\"color: #0000ff;\"><a style=\"color: #0000ff;\" href=\"http:\/\/runeberg.org\/hrsh\/7\/0191.html\"><span style=\"font-size: 10pt;\">Brief uit Parijs van Eric Sparre<\/span><\/a><\/span><\/td>\n<td style=\"width: 36.3637%; height: 56px;\"><span style=\"font-size: 10pt; color: #000000;\">27-01-1713<\/span><\/td>\n<\/tr>\n<tr style=\"height: 28px;\">\n<td style=\"width: 44.8486%; height: 28px;\"><span style=\"font-size: 10pt;\"><span style=\"font-size: 10pt; color: #000000;\">SE\/RA\/720.085.002, Vol 588<\/span><\/span><\/td>\n<td style=\"height: 28px; width: 53.0063%;\" colspan=\"3\"><span style=\"font-size: 10pt; color: #000000;\">Brief aan Werwing<\/span><\/td>\n<td style=\"width: 36.3637%; height: 28px;\"><span style=\"font-size: 10pt; color: #000000;\">20-02-1713<br \/>\n<\/span><\/td>\n<\/tr>\n<tr style=\"height: 10px;\">\n<td style=\"height: 10px; width: 44.8486%;\" width=\"76\"><span style=\"font-size: 10pt; color: #000000;\">SE\/RA\/RR, 663 <span style=\"font-size: 10pt;\"><span style=\"color: #000000;\">\u00d6pen Bref<\/span><\/span> fol 53<br \/>\n<\/span><\/td>\n<td style=\"height: 10px; width: 53.0063%;\" colspan=\"3\" width=\"272\"><span style=\"font-size: 10pt; color: #000000;\"><span style=\"color: #0000ff;\"><a style=\"color: #0000ff;\" href=\"https:\/\/sok.riksarkivet.se\/bildvisning\/A0039158_00058#?c=&amp;m=&amp;s=&amp;cv=57&amp;xywh=-296%2C691%2C4753%2C2755\">Demotika, Kongl. R\u00e5d vocation<\/a><\/span><br \/>\n<\/span><\/td>\n<td style=\"width: 36.3637%; height: 10px;\"><span style=\"font-size: 10pt; color: #000000;\">27-03-1713<br \/>\n<\/span><\/td>\n<\/tr>\n<tr style=\"height: 10px;\">\n<td style=\"height: 10px; width: 44.8486%;\" width=\"76\"><span style=\"font-size: 10pt; color: #000000;\">SE\/RA\/RR, 663 <span style=\"font-size: 10pt;\"><span style=\"color: #000000;\">\u00d6pen Bref<\/span><\/span> fol 58<\/span><\/td>\n<td style=\"height: 10px; width: 53.0063%;\" colspan=\"3\" width=\"272\"><span style=\"font-size: 10pt; color: #000000;\"><span style=\"color: #0000ff;\"><a style=\"color: #0000ff;\" href=\"https:\/\/sok.riksarkivet.se\/bildvisning\/A0039158_00063#?c=&amp;m=&amp;s=&amp;cv=62&amp;xywh=-1241%2C491%2C6844%2C3967\">Demotika, Gen. Gouverneurs fullmakt<\/a><\/span><br \/>\n<\/span><\/td>\n<td style=\"width: 36.3637%; height: 10px;\"><span style=\"font-size: 10pt; color: #000000;\">27-03-1713<br \/>\n<\/span><\/td>\n<\/tr>\n<tr style=\"height: 36px;\">\n<td style=\"width: 44.8486%; height: 36px;\"><span style=\"font-size: 10pt; color: #000000;\">SE\/RA\/RR, 665 <span style=\"font-size: 10pt;\"><span style=\"color: #000000;\">Kgl: Senat fol<\/span><\/span> <\/span><span style=\"font-size: 10pt; color: #000000;\">704<\/span><\/td>\n<td style=\"width: 53.0063%; height: 36px;\" colspan=\"3\"><span style=\"font-size: 10pt; color: #000000;\"><span style=\"color: #0000ff;\"><a style=\"color: #0000ff;\" href=\"https:\/\/sok.riksarkivet.se\/bildvisning\/A0039160_00714#?c=&amp;m=&amp;s=&amp;cv=713&amp;xywh=805%2C1449%2C4753%2C2755\">Stockholm, belang des dortigen Landes Zustand und negotierung einiger Gelder<\/a><\/span><\/span><\/td>\n<td style=\"width: 36.3637%; height: 36px;\"><span style=\"font-size: 10pt; color: #000000;\">21-04-1713<br \/>\n<\/span><\/td>\n<\/tr>\n<tr style=\"height: 28px;\">\n<td style=\"width: 44.8486%; height: 28px;\"><span style=\"font-size: 10pt;\"><span style=\"font-size: 10pt; color: #000000;\">SE\/RA\/720.085.002, Vol 588<\/span><\/span><\/td>\n<td style=\"height: 28px; width: 53.0063%;\" colspan=\"3\"><span style=\"font-size: 10pt; color: #000000;\">Brief aan Werwing<\/span><\/td>\n<td style=\"width: 36.3637%; height: 28px;\"><span style=\"font-size: 10pt; color: #000000;\">15-05-1713<br \/>\n<\/span><\/td>\n<\/tr>\n<tr style=\"height: 10px;\">\n<td style=\"height: 10px; width: 44.8486%;\" width=\"76\"><span style=\"font-size: 10pt; color: #000000;\">SE\/RA\/RR, 663 <span style=\"font-size: 10pt;\"><span style=\"color: #000000;\">Missiver fol <\/span><\/span> 157v<\/span><\/td>\n<td style=\"height: 10px; width: 53.0063%;\" colspan=\"3\" width=\"272\"><span style=\"font-size: 10pt; color: #000000;\"><span style=\"color: #0000ff;\"><a style=\"color: #0000ff;\" href=\"https:\/\/sok.riksarkivet.se\/bildvisning\/A0039158_00163#?c=&amp;m=&amp;s=&amp;cv=162&amp;xywh=-340%2C1116%2C5393%2C3019\">Demotika, om n\u00e5gra avancementer<\/a><\/span><\/span><\/td>\n<td style=\"width: 36.3637%; height: 10px;\"><span style=\"font-size: 10pt; color: #000000;\">18-05-1713<br \/>\n<\/span><\/td>\n<\/tr>\n<tr style=\"height: 10px;\">\n<td style=\"width: 44.8486%; height: 10px;\"><span style=\"font-size: 10pt; color: #000000;\">SE\/RA\/RR, 666 <span style=\"font-size: 10pt;\"><span style=\"color: #000000;\">Kgl: Senat fol<\/span><\/span> 261<br \/>\n<\/span><\/td>\n<td style=\"width: 53.0063%; height: 10px;\" colspan=\"3\"><span style=\"font-size: 10pt; color: #000000;\"><span style=\"color: #0000ff;\"><a style=\"color: #0000ff;\" href=\"https:\/\/sok.riksarkivet.se\/bildvisning\/A0039161_00267#?c=&amp;m=&amp;s=&amp;cv=266&amp;xywh=1946%2C1374%2C3300%2C1913\">Stockholm, von wegen des Gen: Lieut:s Taube&#8217;s hinher reisen<\/a><\/span><\/span><\/td>\n<td style=\"width: 36.3637%; height: 10px;\"><span style=\"font-size: 10pt; color: #000000;\">29-05-1713<br \/>\n<\/span><\/td>\n<\/tr>\n<tr style=\"height: 28px;\">\n<td style=\"width: 44.8486%; height: 28px;\"><span style=\"font-size: 10pt;\"><span style=\"font-size: 10pt; color: #000000;\">SE\/RA\/720.085.002, Vol 588<\/span><\/span><\/td>\n<td style=\"height: 28px; width: 53.0063%;\" colspan=\"3\"><span style=\"font-size: 10pt; color: #000000;\">Brief aan\u00a0<\/span><span style=\"font-size: 10pt; color: #000000;\">Werwing<\/span><\/td>\n<td style=\"width: 36.3637%; height: 28px;\"><span style=\"font-size: 10pt; color: #000000;\">30-06-1713<br \/>\n<\/span><\/td>\n<\/tr>\n<tr style=\"height: 28px;\">\n<td style=\"width: 44.8486%; height: 10px;\"><span style=\"font-size: 10pt;\"><span style=\"font-size: 10pt; color: #000000;\">SE\/RA\/720.085.002 Vol 588<\/span><\/span><\/td>\n<td style=\"width: 53.0063%; height: 10px;\" colspan=\"3\"><span style=\"font-size: 10pt; color: #000000;\">Brief aan Werwing<\/span><\/td>\n<td style=\"width: 36.3637%; height: 10px;\"><span style=\"font-size: 10pt; color: #000000;\">03-07-1713<br \/>\n<\/span><\/td>\n<\/tr>\n<tr style=\"height: 28px;\">\n<td style=\"width: 44.8486%; height: 28px;\"><span style=\"font-size: 10pt;\"><span style=\"font-size: 10pt; color: #000000;\">SE\/RA\/720.085.002, Vol 588<\/span><\/span><\/td>\n<td style=\"width: 53.0063%; height: 28px;\" colspan=\"3\"><span style=\"font-size: 10pt; color: #000000;\">Brief aan Werwing<\/span><\/td>\n<td style=\"width: 36.3637%; height: 28px;\"><span style=\"font-size: 10pt; color: #000000;\">19-07-1713<br \/>\n<\/span><\/td>\n<\/tr>\n<tr style=\"height: 28px;\">\n<td style=\"width: 44.8486%; height: 28px;\"><span style=\"font-size: 10pt;\"><span style=\"font-size: 10pt; color: #000000;\">SE\/RA\/720.085.002, Vol 588<\/span><\/span><\/td>\n<td style=\"width: 53.0063%; height: 28px;\" colspan=\"3\"><span style=\"font-size: 10pt; color: #000000;\">Brief aan Werwing\u00a0<\/span><\/td>\n<td style=\"width: 36.3637%; height: 28px;\"><span style=\"font-size: 10pt; color: #000000;\">22-07-1713<br \/>\n<\/span><\/td>\n<\/tr>\n<tr style=\"height: 28px;\">\n<td style=\"width: 44.8486%; height: 28px;\"><span style=\"font-size: 10pt; color: #000000;\">SE\/RA\/720.085.002, Vol 588<\/span><\/td>\n<td style=\"width: 53.0063%; height: 28px;\" colspan=\"3\"><span style=\"font-size: 10pt; color: #000000;\">Brief aan Werwing<\/span><\/td>\n<td style=\"width: 36.3637%; height: 28px;\"><span style=\"font-size: 10pt; color: #000000;\">27-07-1713<br \/>\n<\/span><\/td>\n<\/tr>\n<tr style=\"height: 69px;\">\n<td style=\"width: 44.8486%; height: 69px;\"><span style=\"font-size: 10pt; color: #000000;\">SE\/RA\/RR, 667 <span style=\"font-size: 10pt;\"><span style=\"color: #000000;\">Kgl: Senat fol<\/span><\/span> 55<br \/>\n<\/span><\/td>\n<td style=\"width: 53.0063%; height: 69px;\" colspan=\"3\"><span style=\"font-size: 10pt; color: #000000;\"><span style=\"color: #0000ff;\"><a style=\"color: #0000ff;\" href=\"https:\/\/sok.riksarkivet.se\/bildvisning\/A0039162_00061#?c=&amp;m=&amp;s=&amp;cv=60&amp;xywh=381%2C155%2C4753%2C2755\"><span style=\"font-size: 10pt;\">Stockholm, <\/span>svar p\u00e5 dess bref ang. stettiniske garnisonens unds\u00e4ttning och 20000 rdrs meddelande af ran\u00e7ons medlen<\/a><\/span><\/span><span style=\"font-size: 10pt; color: #000000;\"><br \/>\n<\/span><\/td>\n<td style=\"width: 36.3637%; height: 69px;\"><span style=\"font-size: 10pt; color: #000000;\">08-08-1713<br \/>\n<\/span><\/td>\n<\/tr>\n<tr style=\"height: 112px;\">\n<td style=\"width: 44.8486%; height: 66px;\"><span style=\"font-size: 10pt; color: #000000;\">SE\/UUB, F 109. <span class=\"site-name no-print\">Handlingar till Sveriges politiska historia <\/span>1710-1714.<\/span><\/td>\n<td style=\"width: 53.0063%; height: 66px;\" colspan=\"3\"><span style=\"font-size: 10pt; color: #000000;\"><span class=\"site-name no-print\">Bref fr. Karl XII fr\u00e5n Timmertasch att ej intaga \u2026mande bes\u00e4ttning i Stettin<\/span><\/span><\/td>\n<td style=\"width: 36.3637%; height: 66px;\"><span style=\"font-size: 10pt; color: #000000;\">10-08-1713<\/span><\/td>\n<\/tr>\n<tr style=\"height: 10px;\">\n<td style=\"width: 44.8486%; height: 10px;\"><span style=\"font-size: 10pt; color: #000000;\"><span style=\"font-size: 10pt;\">SE\/RA\/Militaria\/V\/6, M1114, fol 17<\/span><\/span><\/td>\n<td style=\"width: 53.0063%; height: 10px;\" colspan=\"3\"><span style=\"font-size: 10pt; color: #0000ff;\"><a style=\"color: #0000ff;\" href=\"https:\/\/meijenfeldt.nl\/wp-content\/uploads\/2023\/02\/M1114-17-Brief-Koning-aan-JAMsr-Timertasch-1713-08-12.pdf\">Brief uit Timertasch van Koning<\/a><\/span><\/td>\n<td style=\"width: 36.3637%; height: 10px;\"><span style=\"font-size: 10pt; color: #000000;\">12-08-1713<\/span><\/td>\n<\/tr>\n<tr style=\"height: 28px;\">\n<td style=\"width: 44.8486%; height: 28px;\"><span style=\"font-size: 10pt; color: #000000;\">SE\/RA\/720.085.002, Vol 588<\/span><\/td>\n<td style=\"height: 28px; width: 53.0063%;\" colspan=\"3\"><span style=\"font-size: 10pt; color: #000000;\">Brief aan Werwing<\/span><\/td>\n<td style=\"width: 36.3637%; height: 28px;\"><span style=\"font-size: 10pt; color: #000000;\">12-08-1713<br \/>\n<\/span><\/td>\n<\/tr>\n<tr style=\"height: 28px;\">\n<td style=\"width: 44.8486%; height: 28px;\"><span style=\"font-size: 10pt; color: #000000;\">SE\/RA\/720.085.002, Vol 588<\/span><\/td>\n<td style=\"height: 28px; width: 53.0063%;\" colspan=\"3\"><span style=\"font-size: 10pt; color: #000000;\">Brief aan Werwing\u00a0<\/span><\/td>\n<td style=\"width: 36.3637%; height: 28px;\"><span style=\"font-size: 10pt; color: #000000;\">19-08-1713<br \/>\n<\/span><\/td>\n<\/tr>\n<tr style=\"height: 10px;\">\n<td style=\"height: 10px; width: 44.8486%;\" width=\"76\"><span style=\"font-size: 10pt; color: #000000;\">SE\/RA\/RR, 663 <span style=\"font-size: 10pt;\"><span style=\"color: #000000;\">Missiver fol <\/span><\/span> 358 e.v.<br \/>\n<\/span><\/td>\n<td style=\"height: 10px; width: 53.0063%;\" colspan=\"3\" width=\"272\"><span style=\"font-size: 10pt; color: #000000;\"><span style=\"color: #0000ff;\"><a style=\"color: #0000ff;\" href=\"https:\/\/sok.riksarkivet.se\/bildvisning\/A0039158_00361#?c=&amp;m=&amp;s=&amp;cv=360&amp;xywh=268%2C967%2C5393%2C3019\"><span style=\"color: #000000;\"><span style=\"color: #0000ff;\">Demotika Officieren<\/span><\/span> Landmilitie<\/a><br \/>\n<\/span><span style=\"color: #0000ff;\"><a style=\"color: #0000ff;\" href=\"https:\/\/sok.riksarkivet.se\/bildvisning\/A0039158_00364#?c=&amp;m=&amp;s=&amp;cv=363&amp;xywh=-81%2C40%2C5393%2C3019\">Garnizoen Stettin<\/a><\/span><br \/>\n<\/span><\/td>\n<td style=\"width: 36.3637%; height: 10px;\"><span style=\"font-size: 10pt; color: #000000;\">10-08-1713<br \/>\n<\/span><\/td>\n<\/tr>\n<tr style=\"height: 25px;\">\n<td style=\"height: 25px; width: 44.8486%;\" width=\"76\"><span style=\"font-size: 10pt; color: #000000;\">SE\/RA\/RR, 663 <span style=\"font-size: 10pt;\"><span style=\"color: #000000;\">\u00d6pen Bref<\/span><\/span> fol 388<\/span><\/td>\n<td style=\"height: 25px; width: 53.0063%;\" colspan=\"3\" width=\"272\"><span style=\"font-size: 10pt; color: #000000;\"><span style=\"color: #0000ff;\"><a style=\"color: #0000ff;\" href=\"https:\/\/sok.riksarkivet.se\/bildvisning\/A0039158_00377#?c=&amp;m=&amp;s=&amp;cv=376&amp;xywh=-80%2C511%2C5393%2C3019\">Demotika, Resolution Memorial<\/a><\/span><br \/>\n<\/span><\/td>\n<td style=\"width: 36.3637%; height: 25px;\"><span style=\"font-size: 10pt; color: #000000;\">12-08-1713<br \/>\n<\/span><\/td>\n<\/tr>\n<tr style=\"height: 21px;\">\n<td style=\"height: 21px; width: 44.8486%;\" width=\"76\"><span style=\"font-size: 10pt; color: #000000;\">SE\/RA\/RR, 663 <span style=\"font-size: 10pt;\"><span style=\"color: #000000;\">Missiver fol <\/span><\/span> 440<\/span><\/td>\n<td style=\"height: 21px; width: 53.0063%;\" colspan=\"3\" width=\"272\"><span style=\"font-size: 10pt; color: #000000;\"><span style=\"color: #0000ff;\"><a style=\"color: #0000ff;\" href=\"https:\/\/sok.riksarkivet.se\/bildvisning\/A0039158_00404#?c=&amp;m=&amp;s=&amp;cv=403&amp;xywh=-283%2C1251%2C5393%2C3019\">Demotika, Cronstr\u00f6m<\/a><\/span><br \/>\n<\/span><\/td>\n<td style=\"width: 36.3637%; height: 21px;\"><span style=\"font-size: 10pt; color: #000000;\">22-08-1713<br \/>\n<\/span><\/td>\n<\/tr>\n<tr style=\"height: 28px;\">\n<td style=\"width: 44.8486%; height: 28px;\"><span style=\"font-size: 10pt; color: #000000;\">SE\/RA\/RR, 668 <span style=\"font-size: 10pt;\"><span style=\"color: #000000;\">Kgl: Senat fol<\/span><\/span> 57v<br \/>\n<\/span><\/td>\n<td style=\"width: 53.0063%; height: 28px;\" colspan=\"3\"><span style=\"font-size: 10pt; color: #000000;\"><span style=\"color: #0000ff;\"><a style=\"color: #0000ff;\" href=\"https:\/\/sok.riksarkivet.se\/bildvisning\/A0039163_00064#?c=&amp;m=&amp;s=&amp;cv=63&amp;xywh=418%2C307%2C4753%2C2755\"><span style=\"font-size: 10pt;\">Stockholm, <\/span>wegens der vestung Stettin<\/a><\/span><br \/>\n<\/span><\/td>\n<td style=\"width: 36.3637%; height: 28px;\"><span style=\"font-size: 10pt; color: #000000;\">04-11-1713<br \/>\n<\/span><\/td>\n<\/tr>\n<tr style=\"height: 28px;\">\n<td style=\"width: 44.8486%; height: 28px;\"><span style=\"font-size: 10pt; color: #000000;\">SE\/RA\/720.085.002 Vol 588<\/span><\/td>\n<td style=\"height: 28px; width: 53.0063%;\" colspan=\"3\"><span style=\"font-size: 10pt; color: #000000;\">Brief aan Johan Gabriel Werwing (-1715)<\/span><\/td>\n<td style=\"width: 36.3637%; height: 28px;\"><span style=\"font-size: 10pt; color: #000000;\">09-11-1713<br \/>\n<\/span><\/td>\n<\/tr>\n<tr style=\"height: 25px;\">\n<td style=\"height: 25px; width: 44.8486%;\" width=\"76\"><span style=\"font-size: 10pt; color: #000000;\">SE\/RA\/RR, 663 <span style=\"font-size: 10pt;\"><span style=\"color: #000000;\">Missiver fol <\/span><\/span> 401<\/span><\/td>\n<td style=\"height: 25px; width: 53.0063%;\" colspan=\"3\" width=\"272\"><span style=\"font-size: 10pt; color: #000000;\"><span style=\"color: #0000ff;\"><a style=\"color: #0000ff;\" href=\"https:\/\/sok.riksarkivet.se\/bildvisning\/A0039158_00385#?c=&amp;m=&amp;s=&amp;cv=384&amp;xywh=-221%2C824%2C5393%2C3019\">Demotika, tilst\u00e5nd officierare Stettin och Wismar<\/a><\/span><br \/>\n<\/span><\/td>\n<td style=\"width: 36.3637%; height: 25px;\"><span style=\"font-size: 10pt; color: #000000;\">14-08-1713<br \/>\n<\/span><\/td>\n<\/tr>\n<tr style=\"height: 28px;\">\n<td style=\"width: 44.8486%; height: 28px;\"><span style=\"font-size: 10pt; color: #000000;\">SE\/RA\/720.085.002 Vol 588<\/span><\/td>\n<td style=\"height: 28px; width: 53.0063%;\" colspan=\"3\"><span style=\"font-size: 10pt; color: #000000;\">Brief aan Johan Gabriel Werwing (-1715)<\/span><\/td>\n<td style=\"width: 36.3637%; height: 28px;\"><span style=\"font-size: 10pt; color: #000000;\">20-11-1713<br \/>\n<\/span><\/td>\n<\/tr>\n<tr style=\"height: 21px;\">\n<td style=\"width: 48.4411%; height: 21px;\" colspan=\"2\"><span style=\"font-size: 10pt; color: #000000;\">SE\/RA\/Skr.t.K.<br \/>\n<\/span><\/td>\n<td style=\"width: 49.4138%; height: 21px;\" colspan=\"2\"><span style=\"color: #000000; font-size: 13.3333px;\">Gotlands l\u00e4ns h\u00f6vdingen\u00a0<\/span><\/td>\n<td style=\"width: 36.3637%; height: 21px;\"><span style=\"font-size: 10pt; color: #000000;\">24-11-1713<br \/>\n<\/span><\/td>\n<\/tr>\n<tr style=\"height: 28px;\">\n<td style=\"width: 48.4411%; height: 28px;\" colspan=\"2\"><span style=\"font-size: 10pt; color: #000000;\">SE\/RA\/720.085.002, Vol 588<\/span><\/td>\n<td style=\"width: 49.4138%; height: 28px;\" colspan=\"2\"><span style=\"font-size: 10pt; color: #000000;\">Brief aan Johan Gabriel Werwing (-1715)<\/span><span style=\"font-size: 10pt; color: #000000;\"><br \/>\n<\/span><\/td>\n<td style=\"width: 36.3637%; height: 28px;\"><span style=\"font-size: 10pt; color: #000000;\">30-11-1713<br \/>\n<\/span><\/td>\n<\/tr>\n<tr style=\"height: 28px;\">\n<td style=\"height: 28px; width: 48.4411%;\" colspan=\"2\"><span style=\"font-size: 10pt; color: #000000;\">SE\/RA\/720.085.002, Vol 588<\/span><\/td>\n<td style=\"height: 28px; width: 49.4138%;\" colspan=\"2\"><span style=\"font-size: 10pt; color: #000000;\">Brief aan Johan Gabriel Werwing (-1715)<\/span><span style=\"font-size: 10pt; color: #000000;\"><br \/>\n<\/span><\/td>\n<td style=\"width: 36.3637%; height: 28px;\"><span style=\"font-size: 10pt; color: #000000;\">14-12-1713<br \/>\n<\/span><\/td>\n<\/tr>\n<tr style=\"height: 28px;\">\n<td style=\"width: 48.4411%; height: 28px;\" colspan=\"2\"><span style=\"font-size: 10pt; color: #000000;\"><span style=\"font-size: 10pt;\">SE\/RA\/Militaria\/V\/6, M1114, fol 18-20<\/span><\/span><\/td>\n<td style=\"width: 49.4138%; height: 28px;\" colspan=\"2\"><span style=\"font-size: 10pt; color: #0000ff;\"><a style=\"color: #0000ff;\" href=\"https:\/\/meijenfeldt.nl\/wp-content\/uploads\/2023\/02\/M1114-18-20-Unterthaniges-Memorial-JAMsr-aan-Koning.pdf\">Unterth\u00e4niges Memorial aan Koning<\/a><\/span><\/td>\n<td style=\"width: 36.3637%; height: 28px;\"><span style=\"font-size: 10pt; color: #000000;\">1713?<\/span><\/td>\n<\/tr>\n<tr style=\"height: 168px;\">\n<td style=\"width: 44.8486%; height: 168px;\"><span style=\"font-size: 10pt; color: #000000;\">SE\/KrA, 0425\/13. Stora Norska Kriget, 062<\/span><\/td>\n<td style=\"width: 53.0063%; height: 168px;\" colspan=\"3\"><span style=\"color: #000000; font-size: 13.3333px;\"><span style=\"font-size: 10pt;\">Explication der Russischen vor Stettin gefuhrte Attaque A:o 1714. F\u00e4stningen Stettin med n\u00e4rmaste omgivningar. F\u00e4ltmarskalken. Menschikovs attack dem 24 juli \u2013 19 sept 1713, d\u00e5 general Mejerfelt. \u00f6verl\u00e4mnade staden och f\u00e4stningen. Teckenf\u00f6rklaring.<\/span><\/span><\/td>\n<td style=\"width: 36.3637%; height: 168px;\"><span style=\"font-size: 10pt; color: #000000;\">1713<\/span><\/td>\n<\/tr>\n<tr style=\"height: 140px;\">\n<td style=\"width: 48.4411%; height: 140px;\" colspan=\"2\"><span style=\"font-size: 10pt; color: #000000;\">SE\/KrA, 0425\/13. Stora Norska Kriget, 063<\/span><\/td>\n<td style=\"width: 49.4138%; height: 140px;\" colspan=\"2\"><span style=\"color: #000000; font-size: 13.3333px;\"><span style=\"font-size: 10pt;\">F\u00e4stningen Stettin med n\u00e4rmaste omgivningar. F\u00e4ltmarskalken. Menschikovs attack dem 24 juli \u2013 19 sept 1713, d\u00e5 general Mejerfelt. \u00f6verl\u00e4mnade staden och f\u00e4stningen. Teckenf\u00f6rklaring.<\/span><\/span><\/td>\n<td style=\"width: 36.3637%; height: 140px;\"><span style=\"font-size: 10pt; color: #000000;\">1713<\/span><\/td>\n<\/tr>\n<tr style=\"height: 168px;\">\n<td style=\"width: 48.4411%; height: 168px;\" colspan=\"2\"><span style=\"font-size: 10pt; color: #000000;\">SE\/KrA, 0425\/13. Stora Norska Kriget, 064<\/span><\/td>\n<td style=\"width: 49.4138%; height: 168px;\" colspan=\"2\"><span style=\"color: #000000; font-size: 13.3333px;\"><span style=\"font-size: 10pt;\">Plan von der Attaque der Stadt u. Festung in Pommern. 1713. F\u00e4stningen Stettin och terr\u00e4ngen d\u00e4romkring. Ryska arm\u00e9ns attack 1713. aug \u2013 22 sept d\u00e5 general Mejerfelt nedlade bef\u00e4let och \u00f6verl\u00e4mnade. staden till furst Menschikov. Teckenf\u00f6rklaring.<\/span><\/span><\/td>\n<td style=\"width: 36.3637%; height: 168px;\"><span style=\"font-size: 10pt; color: #000000;\">1713<\/span><\/td>\n<\/tr>\n<tr style=\"height: 112px;\">\n<td style=\"width: 48.4411%; height: 112px;\" colspan=\"2\"><span style=\"font-size: 10pt; color: #000000;\">SE\/KrA, 0425\/13. Stora Norska Kriget, 065a<\/span><\/td>\n<td style=\"width: 49.4138%; height: 112px;\" colspan=\"2\"><span style=\"color: #000000; font-size: 13.3333px;\"><span style=\"font-size: 10pt;\">Staden och f\u00e4stningen Stettin och terr\u00e4ngen d\u00e4romkring. Ryska arm\u00e9ns attack 1713 aug \u2013 22 sept d\u00e5 general Mejerfelt\u00a0\u00f6verl\u00e4mnade. staden till furst Menschikov. Teckenf\u00f6rklaring.<\/span><\/span><\/td>\n<td style=\"width: 36.3637%; height: 112px;\"><span style=\"font-size: 10pt; color: #000000;\">1713<\/span><\/td>\n<\/tr>\n<tr style=\"height: 56px;\">\n<td style=\"height: 56px; width: 48.4411%;\" colspan=\"2\"><span style=\"font-size: 10pt; color: #000000;\">SE\/UUL, <span style=\"color: #0000ff;\"><span style=\"color: #000000;\"><span style=\"font-size: 10pt;\"><span class=\"site-name no-print\">321370. Christian Ludvig von Aschebergs arkiv.<\/span><\/span><\/span><\/span><\/span><\/td>\n<td style=\"height: 56px; width: 49.4138%;\" colspan=\"2\"><span style=\"color: #000000; font-size: 13.3333px;\"><span style=\"font-size: 10pt;\">1 originalbrev fr\u00e5n Gustaf Adam Taube (1673\u20131732)<\/span><\/span><\/td>\n<td style=\"width: 36.3637%; height: 56px;\"><span style=\"font-size: 10pt; color: #000000;\">1713<\/span><\/td>\n<\/tr>\n<tr style=\"height: 56px;\">\n<td style=\"width: 48.4411%; height: 56px;\" colspan=\"2\"><span style=\"font-size: 10pt; color: #000000;\">SE\/UUB, F 176<\/span><\/td>\n<td style=\"width: 49.4138%; height: 56px;\" colspan=\"2\"><span style=\"color: #000000; font-size: 13.3333px;\"><span style=\"font-size: 10pt;\"><span style=\"font-size: 10pt;\"><span class=\"site-name no-print\" style=\"font-size: 10pt;\"><span class=\"site-name no-print\" style=\"color: #000000; font-size: 10pt;\"><span style=\"color: #0000ff;\"><a style=\"color: #0000ff;\" href=\"https:\/\/meijenfeldt.nl\/wp-content\/uploads\/2020\/09\/Catalogus.pdf\">Concepter bref, skrifvelse, ordres, pass till index<\/a><\/span><\/span><\/span><\/span><\/span><\/span><\/td>\n<td style=\"width: 36.3637%; height: 56px;\"><span style=\"font-size: 10pt; color: #000000;\">1713-1714<\/span><\/td>\n<\/tr>\n<tr style=\"height: 56px;\">\n<td style=\"height: 56px; width: 48.4411%;\" colspan=\"2\"><span style=\"font-size: 10pt; color: #000000;\">SE\/RA\/720\/626, A1, vol E 5969<br \/>\n<\/span><\/td>\n<td style=\"height: 56px; width: 49.4138%;\" colspan=\"2\"><span style=\"color: #000000; font-size: 13.3333px;\">15 brieven van Mauritz Vellingk (1651-1727)<\/span><\/td>\n<td style=\"width: 36.3637%; height: 56px;\"><span style=\"font-size: 10pt; color: #000000;\">1713-1714<br \/>\n<\/span><\/td>\n<\/tr>\n<tr style=\"height: 392px;\">\n<td style=\"width: 48.4411%; height: 448px;\" colspan=\"2\" rowspan=\"2\"><span style=\"font-size: 10pt; color: #000000;\">SE\/LLA, 30733. S\u00f6vdeborg godsarchiv, J3. Handlingar och r\u00e4kenskaper ang familjen Meijerfeldt, 5<\/span><br \/>\n<span style=\"font-size: 10pt; color: #000000;\"><br \/>\n<\/span><\/td>\n<td style=\"width: 49.4138%; height: 392px;\" colspan=\"2\"><span style=\"color: #000000; font-size: 13.3333px;\"><span style=\"color: #000000; font-size: 10pt;\">Handlingar och r\u00e4kenskaper ang\u00e5ende flottan: kopia av Carl XII:s brev 1712-06-20 i Bender att Johan Lagerbielke skall f\u00e5 r\u00e4nta p\u00e5 inf\u00f6rskaffade pengar, memorial fr\u00e5n varvschefen (Skeppsholmen) Carl Raab, korrespondens, resolutioner, memorial och relation samt utdrag ur protokoll och resolutioner (1710), specifikationer och f\u00f6rslag p\u00e5 manskap, skepp och material, olika listor och f\u00f6rteckningar samt f\u00f6rslag och i utdrag, handlingar ang\u00e5ende kapten Gyllenskepps kompani, rullor \u00f6ver manskap och specifikation p\u00e5 fartyg, r\u00e4kenskaper (paket nr 48).<\/span><\/span><\/td>\n<td style=\"width: 36.3637%; height: 392px;\"><span style=\"font-size: 10pt; color: #000000;\">1713-1714<\/span><\/td>\n<\/tr>\n<tr style=\"height: 56px;\">\n<td style=\"width: 49.4138%; height: 56px;\" colspan=\"2\"><span style=\"color: #000000; font-size: 13.3333px;\"><span style=\"color: #000000; font-size: 10pt;\">[H0001] Ing\u00e5r i J 2:8 (1680-1714). L Raves r\u00e4kenskaper f\u00f6r Bollerup och Glimminge.<\/span><\/span><\/td>\n<td style=\"width: 36.3637%; height: 56px;\"><span style=\"font-size: 10pt; color: #000000;\">1716-1718<\/span><\/td>\n<\/tr>\n<tr style=\"height: 56px;\">\n<td style=\"height: 23px; width: 48.4411%;\" colspan=\"2\" width=\"76\"><span style=\"font-size: 10pt; color: #000000;\">SE\/RA\/RR, 671 <span style=\"font-size: 10pt;\"><span style=\"color: #000000;\">Missiver fol <\/span><\/span> 46<\/span><span style=\"font-size: 10pt; color: #000000;\"><br \/>\n<\/span><\/td>\n<td style=\"height: 23px; width: 49.4138%;\" colspan=\"2\" width=\"104\"><a style=\"color: #0000ff; font-size: 13.3333px;\" href=\"https:\/\/sok.riksarkivet.se\/bildvisning\/A0039166_00051#?c=&amp;m=&amp;s=&amp;cv=50&amp;xywh=569%2C786%2C4753%2C2755\">Demotika, 3 onderwerpen<\/a><\/td>\n<td style=\"width: 36.3637%; height: 23px;\"><span style=\"font-size: 10pt; color: #000000;\">05-01-1714<br \/>\n<\/span><\/td>\n<\/tr>\n<tr style=\"height: 28px;\">\n<td style=\"height: 28px; width: 48.4411%;\" colspan=\"2\"><span style=\"color: #000000; font-size: 10pt;\">Riksarkivet Sverige<\/span><br \/>\n<span style=\"color: #000000; font-size: 10pt;\">Riddarhus Finland<\/span><\/td>\n<td style=\"height: 28px; width: 49.4138%;\" colspan=\"2\"><a href=\"https:\/\/meijenfeldt.nl\/?page_id=54240\"><span style=\"font-size: 10pt;\"><span style=\"color: #0000ff;\">Grefwe Bref f\u00f6r Kongl: R\u00e5det, Generalen och Gen: Gouverneuren Johan August Meijerfeldt<\/span><\/span><\/a><\/td>\n<td style=\"width: 36.3637%; height: 28px;\"><span style=\"font-size: 10pt; color: #000000;\">03-03-1714<br \/>\n<\/span><\/td>\n<\/tr>\n<tr style=\"height: 112px;\">\n<td style=\"width: 48.4411%; height: 112px;\" colspan=\"2\"><span style=\"font-size: 10pt;\"><span style=\"font-size: 10pt; color: #000000;\">EAA. Rahvusarhiiv, 854. Archiv der Estl\u00e4ndischen Ritterschaft, 3742. Sammlung der kulturhistorischen Urkunden Estlands, F. 1 A. 142<\/span><\/span><\/td>\n<td style=\"width: 49.4138%; height: 112px;\" colspan=\"2\"><span style=\"font-size: 10pt; color: #0000ff;\"><a style=\"color: #0000ff;\" href=\"http:\/\/www.ra.ee\/apps\/vapid\/index.php?act=vapp&amp;id=692&amp;nimi=meijerfelt&amp;tiitel=&amp;andja=&amp;kujund=&amp;lang=de\">Johan August von Meijerfelt, Milit\u00e4rperson, Generalgouverneur von Pommern, General, Grundfiguren: Fasankopf, Greif, Arm, Sichel, Schr\u00e4gbalken, Kugel, Burg, Stern<\/a><\/span><\/td>\n<td style=\"width: 36.3637%; height: 112px;\"><span style=\"font-size: 10pt; color: #000000;\">03-03-1714<\/span><\/td>\n<\/tr>\n<tr style=\"height: 28px;\">\n<td style=\"width: 48.4411%; height: 28px;\" colspan=\"2\"><span style=\"font-size: 10pt; color: #000000;\"><span style=\"font-size: 10pt;\">SE\/RA\/Ericsberg 560<\/span><\/span><\/td>\n<td style=\"width: 49.4138%; height: 28px;\" colspan=\"2\"><span style=\"font-size: 10pt;\"><span style=\"font-size: 10pt;\"><span style=\"color: #0000ff;\"><a href=\"https:\/\/sok.riksarkivet.se\/bildvisning\/A0040220_00560#?c=&amp;m=&amp;s=&amp;cv=559&amp;xywh=-1000%2C536%2C4643%2C2315\"><span style=\"color: #0000ff;\">Brief uit Stockholm<\/span><\/a><\/span><\/span><\/span><span style=\"font-size: 10pt;\"><span style=\"font-size: 10pt;\"><span style=\"color: #0000ff;\"><br \/>\n<\/span><\/span><\/span><\/td>\n<td style=\"width: 36.3637%; height: 28px;\"><span style=\"font-size: 10pt; color: #000000;\">24-03-1714<\/span><\/td>\n<\/tr>\n<tr style=\"height: 84px;\">\n<td style=\"height: 84px; width: 48.4411%;\" colspan=\"2\"><span style=\"font-size: 10pt; color: #000000;\">SE\/RA\/RR, <span style=\"font-size: 10pt;\"><span style=\"color: #000000;\">Kgl: Senat fol<\/span><\/span> 331<br \/>\n<\/span><\/td>\n<td style=\"height: 84px; width: 49.4138%;\" colspan=\"2\"><span style=\"color: #000000; font-size: 10pt;\">Stockholm,\u00a0<\/span><span style=\"color: #000000; font-size: 13.3333px;\">ang. admiralitetcollegii f\u00f6rfr\u00e5gan om admiralitetscammiarr\u00e5det Lagerbielke competerar rangen f\u00f6r schoutbynachten L\u00f6wen<\/span><\/td>\n<td style=\"width: 36.3637%; height: 84px;\"><span style=\"font-size: 10pt; color: #000000;\">25-04-1714<br \/>\n<\/span><\/td>\n<\/tr>\n<tr style=\"height: 84px;\">\n<td style=\"width: 48.4411%; height: 84px;\" colspan=\"2\"><span style=\"font-size: 10pt; color: #000000;\">SE\/UUB, Meijerfelts papper<\/span><\/td>\n<td style=\"width: 49.4138%; height: 84px;\" colspan=\"2\"><span style=\"color: #000000; font-size: 10pt;\"><a href=\"https:\/\/meijenfeldt.nl\/wp-content\/uploads\/2022\/09\/1714-05-12-Stettin.pdf\"><span style=\"color: #0000ff;\">Specification auf (&#8230;) <span style=\"font-size: 10pt;\">Meijerfeldtz Sachen die ich (Lars Dahlman) in Stettin abgeliferert hatt an Ihr<sup>e<\/sup> Commissarie Tabbert<\/span><\/span><br \/>\n<\/a><\/span><\/td>\n<td style=\"width: 36.3637%; height: 84px;\"><span style=\"font-size: 10pt; color: #000000;\">12-05-1714<\/span><\/td>\n<\/tr>\n<tr style=\"height: 56px;\">\n<td style=\"height: 56px; width: 48.4411%;\" colspan=\"2\" width=\"76\"><span style=\"font-size: 10pt; color: #000000;\">SE\/RA\/RR, 671 <span style=\"font-size: 10pt;\"><span style=\"color: #000000;\">Missiver fol <\/span><\/span> 305<\/span><\/td>\n<td style=\"height: 56px; width: 49.4138%;\" colspan=\"2\" width=\"104\"><a style=\"color: #0000ff; font-size: 13.3333px;\" href=\"https:\/\/sok.riksarkivet.se\/bildvisning\/A0039166_00322#?c=&amp;m=&amp;s=&amp;cv=321&amp;xywh=132%2C901%2C5703%2C3306\">Demotika, r\u00e4ttigheter i Pommern<\/a><\/td>\n<td style=\"width: 36.3637%; height: 56px;\"><span style=\"font-size: 10pt; color: #000000;\">12-07-1714<br \/>\n<\/span><\/td>\n<\/tr>\n<tr style=\"height: 56px;\">\n<td style=\"height: 56px; width: 48.4411%;\" colspan=\"2\" width=\"76\"><span style=\"font-size: 10pt;\"><span style=\"font-size: 10pt; color: #000000;\">SE\/RA\/RR, <\/span>673 <span style=\"font-size: 10pt; color: #000000;\"><span style=\"color: #000000;\">Kgl: Senat fol<\/span> <\/span> 626<\/span><\/td>\n<td style=\"height: 56px; width: 49.4138%;\" colspan=\"2\" width=\"104\"><a style=\"color: #0000ff; font-size: 13.3333px;\" href=\"https:\/\/sok.riksarkivet.se\/bildvisning\/A0039168_00633#?c=&amp;m=&amp;s=&amp;cv=632&amp;xywh=-524%2C184%2C5703%2C3306\">Stockholm, Ondertekenaar<\/a><\/td>\n<td style=\"width: 36.3637%; height: 56px;\"><span style=\"font-size: 10pt; color: #000000;\">26-07-1714<br \/>\n<\/span><\/td>\n<\/tr>\n<tr style=\"height: 28px;\">\n<td style=\"width: 48.4411%; height: 28px;\" colspan=\"2\"><span style=\"font-size: 10pt; color: #000000;\"><span style=\"font-size: 10pt;\">SE\/RA\/Ericsberg 562<\/span><\/span><\/td>\n<td style=\"width: 49.4138%; height: 28px;\" colspan=\"2\"><span style=\"font-size: 10pt;\"><span style=\"font-size: 10pt;\"><span style=\"color: #0000ff;\"><span style=\"color: #0000ff;\"><a href=\"https:\/\/sok.riksarkivet.se\/bildvisning\/A0040220_00562#?c=&amp;m=&amp;s=&amp;cv=561&amp;xywh=-1996%2C69%2C6687%2C3333\"><span style=\"color: #0000ff;\">Brief<\/span><\/a><\/span><\/span><\/span><\/span><span style=\"font-size: 10pt;\"><span style=\"font-size: 10pt;\"><span style=\"color: #0000ff;\"><span style=\"color: #0000ff;\"><br \/>\n<\/span><\/span><\/span><\/span><\/td>\n<td style=\"width: 36.3637%; height: 28px;\"><span style=\"font-size: 10pt; color: #000000;\">?<\/span><\/td>\n<\/tr>\n<tr style=\"height: 28px;\">\n<td style=\"width: 48.4411%; height: 28px;\" colspan=\"2\"><span style=\"font-size: 10pt; color: #000000;\"><span style=\"font-size: 10pt;\">SE\/RA\/Ericsberg 567<\/span><\/span><\/td>\n<td style=\"width: 49.4138%; height: 28px;\" colspan=\"2\"><span style=\"font-size: 10pt; color: #0000ff;\"><span style=\"font-size: 10pt;\"><a style=\"color: #0000ff;\" href=\"https:\/\/sok.riksarkivet.se\/bildvisning\/A0040220_00567#?c=&amp;m=&amp;s=&amp;cv=566&amp;xywh=-341%2C1844%2C3223%2C1606\">Brief uit Carlscrona<\/a><\/span><\/span><span style=\"font-size: 10pt; color: #0000ff;\"><span style=\"font-size: 10pt;\"><br \/>\n<\/span><\/span><\/td>\n<td style=\"width: 36.3637%; height: 28px;\"><span style=\"font-size: 10pt; color: #000000;\">08-1714<\/span><\/td>\n<\/tr>\n<tr style=\"height: 28px;\">\n<td style=\"width: 48.4411%; height: 28px;\" colspan=\"2\"><span style=\"font-size: 10pt; color: #000000;\"><span style=\"font-size: 10pt;\">SE\/RA\/Skr.t.K.<\/span><\/span><\/td>\n<td style=\"width: 49.4138%; height: 28px;\" colspan=\"2\"><span style=\"font-size: 10pt;\"><span style=\"font-size: 10pt;\"><span style=\"font-size: 10pt;\">Statskontoret\u00a0<\/span><\/span><\/span><span style=\"font-size: 10pt;\"><span style=\"font-size: 10pt;\"><br \/>\n<\/span><\/span><\/td>\n<td style=\"width: 36.3637%; height: 28px;\"><span style=\"font-size: 10pt; color: #000000;\">08-09-1714<\/span><\/td>\n<\/tr>\n<tr style=\"height: 56px;\">\n<td style=\"width: 48.4411%; height: 56px;\" colspan=\"2\" width=\"76\"><span style=\"font-size: 10pt;\">SE\/RA\/RR,\u00a0677\u00a0Kgl: Senat fol\u00a0641<\/span><\/td>\n<td style=\"width: 49.4138%; height: 56px;\" colspan=\"2\" width=\"104\"><span style=\"color: #0000ff;\"><a style=\"font-size: 13.3333px; color: #0000ff;\" href=\"https:\/\/sok.riksarkivet.se\/bildvisning\/A0039172_00652#?c=&amp;m=&amp;s=&amp;cv=651&amp;xywh=-328%2C178%2C4753%2C2755\">Stockholm, Ondertekenaar<\/a><\/span><\/td>\n<td style=\"width: 36.3637%; height: 56px;\"><span style=\"font-size: 10pt; color: #000000;\">27-09-1714<br \/>\n<\/span><\/td>\n<\/tr>\n<tr style=\"height: 56px;\">\n<td style=\"width: 48.4411%; height: 27px;\" colspan=\"2\"><span style=\"font-size: 10pt; color: #000000;\"><span style=\"font-size: 10pt;\">SE\/RA\/Skr.t.K.\u00a0<\/span><\/span><br \/>\n<span style=\"font-size: 10pt;\">\u00a0<\/span><\/td>\n<td style=\"width: 49.4138%; height: 27px;\" colspan=\"2\"><span style=\"font-size: 10pt;\">Kammarskollegium<br \/>\n<\/span><span style=\"font-size: 10pt;\"><br \/>\n<\/span><\/td>\n<td style=\"width: 36.3637%; height: 27px;\"><span style=\"font-size: 10pt; color: #000000;\">18-10-1714<\/span><\/td>\n<\/tr>\n<tr style=\"height: 56px;\">\n<td style=\"height: 56px; width: 48.4411%;\" colspan=\"2\"><span style=\"font-size: 10pt; color: #000000;\"><span style=\"font-size: 10pt;\">SE\/RA, Likvidationer 333 + 342-344<\/span><\/span><\/td>\n<td style=\"height: 56px; width: 49.4138%;\" colspan=\"2\"><span style=\"font-size: 10pt; color: #0000ff;\"><a style=\"color: #0000ff;\" href=\"https:\/\/sok.riksarkivet.se\/bildvisning\/A0067005_00333#?c=&amp;m=&amp;s=&amp;cv=332&amp;xywh=-697%2C21%2C8026%2C4719\">Afrekening Meijerfelt&#8217;s regiment dragonders<\/a> <span style=\"color: #000000;\">(N.B. generaal-majoor op 24-02-1703)\u00a0<\/span><\/span><span style=\"font-size: 10pt; color: #0000ff;\"><br \/>\n<\/span><\/td>\n<td style=\"width: 36.3637%; height: 56px;\"><span style=\"font-size: 10pt; color: #000000;\">05-11-1714<\/span><\/td>\n<\/tr>\n<tr style=\"height: 84px;\">\n<td style=\"width: 48.4411%; height: 84px;\" colspan=\"2\"><span style=\"font-size: 10pt; color: #000000;\"><span style=\"font-size: 10pt;\">HH 1892, Brefvexling mellan Koning Carl XII och R\u00e5det, nr. 932, pag. 349-351<\/span><\/span><\/td>\n<td style=\"width: 49.4138%; height: 84px;\" colspan=\"2\"><span style=\"font-size: 10pt; color: #0000ff;\"><span style=\"color: #000000;\">R\u00e5det till Konungen, ang. Kongl. R\u00e5det grefve Meyerfeldts<\/span> <a style=\"color: #0000ff;\" href=\"https:\/\/www.digitale-sammlungen.de\/en\/view\/bsb11622487?page=374,375&amp;q=meyerfeldt\">fordringar f\u00f6r gjorda f\u00f6rstr\u00e4ckningar<\/a><\/span><\/td>\n<td style=\"width: 36.3637%; height: 84px;\"><span style=\"font-size: 10pt; color: #000000;\">10-11-1714<\/span><\/td>\n<\/tr>\n<tr style=\"height: 56px;\">\n<td style=\"width: 48.4411%; height: 56px;\" colspan=\"2\"><span style=\"font-size: 10pt; color: #000000;\">SE\/RA\/720.927, Vol E 4837<br \/>\n<\/span><\/td>\n<td style=\"width: 49.4138%; height: 56px;\" colspan=\"2\"><span style=\"font-size: 10pt; color: #000000;\">Brief aan Gustaf Henrik von M\u00fcllern (1664-1719)<\/span><span style=\"font-size: 10pt; color: #000000;\"><br \/>\n<\/span><\/td>\n<td style=\"width: 36.3637%; height: 56px;\"><span style=\"font-size: 10pt; color: #000000;\">1714<br \/>\n<\/span><\/td>\n<\/tr>\n<tr style=\"height: 27px;\">\n<td style=\"height: 27px; width: 48.4411%;\" colspan=\"2\" width=\"76\"><span style=\"font-size: 10pt;\"><span style=\"font-size: 10pt; color: #000000;\">SE\/RA\/RR, <\/span>680 <span style=\"font-size: 10pt; color: #000000;\"><span style=\"color: #000000;\">\u00d6pen Bref<\/span> fol <\/span>12v<\/span><\/td>\n<td style=\"height: 27px; width: 49.4138%;\" colspan=\"2\" width=\"104\"><a style=\"color: #0000ff;\" href=\"https:\/\/sok.riksarkivet.se\/bildvisning\/A0039175_00019#?c=&amp;m=&amp;s=&amp;cv=18&amp;xywh=61%2C112%2C4753%2C2755\"><span style=\"font-size: 10pt;\">Stralsund, Joachim Aderman<\/span><\/a><\/td>\n<td style=\"width: 36.3637%; height: 27px;\"><span style=\"font-size: 10pt;\">05-01-1715<br \/>\n<\/span><\/td>\n<\/tr>\n<tr style=\"height: 56px;\">\n<td style=\"height: 56px; width: 48.4411%;\" colspan=\"2\" width=\"76\"><span style=\"font-size: 10pt; color: #000000;\">SE\/RA\/RR, 680 <span style=\"font-size: 10pt;\"><span style=\"color: #000000;\">\u00d6pen Bref<\/span><\/span> fol 17v-20<\/span><\/td>\n<td style=\"height: 56px; width: 49.4138%;\" colspan=\"2\" width=\"104\"><a style=\"color: #0000ff;\" href=\"https:\/\/sok.riksarkivet.se\/bildvisning\/A0039175_00024#?c=&amp;m=&amp;s=&amp;cv=23&amp;xywh=322%2C390%2C4753%2C2755\"><span style=\"font-size: 10pt;\"><span style=\"font-size: 10pt; color: #000000;\"><span style=\"color: #0000ff;\">Stralsund:\u00a0<\/span><\/span>Jasenitz, Duschow, M\u00fctzelberg, Krogen, Kokermunde,\u00a0<span style=\"font-size: 10pt;\">Zabelsdorf, Scholbin, Frauendorf,\u00a0<\/span><span style=\"font-size: 10pt;\">Hagendorf, Jasenitz, Falkenveld, etc.<\/span><\/span><\/a><\/td>\n<td style=\"width: 36.3637%; height: 56px;\"><span style=\"font-size: 10pt;\">05-01-1715<br \/>\n<\/span><\/td>\n<\/tr>\n<tr style=\"height: 56px;\">\n<td style=\"height: 56px; width: 48.4411%;\" colspan=\"2\" width=\"76\"><span style=\"font-size: 10pt; color: #000000;\">SE\/RA\/RR, 680 <span style=\"font-size: 10pt;\"><span style=\"color: #000000;\">\u00d6pen Bref<\/span><\/span> fol 96<\/span><\/td>\n<td style=\"height: 56px; width: 49.4138%;\" colspan=\"2\" width=\"104\"><a style=\"color: #0000ff; font-size: 13.3333px;\" href=\"https:\/\/sok.riksarkivet.se\/bildvisning\/A0039175_00102#?c=&amp;m=&amp;s=&amp;cv=101&amp;xywh=1152%2C383%2C3960%2C2296\">Stralsund, Academia Canzler Greifswald vocation<\/a><\/td>\n<td style=\"width: 36.3637%; height: 56px;\"><span style=\"font-size: 10pt;\">26-01-1715<br \/>\n<\/span><\/td>\n<\/tr>\n<tr style=\"height: 56px;\">\n<td style=\"height: 56px; width: 48.4411%;\" colspan=\"2\" width=\"76\"><span style=\"font-size: 10pt; color: #000000;\">SE\/RA\/RR, 680 <span style=\"font-size: 10pt;\"><span style=\"color: #000000;\">\u00d6pen Bref<\/span><\/span> fol 229<\/span><\/td>\n<td style=\"height: 56px; width: 49.4138%;\" colspan=\"2\" width=\"104\"><a style=\"color: #0000ff; font-size: 13.3333px;\" href=\"https:\/\/sok.riksarkivet.se\/bildvisning\/A0039175_00235#?c=&amp;m=&amp;s=&amp;cv=234&amp;xywh=1231%2C546%2C3960%2C2296\">Stralsund, Ontbinding dragonderregiment in Rusland<\/a><\/td>\n<td style=\"width: 36.3637%; height: 56px;\"><span style=\"font-size: 10pt;\">22-02-1715<br \/>\n<\/span><\/td>\n<\/tr>\n<tr style=\"height: 56px;\">\n<td style=\"height: 56px; width: 48.4411%;\" colspan=\"2\" width=\"76\"><span style=\"font-size: 10pt; color: #000000;\">SE\/RA\/RR, 680 <span style=\"font-size: 10pt;\"><span style=\"color: #000000;\">\u00d6pen Bref<\/span><\/span> fol 234<\/span><\/td>\n<td style=\"height: 56px; width: 49.4138%;\" colspan=\"2\" width=\"104\"><a style=\"color: #0000ff; font-size: 13.3333px;\" href=\"https:\/\/sok.riksarkivet.se\/bildvisning\/A0039175_00240#?c=&amp;m=&amp;s=&amp;cv=239&amp;xywh=1180%2C781%2C3960%2C2296\">Stralsund, Gen-Leut Ridderhielms creditorer<\/a><\/td>\n<td style=\"width: 36.3637%; height: 56px;\"><span style=\"font-size: 10pt;\">23-02-1715<br \/>\n<\/span><\/td>\n<\/tr>\n<tr style=\"height: 56px;\">\n<td style=\"height: 56px; width: 48.4411%;\" colspan=\"2\" width=\"76\"><span style=\"font-size: 10pt; color: #000000;\">SE\/RA\/RR, <span style=\"font-size: 10pt;\"><span style=\"color: #000000;\">\u00d6pen Bref<\/span><\/span> fol 19<\/span><\/td>\n<td style=\"height: 56px; width: 49.4138%;\" colspan=\"2\" width=\"104\"><span style=\"color: #000000; font-size: 13.3333px;\">Stralsund, vier documenten over dorpen<\/span><\/td>\n<td style=\"width: 36.3637%; height: 56px;\"><span style=\"font-size: 10pt;\">17-03-1715<br \/>\n<\/span><\/td>\n<\/tr>\n<tr style=\"height: 28px;\">\n<td style=\"height: 28px; width: 48.4411%;\" colspan=\"2\"><span style=\"font-size: 10pt; color: #000000;\">SE\/RA\/Ericsberg 501-502\u00a0<\/span><\/td>\n<td style=\"height: 28px; width: 49.4138%;\" colspan=\"2\"><span style=\"font-size: 10pt; color: #0000ff;\"><a style=\"font-size: 17px;\" href=\"https:\/\/sok.riksarkivet.se\/bildvisning\/A0040220_00501#?c=&amp;m=&amp;s=&amp;cv=500&amp;xywh=-733%2C402%2C3805%2C1964\"><span style=\"font-size: 10pt; color: #0000ff;\">Brief uit Stralsund aan graaf Gyllenstierna<\/span><\/a><\/span><span style=\"font-size: 10pt; color: #0000ff;\"><br \/>\n<\/span><\/td>\n<td style=\"width: 36.3637%; height: 28px;\"><span style=\"font-size: 10pt;\">17-03-1715<\/span><\/td>\n<\/tr>\n<tr style=\"height: 56px;\">\n<td style=\"width: 48.4411%; height: 56px;\" colspan=\"2\"><span style=\"font-size: 10pt; color: #000000;\">SE\/RA\/Meijerfeldt 52<\/span><\/td>\n<td style=\"width: 49.4138%; height: 56px;\" colspan=\"2\"><span style=\"font-size: 10pt; color: #0000ff;\"><span style=\"font-size: 10pt; color: #0000ff;\"><span style=\"font-size: 10pt; color: #000000;\"><span style=\"color: #0000ff;\"><a style=\"color: #0000ff;\" href=\"https:\/\/sok.riksarkivet.se\/bildvisning\/A0069897_00052#?c=&amp;m=&amp;s=&amp;cv=51&amp;xywh=-230%2C114%2C6392%2C3965\">Brief uit Stralsund aan de Koning over Tribunaal in Wismar<\/a><\/span><\/span><\/span><\/span><\/td>\n<td style=\"width: 36.3637%; height: 56px;\"><span style=\"font-size: 10pt;\"><span style=\"font-size: 10pt; color: #000000;\">01-04-1715<\/span><\/span><\/td>\n<\/tr>\n<tr style=\"height: 29px;\">\n<td style=\"height: 29px; width: 48.4411%;\" colspan=\"2\" width=\"76\"><span style=\"font-size: 10pt; color: #000000;\">SE\/RA\/RR, 680 <span style=\"font-size: 10pt;\"><span style=\"color: #000000;\">\u00d6pen Bref<\/span><\/span> fol 1013v<\/span><\/td>\n<td style=\"height: 29px; width: 49.4138%;\" colspan=\"2\" width=\"104\"><a style=\"color: #0000ff;\" href=\"https:\/\/sok.riksarkivet.se\/bildvisning\/A0039175_01027#?c=&amp;m=&amp;s=&amp;cv=1026&amp;xywh=301%2C742%2C3960%2C2296\"><span style=\"font-size: 10pt;\"><span style=\"font-size: 10pt; color: #000000;\"><span style=\"color: #0000ff;\">Stralsund,<\/span>\u00a0<\/span>Creditio och negotation<\/span><\/a><\/td>\n<td style=\"width: 36.3637%; height: 29px;\"><span style=\"font-size: 10pt;\">24-08-1715<br \/>\n<\/span><\/td>\n<\/tr>\n<tr style=\"height: 10px;\">\n<td style=\"height: 10px; width: 48.4411%;\" colspan=\"2\" width=\"76\"><span style=\"color: #000000; font-size: 10pt;\">SE\/RA\/RR, 680 <span style=\"font-size: 10pt;\"><span style=\"color: #000000;\">\u00d6pen Bref<\/span><\/span> fol 1024v<\/span><\/td>\n<td style=\"height: 10px; width: 49.4138%;\" colspan=\"2\" width=\"104\"><a style=\"color: #0000ff;\" href=\"https:\/\/sok.riksarkivet.se\/bildvisning\/A0039175_01037#?c=&amp;m=&amp;s=&amp;cv=1036&amp;xywh=680%2C1810%2C3960%2C2296\"><span style=\"font-size: 10pt;\"><span style=\"color: #000000; font-size: 10pt;\"><span style=\"color: #0000ff;\">Stralsund,<\/span>\u00a0<\/span>Contribution<\/span><\/a><\/td>\n<td style=\"width: 36.3637%; height: 10px;\"><span style=\"font-size: 10pt;\">24-08-1715<br \/>\n<\/span><\/td>\n<\/tr>\n<tr style=\"height: 28px;\">\n<td style=\"height: 28px; width: 44.8486%;\"><span style=\"font-size: 10pt; color: #000000;\">SE\/RA\/Ericsberg 505-507\u00a0<\/span><br \/>\n<span style=\"color: #0000ff;\"><span style=\"font-size: 10pt;\"><br \/>\n<\/span><\/span><\/td>\n<td style=\"width: 53.0063%; height: 28px;\" colspan=\"3\"><span style=\"color: #0000ff;\"><span style=\"font-size: 10pt;\"><span style=\"font-size: 10pt;\"><a style=\"color: #0000ff;\" href=\"https:\/\/sok.riksarkivet.se\/bildvisning\/A0040220_00505#?c=&amp;m=&amp;s=&amp;cv=504&amp;xywh=-1766%2C140%2C6578%2C3395\"><span style=\"font-size: 10pt;\">Estat dela garderobe de Son Excellence (<\/span><span style=\"font-size: 10pt;\">Lindequist)<\/span><\/a><\/span><\/span><\/span><span style=\"color: #0000ff;\"><span style=\"font-size: 10pt;\"><span style=\"font-size: 10pt;\"><br \/>\n<\/span><\/span><\/span><\/td>\n<td style=\"width: 36.3637%; height: 28px;\"><span style=\"font-size: 10pt;\">24-08-1715<\/span><\/td>\n<\/tr>\n<tr style=\"height: 56px;\">\n<td style=\"width: 44.8486%; height: 56px;\"><span style=\"font-size: 10pt; color: #000000;\">SE\/RA\/Ericsberg 508-510\u00a0<\/span><\/td>\n<td style=\"height: 56px; width: 53.0063%;\" colspan=\"3\"><span style=\"color: #0000ff;\"><a style=\"color: #0000ff;\" href=\"https:\/\/sok.riksarkivet.se\/bildvisning\/A0040220_00508#?c=&amp;m=&amp;s=&amp;cv=507&amp;xywh=400%2C570%2C2642%2C1363\"><span style=\"font-size: 10pt;\">Memoires des\u00a0<\/span><\/a><span style=\"font-size: 10pt;\"><span style=\"color: #0000ff;\"><a style=\"color: #0000ff;\" href=\"https:\/\/sok.riksarkivet.se\/bildvisning\/A0040220_00508#?c=&amp;m=&amp;s=&amp;cv=507&amp;xywh=400%2C570%2C2642%2C1363\">meubles et autres effets empaquet\u00e8s dans les coffres caises et cassette suivants 21-12-1715 <\/a><a style=\"color: #0000ff;\" href=\"https:\/\/sok.riksarkivet.se\/bildvisning\/A0040220_00508#?c=&amp;m=&amp;s=&amp;cv=507&amp;xywh=400%2C570%2C2642%2C1363\">Stralsund \u00e0 Ystedtavec le fasseldeckna<\/a><a style=\"color: #0000ff;\" href=\"https:\/\/sok.riksarkivet.se\/bildvisning\/A0040220_00508#?c=&amp;m=&amp;s=&amp;cv=507&amp;xywh=400%2C570%2C2642%2C1363\"><br \/>\n<\/a><\/span><\/span><\/span><\/td>\n<td style=\"width: 36.3637%; height: 56px;\"><span style=\"font-size: 10pt;\">24-08-1715<\/span><\/td>\n<\/tr>\n<tr style=\"height: 28px;\">\n<td style=\"width: 48.4411%; height: 28px;\" colspan=\"2\"><span style=\"color: #000000; font-size: 10pt;\">SE\/RA\/Meijerfeldt 41<\/span><\/td>\n<td style=\"width: 49.4138%; height: 28px;\" colspan=\"2\"><span style=\"font-size: 10pt;\"><span style=\"color: #000000; font-size: 10pt;\"><span style=\"color: #0000ff;\"><a style=\"color: #0000ff;\" href=\"https:\/\/sok.riksarkivet.se\/bildvisning\/A0069897_00041#?c=&amp;m=&amp;s=&amp;cv=40&amp;xywh=644%2C-783%2C6091%2C3581\">Specification\u00a0silber<\/a><\/span><\/span><\/span><\/td>\n<td style=\"width: 36.3637%; height: 28px;\"><span style=\"font-size: 10pt;\"><span style=\"font-size: 10pt; color: #000000;\">06-09-1715<\/span><\/span><\/td>\n<\/tr>\n<tr style=\"height: 28px;\">\n<td style=\"height: 28px; width: 48.4411%;\" colspan=\"2\" width=\"76\"><span style=\"color: #000000; font-size: 10pt;\">SE\/RA\/RR, 680 <span style=\"font-size: 10pt;\"><span style=\"color: #000000;\">Missiver fol <\/span><\/span> 1094<\/span><\/td>\n<td style=\"height: 28px; width: 49.4138%;\" colspan=\"2\" width=\"104\"><a style=\"color: #0000ff;\" href=\"https:\/\/sok.riksarkivet.se\/bildvisning\/A0039175_01107#?c=&amp;m=&amp;s=&amp;cv=1106&amp;xywh=1678%2C1663%2C3960%2C2296\"><span style=\"font-size: 10pt;\"><span style=\"color: #000000; font-size: 10pt;\"><span style=\"color: #0000ff;\">Munchgut,<\/span>\u00a0<\/span>arrendera<\/span><\/a><\/td>\n<td style=\"width: 36.3637%; height: 28px;\"><span style=\"font-size: 10pt;\">16-09-1715<br \/>\n<\/span><\/td>\n<\/tr>\n<tr style=\"height: 10px;\">\n<td style=\"width: 48.4411%; height: 10px;\" colspan=\"2\"><span style=\"color: #000000; font-size: 10pt;\">SE\/RA\/RR, 680 <span style=\"font-size: 10pt;\"><span style=\"color: #000000;\">Missiver fol <\/span><\/span> 1096v<\/span><\/td>\n<td style=\"width: 49.4138%; height: 10px;\" colspan=\"2\"><span style=\"font-size: 13.3333px; color: #0000ff;\"><a style=\"color: #0000ff;\" href=\"https:\/\/sok.riksarkivet.se\/bildvisning\/A0039175_01110#?c=&amp;m=&amp;s=&amp;cv=1109&amp;xywh=598%2C1998%2C3960%2C2296\"><span style=\"color: #000000; font-size: 10pt;\"><span style=\"color: #0000ff;\">Munchgut,<\/span>\u00a0<\/span>negotieras Stralsund<\/a><\/span><span style=\"font-size: 13.3333px;\">\u00a0<\/span><\/td>\n<td style=\"width: 36.3637%; height: 10px;\"><span style=\"font-size: 10pt;\">16-09-1715<br \/>\n<\/span><\/td>\n<\/tr>\n<tr style=\"height: 26px;\">\n<td style=\"width: 44.8486%; height: 26px;\"><span style=\"font-size: 10pt; color: #000000;\">SE\/RA\/Ericsberg 511-512<\/span><\/td>\n<td style=\"height: 26px; width: 53.0063%;\" colspan=\"3\"><span style=\"color: #0000ff;\"><span style=\"font-size: 10pt;\"><span style=\"color: #0000ff;\"><a href=\"https:\/\/sok.riksarkivet.se\/bildvisning\/A0040220_00511#?c=&amp;m=&amp;s=&amp;cv=510&amp;xywh=-34%2C274%2C3170%2C1636\"><span style=\"color: #0000ff;\">Inventaire argenterie<\/span> <span style=\"color: #0000ff;\">des\u00a0meubles et autres effets de la maison de Son Excellence<\/span><\/a><br \/>\n<\/span><\/span><\/span><\/td>\n<td style=\"width: 36.3637%; height: 26px;\"><span style=\"font-size: 10pt;\">04-10-1715<\/span><\/td>\n<\/tr>\n<tr style=\"height: 56px;\">\n<td style=\"width: 44.8486%; height: 56px;\"><span style=\"font-size: 10pt; color: #000000;\">SE\/RA\/Ericsberg 513\u00a0<\/span><\/td>\n<td style=\"height: 56px; width: 53.0063%;\" colspan=\"3\"><span style=\"color: #0000ff;\"><a style=\"color: #0000ff;\" href=\"https:\/\/sok.riksarkivet.se\/bildvisning\/A0040220_00513#?c=&amp;m=&amp;s=&amp;cv=512&amp;xywh=-52%2C411%2C3169%2C1635\"><span style=\"font-size: 10pt;\">Inventaire de ce quil y a dans le cabinet de Son Excellence<\/span><\/a><\/span><\/td>\n<td style=\"width: 36.3637%; height: 56px;\"><span style=\"font-size: 10pt;\">04-10-1715<\/span><\/td>\n<\/tr>\n<tr style=\"height: 56px;\">\n<td style=\"width: 44.8486%; height: 56px;\"><span style=\"font-size: 10pt; color: #000000;\">SE\/RA\/Ericsberg 514-515\u00a0<\/span><\/td>\n<td style=\"height: 56px; width: 53.0063%;\" colspan=\"3\"><span style=\"color: #0000ff;\"><a style=\"color: #0000ff;\" href=\"https:\/\/sok.riksarkivet.se\/bildvisning\/A0040220_00514#?c=&amp;m=&amp;s=&amp;cv=513&amp;xywh=601%2C488%2C2640%2C1362\"><span style=\"font-size: 10pt;\">Inventaire de ce que le valet de chambre Cheminon m&#8217;a remis<\/span><\/a> <span style=\"font-size: 10pt;\">(Lindequist)<\/span><\/span><\/td>\n<td style=\"width: 36.3637%; height: 56px;\"><span style=\"font-size: 10pt;\">04-10-1715<\/span><\/td>\n<\/tr>\n<tr style=\"height: 84px;\">\n<td style=\"width: 48.4411%; height: 10px;\" colspan=\"2\" width=\"77\"><span style=\"font-size: 10pt; color: #000000;\">SE\/RA\/Skr.t.K. <\/span><\/td>\n<td style=\"width: 49.4138%; height: 10px;\" colspan=\"2\"><span style=\"font-size: 10pt; color: #000000;\">Guvern\u00f6rens i Sk\u00e5ne<\/span><span style=\"font-size: 10pt; color: #000000;\"><br \/>\n<\/span><\/td>\n<td style=\"height: 10px; width: 36.3637%;\" width=\"168\"><span style=\"font-size: 10pt;\">25-10-1715<\/span><\/td>\n<\/tr>\n<tr style=\"height: 56px;\">\n<td style=\"width: 48.4411%; height: 56px;\" colspan=\"2\"><span style=\"font-size: 10pt; color: #000000;\">SE\/RA\/481\/Skr.t.K.<\/span><\/td>\n<td style=\"width: 49.4138%; height: 56px;\" colspan=\"2\"><span style=\"font-size: 10pt; color: #000000;\">Lands-h\u00f6vdingens i G\u00f6teborgs och Bohus l\u00e4n<\/span><span style=\"font-size: 10pt; color: #000000;\"><br \/>\n<\/span><\/td>\n<td style=\"width: 36.3637%; height: 56px;\"><span style=\"font-size: 10pt;\">25-10-1715<br \/>\n<\/span><\/td>\n<\/tr>\n<tr style=\"height: 56px;\">\n<td style=\"width: 48.4411%; height: 56px;\" colspan=\"2\"><span style=\"font-size: 10pt; color: #000000;\">SE\/RA\/Skr.t.K.<\/span><\/td>\n<td style=\"height: 56px; width: 49.4138%;\" colspan=\"2\"><span style=\"font-size: 10pt; color: #000000;\">Lands-h\u00f6vdingens i G\u00f6teborgs och Bohus l\u00e4n<\/span><span style=\"font-size: 10pt; color: #000000;\"><br \/>\n<\/span><\/td>\n<td style=\"width: 36.3637%; height: 56px;\"><span style=\"font-size: 10pt;\"><span style=\"font-size: 10pt; color: #000000;\">31-10-1715<\/span><\/span><\/td>\n<\/tr>\n<tr style=\"height: 28px;\">\n<td style=\"width: 48.4411%; height: 28px;\" colspan=\"2\"><span style=\"font-size: 10pt; color: #000000;\">SE\/RA\/RR, 680\u00a0<span style=\"font-size: 10pt;\">Missiver fol\u00a0<\/span>1267<\/span><span style=\"font-size: 10pt; color: #000000;\"><br \/>\n<\/span><\/td>\n<td style=\"height: 28px; width: 49.4138%;\" colspan=\"2\"><span style=\"font-size: 10pt; color: #000000;\"><a style=\"color: #0000ff; font-size: 17px;\" href=\"https:\/\/sok.riksarkivet.se\/bildvisning\/A0039175_01280#?c=&amp;m=&amp;s=&amp;cv=1279&amp;xywh=790%2C158%2C5702%2C3306\"><span style=\"font-size: 10pt;\"><span style=\"font-size: 10pt;\">Stralsund,\u00a0<\/span>von Orlich<\/span><\/a><br \/>\n<\/span><\/td>\n<td style=\"width: 36.3637%; height: 28px;\"><span style=\"font-size: 10pt;\"><span style=\"font-size: 10pt; color: #000000;\">23-11-1715<br \/>\n<\/span><\/span><\/td>\n<\/tr>\n<tr style=\"height: 56px;\">\n<td style=\"width: 48.4411%; height: 56px;\" colspan=\"2\"><span style=\"font-size: 10pt; color: #000000;\">SE\/RA\/RR, 680\u00a0<span style=\"font-size: 10pt;\">Missiver fol\u00a0<\/span>1276<\/span><span style=\"font-size: 10pt; color: #000000;\"><br \/>\n<\/span><\/td>\n<td style=\"width: 49.4138%; height: 56px;\" colspan=\"2\"><span style=\"font-size: 10pt; color: #000000;\"><a style=\"color: #0000ff;\" href=\"https:\/\/sok.riksarkivet.se\/bildvisning\/A0039175_01289#?c=&amp;m=&amp;s=&amp;cv=1288&amp;xywh=1468%2C719%2C4752%2C2755\">Stralsund, 2000 st. zilvermunten GL H\u00e5rd<\/a>\u00a0<span style=\"font-size: 10pt;\"><span style=\"font-size: 10pt;\"><br \/>\n<\/span><\/span><\/span><\/td>\n<td style=\"width: 36.3637%; height: 56px;\"><span style=\"font-size: 10pt;\"><span style=\"font-size: 10pt; color: #000000;\">28-11-1715<br \/>\n<\/span><\/span><\/td>\n<\/tr>\n<tr style=\"height: 56px;\">\n<td style=\"width: 48.4411%; height: 22px;\" colspan=\"2\"><span style=\"color: #000000; font-size: 13.3333px;\">SE\/RA\/RR, 680\u00a0<\/span><span style=\"color: #000000; font-size: 10pt;\">Missiver fol\u00a0<\/span><span style=\"color: #000000; font-size: 13.3333px;\">1292<\/span><\/td>\n<td style=\"width: 49.4138%; height: 22px;\" colspan=\"2\"><a style=\"color: #0000ff; font-size: 13.3333px;\" href=\"https:\/\/sok.riksarkivet.se\/bildvisning\/A0039175_01305#?c=&amp;m=&amp;s=&amp;cv=1304&amp;xywh=2155%2C573%2C3960%2C2295\">Ystad, upnegotierat<\/a><\/td>\n<td style=\"width: 36.3637%; height: 22px;\"><span style=\"color: #000000; font-size: 13.3333px;\">14-12-1715<\/span><\/td>\n<\/tr>\n<tr style=\"height: 10px;\">\n<td style=\"width: 48.4411%; height: 10px;\" colspan=\"2\"><span style=\"color: #000000; font-size: 13.3333px;\">SE\/RA\/RR, 680\u00a0<\/span><span style=\"color: #000000; font-size: 10pt;\">Missiver fol\u00a0<\/span><span style=\"color: #000000; font-size: 13.3333px;\">1307v<\/span><\/td>\n<td style=\"width: 49.4138%; height: 10px;\" colspan=\"2\"><span style=\"font-size: 10pt; color: #000000;\"><span style=\"color: #0000ff;\"><a style=\"color: #0000ff;\" href=\"https:\/\/sok.riksarkivet.se\/bildvisning\/A0039175_01321#?c=&amp;m=&amp;s=&amp;cv=1320&amp;xywh=749%2C374%2C3960%2C2295\">Ystad, negotierade<\/a><\/span><\/span><\/td>\n<td style=\"width: 36.3637%; height: 10px;\"><span style=\"font-size: 10pt;\"><span style=\"font-size: 10pt; color: #000000;\">17-12-1715<br \/>\n<\/span><\/span><\/td>\n<\/tr>\n<tr style=\"height: 28px;\">\n<td style=\"width: 48.4411%; height: 28px;\" colspan=\"2\"><span style=\"font-size: 10pt;\">SE\/RA\/Skr.t.K.<\/span><\/td>\n<td style=\"width: 49.4138%; height: 28px;\" colspan=\"2\"><span style=\"color: #000000; font-size: 13.3333px;\">\u00d6sterg\u00f6tlands l\u00e4n lands-h\u00f6vdingen<\/span><\/td>\n<td style=\"width: 36.3637%; height: 28px;\"><span style=\"font-size: 10pt;\"><span style=\"font-size: 10pt; color: #000000;\">31-12-1715<br \/>\n<\/span><\/span><\/td>\n<\/tr>\n<tr style=\"height: 56px;\">\n<td style=\"height: 56px; width: 48.4411%;\" colspan=\"2\"><span style=\"font-size: 10pt; color: #000000;\">SE\/UUB, F 177<\/span><\/td>\n<td style=\"height: 56px; width: 49.4138%;\" colspan=\"2\"><span style=\"font-size: 10pt; color: #000000;\"><span style=\"font-size: 13.3333px;\"><span style=\"font-size: 10pt;\"><span class=\"site-name no-print\" style=\"font-size: 10pt;\"><span class=\"site-name no-print\" style=\"font-size: 10pt;\"><span class=\"site-name no-print\" style=\"color: #000000; font-size: 10pt;\"><span style=\"color: #0000ff;\"><a style=\"color: #0000ff;\" href=\"https:\/\/meijenfeldt.nl\/wp-content\/uploads\/2020\/09\/Catalogus.pdf\">Concepter bref, skrifvelse, ordres, pass till index<\/a><\/span><\/span> <\/span><\/span><\/span><\/span><\/span><\/td>\n<td style=\"width: 36.3637%; height: 56px;\"><span style=\"font-size: 10pt;\"><span style=\"font-size: 10pt; color: #000000;\">1715 e.v.<\/span><\/span><\/td>\n<\/tr>\n<tr style=\"height: 56px;\">\n<td style=\"width: 48.4411%; height: 56px;\" colspan=\"2\"><span style=\"font-size: 10pt; color: #000000;\">SE\/UUB, Meijerfelts Papper<\/span><\/td>\n<td style=\"width: 49.4138%; height: 56px;\" colspan=\"2\"><span style=\"font-size: 10pt; color: #000000;\"><span style=\"font-size: 13.3333px;\"><span style=\"font-size: 10pt;\"><span class=\"site-name no-print\" style=\"font-size: 10pt;\"><span class=\"site-name no-print\" style=\"font-size: 10pt;\"><span class=\"site-name no-print\" style=\"color: #000000; font-size: 10pt;\"><span style=\"color: #0000ff;\"><a href=\"https:\/\/meijenfeldt.nl\/wp-content\/uploads\/2022\/09\/1716-05-16-Bender.pdf\"><span style=\"color: #0000ff;\">Inventarium was in dem mit schwartzem Lerr \u00fcberzogene &#8230; &#8230; an Bender versanden<\/span><br \/>\n<\/a><\/span><\/span><\/span><\/span><\/span><\/span><\/span><\/td>\n<td style=\"width: 36.3637%; height: 56px;\"><span style=\"font-size: 10pt;\"><span style=\"font-size: 10pt; color: #000000;\">16-05-1716<\/span><\/span><\/td>\n<\/tr>\n<tr style=\"height: 28px;\">\n<td style=\"width: 48.4411%; height: 28px;\" colspan=\"2\"><span style=\"font-size: 10pt; color: #000000;\">SE\/KrA, Biografica 39-291<\/span><\/td>\n<td style=\"width: 49.4138%; height: 28px;\" colspan=\"2\"><span style=\"font-size: 10pt; color: #000000;\"><span style=\"font-size: 13.3333px;\"><span style=\"font-size: 10pt;\"><span class=\"site-name no-print\" style=\"font-size: 10pt;\"><span class=\"site-name no-print\" style=\"font-size: 10pt;\"><span class=\"site-name no-print\" style=\"color: #000000; font-size: 10pt;\"><span style=\"color: #0000ff;\"><span style=\"color: #0000ff; font-size: 10pt;\"><a style=\"color: #0000ff;\" href=\"https:\/\/sok.riksarkivet.se\/bildvisning\/A0066512_00039#?c=&amp;m=&amp;s=&amp;cv=38&amp;xywh=288%2C539%2C2586%2C1769\">Financi\u00eble stukken inzake G-G en Wismar<\/a><\/span><\/span><\/span><\/span><\/span><\/span><\/span><\/span><\/td>\n<td style=\"width: 36.3637%; height: 28px;\"><span style=\"font-size: 10pt;\"><span style=\"font-size: 10pt; color: #000000;\">1715-1738<\/span><\/span><\/td>\n<\/tr>\n<tr style=\"height: 56px;\">\n<td style=\"height: 10px; width: 48.4411%;\" colspan=\"2\"><span style=\"font-size: 10pt; color: #000000;\">SE\/RA\/Skr.t.K.<\/span><\/td>\n<td style=\"height: 10px; width: 49.4138%;\" colspan=\"2\"><span style=\"font-size: 10pt; color: #000000;\">Guvern\u00f6rens i Sk\u00e5ne<\/span><span style=\"font-size: 10pt; color: #000000;\"><br \/>\n<\/span><\/td>\n<td style=\"width: 36.3637%; height: 10px;\"><span style=\"font-size: 10pt;\"><span style=\"font-size: 10pt; color: #000000;\">08-02-1716<br \/>\n<\/span><\/span><\/td>\n<\/tr>\n<tr style=\"height: 28px;\">\n<td style=\"height: 28px; width: 48.4411%;\" colspan=\"2\"><span style=\"font-size: 10pt; color: #000000;\">SE\/RA\/720\/326. vol 1<br \/>\n<\/span><\/td>\n<td style=\"height: 28px; width: 49.4138%;\" colspan=\"2\"><span style=\"font-size: 10pt; color: #000000;\">Brief van koningin Ulrika Eleonora<\/span><span style=\"font-size: 10pt; color: #000000;\"><br \/>\n<\/span><\/td>\n<td style=\"width: 36.3637%; height: 28px;\"><span style=\"font-size: 10pt;\"><span style=\"font-size: 10pt; color: #000000;\">15-03-1716<br \/>\n<\/span><\/span><\/td>\n<\/tr>\n<tr style=\"height: 28px;\">\n<td style=\"width: 48.4411%; height: 28px;\" colspan=\"2\"><span style=\"font-size: 10pt; color: #000000;\">SE\/KrA, Biografica 33-37<\/span><\/td>\n<td style=\"width: 49.4138%; height: 28px;\" colspan=\"2\"><span style=\"font-size: 10pt; color: #000000;\"><span style=\"color: #0000ff; font-size: 10pt;\"><a style=\"color: #0000ff;\" href=\"https:\/\/sok.riksarkivet.se\/bildvisning\/A0066512_00033#?c=&amp;m=&amp;s=&amp;cv=32&amp;xywh=2246%2C921%2C3987%2C2976\">Relaas 1712-1715<\/a><\/span><\/span><\/td>\n<td style=\"width: 36.3637%; height: 28px;\"><span style=\"font-size: 10pt;\"><span style=\"font-size: 10pt; color: #000000;\">12-05-1716<\/span><\/span><\/td>\n<\/tr>\n<tr style=\"height: 56px;\">\n<td style=\"height: 25px; width: 48.4411%;\" colspan=\"2\"><span style=\"font-size: 10pt; color: #000000;\">SE\/RA\/Skr.t.K.<br \/>\n<\/span><\/td>\n<td style=\"height: 25px; width: 49.4138%;\" colspan=\"2\"><span style=\"font-size: 10pt; color: #000000;\">Kammar-kollegium<\/span><span style=\"font-size: 10pt; color: #000000;\"><br \/>\n<\/span><\/td>\n<td style=\"width: 36.3637%; height: 25px;\"><span style=\"font-size: 10pt;\"><span style=\"font-size: 10pt; color: #000000;\">14-05-1716<br \/>\n<\/span><\/span><\/td>\n<\/tr>\n<tr style=\"height: 28px;\">\n<td style=\"width: 48.4411%; height: 28px;\" colspan=\"2\"><span style=\"font-size: 10pt; color: #000000;\">SE\/RA\/Meijerfeldt 44<\/span><\/td>\n<td style=\"width: 49.4138%; height: 28px;\" colspan=\"2\"><span style=\"font-size: 10pt; color: #000000;\"><span style=\"color: #0000ff;\"><a style=\"color: #0000ff;\" href=\"https:\/\/sok.riksarkivet.se\/bildvisning\/A0069897_00045#?c=&amp;m=&amp;s=&amp;cv=44&amp;xywh=-223%2C121%2C6392%2C3965\">Brief van\u00a0Bunge<\/a><\/span><\/span><\/td>\n<td style=\"width: 36.3637%; height: 28px;\"><span style=\"font-size: 10pt;\"><span style=\"font-size: 10pt; color: #000000;\">17-06-1716<\/span><\/span><\/td>\n<\/tr>\n<tr style=\"height: 30px;\">\n<td style=\"width: 48.4411%; height: 30px;\" colspan=\"2\"><span style=\"font-size: 10pt; color: #000000;\">SE\/RA\/720.732, Vol E 5094 <\/span><\/td>\n<td style=\"width: 49.4138%; height: 30px;\" colspan=\"2\"><span style=\"color: #000000; font-size: 13.3333px;\">Brief aan Nils Posse af S\u00e4by (1660-1723)<\/span><\/td>\n<td style=\"width: 36.3637%; height: 30px;\"><span style=\"font-size: 10pt;\"><span style=\"font-size: 10pt; color: #000000;\">17-11-1716<br \/>\n<\/span><\/span><\/td>\n<\/tr>\n<tr style=\"height: 56px;\">\n<td style=\"height: 56px; width: 48.4411%;\" colspan=\"2\"><span style=\"font-size: 10pt; color: #000000;\">SE\/RA\/720.927, Vol E 4837<br \/>\n<\/span><\/td>\n<td style=\"width: 49.4138%; height: 56px;\" colspan=\"2\"><span style=\"font-size: 10pt; color: #000000;\">Brief aan Gustaf Henrik von M\u00fcllern (1664-1719)<\/span><span style=\"font-size: 10pt; color: #000000;\"><br \/>\n<\/span><\/td>\n<td style=\"width: 36.3637%; height: 56px;\"><span style=\"font-size: 10pt;\"><span style=\"font-size: 10pt; color: #000000;\">1716<br \/>\n<\/span><\/span><\/td>\n<\/tr>\n<tr style=\"height: 84px;\">\n<td style=\"width: 48.4411%; height: 84px;\" colspan=\"2\"><span style=\"font-size: 10pt; color: #000000;\">SE\/LLA, 30733. S\u00f6vdeborg godsarchiv, J3. Handlingar och r\u00e4kenskaper ang familjen Meijerfeldt, 6<br \/>\n<\/span><\/td>\n<td style=\"width: 49.4138%; height: 84px;\" colspan=\"2\"><span style=\"font-size: 10pt; color: #000000;\">Inspektor Levin Raves r\u00e4kenskaper f\u00f6r Bollerup och Glimminge (paket nr 46,\u00a0 47 och utan nummer).<\/span><\/td>\n<td style=\"width: 36.3637%; height: 84px;\"><span style=\"font-size: 10pt;\"><span style=\"font-size: 10pt; color: #000000;\">1716-1721<\/span><\/span><\/td>\n<\/tr>\n<tr style=\"height: 336px;\">\n<td style=\"width: 48.4411%; height: 336px;\" colspan=\"2\"><span style=\"font-size: 10pt; color: #000000;\">SE\/LLA, 30733. S\u00f6vdeborg godsarchiv, J3. Handlingar och r\u00e4kenskaper ang familjen Meijerfeldt, 7<\/span><\/td>\n<td style=\"width: 49.4138%; height: 336px;\" colspan=\"2\"><span style=\"font-size: 10pt; color: #000000;\">Visings\u00f6 och N\u00e4sby: Nils Widings r\u00e4kenskaper och verifikationer f\u00f6r Johan August Meijerfeldt (paket nr 45, 55, utan nummer). Handlingar ang\u00e5ende Tuggarp, by i Gr\u00e4nna landsf\u00f6rsamling \u2013 k\u00f6p, skatter\u00e4ttigheter, handlingar ang\u00e5ende ryska krigsf\u00e5ngar p\u00e5 Visings\u00f6, f\u00f6rslag p\u00e5 uts\u00e4de f\u00f6r de svenska godsen s\u00e5som N\u00e4sby, Vigbyholm, Barnarp, S\u00f6vdeborg, \u00c5gerup, specifikation p\u00e5 vad vinterkorn som finns p\u00e5 bl a Nehringen m fl tyska gods (paket nr 47). Handlingar f\u00f6r \u00c5gerup och f\u00f6r S\u00f6vdeborg (paket nr 38).<\/span><\/td>\n<td style=\"width: 36.3637%; height: 336px;\"><span style=\"font-size: 10pt;\"><span style=\"font-size: 10pt; color: #000000;\">1716-1784<\/span><\/span><\/td>\n<\/tr>\n<tr style=\"height: 112px;\">\n<td style=\"height: 112px; width: 48.4411%;\" colspan=\"2\"><span style=\"font-size: 10pt; color: #000000;\">SE\/LLA, 13459. Vittsk\u00f6vle Kyrkoarkiv, C I \/ 1. Lysning- och Vigelseb\u00f6cker 1688-1751, fol 54\u00a0<\/span><\/td>\n<td style=\"height: 112px; width: 49.4138%;\" colspan=\"2\"><span style=\"font-size: 10pt; color: #0000ff;\"><span style=\"font-size: 10pt;\"><a style=\"color: #0000ff;\" href=\"https:\/\/sok.riksarkivet.se\/bildvisning\/C0062695_00070#?c=&amp;m=&amp;s=&amp;cv=69&amp;xywh=416%2C-27%2C1654%2C1538\">vigdes Hans h\u00f6g=grafl: Excellence Konigl: R\u00e5dt, General Gouverneuren, h\u00f6gv\u00e4lborne H. Grefve Johan August Mejerfeldt, och h\u00f6fv\u00e4lborne fr\u00f6ken, fr\u00f6ken Britta Barnekow<\/a><\/span><\/span><\/td>\n<td style=\"width: 36.3637%; height: 112px;\"><span style=\"font-size: 10pt;\"><span style=\"font-size: 10pt; color: #000000;\">13-03-1717<\/span><\/span><\/td>\n<\/tr>\n<tr style=\"height: 56px;\">\n<td style=\"width: 44.8486%; height: 56px;\"><span style=\"font-size: 10pt; color: #000000;\">SE\/RA\/7100.03\/06<br \/>\nVol K 803<br \/>\n<\/span><\/td>\n<td style=\"height: 56px; width: 53.0063%;\" colspan=\"3\"><span style=\"font-size: 10pt; color: #000000;\"><span style=\"color: #0000ff;\"><span style=\"font-size: 10pt; color: #0000ff;\"><span style=\"color: #000000;\">Brief aan Carl Gyllenstierna af Ulaborg (1649-1723)<br \/>\n<\/span><\/span><\/span><\/span><\/td>\n<td style=\"width: 36.3637%; height: 56px;\"><span style=\"font-size: 10pt;\"><span style=\"font-size: 10pt; color: #000000;\">1717-1721<br \/>\n<\/span><\/span><\/td>\n<\/tr>\n<tr style=\"height: 28px;\">\n<td style=\"width: 44.8486%; height: 28px;\"><span style=\"font-size: 10pt; color: #000000;\">SE\/RA\/710.008<\/span><\/td>\n<td style=\"width: 53.0063%; height: 28px;\" colspan=\"3\"><span style=\"font-size: 10pt; color: #000000;\"><span style=\"font-size: 10pt;\"><span style=\"font-size: 10pt;\">4 brieven aan koningin Ulrika Eleonora<\/span><\/span><\/span><\/td>\n<td style=\"width: 36.3637%; height: 28px;\"><span style=\"font-size: 10pt; color: #000000;\"><span style=\"font-size: 10pt;\">1717-1722<\/span><\/span><\/td>\n<\/tr>\n<tr style=\"height: 420px;\">\n<td style=\"width: 48.4411%; height: 420px;\" colspan=\"2\"><span style=\"font-size: 10pt; color: #000000;\">SE\/LLA, 30733. S\u00f6vdeborg godsarchiv, J3. Handlingar och r\u00e4kenskaper ang familjen Meijerfeldt, 8<\/span><\/td>\n<td style=\"width: 49.4138%; height: 420px;\" colspan=\"2\"><span style=\"font-size: 10pt; color: #000000;\"><span style=\"font-size: 10pt;\">Handlingar ang\u00e5ende Bollerup och Glimminge, brev fr\u00e5n Levin Rave fr\u00e5n Bollerup, diverse kladdr\u00e4ken- skaper. Johan Friedrich Baumans brev, rapporter och r\u00e4kenskaper fr\u00e5n Stralsund till Johan August Meijerfeldt ang\u00e5ende bl a Nehringen, Siemensdorff, Bockhagen, Kackanehl, Medevi samt andra aff\u00e4rer, r\u00e4kenskaper och verifikationer. Handlingar ang\u00e5ende allmogens p\u00e5 Visings\u00f6 besv\u00e4r, ang\u00e5ende stormf\u00e4lld skog p\u00e5 Visings\u00f6 , ang\u00e5ende gymnasiet och skolan p\u00e5 Visings\u00f6, brev och r\u00e4kenskaper ang\u00e5ende bevillningen f\u00f6r arrendet av Visings\u00f6s kungsladug\u00e5rd. G\u00e5rdsr\u00e4kenskaper och verifikationer f\u00f6r Visingsborg och Barnarp (paket nr 51).<\/span><\/span><\/td>\n<td style=\"width: 36.3637%; height: 420px;\"><span style=\"font-size: 10pt;\"><span style=\"font-size: 10pt; color: #000000;\">1717-1762<\/span><\/span><\/td>\n<\/tr>\n<tr style=\"height: 308px;\">\n<td style=\"width: 48.4411%; height: 308px;\" colspan=\"2\"><span style=\"font-size: 10pt; color: #000000;\">SE\/LLA, 30733. S\u00f6vdeborg godsarchiv, J3. Handlingar och r\u00e4kenskaper ang familjen Meijerfeldt, 9<\/span><\/td>\n<td style=\"width: 49.4138%; height: 308px;\" colspan=\"2\"><span style=\"font-size: 10pt; color: #000000;\"><span style=\"font-size: 10pt;\">Handlingar ang\u00e5ende Visings\u00f6 s\u00e5som arrendekontrakt, jordebok, suppliker, brev och koncept, arrender\u00e4kenskaper 1717-1740, med anteckning om odaterad \u00f6verl\u00e5telse av godset Steinhorft till familjen Wedderkopp medlemmar av L\u00fcneburgska riddarakademien. (paket nr 1 a). R\u00e4kenskaper och verifikationer f\u00f6r Visingsborg 1747-1748, syn av underliggande hemman 1748, r\u00e4kning f\u00f6r Barnarp i J\u00f6nk\u00f6pings l\u00e4n 1747-1748, verifikationer 1763-1764. (paket nr 1).<\/span><\/span><\/td>\n<td style=\"width: 36.3637%; height: 308px;\"><span style=\"font-size: 10pt;\"><span style=\"font-size: 10pt; color: #000000;\">1717-1764<\/span><\/span><\/td>\n<\/tr>\n<tr style=\"height: 111px;\">\n<td style=\"width: 48.4411%; height: 111px;\" colspan=\"2\"><span style=\"font-size: 10pt; color: #000000;\"><span style=\"color: #000000; font-size: 13.3333px;\"><span style=\"color: #0000ff;\"><span style=\"color: #000000;\"><span style=\"font-size: 10pt;\">SE\/RA\/RR, 692, fol 558-558v<br \/>\n<\/span><\/span><\/span><\/span><\/span><\/td>\n<td style=\"width: 49.4138%; height: 111px;\" colspan=\"2\"><span style=\"color: #0000ff;\"><a style=\"color: #0000ff;\" href=\"https:\/\/sok.riksarkivet.se\/bildvisning\/A0039187_00075#?c=&amp;m=&amp;s=&amp;cv=74&amp;xywh=494%2C-1%2C4112%2C2018\"><span style=\"font-size: 10pt;\"><span style=\"font-size: 10pt;\">Bollerup och Glimminge. Svenska kronan i beslag under kriget med Danmark och s\u00e5som f\u00f6rl\u00e4ning \u00e5t Johan August Meijerfelt<\/span><\/span><\/a><\/span><\/td>\n<td style=\"width: 36.3637%; height: 111px;\"><span style=\"font-size: 10pt;\"><span style=\"font-size: 10pt; color: #000000;\">08-03-1718<\/span><\/span><\/td>\n<\/tr>\n<tr style=\"height: 56px;\">\n<td style=\"height: 56px; width: 48.4411%;\" colspan=\"2\"><span style=\"font-size: 10pt; color: #000000;\">Brinkman&#8217;ska archivet p\u00e5 Trolle-Ljungby, deel 2, pag. 160-161<br \/>\n<\/span><\/td>\n<td style=\"height: 56px; width: 49.4138%;\" colspan=\"2\"><span style=\"font-size: 10pt; color: #000000;\"><span style=\"color: #0000ff;\"><a style=\"color: #0000ff;\" href=\"https:\/\/litteraturbanken.se\/f%C3%B6rfattare\/BrinkmanCG\/titlar\/BrinkmanskaArchivet2\/sida\/160\/faksimil?s_query=meijerfelt&amp;s_from=0&amp;s_to=29&amp;s_text_filter=%5Bobject%20Object%5D&amp;s_word_form_only=true&amp;s_lbworkid=lb840226&amp;hit_index=1\"><span style=\"font-size: 10pt; color: #0000ff;\">Brief uit <\/span><\/a><a style=\"color: #0000ff;\" href=\"https:\/\/litteraturbanken.se\/f%C3%B6rfattare\/BrinkmanCG\/titlar\/BrinkmanskaArchivet2\/sida\/160\/faksimil?s_query=meijerfelt&amp;s_from=0&amp;s_to=29&amp;s_text_filter=%5Bobject%20Object%5D&amp;s_word_form_only=true&amp;s_lbworkid=lb840226&amp;hit_index=1\">Jonek<\/a> van Landsh\u00f6fdingen friherre <a style=\"color: #0000ff;\" href=\"https:\/\/litteraturbanken.se\/f%C3%B6rfattare\/BrinkmanCG\/titlar\/BrinkmanskaArchivet2\/sida\/160\/faksimil?s_query=meijerfelt&amp;s_from=0&amp;s_to=29&amp;s_text_filter=%5Bobject%20Object%5D&amp;s_word_form_only=true&amp;s_lbworkid=lb840226&amp;hit_index=1\">Reinhold Patkull<\/a><\/span><span style=\"font-size: 17px; color: #333333;\"><br \/>\n<\/span><\/span><\/td>\n<td style=\"width: 36.3637%; height: 56px;\"><span style=\"font-size: 10pt;\"><span style=\"font-size: 10pt; color: #000000;\">09-05-1718<br \/>\n<\/span><\/span><\/td>\n<\/tr>\n<tr style=\"height: 56px;\">\n<td style=\"width: 44.8486%; height: 56px;\"><span style=\"font-size: 10pt; color: #000000;\">SE\/RA\/720\/383<br \/>\nVol E 3800<br \/>\n<\/span><\/td>\n<td style=\"height: 56px; width: 53.0063%;\" colspan=\"3\"><span style=\"font-size: 10pt; color: #000000;\"><span style=\"color: #0000ff;\"><span style=\"font-size: 10pt; color: #0000ff;\"><span style=\"color: #000000;\">Brief aan Georg Henrik G\u00f6rtz von Serlitz (1668-1719)<\/span><br \/>\n<\/span><\/span><\/span><\/td>\n<td style=\"width: 36.3637%; height: 56px;\"><span style=\"font-size: 10pt;\"><span style=\"font-size: 10pt; color: #000000;\">1718<br \/>\n<\/span><\/span><\/td>\n<\/tr>\n<tr style=\"height: 56px;\">\n<td style=\"width: 44.8486%; height: 56px;\"><span style=\"font-size: 10pt; color: #000000;\">\u201cHandlingar r\u00f6rande Skandinaviens historia\u201d, deel 5, pag. 323-327<\/span><\/td>\n<td style=\"height: 56px; width: 53.0063%;\" colspan=\"3\"><span style=\"color: #0000ff;\"><a style=\"color: #0000ff;\" href=\"http:\/\/runeberg.org\/hrsh\/5\/0332.html\"><span style=\"font-size: 10pt;\"><span style=\"font-size: 10pt;\"><span style=\"font-size: 10pt;\">Kongl. R\u00e5dens bref<\/span><\/span><\/span><\/a><\/span><\/td>\n<td style=\"width: 36.3637%; height: 56px;\"><span style=\"font-size: 10pt;\"><span style=\"font-size: 10pt; color: #000000;\">08-12-1718<\/span><\/span><\/td>\n<\/tr>\n<tr style=\"height: 56px;\">\n<td style=\"width: 44.8486%; height: 56px;\"><span style=\"font-size: 10pt; color: #000000;\">\u201cHandlingar r\u00f6rande Skandinaviens historia\u201d, deel 5, pag. 328-330<\/span><\/td>\n<td style=\"height: 56px; width: 53.0063%;\" colspan=\"3\"><span style=\"color: #0000ff;\"><a style=\"color: #0000ff;\" href=\"http:\/\/runeberg.org\/hrsh\/5\/0337.html\"><span style=\"font-size: 10pt;\"><span style=\"font-size: 10pt;\"><span style=\"font-size: 10pt;\">Drottning Ulrica Eleonoras bref<\/span><\/span><\/span><\/a><\/span><\/td>\n<td style=\"width: 36.3637%; height: 56px;\"><span style=\"font-size: 10pt;\"><span style=\"font-size: 10pt; color: #000000;\">13-12-1718<\/span><\/span><\/td>\n<\/tr>\n<tr style=\"height: 84px;\">\n<td style=\"width: 44.8486%; height: 84px;\"><span style=\"font-size: 10pt; color: #000000;\">\u201cHandlingar r\u00f6rande Skandinaviens historia\u201d, deel 5, pag. 331-334<\/span><\/td>\n<td style=\"width: 53.0063%; height: 84px;\" colspan=\"3\"><span style=\"color: #0000ff;\"><a style=\"color: #0000ff;\" href=\"http:\/\/runeberg.org\/hrsh\/5\/0340.html\"><span style=\"font-size: 10pt;\"><span style=\"font-size: 10pt;\"><span style=\"font-size: 10pt;\">ArfPrinsen Frederic af Hessen, sedermera Konung Fredrik<\/span><\/span><\/span><\/a><\/span><\/td>\n<td style=\"width: 36.3637%; height: 84px;\"><span style=\"font-size: 10pt;\"><span style=\"font-size: 10pt; color: #000000;\">30-12-1718<\/span><\/span><\/td>\n<\/tr>\n<tr style=\"height: 140px;\">\n<td style=\"width: 44.8486%; height: 140px;\"><span style=\"font-size: 10pt; color: #000000;\">SE\/UUL, <span style=\"color: #0000ff;\"><span style=\"color: #000000;\"><span style=\"font-size: 10pt;\"><span class=\"site-name no-print\">321370. Christian Ludvig von Aschebergs arkiv.<\/span><\/span><\/span><\/span><\/span><\/td>\n<td style=\"height: 140px; width: 53.0063%;\" colspan=\"3\"><span style=\"font-size: 10pt; color: #000000;\"><span style=\"color: #0000ff;\"><span style=\"font-size: 10pt; color: #0000ff;\"><span style=\"color: #000000;\"><span style=\"font-size: 10pt;\">1 originalbrev till Ascheberg r\u00f6rande f\u00e4ltt\u00e5get i Norge samt A\u2019s d\u00e4runder intr\u00e4ffande on\u00e5d och arrestering m.m<\/span><\/span><\/span><\/span><\/span><\/td>\n<td style=\"width: 36.3637%; height: 140px;\"><span style=\"font-size: 10pt;\"><span style=\"font-size: 10pt; color: #000000;\">1718<\/span><\/span><\/td>\n<\/tr>\n<tr style=\"height: 168px;\">\n<td style=\"width: 44.8486%; height: 168px;\"><span style=\"font-size: 10pt; color: #000000;\">SE\/RA\/Meijerfeldt 65<\/span><\/td>\n<td style=\"width: 53.0063%; height: 168px;\" colspan=\"3\"><span style=\"font-size: 10pt; color: #000000;\"><span style=\"color: #0000ff;\"><span style=\"font-size: 10pt; color: #0000ff;\"><span style=\"color: #000000;\"><span style=\"font-size: 10pt;\"><span class=\"site-name no-print\" style=\"color: #000000; font-size: 10pt;\"><a style=\"color: #0000ff;\" href=\"https:\/\/sok.riksarkivet.se\/bildvisning\/A0074193_00065#?c=&amp;m=&amp;s=&amp;cv=64&amp;xywh=457%2C-159%2C6913%2C4007\"><strong>Duel.<\/strong> Ter ene zijde Carl Berndt Uggla, <span style=\"font-size: 13.3333px;\">gedegradeerd\/ontslagen en zwaait nadat hij zijn proces verliest in 1722 uit het leger af. Ter andere zijde <\/span>Alexander Lagerhielm, <span style=\"font-size: 13.3333px;\">minderjarig (* 1704), page bij vrouw gouverneur-generaal Meijerfeldt<\/span><\/a><\/span><\/span><\/span><\/span><\/span><\/span><\/td>\n<td style=\"width: 36.3637%; height: 168px;\"><span style=\"font-size: 10pt;\"><span style=\"font-size: 10pt; color: #000000;\">1718-1722<\/span><\/span><\/td>\n<\/tr>\n<tr style=\"height: 56px;\">\n<td style=\"width: 44.8486%; height: 56px;\"><span style=\"font-size: 10pt; color: #000000;\">SE\/UUB, F 274. <span class=\"site-name no-print\" style=\"color: #000000; font-size: 10pt;\">Handlingar till Sveriges politiska historia 1718-1724<\/span><\/span><\/td>\n<td style=\"height: 56px; width: 53.0063%;\" colspan=\"3\"><span style=\"font-size: 10pt; color: #000000;\"><span style=\"color: #0000ff;\"><span style=\"font-size: 10pt; color: #0000ff;\"><span style=\"color: #000000;\"><span style=\"font-size: 10pt;\"><span class=\"site-name no-print\" style=\"color: #000000; font-size: 10pt;\">Bref fr. Ulrica Eleonora<\/span><\/span><\/span><\/span><\/span><\/span><\/td>\n<td style=\"width: 36.3637%; height: 56px;\"><span style=\"font-size: 10pt;\"><span style=\"font-size: 10pt; color: #000000;\">\u00a0<\/span><\/span><\/td>\n<\/tr>\n<tr style=\"height: 56px;\">\n<td style=\"width: 44.8486%; height: 24px;\"><span style=\"font-size: 10pt; color: #000000;\">SE\/RA\/Skr.t.K.<br \/>\n<\/span><\/td>\n<td style=\"height: 24px; width: 53.0063%;\" colspan=\"3\"><span style=\"font-size: 10pt; color: #000000;\"><span style=\"color: #0000ff;\"><span style=\"font-size: 10pt; color: #0000ff;\"><span style=\"color: #000000;\">Brief Kansli-kollegium aan koning<br \/>\n<\/span><\/span><\/span><\/span><\/td>\n<td style=\"width: 36.3637%; height: 24px;\"><span style=\"font-size: 10pt;\"><span style=\"font-size: 10pt; color: #000000;\">20-06-1719<br \/>\n<\/span><\/span><\/td>\n<\/tr>\n<tr style=\"height: 28px;\">\n<td style=\"width: 44.8486%; height: 28px;\"><span style=\"font-size: 10pt; color: #000000;\">SE\/S\/HS, KB1\/1. Autografsamlingen<\/span><\/td>\n<td style=\"width: 53.0063%; height: 28px;\" colspan=\"3\"><span style=\"font-size: 10pt; color: #0000ff;\"><span style=\"font-size: 10pt;\"><a style=\"color: #0000ff;\" href=\"https:\/\/meijenfeldt.nl\/wp-content\/uploads\/2020\/09\/1720-JAsr-Stockholm.pdf\">Brief uit Stockholm<\/a><\/span><\/span><\/td>\n<td style=\"width: 36.3637%; height: 28px;\"><span style=\"font-size: 10pt;\"><span style=\"font-size: 10pt; color: #000000;\">05-03-1720<\/span><\/span><\/td>\n<\/tr>\n<tr style=\"height: 56px;\">\n<td style=\"width: 44.8486%; height: 27px;\"><span style=\"font-size: 10pt; color: #000000;\">SE\/RA\/Skr.t.K.<\/span><\/td>\n<td style=\"height: 27px; width: 53.0063%;\" colspan=\"3\"><span style=\"font-size: 10pt; color: #000000;\"><span style=\"color: #0000ff;\"><span style=\"font-size: 10pt; color: #0000ff;\"><span style=\"color: #000000;\">Brief Kammar-kollegium aan koning<br \/>\n<\/span><\/span><\/span><\/span><\/td>\n<td style=\"width: 36.3637%; height: 27px;\"><span style=\"font-size: 10pt;\"><span style=\"font-size: 10pt; color: #000000;\">28-06-1720<br \/>\n<\/span><\/span><\/td>\n<\/tr>\n<tr style=\"height: 28px;\">\n<td style=\"width: 44.8486%; height: 28px;\"><span style=\"font-size: 10pt; color: #000000;\">SE\/RA\/720\/626, B:\u00a0E 5994<\/span><\/td>\n<td style=\"width: 53.0063%; height: 28px;\" colspan=\"3\"><span style=\"font-size: 10pt; color: #000000;\"><span style=\"font-size: 10pt;\">68 brieven aan Maurits Wellingk<\/span><\/span><\/td>\n<td style=\"width: 36.3637%; height: 28px;\"><span style=\"font-size: 10pt; color: #000000;\"><span style=\"font-size: 10pt;\">1720<\/span><\/span><\/td>\n<\/tr>\n<tr style=\"height: 56px;\">\n<td style=\"width: 44.8486%; height: 56px;\"><span style=\"font-size: 10pt; color: #000000;\">SE\/RA\/720\/045<br \/>\nVol E 4284<br \/>\n<\/span><\/td>\n<td style=\"height: 56px; width: 53.0063%;\" colspan=\"3\"><span style=\"font-size: 10pt; color: #000000;\"><span style=\"color: #0000ff;\"><span style=\"font-size: 10pt; color: #0000ff;\"><span style=\"color: #000000;\">Brief van Christoph von L\u00f6wenburg<br \/>\n<\/span><\/span><\/span><\/span><\/td>\n<td style=\"width: 36.3637%; height: 56px;\"><span style=\"font-size: 10pt;\"><span style=\"font-size: 10pt; color: #000000;\">1720<br \/>\n<\/span><\/span><\/td>\n<\/tr>\n<tr style=\"height: 364px;\">\n<td style=\"width: 44.8486%; height: 420px;\" rowspan=\"2\"><span style=\"font-size: 10pt; color: #000000;\">SE\/LLA, 30733. S\u00f6vdeborg godsarchiv, J3. Handlingar och r\u00e4kenskaper ang familjen Meijerfeldt, 10<\/span><br \/>\n<span style=\"font-size: 10pt; color: #000000;\"><br \/>\n<\/span><\/td>\n<td style=\"width: 53.0063%; height: 364px;\" colspan=\"3\"><span style=\"font-size: 10pt; color: #000000;\"><span style=\"color: #0000ff;\"><span style=\"font-size: 10pt; color: #0000ff;\"><span style=\"color: #000000;\">Johan August Meijerfeldt: r\u00e4kenskaper och brev 1720-1725 r\u00f6rande hans aff\u00e4rer; inblandade var Carl Posse, envoye i Berlin, Erich R\u00e5felt, \u00f6verkamrerare Nils Gyllenpatron, Lindquist, Andras Corsar, Scheffel, Flatho m fl. Handlingar och r\u00e4kenskaper med anledning av k\u00f6pet av Vigbyholm 1720. Handlingar och r\u00e4kenskaper r\u00f6rande pretentioner p\u00e5 hypoteken i Pommern 1722. Inneh\u00e5ller bl a ett brev fr\u00e5n Johan August Meijerfeldt till greve Carl Posse den 12 september 1724 som aldrig \u00f6ppnats f\u00f6rr\u00e4n vid ordningsarbetet sommaren 2001. (paket nr 56).<\/span><\/span><\/span><\/span><\/td>\n<td style=\"width: 36.3637%; height: 364px;\"><span style=\"font-size: 10pt;\"><span style=\"font-size: 10pt; color: #000000;\">1720-1725<\/span><\/span><\/td>\n<\/tr>\n<tr style=\"height: 56px;\">\n<td style=\"width: 53.0063%; height: 56px;\" colspan=\"3\"><span style=\"font-size: 10pt; color: #000000;\"><span style=\"color: #0000ff;\"><span style=\"font-size: 10pt; color: #0000ff;\"><span style=\"color: #000000;\">[H0002] Ing\u00e5r i J 2:9 (1681-1726). (paket nr 25, 25 a och 17)<\/span><\/span><\/span><\/span><\/td>\n<td style=\"width: 36.3637%; height: 56px;\"><span style=\"font-size: 10pt;\"><span style=\"font-size: 10pt; color: #000000;\">1731-1754<\/span><\/span><\/td>\n<\/tr>\n<tr style=\"height: 56px;\">\n<td style=\"width: 44.8486%; height: 56px;\"><span style=\"font-size: 10pt; color: #000000;\">SE\/RA\/Skr.t.K.<br \/>\n<\/span><\/td>\n<td style=\"width: 53.0063%; height: 56px;\" colspan=\"3\"><span style=\"font-size: 10pt; color: #000000;\"><span style=\"color: #0000ff;\"><span style=\"font-size: 10pt; color: #0000ff;\"><span style=\"color: #000000;\">Brief Kristianstads l\u00e4n lands-h\u00f6vdingen aan koning<br \/>\n<\/span><\/span><\/span><\/span><\/td>\n<td style=\"width: 36.3637%; height: 56px;\"><span style=\"font-size: 10pt;\"><span style=\"font-size: 10pt; color: #000000;\">17-02-1721<br \/>\n<\/span><\/span><\/td>\n<\/tr>\n<tr style=\"height: 56px;\">\n<td style=\"width: 44.8486%; height: 34px;\"><span style=\"font-size: 10pt; color: #000000;\">SE\/RA\/Skr.t.K.<br \/>\n<\/span><\/td>\n<td style=\"height: 34px; width: 53.0063%;\" colspan=\"3\"><span style=\"font-size: 10pt; color: #000000;\"><span style=\"color: #0000ff;\"><span style=\"font-size: 10pt; color: #0000ff;\"><span style=\"color: #000000;\">Brief Kommers-kollegium aan koning<br \/>\n<\/span><\/span><\/span><\/span><\/td>\n<td style=\"width: 36.3637%; height: 34px;\"><span style=\"font-size: 10pt;\"><span style=\"font-size: 10pt; color: #000000;\">02-05-1721<br \/>\n<\/span><\/span><\/td>\n<\/tr>\n<tr style=\"height: 28px;\">\n<td style=\"width: 44.8486%; height: 28px;\"><span style=\"font-size: 10pt; color: #000000;\">SE\/S\/HS, KB1\/1. Autografsamlingen<\/span><\/td>\n<td style=\"height: 28px; width: 53.0063%;\" colspan=\"3\"><span style=\"font-size: 10pt; color: #0000ff;\"><span style=\"font-size: 10pt;\"><a style=\"color: #0000ff;\" href=\"https:\/\/meijenfeldt.nl\/wp-content\/uploads\/2020\/09\/1721-JAsr-Stralsund.pdf\">Brief uit Stralsund<\/a><\/span><\/span><\/td>\n<td style=\"width: 36.3637%; height: 28px;\"><span style=\"font-size: 10pt;\">08-05-1721<\/span><\/td>\n<\/tr>\n<tr style=\"height: 56px;\">\n<td style=\"width: 44.8486%; height: 98px;\"><span style=\"font-size: 10pt; color: #000000;\">SE\/RA\/Meijerfeldt 29<\/span><\/td>\n<td style=\"height: 98px; width: 53.0063%;\" colspan=\"3\"><span style=\"font-size: 10pt; color: #0000ff;\"><span style=\"font-size: 10pt;\"><span style=\"font-size: 10pt; color: #000000;\"><span style=\"color: #0000ff;\"><a style=\"color: #0000ff;\" href=\"https:\/\/sok.riksarkivet.se\/bildvisning\/A0069897_00029#?c=&amp;m=&amp;s=&amp;cv=28&amp;xywh=1229%2C558%2C4387%2C2580\">Unterth\u00e5nigstes Memorial ing. Lijfland och Ditmar<\/a><\/span><\/span><\/span><\/span><\/td>\n<td style=\"width: 36.3637%; height: 98px;\"><span style=\"font-size: 10pt;\">17-07-1721<\/span><\/td>\n<\/tr>\n<tr style=\"height: 112px;\">\n<td style=\"width: 44.8486%; height: 112px;\"><span style=\"font-size: 10pt; color: #000000;\"><span style=\"font-size: 10pt;\">SE\/RA\/720.132.032, Vol E 3102<\/span><\/span><\/td>\n<td style=\"width: 53.0063%; height: 112px;\" colspan=\"3\"><span style=\"color: #0000ff;\"><a style=\"color: #0000ff;\" href=\"https:\/\/arkiv.christinehofslott.se\/brev-till-margareta-tornflycht-3-nov-1721-fran-j-a-meyerfeldt\/\"><span style=\"font-size: 10pt;\"><span style=\"font-size: 10pt;\"><span style=\"font-size: 10pt;\"><span style=\"font-size: 13.3333px;\">Brief uit Stralsund aan Margaretha Anders\u00e9n g.m. T\u00f6rnflycht (1653-1727)<\/span><\/span><\/span><\/span><\/a><\/span><\/td>\n<td style=\"width: 36.3637%; height: 112px;\"><span style=\"font-size: 10pt;\">03-11-1721<\/span><\/td>\n<\/tr>\n<tr style=\"height: 56px;\">\n<td style=\"width: 44.8486%; height: 56px;\"><span style=\"font-size: 10pt; color: #000000;\">SE\/RA\/928\/001, E 4887<\/span><\/td>\n<td style=\"width: 53.0063%; height: 56px;\" colspan=\"3\"><span style=\"font-size: 10pt; color: #000000;\"><span style=\"font-size: 10pt;\"><span style=\"font-size: 10pt;\">Von Nolckenska samlingen<br \/>\n3 brieven van Carl Posse<\/span><\/span><\/span><\/td>\n<td style=\"width: 36.3637%; height: 56px;\"><span style=\"font-size: 10pt;\">1721<\/span><\/td>\n<\/tr>\n<tr style=\"height: 84px;\">\n<td style=\"width: 44.8486%; height: 84px;\"><span style=\"font-size: 10pt; color: #000000;\"><span style=\"font-size: 10pt;\">Stadtarchiv Stralsund, Rep 33. <span style=\"color: #000000; font-size: 13.3333px;\">Quartierkammer und Steuerverwaltung, 1120<\/span><\/span><\/span><\/td>\n<td style=\"width: 53.0063%; height: 84px;\" colspan=\"3\"><span style=\"font-size: 10pt; color: #000000;\"><span style=\"color: #0000ff;\"><span style=\"font-size: 10pt; color: #0000ff;\"><span style=\"color: #000000;\"><span style=\"font-size: 10pt;\"><span style=\"color: #000000; font-size: 13.3333px;\">Anschaffung von Betten f\u00fcr die Bedienten des General-gouverneurs von Meyerfeldt und des Generalleutnant von Trautvetter<\/span><\/span><\/span><\/span><\/span><\/span><\/td>\n<td style=\"width: 36.3637%; height: 84px;\"><span style=\"font-size: 10pt;\"><span style=\"font-size: 10pt; color: #000000;\">1721<\/span><\/span><\/td>\n<\/tr>\n<tr style=\"height: 84px;\">\n<td style=\"width: 44.8486%; height: 84px;\"><span style=\"font-size: 10pt; color: #000000;\"><span style=\"font-size: 10pt;\">Stadtarchiv Stralsund, Rep 36. <span style=\"color: #000000; font-size: 13.3333px;\">Handel, Gewerbe und Verkehr, 194a<\/span><\/span><\/span><\/td>\n<td style=\"width: 53.0063%; height: 84px;\" colspan=\"3\"><span style=\"font-size: 10pt; color: #000000;\"><span style=\"color: #0000ff;\"><span style=\"font-size: 10pt; color: #0000ff;\"><span style=\"color: #000000;\"><span style=\"font-size: 10pt;\"><span style=\"color: #000000; font-size: 13.3333px;\">Ablieferung von Getreide an das k\u00f6nigliche Magazin. Anweisung des schwedischen Gouverneurs Meyerfeldt zur Ablieferung<\/span><\/span><\/span><\/span><\/span><\/span><\/td>\n<td style=\"width: 36.3637%; height: 84px;\"><span style=\"font-size: 10pt;\"><span style=\"font-size: 10pt; color: #000000;\">1721<\/span><\/span><\/td>\n<\/tr>\n<tr style=\"height: 112px;\">\n<td style=\"width: 44.8486%; height: 112px;\"><span style=\"font-size: 10pt; color: #000000;\"><span style=\"font-size: 10pt;\">Stadtarchiv Stralsund, Rep 33. <span style=\"color: #000000; font-size: 13.3333px;\">Quartierkammer und Steuerverwaltung, 1471<\/span><\/span><\/span><\/td>\n<td style=\"width: 53.0063%; height: 112px;\" colspan=\"3\"><span style=\"font-size: 10pt; color: #000000;\"><span style=\"color: #0000ff;\"><span style=\"font-size: 10pt; color: #0000ff;\"><span style=\"color: #000000;\"><span style=\"font-size: 10pt;\"><span style=\"color: #000000; font-size: 13.3333px;\">Quartiergeldforderung der Witwe des K\u00e4mmerers Richter an die Stadt f\u00fcr die Beherbegung des Generalgouverneurs Meyerfeldt<\/span><\/span><\/span><\/span><\/span><\/span><\/td>\n<td style=\"width: 36.3637%; height: 112px;\"><span style=\"font-size: 10pt;\"><span style=\"font-size: 10pt; color: #000000;\">1721-1722<\/span><\/span><\/td>\n<\/tr>\n<tr style=\"height: 56px;\">\n<td style=\"width: 44.8486%; height: 56px;\"><span style=\"font-size: 10pt; color: #000000;\"><span style=\"font-size: 10pt;\">SE\/RA\/Pommeranica, I\/A\/1 <\/span><span style=\"font-size: 10pt;\">30<\/span><\/span><\/td>\n<td style=\"height: 56px; width: 53.0063%;\" colspan=\"3\"><span style=\"font-size: 10pt; color: #000000;\"><span style=\"color: #0000ff;\"><span style=\"font-size: 10pt; color: #0000ff;\"><span style=\"color: #000000;\"><span style=\"font-size: 10pt;\">Skrivelser till Kungl. Maj:t fr\u00e5n myndigheter: <\/span><span style=\"font-size: 10pt;\">Pommerska regeringen<\/span><\/span><\/span><\/span><\/span><\/td>\n<td style=\"width: 36.3637%; height: 56px;\"><span style=\"font-size: 10pt;\"><span style=\"font-size: 10pt; color: #000000;\">1721-1722<\/span><\/span><\/td>\n<\/tr>\n<tr style=\"height: 28px;\">\n<td style=\"width: 44.8486%; height: 28px;\"><span style=\"font-size: 10pt; color: #000000;\">SE\/S\/HS, KB1\/1. Autografsamlingen<\/span><\/td>\n<td style=\"width: 53.0063%; height: 28px;\" colspan=\"3\"><span style=\"font-size: 10pt; color: #0000ff;\"><span style=\"font-size: 10pt;\"><a style=\"color: #0000ff;\" href=\"https:\/\/meijenfeldt.nl\/wp-content\/uploads\/2020\/09\/1722-JAsr-Stromfelt.pdf\">Brief aan baron\u00a0Str\u00f6mfelt<\/a><\/span><\/span><\/td>\n<td style=\"width: 36.3637%; height: 28px;\"><span style=\"font-size: 10pt;\"><span style=\"font-size: 10pt; color: #000000;\">04-08-1722<\/span><\/span><\/td>\n<\/tr>\n<tr style=\"height: 84px;\">\n<td style=\"width: 48.4411%; height: 84px;\" colspan=\"2\"><span style=\"font-size: 10pt; color: #000000;\">Ernst-Moritz-Arndt-Universit\u00e4t Greifswald, 01. Alte Rektorat, Hbg61<\/span><\/td>\n<td style=\"width: 49.4138%; height: 84px;\" colspan=\"2\"><span style=\"font-size: 10pt; color: #0000ff;\"><span style=\"font-size: 10pt;\"><a style=\"color: #0000ff;\" href=\"https:\/\/meijenfeldt.nl\/wp-content\/uploads\/2022\/03\/1722-10-06-Universitat-Greifswald.pdf\">Verhalten der Universit\u00e4t bei H\u00fcldigungen und Kr\u00f6nungen<\/a><\/span><\/span><\/td>\n<td style=\"width: 36.3637%; height: 84px;\"><span style=\"color: #000000; font-size: 13.3333px;\">06-10-1722<\/span><\/td>\n<\/tr>\n<tr style=\"height: 84px;\">\n<td style=\"width: 44.8486%; height: 84px;\"><span style=\"font-size: 10pt;\">Universit\u00e4t Berlin<\/span><\/td>\n<td style=\"width: 53.0063%; height: 84px;\" colspan=\"3\"><span style=\"color: #0000ff; font-size: 10pt;\"><a style=\"color: #0000ff;\" href=\"https:\/\/digital.staatsbibliothek-berlin.de\/werkansicht?PPN=PPN615391729&amp;PHYSID=PHYS_0006&amp;DMDID=\">Von Ihro K\u00f6nigl: Maytt. zu Schweden, [et]c. zum Pommerschen Estat verordnete General-Staathalter und Regierung, Stettin<\/a>\u00a0<\/span><\/td>\n<td style=\"width: 36.3637%; height: 84px;\"><span style=\"font-size: 10pt;\"><span style=\"font-size: 10pt; color: #000000;\">19-04-1723<\/span><\/span><\/td>\n<\/tr>\n<tr style=\"height: 28px;\">\n<td style=\"width: 44.8486%; height: 28px;\"><span style=\"font-size: 10pt; color: #000000;\">SE\/RA\/Meijerfeldt 28<\/span><\/td>\n<td style=\"height: 28px; width: 53.0063%;\" colspan=\"3\"><span style=\"font-size: 10pt; color: #0000ff;\"><span style=\"font-size: 10pt;\"><a style=\"color: #0000ff;\" href=\"https:\/\/sok.riksarkivet.se\/bildvisning\/A0069897_00028#?c=&amp;m=&amp;s=&amp;cv=27&amp;xywh=1230%2C559%2C4387%2C2580\">Unterth\u00e5nigstes\u00a0Memorial<\/a><\/span><\/span><\/td>\n<td style=\"width: 36.3637%; height: 28px;\"><span style=\"font-size: 10pt;\"><span style=\"font-size: 10pt; color: #000000;\">25-04-1723<\/span><\/span><\/td>\n<\/tr>\n<tr style=\"height: 28px;\">\n<td style=\"width: 44.8486%; height: 28px;\"><span style=\"font-size: 10pt; color: #000000;\">SE\/RA\/Meijerfeldt 27<\/span><\/td>\n<td style=\"width: 53.0063%; height: 28px;\" colspan=\"3\"><span style=\"font-size: 10pt; color: #0000ff;\"><span style=\"font-size: 10pt;\"><span style=\"font-size: 10pt; color: #000000;\"><a style=\"color: #000000;\" href=\"https:\/\/sok.riksarkivet.se\/bildvisning\/A0069897_00027#?c=&amp;m=&amp;s=&amp;cv=26&amp;xywh=1231%2C560%2C4387%2C2580\"><span style=\"color: #0000ff;\">Underd\u00e5nig Memorial<\/span><\/a><\/span><\/span><\/span><\/td>\n<td style=\"width: 36.3637%; height: 28px;\"><span style=\"font-size: 10pt;\"><span style=\"font-size: 10pt; color: #000000;\">29-04-1723<\/span><\/span><\/td>\n<\/tr>\n<tr style=\"height: 56px;\">\n<td style=\"width: 44.8486%; height: 17px;\"><span style=\"font-size: 10pt; color: #000000;\">SE\/RA\/Skr.t.K.<\/span><\/td>\n<td style=\"height: 17px; width: 53.0063%;\" colspan=\"3\"><span style=\"font-size: 10pt; color: #000000;\"><span style=\"color: #0000ff;\"><span style=\"font-size: 10pt; color: #0000ff;\"><span style=\"color: #000000;\">Brief Kansli-kollegium aan koning<br \/>\n<\/span><\/span><\/span><\/span><\/td>\n<td style=\"width: 36.3637%; height: 17px;\"><span style=\"font-size: 10pt;\"><span style=\"font-size: 10pt; color: #000000;\">11-06-1723<br \/>\n<\/span><\/span><\/td>\n<\/tr>\n<tr style=\"height: 28px;\">\n<td style=\"width: 44.8486%; height: 28px;\"><span style=\"font-size: 10pt; color: #000000;\">SE\/KrA, Biografica 37-39<\/span><\/td>\n<td style=\"width: 53.0063%; height: 28px;\" colspan=\"3\"><span style=\"font-size: 10pt; color: #000000;\"><span style=\"color: #0000ff;\"><span style=\"font-size: 10pt; color: #0000ff;\"><span style=\"color: #000000;\"><a style=\"color: #0000ff;\" href=\"https:\/\/sok.riksarkivet.se\/bildvisning\/A0066512_00037#?c=&amp;m=&amp;s=&amp;cv=36&amp;xywh=2842%2C1458%2C2650%2C1813\">Resolutie van de Koning<\/a><\/span><\/span><\/span><\/span><\/td>\n<td style=\"width: 36.3637%; height: 28px;\"><span style=\"font-size: 10pt;\"><span style=\"font-size: 10pt; color: #000000;\">05-08-1723<\/span><\/span><\/td>\n<\/tr>\n<tr style=\"height: 56px;\">\n<td style=\"width: 44.8486%; height: 24px;\"><span style=\"font-size: 10pt; color: #000000;\">SE\/RA\/Skr.t.K.<\/span><span style=\"font-size: 10pt; color: #000000;\"><br \/>\n<\/span><\/td>\n<td style=\"height: 24px; width: 53.0063%;\" colspan=\"3\"><span style=\"font-size: 10pt; color: #000000;\"><span style=\"color: #0000ff;\"><span style=\"font-size: 10pt; color: #0000ff;\"><span style=\"color: #000000;\">Brief 125 Sammansatta kollegier aan koning<br \/>\n<\/span><\/span><\/span><\/span><\/td>\n<td style=\"width: 36.3637%; height: 24px;\"><span style=\"color: #000000; font-size: 13.3333px;\">10-09-1723<\/span><\/td>\n<\/tr>\n<tr style=\"height: 56px;\">\n<td style=\"width: 44.8486%; height: 25px;\"><span style=\"font-size: 10pt; color: #000000;\">SE\/RA\/Skr.t.K.<\/span><\/td>\n<td style=\"height: 25px; width: 53.0063%;\" colspan=\"3\"><span style=\"font-size: 10pt; color: #000000;\"><span style=\"color: #0000ff;\"><span style=\"font-size: 10pt; color: #0000ff;\"><span style=\"color: #000000;\">Brief Statskontoret aan koning (Brita Barnekow)<br \/>\n<\/span><\/span><\/span><\/span><\/td>\n<td style=\"width: 36.3637%; height: 25px;\"><span style=\"font-size: 10pt;\"><span style=\"font-size: 10pt; color: #000000;\">11-07-1724<br \/>\n<\/span><\/span><\/td>\n<\/tr>\n<tr style=\"height: 28px;\">\n<td style=\"width: 44.8486%; height: 28px;\"><span style=\"font-size: 10pt; color: #000000;\">SE\/S\/HS, KB1\/1. Autografsamlingen<\/span><\/td>\n<td style=\"width: 53.0063%; height: 28px;\" colspan=\"3\"><span style=\"font-size: 10pt; color: #0000ff;\"><span style=\"font-size: 10pt;\"><a style=\"color: #0000ff;\" href=\"https:\/\/meijenfeldt.nl\/wp-content\/uploads\/2020\/09\/1725-JAsr-Groning.pdf\">Besluit over Eric Larson\u00a0Gr\u00f6ning<\/a><\/span><\/span><\/td>\n<td style=\"width: 36.3637%; height: 28px;\"><span style=\"font-size: 10pt;\"><span style=\"font-size: 10pt; color: #000000;\">05-04-1725<\/span><\/span><\/td>\n<\/tr>\n<tr style=\"height: 112px;\">\n<td style=\"width: 44.8486%; height: 112px;\"><span style=\"font-size: 10pt; color: #000000;\">S\u00e4chsisches Staatsarchiv, 10026. Geheimes Kabinett, Handschreiben, 039.091. Flemming, Jacob Heinrich, 00697\/06.<\/span><\/td>\n<td style=\"width: 53.0063%; height: 112px;\" colspan=\"3\"><span style=\"color: #0000ff;\"><span style=\"font-size: 10pt;\"><a style=\"color: #0000ff;\" href=\"https:\/\/www.archivportal-d.de\/item\/F7WH7Y7CCIPBZP6KECIMWK2FPEDPZDUV?isThumbnailFiltered=false&amp;rows=20&amp;offset=0&amp;viewType=list&amp;hitNumber=6&amp;_=1596446141592&amp;query=meyerfeld&amp;facetValues%5B%5D=provider_id%3DUG6LMRBTZUJVW6YRDFGWG6CS2TMNUOK7&amp;sort=random_610619084207202630\">Des Generalfeldmarschalls Herrn Graf von Flemming gehabte Korrespondenz mit (\u2026) Meyerfeld, General, Bd. 165<\/a><\/span><\/span><\/td>\n<td style=\"width: 36.3637%; height: 112px;\"><span style=\"font-size: 10pt;\"><span style=\"font-size: 10pt; color: #000000;\">1725<br \/>\n<\/span><\/span><\/td>\n<\/tr>\n<tr style=\"height: 140px;\">\n<td style=\"width: 44.8486%; height: 140px;\">\n<p class=\"entry-title\"><span style=\"font-size: 10pt;\">Stadtarchiv Stralsund, Hs. Handschriften, 0212 \/ 40, 41 (pag. 526-551)<\/span><\/p>\n<\/td>\n<td style=\"width: 53.0063%; height: 140px;\" colspan=\"3\"><span style=\"font-size: 10pt; color: #000000;\"><span style=\"font-size: 10pt;\">Unterlagen \u00fcber den Bau des sp\u00e4teren Landst\u00e4ndehauses durch den Obristen von Rotermund, Badenstra\u00dfe 39, und des Regierungsgeb\u00e4udes Badenstra\u00dfe 17 durch den Grafen Meyerfeldt<\/span><\/span><\/td>\n<td style=\"width: 36.3637%; height: 140px;\"><span style=\"font-size: 10pt;\"><span style=\"font-size: 10pt; color: #000000;\">25-01-1726<\/span><\/span><\/td>\n<\/tr>\n<tr style=\"height: 28px;\">\n<td style=\"width: 44.8486%; height: 28px;\"><span style=\"font-size: 10pt; color: #000000;\">SE\/RA\/Ericsberg 489<br \/>\n<\/span><\/td>\n<td style=\"height: 28px; width: 53.0063%;\" colspan=\"3\"><span style=\"font-size: 10pt; color: #000000;\"><span style=\"font-size: 10pt;\">Brief uit Stralsund aan graaf\u00a0Tessin\u00a0<\/span><\/span><\/td>\n<td style=\"width: 36.3637%; height: 28px;\"><span style=\"font-size: 10pt;\"><span style=\"font-size: 10pt; color: #000000;\">20-07-1726<\/span><\/span><\/td>\n<\/tr>\n<tr style=\"height: 28px;\">\n<td style=\"width: 44.8486%; height: 28px;\"><span style=\"font-size: 10pt;\"><span style=\"font-size: 10pt; color: #000000;\">SE\/RA\/<\/span>Ericsberg 492<\/span><span style=\"font-size: 10pt; color: #000000;\"><br \/>\n<\/span><\/td>\n<td style=\"height: 28px; width: 53.0063%;\" colspan=\"3\"><span style=\"font-size: 10pt; color: #0000ff;\"><span style=\"font-size: 10pt;\"><a style=\"color: #0000ff;\" href=\"https:\/\/sok.riksarkivet.se\/bildvisning\/A0040220_00492#?c=&amp;m=&amp;s=&amp;cv=491&amp;xywh=-1194%2C414%2C5010%2C2612\">Brief uit Stralsund aan graaf Tessin<\/a><\/span><\/span><\/td>\n<td style=\"width: 36.3637%; height: 28px;\"><span style=\"font-size: 10pt;\"><span style=\"font-size: 10pt; color: #000000;\">26-08-1726<\/span><\/span><\/td>\n<\/tr>\n<tr style=\"height: 56px;\">\n<td style=\"width: 44.8486%; height: 56px;\"><span style=\"font-size: 10pt; color: #000000;\"><span style=\"font-size: 10pt;\">SE\/RA\/Pommeranica, I\/A\/1 32<\/span><\/span><\/td>\n<td style=\"height: 56px; width: 53.0063%;\" colspan=\"3\"><span style=\"font-size: 10pt; color: #000000;\"><span style=\"color: #0000ff;\"><span style=\"font-size: 10pt; color: #0000ff;\"><span style=\"color: #000000;\"><span style=\"font-size: 10pt;\">Skrivelser till Kungl. Maj:t fr\u00e5n myndigheter: <\/span><span style=\"font-size: 10pt;\">Pommerska regeringen<\/span><\/span><\/span><\/span><\/span><\/td>\n<td style=\"width: 36.3637%; height: 56px;\"><span style=\"font-size: 10pt;\"><span style=\"font-size: 10pt; color: #000000;\">1726-1729<\/span><\/span><\/td>\n<\/tr>\n<tr style=\"height: 112px;\">\n<td style=\"width: 44.8486%; height: 112px;\"><span style=\"font-size: 10pt; color: #000000;\"><span style=\"font-size: 10pt;\">Stadtarchiv Stralsund, Hs. Handschriften, 0473.\u00a0<\/span><\/span><\/td>\n<td style=\"width: 53.0063%; height: 112px;\" colspan=\"3\"><span style=\"font-size: 10pt; color: #0000ff;\"><span style=\"font-size: 10pt;\"><span style=\"font-size: 10pt;\"><a style=\"color: #0000ff;\" href=\"http:\/\/digitale-bibliothek-mv.de\/viewer\/image\/PPNHST_HS_473\/1\/LOG_0000\/\">Hausbuch f\u00fcr das Palais Badenstra\u00dfe 17,\u00a0erbaut f\u00fcr den Generalgouverneur Graf Johann August von Meyerfeldt\u00a0durch den Obristleutnant von Loos<\/a><\/span><\/span><\/span><\/td>\n<td style=\"width: 36.3637%; height: 112px;\"><span style=\"font-size: 10pt;\"><span style=\"font-size: 10pt; color: #000000;\">1726-1730<\/span><\/span><\/td>\n<\/tr>\n<tr style=\"height: 28px;\">\n<td style=\"width: 44.8486%; height: 28px;\"><span style=\"font-size: 10pt; color: #000000;\">SE\/RA\/710\/008<\/span><\/td>\n<td style=\"width: 53.0063%; height: 28px;\" colspan=\"3\"><span style=\"font-size: 10pt; color: #000000;\"><span style=\"font-size: 10pt;\"><span style=\"font-size: 10pt;\">19 brieven van BB aan Hertog Karl<\/span><\/span><\/span><\/td>\n<td style=\"width: 36.3637%; height: 28px;\"><span style=\"font-size: 10pt; color: #000000;\"><span style=\"font-size: 10pt;\">1726-1739<\/span><\/span><\/td>\n<\/tr>\n<tr style=\"height: 56px;\">\n<td style=\"width: 44.8486%; height: 56px;\"><span style=\"font-size: 10pt; color: #000000;\">SE\/RA\/720\/849\/002, Vol E 5731.<br \/>\n<\/span><\/td>\n<td style=\"height: 56px; width: 53.0063%;\" colspan=\"3\"><span style=\"font-size: 10pt; color: #000000;\"><span style=\"color: #0000ff;\"><span style=\"font-size: 10pt; color: #0000ff;\"><span style=\"color: #000000;\">6 brieven aan Carl Gustaf Tessin (1695-1770)<br \/>\n<\/span><\/span><\/span><\/span><\/td>\n<td style=\"width: 36.3637%; height: 56px;\"><span style=\"font-size: 10pt;\"><span style=\"font-size: 10pt; color: #000000;\">1726-1747<br \/>\n<\/span><\/span><\/td>\n<\/tr>\n<tr style=\"height: 28px;\">\n<td style=\"width: 44.8486%; height: 28px;\"><span style=\"color: #000000; font-size: 10pt;\">SE\/RA\/<span style=\"font-size: 10pt;\">Ericsberg <\/span>494<\/span><\/td>\n<td style=\"width: 53.0063%; height: 28px;\" colspan=\"3\"><span style=\"color: #0000ff; font-size: 10pt;\"><a style=\"color: #0000ff;\" href=\"https:\/\/sok.riksarkivet.se\/bildvisning\/A0040220_00494#?c=&amp;m=&amp;s=&amp;cv=493&amp;xywh=376%2C491%2C2415%2C1259\">Brief uit Copenhagen aan graaf\u00a0Tessin<\/a><\/span><\/td>\n<td style=\"width: 36.3637%; height: 28px;\"><span style=\"font-size: 10pt; color: #000000;\">18-05-1728<br \/>\n<\/span><\/td>\n<\/tr>\n<tr style=\"height: 28px;\">\n<td style=\"width: 44.8486%; height: 28px;\"><span style=\"color: #000000; font-size: 10pt;\">SE\/RA\/<span style=\"font-size: 10pt;\">Ericsberg <\/span>496<\/span><\/td>\n<td style=\"height: 28px; width: 53.0063%;\" colspan=\"3\"><span style=\"color: #0000ff; font-size: 10pt;\"><a style=\"color: #0000ff;\" href=\"https:\/\/sok.riksarkivet.se\/bildvisning\/A0040220_00496#?c=&amp;m=&amp;s=&amp;cv=495&amp;xywh=-1422%2C366%2C5682%2C2962\">Brief uit Stralsund aan graaf\u00a0Tessin<\/a><\/span><\/td>\n<td style=\"width: 36.3637%; height: 28px;\"><span style=\"font-size: 10pt; color: #000000;\">19-10-1728<br \/>\n<\/span><\/td>\n<\/tr>\n<tr style=\"height: 28px;\">\n<td style=\"width: 44.8486%; height: 28px;\"><\/td>\n<td style=\"width: 53.0063%; height: 28px;\" colspan=\"3\"><\/td>\n<td style=\"width: 36.3637%; height: 28px;\"><\/td>\n<\/tr>\n<tr style=\"height: 27px;\">\n<td style=\"width: 44.8486%; height: 27px;\" width=\"77\"><span style=\"font-size: 10pt;\">SE\/RA\/710.004<\/span><br style=\"color: #000000; font-size: 13.3333px;\" \/><span style=\"color: #000000; font-size: 10pt;\">vol K 219<\/span><\/td>\n<td style=\"height: 27px; width: 53.0063%;\" colspan=\"3\" width=\"102\"><span style=\"font-size: 10pt; color: #000000;\">Zeven brieven tussen Britta Barnekow g.m. Meijerfeldt en koningin Ulrika Eleonora<\/span><\/td>\n<td style=\"height: 27px; width: 36.3637%;\" width=\"168\"><span style=\"font-size: 10pt;\">1726-1740<\/span><\/td>\n<\/tr>\n<tr style=\"height: 56px;\">\n<td style=\"width: 44.8486%; height: 21px;\"><span style=\"font-size: 10pt; color: #000000;\">SE\/RA\/Skr.t.K.<br \/>\n<\/span><\/td>\n<td style=\"height: 21px; width: 53.0063%;\" colspan=\"3\"><span style=\"font-size: 10pt; color: #000000;\"><span style=\"color: #0000ff;\"><span style=\"font-size: 10pt; color: #0000ff;\"><span style=\"color: #000000;\">Brief Kammar-kollegium aan koning<br \/>\n<\/span><\/span><\/span><\/span><\/td>\n<td style=\"width: 36.3637%; height: 21px;\"><span style=\"font-size: 10pt;\"><span style=\"font-size: 10pt; color: #000000;\">15-05-1727<br \/>\n<\/span><\/span><\/td>\n<\/tr>\n<tr style=\"height: 56px;\">\n<td style=\"width: 44.8486%; height: 28px;\"><span style=\"font-size: 10pt; color: #000000;\">SE\/RA\/Skr.t.K.<br \/>\n<\/span><\/td>\n<td style=\"height: 28px; width: 53.0063%;\" colspan=\"3\"><span style=\"font-size: 10pt; color: #000000;\"><span style=\"color: #0000ff;\"><span style=\"font-size: 10pt; color: #0000ff;\"><span style=\"color: #000000;\">Brief 128 Sammansatta kollegier aan koning<br \/>\n<\/span><\/span><\/span><\/span><\/td>\n<td style=\"width: 36.3637%; height: 28px;\"><span style=\"font-size: 10pt;\"><span style=\"font-size: 10pt; color: #000000;\">15-01-1728<br \/>\n<\/span><\/span><\/td>\n<\/tr>\n<tr style=\"height: 56px;\">\n<td style=\"width: 44.8486%; height: 56px;\"><span style=\"font-size: 10pt; color: #000000;\">SE\/UUB, Meijerfelts papper<\/span><\/td>\n<td style=\"width: 53.0063%; height: 56px;\" colspan=\"3\"><span style=\"font-size: 10pt; color: #0000ff;\"><span style=\"font-size: 10pt;\"><a style=\"color: #0000ff;\" href=\"https:\/\/meijenfeldt.nl\/wp-content\/uploads\/2022\/09\/1729-10-30-Friedrich.pdf\">Konung Friedrich, Meijerfeldts angel\u00e4genheter<\/a><\/span><\/span><\/td>\n<td style=\"width: 36.3637%; height: 56px;\"><span style=\"font-size: 10pt; color: #000000;\"><span style=\"font-size: 10pt;\">13-10-1729<\/span><\/span><\/td>\n<\/tr>\n<tr style=\"height: 28px;\">\n<td style=\"width: 44.8486%; height: 28px;\"><span style=\"font-size: 10pt; color: #000000;\">SE\/RA\/Ericsberg 503<\/span><\/td>\n<td style=\"width: 53.0063%; height: 28px;\" colspan=\"3\"><span style=\"font-size: 10pt; color: #0000ff;\"><span style=\"font-size: 10pt;\"><a style=\"color: #0000ff;\" href=\"https:\/\/sok.riksarkivet.se\/bildvisning\/A0040220_00496#?c=&amp;m=&amp;s=&amp;cv=495&amp;xywh=-1422%2C366%2C5682%2C2962\">Brief met lijst van vier kinderen<\/a><\/span><\/span><\/td>\n<td style=\"width: 36.3637%; height: 28px;\"><span style=\"font-size: 10pt;\"><span style=\"font-size: 10pt; color: #000000;\">19-10-1728<\/span><\/span><\/td>\n<\/tr>\n<tr style=\"height: 56px;\">\n<td style=\"width: 44.8486%; height: 27px;\"><span style=\"font-size: 10pt; color: #000000;\">SE\/RA\/Skr.t.K.<br \/>\n<\/span><\/td>\n<td style=\"height: 27px; width: 53.0063%;\" colspan=\"3\"><span style=\"font-size: 10pt; color: #000000;\"><span style=\"color: #0000ff;\"><span style=\"font-size: 10pt; color: #0000ff;\"><span style=\"color: #000000;\">Brief Kammar-kollegium aan koning<br \/>\n<\/span><\/span><\/span><\/span><\/td>\n<td style=\"width: 36.3637%; height: 27px;\"><span style=\"font-size: 10pt;\"><span style=\"font-size: 10pt; color: #000000;\">03-11-1729<br \/>\n<\/span><\/span><\/td>\n<\/tr>\n<tr style=\"height: 56px;\">\n<td style=\"width: 44.8486%; height: 10px;\"><span style=\"font-size: 10pt; color: #000000;\">SE\/RA\/Skr.t.K.<\/span><\/td>\n<td style=\"height: 10px; width: 53.0063%;\" colspan=\"3\"><span style=\"font-size: 10pt; color: #000000;\"><span style=\"color: #0000ff;\"><span style=\"font-size: 10pt; color: #0000ff;\"><span style=\"color: #000000;\">Brief 129 Sammansatta kollegier aan koning<br \/>\n<\/span><\/span><\/span><\/span><\/td>\n<td style=\"width: 36.3637%; height: 10px;\"><span style=\"font-size: 10pt;\"><span style=\"font-size: 10pt; color: #000000;\">08-11-1729<br \/>\n<\/span><\/span><\/td>\n<\/tr>\n<tr style=\"height: 28px;\">\n<td style=\"width: 44.8486%; height: 28px;\"><span style=\"font-size: 10pt; color: #000000;\">SE\/RA\/720338.002<br \/>\n<\/span><\/td>\n<td style=\"height: 28px; width: 53.0063%;\" colspan=\"3\"><span style=\"font-size: 10pt; color: #000000;\"><span style=\"color: #0000ff;\"><span style=\"font-size: 10pt; color: #0000ff;\"><span style=\"color: #000000;\">Brief aan Axel L\u00f6wen (1686-1772)<br \/>\n<\/span><\/span><\/span><\/span><\/td>\n<td style=\"width: 36.3637%; height: 28px;\"><span style=\"font-size: 10pt;\"><span style=\"font-size: 10pt; color: #000000;\">15-12-1729<br \/>\n<\/span><\/span><\/td>\n<\/tr>\n<tr style=\"height: 28px;\">\n<td style=\"width: 44.8486%; height: 28px;\"><span style=\"font-size: 10pt; color: #000000;\">SE\/RA, Likvitationer 339<\/span><\/td>\n<td style=\"width: 53.0063%; height: 28px;\" colspan=\"3\"><span style=\"font-size: 10pt; color: #0000ff;\"><span style=\"font-size: 10pt;\"><a style=\"color: #0000ff;\" href=\"https:\/\/sok.riksarkivet.se\/bildvisning\/A0067005_00339#?c=&amp;m=&amp;s=&amp;cv=338&amp;xywh=1124%2C-1%2C5687%2C2964\">Psilanders Liq.<\/a>\u00a0<\/span><\/span><\/td>\n<td style=\"width: 36.3637%; height: 28px;\"><span style=\"font-size: 10pt;\"><span style=\"font-size: 10pt; color: #000000;\">15-12-1729<\/span><\/span><\/td>\n<\/tr>\n<tr style=\"height: 28px;\">\n<td style=\"width: 44.8486%; height: 28px;\"><span style=\"font-size: 10pt; color: #000000;\">SE\/RA\/720338.002<\/span><\/td>\n<td style=\"height: 28px; width: 53.0063%;\" colspan=\"3\"><span style=\"font-size: 10pt; color: #000000;\"><span style=\"color: #0000ff;\"><span style=\"font-size: 10pt; color: #0000ff;\"><span style=\"color: #000000;\">Brief aan Axel L\u00f6wen (1686-1772)<\/span><\/span><\/span><\/span><\/td>\n<td style=\"width: 36.3637%; height: 28px;\"><span style=\"font-size: 10pt;\"><span style=\"font-size: 10pt; color: #000000;\">26-12-1729<br \/>\n<\/span><\/span><\/td>\n<\/tr>\n<tr style=\"height: 56px;\">\n<td style=\"width: 44.8486%; height: 56px;\"><span style=\"color: #000000; font-size: 10pt;\">SE\/UUB, Meijerfelts papper<\/span><\/td>\n<td style=\"width: 53.0063%; height: 56px;\" colspan=\"3\"><span style=\"color: #000000; font-size: 10pt;\"><span class=\"site-name no-print\" style=\"color: #000000; font-size: 10pt;\">Kongl. Bref till Envoy\u00e9 Dietmar om hans angelag.<\/span><\/span><\/td>\n<td style=\"width: 36.3637%; height: 56px;\"><span style=\"font-size: 10pt;\">1729<\/span><\/td>\n<\/tr>\n<tr style=\"height: 56px;\">\n<td style=\"width: 44.8486%; height: 56px;\"><span style=\"color: #000000; font-size: 10pt;\">Ernst-Moritz-Arndt-Universit\u00e4t Greifswald, 01. Alte Rektorat, Hbg65<\/span><\/td>\n<td style=\"height: 56px; width: 53.0063%;\" colspan=\"3\"><span style=\"color: #0000ff; font-size: 10pt;\"><a style=\"color: #0000ff;\" href=\"https:\/\/meijenfeldt.nl\/wp-content\/uploads\/2022\/03\/1730-05-01-Universitat-Greifswald.pdf\">Jubil\u00e4um der Augsburg-ischen Konfession. Schreiben vom Kanzler<\/a><\/span><\/td>\n<td style=\"width: 36.3637%; height: 56px;\"><span style=\"font-size: 10pt;\">01-05-1730<\/span><span style=\"font-size: 10pt; color: #000000;\"><br \/>\n<\/span><\/td>\n<\/tr>\n<tr style=\"height: 84px;\">\n<td style=\"width: 44.8486%; height: 84px;\"><span style=\"color: #000000; font-size: 10pt;\">Ernst-Moritz-Arndt-Universit\u00e4t Greifswald, Acta Visitationis Academia 1730<\/span><\/td>\n<td style=\"width: 53.0063%; height: 84px;\" colspan=\"3\"><span style=\"color: #0000ff; font-size: 10pt;\"><a style=\"color: #0000ff;\" href=\"https:\/\/meijenfeldt.nl\/wp-content\/uploads\/2022\/03\/1730-07-15-Universitat-Greifswald.pdf\">Uitnodiging H. von Bahr uit Stockholm<\/a><\/span><\/td>\n<td style=\"width: 36.3637%; height: 84px;\"><span style=\"font-size: 10pt; color: #000000;\">15-07-1730<\/span><\/td>\n<\/tr>\n<tr style=\"height: 84px;\">\n<td style=\"width: 44.8486%; height: 84px;\"><span style=\"color: #000000; font-size: 10pt;\">Ernst-Moritz-Arndt-Universit\u00e4t Greifswald, Acta Visitationis Academia 1730<\/span><\/td>\n<td style=\"width: 53.0063%; height: 84px;\" colspan=\"3\"><span style=\"color: #0000ff; font-size: 10pt;\"><a style=\"color: #0000ff;\" href=\"https:\/\/meijenfeldt.nl\/wp-content\/uploads\/2022\/03\/1730-08-08-Universitat-Greifswald.pdf\">Reactie Kanzler Greifswald vanuit Stralsund<\/a><\/span><\/td>\n<td style=\"width: 36.3637%; height: 84px;\"><span style=\"font-size: 10pt; color: #000000;\">08-08-1730<\/span><\/td>\n<\/tr>\n<tr style=\"height: 84px;\">\n<td style=\"width: 44.8486%; height: 84px;\"><span style=\"color: #000000; font-size: 10pt;\">Ernst-Moritz-Arndt-Universit\u00e4t Greifswald, Acta Visitationis Academia 1730, <\/span><span style=\"font-size: 10pt;\">no. 77, blz. 957-963<\/span><\/td>\n<td style=\"width: 53.0063%; height: 84px;\" colspan=\"3\"><span style=\"color: #0000ff; font-size: 10pt;\"><a style=\"color: #0000ff;\" href=\"https:\/\/meijenfeldt.nl\/wp-content\/uploads\/2022\/03\/1730-11-20-Universitat-Greifswald.pdf\">Visitations-Bescheid, Verordnungen f\u00fcr die Akademie <\/a><\/span><\/td>\n<td style=\"width: 36.3637%; height: 84px;\"><span style=\"font-size: 10pt; color: #000000;\">20-11-1730<\/span><\/td>\n<\/tr>\n<tr style=\"height: 84px;\">\n<td style=\"width: 44.8486%; height: 84px;\"><span style=\"font-size: 10pt; color: #000000;\"><span style=\"font-size: 10pt;\">Stadtarchiv Stralsund, Rep 33. Quartierkammer und Steuerverwaltung, 416b<\/span><\/span><\/td>\n<td style=\"width: 53.0063%; height: 84px;\" colspan=\"3\"><span style=\"font-size: 10pt; color: #000000;\"><span style=\"color: #0000ff;\"><span style=\"font-size: 10pt; color: #0000ff;\"><span style=\"color: #000000;\"><span style=\"font-size: 10pt;\">Erteilung der Erlaubnis f\u00fcr eine Reise des St\u00fcckjunkers Jakob Kohl durch den Gouverneur Meyerfeldt<\/span><\/span><\/span><\/span><\/span><\/td>\n<td style=\"width: 36.3637%; height: 84px;\"><span style=\"font-size: 10pt;\"><span style=\"font-size: 10pt; color: #000000;\">1730<\/span><\/span><\/td>\n<\/tr>\n<tr style=\"height: 56px;\">\n<td style=\"width: 44.8486%; height: 56px;\"><span style=\"font-size: 10pt; color: #000000;\"><span style=\"font-size: 10pt;\">SE\/RA\/Pommeranica, I\/A\/1 <\/span><span style=\"font-size: 10pt;\">33<\/span><\/span><\/td>\n<td style=\"height: 56px; width: 53.0063%;\" colspan=\"3\"><span style=\"font-size: 10pt; color: #000000;\"><span style=\"color: #0000ff;\"><span style=\"font-size: 10pt; color: #0000ff;\"><span style=\"color: #000000;\"><span style=\"font-size: 10pt;\">Skrivelser till Kungl. Maj:t fr\u00e5n myndigheter: <\/span><span style=\"font-size: 10pt;\">Pommerska regeringen<\/span><\/span><\/span><\/span><\/span><\/td>\n<td style=\"width: 36.3637%; height: 56px;\"><span style=\"font-size: 10pt;\"><span style=\"font-size: 10pt; color: #000000;\">1730-1731<\/span><\/span><\/td>\n<\/tr>\n<tr style=\"height: 28px;\">\n<td style=\"width: 44.8486%; height: 28px;\"><span style=\"color: #000000; font-size: 13.3333px;\">SE\/RA\/710.004, Vol K 219<br \/>\n<\/span><\/td>\n<td style=\"width: 53.0063%; height: 28px;\" colspan=\"3\"><span style=\"font-size: 10pt; color: #000000;\">5 brieven van koningin Ulrika Eleonora<br \/>\n<\/span><\/td>\n<td style=\"width: 36.3637%; height: 28px;\"><span style=\"font-size: 10pt;\"><span style=\"font-size: 10pt; color: #000000;\">1730-1737<br \/>\n<\/span><\/span><\/td>\n<\/tr>\n<tr style=\"height: 56px;\">\n<td style=\"width: 44.8486%; height: 23px;\"><span style=\"font-size: 10pt; color: #000000;\">SE\/RA\/Skr.t.K.<\/span><\/td>\n<td style=\"height: 23px; width: 53.0063%;\" colspan=\"3\"><span style=\"font-size: 10pt; color: #000000;\"><span style=\"color: #0000ff;\"><span style=\"font-size: 10pt; color: #0000ff;\"><span style=\"color: #000000;\">Brief 130 Sammansatta kollegier aan koning<br \/>\n<\/span><\/span><\/span><\/span><\/td>\n<td style=\"width: 36.3637%; height: 23px;\"><span style=\"font-size: 10pt;\"><span style=\"font-size: 10pt; color: #000000;\">01-07-1731<br \/>\n<\/span><\/span><\/td>\n<\/tr>\n<tr style=\"height: 28px;\">\n<td style=\"width: 44.8486%; height: 28px;\"><span style=\"font-size: 10pt; color: #000000;\">SE\/RA\/Ericsberg 521-522<\/span><\/td>\n<td style=\"height: 28px; width: 53.0063%;\" colspan=\"3\"><span style=\"color: #0000ff;\"><a style=\"color: #0000ff;\" href=\"https:\/\/sok.riksarkivet.se\/bildvisning\/A0040220_00521#?c=&amp;m=&amp;s=&amp;cv=520&amp;xywh=-1422%2C174%2C5960%2C3076\"><span style=\"font-size: 10pt;\"><span style=\"font-size: 10pt;\">Brief uit Stralsund aan Johan B\u00f6lcken<\/span><\/span><\/a><\/span><\/td>\n<td style=\"width: 36.3637%; height: 28px;\"><span style=\"font-size: 10pt;\"><span style=\"font-size: 10pt; color: #000000;\">27-11-1731<\/span><\/span><\/td>\n<\/tr>\n<tr style=\"height: 27px;\">\n<td style=\"width: 44.8486%; height: 27px;\"><span style=\"font-size: 10pt; color: #000000;\">Bengt Nilssons hemsida\u00a0<\/span><\/td>\n<td style=\"width: 53.0063%; height: 27px;\" colspan=\"3\"><span style=\"color: #0000ff;\"><span style=\"font-size: 10pt;\"><span style=\"font-size: 10pt;\"><a style=\"color: #0000ff; font-size: 17px;\" href=\"https:\/\/members.tripod.com\/Bengt_Nilsson\/Marinhistoria\/psilbrevmeyer.htm\"><span style=\"font-family: georgia, palatino, serif; font-size: 10pt;\">Brief uit Kalmar van Gustaf von Psilander<\/span><\/a><br \/>\n<\/span><\/span><\/span><\/td>\n<td style=\"width: 36.3637%; height: 27px;\"><span style=\"font-size: 10pt;\"><span style=\"font-size: 10pt; color: #000000;\">13-03-1732<br \/>\n<\/span><\/span><\/td>\n<\/tr>\n<tr style=\"height: 56px;\">\n<td style=\"width: 44.8486%; height: 19px;\"><span style=\"font-size: 10pt; color: #000000;\">SE\/RA\/Skr.t.K.<\/span><span style=\"font-size: 10pt; color: #000000;\"><br \/>\n<\/span><\/td>\n<td style=\"height: 19px; width: 53.0063%;\" colspan=\"3\"><span style=\"font-size: 10pt; color: #000000;\"><span style=\"color: #0000ff;\"><span style=\"font-size: 10pt; color: #0000ff;\"><span style=\"color: #000000;\">Brief Kammar-kollegium aan koning<\/span><\/span><\/span><\/span><\/td>\n<td style=\"width: 36.3637%; height: 19px;\"><span style=\"font-size: 10pt;\"><span style=\"font-size: 10pt; color: #000000;\">10-05-1732<\/span><\/span><\/td>\n<\/tr>\n<tr style=\"height: 28px;\">\n<td style=\"width: 44.8486%; height: 28px;\"><span style=\"font-size: 10pt; color: #000000;\">SE\/S\/HS, KB1\/1. Autografsamlingen<\/span><\/td>\n<td style=\"width: 53.0063%; height: 28px;\" colspan=\"3\"><span style=\"font-size: 10pt; color: #0000ff;\"><span style=\"font-size: 10pt;\"><a style=\"color: #0000ff;\" href=\"https:\/\/meijenfeldt.nl\/wp-content\/uploads\/2020\/09\/1732-JAsr-Stockholm.pdf\">Brief uit Stockholm<\/a><\/span><\/span><\/td>\n<td style=\"width: 36.3637%; height: 28px;\"><span style=\"font-size: 10pt;\"><span style=\"font-size: 10pt; color: #000000;\">24-05-1732<\/span><\/span><\/td>\n<\/tr>\n<tr style=\"height: 56px;\">\n<td style=\"width: 44.8486%; height: 23px;\"><span style=\"color: #000000; font-size: 13.3333px;\">SE\/RA\/720338.002<\/span><\/td>\n<td style=\"height: 23px; width: 53.0063%;\" colspan=\"3\"><span style=\"font-size: 10pt; color: #000000;\">Brief aan Axel L\u00f6wen 1686-1772<\/span><\/td>\n<td style=\"width: 36.3637%; height: 23px;\"><span style=\"color: #000000; font-size: 13.3333px;\">03-06-1732<\/span><\/td>\n<\/tr>\n<tr style=\"height: 56px;\">\n<td style=\"width: 44.8486%; height: 56px;\"><span style=\"color: #000000; font-size: 13.3333px;\">SE\/RA\/720\/338\/002<br \/>\nvol 5<br \/>\n<\/span><\/td>\n<td style=\"width: 53.0063%; height: 56px;\" colspan=\"3\"><span style=\"font-size: 10pt; color: #000000;\">Brief van Britta Barnekow aan baron Axel L\u00f6wen (1686-1772)<br \/>\n<\/span><\/td>\n<td style=\"width: 36.3637%; height: 56px;\"><span style=\"color: #000000; font-size: 13.3333px;\">03-06-1732<br \/>\n<\/span><\/td>\n<\/tr>\n<tr style=\"height: 84px;\">\n<td style=\"width: 44.8486%; height: 10px;\" width=\"77\"><span style=\"color: #000000; font-size: 13.3333px;\">SE\/RA\/720.928.002, <\/span><span style=\"color: #000000; font-size: 13.3333px;\">Vol E 4874<\/span><\/td>\n<td style=\"height: 10px; width: 53.0063%;\" colspan=\"3\" width=\"102\"><span style=\"font-size: 10pt; color: #000000;\">Brief aan Erik Mattias von Nolcken (1694-1755)<\/span><\/td>\n<td style=\"width: 36.3637%; height: 10px;\" width=\"168\"><span style=\"font-size: 10pt; color: #000000;\">1732\u00a0<\/span><\/td>\n<\/tr>\n<tr style=\"height: 28px;\">\n<td style=\"width: 44.8486%; height: 28px;\"><span style=\"color: #000000; font-size: 13.3333px;\">SE\/RA\/Ericsberg 515<\/span><\/td>\n<td style=\"width: 53.0063%; height: 28px;\" colspan=\"3\"><span style=\"font-size: 10pt; color: #0000ff;\"><a style=\"color: #0000ff;\" href=\"https:\/\/sok.riksarkivet.se\/bildvisning\/A0040220_00515#?c=&amp;m=&amp;s=&amp;cv=514&amp;xywh=-1453%2C326%2C5407%2C2819\">Concept-brief aan de Koning over S\u00f6fdeborg<\/a><\/span><\/td>\n<td style=\"width: 36.3637%; height: 28px;\"><span style=\"font-size: 10pt; color: #000000;\">1732<\/span><\/td>\n<\/tr>\n<tr style=\"height: 364px;\">\n<td style=\"width: 44.8486%; height: 364px;\"><span style=\"color: #000000; font-size: 13.3333px;\"><span style=\"font-size: 10pt; color: #000000;\">SE\/LLA, 30733. S\u00f6vdeborg godsarchiv, J3. Handlingar och r\u00e4kenskaper ang familjen Meijerfeldt, 11<\/span><\/span><\/td>\n<td style=\"width: 53.0063%; height: 364px;\" colspan=\"3\"><span style=\"font-size: 10pt; color: #000000;\">R\u00e4kenskaper och handlingar f\u00f6r Visings\u00f6 med Barnarp m fl gods 1732-1739, diverse specifika- tioner och r\u00e4kenskaper 1732-1736, spannm\u00e5lsspecifikation p\u00e5 uts\u00e4de vid N\u00e4sby 1734, f\u00f6rteckningar p\u00e5 h\u00e4star, svin m fl p\u00e5 Visings\u00f6, Barnarp, S\u00f6vdeborg, \u00c5gerup m fl 1735, r\u00e4kenskaper med verifikationer 1735-1739, r\u00e4kenskapsunderlag 1736, korrespondens med inspektor Fischer 1735-1736, 1739-1740, med andra 1735 och odaterade, r\u00e4kenskaper med verifikationer f\u00f6r Visingsborg 1743 av inspektor Mattis Sodman. (paket nr 53).<\/span><\/td>\n<td style=\"width: 36.3637%; height: 364px;\"><span style=\"font-size: 10pt; color: #000000;\">1732-1743<\/span><\/td>\n<\/tr>\n<tr style=\"height: 56px;\">\n<td style=\"width: 44.8486%; height: 56px;\"><span style=\"color: #000000; font-size: 13.3333px;\">SE\/UUB, F 255. <span style=\"color: #000000; font-size: 10pt;\"><span class=\"site-name no-print\">Handlingar till Sveriges politiska historia 1731-1734<\/span><\/span><\/span><\/td>\n<td style=\"width: 53.0063%; height: 56px;\" colspan=\"3\"><span style=\"font-size: 10pt; color: #000000;\"><span class=\"site-name no-print\">Bref fr\u00e5n Fredrik I<\/span><\/span><\/td>\n<td style=\"width: 36.3637%; height: 56px;\"><span style=\"font-size: 10pt; color: #000000;\"><span class=\"site-name no-print\" style=\"color: #000000; font-size: 10pt;\">03-03-1733<\/span><\/span><\/td>\n<\/tr>\n<tr style=\"height: 84px;\">\n<td style=\"width: 44.8486%; height: 10px;\" width=\"77\"><span style=\"color: #000000; font-size: 13.3333px;\">SE\/RA\/<\/span><span style=\"color: #000000; font-size: 13.3333px;\"><span style=\"font-size: 10pt; color: #000000;\">Skr.t.K.<\/span><\/span><\/td>\n<td style=\"height: 10px; width: 53.0063%;\" colspan=\"3\" width=\"102\"><span style=\"font-size: 10pt; color: #000000;\">Brief Kommers-kollegium aan koning<\/span><\/td>\n<td style=\"height: 10px; width: 36.3637%;\" width=\"168\"><span style=\"font-size: 10pt; color: #000000;\">28-09-1733\u00a0<\/span><\/td>\n<\/tr>\n<tr style=\"height: 84px;\">\n<td style=\"width: 44.8486%; height: 24px;\" width=\"77\"><span style=\"color: #000000; font-size: 13.3333px;\">SE\/RA\/<\/span><span style=\"color: #000000; font-size: 13.3333px;\"><span style=\"font-size: 10pt; color: #000000;\">Skr.t.K.<\/span><\/span><\/td>\n<td style=\"width: 53.0063%; height: 24px;\" colspan=\"3\" width=\"102\"><span style=\"font-size: 10pt; color: #000000;\">Brief 76 Sammansatta kollegier aan koning<\/span><\/td>\n<td style=\"width: 36.3637%; height: 24px;\"><span style=\"font-size: 10pt; color: #000000;\">11-10-1733\u00a0<\/span><\/td>\n<\/tr>\n<tr style=\"height: 56px;\">\n<td style=\"width: 44.8486%; height: 56px;\"><span style=\"font-size: 10pt; color: #000000;\"><span style=\"font-size: 10pt;\">SE\/RA Pommeranica, I\/A\/3 192<\/span><\/span><\/td>\n<td style=\"width: 53.0063%; height: 56px;\" colspan=\"3\"><span style=\"font-size: 10pt; color: #000000;\"><span style=\"font-size: 10pt;\">Skrivelser till Kungl. Maj:t fr\u00e5n myndigheter: Pommerska kammaren<\/span><\/span><\/td>\n<td style=\"width: 36.3637%; height: 56px;\"><span style=\"font-size: 10pt; color: #000000;\">1733-1757<\/span><\/td>\n<\/tr>\n<tr style=\"height: 112px;\">\n<td style=\"width: 44.8486%; height: 38px;\" width=\"77\"><span style=\"font-size: 10pt; color: #000000;\">SE\/RA\/720.132.036, <\/span><span style=\"font-size: 10pt; color: #000000;\">vol E 3102<\/span><\/td>\n<td style=\"height: 38px; width: 53.0063%;\" colspan=\"3\" width=\"102\"><span style=\"font-size: 10pt; color: #000000;\">Brief uit Stralsund aan Olof T\u00f6rnflycht (1680- 1737) reductie<br \/>\n<\/span><\/td>\n<td style=\"width: 36.3637%; height: 38px;\" width=\"168\"><span style=\"font-size: 10pt; color: #000000;\">1733\u00a0<\/span><\/td>\n<\/tr>\n<tr style=\"height: 56px;\">\n<td style=\"width: 44.8486%; height: 18px;\"><span style=\"font-size: 10pt; color: #000000;\">SE\/RA\/720.045, Vol E 4284<br \/>\n<\/span><\/td>\n<td style=\"height: 18px; width: 53.0063%;\" colspan=\"3\"><span style=\"font-size: 10pt; color: #000000;\"><span style=\"color: #0000ff;\"><span style=\"font-size: 10pt; color: #0000ff;\"><span style=\"color: #000000;\">Brief Arvid Bernhard Horn af Ekebyholm (1664-1742)<br \/>\n<\/span><\/span><\/span><\/span><\/td>\n<td style=\"width: 36.3637%; height: 18px;\"><span style=\"font-size: 10pt; color: #000000;\">1734<br \/>\n<\/span><\/td>\n<\/tr>\n<tr style=\"height: 28px;\">\n<td style=\"width: 44.8486%; height: 28px;\"><span style=\"font-size: 10pt; color: #000000;\">SE\/RA\/<span style=\"font-size: 10pt; color: #000000;\">Skr.t.K.<\/span><br \/>\n<\/span><\/td>\n<td style=\"width: 53.0063%; height: 28px;\" colspan=\"3\"><span style=\"font-size: 10pt; color: #000000;\"><span style=\"color: #0000ff;\"><span style=\"font-size: 10pt; color: #0000ff;\"><span style=\"color: #000000;\">Brief Kammar-kollegium aan koning<br \/>\n<\/span><\/span><\/span><\/span><\/td>\n<td style=\"width: 36.3637%; height: 28px;\"><span style=\"font-size: 10pt; color: #000000;\">09-04-1734<br \/>\n<\/span><\/td>\n<\/tr>\n<tr style=\"height: 84px;\">\n<td style=\"width: 44.8486%; height: 26px;\" width=\"77\"><span style=\"color: #000000; font-size: 13.3333px;\">SE\/RA\/<\/span><span style=\"color: #000000; font-size: 13.3333px;\"><span style=\"font-size: 10pt; color: #000000;\">Skr.t.K.<\/span><\/span><\/td>\n<td style=\"width: 53.0063%; height: 26px;\" colspan=\"3\" width=\"102\"><span style=\"font-size: 10pt; color: #000000;\">Brief Kommers-kollegium aan koning (Brita Barnekow)<\/span><\/td>\n<td style=\"width: 36.3637%; height: 26px;\"><span style=\"font-size: 10pt; color: #000000;\">08-06-1734<br \/>\n<\/span><\/td>\n<\/tr>\n<tr style=\"height: 84px;\">\n<td style=\"width: 44.8486%; height: 10px;\" width=\"77\"><span style=\"color: #000000; font-size: 13.3333px;\">SE\/RA\/<\/span><span style=\"color: #000000; font-size: 13.3333px;\"><span style=\"font-size: 10pt; color: #000000;\">Skr.t.K.<\/span><\/span><\/td>\n<td style=\"width: 53.0063%; height: 10px;\" colspan=\"3\" width=\"102\"><span style=\"font-size: 10pt; color: #000000;\">Brief Kommers-kollegium aan koning<\/span><\/td>\n<td style=\"width: 36.3637%; height: 10px;\"><span style=\"color: #000000; font-size: 13.3333px;\">14-10-1734<\/span><\/td>\n<\/tr>\n<tr style=\"height: 28px;\">\n<td style=\"width: 44.8486%; height: 28px;\"><span style=\"color: #000000; font-size: 13.3333px;\">SE\/RA\/720.045, <span style=\"color: #000000; font-size: 10pt;\"><span style=\"color: #000000;\">E 4284<\/span><\/span><\/span><\/td>\n<td style=\"width: 53.0063%; height: 28px;\" colspan=\"3\"><span style=\"font-size: 10pt; color: #000000;\">Brief aan Arvid Bernhard Horn<\/span><\/td>\n<td style=\"width: 36.3637%; height: 28px;\"><span style=\"color: #000000; font-size: 13.3333px;\">1734<\/span><\/td>\n<\/tr>\n<tr style=\"height: 84px;\">\n<td style=\"width: 44.8486%; height: 22px;\" width=\"77\"><span style=\"color: #000000; font-size: 13.3333px;\">SE\/RA\/<\/span><span style=\"color: #000000; font-size: 13.3333px;\"><span style=\"font-size: 10pt; color: #000000;\">Skr.t.K.<\/span><\/span><\/td>\n<td style=\"height: 22px; width: 53.0063%;\" colspan=\"3\" width=\"102\"><span style=\"font-size: 10pt; color: #000000;\">Brief Kammar-kollegium aan koning<\/span><\/td>\n<td style=\"width: 36.3637%; height: 22px;\"><span style=\"color: #000000; font-size: 13.3333px;\">18-02-1735<\/span><\/td>\n<\/tr>\n<tr style=\"height: 84px;\">\n<td style=\"width: 44.8486%; height: 15px;\" width=\"77\"><span style=\"color: #000000; font-size: 13.3333px;\">SE\/RA\/<\/span><span style=\"color: #000000; font-size: 13.3333px;\"><span style=\"font-size: 10pt; color: #000000;\">Skr.t.K.<\/span><\/span><\/td>\n<td style=\"height: 15px; width: 53.0063%;\" colspan=\"3\" width=\"102\"><span style=\"font-size: 10pt; color: #000000;\">Brief Kammar-kollegium aan koning<\/span><\/td>\n<td style=\"width: 36.3637%; height: 15px;\"><span style=\"color: #000000; font-size: 13.3333px;\">30-04-1735<\/span><\/td>\n<\/tr>\n<tr style=\"height: 28px;\">\n<td style=\"width: 44.8486%; height: 28px;\"><span style=\"color: #000000; font-size: 13.3333px;\">SE\/KrA, Biografica 28<\/span><\/td>\n<td style=\"width: 53.0063%; height: 28px;\" colspan=\"3\"><span style=\"font-size: 10pt; color: #000000;\"><span style=\"color: #0000ff; font-size: 10pt;\"><a style=\"color: #0000ff;\" href=\"https:\/\/sok.riksarkivet.se\/bildvisning\/A0066512_00018#?c=&amp;m=&amp;s=&amp;cv=17&amp;xywh=2353%2C-282%2C3683%2C3353\">Uit Stockholm inzake Christoph Petters<\/a><\/span><\/span><\/td>\n<td style=\"width: 36.3637%; height: 28px;\"><span style=\"color: #000000; font-size: 13.3333px;\"><span style=\"color: #000000; font-size: 10pt;\">10-06-1735<\/span><\/span><\/td>\n<\/tr>\n<tr style=\"height: 84px;\">\n<td style=\"width: 44.8486%; height: 84px;\"><span style=\"color: #000000; font-size: 13.3333px;\">Universit\u00e4t Rostock<\/span><\/td>\n<td style=\"width: 53.0063%; height: 84px;\" colspan=\"3\"><span style=\"font-size: 10pt; color: #0000ff;\"><a style=\"color: #0000ff;\" href=\"http:\/\/rosdok.uni-rostock.de\/mcrviewer\/recordIdentifier\/rosdok_ppn862167205\/iview2\/phys_0005.iview2\">Von Ihro K\u00f6nigl. Maytt. zu Schweden, [et]c. zum Pommerschen Estat verordnete General-Staathalter und Regierung, Stralsund, 4 blz.<\/a><\/span><\/td>\n<td style=\"width: 36.3637%; height: 84px;\"><span style=\"color: #000000; font-size: 13.3333px;\">19-12-1735<\/span><\/td>\n<\/tr>\n<tr style=\"height: 84px;\">\n<td style=\"width: 44.8486%; height: 84px;\"><span style=\"color: #000000; font-size: 13.3333px;\">SE\/RA\/Likvitationer, 338<br \/>\n<\/span><\/td>\n<td style=\"width: 53.0063%; height: 84px;\" colspan=\"3\"><span style=\"font-size: 10pt; color: #0000ff;\"><span style=\"font-size: 10pt; color: #000000;\"><span style=\"color: #0000ff;\"><a style=\"color: #0000ff;\" href=\"https:\/\/sok.riksarkivet.se\/bildvisning\/A0067005_00338#?c=&amp;m=&amp;s=&amp;cv=337&amp;xywh=2404%2C389%2C3949%2C2059\">Relation\u00a0ang\u00e5ende liquiderendet med Meijerfeltska Dragon regementet<\/a><\/span>\u00a0(vanaf punt 5 afgebroken)<\/span><\/span><\/td>\n<td style=\"width: 36.3637%; height: 84px;\"><span style=\"color: #000000; font-size: 13.3333px;\">23-12-1735<br \/>\n<\/span><\/td>\n<\/tr>\n<tr style=\"height: 10px;\">\n<td style=\"width: 44.8486%; height: 10px;\" width=\"77\"><span style=\"font-size: 10pt;\">SE\/RA\/720.132.009, <\/span><span style=\"font-size: 10pt; color: #000000;\">vol E 3080<\/span><\/td>\n<td style=\"height: 10px; width: 53.0063%;\" colspan=\"3\" width=\"102\"><span style=\"font-size: 10pt; color: #000000;\">Brief van Britta Barnekow g.m. Meijerfeldt aan Christina Margareta Augusta T\u00f6rnflycht (1714-1780), g.m. Axel Wrede-Sparre (1708-1772).<\/span><\/td>\n<td style=\"height: 10px; width: 36.3637%;\" width=\"168\"><span style=\"color: #000000; font-size: 13.3333px;\">1735<\/span><\/td>\n<\/tr>\n<tr style=\"height: 28px;\">\n<td style=\"width: 44.8486%; height: 28px;\"><span style=\"font-size: 10pt; color: #000000;\"><span style=\"font-size: 13.3333px;\">SE\/RA\/710.004, Vol K 247<\/span><\/span><\/td>\n<td style=\"width: 53.0063%; height: 28px;\" colspan=\"3\"><span style=\"font-size: 10pt; color: #000000;\"><span style=\"font-size: 10pt;\">4 brieven van koningin Ulrika Eleonora aan BB<\/span><\/span><\/td>\n<td style=\"width: 36.3637%; height: 28px;\"><span style=\"color: #000000; font-size: 13.3333px;\">1735-1740<\/span><\/td>\n<\/tr>\n<tr style=\"height: 28px;\">\n<td style=\"width: 44.8486%; height: 28px;\"><span style=\"color: #000000; font-size: 10pt;\">SE\/RA\/<span style=\"font-size: 10pt;\">Ericsberg <\/span>499<\/span><\/td>\n<td style=\"height: 28px; width: 53.0063%;\" colspan=\"3\"><span style=\"color: #0000ff;\"><a style=\"color: #0000ff;\" href=\"https:\/\/sok.riksarkivet.se\/bildvisning\/A0040220_00499#?c=&amp;m=&amp;s=&amp;cv=498&amp;xywh=-789%2C131%2C3805%2C1964\"><span style=\"font-size: 10pt;\">Brief uit Stralsund aan graaf\u00a0Tessin<\/span><\/a><\/span><\/td>\n<td style=\"width: 36.3637%; height: 28px;\"><span style=\"font-size: 10pt; color: #000000;\">01-01-1736<br \/>\n<\/span><\/td>\n<\/tr>\n<tr style=\"height: 28px;\">\n<td style=\"width: 44.8486%; height: 28px;\"><span style=\"color: #000000; font-size: 10pt;\">SE\/RA.Ericsberg 503<\/span><\/td>\n<td style=\"width: 53.0063%; height: 28px;\" colspan=\"3\"><span style=\"color: #0000ff;\"><a style=\"color: #0000ff;\" href=\"https:\/\/sok.riksarkivet.se\/bildvisning\/A0040220_00503#?c=&amp;m=&amp;s=&amp;cv=502&amp;xywh=-1706%2C138%2C6578%2C3395\"><span style=\"font-size: 10pt;\">Lijst van vier kinderen<\/span><\/a><\/span><\/td>\n<td style=\"width: 36.3637%; height: 28px;\"><span style=\"font-size: 10pt; color: #000000;\">?<\/span><\/td>\n<\/tr>\n<tr style=\"height: 84px;\">\n<td style=\"width: 44.8486%; height: 84px;\"><span style=\"color: #000000; font-size: 13.3333px;\">Hessisches Landesarchiv, 4f,<br \/>\nNr. 509<\/span><\/td>\n<td style=\"width: 53.0063%; height: 84px;\" colspan=\"3\"><span style=\"font-size: 10pt; color: #000000;\">Bestand Schweden, Akten K\u00f6nig Friedrichs I, Immediats-gesuch von Meijerfeld aus Stralsund an dem K\u00f6nig\u00a0<\/span><\/td>\n<td style=\"width: 36.3637%; height: 84px;\"><span style=\"font-size: 10pt;\">14-05-1737<\/span><\/td>\n<\/tr>\n<tr style=\"height: 12px;\">\n<td style=\"width: 44.8486%; height: 12px;\" width=\"77\"><span style=\"color: #000000; font-size: 13.3333px;\">SE\/RA\/720.132.009, <\/span><span style=\"color: #000000; font-size: 13.3333px;\">vol E 3080<\/span><\/td>\n<td style=\"height: 12px; width: 53.0063%;\" colspan=\"3\" width=\"102\"><span style=\"font-size: 10pt; color: #000000;\">Brief van Britta Barnekow g.m. Meijerfeldt aan Lotta<\/span><\/td>\n<td style=\"width: 36.3637%; height: 12px;\"><span style=\"font-size: 10pt;\">1737<\/span><\/td>\n<\/tr>\n<tr style=\"height: 56px;\">\n<td style=\"width: 44.8486%; height: 56px;\"><span style=\"color: #000000; font-size: 13.3333px;\">SE\/RA\/Pommeranica, <span style=\"font-size: 10pt;\">I\/A\/1 <\/span><span style=\"font-size: 10pt;\">42<\/span><\/span><\/td>\n<td style=\"width: 53.0063%; height: 56px;\" colspan=\"3\"><span style=\"font-size: 10pt; color: #000000;\"><span style=\"font-size: 10pt;\">Skrivelser till Kungl. Maj:t fr\u00e5n myndigheter: <\/span><span style=\"font-size: 10pt;\">Pommerska regeringen<\/span><\/span><\/td>\n<td style=\"width: 36.3637%; height: 56px;\"><span style=\"font-size: 10pt;\"><span style=\"color: #000000; font-size: 10pt;\">1739<\/span><\/span><\/td>\n<\/tr>\n<tr style=\"height: 28px;\">\n<td style=\"width: 44.8486%; height: 28px;\"><span style=\"color: #000000; font-size: 13.3333px;\">Pfarrambt Glewitz<\/span><\/td>\n<td style=\"width: 53.0063%; height: 28px;\" colspan=\"3\"><span style=\"font-size: 10pt; color: #0000ff;\"><a style=\"color: #0000ff;\" href=\"https:\/\/meijenfeldt.nl\/wp-content\/uploads\/2022\/03\/1738-05-13-Salarij-pastor-Sigismund.pdf\">Salarij pastor Sigismund<\/a><\/span><\/td>\n<td style=\"width: 36.3637%; height: 28px;\"><span style=\"font-size: 10pt;\">13-05-1738<\/span><\/td>\n<\/tr>\n<tr style=\"height: 10px;\">\n<td style=\"width: 44.8486%; height: 10px;\" width=\"77\"><span style=\"color: #000000; font-size: 13.3333px;\">SE\/RA\/<\/span><span style=\"color: #000000; font-size: 13.3333px;\"><span style=\"font-size: 10pt; color: #000000;\">Skr.t.K.<\/span><\/span><\/td>\n<td style=\"height: 10px; width: 53.0063%;\" colspan=\"3\" width=\"102\"><span style=\"font-size: 10pt; color: #000000;\">Brief Kommers <\/span><span style=\"font-size: 10pt; color: #000000;\">Kollegium aan koning (Brita Barnekow)<\/span><\/td>\n<td style=\"height: 10px; width: 36.3637%;\" width=\"168\"><span style=\"font-size: 10pt;\">06-07-1738<span style=\"color: #000000;\">\u00a0<\/span><\/span><\/td>\n<\/tr>\n<tr style=\"height: 84px;\">\n<td style=\"width: 48.4411%; height: 13px;\" colspan=\"2\" width=\"77\"><span style=\"color: #000000; font-size: 13.3333px;\">SE\/RA\/<\/span><span style=\"color: #000000; font-size: 13.3333px;\"><span style=\"font-size: 10pt; color: #000000;\">Skr.t.K.<\/span><\/span><\/td>\n<td style=\"width: 49.4138%; height: 13px;\" colspan=\"2\"><span style=\"font-size: 10pt; color: #000000;\">Kommers-kollegium\u00a0<\/span><span style=\"font-size: 10pt; color: #000000;\"><br \/>\n<\/span><\/td>\n<td style=\"width: 36.3637%; height: 13px;\"><span style=\"color: #000000; font-size: 13.3333px;\">10-08-1738<\/span><\/td>\n<\/tr>\n<tr style=\"height: 84px;\">\n<td style=\"height: 26px; width: 48.4411%;\" colspan=\"2\" width=\"77\"><span style=\"color: #000000; font-size: 13.3333px;\">SE\/RA\/<\/span><span style=\"color: #000000; font-size: 13.3333px;\"><span style=\"font-size: 10pt; color: #000000;\">Skr.t.K.<\/span><\/span><\/td>\n<td style=\"height: 26px; width: 49.4138%;\" colspan=\"2\"><span style=\"font-size: 10pt; color: #000000;\">Kansli-kollegium<br \/>\n<\/span><\/td>\n<td style=\"width: 36.3637%; height: 26px;\"><span style=\"color: #000000; font-size: 13.3333px;\">13-09-1738<\/span><\/td>\n<\/tr>\n<tr style=\"height: 56px;\">\n<td style=\"height: 56px; width: 48.4411%;\" colspan=\"2\"><span style=\"color: #000000; font-size: 13.3333px;\">SE\/RA<span style=\"font-size: 10pt; color: #000000;\">\/Meijerfeldt <\/span>31<\/span><\/td>\n<td style=\"height: 56px; width: 49.4138%;\" colspan=\"2\"><span style=\"font-size: 10pt; color: #000000;\"><span style=\"color: #0000ff;\"><a style=\"color: #0000ff;\" href=\"https:\/\/sok.riksarkivet.se\/bildvisning\/A0069897_00031#?c=&amp;m=&amp;s=&amp;cv=30&amp;xywh=-1128%2C591%2C5263%2C3095\">Bref fr\u00e5n Kjell Christofferson Barnekows \u00e4nka Margaretha von Ascheberg<\/a><\/span><span style=\"font-size: 13.3333px;\">\u00a0(4 blad afwezig)<\/span><\/span><\/td>\n<td style=\"width: 36.3637%; height: 56px;\"><span style=\"color: #000000; font-size: 13.3333px;\">24-11-1738<\/span><\/td>\n<\/tr>\n<tr style=\"height: 84px;\">\n<td style=\"width: 48.4411%; height: 84px;\" colspan=\"2\"><span style=\"color: #000000; font-size: 13.3333px;\">Stadtarchief Wismar, 01.05.01. Weltliche Urkunden, Anhang, Diplomatarien, 0255, fol. 409v<br \/>\n<\/span><\/td>\n<td style=\"width: 49.4138%; height: 84px;\" colspan=\"2\"><span style=\"font-size: 10pt; color: #000000;\">Brief koning Fredrik I wegens &#8220;Unterhalt der Wismarer Garnison und Befreiung der Wismarer B\u00fcrger vom Wachdienst&#8221;<\/span><\/td>\n<td style=\"width: 36.3637%; height: 84px;\"><span style=\"color: #000000; font-size: 13.3333px;\">08-01-1739<\/span><\/td>\n<\/tr>\n<tr style=\"height: 84px;\">\n<td style=\"width: 48.4411%; height: 25px;\" colspan=\"2\" width=\"77\"><span style=\"color: #000000; font-size: 13.3333px;\">SE\/RA\/<\/span><span style=\"color: #000000; font-size: 13.3333px;\"><span style=\"font-size: 10pt; color: #000000;\">Skr.t.K.<\/span><\/span><\/td>\n<td style=\"width: 49.4138%; height: 25px;\" colspan=\"2\"><span style=\"font-size: 10pt; color: #000000;\">Kansli-kollegium\u00a0<\/span><span style=\"font-size: 10pt; color: #000000;\"><br \/>\n<\/span><\/td>\n<td style=\"width: 36.3637%; height: 25px;\"><span style=\"color: #000000; font-size: 13.3333px;\">01-06-1739<\/span><\/td>\n<\/tr>\n<tr style=\"height: 84px;\">\n<td style=\"width: 48.4411%; height: 22px;\" colspan=\"2\" width=\"77\"><span style=\"color: #000000; font-size: 13.3333px;\">SE\/RA\/<\/span><span style=\"color: #000000; font-size: 13.3333px;\"><span style=\"font-size: 10pt; color: #000000;\">Skr.t.K.<\/span><\/span><br \/>\n<span style=\"font-size: 10pt; color: #000000;\">\u00a0<\/span><\/td>\n<td style=\"width: 49.4138%; height: 22px;\" colspan=\"2\"><span style=\"font-size: 10pt; color: #000000;\">Kammar-kollegium<\/span><span style=\"font-size: 10pt; color: #000000;\"><br \/>\n<\/span><\/td>\n<td style=\"width: 36.3637%; height: 22px;\"><span style=\"color: #000000; font-size: 13.3333px;\">06-06-1739<\/span><\/td>\n<\/tr>\n<tr style=\"height: 84px;\">\n<td style=\"width: 48.4411%; height: 13px;\" colspan=\"2\" width=\"77\"><span style=\"color: #000000; font-size: 13.3333px;\">SE\/RA\/<\/span><span style=\"color: #000000; font-size: 13.3333px;\"><span style=\"font-size: 10pt; color: #000000;\">Skr.t.K.<\/span><\/span><\/td>\n<td style=\"width: 49.4138%; height: 13px;\" colspan=\"2\"><span style=\"font-size: 10pt; color: #000000;\">Kansli-kollegium<br \/>\n<\/span><\/td>\n<td style=\"width: 36.3637%; height: 13px;\"><span style=\"color: #000000; font-size: 13.3333px;\">19-09-1739<\/span><\/td>\n<\/tr>\n<tr style=\"height: 56px;\">\n<td style=\"width: 48.4411%; height: 10px;\" colspan=\"2\" width=\"77\"><span style=\"color: #000000; font-size: 13.3333px;\">SE\/RA\/928\/002, <\/span><span style=\"color: #000000; font-size: 13.3333px;\">E 4876<\/span><\/td>\n<td style=\"width: 49.4138%; height: 10px;\" colspan=\"2\"><span style=\"font-size: 10pt; color: #000000;\">Brieven van van JAsr en Brita Barnekow aan Erik Mattias von Nolcken (1694-1755)<br \/>\n<\/span><\/td>\n<td style=\"height: 10px; width: 36.3637%;\" width=\"168\"><span style=\"font-size: 10pt; color: #000000;\">1739-1741\u00a0<\/span><\/td>\n<\/tr>\n<tr style=\"height: 56px;\">\n<td style=\"width: 48.4411%; height: 56px;\" colspan=\"2\"><span style=\"color: #000000; font-size: 13.3333px;\">SE\/RA\/720\/338\/002<\/span><\/td>\n<td style=\"width: 49.4138%; height: 56px;\" colspan=\"2\"><span style=\"font-size: 10pt; color: #000000;\">Brief aan Axel L\u00f6wen<br \/>\n1686-1772<\/span><span style=\"font-size: 10pt; color: #000000;\"><br \/>\n<\/span><\/td>\n<td style=\"width: 36.3637%; height: 56px;\"><span style=\"color: #000000; font-size: 13.3333px;\">05-08-1740<\/span><br style=\"color: #000000; font-size: 13.3333px;\" \/><span style=\"color: #000000; font-size: 13.3333px;\">16-08-1740<\/span><\/td>\n<\/tr>\n<tr style=\"height: 10px;\">\n<td style=\"width: 48.4411%; height: 10px;\" colspan=\"2\" width=\"77\"><span style=\"font-size: 13.3333px;\">SE\/RA\/<span style=\"font-size: 10pt; color: #000000;\">Skr.t.K.<\/span><\/span><\/td>\n<td style=\"width: 49.4138%; height: 10px;\" colspan=\"2\"><span style=\"font-size: 10pt; color: #000000;\">Kommers\u00a0<span style=\"font-size: 10pt; color: #000000;\">Kollegium (Brita Barnekow)<\/span><\/span><span style=\"font-size: 10pt; color: #000000;\"><br \/>\n<\/span><\/td>\n<td style=\"width: 36.3637%; height: 10px;\"><span style=\"color: #000000; font-size: 13.3333px;\">03-10-1740<\/span><\/td>\n<\/tr>\n<tr style=\"height: 84px;\">\n<td style=\"width: 48.4411%; height: 10px;\" colspan=\"2\" width=\"77\"><span style=\"color: #000000; font-size: 13.3333px;\">SE\/RA\/<\/span><span style=\"color: #000000; font-size: 13.3333px;\"><span style=\"font-size: 10pt; color: #000000;\">Skr.t.K.<\/span><\/span><\/td>\n<td style=\"width: 49.4138%; height: 10px;\" colspan=\"2\"><span style=\"font-size: 10pt; color: #000000;\">Kommers-kollegium<\/span><span style=\"font-size: 10pt; color: #000000;\"><br \/>\n<\/span><\/td>\n<td style=\"height: 10px; width: 36.3637%;\" width=\"168\"><span style=\"color: #000000; font-size: 13.3333px;\">11-08-1741<\/span><\/td>\n<\/tr>\n<tr style=\"height: 28px;\">\n<td style=\"width: 48.4411%; height: 28px;\" colspan=\"2\"><span style=\"color: #000000; font-size: 13.3333px;\"><span style=\"font-size: 10pt; color: #000000;\">SE\/S\/HS, KB1\/1. Autografsamlingen<\/span><\/span><\/td>\n<td style=\"width: 49.4138%; height: 28px;\" colspan=\"2\"><span style=\"font-size: 10pt; color: #0000ff;\"><a style=\"color: #0000ff;\" href=\"https:\/\/meijenfeldt.nl\/wp-content\/uploads\/2020\/09\/1741-JAsr-huisleraren.pdf\">Huisleraren voor twee zonen<\/a>\u00a0<\/span><\/td>\n<td style=\"width: 36.3637%; height: 28px;\"><span style=\"font-size: 10pt; color: #000000;\">01-10-1741<\/span><\/td>\n<\/tr>\n<tr style=\"height: 84px;\">\n<td style=\"height: 22px; width: 48.4411%;\" colspan=\"2\" width=\"77\"><span style=\"color: #000000; font-size: 13.3333px;\">SE\/RA\/<\/span><span style=\"color: #000000; font-size: 13.3333px;\"><span style=\"font-size: 10pt; color: #000000;\">Skr.t.K.<\/span><\/span><\/td>\n<td style=\"height: 22px; width: 49.4138%;\" colspan=\"2\"><span style=\"font-size: 10pt; color: #000000;\">Kansli-kollegium<\/span><span style=\"font-size: 10pt; color: #000000;\"><br \/>\n<\/span><\/td>\n<td style=\"width: 36.3637%; height: 22px;\" width=\"77\"><span style=\"font-size: 10pt; color: #000000;\">18-11-1741<\/span><\/td>\n<\/tr>\n<tr style=\"height: 28px;\">\n<td style=\"height: 28px; width: 48.4411%;\" colspan=\"2\"><span style=\"color: #000000; font-size: 13.3333px;\">SE\/RA\/720.928.002,\u00a0Vol E 4876<br \/>\n<\/span><\/td>\n<td style=\"height: 28px; width: 49.4138%;\" colspan=\"2\"><span style=\"font-size: 10pt; color: #000000;\">Brief aan Erik Mattias von Nolcken (1694-1755)<br \/>\n<\/span><\/td>\n<td style=\"width: 36.3637%; height: 28px;\"><span style=\"font-size: 10pt; color: #000000;\">1741<br \/>\n<\/span><\/td>\n<\/tr>\n<tr style=\"height: 84px;\">\n<td style=\"width: 48.4411%; height: 10px;\" colspan=\"2\" width=\"77\"><span style=\"color: #000000; font-size: 13.3333px;\">SE\/RA\/<\/span><span style=\"color: #000000; font-size: 13.3333px;\"><span style=\"font-size: 10pt; color: #000000;\">Skr.t.K.<\/span><\/span><\/td>\n<td style=\"width: 49.4138%; height: 10px;\" colspan=\"2\"><span style=\"font-size: 10pt; color: #000000;\">Statskontoret<\/span><span style=\"font-size: 10pt; color: #000000;\"><br \/>\n<\/span><\/td>\n<td style=\"width: 36.3637%; height: 10px;\" width=\"77\"><span style=\"font-size: 10pt; color: #000000;\">16-11-1742<\/span><\/td>\n<\/tr>\n<tr style=\"height: 84px;\">\n<td style=\"height: 10px; width: 48.4411%;\" colspan=\"2\" width=\"77\"><span style=\"color: #000000; font-size: 13.3333px;\">SE\/RA\/<\/span><span style=\"color: #000000; font-size: 13.3333px;\"><span style=\"font-size: 10pt; color: #000000;\">Skr.t.K.<\/span><\/span><\/td>\n<td style=\"height: 10px; width: 49.4138%;\" colspan=\"2\"><span style=\"font-size: 10pt; color: #000000;\">Kansli-kollegium<\/span><span style=\"font-size: 10pt; color: #000000;\"><br \/>\n<\/span><\/td>\n<td style=\"width: 36.3637%; height: 10px;\" width=\"77\"><span style=\"font-size: 10pt; color: #000000;\">30-05-1743<\/span><\/td>\n<\/tr>\n<tr style=\"height: 56px;\">\n<td style=\"width: 48.4411%; height: 56px;\" colspan=\"2\"><span style=\"color: #000000; font-size: 13.3333px;\">SE\/RA<span style=\"font-size: 10pt; color: #000000;\">\/Meijerfeldt <\/span>34<\/span><\/td>\n<td style=\"width: 49.4138%; height: 56px;\" colspan=\"2\"><span style=\"font-size: 10pt; color: #000000;\"><span style=\"color: #0000ff;\"><a style=\"color: #0000ff;\" href=\"https:\/\/sok.riksarkivet.se\/bildvisning\/A0069897_00035#?c=&amp;m=&amp;s=&amp;cv=34&amp;xywh=644%2C-789%2C6091%2C3581\">Medrowischen Gla\u03b2-H\u00fctte,<span style=\"font-size: 13.3333px;\">\u00a0Johann Christoff Andersen<\/span><\/a><\/span><\/span><\/td>\n<td style=\"width: 36.3637%; height: 56px;\"><span style=\"font-size: 10pt; color: #000000;\">07-11-1744<\/span><\/td>\n<\/tr>\n<tr style=\"height: 84px;\">\n<td style=\"height: 20px; width: 48.4411%;\" colspan=\"2\" width=\"77\"><span style=\"color: #000000; font-size: 13.3333px;\">SE\/RA\/<\/span><span style=\"color: #000000; font-size: 13.3333px;\"><span style=\"font-size: 10pt; color: #000000;\">Skr.t.K.<\/span><\/span><\/td>\n<td style=\"height: 20px; width: 49.4138%;\" colspan=\"2\"><span style=\"font-size: 10pt; color: #000000;\">Kansli-kollegium<\/span><span style=\"font-size: 10pt; color: #000000;\"><br \/>\n<\/span><\/td>\n<td style=\"width: 36.3637%; height: 20px;\" width=\"77\"><span style=\"font-size: 10pt; color: #000000;\">15-02-1745<\/span><\/td>\n<\/tr>\n<tr style=\"height: 84px;\">\n<td style=\"width: 48.4411%; height: 84px;\" colspan=\"2\"><span style=\"color: #000000; font-size: 13.3333px;\"><span style=\"color: #000000; font-size: 10pt;\">Ernst-Moritz-Arndt-Universit\u00e4t Greifswald, Acta Visitationis Academia 1730<\/span><\/span><\/td>\n<td style=\"width: 49.4138%; height: 84px;\" colspan=\"2\"><span style=\"font-size: 10pt; color: #000000;\"> <a href=\"https:\/\/meijenfeldt.nl\/wp-content\/uploads\/2022\/03\/1745-02-15-Universitat-Greifswald.pdf\"><span style=\"color: #008000;\">Universit\u00e4t Greifswald<\/span><\/a><\/span><\/td>\n<td style=\"width: 36.3637%; height: 84px;\"><span style=\"font-size: 10pt; color: #000000;\">15-02-1745<\/span><\/td>\n<\/tr>\n<tr style=\"height: 56px;\">\n<td style=\"width: 48.4411%; height: 56px;\" colspan=\"2\"><span style=\"color: #000000;\"><span style=\"font-size: 13.3333px;\">Stralsund<\/span><\/span><\/td>\n<td style=\"width: 49.4138%; height: 56px;\" colspan=\"2\"><span style=\"font-size: 10pt; color: #0000ff;\"><a style=\"color: #0000ff;\" href=\"https:\/\/meijenfeldt.nl\/wp-content\/uploads\/2022\/03\/1745-04-28-General-Staathalter.pdf\">Importverbod runderen vanwege veepest in Holstein<\/a><\/span><\/td>\n<td style=\"width: 36.3637%; height: 56px;\"><span style=\"font-size: 10pt; color: #000000;\">28-04-1745<\/span><\/td>\n<\/tr>\n<tr style=\"height: 84px;\">\n<td style=\"height: 10px; width: 48.4411%;\" colspan=\"2\" width=\"77\"><span style=\"color: #000000; font-size: 13.3333px;\">SE\/RA\/<\/span><span style=\"color: #000000; font-size: 13.3333px;\"><span style=\"font-size: 10pt; color: #000000;\">Skr.t.K.<\/span><\/span><\/td>\n<td style=\"height: 10px; width: 49.4138%;\" colspan=\"2\"><span style=\"font-size: 10pt; color: #000000;\">Kansli-kollegium<br \/>\n<\/span><\/td>\n<td style=\"width: 36.3637%; height: 10px;\" width=\"77\"><span style=\"font-size: 10pt; color: #000000;\">23-10-1745<\/span><\/td>\n<\/tr>\n<tr style=\"height: 56px;\">\n<td style=\"width: 48.4411%; height: 56px;\" colspan=\"2\"><span style=\"color: #000000; font-size: 13.3333px;\"><span style=\"color: #000000; font-size: 10pt;\">Stralsund<\/span><\/span><\/td>\n<td style=\"width: 49.4138%; height: 56px;\" colspan=\"2\"><span style=\"font-size: 10pt; color: #0000ff;\"><a style=\"color: #0000ff;\" href=\"https:\/\/meijenfeldt.nl\/wp-content\/uploads\/2022\/03\/1745-10-27-General-Staathalter.pdf\">Importverbod runderen vanwege veepest in Holstein<\/a><\/span><\/td>\n<td style=\"width: 36.3637%; height: 56px;\"><span style=\"font-size: 10pt; color: #000000;\">27-10-1745<\/span><\/td>\n<\/tr>\n<tr style=\"height: 28px;\">\n<td style=\"width: 48.4411%; height: 28px;\" colspan=\"2\"><span style=\"color: #000000; font-size: 13.3333px;\"><span style=\"color: #000000; font-size: 10pt;\">Stralsund<\/span><\/span><\/td>\n<td style=\"width: 49.4138%; height: 28px;\" colspan=\"2\"><span style=\"font-size: 10pt; color: #0000ff;\"><a style=\"color: #0000ff;\" href=\"https:\/\/meijenfeldt.nl\/wp-content\/uploads\/2022\/03\/1745-12-11-General-Staathalter.pdf\">Belasting op landgoederen<br \/>\n<\/a><\/span><\/td>\n<td style=\"width: 36.3637%; height: 28px;\"><span style=\"font-size: 10pt; color: #000000;\">11-12-1745<\/span><\/td>\n<\/tr>\n<tr style=\"height: 28px;\">\n<td style=\"width: 48.4411%; height: 28px;\" colspan=\"2\"><span style=\"color: #000000; font-size: 13.3333px;\"><span style=\"color: #000000; font-size: 10pt;\">Stralsund<\/span><\/span><\/td>\n<td style=\"width: 49.4138%; height: 28px;\" colspan=\"2\"><span style=\"font-size: 10pt; color: #0000ff;\"><a style=\"color: #0000ff;\" href=\"https:\/\/meijenfeldt.nl\/wp-content\/uploads\/2022\/03\/1745-12-13-General-Staathalter-1.pdf\">Belasting op landgoederen<\/a><\/span><\/td>\n<td style=\"width: 36.3637%; height: 28px;\"><span style=\"font-size: 10pt; color: #000000;\">13-12-1745<\/span><\/td>\n<\/tr>\n<tr style=\"height: 28px;\">\n<td style=\"height: 28px; width: 48.4411%;\" colspan=\"2\"><span style=\"color: #000000; font-size: 13.3333px;\"><span style=\"color: #000000; font-size: 10pt;\">Stralsund<\/span><\/span><\/td>\n<td style=\"height: 28px; width: 49.4138%;\" colspan=\"2\"><span style=\"font-size: 10pt; color: #0000ff;\"><a style=\"color: #0000ff;\" href=\"https:\/\/meijenfeldt.nl\/wp-content\/uploads\/2022\/03\/1745-12-13-General-Staathalter-2.pdf\">Bedelaarsverordening<\/a><\/span><\/td>\n<td style=\"width: 36.3637%; height: 28px;\"><span style=\"font-size: 10pt; color: #000000;\">13-12-1745<\/span><\/td>\n<\/tr>\n<tr style=\"height: 28px;\">\n<td style=\"width: 48.4411%; height: 28px;\" colspan=\"2\"><span style=\"color: #000000; font-size: 13.3333px;\"><span style=\"color: #000000; font-size: 10pt;\">SE\/S\/HS, KB1\/1. Autografsamlingen<\/span><\/span><\/td>\n<td style=\"width: 49.4138%; height: 28px;\" colspan=\"2\"><span style=\"font-size: 10pt; color: #000000;\"><span style=\"color: #0000ff;\"><a style=\"color: #0000ff;\" href=\"https:\/\/meijenfeldt.nl\/wp-content\/uploads\/2020\/09\/1746-JAsr-Stockholm.pdf\">Brief uit Stockholm<\/a><\/span><\/span><\/td>\n<td style=\"width: 36.3637%; height: 28px;\"><span style=\"font-size: 10pt; color: #000000;\">02-03-1746<\/span><\/td>\n<\/tr>\n<tr style=\"height: 252px;\">\n<td style=\"width: 48.4411%; height: 252px;\" colspan=\"2\"><span style=\"color: #000000; font-size: 13.3333px;\"><span style=\"color: #000000; font-size: 10pt;\">SE\/LLA, 30733. S\u00f6vdeborg godsarchiv, J3. Handlingar och r\u00e4kenskaper ang familjen Meijerfeldt, 12<\/span><\/span><\/td>\n<td style=\"width: 49.4138%; height: 252px;\" colspan=\"2\"><span style=\"font-size: 10pt; color: #000000;\">R\u00e4kenskaper och verifikationer f\u00f6r Visingsborg 1746-1747. (paket nr 45). Dito 1748-1749; inspektor Mattis Sodman. (paket nr 55). R\u00e4kenskaper f\u00f6r Visingsborg och Barnarp 1759-1760; inspektor Magnus Hedwall. (paket nr 42). Verifikationer f\u00f6r Visingsborg 1764-1765; inspektor Magnus Hedwall, g\u00e5rdsr\u00e4kenskaper f\u00f6r Barnarp 1764. (paket nr 54).<\/span><\/td>\n<td style=\"width: 36.3637%; height: 252px;\"><span style=\"font-size: 10pt; color: #000000;\">1746-1765\u00a0<\/span><\/td>\n<\/tr>\n<tr style=\"height: 28px;\">\n<td style=\"height: 28px; width: 48.4411%;\" colspan=\"2\"><span style=\"color: #000000; font-size: 13.3333px;\">SE\/RA\/Ericsberg 518<\/span><\/td>\n<td style=\"height: 28px; width: 49.4138%;\" colspan=\"2\"><span style=\"color: #0000ff;\"><span style=\"font-size: 10pt;\"><a style=\"color: #0000ff;\" href=\"https:\/\/sok.riksarkivet.se\/bildvisning\/A0040220_00518#?c=&amp;m=&amp;s=&amp;cv=517&amp;xywh=80%2C549%2C2827%2C1459\"><span style=\"font-size: 10pt;\">Concept brief aan de Koning over afscheid<\/span><\/a><\/span><\/span><span style=\"color: #0000ff;\"><span style=\"font-size: 10pt;\"><br \/>\n<\/span><\/span><\/td>\n<td style=\"width: 36.3637%; height: 28px;\"><span style=\"font-size: 10pt; color: #000000;\">?<\/span><\/td>\n<\/tr>\n<tr style=\"height: 56px;\">\n<td style=\"height: 56px; width: 48.4411%;\" colspan=\"2\"><span style=\"color: #000000; font-size: 10pt;\"><span style=\"color: #000000; font-size: 13.3333px;\">SE\/UUB, F 277. <span class=\"site-name no-print\" style=\"color: #000000; font-size: 10pt;\">Handlingar till Sveriges politiska historia 1743-1754<\/span><\/span><\/span><\/td>\n<td style=\"height: 56px; width: 49.4138%;\" colspan=\"2\"><span style=\"color: #000000;\"><span style=\"font-size: 10pt;\"><span style=\"font-size: 10pt;\"><span style=\"color: #000000; font-size: 10pt;\"><span style=\"color: #0000ff;\"><span class=\"site-name no-print\" style=\"color: #000000; font-size: 10pt;\">Kongl. bref till honom om mottagande af Arfprinsen Adolf Fredrik i Stralsund<\/span><\/span><\/span><\/span><\/span><\/span><\/td>\n<td style=\"width: 36.3637%; height: 56px;\"><span style=\"font-size: 10pt; color: #000000;\">01-05-1749<\/span><\/td>\n<\/tr>\n<tr style=\"height: 56px;\">\n<td style=\"width: 48.4411%; height: 56px;\" colspan=\"2\"><span style=\"color: #000000; font-size: 10pt;\"><span style=\"color: #000000; font-size: 13.3333px;\">SE\/RA\/Meijerfeldt 50<\/span><\/span><\/td>\n<td style=\"width: 49.4138%; height: 56px;\" colspan=\"2\"><span style=\"color: #000000;\"><span style=\"font-size: 10pt;\"><span style=\"font-size: 10pt;\"><span style=\"color: #000000; font-size: 10pt;\"><span style=\"color: #0000ff;\"><span class=\"site-name no-print\" style=\"color: #000000; font-size: 10pt;\"><a style=\"color: #0000ff;\" href=\"https:\/\/sok.riksarkivet.se\/bildvisning\/A0069897_00050#?c=&amp;m=&amp;s=&amp;cv=49&amp;xywh=-228%2C116%2C6392%2C3965\">Brief van Brita Barnekow uit S\u00f6fdeborg aan Koning over overlijden van haar man<\/a><\/span><\/span><\/span><\/span><\/span><\/span><\/td>\n<td style=\"width: 36.3637%; height: 56px;\"><span style=\"font-size: 10pt; color: #000000;\">12-11-1749<\/span><\/td>\n<\/tr>\n<tr style=\"height: 364px;\">\n<td style=\"height: 364px; width: 48.4411%;\" colspan=\"2\"><span style=\"color: #000000; font-size: 10pt;\"><span style=\"color: #000000; font-size: 13.3333px;\">SE\/LLA, 13400. S\u00f6vde Kyrkoarkiv, <\/span>C I \/ 2. D\u00f6d och begravningsb\u00f6cker 1738-1775,<br \/>\nfol 74-74v. <\/span><span style=\"color: #000000; font-size: 13.3333px;\"><span style=\"color: #000000; font-size: 10pt;\"><br \/>\n<\/span><\/span><\/td>\n<td style=\"height: 364px; width: 49.4138%;\" colspan=\"2\"><span style=\"color: #000000;\"><span style=\"font-size: 10pt;\"><span style=\"font-size: 10pt;\"><span style=\"color: #000000; font-size: 10pt;\"><span style=\"color: #0000ff;\"><a style=\"color: #0000ff;\" href=\"https:\/\/sok.riksarkivet.se\/bildvisning\/C0069682_00084#?c=&amp;m=&amp;s=&amp;cv=83&amp;xywh=2368%2C116%2C3896%2C3622\">blef f\u00f6r detta Kongl: Maj:ts och Sweriges Rikes R\u00e5d general gouverneuren \u00f6fwer Hertigd\u00f6met Pommern, V\u00f6rstend\u00f6met R\u00fcgen och Herrskavet Wissmar samt Cancelleren wid Academien Greifswald, H\u00f6gw\u00e4lborne Herr Grefwe Johan Aug: Meijerfeldt beledsagat till S\u00f6vde kyrka och Bisatt uti Grafwen under choret Hans H\u00f6gGrefwelige Excellence \u00f6fweranswardade Sin Si\u00e4l uti Gids h\u00e4nder och infomnade ganska fulla och sachmodeligen uti en fehlig stund under de n\u00e4rst\u00e5endes graf och klagan saligen i Herranom den 10 sidsledne Novembris klocken half Tre om morgonenolio<\/a><\/span><\/span><\/span><\/span><\/span><\/td>\n<td style=\"width: 36.3637%; height: 364px;\"><span style=\"font-size: 10pt; color: #000000;\">22-11-1749<\/span><\/td>\n<\/tr>\n<tr style=\"height: 167px;\">\n<td style=\"width: 48.4411%; height: 167px;\" colspan=\"2\"><span style=\"color: #000000; font-size: 10pt;\"><span style=\"color: #000000; font-size: 13.3333px;\">SE\/VALA, 03825. G\u00f6ta Hovr\u00e4tt. 01. Huvudarkivet, Adelns Bouppteckning, E XI BA, nrs 13 en 76\u00a0<\/span><\/span><\/td>\n<td style=\"width: 49.4138%; height: 167px;\" colspan=\"2\"><span style=\"font-size: 10pt;\"><span style=\"font-size: 10pt;\"><span style=\"font-size: 10pt;\">57a roerend <\/span><\/span><\/span><span style=\"color: #000000;\"><span style=\"font-size: 10pt;\"><span style=\"font-size: 10pt;\"><span style=\"color: #000000; font-size: 10pt;\"><span style=\"color: #0000ff;\"><a style=\"color: #0000ff;\" href=\"https:\/\/sok.riksarkivet.se\/bildvisning\/C0105520_00320#?c=&amp;m=&amp;s=&amp;cv=319&amp;xywh=-568%2C61%2C7909%2C3571\">N\u00e4sby<\/a>, <\/span><\/span><\/span><\/span><\/span><span style=\"font-size: 10pt;\"><span style=\"font-size: 10pt;\"><span style=\"font-size: 10pt;\">57b roerend <\/span><\/span><\/span><span style=\"color: #000000;\"><span style=\"font-size: 10pt;\"><span style=\"font-size: 10pt;\"><span style=\"color: #000000; font-size: 10pt;\"><span style=\"color: #0000ff;\"><a style=\"color: #0000ff;\" href=\"https:\/\/sok.riksarkivet.se\/bildvisning\/C0105520_00343#?c=&amp;m=&amp;s=&amp;cv=342&amp;xywh=1826%2C1126%2C5493%2C2479\">Visingsborg<\/a>, <\/span><\/span><\/span><\/span><\/span><span style=\"font-size: 10pt;\"><span style=\"font-size: 10pt;\"><span style=\"font-size: 10pt;\">57c onroerend <\/span><\/span><\/span><span style=\"color: #000000;\"><span style=\"font-size: 10pt;\"><span style=\"font-size: 10pt;\"><span style=\"color: #000000; font-size: 10pt;\"><span style=\"color: #0000ff;\"><a style=\"color: #0000ff;\" href=\"https:\/\/sok.riksarkivet.se\/bildvisning\/C0105520_00353#?c=&amp;m=&amp;s=&amp;cv=352&amp;xywh=-229%2C519%2C7907%2C3570\">N\u00e4sby och Visingsborg<\/a>, <\/span><\/span><\/span><\/span><\/span><span style=\"font-size: 10pt;\"><span style=\"font-size: 10pt;\"><span style=\"font-size: 10pt;\">57d <\/span><\/span><\/span><span style=\"color: #000000;\"><span style=\"font-size: 10pt;\"><span style=\"font-size: 10pt;\"><span style=\"color: #000000; font-size: 10pt;\"><span style=\"color: #0000ff;\"><a style=\"color: #0000ff;\" href=\"https:\/\/sok.riksarkivet.se\/bildvisning\/C0105520_00355#?c=&amp;m=&amp;s=&amp;cv=354&amp;xywh=320%2C-160%2C7899%2C3566\">Koper<\/a> <\/span><\/span><\/span><\/span><\/span><span style=\"font-size: 10pt;\"><span style=\"font-size: 10pt;\"><span style=\"font-size: 10pt;\">etc., <\/span><\/span><\/span><span style=\"font-size: 10pt;\"><span style=\"font-size: 10pt;\"><span style=\"font-size: 10pt;\">57e<\/span><\/span><\/span><span style=\"font-size: 10pt;\"><span style=\"font-size: 10pt;\"><span style=\"font-size: 10pt;\"> roerend<\/span><\/span><\/span><span style=\"color: #000000;\"><span style=\"font-size: 10pt;\"><span style=\"font-size: 10pt;\"><span style=\"color: #000000; font-size: 10pt;\"><span style=\"color: #0000ff;\">: <a style=\"color: #0000ff;\" href=\"https:\/\/sok.riksarkivet.se\/bildvisning\/C0105520_00360#?c=&amp;m=&amp;s=&amp;cv=359&amp;xywh=133%2C243%2C5485%2C2476\">S\u00f6fdeborg och \u00c5grup<\/a>, <\/span><\/span><\/span><\/span><\/span><span style=\"font-size: 10pt;\"><span style=\"font-size: 10pt;\"><span style=\"font-size: 10pt;\">57f<\/span><\/span><\/span><span style=\"font-size: 10pt;\"><span style=\"font-size: 10pt;\"><span style=\"font-size: 10pt;\"> jordebok<\/span><\/span><\/span><span style=\"color: #000000;\"><span style=\"font-size: 10pt;\"><span style=\"font-size: 10pt;\"><span style=\"color: #000000; font-size: 10pt;\"><span style=\"color: #0000ff;\"> <a style=\"color: #0000ff;\" href=\"https:\/\/sok.riksarkivet.se\/bildvisning\/C0105520_00376#?c=&amp;m=&amp;s=&amp;cv=375&amp;xywh=-207%2C141%2C7898%2C3565\">S\u00f6fdeborg och \u00c5grup<\/a><\/span><\/span><\/span><\/span><\/span><span style=\"font-size: 10pt;\"><span style=\"font-size: 10pt;\"><span style=\"font-size: 10pt;\">, <\/span><\/span><\/span><span style=\"font-size: 10pt;\"><span style=\"font-size: 10pt;\"><span style=\"font-size: 10pt;\">57g <\/span><\/span><\/span><span style=\"color: #000000;\"><span style=\"font-size: 10pt;\"><span style=\"font-size: 10pt;\"><span style=\"color: #000000; font-size: 10pt;\"><span style=\"color: #0000ff;\"><a style=\"color: #0000ff;\" href=\"https:\/\/sok.riksarkivet.se\/bildvisning\/C0105520_00402#?c=&amp;m=&amp;s=&amp;cv=401&amp;xywh=1935%2C56%2C4570%2C2063\">F\u00f6rteckning<\/a>.<\/span><\/span><\/span><\/span><\/span><\/td>\n<td style=\"width: 36.3637%; height: 167px;\"><span style=\"font-size: 10pt; color: #000000;\">07-04-1750<\/span><\/td>\n<\/tr>\n<tr style=\"height: 196px;\">\n<td style=\"width: 48.4411%; height: 196px;\" colspan=\"2\"><span style=\"color: #000000; font-size: 13.3333px;\"><span style=\"color: #000000; font-size: 10pt;\">SE\/LLA, 13400. S\u00f6vde Kyrkoarkiv, C \/ 2. Handlingar ang\u00e5ende kyrkan 1738-1775<\/span><\/span><\/td>\n<td style=\"width: 49.4138%; height: 196px;\" colspan=\"2\"><span style=\"color: #000000;\"><span style=\"font-size: 10pt;\"><span style=\"font-size: 10pt;\"><span style=\"color: #000000; font-size: 10pt;\"><span style=\"color: #0000ff;\"><a style=\"color: #0000ff;\" href=\"https:\/\/sok.riksarkivet.se\/bildvisning\/C0069682_00085#?c=&amp;m=&amp;s=&amp;cv=84&amp;xywh=3529%2C1995%2C2593%2C2411\">fol 75. Klocka<\/a><\/span><br \/>\n<span style=\"color: #0000ff;\"><a style=\"color: #0000ff;\" href=\"https:\/\/sok.riksarkivet.se\/bildvisning\/C0069682_00111#?c=&amp;m=&amp;s=&amp;cv=110&amp;xywh=1216%2C526%2C1513%2C1407\">fol 100. Nytt skolhus<\/a><\/span><br \/>\n<span style=\"color: #0000ff;\"><a style=\"color: #0000ff;\" href=\"https:\/\/sok.riksarkivet.se\/bildvisning\/C0069682_00149#?c=&amp;m=&amp;s=&amp;cv=148&amp;xywh=904%2C-58%2C2836%2C2637\">fol 138. Inventarium<\/a><\/span><br \/>\n<span style=\"color: #0000ff;\"><a style=\"color: #0000ff;\" href=\"https:\/\/sok.riksarkivet.se\/bildvisning\/C0069682_00162#?c=&amp;m=&amp;s=&amp;cv=161&amp;xywh=3167%2C206%2C2601%2C2419\">folio 150. Restaurerande<\/a><\/span><br \/>\n<span style=\"color: #0000ff;\"><a style=\"color: #0000ff;\" href=\"https:\/\/sok.riksarkivet.se\/bildvisning\/C0069682_00186#?c=&amp;m=&amp;s=&amp;cv=185&amp;xywh=3443%2C30%2C999%2C1156\">folio 174. Fattighuset (armenhuis)<\/a><\/span><\/span><br \/>\n<span style=\"color: #000000; font-size: 10pt;\"><span style=\"color: #0000ff;\"><a style=\"color: #0000ff;\" href=\"https:\/\/sok.riksarkivet.se\/bildvisning\/C0069682_00190#?c=&amp;m=&amp;s=&amp;cv=189&amp;xywh=3388%2C699%2C2255%2C2097\">folio 178. Kyrkog\u00e5rdsmuren<\/a><\/span><br \/>\n<span style=\"color: #0000ff;\"><a style=\"color: #0000ff;\" href=\"https:\/\/sok.riksarkivet.se\/bildvisning\/C0069682_00220#?c=&amp;m=&amp;s=&amp;cv=219&amp;xywh=3381%2C171%2C1834%2C2238\">folio 207. D\u00f6d<\/a><\/span><\/span><\/span><\/span><\/span><\/td>\n<td style=\"width: 36.3637%; height: 196px;\"><span style=\"font-size: 10pt; color: #000000;\">1749<br \/>\n1752<br \/>\n1759<br \/>\n1760<br \/>\n1765<br \/>\n1766<br \/>\n1772<br \/>\n<\/span><\/td>\n<\/tr>\n<tr style=\"height: 84px;\">\n<td style=\"height: 84px; width: 44.8486%;\"><span style=\"color: #000000; font-size: 13.3333px;\">Nehringsches Kirchen Buch Worinnen Verzeichert Welche 1. Vertrauet 2. Getauft 3. Begraven 1682-1791<\/span><\/td>\n<td style=\"width: 53.0063%; height: 84px;\" colspan=\"3\"><span style=\"color: #0000ff;\"><em><span style=\"font-size: 10pt;\"><a style=\"color: #0000ff;\" href=\"https:\/\/meijenfeldt.nl\/wp-content\/uploads\/2025\/05\/Kirchenbucher-Nehringen.pdf\">wurde des Hochgebornen Herrn Reichs-Rath, Generals u. General-Gouverneurs \u00fcber Pomern u. R\u00fcgen Herrn Grafen Johann August Meijerfeldts, und gn\u00e4digen Hr Patroni dieser Kirche, entseelte Gebeine, nachdem Tages vorher in Stralsund einer hochansehnlige u. St\u00e4ndesm\u00e4\u03b2ige Procession gehalten, hinsebst in das hochgraffl. Begr\u00e4bni\u03b2 beygesetzt <\/a>\u00a0<\/span><\/em><\/span><\/td>\n<td style=\"width: 36.3637%; height: 84px;\"><span style=\"font-size: 10pt; color: #000000;\">20-10-1750<\/span><\/td>\n<\/tr>\n<tr style=\"height: 252px;\">\n<td style=\"width: 48.4411%; height: 252px;\" colspan=\"2\"><span style=\"color: #000000; font-size: 13.3333px;\"><span style=\"color: #000000; font-size: 10pt;\">SE\/LLA, 30733. S\u00f6vdeborg godsarchiv, J3. Handlingar och r\u00e4kenskaper ang familjen Meijerfeldt, 13<\/span><\/span><\/td>\n<td style=\"width: 49.4138%; height: 252px;\" colspan=\"2\"><span style=\"color: #000000;\"><span style=\"font-size: 10pt;\"><span style=\"font-size: 10pt;\"><span style=\"color: #000000; font-size: 10pt;\">Visings\u00f6 och N\u00e4sby: Nils Widings kassar\u00e4kenskaper och verifika- tioner f\u00f6r Johan August Meijerfeldts \u00e4nka Brita Barnekow 1750-1755 (paket nr 55). Dito f\u00f6r \u00e5ren 1756-1760. (paket nr 49). Brita Barnekows korrespondens 1753-1754, 1761-1762, kvittens 1750. Med handlingar ang\u00e5ende Hellesta by i Hellestads socken och Torna h\u00e4rad 1753, 1761-1807 (paket nr 52).<\/span><\/span><\/span><\/span><\/td>\n<td style=\"width: 36.3637%; height: 252px;\"><span style=\"font-size: 10pt; color: #000000;\">1750-1762<\/span><\/td>\n<\/tr>\n<tr style=\"height: 112px;\">\n<td style=\"width: 48.4411%; height: 43px;\" colspan=\"2\" width=\"77\"><span style=\"font-size: 10pt; color: #000000;\">SE\/RA\/720\/849\/002, <\/span><span style=\"font-size: 10pt; color: #000000;\">vol E 5724<\/span><\/td>\n<td style=\"width: 49.4138%; height: 43px;\" colspan=\"2\"><span style=\"color: #000000; font-size: 13.3333px;\">Brief van Brita Barnekow aan Carl Gustaf Tessin (1695-1770)<\/span><span style=\"color: #000000; font-size: 13.3333px;\"><br \/>\n<\/span><\/td>\n<td style=\"width: 36.3637%; height: 43px;\"><span style=\"color: #000000; font-size: 13.3333px;\">1751<\/span><\/td>\n<\/tr>\n<tr style=\"height: 56px;\">\n<td style=\"height: 56px; width: 48.4411%;\" colspan=\"2\"><span style=\"font-size: 10pt; color: #000000;\">SE\/RA\/720.873.011, vol 10<br \/>\n<\/span><\/td>\n<td style=\"height: 56px; width: 49.4138%;\" colspan=\"2\"><span style=\"font-size: 10pt;\">Brief uit Stralsund van Britta Barnekow aan Johan Sparre af S\u00f6fdeborg (1715-1791)<\/span><span style=\"font-size: 10pt;\"><br \/>\n<\/span><\/td>\n<td style=\"width: 36.3637%; height: 56px;\"><span style=\"font-size: 10pt;\">09-1752<\/span><span style=\"color: #000000; font-size: 13.3333px;\"><br \/>\n<\/span><\/td>\n<\/tr>\n<tr style=\"height: 56px;\">\n<td style=\"width: 48.4411%; height: 56px;\" colspan=\"2\"><span style=\"color: #000000;\"><span style=\"font-size: 13.3333px;\">Pfarrambt Glewitz<\/span><\/span><\/td>\n<td style=\"width: 49.4138%; height: 56px;\" colspan=\"2\"><span style=\"font-size: 10pt; color: #0000ff;\"><span style=\"font-size: 10pt;\"><a style=\"color: #0000ff;\" href=\"https:\/\/meijenfeldt.nl\/wp-content\/uploads\/2022\/03\/1757-11-14-Liquiditation-mit-die-Nehringsche-Kirche.pdf\">Liquiditation BB mit die Nehringsche Kirche<\/a><\/span><\/span><\/td>\n<td style=\"width: 36.3637%; height: 56px;\"><span style=\"font-size: 10pt;\"><span style=\"color: #000000; font-size: 10pt;\">14-11-1757<\/span><\/span><\/td>\n<\/tr>\n<tr style=\"height: 140px;\">\n<td style=\"width: 48.4411%; height: 140px;\" colspan=\"2\"><span style=\"font-size: 10pt; color: #000000;\">Stadtarchiv Wismar, Wismarer Tribunal,Relationen,\u00a0 Urteilsbegr\u00fcndungen des Assessoren am Tribunal, 1758 II nr. 12, fol. 110-120 (110v en 111)<\/span><\/td>\n<td style=\"width: 49.4138%; height: 140px;\" colspan=\"2\">\n<div class=\"col-12 col-sm-8 col-md-9\">\n<div class=\"toc__list-full-title\"><span style=\"font-size: 10pt; color: #0000ff;\"><a style=\"color: #0000ff;\" title=\"Relation in Causa H\u00e4cker, Dr\u00f6scher und Einlieger in Langenfelde contra der Wittwe von Pastor Ruck\" href=\"https:\/\/www.digitale-bibliothek-mv.de\/viewer\/image\/PPN_STA-HWI_obj_5366942\/111\/LOG_0017\/\">H\u00e4cker, Dr\u00f6scher und Einlieger in Langenfelde contra der Wittwe von Pastor Ruck<\/a><br \/>\n<em><span style=\"color: #000000;\">Gr\u00e4fin v. Meijerfeld<\/span><\/em><\/span><\/div>\n<\/div>\n<\/td>\n<td style=\"width: 36.3637%; height: 140px;\"><span style=\"font-size: 10pt; color: #000000;\">1758<\/span><\/td>\n<\/tr>\n<tr style=\"height: 168px;\">\n<td style=\"height: 168px; width: 48.4411%;\" colspan=\"2\"><span style=\"font-size: 10pt; color: #000000;\">Stadtarchiv Wismar, Wismarer Tribunal, Relationen,\u00a0 Urteilsbegr\u00fcndungen des Assessoren am Tribunal, 1762 I nr. 9, fol. 160-189<\/span><\/td>\n<td style=\"height: 168px; width: 49.4138%;\" colspan=\"2\"><span style=\"color: #0000ff;\"><a style=\"color: #0000ff;\" href=\"https:\/\/www.digitale-bibliothek-mv.de\/viewer\/image\/PPN_STA-HWI_obj_5366957\/161\/\"><span style=\"font-size: 10pt;\">Louise Elisabeth Aminga, contra den Pastor Battus zu Glewitz<\/span><\/a><br \/>\n<em><span style=\"font-size: 10pt; color: #000000;\">imgleichen des Grafen Meyerfeldt als Patroni der Kirche zu Glewitz<\/span><\/em><\/span><\/td>\n<td style=\"width: 36.3637%; height: 168px;\"><span style=\"font-size: 10pt; color: #000000;\">1762<\/span><\/td>\n<\/tr>\n<tr style=\"height: 168px;\">\n<td style=\"height: 168px; width: 48.4411%;\" colspan=\"2\"><span style=\"font-size: 10pt; color: #000000;\">Stadtarchiv Wismar, Wismarer Tribunal, Relationen, Urteilsbegr\u00fcndungen des Assessoren am Tribunal, 1763 III nr. 7, fol 264-279 (265, 266v, 267v, 268, 278)<\/span><\/td>\n<td style=\"height: 168px; width: 49.4138%;\" colspan=\"2\"><span style=\"font-size: 10pt; color: #0000ff;\"><a style=\"color: #0000ff;\" href=\"https:\/\/digitale-bibliothek-mv.de\/viewer\/fullscreen\/PPN_STA-HWI_obj_5366963\/265\/\">Inspectoris und Pensionarii Klugen zu Medrow, contra den Pastorem Battus zu Glewitz, in ato r\u00fcckst\u00e4ndige Miethe<\/a><br \/>\n<em><span style=\"font-size: 10pt; color: #000000;\">Graf\/Gr\u00e4fin von Meijerfeldt, pastor Ruch, Gla\u03b2meister Andersen<\/span><\/em><\/span><\/td>\n<td style=\"width: 36.3637%; height: 168px;\"><span style=\"font-size: 10pt; color: #000000;\">1763<\/span><\/td>\n<\/tr>\n<tr style=\"height: 10px;\">\n<td style=\"height: 10px; width: 48.4411%;\" colspan=\"2\" width=\"77\"><span style=\"font-size: 10pt; color: #000000;\">SE\/RA\/Skr.t.K.<br \/>\n<\/span><\/td>\n<td style=\"height: 10px; width: 49.4138%;\" colspan=\"2\"><span style=\"font-size: 10pt; color: #000000;\">Kommers <span style=\"font-size: 10pt; color: #000000;\">Kollegium (Brita Barnekow)<\/span><\/span><span style=\"font-size: 10pt; color: #000000;\"><br \/>\n<\/span><\/td>\n<td style=\"width: 36.3637%; height: 10px;\"><span style=\"font-size: 10pt; color: #000000;\">16-04-1764<br \/>\n<\/span><\/td>\n<\/tr>\n<tr style=\"height: 56px;\">\n<td style=\"width: 48.4411%; height: 56px;\" colspan=\"2\"><span style=\"font-size: 10pt;\">SE\/RA\/720.132.014, <\/span><span style=\"font-size: 10pt; color: #000000;\">vol E 3099<\/span><span style=\"font-size: 10pt; color: #000000;\"><br \/>\n<\/span><\/td>\n<td style=\"width: 49.4138%; height: 56px;\" colspan=\"2\"><span style=\"font-size: 10pt;\">Brief van Britta Barnekow g.m. Meijerfeldt aan Brita Stina Sparre (1720-1776) g.m. Carl Fredrik T\u00f6rnflycht, (1711-1767)<br \/>\n<\/span><\/td>\n<td style=\"width: 36.3637%; height: 56px;\"><span style=\"font-size: 10pt; color: #000000;\">1767<br \/>\n<\/span><\/td>\n<\/tr>\n<tr style=\"height: 28px;\">\n<td style=\"height: 28px; width: 48.4411%;\" colspan=\"2\"><span style=\"font-size: 10pt;\">SE\/RA\/Skr.t.K.<\/span><\/td>\n<td style=\"height: 28px; width: 49.4138%;\" colspan=\"2\"><span style=\"font-size: 10pt;\">Statskantoret (Brita Barnekow)<br \/>\n<\/span><span style=\"font-size: 10pt;\"><br \/>\n<\/span><\/td>\n<td style=\"width: 36.3637%; height: 28px;\"><span style=\"font-size: 10pt; color: #000000;\">27-03-1770<\/span><\/td>\n<\/tr>\n<tr style=\"height: 168px;\">\n<td style=\"width: 48.4411%; height: 168px;\" colspan=\"2\"><span style=\"font-size: 10pt;\"><span style=\"font-size: 10pt; color: #000000;\">Stadtarchiv Wismar, Wismarer Tribunal, Relationen, Urteilsbegr\u00fcndungen des Assessoren am Tribunal, 1770 II nr. 9, fol 89-102<\/span><\/span><\/td>\n<td style=\"width: 49.4138%; height: 168px;\" colspan=\"2\"><span style=\"font-size: 10pt; color: #0000ff;\"><span style=\"font-size: 10pt; color: #0000ff;\"><a style=\"color: #0000ff;\" title=\"Pastor Battus zu Glevitz contra den Kammerherrn Baron von Schoultz\" href=\"https:\/\/www.digitale-bibliothek-mv.de\/viewer\/image\/PPN_STA-HWI_obj_5366990\/90\/LOG_0012\/\">Pastor Battus zu Glevitz contra den Kammerherrn Baron von Schoultz<\/a><br \/>\n<\/span><\/span><span style=\"font-size: 10pt;\">der praestationum von den Sch\u00f6ffereyen zu Zarnekow und Janckendorff<\/span><\/td>\n<td style=\"width: 36.3637%; height: 168px;\"><span style=\"font-size: 10pt; color: #000000;\">1770<\/span><\/td>\n<\/tr>\n<tr style=\"height: 140px;\">\n<td style=\"width: 48.4411%; height: 140px;\" colspan=\"2\"><span style=\"font-family: georgia, palatino, serif; font-size: 10pt; color: #000000;\">Andreas Ch. Rubin, &#8220;Dissertatio philologico-critica citata in Novo Testamento s. codicis Hebraei corruptionem non probare ostendens, Universit\u00e4t Greifswald<\/span><\/td>\n<td style=\"width: 49.4138%; height: 140px;\" colspan=\"2\"><em><span style=\"font-size: 10pt; color: #000000;\">\u00e0 Madame La Comtesse Beate de Meyerfelt n\u00e9e de Barnekou, Comtesse de Nering, S\u00f6fdeborg, Nesby, Gammelk\u00f6ge, &amp;c, &amp;c.<\/span><\/em><\/td>\n<td style=\"width: 36.3637%; height: 140px;\"><span style=\"font-size: 10pt; color: #000000;\">28-02-1771<\/span><\/td>\n<\/tr>\n<tr style=\"height: 83px;\">\n<td style=\"width: 48.4411%; height: 83px;\" colspan=\"2\"><span style=\"font-size: 10pt;\"><span style=\"color: #000000; font-size: 13.3333px;\">SE\/LLA\/13234, C I \/ 1, D\u00f6d- och Begravnings-b\u00f6cker K\u00f6pinge 1752-1793, fol 125<br \/>\n<\/span><\/span><\/td>\n<td style=\"width: 49.4138%; height: 83px;\" colspan=\"2\"><a style=\"color: #0000ff;\" href=\"https:\/\/sok.riksarkivet.se\/bildvisning\/C0060981_00148#?c=&amp;m=&amp;s=&amp;cv=147&amp;xywh=2609%2C293%2C3805%2C2145\"><span style=\"font-size: 10pt;\">Brigitta Barnekow d\u00f6d<\/span><\/a><span style=\"font-size: 13.3333px;\"><br \/>\n<\/span><\/td>\n<td style=\"width: 36.3637%; height: 83px;\"><span style=\"font-size: 10pt; color: #000000;\">01-12-1771<br \/>\n<\/span><\/td>\n<\/tr>\n<tr style=\"height: 56px;\">\n<td style=\"height: 56px; width: 48.4411%;\" colspan=\"2\"><span style=\"color: #000000; font-size: 13.3333px;\">Nehringsches Kirchen Buch Worinnen Verzeichert Welche 1. Vertrauet 2. Getauft 3. Begraven 1682-1791<\/span><\/td>\n<td style=\"height: 56px; width: 49.4138%;\" colspan=\"2\"><span style=\"color: #0000ff;\"><a style=\"color: #0000ff;\" href=\"https:\/\/meijenfeldt.nl\/wp-content\/uploads\/2025\/05\/Kirchenbucher-Nehringen.pdf\"><em><span style=\"font-size: 13.3333px;\">d. 1n ist Ihre Excellence die hochgebornen frau Gr\u00e4fin und Reichs-R\u00fcthin Brigitta von Meijerfeldt geborene von Barneckow gestorben und d, 9n in unserer Kirche in den hochgr\u00e4fliches Gewolwe beygesetzt.<\/span><\/em><\/a><\/span><\/td>\n<td style=\"width: 36.3637%; height: 56px;\"><span style=\"font-size: 10pt; color: #000000;\">09-12-1771<\/span><\/td>\n<\/tr>\n<tr style=\"height: 56px;\">\n<td style=\"width: 48.4411%; height: 56px;\" colspan=\"2\"><span style=\"font-size: 10pt;\"><span style=\"color: #000000; font-size: 13.3333px;\">SE\/VALA\/<span style=\"color: #000000; font-size: 10pt;\">03825\/01\/E XI ba, 1773, nr 5a en 5b<\/span><\/span><\/span><\/td>\n<td style=\"width: 49.4138%; height: 56px;\" colspan=\"2\"><span style=\"font-size: 10pt;\">G\u00f6ta Hovr\u00e4tt, Hufvudarchiv, Bouppteckningar <span style=\"color: #0000ff;\"><a style=\"color: #0000ff;\" href=\"https:\/\/sok.riksarkivet.se\/bildvisning\/C0105485_00064#?c=&amp;m=&amp;s=&amp;cv=63&amp;xywh=2077%2C111%2C4513%2C2066\">Brita Barnekow<\/a><\/span><br \/>\n<\/span><\/td>\n<td style=\"width: 36.3637%; height: 56px;\"><span style=\"font-size: 10pt; color: #000000;\">06-03-1772<\/span><\/td>\n<\/tr>\n<tr style=\"height: 84px;\">\n<td style=\"width: 48.4411%; height: 84px;\" colspan=\"2\"><span style=\"font-size: 10pt;\"><span style=\"color: #000000; font-size: 13.3333px;\">Stadtarchivet Stockholm, 1578. <span style=\"font-size: 10pt; color: #000000;\">T\u00e4by Kyrkoarchiv, L Ia \/ 1. Kyrkan Inventarium, <span style=\"font-size: 10pt;\">fol 160<\/span><\/span><\/span><\/span><\/td>\n<td style=\"width: 49.4138%; height: 84px;\" colspan=\"2\"><span style=\"font-size: 10pt;\"><span style=\"color: #000000; font-size: 13.3333px;\"><span style=\"font-size: 10pt; color: #000000;\"><span style=\"font-size: 10pt; color: #0000ff;\"><a style=\"color: #0000ff;\" href=\"https:\/\/sok.riksarkivet.se\/bildvisning\/C0049114_00160#?c=&amp;m=&amp;s=&amp;cv=159&amp;xywh=3143%2C3701%2C2349%2C1632\">Silfver, 1 St. Win Kanna, 106 lod (c)<br \/>\n(c) af Riksradinnare Grefvinnan Frau Brita Barnekow<\/a><\/span><\/span><\/span><\/span><\/td>\n<td style=\"width: 36.3637%; height: 84px;\"><span style=\"font-size: 10pt; color: #000000;\">1777<\/span><\/td>\n<\/tr>\n<tr style=\"height: 84px;\">\n<td style=\"width: 48.4411%; height: 84px;\" colspan=\"2\"><span style=\"font-size: 10pt;\"><span style=\"color: #000000; font-size: 13.3333px;\">Stadtarchivet Stockholm, 1578. <span style=\"font-size: 10pt; color: #000000;\">T\u00e4by Kyrkoarchiv, L Ia \/ 1. Kyrkan Inventarium, <span style=\"font-size: 10pt;\">fol 169<\/span><\/span><\/span><\/span><\/td>\n<td style=\"width: 49.4138%; height: 84px;\" colspan=\"2\"><span style=\"font-size: 10pt;\"><span style=\"color: #000000; font-size: 13.3333px;\"><span style=\"font-size: 10pt; color: #000000;\"><span style=\"font-size: 10pt; color: #0000ff;\"><a style=\"color: #0000ff;\" href=\"https:\/\/sok.riksarkivet.se\/bildvisning\/C0049114_00169#?c=&amp;m=&amp;s=&amp;cv=168&amp;xywh=2369%2C2312%2C2349%2C1632\">Silfvren kannen Riksradinnare Grefvinnan Frau Brita Barnekow<\/a><\/span><\/span><\/span><\/span><\/td>\n<td style=\"width: 36.3637%; height: 84px;\"><span style=\"font-size: 10pt; color: #000000;\">1777<\/span><\/td>\n<\/tr>\n<tr style=\"height: 168px;\">\n<td style=\"height: 168px; width: 48.4411%;\" colspan=\"2\"><span style=\"font-size: 10pt;\"><span style=\"font-size: 10pt; color: #000000;\">Stadtarchiv Wismar, Wismarer Tribunal, Relationen, Urteilsbegr\u00fcndungen des Assessoren am Tribunal, 1785 II nr. 12, fol 110-120 (112v)\u00a0<\/span><\/span><\/td>\n<td style=\"height: 168px; width: 49.4138%;\" colspan=\"2\"><span style=\"font-size: 10pt;\"><span style=\"font-size: 10pt; color: #0000ff;\"><a style=\"color: #0000ff;\" href=\"https:\/\/digitale-bibliothek-mv.de\/viewer\/fullscreen\/PPN_STA-HWI_obj_5366942\/114\/\">H\u00e4cker, Dr\u00f6scher und Einlieger in Langenfelde contra den Wittwe von Pastor Ruch<\/a><\/span><\/span><\/td>\n<td style=\"width: 36.3637%; height: 168px;\"><span style=\"font-size: 10pt; color: #000000;\">1785<\/span><\/td>\n<\/tr>\n<tr style=\"height: 112px;\">\n<td style=\"width: 48.4411%; height: 112px;\" colspan=\"2\">\n<div class=\"row-fluid hidden-print\">\n<div class=\"span7 post_faltdata\"><span style=\"font-size: 10pt;\">SE\/VALA\/03825\/01\/E XI ba, 1798 II, nr 57 a &#8211; g<\/span><\/div>\n<\/div>\n<p><span style=\"font-size: 10pt;\"><span style=\"font-size: 10pt; color: #000000;\">\u00a0<\/span><\/span><\/td>\n<td style=\"width: 49.4138%; height: 112px;\" colspan=\"2\"><span style=\"color: #0000ff;\"><span style=\"color: #000000; font-size: 10pt;\">G\u00f6ta Hovr\u00e4tt. Huvudarkivet,<\/span> <a style=\"color: #0000ff;\" href=\"https:\/\/sok.riksarkivet.se\/bildvisning\/C0105520_00320#?c=&amp;m=&amp;s=&amp;cv=319&amp;xywh=2773%2C128%2C4167%2C1908\"><span style=\"font-size: 10pt;\"><span style=\"font-size: 10pt;\">Bouppteckningar 1750<\/span><\/span><\/a><\/span><\/td>\n<td style=\"width: 36.3637%; height: 112px;\"><span style=\"font-size: 10pt; color: #000000;\">02-08-1798<\/span><\/td>\n<\/tr>\n<\/tbody>\n<\/table>\n","protected":false},"excerpt":{"rendered":"<p>DOCUMENTEN \u2190 Persoonsdossier Carlson = E. Carlson, \u201cKonung Karl XII:s egenh\u00e4ndige bref, Stockholm 1893. Liske = X. Liske, &#8220;\u00d6versikt af den Polska literaturen med s\u00e4rskildt afseende p\u00e5 den Svenska historien, deel 3, in C. Silfverstolpe&#8217;s Historiskt Bibliotek, 1875-1880. NL\/NA = Nederland \/ Nationaal Archief; 1.01.19 = Inventaris van het Archief van de Raad van State\u00a01581-1795. &hellip; <a href=\"https:\/\/meijenfeldt.nl\/?page_id=41808\" class=\"more-link\">Verder lezen <span class=\"screen-reader-text\">Documenten Johann August sr<\/span><\/a><\/p>\n","protected":false},"author":1,"featured_media":0,"parent":0,"menu_order":0,"comment_status":"closed","ping_status":"closed","template":"","meta":{"footnotes":""},"class_list":["post-41808","page","type-page","status-publish","hentry"],"_links":{"self":[{"href":"https:\/\/meijenfeldt.nl\/index.php?rest_route=\/wp\/v2\/pages\/41808","targetHints":{"allow":["GET"]}}],"collection":[{"href":"https:\/\/meijenfeldt.nl\/index.php?rest_route=\/wp\/v2\/pages"}],"about":[{"href":"https:\/\/meijenfeldt.nl\/index.php?rest_route=\/wp\/v2\/types\/page"}],"author":[{"embeddable":true,"href":"https:\/\/meijenfeldt.nl\/index.php?rest_route=\/wp\/v2\/users\/1"}],"replies":[{"embeddable":true,"href":"https:\/\/meijenfeldt.nl\/index.php?rest_route=%2Fwp%2Fv2%2Fcomments&post=41808"}],"version-history":[{"count":184,"href":"https:\/\/meijenfeldt.nl\/index.php?rest_route=\/wp\/v2\/pages\/41808\/revisions"}],"predecessor-version":[{"id":78784,"href":"https:\/\/meijenfeldt.nl\/index.php?rest_route=\/wp\/v2\/pages\/41808\/revisions\/78784"}],"wp:attachment":[{"href":"https:\/\/meijenfeldt.nl\/index.php?rest_route=%2Fwp%2Fv2%2Fmedia&parent=41808"}],"curies":[{"name":"wp","href":"https:\/\/api.w.org\/{rel}","templated":true}]}}