{"id":41787,"date":"2022-01-13T15:18:08","date_gmt":"2022-01-13T15:18:08","guid":{"rendered":"https:\/\/meijenfeldt.nl\/?page_id=41787"},"modified":"2025-07-12T12:18:00","modified_gmt":"2025-07-12T12:18:00","slug":"kranten-johan-august-sr","status":"publish","type":"page","link":"https:\/\/meijenfeldt.nl\/?page_id=41787","title":{"rendered":"Kranten JAMsr"},"content":{"rendered":"<table style=\"border-collapse: collapse; width: 100%; height: 16230px;\">\n<tbody>\n<tr style=\"height: 27px;\">\n<td style=\"background-color: #d5e8eb; width: 172.379%; text-align: center; height: 27px;\" colspan=\"5\"><strong><span style=\"color: #000000;\">KRANTEN<\/span><\/strong><\/td>\n<\/tr>\n<tr style=\"height: 55px;\">\n<td style=\"background-color: #ffffff; text-align: center; height: 55px; width: 172.379%;\" colspan=\"5\"><span style=\"color: #0000ff; font-family: georgia, palatino, serif; font-size: 10pt;\"><strong><span style=\"color: #000000;\">Johann August von Meijerfeldt sr<\/span><\/strong><br \/>\n<a style=\"color: #0000ff;\" href=\"https:\/\/meijenfeldt.nl\/?page_id=41395\">Retour Persoonsdossier<\/a><\/span><\/td>\n<\/tr>\n<tr>\n<td style=\"text-align: left; background-color: #ffffff; width: 161.635%;\" colspan=\"4\"><span style=\"color: #000000; font-family: georgia, palatino, serif; font-size: 10pt;\"><strong>NAAM\u00a0<\/strong><\/span><\/td>\n<td style=\"width: 10.7438%; text-align: left; background-color: #ffffff;\"><span style=\"color: #000000; font-family: georgia, palatino, serif; font-size: 10pt;\"><strong>TAAL<\/strong><\/span><\/td>\n<\/tr>\n<tr>\n<td style=\"text-align: left; background-color: #f2e39d; width: 161.635%;\" colspan=\"4\"><span style=\"color: #0000ff; font-family: georgia, palatino, serif; font-size: 10pt;\"><strong style=\"color: #000000;\"><span style=\"color: #000000;\">Amsterdamse Courant<\/span><\/strong><span style=\"color: #000000;\">, avec privil\u00e8ge de nos-seigneurs les Etats de Hollande et de West-Frise<\/span><strong><span style=\"color: #000000;\"><br \/>\n<\/span><\/strong><\/span><\/td>\n<td style=\"width: 10.7438%; text-align: left; background-color: #f2e39d;\"><span style=\"color: #0000ff; font-family: georgia, palatino, serif; font-size: 10pt;\"><span style=\"color: #000000;\">Nederlands<\/span><\/span><\/td>\n<\/tr>\n<tr>\n<td style=\"text-align: left; background-color: #f2e39d; width: 161.635%;\" colspan=\"4\"><span style=\"color: #0000ff; font-family: georgia, palatino, serif; font-size: 10pt;\"><strong style=\"color: #000000;\">Gazette de Berne<\/strong><span style=\"color: #000000;\">\u00a0\/ Nouvelles de divers endroits<\/span><strong style=\"color: #000000;\"><span style=\"color: #000000;\"><br \/>\n<\/span><\/strong><\/span><\/td>\n<td style=\"width: 10.7438%; text-align: left; background-color: #f2e39d;\"><span style=\"color: #0000ff; font-family: georgia, palatino, serif; font-size: 10pt;\"><span style=\"color: #000000;\">Frans<\/span><\/span><\/td>\n<\/tr>\n<tr>\n<td style=\"text-align: left; background-color: #f2e39d; width: 161.635%;\" colspan=\"4\"><span style=\"color: #0000ff; font-family: georgia, palatino, serif; font-size: 10pt;\"><strong style=\"color: #000000;\">Gazette de Leyde \/\u00a0<\/strong><span style=\"color: #000000;\">Les Nouvelles extraordinaires de divers endroits<\/span><strong style=\"color: #000000;\"><br \/>\n<\/strong><\/span><\/td>\n<td style=\"width: 10.7438%; text-align: left; background-color: #f2e39d;\"><span style=\"color: #0000ff; font-family: georgia, palatino, serif; font-size: 10pt;\"><span style=\"color: #000000;\">Nederlands<\/span><\/span><\/td>\n<\/tr>\n<tr>\n<td style=\"text-align: left; background-color: #f2e39d; width: 161.635%;\" colspan=\"4\"><span style=\"color: #0000ff; font-family: georgia, palatino, serif; font-size: 10pt;\"><strong style=\"color: #000000;\">Gazette de Paris<\/strong>\u00a0\/\u00a0<span style=\"color: #0000ff;\"><span style=\"color: #000000;\">Rec\u00fceil des Nouvelles Ordinaires et Extraordinaires<\/span><\/span><strong style=\"color: #000000;\"><br \/>\n<\/strong><\/span><\/td>\n<td style=\"width: 10.7438%; text-align: left; background-color: #f2e39d;\"><span style=\"color: #0000ff; font-family: georgia, palatino, serif; font-size: 10pt;\"><span style=\"color: #000000;\">Frans<\/span><\/span><\/td>\n<\/tr>\n<tr>\n<td style=\"text-align: left; background-color: #f2e39d; width: 161.635%;\" colspan=\"4\"><span style=\"color: #0000ff; font-family: georgia, palatino, serif; font-size: 10pt;\"><strong style=\"color: #000000;\">La Clef du Cabinet\u00a0<\/strong><span style=\"color: #000000;\">des princes de l&#8217;Europe, ou, Recu\u00ebil Historique &amp; Politique, Luxembourg.\u00a0Journal historique sur les matieres du tems.\u00a0Contenant aussi quelques nouvelles de litterature, &amp; autres remarques curieuses<\/span><strong style=\"color: #000000;\"><br \/>\n<\/strong><\/span><\/td>\n<td style=\"width: 10.7438%; text-align: left; background-color: #f2e39d;\"><span style=\"color: #0000ff; font-family: georgia, palatino, serif; font-size: 10pt;\"><span style=\"color: #000000;\">Frans<\/span><\/span><\/td>\n<\/tr>\n<tr>\n<td style=\"text-align: left; background-color: #f2e39d; width: 161.635%;\" colspan=\"4\"><span style=\"color: #0000ff; font-family: georgia, palatino, serif; font-size: 10pt;\"><span style=\"color: #000000;\"><span style=\"color: #0000ff;\"><span style=\"color: #000000;\"><strong>Mercure<\/strong> historique et politique \u00e0 <\/span><\/span><\/span><span style=\"color: #000000;\"><span style=\"color: #0000ff;\"><span style=\"color: #000000;\">La Haye<\/span><\/span><\/span><\/span><\/td>\n<td style=\"width: 10.7438%; text-align: left; background-color: #f2e39d;\"><span style=\"color: #0000ff; font-family: georgia, palatino, serif; font-size: 10pt;\"><span style=\"color: #000000;\">Frans<\/span><\/span><\/td>\n<\/tr>\n<tr>\n<td style=\"text-align: left; background-color: #f2e39d; width: 161.635%;\" colspan=\"4\"><span style=\"color: #0000ff; font-family: georgia, palatino, serif; font-size: 10pt;\"><span style=\"color: #000000;\"><span style=\"color: #0000ff;\"><span style=\"color: #000000;\">The Present State of Europe of the Historical and Political Monthly <\/span><\/span><\/span><strong style=\"color: #000000;\"><span style=\"color: #000000;\"><span style=\"color: #0000ff;\"><span style=\"color: #000000;\"><strong>Mercury<\/strong><\/span><\/span><\/span><\/strong><\/span><\/td>\n<td style=\"width: 10.7438%; text-align: left; background-color: #f2e39d;\"><span style=\"color: #0000ff; font-family: georgia, palatino, serif; font-size: 10pt;\"><span style=\"color: #000000;\">Engels<\/span><\/span><\/td>\n<\/tr>\n<tr>\n<td style=\"text-align: left; background-color: #f2e39d; width: 161.635%;\" colspan=\"4\"><span style=\"color: #0000ff; font-family: georgia, palatino, serif; font-size: 10pt;\"><span style=\"color: #000000;\"><span style=\"color: #0000ff;\"><span style=\"color: #000000;\">Nederlandsch Gedenkboek of Europische <\/span><\/span><\/span><strong style=\"color: #000000;\"><span style=\"color: #000000;\"><span style=\"color: #0000ff;\"><span style=\"color: #000000;\">Mercurius<\/span><\/span><\/span><\/strong><\/span><\/td>\n<td style=\"width: 10.7438%; text-align: left; background-color: #f2e39d;\"><span style=\"color: #0000ff; font-family: georgia, palatino, serif; font-size: 10pt;\"><span style=\"color: #000000;\">Nederlands<\/span><\/span><\/td>\n<\/tr>\n<tr>\n<td style=\"width: 161.635%; text-align: left; background-color: #f2e39d;\" colspan=\"4\"><span style=\"color: #0000ff; font-family: georgia, palatino, serif; font-size: 10pt;\"><span style=\"color: #000000;\"><span style=\"color: #000000;\"> Ordinarie Stockholmiske Post=Tijeder \/ <\/span><\/span><strong style=\"color: #000000;\"><span style=\"color: #000000;\"><span style=\"color: #000000;\"><strong>Posttidningar<\/strong><\/span><\/span><\/strong><\/span><\/td>\n<td style=\"width: 10.7438%; text-align: left; background-color: #f2e39d;\"><span style=\"color: #0000ff; font-family: georgia, palatino, serif; font-size: 10pt;\"><span style=\"color: #000000;\">Zweeds<\/span><\/span><\/td>\n<\/tr>\n<tr style=\"height: 27px;\">\n<td style=\"background-color: #ffffff; text-align: left; height: 27px; width: 13.6529%;\" colspan=\"2\"><span style=\"font-size: 10pt;\"><span style=\"color: #000000;\"><span style=\"color: #800000;\"><strong>KRANT<\/strong><\/span><\/span><\/span><\/td>\n<td style=\"background-color: #ffffff; text-align: left; height: 27px; width: 147.982%;\" colspan=\"2\"><span style=\"color: #0000ff; font-size: 10pt;\"><span style=\"color: #800000;\"><strong><span style=\"font-size: 10pt;\">BERICHT<\/span><\/strong><\/span><\/span><\/td>\n<td style=\"background-color: #ffffff; width: 10.7438%; text-align: left; height: 27px;\"><span style=\"color: #000000; font-size: 10pt;\"><span style=\"color: #800000;\"><strong><span style=\"font-size: 10pt;\">DATUM<\/span><\/strong><\/span><\/span><\/td>\n<\/tr>\n<tr>\n<td style=\"background-color: #ffffff; text-align: left; width: 13.6529%;\" colspan=\"2\"><span style=\"color: #000000; font-size: 10pt; font-family: georgia, palatino, serif;\">Mercurii Relation, oder wochentliche Ordinari Zeitungen von underschidlichen Orthen (M\u00fcnchen)<\/span><\/td>\n<td style=\"background-color: #ffffff; text-align: left; width: 147.982%;\" colspan=\"2\"><span style=\"color: #0000ff; font-size: 10pt; font-family: georgia, palatino, serif;\"><a href=\"https:\/\/meijenfeldt.nl\/wp-content\/uploads\/2025\/07\/1701-Mercury.pdf\"><span style=\"color: #0000ff;\">Wie wir noch im Lager bei Grobbin stunden \/ wurden 600. Mann zu Pferd \/ unterm Commando de\u03b2 Obristen Hummerhielm und Obrist leutenants Meyerfeld<\/span><\/a><\/span><\/td>\n<td style=\"background-color: #ffffff; width: 10.7438%; text-align: left;\"><span style=\"color: #000000; font-size: 10pt; font-family: georgia, palatino, serif;\">23-12-1701<\/span><\/td>\n<\/tr>\n<tr>\n<td style=\"background-color: #ffffff; text-align: left; width: 13.6529%;\" colspan=\"2\"><span style=\"color: #000000; font-size: 10pt;\"><span style=\"font-family: georgia, palatino, serif; font-size: 10pt;\"><span style=\"color: #000000;\">Gazette de Leyde<\/span><\/span><\/span><\/td>\n<td style=\"background-color: #ffffff; text-align: left; width: 147.982%;\" colspan=\"2\"><span style=\"color: #000000; font-size: 10pt;\"><em><span style=\"font-family: georgia, palatino, serif; font-size: 10pt;\">Libau 7 december, <\/span><\/em><span style=\"font-family: georgia, palatino, serif; font-size: 10pt;\">Naderden 2000 Litouwers van Oginski&#8217;s partij een bepaalde post om 200 Zweedse cavalerie die deze bewaakten onder het bevel van kolonel Meyerfeld te overweldigen, om vervolgens Krotinga in te nemen, een plaats die behoort tot het Huis van Sapiha. Maar ze werden teruggedrongen met een verlies van 30 mannen en 2 paar pauken. Hoewel het gevecht niet gelijk was, hadden de Zweden slechts \u00e9\u00e9n gewonde dragonder aan hun zijde.<\/span><\/span><\/td>\n<td style=\"background-color: #ffffff; width: 10.7438%; text-align: left;\"><span style=\"color: #0000ff; font-size: 10pt; font-family: georgia, palatino, serif;\"><a style=\"color: #0000ff;\" href=\"https:\/\/www.delpher.nl\/nl\/kranten\/view?query=Meyerfeld&amp;page=6&amp;coll=ddd&amp;identifier=ddd%3A010553314%3Ampeg21%3Aa0002&amp;resultsidentifier=ddd%3A010553314%3Ampeg21%3Aa0002\">29-12-1701<\/a><\/span><\/td>\n<\/tr>\n<tr>\n<td style=\"background-color: #ffffff; text-align: left; width: 13.6529%;\" colspan=\"2\"><span style=\"color: #000000; font-size: 10pt;\"><span style=\"font-family: georgia, palatino, serif; font-size: 10pt;\">Gazette de Leyde<\/span><\/span><\/td>\n<td style=\"background-color: #ffffff; text-align: left; width: 147.982%;\" colspan=\"2\"><span style=\"color: #0000ff; font-size: 10pt;\"><span style=\"color: #000000; font-size: 10pt;\"><em><span style=\"font-family: georgia, palatino, serif; font-size: 10pt;\"><span style=\"color: #000000;\"><span style=\"color: #0000ff;\"><span style=\"color: #000000;\">Libau 17 december,<\/span> <\/span><\/span><\/span><\/em>De voorige gelukkige actie onder de Overste Meyerfeld tegen den Oginsky word niet alleen geconfirmeerd; maer ook daer by gevoegt dat de Koning van Sweden self met een detachement van ruym 3000 ruyters en voetknechten den Oginsky by Seddar met over de 10000 man had aengetast en op de vlugt geslagen; by welke occasie de Sweeden groots buyt bekomen, en de vlugtende nageset hadden.<\/span><\/span><\/td>\n<td style=\"background-color: #ffffff; width: 10.7438%; text-align: left;\"><span style=\"color: #000000; font-size: 10pt; font-family: georgia, palatino, serif;\"><span style=\"color: #000000;\"><span style=\"color: #0000ff;\"><a style=\"color: #0000ff;\" href=\"https:\/\/www.delpher.nl\/nl\/kranten\/view?query=Meyerfeld&amp;coll=ddd&amp;sortfield=date&amp;identifier=MMSAA06:165528313:mpeg21:a00004&amp;resultsidentifier=MMSAA06:165528313:mpeg21:a00004&amp;rowid=3\">31-12-1701<\/a><\/span><\/span><\/span><\/td>\n<\/tr>\n<tr style=\"height: 28px;\">\n<td style=\"background-color: #ffffff; text-align: left; height: 28px; width: 13.6529%;\" colspan=\"2\"><span style=\"color: #000000; font-size: 10pt;\">Ordinari Stockholmiske Post=Tijender<\/span><\/td>\n<td style=\"background-color: #ffffff; text-align: left; height: 28px; width: 147.982%;\" colspan=\"2\"><span style=\"color: #0000ff; font-size: 10pt;\"><a style=\"color: #0000ff;\" href=\"https:\/\/tidningar.kb.se\/2979645\/1703-03-31\/edition\/145134\/part\/1\/page\/7\/?q=%20meijerfelt\">Lublin<\/a><\/span><span style=\"color: #0000ff; font-size: 10pt;\"><br \/>\n<\/span><\/td>\n<td style=\"background-color: #ffffff; width: 10.7438%; text-align: left; height: 28px;\"><span style=\"color: #000000; font-size: 10pt; font-family: georgia, palatino, serif;\">01-03-1703<\/span><\/td>\n<\/tr>\n<tr style=\"height: 28px;\">\n<td style=\"background-color: #ffffff; text-align: left; height: 28px; width: 13.6529%;\" colspan=\"2\"><span style=\"color: #000000; font-size: 10pt;\">Posttidningar<\/span><\/td>\n<td style=\"background-color: #ffffff; text-align: left; width: 147.982%; height: 28px;\" colspan=\"2\"><span style=\"color: #0000ff; font-size: 10pt;\"><a style=\"color: #0000ff;\" href=\"https:\/\/tidningar.kb.se\/2979645\/1704-08-23\/edition\/145134\/part\/1\/page\/1\/?q=%20meijerfelt\">Posen<\/a><\/span><span style=\"color: #0000ff; font-size: 10pt;\"><br \/>\n<\/span><\/td>\n<td style=\"background-color: #ffffff; width: 10.7438%; text-align: left; height: 28px;\"><span style=\"color: #000000; font-size: 10pt; font-family: georgia, palatino, serif;\">23-08-1704<\/span><\/td>\n<\/tr>\n<tr style=\"height: 55px;\">\n<td style=\"background-color: #ffffff; width: 13.6529%; text-align: left; height: 55px;\" colspan=\"2\"><span style=\"color: #000000; font-size: 10pt;\">Gazette de Paris<\/span><\/td>\n<td style=\"background-color: #ffffff; text-align: left; width: 147.982%; height: 55px;\" colspan=\"2\"><span style=\"color: #0000ff; font-size: 10pt;\"><a style=\"color: #0000ff;\" href=\"https:\/\/gallica.bnf.fr\/ark:\/12148\/bpt6k6454271j\/f413.image.r=meyerfeld?rk=85837;2\">Steinbock<\/a><\/span><\/td>\n<td style=\"background-color: #ffffff; width: 10.7438%; text-align: left; height: 55px;\"><span style=\"color: #000000; font-size: 10pt; font-family: georgia, palatino, serif;\">30-08-1704<\/span><\/td>\n<\/tr>\n<tr style=\"height: 55px;\">\n<td style=\"width: 13.6529%; height: 55px;\" colspan=\"2\"><span style=\"color: #000000; font-size: 13.3333px;\">Oprechte Haerlemsche Courant<\/span><span style=\"color: #000000; font-size: 10pt;\"><br \/>\n<\/span><\/td>\n<td style=\"width: 147.982%; height: 55px;\" colspan=\"2\"><a style=\"color: #0000ff; font-size: 13.3333px;\" href=\"https:\/\/www.delpher.nl\/nl\/kranten\/view?query=Meyervelt&amp;coll=ddd&amp;sortfield=date&amp;identifier=ddd%3A011221209%3Ampeg21%3Aa0011&amp;resultsidentifier=ddd%3A011221209%3Ampeg21%3Aa0011\">Posen<\/a><span style=\"color: #000000; font-size: 10pt;\"><br \/>\n<\/span><\/td>\n<td style=\"width: 10.7438%; height: 55px;\"><span style=\"font-size: 10pt;\">02-09-1704<\/span><span style=\"color: #000000; font-size: 10pt;\"><br \/>\n<\/span><\/td>\n<\/tr>\n<tr style=\"height: 55px;\">\n<td style=\"width: 13.6529%; height: 55px;\" colspan=\"2\"><span style=\"color: #000000; font-size: 13.3333px;\">Oprechte Haerlemsche Courant<\/span><\/td>\n<td style=\"width: 147.982%; height: 55px;\" colspan=\"2\"><a style=\"color: #0000ff; font-size: 13.3333px;\" href=\"https:\/\/www.delpher.nl\/nl\/kranten\/view?query=Meyerveld&amp;coll=ddd&amp;sortfield=date&amp;identifier=ddd%3A011221212%3Ampeg21%3Aa0001&amp;resultsidentifier=ddd%3A011221212%3Ampeg21%3Aa0001\">Posen<\/a><\/td>\n<td style=\"width: 10.7438%; height: 55px;\"><span style=\"font-size: 10pt;\">08-09-1704<br \/>\n<\/span><\/td>\n<\/tr>\n<tr style=\"height: 55px;\">\n<td style=\"width: 13.6529%; height: 55px;\" colspan=\"2\"><span style=\"font-size: 10pt;\">Oprechte Haerlemsche Courant<\/span><span style=\"color: #000000; font-size: 10pt;\"><span style=\"font-size: 10pt;\"><br \/>\n<\/span><\/span><\/td>\n<td style=\"width: 147.982%; height: 55px;\" colspan=\"2\"><a style=\"color: #0000ff; font-size: 13.3333px;\" href=\"https:\/\/www.delpher.nl\/nl\/kranten\/view?query=Meyerfeld&amp;page=5&amp;coll=ddd&amp;identifier=ddd%3A011221242%3Ampeg21%3Aa0011&amp;resultsidentifier=ddd%3A011221242%3Ampeg21%3Aa0011\"><span style=\"font-size: 10pt;\">Posen<\/span><\/a><\/td>\n<td style=\"width: 10.7438%; height: 55px;\"><span style=\"font-size: 10pt;\">25-09-1704<br \/>\n<\/span><\/td>\n<\/tr>\n<tr style=\"height: 55px;\">\n<td style=\"width: 13.6529%; height: 55px;\" colspan=\"2\"><span style=\"color: #000000; font-size: 13.3333px;\">Gazette de Leyde<\/span><\/td>\n<td style=\"width: 147.982%; height: 55px;\" colspan=\"2\"><a style=\"color: #0000ff; font-size: 13.3333px;\" href=\"https:\/\/www.delpher.nl\/nl\/kranten\/view?query=Meyerfeld&amp;coll=ddd&amp;identifier=ddd%3A010553441%3Ampeg21%3Aa0002&amp;resultsidentifier=ddd%3A010553441%3Ampeg21%3Aa0002\">Thorn<\/a><\/td>\n<td style=\"width: 10.7438%; height: 55px;\"><span style=\"font-size: 10pt;\">25-09-1704<br \/>\n<\/span><\/td>\n<\/tr>\n<tr style=\"height: 55px;\">\n<td style=\"width: 13.6529%; height: 55px;\" colspan=\"2\"><span style=\"font-size: 10pt;\"><span style=\"color: #000000; font-size: 10pt;\">G<span style=\"color: #000000; font-size: 13.3333px;\">azette<\/span> de Paris<\/span><\/span><\/td>\n<td style=\"width: 147.982%; height: 55px;\" colspan=\"2\"><span style=\"font-size: 10pt; color: #0000ff;\"><a style=\"color: #0000ff;\" href=\"https:\/\/gallica.bnf.fr\/ark:\/12148\/bpt6k6454271j\/f473.image.r=meyerfeld\"><span style=\"font-size: 10pt;\"><span style=\"font-size: 10pt;\">Cardinal Primat<\/span><\/span><\/a><\/span><\/td>\n<td style=\"width: 10.7438%; height: 55px;\"><span style=\"color: #000000;\"><span style=\"font-size: 10pt;\">04-10-1704<\/span><\/span><\/td>\n<\/tr>\n<tr style=\"height: 55px;\">\n<td style=\"width: 13.6529%; height: 55px;\" colspan=\"2\"><span style=\"font-size: 10pt;\"><span style=\"color: #000000; font-size: 10pt;\">G<span style=\"color: #000000; font-size: 13.3333px;\">azette<\/span> de Leyde<\/span><\/span><\/td>\n<td style=\"width: 147.982%; height: 55px;\" colspan=\"2\"><span style=\"font-size: 10pt; color: #0000ff;\"><span style=\"font-size: 10pt;\"><span style=\"font-size: 10pt;\"><a href=\"https:\/\/www.delpher.nl\/nl\/kranten\/view?query=Meyerfeld&amp;page=8&amp;coll=ddd&amp;identifier=ddd%3A010553445%3Ampeg21%3Aa0003&amp;resultsidentifier=ddd%3A010553445%3Ampeg21%3Aa0003\"><span style=\"color: #0000ff;\">Thorn<\/span><\/a><\/span><\/span><\/span><\/td>\n<td style=\"width: 10.7438%; height: 55px;\"><span style=\"color: #000000;\"><span style=\"font-size: 10pt;\">09-10-1704<\/span><\/span><\/td>\n<\/tr>\n<tr style=\"height: 55px;\">\n<td style=\"width: 13.6529%; height: 55px;\" colspan=\"2\"><span style=\"font-size: 10pt;\">Gazette de Leyde<\/span><\/td>\n<td style=\"width: 147.982%; height: 55px;\" colspan=\"2\"><span style=\"font-size: 10pt; color: #0000ff;\"><a style=\"color: #0000ff;\" href=\"https:\/\/www.delpher.nl\/nl\/kranten\/view?query=Meyerfeld&amp;page=5&amp;coll=ddd&amp;identifier=ddd%3A010553450%3Ampeg21%3Aa0007&amp;resultsidentifier=ddd%3A010553450%3Ampeg21%3Aa0007\">Posen<\/a><\/span><\/td>\n<td style=\"width: 10.7438%; height: 55px;\"><span style=\"font-size: 10pt;\">28-10-1704<br \/>\n<\/span><\/td>\n<\/tr>\n<tr style=\"height: 55px;\">\n<td style=\"width: 13.6529%; height: 55px;\" colspan=\"2\"><span style=\"font-size: 10pt;\">Gazette de Leyde<\/span><\/td>\n<td style=\"width: 147.982%; height: 55px;\" colspan=\"2\"><span style=\"font-size: 10pt;\"><span style=\"color: #0000ff;\"><a href=\"https:\/\/www.delpher.nl\/nl\/kranten\/view?query=Meyerfeld&amp;page=5&amp;coll=ddd&amp;identifier=ddd%3A010553450%3Ampeg21%3Aa0007&amp;resultsidentifier=ddd%3A010553450%3Ampeg21%3Aa0007\"><span style=\"color: #0000ff;\">Posen<\/span><\/a><\/span><\/span><\/td>\n<td style=\"width: 10.7438%; height: 55px;\"><span style=\"font-size: 10pt; color: #000000;\">28-10-1704<\/span><\/td>\n<\/tr>\n<tr style=\"height: 55px;\">\n<td style=\"height: 55px; width: 13.6529%;\" colspan=\"2\"><span style=\"font-size: 10pt;\">Gazette de Leyde<\/span><\/td>\n<td style=\"height: 55px; width: 147.982%;\" colspan=\"2\"><span style=\"font-size: 10pt;\"><span style=\"color: #0000ff;\"><span style=\"color: #0000ff;\"><a href=\"https:\/\/www.delpher.nl\/nl\/kranten\/view?query=Meyerfelt&amp;page=1&amp;sortfield=date&amp;coll=ddd&amp;resultsidentifier=ddd%3A010553453%3Ampeg21%3Aa0003&amp;identifier=ddd%3A010553453%3Ampeg21%3Aa0003\"><span style=\"color: #0000ff;\">Posen<\/span><\/a><\/span><\/span><\/span><\/td>\n<td style=\"width: 10.7438%; height: 55px;\"><span style=\"font-size: 10pt; color: #000000;\">06-11-1704<\/span><\/td>\n<\/tr>\n<tr>\n<td colspan=\"2\"><span style=\"font-size: 10pt;\">G<span style=\"font-size: 10pt;\">azette<\/span><span style=\"color: #000000;\">\u00a0de Paris<\/span><br \/>\n<\/span><\/td>\n<td colspan=\"2\"><span style=\"font-size: 10pt;\"><span style=\"color: #0000ff;\"><span style=\"color: #0000ff;\"><span style=\"color: #0000ff;\"><a style=\"font-size: 17px;\" href=\"https:\/\/gallica.bnf.fr\/ark:\/12148\/bpt6k6454271j\/f545.image.r=meyerfeld?rk=85837;2\"><span style=\"color: #0000ff;\"><span style=\"font-size: 10pt;\">Posnanie<\/span><\/span><\/a><br \/>\n<\/span><\/span><\/span><\/span><\/td>\n<td style=\"width: 10.7438%;\"><span style=\"font-size: 10pt; color: #000000;\">15-11-1704<br \/>\n<\/span><\/td>\n<\/tr>\n<tr>\n<td style=\"width: 13.6529%;\" colspan=\"2\"><span style=\"font-size: 10pt;\">\u00a0<\/span><\/td>\n<td style=\"width: 147.982%;\" colspan=\"2\"><span style=\"font-size: 10pt;\"><span style=\"color: #0000ff;\"><span style=\"color: #0000ff;\"><span style=\"color: #0000ff;\"><span style=\"color: #0000ff;\"><span style=\"font-size: 10pt;\">\u00a0<\/span><\/span><\/span><\/span><\/span><\/span><\/td>\n<td style=\"width: 10.7438%;\"><span style=\"font-size: 10pt; color: #000000;\">\u00a0<\/span><\/td>\n<\/tr>\n<tr style=\"height: 26px;\">\n<td style=\"width: 13.6529%; height: 9483px;\" colspan=\"2\"><\/td>\n<td style=\"width: 147.982%; height: 9483px;\" colspan=\"2\"><\/td>\n<td style=\"width: 10.7438%; height: 9483px;\"><\/td>\n<\/tr>\n<tr>\n<td style=\"background-color: #ffffff; text-align: left; width: 13.6529%;\" colspan=\"2\"><span style=\"color: #000000; font-size: 10pt;\">\u00a0<\/span><\/td>\n<td style=\"width: 147.982%;\" colspan=\"2\"><span style=\"color: #0000ff;\"><span style=\"font-size: 10pt;\">\u00a0<\/span><\/span><\/td>\n<td style=\"width: 10.7438%;\"><span style=\"font-size: 10pt;\">\u00a0<\/span><\/td>\n<\/tr>\n<tr style=\"height: 56px;\">\n<td style=\"background-color: #ffffff; text-align: left; height: 56px;\" colspan=\"2\"><span style=\"color: #000000; font-size: 10pt;\">Posttidningar<\/span><\/td>\n<td style=\"height: 56px;\" colspan=\"2\"><span style=\"color: #0000ff;\"><a style=\"color: #0000ff;\" href=\"https:\/\/tidningar.kb.se\/2979645\/1705-02-07\/edition\/145134\/part\/1\/page\/6\/?q=%20meijerfelts&amp;sort=asc\"><span style=\"font-size: 10pt;\">Elbing en Dirschau<\/span><\/a><br \/>\n<\/span><\/td>\n<td style=\"width: 10.7438%; height: 56px;\"><span style=\"font-size: 10pt;\">15-01-1705<br \/>\n<\/span><\/td>\n<\/tr>\n<tr style=\"height: 55px;\">\n<td style=\"width: 13.6529%; height: 55px;\" colspan=\"2\"><span style=\"font-size: 10pt;\">Amsterdamse Courant\u00a0<\/span><\/td>\n<td style=\"width: 147.982%; height: 55px;\" colspan=\"2\"><a style=\"font-size: 13.3333px;\" href=\"https:\/\/www.delpher.nl\/nl\/kranten\/view?query=Meyerfeld&amp;coll=ddd&amp;sortfield=date&amp;page=1&amp;identifier=ddd%3A010708023%3Ampeg21%3Aa0005&amp;resultsidentifier=ddd%3A010708023%3Ampeg21%3Aa0005\"><span style=\"color: #0000ff;\">Primaat<\/span><\/a><\/td>\n<td style=\"width: 10.7438%; height: 55px;\"><span style=\"font-size: 10pt;\">31-01-1705<br \/>\n<\/span><\/td>\n<\/tr>\n<tr style=\"height: 55px;\">\n<td style=\"width: 13.6529%; height: 55px;\" colspan=\"2\"><span style=\"font-size: 10pt;\"><span style=\"color: #000000; font-size: 10pt;\">Gazette de Paris<\/span><\/span><\/td>\n<td style=\"width: 147.982%; height: 55px;\" colspan=\"2\"><span style=\"color: #0000ff;\"><a style=\"color: #0000ff;\" href=\"https:\/\/gallica.bnf.fr\/ark:\/12148\/bpt6k6441512h\/f93.image.r=meyerfeld\"><span style=\"font-size: 10pt;\"><span style=\"font-size: 10pt;\">Elbing<\/span><\/span><\/a><\/span><\/td>\n<td style=\"width: 10.7438%; height: 55px;\"><span style=\"font-size: 10pt; color: #000000;\">21-02-1705<\/span><\/td>\n<\/tr>\n<tr style=\"height: 28px;\">\n<td style=\"background-color: #ffffff; width: 13.6529%; text-align: left; height: 28px;\" colspan=\"2\"><span style=\"color: #000000; font-size: 10pt;\">Posttidningar<\/span><\/td>\n<td style=\"background-color: #ffffff; text-align: left; width: 147.982%; height: 28px;\" colspan=\"2\"><span style=\"color: #0000ff; font-size: 10pt;\"><a style=\"color: #0000ff;\" href=\"https:\/\/tidningar.kb.se\/2979645\/1705-02-07\/edition\/145134\/part\/1\/page\/6\/?q=%20meijerfelts\">Danzig<\/a><br \/>\n<\/span><\/td>\n<td style=\"background-color: #ffffff; width: 10.7438%; text-align: left; height: 28px;\"><span style=\"color: #000000; font-size: 10pt;\">27-02-1705<\/span><\/td>\n<\/tr>\n<tr style=\"height: 55px;\">\n<td style=\"width: 13.6529%; height: 55px;\" colspan=\"2\"><span style=\"font-size: 10pt;\"><span style=\"color: #000000; font-size: 10pt;\">Gazette de Paris<\/span><\/span><\/td>\n<td style=\"width: 147.982%; height: 55px;\" colspan=\"2\"><span style=\"color: #0000ff; font-size: 13.3333px;\"><span style=\"font-size: 10pt;\"><a style=\"color: #0000ff;\" href=\"https:\/\/gallica.bnf.fr\/ark:\/12148\/bpt6k6441512h\/f81.image.r=meyerfeld?rk=42918;4\"><span style=\"font-size: 10pt;\">Samogitia<\/span><\/a><\/span><\/span><\/td>\n<td style=\"width: 10.7438%; height: 55px;\"><span style=\"font-size: 10pt; color: #000000;\">23-05-1705<\/span><\/td>\n<\/tr>\n<tr style=\"height: 55px;\">\n<td style=\"width: 13.6529%; height: 55px;\" colspan=\"2\"><span style=\"font-size: 10pt;\"><span style=\"color: #000000; font-size: 10pt;\">Gazette de Paris<\/span><\/span><\/td>\n<td style=\"width: 147.982%; height: 55px;\" colspan=\"2\"><span style=\"color: #0000ff; font-size: 13.3333px;\"><span style=\"font-size: 10pt;\"><span style=\"font-size: 10pt;\"><a href=\"https:\/\/gallica.bnf.fr\/ark:\/12148\/bpt6k96006344\/f667.item.r=meierfeld\"><span style=\"color: #0000ff;\">Danzig<\/span><\/a><\/span><\/span><\/span><\/td>\n<td style=\"width: 10.7438%; height: 55px;\"><span style=\"font-size: 10pt; color: #000000;\"><span style=\"font-size: 10pt;\">31-05-1705<\/span><\/span><\/td>\n<\/tr>\n<tr style=\"height: 28px;\">\n<td style=\"height: 28px; width: 13.6529%;\" colspan=\"2\"><span style=\"color: #000000; font-size: 10pt;\">Posttidningar<\/span><\/td>\n<td style=\"width: 147.982%; height: 28px;\" colspan=\"2\"><span style=\"color: #000000; font-size: 13.3333px;\"><a style=\"color: #0000ff;\" href=\"https:\/\/tidningar.kb.se\/2979645\/1705-08-08\/edition\/145134\/part\/1\/page\/4\/?q=%20meijerfelt\">Danzig<\/a><\/span><span style=\"color: #000000; font-size: 13.3333px;\">\u00a0<\/span><\/td>\n<td style=\"width: 10.7438%; height: 28px;\"><span style=\"font-size: 10pt;\">22-07-1705<\/span><\/td>\n<\/tr>\n<tr style=\"height: 55px;\">\n<td style=\"width: 13.6529%; height: 55px;\" colspan=\"2\"><span style=\"font-size: 10pt;\"><span style=\"color: #000000; font-size: 10pt;\">Gazette de Paris<\/span><\/span><\/td>\n<td style=\"width: 147.982%; height: 55px;\" colspan=\"2\"><span style=\"color: #000000; font-size: 13.3333px;\"><a href=\"https:\/\/gallica.bnf.fr\/ark:\/12148\/bpt6k6441512h\/f430.image.r=meyerfeldt\"><span style=\"color: #0000ff;\"><span style=\"font-size: 10pt;\">Danzig<\/span><\/span><\/a><\/span><\/td>\n<td style=\"width: 10.7438%; height: 55px;\"><span style=\"font-size: 10pt; color: #000000;\">05-09-1705<\/span><\/td>\n<\/tr>\n<tr style=\"height: 55px;\">\n<td style=\"width: 13.6529%; height: 55px;\" colspan=\"2\"><span style=\"font-size: 10pt;\"><span style=\"color: #000000; font-size: 10pt;\">Wiener Zeitung\u00a0<\/span><\/span><\/td>\n<td style=\"width: 147.982%; height: 55px;\" colspan=\"2\"><span style=\"color: #000000; font-size: 13.3333px;\"><span style=\"color: #0000ff;\"><span style=\"font-size: 10pt;\"><span style=\"color: #000000; font-size: 10pt;\"><a style=\"color: #0000ff;\" href=\"http:\/\/anno.onb.ac.at\/cgi-content\/anno?aid=wrz&amp;datum=17050909&amp;query=%22meyerfeld%22&amp;ref=anno-search&amp;seite=4\">Danzig<\/a><\/span><\/span><\/span><\/span><\/td>\n<td style=\"width: 10.7438%; height: 55px;\"><span style=\"font-size: 10pt;\">09-09-1705<\/span><\/td>\n<\/tr>\n<tr style=\"height: 55px;\">\n<td style=\"width: 13.6529%; height: 55px;\" colspan=\"2\"><span style=\"font-size: 10pt;\"><span style=\"color: #000000; font-size: 10pt;\">Mercury, The Hague, pag. 336<\/span><\/span><\/td>\n<td style=\"width: 147.982%; height: 55px;\" colspan=\"2\"><span style=\"color: #0000ff; font-size: 13.3333px;\"><span style=\"font-size: 10pt;\"><a style=\"color: #0000ff;\" href=\"https:\/\/babel.hathitrust.org\/cgi\/pt?id=inu.30000108650338&amp;view=1up&amp;seq=342&amp;q1=meyerfelt\">Brief secretaris Lewenhaupt over Slag bij Gemauerthof<\/a><\/span><\/span><\/td>\n<td style=\"width: 10.7438%; height: 55px;\"><span style=\"font-size: 10pt; color: #000000;\">09-1705<\/span><\/td>\n<\/tr>\n<tr style=\"height: 55px;\">\n<td style=\"width: 13.6529%; height: 55px;\" colspan=\"2\"><span style=\"font-size: 10pt;\"><span style=\"color: #000000; font-size: 10pt;\">Gazette de Paris<\/span><\/span><\/td>\n<td style=\"width: 147.982%; height: 55px;\" colspan=\"2\"><span style=\"color: #000000; font-size: 13.3333px;\"><span style=\"color: #0000ff;\"><span style=\"font-size: 10pt;\"><a style=\"color: #0000ff;\" href=\"https:\/\/gallica.bnf.fr\/ark:\/12148\/bpt6k6441512h\/f475.image.r=meyerfeld\">Blonie<\/a><\/span><\/span><\/span><\/td>\n<td style=\"width: 10.7438%; height: 55px;\"><span style=\"font-size: 10pt;\"><span style=\"font-size: 10pt;\">26-09-1705<\/span><\/span><\/td>\n<\/tr>\n<tr style=\"height: 55px;\">\n<td style=\"width: 13.6529%; height: 55px;\" colspan=\"2\"><span style=\"font-size: 10pt;\"><span style=\"color: #000000; font-size: 10pt;\">Gazette de Paris<\/span><\/span><\/td>\n<td style=\"width: 147.982%; height: 55px;\" colspan=\"2\"><span style=\"color: #0000ff; font-size: 13.3333px;\"><span style=\"font-size: 10pt;\"><a style=\"color: #0000ff;\" href=\"https:\/\/gallica.bnf.fr\/ark:\/12148\/bpt6k6245808d\/f366.image.r=meyerfeld?rk=64378;0\"><span style=\"font-size: 10pt;\">Brest<\/span><\/a><\/span><\/span><\/td>\n<td style=\"width: 10.7438%; height: 55px;\"><span style=\"font-size: 10pt;\"><span style=\"font-size: 10pt;\">02-01-1706<\/span><\/span><\/td>\n<\/tr>\n<tr style=\"height: 55px;\">\n<td style=\"width: 13.6529%; height: 55px;\" colspan=\"2\"><span style=\"font-size: 10pt;\"><span style=\"color: #000000; font-size: 10pt;\">Le Journal des S\u00e7avans<\/span><\/span><\/td>\n<td style=\"width: 147.982%; height: 55px;\" colspan=\"2\"><span style=\"color: #0000ff; font-size: 13.3333px;\"><span style=\"font-size: 10pt;\"><span style=\"font-size: 10pt;\"><span style=\"color: #0000ff;\"><a style=\"color: #0000ff;\" href=\"https:\/\/babel.hathitrust.org\/cgi\/pt?id=uc1.a0003829389&amp;view=1up&amp;seq=277&amp;q1=meyerfeldt\">Posen<\/a><\/span><\/span><\/span><\/span><\/td>\n<td style=\"width: 10.7438%; height: 55px;\"><span style=\"font-size: 10pt; color: #000000;\"><span style=\"font-size: 10pt;\">10-05-1706<\/span><\/span><\/td>\n<\/tr>\n<tr style=\"height: 28px;\">\n<td style=\"height: 28px; width: 13.6529%;\" colspan=\"2\"><span style=\"color: #000000; font-size: 10pt;\">Posttidningar<\/span><\/td>\n<td style=\"width: 147.982%; height: 28px;\" colspan=\"2\"><span style=\"color: #000000; font-size: 10pt;\"><a style=\"color: #0000ff; font-size: 17px;\" href=\"https:\/\/tidningar.kb.se\/2979645\/1706-07-03\/edition\/145134\/part\/1\/page\/4\/?q=%20meijerfelts&amp;sort=asc\"><span style=\"font-size: 10pt;\">M.s regiment bij Lublin<\/span><\/a><br \/>\n<\/span><\/td>\n<td style=\"width: 10.7438%; height: 28px;\"><span style=\"color: #000000; font-size: 10pt;\">11-06-1706<\/span><\/td>\n<\/tr>\n<tr style=\"height: 55px;\">\n<td style=\"width: 13.6529%; height: 55px;\" colspan=\"2\"><span style=\"color: #000000; font-size: 10pt;\"><span style=\"font-size: 10pt;\">Wiener Zeitung\u00a0<\/span><\/span><\/td>\n<td style=\"width: 147.982%; height: 55px;\" colspan=\"2\"><span style=\"color: #000000; font-size: 10pt;\"><span style=\"color: #0000ff;\"><a style=\"color: #0000ff;\" href=\"http:\/\/anno.onb.ac.at\/cgi-content\/anno?aid=wrz&amp;datum=17060710&amp;query=%22mayerfeld%22&amp;ref=anno-search&amp;seite=4\"><span style=\"font-size: 10pt;\">Lublin<\/span><\/a><\/span><\/span><\/td>\n<td style=\"width: 10.7438%; height: 55px;\"><span style=\"font-size: 10pt;\">10-07-1706<\/span><\/td>\n<\/tr>\n<tr style=\"height: 55px;\">\n<td style=\"width: 13.6529%; height: 55px;\" colspan=\"2\"><span style=\"color: #000000; font-size: 10pt;\"><span style=\"font-size: 10pt;\">Wiener Zeitung\u00a0<\/span><\/span><\/td>\n<td style=\"width: 147.982%; height: 55px;\" colspan=\"2\"><span style=\"color: #000000; font-size: 10pt;\"><span style=\"color: #0000ff;\"><span style=\"font-size: 10pt;\"><a style=\"color: #0000ff;\" href=\"http:\/\/anno.onb.ac.at\/cgi-content\/anno?aid=wrz&amp;datum=17060717&amp;query=%22meyerfeld%22&amp;ref=anno-search&amp;seite=4\">Litouwen<\/a><\/span><\/span><\/span><\/td>\n<td style=\"width: 10.7438%; height: 55px;\"><span style=\"font-size: 10pt;\">17-07-1706\u00a0<\/span><\/td>\n<\/tr>\n<tr style=\"height: 55px;\">\n<td style=\"width: 13.6529%; height: 55px;\" colspan=\"2\"><span style=\"color: #000000; font-size: 10pt;\">Amsterdamse Courant<br \/>\n<\/span><\/td>\n<td style=\"width: 147.982%; height: 55px;\" colspan=\"2\"><span style=\"color: #0000ff;\"><span style=\"font-size: 10pt;\"><a href=\"https:\/\/www.delpher.nl\/nl\/kranten\/view?query=Meyerfeld&amp;page=1&amp;sortfield=date&amp;coll=ddd&amp;identifier=ddd%3A010551655%3Ampeg21%3Aa0004&amp;resultsidentifier=ddd%3A010551655%3Ampeg21%3Aa0004\"><span style=\"color: #0000ff;\">Koerland<\/span><\/a><br \/>\n<\/span><\/span><\/td>\n<td style=\"width: 10.7438%; height: 55px;\"><span style=\"font-size: 10pt;\">10-08-1706<br \/>\n<\/span><\/td>\n<\/tr>\n<tr style=\"height: 55px;\">\n<td style=\"width: 13.6529%; height: 55px;\" colspan=\"2\"><span style=\"color: #000000; font-size: 10pt;\"><span style=\"font-size: 10pt;\">Gazette de Paris<\/span><\/span><\/td>\n<td style=\"width: 147.982%; height: 55px;\" colspan=\"2\"><span style=\"font-size: 10pt; color: #0000ff;\"><a style=\"color: #0000ff;\" href=\"https:\/\/gallica.bnf.fr\/ark:\/12148\/bpt6k6245808d\/f389.image.r=meyerfeldt?rk=64378;0\"><span style=\"font-size: 10pt;\">Augustus<\/span><\/a><\/span><\/td>\n<td style=\"width: 10.7438%; height: 55px;\"><span style=\"font-size: 10pt;\"><span style=\"color: #000000;\">14-08-1706<\/span><br \/>\n<\/span><\/td>\n<\/tr>\n<tr style=\"height: 55px;\">\n<td style=\"width: 13.6529%; height: 55px;\" colspan=\"2\"><span style=\"color: #000000; font-size: 10pt;\"><span style=\"font-size: 10pt;\">Wiener Zeitung\u00a0<\/span><\/span><\/td>\n<td style=\"width: 147.982%; height: 55px;\" colspan=\"2\"><span style=\"font-size: 10pt; color: #0000ff;\"><span style=\"font-size: 10pt;\"><span style=\"color: #000000; font-size: 10pt;\"><span style=\"color: #0000ff;\"><a style=\"color: #0000ff;\" href=\"http:\/\/anno.onb.ac.at\/cgi-content\/anno?aid=wrz&amp;datum=17060814&amp;query=%22meyerfeld%22&amp;ref=anno-search&amp;seite=4\">Litouwen<\/a><\/span><\/span><\/span><\/span><\/td>\n<td style=\"width: 10.7438%; height: 55px;\"><span style=\"font-size: 10pt;\"><span style=\"font-size: 10pt;\">14-08-1706\u00a0<\/span><\/span><\/td>\n<\/tr>\n<tr style=\"height: 55px;\">\n<td style=\"width: 13.6529%; height: 55px;\" colspan=\"2\"><span style=\"color: #000000; font-size: 10pt;\"><span style=\"font-size: 10pt;\">Gazette de Paris<\/span><\/span><\/td>\n<td style=\"width: 147.982%; height: 55px;\" colspan=\"2\"><span style=\"font-size: 10pt; color: #0000ff;\"><span style=\"font-size: 10pt;\"><a style=\"color: #0000ff;\" href=\"https:\/\/gallica.bnf.fr\/ark:\/12148\/bpt6k6245808d\/f403.image.r=meyerfeldt?rk=64378;0\"><span style=\"color: #0000ff; font-size: 10pt;\">Partag\u00e9 arm\u00e9e<\/span><\/a><\/span><\/span><\/td>\n<td style=\"width: 10.7438%; height: 55px;\"><span style=\"font-size: 10pt; color: #000000;\"><span style=\"font-size: 10pt;\">21-08-1706<\/span><\/span><\/td>\n<\/tr>\n<tr style=\"height: 55px;\">\n<td style=\"width: 13.6529%; height: 55px;\" colspan=\"2\"><span style=\"color: #000000; font-size: 10pt;\">Opregte Leydse Courant\u00a0<\/span><\/td>\n<td style=\"width: 147.982%; height: 55px;\" colspan=\"2\"><span style=\"font-size: 10pt;\"><a href=\"https:\/\/www.delpher.nl\/nl\/kranten\/view?query=Meyerveld&amp;page=1&amp;sortfield=date&amp;coll=ddd&amp;identifier=ddd%3A011105868%3Ampeg21%3Aa0001&amp;resultsidentifier=ddd%3A011105868%3Ampeg21%3Aa0001\"><span style=\"color: #0000ff;\">Kalisz<\/span><\/a>\u00a0<\/span><\/td>\n<td style=\"width: 10.7438%; height: 55px;\"><span style=\"font-size: 10pt;\">13-09-1706<br \/>\n<\/span><\/td>\n<\/tr>\n<tr style=\"height: 27px;\">\n<td style=\"width: 13.6529%; height: 27px;\" colspan=\"2\"><span style=\"color: #000000; font-size: 10pt;\"> <span style=\"font-size: 10pt;\">Mercure La Haye<\/span><\/span><\/td>\n<td style=\"width: 147.982%; height: 27px;\" colspan=\"2\"><span style=\"font-size: 10pt;\"><span style=\"color: #0000ff;\"><a style=\"color: #0000ff;\" href=\"https:\/\/babel.hathitrust.org\/cgi\/pt?id=uc1.31175029268037&amp;view=1up&amp;seq=66&amp;q1=meyerfelt\">Sobieski<\/a>\u00a0<\/span><\/span><\/td>\n<td style=\"width: 10.7438%; height: 27px;\"><span style=\"font-size: 10pt; color: #000000;\">01-1707<\/span><\/td>\n<\/tr>\n<tr style=\"height: 55px;\">\n<td style=\"width: 13.6529%; height: 55px;\" colspan=\"2\"><span style=\"color: #000000; font-size: 10pt;\">Opregte Leydse Courant\u00a0<\/span><\/td>\n<td style=\"width: 147.982%; height: 55px;\" colspan=\"2\"><span style=\"font-size: 10pt;\"><a href=\"https:\/\/www.delpher.nl\/nl\/kranten\/view?query=Meyerfelt&amp;page=1&amp;sortfield=date&amp;coll=ddd&amp;resultsidentifier=ddd%3A010551677%3Ampeg21%3Aa0007&amp;identifier=ddd%3A010551677%3Ampeg21%3Aa0007\"><span style=\"color: #0000ff;\">Sobieski<\/span><\/a><\/span><\/td>\n<td style=\"width: 10.7438%; height: 55px;\"><span style=\"font-size: 10pt;\">14-01-1707<br \/>\n<\/span><\/td>\n<\/tr>\n<tr style=\"height: 55px;\">\n<td style=\"width: 13.6529%; height: 55px;\" colspan=\"2\"><span style=\"color: #000000; font-size: 10pt;\">Opregte Leydse Courant<\/span><\/td>\n<td style=\"width: 147.982%; height: 55px;\" colspan=\"2\"><span style=\"font-size: 10pt;\"><a href=\"https:\/\/www.delpher.nl\/nl\/kranten\/view?query=Meyerfeld&amp;page=1&amp;sortfield=date&amp;coll=ddd&amp;identifier=ddd%3A010551679%3Ampeg21%3Ap003&amp;resultsidentifier=ddd%3A010551679%3Ampeg21%3Aa0004\"><span style=\"color: #0000ff;\">Dresden<\/span><\/a><\/span><\/td>\n<td style=\"width: 10.7438%; height: 55px;\"><span style=\"font-size: 10pt;\">21-01-1707<br \/>\n<\/span><\/td>\n<\/tr>\n<tr style=\"height: 55px;\">\n<td style=\"width: 13.6529%; height: 55px;\" colspan=\"2\"><span style=\"color: #000000; font-size: 10pt;\"><span style=\"font-size: 10pt;\">Gazette de Rotterdam<\/span><\/span><\/td>\n<td style=\"width: 147.982%; height: 55px;\" colspan=\"2\"><span style=\"color: #000000; font-size: 10pt;\"><span style=\"font-size: 10pt;\"><a href=\"https:\/\/www.delpher.nl\/nl\/kranten\/view?query=Meyerfeld&amp;page=3&amp;coll=ddd&amp;identifier=ddd%3A010557825%3Ampeg21%3Aa0007&amp;resultsidentifier=ddd%3A010557825%3Ampeg21%3Aa0007\"><span style=\"color: #0000ff;\">Bruiloft<\/span><\/a><\/span><\/span><\/td>\n<td style=\"width: 10.7438%; height: 55px;\"><span style=\"font-size: 10pt; color: #000000;\">09-06-1707<\/span><\/td>\n<\/tr>\n<tr style=\"height: 28px;\">\n<td style=\"height: 28px; width: 13.6529%;\" colspan=\"2\"><span style=\"color: #000000; font-size: 10pt;\">Posttidningar<\/span><\/td>\n<td style=\"width: 147.982%; height: 28px;\" colspan=\"2\"><span style=\"color: #000000; font-size: 10pt;\"><a style=\"color: #0000ff;\" href=\"https:\/\/tidningar.kb.se\/2979645\/1707-06-18\/edition\/145134\/part\/1\/page\/2\/?q=%20meyerfelt\">Br\u00f6llop med Jungfru T\u00f6rnflycht<\/a><\/span><span style=\"color: #000000; font-size: 10pt;\"><br \/>\n<\/span><\/td>\n<td style=\"width: 10.7438%; height: 28px;\"><span style=\"font-size: 10pt;\">05-06-1707<\/span><\/td>\n<\/tr>\n<tr style=\"height: 55px;\">\n<td style=\"width: 13.6529%; height: 55px;\" colspan=\"2\"><span style=\"color: #000000; font-size: 10pt;\">Gazette de Rotterdam<\/span><\/td>\n<td style=\"width: 147.982%; height: 55px;\" colspan=\"2\"><span style=\"color: #0000ff;\"><a style=\"color: #0000ff;\" href=\"https:\/\/www.delpher.nl\/nl\/kranten\/view?query=meierfeld&amp;coll=ddd&amp;sortfield=date&amp;identifier=ddd:010557857:mpeg21:a0006&amp;resultsidentifier=ddd:010557857:mpeg21:a0006&amp;rowid=1\"><span style=\"font-size: 10pt;\"><span style=\"font-size: 10pt;\">Pass\u00e9 l&#8217;Oder, Patkul <\/span><\/span><\/a><\/span><\/td>\n<td style=\"width: 10.7438%; height: 55px;\"><span style=\"font-size: 10pt; color: #000000;\">26-09-1707<\/span><\/td>\n<\/tr>\n<tr style=\"height: 55px;\">\n<td style=\"height: 55px; width: 13.6529%;\" colspan=\"2\"><span style=\"color: #000000; font-size: 10pt;\">Gazette de Paris<\/span><\/td>\n<td style=\"height: 55px; width: 147.982%;\" colspan=\"2\"><span style=\"color: #000000; font-size: 10pt;\"><a href=\"https:\/\/gallica.bnf.fr\/ark:\/12148\/bpt6k64502341\/f526.image.r=meyerfeld\"><span style=\"color: #0000ff;\"><span style=\"font-size: 10pt;\">Kalisz<\/span><\/span><\/a><\/span><\/td>\n<td style=\"width: 10.7438%; height: 55px;\"><span style=\"font-size: 10pt; color: #000000;\">05-11-1707<\/span><\/td>\n<\/tr>\n<tr style=\"height: 27px;\">\n<td style=\"width: 13.6529%; height: 27px;\" colspan=\"2\"><span style=\"color: #000000; font-size: 10pt;\">La Clef du Cabinet<\/span><\/td>\n<td style=\"width: 147.982%; height: 27px;\" colspan=\"2\"><span style=\"font-size: 10pt; color: #0000ff;\"><a style=\"color: #0000ff;\" href=\"https:\/\/babel.hathitrust.org\/cgi\/pt?id=chi.79352953&amp;view=1up&amp;seq=468&amp;q1=meyerfeldt\"><span style=\"font-size: 10pt;\">Reis Bender &#8211; Stockholm<\/span><\/a><\/span><\/td>\n<td style=\"width: 10.7438%; height: 27px;\"><span style=\"font-size: 10pt; color: #000000;\">07-1709<\/span><\/td>\n<\/tr>\n<tr style=\"height: 55px;\">\n<td style=\"width: 13.6529%; height: 55px;\" colspan=\"2\"><span style=\"color: #000000; font-size: 10pt;\">Opregte Leydse Courant<br \/>\n<\/span><\/td>\n<td style=\"width: 147.982%; height: 55px;\" colspan=\"2\"><span style=\"font-size: 10pt;\"><a style=\"color: #0000ff;\" href=\"https:\/\/www.delpher.nl\/nl\/kranten\/view?query=Meyerveld&amp;page=1&amp;sortfield=date&amp;coll=ddd&amp;identifier=ddd%3A011228001%3Ampeg21%3Aa0003&amp;resultsidentifier=ddd%3A011228001%3Ampeg21%3Aa0003\">Poltava<\/a><\/span><\/td>\n<td style=\"width: 10.7438%; height: 55px;\"><span style=\"font-size: 10pt;\">26-08-1709<br \/>\n<\/span><\/td>\n<\/tr>\n<tr style=\"height: 55px;\">\n<td style=\"width: 13.6529%; height: 55px;\" colspan=\"2\"><span style=\"color: #000000; font-size: 10pt;\"><span style=\"font-size: 10pt;\">Gazette de Leyde<\/span><\/span><\/td>\n<td style=\"width: 147.982%; height: 55px;\" colspan=\"2\"><span style=\"font-size: 10pt;\"><a href=\"https:\/\/www.delpher.nl\/nl\/kranten\/view?query=Meyerfelt&amp;page=1&amp;sortfield=date&amp;coll=ddd&amp;resultsidentifier=ddd%3A010553838%3Ampeg21%3Aa0012&amp;identifier=ddd%3A010553838%3Ampeg21%3Aa0012\"><span style=\"color: #0000ff;\">Poltava<\/span><\/a><\/span><\/td>\n<td style=\"width: 10.7438%; height: 55px;\"><span style=\"font-size: 10pt; color: #000000;\">30-08-1709<\/span><\/td>\n<\/tr>\n<tr style=\"height: 55px;\">\n<td style=\"width: 13.6529%; height: 55px;\" colspan=\"2\"><span style=\"color: #000000; font-size: 10pt;\">Oprechte Haerlemsche Courant\u00a0\u00a0\u00a0<\/span><\/td>\n<td style=\"width: 147.982%; height: 55px;\" colspan=\"2\"><span style=\"font-size: 10pt;\"><a href=\"https:\/\/www.delpher.nl\/nl\/kranten\/view?objectsearch=Meyerfeld&amp;coll=ddd&amp;resultsidentifier=ddd%3A011228043%3Ampeg21%3Aa0004&amp;page=13&amp;identifier=ddd%3A011228043%3Ampeg21%3Ap002&amp;sortfield=title&amp;query=Meyerfeld\"><span style=\"color: #0000ff;\">Hamburg<\/span><\/a><\/span><\/td>\n<td style=\"width: 10.7438%; height: 55px;\"><span style=\"font-size: 10pt;\">19-10-1709<br \/>\n<\/span><\/td>\n<\/tr>\n<tr style=\"height: 55px;\">\n<td style=\"width: 13.6529%; height: 55px;\" colspan=\"2\"><span style=\"color: #000000; font-size: 10pt;\">Gazette de Paris<\/span><\/td>\n<td style=\"width: 147.982%; height: 55px;\" colspan=\"2\"><span style=\"font-size: 10pt; color: #0000ff;\"><a style=\"color: #0000ff;\" href=\"https:\/\/gallica.bnf.fr\/ark:\/12148\/bpt6k6448148x\/f200.item.r=meyerfelt\">Helsingbourg<\/a><\/span><\/td>\n<td style=\"width: 10.7438%; height: 55px;\"><span style=\"font-size: 10pt; color: #000000;\">26-04-1710<\/span><\/td>\n<\/tr>\n<tr style=\"height: 27px;\">\n<td style=\"width: 13.6529%; height: 27px;\" colspan=\"2\"><span style=\"color: #000000; font-size: 10pt;\">Mercure La Haye<\/span><\/td>\n<td style=\"width: 147.982%; height: 27px;\" colspan=\"2\"><span style=\"font-size: 10pt; color: #0000ff;\"><span style=\"color: #0000ff;\"><span style=\"font-size: 10pt;\"><a style=\"color: #0000ff;\" href=\"https:\/\/babel.hathitrust.org\/cgi\/pt?id=nyp.33433105306876&amp;view=1up&amp;seq=625&amp;q1=meyerfelt\"><span style=\"color: #0000ff; font-size: 10pt;\">Van Stralsund naar Stade<\/span><\/a><\/span><\/span><\/span><\/td>\n<td style=\"width: 10.7438%; height: 27px;\"><span style=\"font-size: 10pt; color: #000000;\"><span style=\"font-size: 10pt;\">07-1710<\/span><\/span><\/td>\n<\/tr>\n<tr style=\"height: 55px;\">\n<td style=\"width: 13.6529%; height: 55px;\" colspan=\"2\"><span style=\"color: #000000; font-size: 10pt;\"><span style=\"font-size: 10pt;\">Wiener Zeitung<\/span><\/span><\/td>\n<td style=\"width: 147.982%; height: 55px;\" colspan=\"2\"><span style=\"font-size: 10pt; color: #0000ff;\"><span style=\"color: #0000ff;\"><span style=\"font-size: 10pt;\"><span style=\"color: #0000ff; font-size: 10pt;\"><span style=\"color: #000000; font-size: 10pt;\"><a style=\"color: #0000ff;\" href=\"http:\/\/anno.onb.ac.at\/cgi-content\/anno?aid=wrz&amp;datum=17100827&amp;query=%22meyerfeld%22&amp;ref=anno-search&amp;seite=7\">Hamburg<\/a>\u00a0<\/span><\/span><\/span><\/span><\/span><\/td>\n<td style=\"width: 10.7438%; height: 55px;\"><span style=\"font-size: 10pt;\"><span style=\"font-size: 10pt;\">27-08-1710\u00a0<\/span><\/span><\/td>\n<\/tr>\n<tr style=\"height: 55px;\">\n<td style=\"width: 13.6529%; height: 55px;\" colspan=\"2\"><span style=\"color: #000000; font-size: 10pt;\">Gazette de Paris<\/span><\/td>\n<td style=\"width: 147.982%; height: 55px;\" colspan=\"2\"><span style=\"font-size: 10pt; color: #0000ff;\"><span style=\"font-size: 10pt;\"><span style=\"font-size: 10pt;\"><a style=\"color: #0000ff;\" href=\"https:\/\/gallica.bnf.fr\/ark:\/12148\/bpt6k6448148x\/f584.image.r=meyerfeld?rk=107296;4\"><span style=\"font-size: 10pt;\">Stanislaus<\/span><\/a><\/span><\/span><\/span><\/td>\n<td style=\"width: 10.7438%; height: 55px;\"><span style=\"font-size: 10pt; color: #000000;\"><span style=\"font-size: 10pt;\">06-10-1710<\/span><\/span><\/td>\n<\/tr>\n<tr style=\"height: 83px;\">\n<td style=\"width: 13.6529%; height: 83px;\" colspan=\"2\"><span style=\"color: #000000; font-size: 10pt;\">The Dublin Intelligence<\/span><\/td>\n<td style=\"width: 147.982%; height: 83px;\" colspan=\"2\"><span style=\"font-size: 10pt; color: #000000;\"><span style=\"font-size: 10pt;\"><span style=\"font-size: 10pt;\"><span style=\"font-size: 10pt;\">The Council at Stockholm have sent General\u00a0<span class=\"highlight\">Meyerfeldt<\/span>\u00a0to their King at Bender, to requst his Return home<\/span><\/span><\/span><\/span><\/td>\n<td style=\"width: 10.7438%; height: 83px;\"><span style=\"font-size: 10pt; color: #000000;\"><span style=\"font-size: 10pt;\">21-11-1710<\/span><\/span><\/td>\n<\/tr>\n<tr style=\"height: 55px;\">\n<td style=\"width: 13.6529%; height: 55px;\" colspan=\"2\"><span style=\"color: #000000; font-size: 10pt;\">&#8216;s-Gravenhaegsche Courant<\/span><\/td>\n<td style=\"width: 147.982%; height: 55px;\" colspan=\"2\"><span style=\"font-size: 10pt;\"><a style=\"color: #0000ff;\" href=\"https:\/\/www.delpher.nl\/nl\/kranten\/view?query=Meyerfeld&amp;page=4&amp;coll=ddd&amp;identifier=ddd%3A010725236%3Ampeg21%3Aa0002&amp;resultsidentifier=ddd%3A010725236%3Ampeg21%3Aa0002\">Bender<\/a><\/span><\/td>\n<td style=\"width: 10.7438%; height: 55px;\"><span style=\"font-size: 10pt;\">20-02-1711<br \/>\n<\/span><\/td>\n<\/tr>\n<tr style=\"height: 55px;\">\n<td style=\"width: 13.6529%; height: 55px;\" colspan=\"2\"><span style=\"color: #000000; font-size: 10pt;\">&#8216;s-Gravenhaegsche Courant<\/span><\/td>\n<td style=\"width: 147.982%; height: 55px;\" colspan=\"2\"><span style=\"color: #000000; font-size: 10pt;\"><span style=\"font-size: 10pt;\"><a style=\"font-size: 17px;\" href=\"https:\/\/www.delpher.nl\/nl\/kranten\/view?query=Meyerfeld&amp;page=2&amp;sortfield=date&amp;coll=ddd&amp;identifier=ddd%3A010725254%3Ampeg21%3Aa0005&amp;resultsidentifier=ddd%3A010725254%3Ampeg21%3Aa0005\"><span style=\"color: #0000ff; font-size: 10pt;\">Turks<\/span><\/a><\/span>\u00a0<\/span><\/td>\n<td style=\"width: 10.7438%; height: 55px;\"><span style=\"font-size: 10pt; color: #000000;\"><span style=\"font-size: 10pt;\">03-04-1711<\/span><br \/>\n<\/span><\/td>\n<\/tr>\n<tr style=\"height: 55px;\">\n<td style=\"width: 13.6529%; height: 55px;\" colspan=\"2\"><span style=\"color: #000000; font-size: 10pt;\"><span style=\"font-size: 10pt;\">Wiener Zeitung<\/span><\/span><\/td>\n<td style=\"width: 147.982%; height: 55px;\" colspan=\"2\"><span style=\"color: #000000; font-size: 10pt;\"><span style=\"font-size: 10pt;\"><span style=\"color: #0000ff; font-size: 10pt;\"><span style=\"color: #0000ff;\"><a style=\"color: #0000ff;\" href=\"http:\/\/anno.onb.ac.at\/cgi-content\/anno?aid=wrz&amp;datum=17110708&amp;query=%22meyerfeld%22&amp;ref=anno-search&amp;seite=6\"><span style=\"color: #0000ff;\"><span style=\"font-size: 13.3333px;\">Hamburg<\/span><\/span><\/a><\/span><\/span><\/span><\/span><\/td>\n<td style=\"width: 10.7438%; height: 55px;\"><span style=\"font-size: 10pt;\"><span style=\"font-size: 10pt;\">08-07-1711\u00a0<\/span><\/span><\/td>\n<\/tr>\n<tr style=\"height: 55px;\">\n<td style=\"width: 13.6529%; height: 55px;\" colspan=\"2\"><span style=\"color: #000000; font-size: 10pt;\">&#8216;s-Gravenhaegsche Courant<\/span><\/td>\n<td style=\"width: 147.982%; height: 55px;\" colspan=\"2\"><span style=\"color: #000000; font-size: 10pt;\"><a style=\"color: #0000ff;\" href=\"https:\/\/www.delpher.nl\/nl\/kranten\/view?query=Meyerfeld&amp;page=7&amp;coll=ddd&amp;identifier=ddd%3A010725308%3Ampeg21%3Aa0002&amp;resultsidentifier=ddd%3A010725308%3Ampeg21%3Aa0002\">D\u00fccker<\/a><\/span><\/td>\n<td style=\"width: 10.7438%; height: 55px;\"><span style=\"font-size: 10pt; color: #000000;\"><span style=\"font-size: 10pt;\">10-08-1711<\/span><br \/>\n<\/span><\/td>\n<\/tr>\n<tr style=\"height: 55px;\">\n<td style=\"width: 13.6529%; height: 55px;\" colspan=\"2\"><span style=\"color: #000000; font-size: 10pt;\">Gazette de Paris<\/span><\/td>\n<td style=\"width: 147.982%; height: 55px;\" colspan=\"2\"><span style=\"color: #000000; font-size: 10pt;\"><a href=\"https:\/\/gallica.bnf.fr\/ark:\/12148\/bpt6k6237292m\/f536.image.r=meyerfeld?rk=128756;0\"><span style=\"color: #0000ff;\"><span style=\"font-size: 10pt;\">Stettin<\/span><\/span><\/a><\/span><\/td>\n<td style=\"width: 10.7438%; height: 55px;\"><span style=\"font-size: 10pt;\"><span style=\"font-size: 10pt;\">31-10-1711<\/span><\/span><\/td>\n<\/tr>\n<tr style=\"height: 55px;\">\n<td style=\"width: 13.6529%; height: 55px;\" colspan=\"2\"><span style=\"color: #000000; font-size: 10pt;\">Oprechte Haerlemsche Courant\u00a0\u00a0<\/span><\/td>\n<td style=\"width: 147.982%; height: 55px;\" colspan=\"2\"><span style=\"font-size: 10pt;\"><a style=\"color: #0000ff;\" href=\"https:\/\/www.delpher.nl\/nl\/kranten\/view?query=Meyerfeld&amp;page=8&amp;coll=ddd&amp;identifier=ddd%3A011222761%3Ampeg21%3Aa0005&amp;resultsidentifier=ddd%3A011222761%3Ampeg21%3Aa0005\">Stettin<\/a><\/span><\/td>\n<td style=\"width: 10.7438%; height: 55px;\"><span style=\"font-size: 10pt; color: #000000;\"><span style=\"font-size: 10pt;\">22-12-1712<\/span><span style=\"font-size: 10pt;\"><br \/>\n<\/span><\/span><\/td>\n<\/tr>\n<tr style=\"height: 55px;\">\n<td style=\"width: 13.6529%; height: 55px;\" colspan=\"2\"><span style=\"font-size: 10pt;\">Gendtsche Post=tijdingen<\/span><\/td>\n<td style=\"width: 147.982%; height: 55px;\" colspan=\"2\"><span style=\"color: #000000; font-size: 10pt;\"><a style=\"color: #0000ff;\" href=\"https:\/\/books.google.se\/books?id=IrRBAAAAcAAJ&amp;pg=PP8&amp;lpg=PP8&amp;dq=rostock+meyerfeldt&amp;source=bl&amp;ots=WMArHvFDjN&amp;sig=ACfU3U0wND3gIyp-lAIr7DW9VsTx7ojKYw&amp;hl=nl&amp;sa=X&amp;ved=2ahUKEwif1bGI8_fjAhVE26QKHVVSDEM4ChDoATAGegQICRAB#v=onepage&amp;q=rostock%20meyerfeldt&amp;f=false\">Bender<\/a><\/span><\/td>\n<td style=\"width: 10.7438%; height: 55px;\"><span style=\"font-size: 10pt; color: #000000;\">04-01-1713<span style=\"font-size: 10pt;\"><br \/>\n<\/span><\/span><\/td>\n<\/tr>\n<tr style=\"height: 55px;\">\n<td style=\"width: 13.6529%; height: 55px;\" colspan=\"2\"><span style=\"font-size: 10pt;\"><span style=\"color: #000000; font-size: 10pt;\">Gazette de Berne<\/span><\/span><\/td>\n<td style=\"width: 147.982%; height: 55px;\" colspan=\"2\"><span style=\"color: #000000; font-size: 10pt;\"><span style=\"color: #0000ff;\"><a style=\"color: #0000ff;\" href=\"https:\/\/www.e-newspaperarchives.ch\/?a=d&amp;d=GDB17130819-01.2.12&amp;srpos=1&amp;e=-------de-20--1-byDA-img-txIN-meyerfeld-------0-----\"><span style=\"font-size: 10pt;\">Benoeming tot graaf, rijksraad en gouverneur<\/span><\/a><\/span><\/span><\/td>\n<td style=\"width: 10.7438%; height: 55px;\"><span style=\"font-size: 10pt;\"><span style=\"font-size: 10pt;\">19-08-1713<\/span><\/span><\/td>\n<\/tr>\n<tr style=\"height: 55px;\">\n<td style=\"width: 13.6529%; height: 55px;\" colspan=\"2\"><span style=\"font-size: 10pt;\">Oprechte Haerlemsche Courant<\/span><\/td>\n<td style=\"width: 147.982%; height: 55px;\" colspan=\"2\"><span style=\"color: #000000; font-size: 10pt;\"><a href=\"https:\/\/www.delpher.nl\/nl\/kranten\/view?query=Meyerfeld&amp;page=2&amp;sortfield=date&amp;coll=ddd&amp;identifier=ddd%3A011220530%3Ampeg21%3Aa0002&amp;resultsidentifier=ddd%3A011220530%3Ampeg21%3Aa0002\"><span style=\"color: #0000ff;\">Stettin<\/span><\/a><\/span><\/td>\n<td style=\"width: 10.7438%; height: 55px;\"><span style=\"font-size: 10pt; color: #000000;\">28-09-1713<br \/>\n<\/span><\/td>\n<\/tr>\n<tr style=\"height: 55px;\">\n<td style=\"width: 13.6529%; height: 55px;\" colspan=\"2\"><span style=\"font-size: 10pt;\">Gazette de Leyde<\/span><\/td>\n<td style=\"width: 147.982%; height: 55px;\" colspan=\"2\"><span style=\"color: #000000; font-size: 10pt;\"><span style=\"color: #0000ff;\"><span style=\"font-size: 10pt; color: #0000ff;\"><a style=\"color: #0000ff;\" href=\"https:\/\/www.delpher.nl\/nl\/kranten\/view?query=Meyerfeld&amp;page=3&amp;coll=ddd&amp;identifier=ddd%3A010411738%3Ampeg21%3Ap004&amp;resultsidentifier=ddd%3A010411738%3Ampeg21%3Aa0009\">Stettin<\/a><\/span><\/span><\/span><\/td>\n<td style=\"width: 10.7438%; height: 55px;\"><span style=\"font-size: 10pt; color: #000000;\"><span style=\"font-size: 10pt;\">10-10-1713<\/span><\/span><\/td>\n<\/tr>\n<tr style=\"height: 55px;\">\n<td style=\"width: 13.6529%; height: 55px;\" colspan=\"2\"><span style=\"font-size: 10pt;\"><span style=\"color: #000000; font-size: 10pt;\">Wiener Zeitung<\/span><\/span><\/td>\n<td style=\"width: 147.982%; height: 55px;\" colspan=\"2\"><span style=\"color: #000000; font-size: 10pt;\"><span style=\"color: #0000ff;\"><a style=\"color: #0000ff;\" href=\"http:\/\/anno.onb.ac.at\/cgi-content\/anno?aid=wrz&amp;datum=17131014&amp;query=%22meyerfeld%22&amp;ref=anno-search&amp;seite=2\"><span style=\"font-size: 10pt;\">Stettin <\/span><\/a><\/span><\/span><\/td>\n<td style=\"width: 10.7438%; height: 55px;\"><span style=\"font-size: 10pt; color: #000000;\"><span style=\"font-size: 10pt;\">14-10-1713\u00a0<\/span><\/span><\/td>\n<\/tr>\n<tr style=\"height: 55px;\">\n<td style=\"width: 13.6529%; height: 55px;\" colspan=\"2\"><span style=\"color: #000000; font-size: 10pt;\">Oprechte Haerlemsche Courant\u00a0\u00a0\u00a0<\/span><\/td>\n<td style=\"width: 147.982%; height: 55px;\" colspan=\"2\"><span style=\"color: #000000; font-size: 10pt;\"><a style=\"color: #0000ff;\" href=\"https:\/\/www.delpher.nl\/nl\/kranten\/view?query=Meyerfeld&amp;page=3&amp;sortfield=date&amp;coll=ddd&amp;identifier=ddd%3A011220538%3Ampeg21%3Ap004&amp;resultsidentifier=ddd%3A011220538%3Ampeg21%3Aa0010\">Stettin<\/a><\/span><\/td>\n<td style=\"width: 10.7438%; height: 55px;\"><span style=\"font-size: 10pt; color: #000000;\"><span style=\"font-size: 10pt;\">17-10-1713<\/span><br \/>\n<\/span><\/td>\n<\/tr>\n<tr style=\"height: 55px;\">\n<td style=\"width: 13.6529%; height: 55px;\" colspan=\"2\"><span style=\"color: #000000; font-size: 10pt;\">Oprechte Haerlemsche Courant\u00a0\u00a0\u00a0<\/span><\/td>\n<td style=\"width: 147.982%; height: 55px;\" colspan=\"2\"><span style=\"color: #0000ff; font-size: 10pt;\"><a style=\"color: #0000ff;\" href=\"https:\/\/www.delpher.nl\/nl\/kranten\/view?query=Meyerfelt&amp;page=2&amp;sortfield=date&amp;coll=ddd&amp;resultsidentifier=ddd%3A011220569%3Ampeg21%3Aa0003&amp;identifier=ddd%3A011220569%3Ampeg21%3Aa0003\">Gemalin<\/a><\/span><\/td>\n<td style=\"width: 10.7438%; height: 55px;\"><span style=\"font-size: 10pt; color: #000000;\"><span style=\"font-size: 10pt;\">28-12-1713<\/span><br \/>\n<\/span><\/td>\n<\/tr>\n<tr style=\"height: 55px;\">\n<td style=\"width: 13.6529%; height: 55px;\" colspan=\"2\"><span style=\"color: #000000; font-size: 10pt;\"><span style=\"font-size: 10pt;\">Wiener Zeitung<\/span><\/span><\/td>\n<td style=\"width: 147.982%; height: 55px;\" colspan=\"2\"><span style=\"color: #0000ff; font-size: 10pt;\"><a style=\"color: #0000ff;\" href=\"http:\/\/anno.onb.ac.at\/cgi-content\/anno?aid=wrz&amp;datum=17131230&amp;query=%22meyerfeld%22&amp;ref=anno-search&amp;seite=6\"><span style=\"font-size: 10pt;\"><span style=\"font-size: 10pt;\">Stettin<\/span><\/span><\/a><\/span><\/td>\n<td style=\"width: 10.7438%; height: 55px;\"><span style=\"font-size: 10pt; color: #000000;\"><span style=\"font-size: 10pt;\"><span style=\"color: #0000ff;\"><span style=\"color: #000000;\">30-12-1713<\/span>\u00a0<\/span><\/span><\/span><\/td>\n<\/tr>\n<tr style=\"height: 55px;\">\n<td style=\"width: 13.6529%; height: 55px;\" colspan=\"2\"><span style=\"color: #000000; font-size: 10pt;\"><span style=\"font-size: 10pt;\">Gazette de Berne<\/span><\/span><\/td>\n<td style=\"width: 147.982%; height: 55px;\" colspan=\"2\"><span style=\"font-size: 10pt; color: #0000ff;\"><a style=\"color: #0000ff;\" href=\"https:\/\/www.e-newspaperarchives.ch\/?a=d&amp;d=GDB17140523-01.2.1&amp;srpos=9&amp;e=-------de-20--1-byDA-img-txIN-meyerfeld-------0-----\"><span style=\"font-size: 10pt;\">Senator en commandant vloot<\/span><\/a><\/span><\/td>\n<td style=\"width: 10.7438%; height: 55px;\"><span style=\"font-size: 10pt; color: #000000;\"><span style=\"font-size: 10pt;\"><span style=\"font-size: 10pt;\">23-05-1714<\/span><\/span><\/span><\/td>\n<\/tr>\n<tr style=\"height: 55px;\">\n<td style=\"width: 13.6529%; height: 55px;\" colspan=\"2\"><span style=\"color: #000000; font-size: 10pt;\">Gazette de Paris<\/span><\/td>\n<td style=\"width: 147.982%; height: 55px;\" colspan=\"2\"><span style=\"font-size: 10pt; color: #0000ff;\"><span style=\"color: #0000ff;\"><a style=\"color: #0000ff;\" href=\"https:\/\/gallica.bnf.fr\/ark:\/12148\/bpt6k6235880v.r=meyerfeld?rk=21459;2\"><span style=\"font-size: 10pt;\"><span style=\"color: #0000ff; font-size: 10pt;\">Carlscroon<\/span><\/span><\/a><\/span><\/span><\/td>\n<td style=\"width: 10.7438%; height: 55px;\"><span style=\"font-size: 10pt; color: #000000;\"><span style=\"font-size: 10pt;\">09-06-1714<\/span><\/span><\/td>\n<\/tr>\n<tr style=\"height: 55px;\">\n<td style=\"width: 13.6529%; height: 55px;\" colspan=\"2\"><span style=\"color: #000000; font-size: 10pt;\">Oprechte Haerlemsche Courant\u00a0\u00a0\u00a0<\/span><\/td>\n<td style=\"width: 147.982%; height: 55px;\" colspan=\"2\"><span style=\"font-size: 10pt; color: #0000ff;\"><a style=\"color: #0000ff;\" href=\"https:\/\/www.delpher.nl\/nl\/kranten\/view?query=Meyerfeld&amp;page=3&amp;sortfield=date&amp;coll=ddd&amp;identifier=ddd%3A011220677%3Ampeg21%3Aa0014&amp;resultsidentifier=ddd%3A011220677%3Ampeg21%3Aa0014\">Stralsund<\/a><\/span><\/td>\n<td style=\"width: 10.7438%; height: 55px;\"><span style=\"font-size: 10pt; color: #000000;\"><span style=\"font-size: 10pt;\">23-10-1714<\/span><br \/>\n<\/span><\/td>\n<\/tr>\n<tr style=\"height: 27px;\">\n<td style=\"width: 13.6529%; height: 27px;\" colspan=\"2\"><span style=\"color: #000000; font-size: 10pt;\">Mercurius<br \/>\n<\/span><\/td>\n<td style=\"width: 147.982%; height: 27px;\" colspan=\"2\"><span style=\"font-size: 10pt; color: #0000ff;\"><a style=\"color: #0000ff;\" href=\"https:\/\/babel.hathitrust.org\/cgi\/pt?id=mdp.39015064381596&amp;view=1up&amp;seq=604&amp;q1=meyerfelt\">Verheffing Gravenstand<\/a><\/span><\/td>\n<td style=\"width: 10.7438%; height: 27px;\"><span style=\"font-size: 10pt; color: #000000;\"><span style=\"font-size: 10pt;\">10-1714<\/span><span style=\"font-size: 10pt;\"><br \/>\n<\/span><\/span><\/td>\n<\/tr>\n<tr style=\"height: 55px;\">\n<td style=\"width: 13.6529%; height: 55px;\" colspan=\"2\"><span style=\"color: #000000; font-size: 10pt;\"><span style=\"font-size: 10pt;\">Gazette de Rotterdam<\/span><\/span><\/td>\n<td style=\"width: 147.982%; height: 55px;\" colspan=\"2\"><span style=\"color: #0000ff;\"><a style=\"color: #0000ff;\" href=\"https:\/\/www.delpher.nl\/nl\/kranten\/view?query=meierfelt&amp;coll=ddd&amp;sortfield=date&amp;identifier=ddd:010411834:mpeg21:a0013&amp;resultsidentifier=ddd:010411834:mpeg21:a0013&amp;rowid=2\"><span style=\"font-size: 10pt;\"><span style=\"font-size: 10pt;\">Stralsund<\/span><\/span><\/a><\/span><\/td>\n<td style=\"width: 10.7438%; height: 55px;\"><span style=\"font-size: 10pt; color: #000000;\"><span style=\"font-size: 10pt;\">01-11-1714<\/span><\/span><\/td>\n<\/tr>\n<tr style=\"height: 55px;\">\n<td style=\"height: 55px; width: 13.6529%;\" colspan=\"2\"><span style=\"color: #000000; font-size: 10pt;\"><span style=\"font-size: 10pt;\">Gazette de Rotterdam\u00a0<\/span><\/span><\/td>\n<td style=\"height: 55px; width: 147.982%;\" colspan=\"2\"><span style=\"font-size: 10pt; color: #0000ff;\"><span style=\"font-size: 10pt;\"><a href=\"https:\/\/www.delpher.nl\/nl\/kranten\/view?query=Meyerfeld&amp;page=3&amp;sortfield=date&amp;coll=ddd&amp;identifier=ddd%3A010411845%3Ampeg21%3Aa0008&amp;resultsidentifier=ddd%3A010411845%3Ampeg21%3Aa0008\"><span style=\"color: #0000ff;\">D\u00fccker<\/span><\/a><\/span><\/span><\/td>\n<td style=\"width: 10.7438%; height: 55px;\"><span style=\"font-size: 10pt; color: #000000;\"><span style=\"font-size: 10pt;\">13-12-1714<\/span><\/span><\/td>\n<\/tr>\n<tr style=\"height: 55px;\">\n<td style=\"width: 13.6529%; height: 55px;\" colspan=\"2\"><span style=\"color: #000000; font-size: 10pt;\">Mercury, The Hague, pag. 480-481<\/span><\/td>\n<td style=\"width: 147.982%; height: 55px;\" colspan=\"2\"><span style=\"font-size: 10pt; color: #0000ff;\"><a style=\"color: #0000ff;\" href=\"https:\/\/babel.hathitrust.org\/cgi\/pt?id=inu.30000108650379&amp;view=1up&amp;seq=986&amp;q1=meyerfelt\">Aankomst in Stralsund met maar 150.000 of 200.000 kronen vanuit Zweden<\/a><\/span><\/td>\n<td style=\"width: 10.7438%; height: 55px;\"><span style=\"font-size: 10pt; color: #000000;\"><span style=\"font-size: 10pt;\">12-1714<\/span><\/span><\/td>\n<\/tr>\n<tr style=\"height: 55px;\">\n<td style=\"width: 13.6529%; height: 55px;\" colspan=\"2\"><span style=\"color: #000000; font-size: 10pt;\"><span style=\"font-size: 10pt;\">Gazette de Leyde<\/span><\/span><\/td>\n<td style=\"width: 147.982%; height: 55px;\" colspan=\"2\"><span style=\"color: #0000ff; font-size: 10pt;\"><a style=\"color: #0000ff;\" href=\"https:\/\/www.delpher.nl\/nl\/kranten\/view?query=Meyerfeld&amp;page=5&amp;coll=ddd&amp;identifier=ddd%3A010411595%3Ampeg21%3Aa0008&amp;resultsidentifier=ddd%3A010411595%3Ampeg21%3Aa0008\">100.000<\/a><\/span><\/td>\n<td style=\"width: 10.7438%; height: 55px;\"><span style=\"font-size: 10pt; color: #000000;\"><span style=\"font-size: 10pt;\"><span style=\"font-size: 10pt;\">08-01-1715<\/span><\/span><\/span><\/td>\n<\/tr>\n<tr style=\"height: 55px;\">\n<td style=\"width: 13.6529%; height: 55px;\" colspan=\"2\"><span style=\"color: #000000; font-size: 10pt;\"><span style=\"font-size: 10pt;\">Gazette de Paris<\/span><\/span><\/td>\n<td style=\"width: 147.982%; height: 55px;\" colspan=\"2\"><span style=\"color: #0000ff; font-size: 10pt;\"><a style=\"color: #0000ff;\" href=\"https:\/\/gallica.bnf.fr\/ark:\/12148\/bpt6k6441709q\/f19.item.r=meyerfelt\"><span style=\"font-size: 10pt;\"><span style=\"font-size: 10pt;\">45.000 escus<\/span><\/span><\/a><\/span><\/td>\n<td style=\"width: 10.7438%; height: 55px;\"><span style=\"font-size: 10pt; color: #000000;\"><span style=\"font-size: 10pt;\"><span style=\"font-size: 10pt;\">12-01-1715<\/span><\/span><\/span><\/td>\n<\/tr>\n<tr style=\"height: 55px;\">\n<td style=\"width: 13.6529%; height: 55px;\" colspan=\"2\"><span style=\"color: #000000; font-size: 10pt;\">Oprechte Haerlemsche Courant\u00a0\u00a0<\/span><\/td>\n<td style=\"width: 147.982%; height: 55px;\" colspan=\"2\"><span style=\"color: #0000ff; font-size: 10pt;\"><a style=\"color: #0000ff;\" href=\"https:\/\/www.delpher.nl\/nl\/kranten\/view?query=Meyerfeld&amp;page=3&amp;sortfield=date&amp;coll=ddd&amp;identifier=ddd%3A011220735%3Ampeg21%3Aa0002&amp;resultsidentifier=ddd%3A011220735%3Ampeg21%3Aa0002\">Wellingk<\/a><\/span><\/td>\n<td style=\"width: 10.7438%; height: 55px;\"><span style=\"font-size: 10pt; color: #000000;\"><span style=\"font-size: 10pt;\">22-01-1715<\/span><span style=\"font-size: 10pt;\"><br \/>\n<\/span><\/span><\/td>\n<\/tr>\n<tr style=\"height: 55px;\">\n<td style=\"width: 13.6529%; height: 55px;\" colspan=\"2\"><span style=\"color: #000000; font-size: 10pt;\"> <span style=\"font-size: 10pt;\">Gazette de Paris<\/span><\/span><\/td>\n<td style=\"width: 147.982%; height: 55px;\" colspan=\"2\"><span style=\"color: #0000ff; font-size: 10pt;\"><a href=\"https:\/\/gallica.bnf.fr\/ark:\/12148\/bpt6k6441709q\/f489.image.r=meyerfeld?rk=171674;4\"><span style=\"color: #0000ff;\"><span style=\"font-size: 10pt;\">Stockholm<\/span><\/span><\/a><\/span><\/td>\n<td style=\"width: 10.7438%; height: 55px;\"><span style=\"font-size: 10pt;\"><span style=\"font-size: 10pt;\">12-10-1715<\/span><\/span><\/td>\n<\/tr>\n<tr style=\"height: 28px;\">\n<td style=\"height: 28px; width: 13.6529%;\" colspan=\"2\"><span style=\"color: #000000; font-size: 10pt;\">Posttidningar<\/span><\/td>\n<td style=\"width: 147.982%; height: 28px;\" colspan=\"2\"><span style=\"color: #000000; font-size: 10pt;\"><a style=\"color: #0000ff;\" href=\"https:\/\/tidningar.kb.se\/2979645\/1716-09-11\/edition\/145134\/part\/1\/page\/7\/?q=%20meyerfelt\">Helsingborg<\/a><\/span><\/td>\n<td style=\"width: 10.7438%; height: 28px;\"><span style=\"font-size: 10pt;\">11-09-1716<\/span><\/td>\n<\/tr>\n<tr style=\"height: 55px;\">\n<td style=\"width: 13.6529%; height: 55px;\" colspan=\"2\"><span style=\"color: #000000; font-size: 10pt;\"><span style=\"font-size: 10pt;\">Gazette de Paris<\/span><\/span><\/td>\n<td style=\"width: 147.982%; height: 55px;\" colspan=\"2\"><span style=\"color: #000000; font-size: 10pt;\"><span style=\"color: #0000ff;\"><span style=\"font-size: 10pt;\"><a style=\"color: #0000ff;\" href=\"https:\/\/gallica.bnf.fr\/ark:\/12148\/bpt6k6458025v\/f91.image.r=meyerfeld?rk=193134;0\">President\u00a0Chancellerie<\/a><\/span><\/span><\/span><\/td>\n<td style=\"width: 10.7438%; height: 55px;\"><span style=\"font-size: 10pt;\">24-02-1720<\/span><\/td>\n<\/tr>\n<tr style=\"height: 27px;\">\n<td style=\"width: 13.6529%; height: 27px;\" colspan=\"2\"><span style=\"color: #000000; font-size: 10pt;\">Mercurius<\/span><\/td>\n<td style=\"width: 147.982%; height: 27px;\" colspan=\"2\"><span style=\"color: #000000; font-size: 10pt;\"><span style=\"color: #0000ff;\"><a style=\"color: #0000ff;\" href=\"https:\/\/babel.hathitrust.org\/cgi\/pt?id=mdp.39015064320883&amp;view=1up&amp;seq=120&amp;skin=2021&amp;q1=meyerfelt\"><span style=\"font-size: 10pt;\">Voorlezen toespraak koningin<\/span><\/a><\/span><br \/>\n<\/span><\/td>\n<td style=\"width: 10.7438%; height: 27px;\"><span style=\"font-size: 10pt;\">02-1720<br \/>\n<\/span><\/td>\n<\/tr>\n<tr style=\"height: 55px;\">\n<td style=\"width: 13.6529%; height: 55px;\" colspan=\"2\"><span style=\"color: #000000; font-size: 10pt;\"><span style=\"font-size: 10pt;\">Gazette de Paris<\/span><\/span><\/td>\n<td style=\"width: 147.982%; height: 55px;\" colspan=\"2\"><span style=\"color: #000000; font-size: 10pt;\"><span style=\"color: #0000ff;\"><span style=\"font-size: 10pt;\"><a style=\"color: #0000ff;\" href=\"https:\/\/gallica.bnf.fr\/ark:\/12148\/bpt6k6458025v\/f115.image.r=meyerfeld?rk=107296;4\">Discours de la Reine<\/a><\/span><\/span><\/span><\/td>\n<td style=\"width: 10.7438%; height: 55px;\"><span style=\"font-size: 10pt;\">09-03-1720<\/span><\/td>\n<\/tr>\n<tr style=\"height: 55px;\">\n<td style=\"width: 13.6529%; height: 55px;\" colspan=\"2\"><span style=\"color: #000000; font-size: 10pt;\"><span style=\"font-size: 10pt;\">Gazette de Paris<\/span><\/span><\/td>\n<td style=\"width: 147.982%; height: 55px;\" colspan=\"2\"><span style=\"color: #000000; font-size: 10pt;\"><span style=\"color: #0000ff;\"><span style=\"font-size: 10pt;\"><a style=\"color: #0000ff;\" href=\"https:\/\/gallica.bnf.fr\/ark:\/12148\/bpt6k6458025v\/f176.image.r=meyerfeld\">Burmannia<\/a><\/span><\/span><\/span><\/td>\n<td style=\"width: 10.7438%; height: 55px;\"><span style=\"font-size: 10pt;\">13-04-1720<\/span><\/td>\n<\/tr>\n<tr style=\"height: 55px;\">\n<td style=\"width: 13.6529%; height: 55px;\" colspan=\"2\"><span style=\"color: #000000; font-size: 10pt;\">Caledonian Mercury<\/span><\/td>\n<td style=\"width: 147.982%; height: 55px;\" colspan=\"2\"><span style=\"color: #000000; font-size: 10pt;\">Made Governour of Swedish Pomerania, (\u2026) to observe the Motions of the Muscovites.<\/span><\/td>\n<td style=\"width: 10.7438%; height: 55px;\"><span style=\"font-size: 10pt;\"><span style=\"color: #000000;\">06-12-1720<\/span><\/span><\/td>\n<\/tr>\n<tr style=\"height: 55px;\">\n<td style=\"width: 13.6529%; height: 55px;\" colspan=\"2\"><span style=\"color: #000000; font-size: 10pt;\">Mercurius<\/span><\/td>\n<td style=\"width: 147.982%; height: 55px;\" colspan=\"2\"><span style=\"color: #000000; font-size: 10pt;\"><a href=\"https:\/\/www.delpher.nl\/nl\/kranten\/view?query=Meyerfeld&amp;page=3&amp;sortfield=date&amp;coll=ddd&amp;identifier=ddd%3A011228671%3Ampeg21%3Ap002&amp;resultsidentifier=ddd%3A011228671%3Ampeg21%3Aa0004\"><span style=\"color: #0000ff;\">Afscheid<\/span><\/a><\/span><\/td>\n<td style=\"width: 10.7438%; height: 55px;\"><span style=\"font-size: 10pt;\"><span style=\"color: #000000;\">17-12-1720<\/span><br \/>\n<\/span><\/td>\n<\/tr>\n<tr style=\"height: 55px;\">\n<td style=\"width: 13.6529%; height: 55px;\" colspan=\"2\"><span style=\"color: #000000; font-size: 10pt;\"><span style=\"font-size: 10pt;\">Gazette de Paris<\/span><\/span><\/td>\n<td style=\"width: 147.982%; height: 55px;\" colspan=\"2\"><span style=\"color: #0000ff; font-size: 10pt;\"><span style=\"font-size: 10pt;\"><a style=\"color: #0000ff;\" href=\"https:\/\/gallica.bnf.fr\/ark:\/12148\/bpt6k6554214r\/f143.image.r=meyerfeld?rk=257512;0\">Les Etats <\/a><\/span><\/span><\/td>\n<td style=\"width: 10.7438%; height: 55px;\"><span style=\"font-size: 10pt;\">24-03-1721<\/span><\/td>\n<\/tr>\n<tr style=\"height: 55px;\">\n<td style=\"width: 13.6529%; height: 55px;\" colspan=\"2\"><span style=\"color: #000000; font-size: 10pt;\"><span style=\"font-size: 10pt;\">Wiener Zeitung<\/span><\/span><\/td>\n<td style=\"width: 147.982%; height: 55px;\" colspan=\"2\"><span style=\"color: #000000; font-size: 10pt;\"><span style=\"color: #0000ff;\"><a style=\"color: #0000ff;\" href=\"http:\/\/anno.onb.ac.at\/cgi-content\/anno?aid=wrz&amp;datum=17221107&amp;query=%22meyerfeld%22&amp;ref=anno-search&amp;seite=5\"><span style=\"font-size: 10pt;\">Stralsund<\/span><\/a><\/span><\/span><\/td>\n<td style=\"width: 10.7438%; height: 55px;\"><span style=\"font-size: 10pt; color: #000000;\">07-11-1722\u00a0<\/span><\/td>\n<\/tr>\n<tr style=\"height: 55px;\">\n<td style=\"width: 13.6529%; height: 55px;\" colspan=\"2\"><span style=\"color: #000000; font-size: 10pt;\">Leydse Courant\u00a0<\/span><\/td>\n<td style=\"width: 147.982%; height: 55px;\" colspan=\"2\"><span style=\"color: #000000; font-size: 10pt;\"><a href=\"https:\/\/www.delpher.nl\/nl\/kranten\/view?query=Meyerfeld&amp;page=6&amp;coll=ddd&amp;identifier=ddd%3A010904410%3Ampeg21%3Aa0006&amp;resultsidentifier=ddd%3A010904410%3Ampeg21%3Aa0006\"><span style=\"color: #0000ff;\"><span style=\"font-size: 10pt;\">Peene<\/span><\/span><\/a><\/span><\/td>\n<td style=\"width: 10.7438%; height: 55px;\"><span style=\"color: #000000;\"><span style=\"font-size: 10pt;\">12-06-1726<\/span><\/span><\/td>\n<\/tr>\n<tr style=\"height: 55px;\">\n<td style=\"width: 13.6529%; height: 55px;\" colspan=\"2\"><span style=\"color: #000000; font-size: 10pt;\"><span style=\"font-size: 10pt;\">Wiener Zeitung<\/span><\/span><\/td>\n<td style=\"width: 147.982%; height: 55px;\" colspan=\"2\"><span style=\"color: #000000; font-size: 10pt;\"><span style=\"color: #0000ff;\"><span style=\"font-size: 10pt;\"><a style=\"color: #0000ff;\" href=\"http:\/\/anno.onb.ac.at\/cgi-content\/anno?aid=wrz&amp;datum=17260803&amp;query=%22mayerfeld%22&amp;ref=anno-search&amp;seite=6\">Adm. Wager<\/a>\u00a0<\/span><\/span><\/span><\/td>\n<td style=\"width: 10.7438%; height: 55px;\"><span style=\"color: #000000;\"><span style=\"font-size: 10pt;\"><span style=\"font-size: 10pt;\">03-08-1726\u00a0<\/span><\/span><\/span><\/td>\n<\/tr>\n<tr style=\"height: 55px;\">\n<td style=\"width: 13.6529%; height: 55px;\" colspan=\"2\"><span style=\"color: #000000; font-size: 10pt;\"><span style=\"font-size: 10pt;\">Wiener Zeitung<\/span><\/span><\/td>\n<td style=\"width: 147.982%; height: 55px;\" colspan=\"2\"><span style=\"color: #000000; font-size: 10pt;\"><span style=\"color: #0000ff;\"><span style=\"font-size: 10pt;\"><span style=\"color: #0000ff; font-size: 10pt;\"><a style=\"color: #0000ff;\" href=\"http:\/\/anno.onb.ac.at\/cgi-content\/anno?aid=wrz&amp;datum=17260925&amp;query=%22mayerfeld%22&amp;ref=anno-search&amp;seite=3\">Reichstag<\/a><\/span><\/span><\/span><\/span><\/td>\n<td style=\"width: 10.7438%; height: 55px;\"><span style=\"color: #000000;\"><span style=\"font-size: 10pt;\"><span style=\"font-size: 10pt;\"><span style=\"font-size: 10pt;\">25-09-1726<\/span><\/span><\/span><\/span><\/td>\n<\/tr>\n<tr style=\"height: 55px;\">\n<td style=\"width: 13.6529%; height: 55px;\" colspan=\"2\"><span style=\"color: #000000; font-size: 10pt;\">Leydse Courant\u00a0<\/span><\/td>\n<td style=\"width: 147.982%; height: 55px;\" colspan=\"2\"><span style=\"color: #000000; font-size: 10pt;\"><a href=\"https:\/\/www.delpher.nl\/nl\/kranten\/view?query=Meyerfeld&amp;page=8&amp;coll=ddd&amp;identifier=ddd%3A010904490%3Ampeg21%3Aa0004&amp;resultsidentifier=ddd%3A010904490%3Ampeg21%3Aa0004\"><span style=\"color: #0000ff;\"><span style=\"font-size: 10pt;\">Pommern<\/span><\/span><\/a><\/span><\/td>\n<td style=\"width: 10.7438%; height: 55px;\"><span style=\"color: #000000;\"><span style=\"font-size: 10pt;\">18-12-1726<\/span><\/span><\/td>\n<\/tr>\n<tr style=\"height: 55px;\">\n<td style=\"width: 13.6529%; height: 55px;\" colspan=\"2\"><span style=\"color: #000000; font-size: 10pt;\">Leydse Courant\u00a0\u00a0<\/span><\/td>\n<td style=\"width: 147.982%; height: 55px;\" colspan=\"2\"><span style=\"color: #000000; font-size: 10pt;\"><a href=\"https:\/\/www.delpher.nl\/nl\/kranten\/view?query=Meyerfeld&amp;page=5&amp;coll=ddd&amp;identifier=ddd%3A011013104%3Ampeg21%3Aa0004&amp;resultsidentifier=ddd%3A011013104%3Ampeg21%3Aa0004\"><span style=\"color: #0000ff;\"><span style=\"font-size: 10pt;\">Soisson<\/span><\/span><\/a><\/span><\/td>\n<td style=\"width: 10.7438%; height: 55px;\"><span style=\"color: #000000;\"><span style=\"font-size: 10pt;\">25-06-1728<\/span><\/span><\/td>\n<\/tr>\n<tr style=\"height: 55px;\">\n<td style=\"width: 13.6529%; height: 55px;\" colspan=\"2\"><span style=\"color: #000000; font-size: 10pt;\">Amsterdamse Courant<br \/>\n<\/span><\/td>\n<td style=\"width: 147.982%; height: 55px;\" colspan=\"2\"><span style=\"color: #000000; font-size: 10pt;\"><span style=\"color: #0000ff;\"><span style=\"font-size: 10pt;\"><a style=\"color: #0000ff;\" href=\"https:\/\/babel.hathitrust.org\/cgi\/pt?id=hvd.hxiv2s&amp;view=1up&amp;seq=113&amp;size=125&amp;q1=meyerfeldt\"><span style=\"font-size: 10pt;\">Pommern<\/span><\/a><span style=\"color: #000000;\">\u00a0<\/span><br \/>\n<\/span><\/span><\/span><\/td>\n<td style=\"width: 10.7438%; height: 55px;\"><span style=\"color: #000000;\"><span style=\"font-size: 10pt;\">18-03-1729<br \/>\n<\/span><\/span><\/td>\n<\/tr>\n<tr style=\"height: 55px;\">\n<td style=\"width: 13.6529%; height: 55px;\" colspan=\"2\"><span style=\"color: #000000; font-size: 10pt;\">Amsterdamse Courant<br \/>\n<\/span><\/td>\n<td style=\"width: 147.982%; height: 55px;\" colspan=\"2\"><span style=\"color: #000000; font-size: 10pt;\"><span style=\"color: #0000ff;\"><span style=\"font-size: 10pt;\"><a style=\"color: #0000ff;\" href=\"https:\/\/babel.hathitrust.org\/cgi\/pt?id=hvd.hxiv2s&amp;view=1up&amp;seq=363&amp;size=125&amp;q1=meyerfeldt\">Pommern<\/a><br \/>\n<\/span><\/span><\/span><\/td>\n<td style=\"width: 10.7438%; height: 55px;\"><span style=\"color: #000000;\"><span style=\"font-size: 10pt;\">16-08-1729<br \/>\n<\/span><\/span><\/td>\n<\/tr>\n<tr style=\"height: 55px;\">\n<td style=\"width: 13.6529%; height: 55px;\" colspan=\"2\"><span style=\"font-size: 10pt;\"><span style=\"color: #000000;\">O<\/span><span style=\"color: #000000;\">prechte<\/span><\/span><span style=\"color: #000000; font-size: 10pt;\"> Haerlemsche Courant\u00a0<\/span><\/td>\n<td style=\"width: 147.982%; height: 55px;\" colspan=\"2\"><span style=\"color: #000000; font-size: 10pt;\"><span style=\"color: #0000ff; font-size: 10pt;\"><a style=\"color: #0000ff;\" href=\"https:\/\/www.delpher.nl\/nl\/kranten\/view?query=Meyerfeld&amp;page=3&amp;coll=ddd&amp;identifier=ddd%3A011107510%3Ampeg21%3Aa0003&amp;resultsidentifier=ddd%3A011107510%3Ampeg21%3Aa0003\">Stockholm<\/a><\/span><\/span><\/td>\n<td style=\"width: 10.7438%; height: 55px;\"><span style=\"color: #000000; font-size: 10pt;\">06-09-1729<\/span><\/td>\n<\/tr>\n<tr style=\"height: 55px;\">\n<td style=\"width: 13.6529%; height: 55px;\" colspan=\"2\"><span style=\"font-size: 10pt;\"><span style=\"color: #000000;\">O<\/span><span style=\"color: #000000;\">prechte<\/span><\/span><span style=\"color: #000000; font-size: 10pt;\"> Haerlemsche Courant\u00a0<\/span><\/td>\n<td style=\"width: 147.982%; height: 55px;\" colspan=\"2\"><span style=\"color: #000000; font-size: 10pt;\"><span style=\"color: #0000ff; font-size: 10pt;\"><a style=\"color: #0000ff;\" href=\"https:\/\/www.delpher.nl\/nl\/kranten\/view?query=Meyerfeld&amp;page=3&amp;coll=ddd&amp;identifier=ddd%3A011107519%3Ampeg21%3Aa0001&amp;resultsidentifier=ddd%3A011107519%3Ampeg21%3Aa0001\">Stockholm<\/a><\/span><br \/>\n<\/span><\/td>\n<td style=\"width: 10.7438%; height: 55px;\"><span style=\"color: #000000; font-size: 10pt;\">17-09-1729<\/span><\/td>\n<\/tr>\n<tr style=\"height: 55px;\">\n<td style=\"width: 13.6529%; height: 55px;\" colspan=\"2\"><span style=\"color: #000000; font-size: 10pt;\">Amsterdamse Courant<\/span><\/td>\n<td style=\"width: 147.982%; height: 55px;\" colspan=\"2\"><span style=\"color: #0000ff; font-size: 10pt;\"><a style=\"color: #0000ff;\" href=\"https:\/\/www.delpher.nl\/nl\/kranten\/view?query=Meyerfeld&amp;page=6&amp;coll=ddd&amp;identifier=ddd%3A010709860%3Ampeg21%3Aa0001&amp;resultsidentifier=ddd%3A010709860%3Ampeg21%3Aa0001\">Pommern<\/a><\/span><\/td>\n<td style=\"width: 10.7438%; height: 55px;\"><span style=\"color: #000000; font-size: 10pt;\"><span style=\"font-size: 10pt;\">08-12-1729<\/span><span style=\"font-size: 10pt;\"><br \/>\n<\/span><\/span><\/td>\n<\/tr>\n<tr style=\"height: 55px;\">\n<td style=\"width: 13.6529%; height: 55px;\" colspan=\"2\"><span style=\"color: #000000; font-size: 10pt;\"><span style=\"font-size: 10pt;\">Amsterdam<\/span><\/span><\/td>\n<td style=\"width: 147.982%; height: 55px;\" colspan=\"2\"><span style=\"color: #0000ff; font-size: 10pt;\"><span style=\"font-size: 10pt;\"><a style=\"color: #0000ff;\" href=\"https:\/\/babel.hathitrust.org\/cgi\/pt?id=hvd.hxitcn&amp;view=1up&amp;seq=133&amp;q1=meyerfeldt\"><span style=\"font-size: 10pt;\">Hamburg<\/span><\/a><br \/>\n<\/span><\/span><\/td>\n<td style=\"width: 10.7438%; height: 55px;\"><span style=\"color: #000000; font-size: 10pt;\"><span style=\"font-size: 10pt;\"><span style=\"color: #0000ff;\"><span style=\"color: #000000;\">13-03-1731<\/span><br \/>\n<\/span><\/span><\/span><\/td>\n<\/tr>\n<tr style=\"height: 55px;\">\n<td style=\"width: 13.6529%; height: 55px;\" colspan=\"2\"><span style=\"color: #000000; font-size: 10pt;\"><span style=\"font-size: 10pt;\">Amsterdam<\/span><\/span><\/td>\n<td style=\"width: 147.982%; height: 55px;\" colspan=\"2\"><span style=\"color: #0000ff; font-size: 10pt;\"><span style=\"font-size: 10pt;\"><a style=\"color: #0000ff;\" href=\"https:\/\/babel.hathitrust.org\/cgi\/pt?id=hvd.hxitcn&amp;view=1up&amp;seq=381&amp;q1=meyerfeldt\"><span style=\"font-size: 10pt;\">Arriv\u00e9 Stralsunde<\/span><\/a><br \/>\n<\/span><\/span><\/td>\n<td style=\"width: 10.7438%; height: 55px;\"><span style=\"color: #000000; font-size: 10pt;\"><span style=\"font-size: 10pt;\">31-07-1731<br \/>\n<\/span><\/span><\/td>\n<\/tr>\n<tr style=\"height: 55px;\">\n<td style=\"width: 13.6529%; height: 55px;\" colspan=\"2\"><span style=\"color: #000000; font-size: 10pt;\"><span style=\"font-size: 10pt;\">Wiener Zeitung<\/span><\/span><\/td>\n<td style=\"width: 147.982%; height: 55px;\" colspan=\"2\"><span style=\"color: #0000ff; font-size: 10pt;\"><span style=\"color: #0000ff;\"><a style=\"color: #0000ff;\" href=\"http:\/\/anno.onb.ac.at\/cgi-content\/anno?aid=wrz&amp;datum=17311208&amp;query=%22meyerfeld%22&amp;ref=anno-search&amp;seite=9\"><span style=\"font-size: 10pt;\">Reichstag<\/span><\/a><\/span><\/span><\/td>\n<td style=\"width: 10.7438%; height: 55px;\"><span style=\"color: #000000; font-size: 10pt;\"><span style=\"font-size: 10pt;\">08-12-1731<\/span><\/span><\/td>\n<\/tr>\n<tr style=\"height: 55px;\">\n<td style=\"width: 13.6529%; height: 55px;\" colspan=\"2\"><span style=\"color: #000000; font-size: 10pt;\"><span style=\"font-size: 10pt;\">La clef du Cabinet<\/span><\/span><\/td>\n<td style=\"width: 147.982%; height: 55px;\" colspan=\"2\"><span style=\"color: #0000ff; font-size: 10pt;\"><span style=\"color: #0000ff;\"><span style=\"font-size: 10pt;\"><span style=\"color: #000000; font-size: 10pt;\"><a style=\"color: #0000ff;\" href=\"https:\/\/babel.hathitrust.org\/cgi\/pt?id=njp.32101079238620&amp;view=1up&amp;seq=72&amp;q1=meyerfelt\">Tour door Stralsund december 1714 voor aankomst Karel XII<\/a><\/span><\/span><\/span><\/span><\/td>\n<td style=\"width: 10.7438%; height: 55px;\"><span style=\"color: #000000; font-size: 10pt;\"><span style=\"font-size: 10pt;\">01-1732<\/span><\/span><\/td>\n<\/tr>\n<tr style=\"height: 55px;\">\n<td style=\"width: 13.6529%; height: 55px;\" colspan=\"2\"><span style=\"color: #000000; font-size: 10pt;\"><span style=\"font-size: 10pt;\">Gazette de Paris<\/span><\/span><\/td>\n<td style=\"width: 147.982%; height: 55px;\" colspan=\"2\"><span style=\"color: #0000ff; font-size: 10pt;\"><span style=\"color: #0000ff;\"><span style=\"font-size: 10pt;\"><span style=\"color: #000000; font-size: 10pt;\"><a style=\"color: #0000ff;\" href=\"https:\/\/gallica.bnf.fr\/ark:\/12148\/bpt6k6441710c\/f620.image.r=meyerfeld?rk=278971;2\">Arriv\u00e9 Straelsund<\/a><\/span><\/span><\/span><\/span><\/td>\n<td style=\"width: 10.7438%; height: 55px;\"><span style=\"color: #000000; font-size: 10pt;\"><span style=\"font-size: 10pt;\">20-12-1732<\/span><\/span><\/td>\n<\/tr>\n<tr style=\"height: 83px;\">\n<td style=\"width: 13.6529%; height: 83px;\" colspan=\"2\"><span style=\"color: #000000; font-size: 10pt;\">The Stamford Mercury, England<\/span><\/td>\n<td style=\"width: 147.982%; height: 83px;\" colspan=\"2\"><span style=\"color: #000000; font-size: 10pt;\">The Mistrust (\u2026) between the Courts of Denmark and Sweden (\u2026) having sent General\u00a0<span class=\"highlight\">Meyerfeld<\/span>\u00a0into Scania<\/span><\/td>\n<td style=\"width: 10.7438%; height: 83px;\"><span style=\"color: #000000; font-size: 10pt;\"><span style=\"font-size: 10pt;\">12-06-1740<\/span><\/span><\/td>\n<\/tr>\n<tr style=\"height: 55px;\">\n<td style=\"width: 13.6529%; height: 55px;\" colspan=\"2\"><span style=\"color: #000000; font-size: 10pt;\">La Clef du Luxembourg<\/span><\/td>\n<td style=\"width: 147.982%; height: 55px;\" colspan=\"2\"><span style=\"color: #000000; font-size: 10pt;\"><span style=\"color: #0000ff;\"><a style=\"color: #0000ff;\" href=\"https:\/\/gallica.bnf.fr\/ark:\/12148\/bpt6k62331387\/f3.image.r=meyerfeld?rk=300430;4\">Retournera\u00a0Stralsund<\/a>\u00a0<\/span><\/span><\/td>\n<td style=\"width: 10.7438%; height: 55px;\"><span style=\"color: #000000; font-size: 10pt;\"><span style=\"font-size: 10pt;\">09-12-1741\u00a0\u00a0<\/span><\/span><\/td>\n<\/tr>\n<tr style=\"height: 55px;\">\n<td style=\"width: 13.6529%; height: 55px;\" colspan=\"2\"><span style=\"color: #000000; font-size: 10pt;\">Mercurius<\/span><\/td>\n<td style=\"width: 147.982%; height: 55px;\" colspan=\"2\"><span style=\"color: #000000; font-size: 10pt;\"><span style=\"color: #0000ff;\"><a style=\"color: #0000ff;\" href=\"https:\/\/books.google.nl\/books?id=VfWfOSZRZUoC&amp;pg=RA1-PA206&amp;lpg=RA1-PA206&amp;dq=Nederlandsch+Gedenkboek+of+Europische+Mercurius+1743+meyerfeld&amp;source=bl&amp;ots=SdAD5nbZQJ&amp;sig=ACfU3U3fLDjHeinZ4zWOTDZlYh69zVEE_g&amp;hl=nl&amp;sa=X&amp;ved=2ahUKEwiSk-i8z_3tAhXlwAIHHUwYBB0Q6AEwBnoECAcQAg#v=onepage&amp;q=Nederlandsch%20Gedenkboek%20of%20Europische%20Mercurius%201743%20meyerfeld&amp;f=false\">Stralsund<\/a><\/span><\/span><\/td>\n<td style=\"width: 10.7438%; height: 55px;\"><span style=\"color: #000000; font-size: 10pt;\"><span style=\"font-size: 10pt;\">19-10-1743<\/span><br \/>\n<\/span><\/td>\n<\/tr>\n<tr style=\"height: 55px;\">\n<td style=\"width: 13.6529%; height: 55px;\" colspan=\"2\"><span style=\"color: #000000; font-size: 10pt;\">&#8216;s-Gravenhaegsche Courant<\/span><\/td>\n<td style=\"width: 147.982%; height: 55px;\" colspan=\"2\"><span style=\"color: #0000ff; font-size: 10pt;\"><a style=\"color: #0000ff;\" href=\"https:\/\/www.delpher.nl\/nl\/kranten\/view?query=Meyerfeldt&amp;coll=ddd&amp;sortfield=date&amp;identifier=ddd%3A010724670%3Ampeg21%3Aa0003&amp;resultsidentifier=ddd%3A010724670%3Ampeg21%3Aa0003\">Afscheid<\/a><\/span><\/td>\n<td style=\"width: 10.7438%; height: 55px;\"><span style=\"color: #000000; font-size: 10pt;\"><span style=\"font-size: 10pt;\">15-01-1748<\/span><br \/>\n<\/span><\/td>\n<\/tr>\n<tr style=\"height: 55px;\">\n<td style=\"width: 13.6529%; height: 55px;\" colspan=\"2\"><span style=\"color: #000000; font-size: 10pt;\">Mercure La Haye<\/span><\/td>\n<td style=\"width: 147.982%; height: 55px;\" colspan=\"2\"><span style=\"color: #0000ff; font-size: 10pt;\"><a style=\"color: #0000ff;\" href=\"https:\/\/babel.hathitrust.org\/cgi\/pt?id=hvd.hxitcu&amp;view=1up&amp;seq=617&amp;q1=meyerfelt\"><span style=\"font-size: 10pt;\"><span style=\"font-size: 10pt;\">Overlijden op S\u00f6vdeborg<\/span><\/span><\/a><\/span><\/td>\n<td style=\"width: 10.7438%; height: 55px;\"><span style=\"color: #000000; font-size: 10pt;\"><span style=\"font-size: 10pt;\">29-12-1749<\/span><\/span><\/td>\n<\/tr>\n<tr style=\"height: 28px;\">\n<td style=\"height: 28px; width: 13.6529%;\" colspan=\"2\"><span style=\"font-size: 10pt;\">Posttidningar<\/span><\/td>\n<td style=\"width: 147.982%; height: 28px;\" colspan=\"2\"><span style=\"color: #000000; font-size: 10pt;\"><a style=\"color: #0000ff;\" href=\"https:\/\/tidningar.kb.se\/2979645\/1750-10-15\/edition\/145134\/part\/1\/page\/3\/?q=%20meijerfelts\">Ankom (&#8230;) lik ifr\u00e5n S\u00f6fdeborg<\/a><\/span><span style=\"color: #000000; font-size: 10pt;\"><br \/>\n<\/span><\/td>\n<td style=\"width: 10.7438%; height: 28px;\"><span style=\"font-size: 10pt; color: #000000;\">15-10-1750<\/span><\/td>\n<\/tr>\n<tr style=\"height: 28px;\">\n<td style=\"width: 13.6529%; height: 28px;\" colspan=\"2\"><span style=\"color: #000000; font-size: 10pt;\">Aftonbladet<\/span><\/td>\n<td style=\"width: 147.982%; height: 28px;\" colspan=\"2\"><span style=\"color: #000000; font-size: 10pt;\">gifte sig med grefve Pipers sv\u00e4gerska<\/span><\/td>\n<td style=\"width: 10.7438%; height: 28px;\"><span style=\"color: #0000ff; font-size: 10pt;\"><a style=\"color: #0000ff;\" href=\"https:\/\/tidningar.kb.se\/4112678\/1844-04-26\/edition\/0\/part\/1\/page\/2\/?q=%20mejerfelt\">26-04-1844<\/a><\/span><\/td>\n<\/tr>\n<tr style=\"height: 28px;\">\n<td style=\"height: 28px; width: 13.6529%;\" colspan=\"2\"><span style=\"color: #000000; font-size: 10pt;\">Aftonbladet<\/span><\/td>\n<td style=\"height: 28px; width: 147.982%;\" colspan=\"2\"><span style=\"color: #000000; font-size: 10pt;\">Ulric\u00e6 Eleonor\u00e6 kr\u00f6nung, Upsala d. 17 Martii 1719<\/span><\/td>\n<td style=\"width: 10.7438%; height: 28px;\"><span style=\"color: #0000ff; font-size: 10pt;\"><a style=\"color: #0000ff;\" href=\"https:\/\/tidningar.kb.se\/4112678\/1844-08-30\/edition\/0\/part\/1\/page\/2\/?q=%20mejerfelt\">30-08-1844<\/a><\/span><\/td>\n<\/tr>\n<tr style=\"height: 55px;\">\n<td style=\"width: 13.6529%; height: 55px;\" colspan=\"2\"><span style=\"color: #000000; font-size: 10pt;\">Aftonbladet<\/span><span style=\"color: #000000; font-size: 10pt;\"><br \/>\n<\/span><\/td>\n<td style=\"width: 147.982%; height: 55px;\" colspan=\"2\"><span style=\"color: #000000; font-size: 10pt;\">Ulric\u00e6 Eleonor\u00e6 kr\u00f6nung, Upsala d. 17 Martii 1719\u00a0<\/span><\/td>\n<td style=\"width: 10.7438%; height: 55px;\"><span style=\"color: #0000ff; font-size: 10pt;\"><a style=\"color: #0000ff;\" href=\"https:\/\/tidningar.kb.se\/4112678\/1844-08-31\/edition\/0\/part\/1\/page\/2\/?q=%20mejerfelt\">31-08-1844<\/a><\/span><\/td>\n<\/tr>\n<tr style=\"height: 28px;\">\n<td style=\"width: 13.6529%; height: 28px;\" colspan=\"2\"><span style=\"color: #000000; font-size: 10pt;\">Karlshamns Allehanda<\/span><\/td>\n<td style=\"width: 147.982%; height: 28px;\" colspan=\"2\"><span style=\"color: #000000; font-size: 10pt;\">Slaget vid Helsingborg<\/span><\/td>\n<td style=\"width: 10.7438%; height: 28px;\"><span style=\"color: #0000ff; font-size: 10pt;\"><a style=\"color: #0000ff;\" href=\"https:\/\/tidningar.kb.se\/2506033\/1860-04-04\/edition\/148375\/part\/1\/page\/2\/?q=meijerfeld\">04-04-1860<\/a><\/span><\/td>\n<\/tr>\n<tr style=\"height: 28px;\">\n<td style=\"width: 13.6529%; height: 28px;\" colspan=\"2\"><span style=\"color: #000000; font-size: 10pt;\">Nya Dagligt Allehanda<\/span><\/td>\n<td style=\"width: 147.982%; height: 28px;\" colspan=\"2\"><span style=\"color: #000000; font-size: 10pt;\">Meijerfeldtska Papperen<\/span><\/td>\n<td style=\"width: 10.7438%; height: 28px;\"><span style=\"color: #0000ff; font-size: 10pt;\"><a style=\"color: #0000ff;\" href=\"https:\/\/tidningar.kb.se\/2092229\/1862-04-22\/edition\/147638\/part\/1\/page\/3\/?q=%20meijerfeldtska\">22-04-1862<\/a><\/span><\/td>\n<\/tr>\n<tr style=\"height: 28px;\">\n<td style=\"width: 13.6529%; height: 28px;\" colspan=\"2\"><span style=\"color: #000000; font-size: 10pt;\">Nya Dagligt Allehanda<\/span><\/td>\n<td style=\"width: 147.982%; height: 28px;\" colspan=\"2\"><span style=\"color: #000000; font-size: 10pt;\">Meijerfeldtska Papperen<\/span><\/td>\n<td style=\"width: 10.7438%; height: 28px;\"><span style=\"color: #0000ff; font-size: 10pt;\"><a style=\"color: #0000ff;\" href=\"https:\/\/tidningar.kb.se\/2092229\/1862-06-11\/edition\/147638\/part\/1\/page\/3\/?q=%20meijerfeldtska\">11-06-1862<\/a><\/span><\/td>\n<\/tr>\n<tr style=\"height: 28px;\">\n<td style=\"height: 28px; width: 13.6529%;\" colspan=\"2\"><span style=\"color: #000000; font-size: 10pt;\">Lunds Weckoblad<\/span><br \/>\n<span style=\"color: #000000; font-size: 10pt;\"> G\u00f6teborgs Handels- Och Sj\u00f6fartstidning<\/span><\/td>\n<td style=\"height: 28px; width: 147.982%;\" colspan=\"2\"><span style=\"color: #000000; font-size: 10pt;\">M. uppsatt en sch\u00e4feri p\u00e5 sin egendom S\u00f6fdeborg<\/span><\/td>\n<td style=\"width: 10.7438%; height: 28px;\"><span style=\"color: #0000ff; font-size: 10pt;\"><a style=\"color: #0000ff;\" href=\"https:\/\/tidningar.kb.se\/2783545\/1867-04-11\/edition\/145289\/part\/1\/page\/2\/?q=%20mejerfelt\">11-04-1867<\/a> <\/span><\/p>\n<p>&nbsp;<\/td>\n<\/tr>\n<tr style=\"height: 83px;\">\n<td style=\"width: 13.6529%; height: 83px;\" colspan=\"2\"><span style=\"color: #000000; font-size: 10pt;\">Lunds Weckoblad<br \/>\nG\u00f6teborgs Handels- Och Sj\u00f6fartstidning<\/span><\/td>\n<td style=\"width: 147.982%; height: 83px;\" colspan=\"2\"><span style=\"color: #000000; font-size: 10pt;\">M. uppsatt en sch\u00e4feri p\u00e5 sin egendom S\u00f6fdeborg<\/span><\/td>\n<td style=\"width: 10.7438%; height: 83px;\"><span style=\"color: #0000ff; font-size: 10pt;\"><a style=\"color: #0000ff;\" href=\"https:\/\/tidningar.kb.se\/3678898\/1867-04-12\/edition\/144022\/part\/1\/page\/3\/?q=%20mejerfelt\">12-04-1867<\/a><\/span><\/td>\n<\/tr>\n<tr style=\"height: 28px;\">\n<td style=\"width: 13.6529%; height: 28px;\" colspan=\"2\"><span style=\"color: #000000; font-size: 10pt;\">Aftonbladet<\/span><\/td>\n<td style=\"width: 147.982%; height: 28px;\" colspan=\"2\"><span style=\"color: #000000; font-size: 10pt;\">Professor Gabriel Rein har nyligen aflidit. (&#8230;) \u00f6pnandat af de Meijerfeltska papperen<\/span><\/td>\n<td style=\"width: 10.7438%; height: 28px;\"><span style=\"color: #0000ff; font-size: 10pt;\"><a style=\"color: #0000ff;\" href=\"https:\/\/tidningar.kb.se\/4112678\/1867-06-29\/edition\/0\/part\/1\/page\/3\/?q=%20meijerfeltska\">29-06-1867<\/a><\/span><\/td>\n<\/tr>\n<tr style=\"height: 28px;\">\n<td style=\"width: 13.6529%; height: 28px;\" colspan=\"2\"><span style=\"color: #000000; font-size: 10pt;\">Dagens Nyheter<\/span><\/td>\n<td style=\"width: 147.982%; height: 28px;\" colspan=\"2\"><span style=\"color: #000000; font-size: 10pt;\">General M&#8217;s br\u00f6llop 1707<\/span><\/td>\n<td style=\"width: 10.7438%; height: 28px;\"><span style=\"color: #0000ff; font-size: 10pt;\"><a style=\"color: #0000ff;\" href=\"https:\/\/tidningar.kb.se\/8224221\/1873-02-15\/edition\/0\/part\/1\/page\/1\/?q=%20mejerfelts\">15-02-1873<\/a><\/span><\/td>\n<\/tr>\n<tr style=\"height: 28px;\">\n<td style=\"width: 13.6529%; height: 28px;\" colspan=\"2\"><span style=\"color: #000000; font-size: 10pt;\">Dagens Nyheter<\/span><\/td>\n<td style=\"width: 147.982%; height: 28px;\" colspan=\"2\"><span style=\"color: #000000; font-size: 10pt;\">Carl den 12:te ridt\u00a0fr\u00e5n Radom<\/span><\/td>\n<td style=\"width: 10.7438%; height: 28px;\"><span style=\"color: #0000ff; font-size: 10pt;\"><a style=\"color: #0000ff;\" href=\"https:\/\/tidningar.kb.se\/8224221\/1873-07-23\/edition\/0\/part\/1\/page\/1\/?q=%20mejerfelt\">23-07-1873<\/a><\/span><\/td>\n<\/tr>\n<tr style=\"height: 28px;\">\n<td style=\"width: 13.6529%; height: 28px;\" colspan=\"2\"><span style=\"color: #000000; font-size: 10pt;\">Blekingsposten<\/span><\/td>\n<td style=\"width: 147.982%; height: 28px;\" colspan=\"2\"><span style=\"color: #000000; font-size: 10pt;\">Generalen grefve M&#8217;s br\u00f6llop<\/span><\/td>\n<td style=\"width: 10.7438%; height: 28px;\"><span style=\"color: #0000ff; font-size: 10pt;\"><a style=\"color: #0000ff;\" href=\"https:\/\/tidningar.kb.se\/2656330\/1874-01-30\/edition\/146134\/part\/1\/page\/1\/?q=%20mejerfelts\">30-01-1874<\/a><\/span><\/td>\n<\/tr>\n<tr style=\"height: 28px;\">\n<td style=\"width: 13.6529%; height: 28px;\" colspan=\"2\"><span style=\"color: #000000; font-size: 10pt;\">J\u00f6nk\u00f6pings Tidning<\/span><\/td>\n<td style=\"width: 147.982%; height: 28px;\" colspan=\"2\"><span style=\"color: #000000; font-size: 10pt;\">Sv\u00e4rdet Carl XII hemf\u00f6rdt fr\u00e5n Bender<\/span><\/td>\n<td style=\"width: 10.7438%; height: 28px;\"><span style=\"color: #0000ff; font-size: 10pt;\"><a style=\"color: #0000ff;\" href=\"https:\/\/tidningar.kb.se\/2746083\/1882-08-31\/edition\/153074\/part\/1\/page\/2\/?q=%20meyerfelt\">31-08-1882<\/a><\/span><\/td>\n<\/tr>\n<tr style=\"height: 28px;\">\n<td style=\"width: 13.6529%; height: 28px;\" colspan=\"2\"><span style=\"color: #000000; font-size: 10pt;\">Sydsvenska Dagbladet<\/span><\/td>\n<td style=\"width: 147.982%; height: 28px;\" colspan=\"2\"><span class=\"edition\" style=\"color: #000000; font-size: 10pt;\" data-reactid=\".0.1.2.6.2\">1720-talet \u00f6vergick S\u00f6fdeborg till M.<\/span><\/td>\n<td style=\"width: 10.7438%; height: 28px;\"><span style=\"color: #0000ff; font-size: 10pt;\"><a style=\"color: #0000ff;\" href=\"https:\/\/tidningar.kb.se\/4112787\/1885-10-10\/edition\/153666\/part\/1\/page\/3\/?q=%20mejerfelt\">10-10-1885<\/a><\/span><\/td>\n<\/tr>\n<tr style=\"height: 28px;\">\n<td style=\"width: 13.6529%; height: 28px;\" colspan=\"2\"><span style=\"color: #000000; font-size: 10pt;\">G\u00f6teborgs Handels- Och Sj\u00f6fartstidning<\/span><\/td>\n<td style=\"width: 147.982%; height: 28px;\" colspan=\"2\"><span style=\"color: #000000; font-size: 10pt;\">Karl XII:s karakt\u00e4r i rysk belysning<\/span><\/td>\n<td style=\"width: 10.7438%; height: 28px;\"><span style=\"color: #0000ff; font-size: 10pt;\"><a style=\"color: #0000ff;\" href=\"https:\/\/tidningar.kb.se\/3678898\/1893-09-23\/edition\/144022\/part\/2\/page\/2\/?q=%20meierfeld\">23-09-1893<\/a><\/span><\/td>\n<\/tr>\n<tr style=\"height: 28px;\">\n<td style=\"width: 13.6529%; height: 28px;\" colspan=\"2\"><span style=\"color: #000000; font-size: 10pt;\">Arbetet<\/span><\/td>\n<td style=\"width: 147.982%; height: 28px;\" colspan=\"2\"><span style=\"color: #000000; font-size: 10pt;\">Hvad de gamla\u00a0karolinerna sade om ordensv\u00e4sendet<\/span><\/td>\n<td style=\"width: 10.7438%; height: 28px;\"><span style=\"color: #0000ff; font-size: 10pt;\"><a style=\"color: #0000ff;\" href=\"https:\/\/tidningar.kb.se\/1865536\/1898-04-19\/edition\/147466\/part\/1\/page\/2\/?q=%20meijerfelt\">19-04-1898<\/a><\/span><\/td>\n<\/tr>\n<tr style=\"height: 28px;\">\n<td style=\"width: 13.6529%; height: 28px;\" colspan=\"2\"><span style=\"color: #000000; font-size: 10pt;\">Korrespondenten<\/span><\/td>\n<td style=\"width: 147.982%; height: 28px;\" colspan=\"2\"><span style=\"color: #000000; font-size: 10pt;\">Grefvinnan von \u00c4scheberg, fr\u00e5n 1724 af grefve M.<\/span><\/td>\n<td style=\"width: 10.7438%; height: 28px;\"><span style=\"color: #0000ff; font-size: 10pt;\"><a style=\"color: #0000ff;\" href=\"https:\/\/tidningar.kb.se\/2755828\/1906-03-09\/edition\/154670\/part\/1\/page\/3\/?q=%20mejerfelt\">09-03-1906<\/a><\/span><\/td>\n<\/tr>\n<\/tbody>\n<\/table>\n<p>&nbsp;<\/p>\n","protected":false},"excerpt":{"rendered":"<p>KRANTEN Johann August von Meijerfeldt sr Retour Persoonsdossier NAAM\u00a0 TAAL Amsterdamse Courant, avec privil\u00e8ge de nos-seigneurs les Etats de Hollande et de West-Frise Nederlands Gazette de Berne\u00a0\/ Nouvelles de divers endroits Frans Gazette de Leyde \/\u00a0Les Nouvelles extraordinaires de divers endroits Nederlands Gazette de Paris\u00a0\/\u00a0Rec\u00fceil des Nouvelles Ordinaires et Extraordinaires Frans La Clef du Cabinet\u00a0des &hellip; <a href=\"https:\/\/meijenfeldt.nl\/?page_id=41787\" class=\"more-link\">Verder lezen <span class=\"screen-reader-text\">Kranten JAMsr<\/span><\/a><\/p>\n","protected":false},"author":1,"featured_media":0,"parent":0,"menu_order":0,"comment_status":"closed","ping_status":"closed","template":"","meta":{"footnotes":""},"class_list":["post-41787","page","type-page","status-publish","hentry"],"_links":{"self":[{"href":"https:\/\/meijenfeldt.nl\/index.php?rest_route=\/wp\/v2\/pages\/41787","targetHints":{"allow":["GET"]}}],"collection":[{"href":"https:\/\/meijenfeldt.nl\/index.php?rest_route=\/wp\/v2\/pages"}],"about":[{"href":"https:\/\/meijenfeldt.nl\/index.php?rest_route=\/wp\/v2\/types\/page"}],"author":[{"embeddable":true,"href":"https:\/\/meijenfeldt.nl\/index.php?rest_route=\/wp\/v2\/users\/1"}],"replies":[{"embeddable":true,"href":"https:\/\/meijenfeldt.nl\/index.php?rest_route=%2Fwp%2Fv2%2Fcomments&post=41787"}],"version-history":[{"count":43,"href":"https:\/\/meijenfeldt.nl\/index.php?rest_route=\/wp\/v2\/pages\/41787\/revisions"}],"predecessor-version":[{"id":73704,"href":"https:\/\/meijenfeldt.nl\/index.php?rest_route=\/wp\/v2\/pages\/41787\/revisions\/73704"}],"wp:attachment":[{"href":"https:\/\/meijenfeldt.nl\/index.php?rest_route=%2Fwp%2Fv2%2Fmedia&parent=41787"}],"curies":[{"name":"wp","href":"https:\/\/api.w.org\/{rel}","templated":true}]}}