{"id":41535,"date":"2022-01-08T18:13:47","date_gmt":"2022-01-08T18:13:47","guid":{"rendered":"https:\/\/meijenfeldt.nl\/?page_id=41535"},"modified":"2024-04-15T15:10:06","modified_gmt":"2024-04-15T15:10:06","slug":"zz-352-axel-fredrik","status":"publish","type":"page","link":"https:\/\/meijenfeldt.nl\/?page_id=41535","title":{"rendered":"ZZ.354. Axel Friedrich"},"content":{"rendered":"<table style=\"border-collapse: collapse; width: 100%; height: 1603px;\">\n<tbody>\n<tr>\n<td style=\"width: 100%; text-align: center; background-color: #ffffff;\" colspan=\"4\"><span style=\"color: #000000; font-size: 14pt;\"><strong>PERSOONSDOSSIER<\/strong><\/span><\/td>\n<\/tr>\n<tr>\n<td style=\"width: 100%; text-align: center; background-color: #ffffff;\" colspan=\"4\"><span style=\"color: #000000; font-size: 10pt;\"><span style=\"color: #0000ff;\"><a style=\"color: #0000ff;\" href=\"https:\/\/meijenfeldt.nl\/?page_id=654\">\u2190 Stamboom<\/a><\/span>\u00a0 \u00a0***\u00a0 <span style=\"color: #0000ff;\"><a style=\"color: #0000ff;\" href=\"#genealogie\">\u2193 Genealogie<\/a><\/span>\u00a0 \u00a0***\u00a0 <span style=\"color: #0000ff;\"><a style=\"color: #0000ff;\" href=\"#portretten\">\u2193 Portretten<\/a><\/span>\u00a0 \u00a0***\u00a0 <span style=\"color: #0000ff;\"><a style=\"color: #0000ff;\" href=\"#levensloop\">\u2193 Levensloop<\/a><\/span>\u00a0 \u00a0***\u00a0 <span style=\"color: #0000ff;\"><a style=\"color: #0000ff;\" href=\"#kranten\">\u2193 Kranten<\/a><\/span>\u00a0 \u00a0***\u00a0 <span style=\"color: #0000ff;\"><a style=\"color: #0000ff;\" href=\"#documenten\">\u2193 Documenten<\/a><\/span><\/span><\/td>\n<\/tr>\n<tr style=\"height: 28px;\">\n<td style=\"background-color: #d5e8eb; text-align: center; height: 10px; width: 100%;\" colspan=\"4\"><span style=\"color: #000000;\"><strong>FAMILIETAK<\/strong><\/span><\/td>\n<\/tr>\n<tr style=\"height: 28px;\">\n<td style=\"width: 100%; height: 28px;\" colspan=\"4\"><span style=\"font-size: 6pt;\"><strong><span style=\"color: #000000;\">\u00a0<\/span><\/strong><\/span><\/td>\n<\/tr>\n<tr style=\"height: 10px;\">\n<td style=\"height: 10px; width: 25%;\"><\/td>\n<td style=\"width: 44.697%; height: 10px; text-align: center; background-color: #ffffff;\"><\/td>\n<td style=\"width: 5.30303%; height: 10px; background-color: #baafaf; text-align: center;\"><span style=\"color: #0000ff;\"><a style=\"color: #0000ff;\" href=\"https:\/\/meijenfeldt.nl\/?page_id=41514\"><span style=\"font-size: 6pt;\"><strong>OUDERS<\/strong><\/span><\/a><\/span><\/td>\n<td style=\"width: 25%; height: 10px;\"><\/td>\n<\/tr>\n<tr style=\"height: 28px;\">\n<td style=\"width: 25%; height: 28px;\"><\/td>\n<td style=\"width: 44.697%; text-align: center; height: 28px; background-color: #ffffff;\"><\/td>\n<td style=\"width: 5.30303%; height: 28px; background-color: #baafaf; text-align: center;\"><strong style=\"font-size: 8px; text-align: center;\"><span style=\"color: #000000;\">ZZ.352<\/span><\/strong><\/td>\n<td style=\"width: 25%; height: 28px;\"><\/td>\n<\/tr>\n<tr style=\"height: 56px;\">\n<td style=\"width: 25%; height: 10px; text-align: center; vertical-align: top;\"><span style=\"color: #008000;\"><span style=\"font-size: 6pt;\">\u00a0<\/span><\/span><\/td>\n<td style=\"width: 44.697%; height: 10px; text-align: center; vertical-align: middle; background-color: #ffffff;\"><span style=\"color: #008000;\"><span style=\"font-size: 6pt;\"><span style=\"color: #000000;\"><strong>Gravenwapen<\/strong><img loading=\"lazy\" decoding=\"async\" class=\"alignnone wp-image-35852 aligncenter\" style=\"color: #008000;\" src=\"https:\/\/meijenfeldt.nl\/wp-content\/uploads\/2021\/01\/Gravenwapen-258x300.jpg\" alt=\"\" width=\"376\" height=\"437\" srcset=\"https:\/\/meijenfeldt.nl\/wp-content\/uploads\/2021\/01\/Gravenwapen-258x300.jpg 258w, https:\/\/meijenfeldt.nl\/wp-content\/uploads\/2021\/01\/Gravenwapen.jpg 402w\" sizes=\"auto, (max-width: 376px) 100vw, 376px\" \/><\/span><\/span><\/span><\/td>\n<td style=\"width: 5.30303%; background-color: #e8fac5; height: 10px; text-align: center; vertical-align: middle;\"><span style=\"font-size: 10pt;\"><span style=\"color: #000000;\"><strong>Axel<br \/>\n<\/strong><\/span><strong>Friedrich<\/strong><\/span><br \/>\n<span style=\"color: #000000;\"><span style=\"font-size: 6pt;\"><span style=\"font-size: 10pt;\">von Meijerfeldt<\/span><a id=\"genealogie\"><\/a><\/span><\/span><\/td>\n<td style=\"width: 25%; height: 10px; vertical-align: middle;\"><\/td>\n<\/tr>\n<tr style=\"height: 28px;\">\n<td style=\"width: 100%; height: 28px;\" colspan=\"4\"><span style=\"color: #008000;\"><strong><span style=\"font-size: 6pt;\">\u00a0<\/span><\/strong><\/span><\/td>\n<\/tr>\n<tr style=\"height: 28px;\">\n<td style=\"width: 100%; background-color: #d5e8eb; text-align: center; height: 28px;\" colspan=\"4\"><span style=\"color: #000000;\"><strong>GENEALOGIE<\/strong><\/span><\/td>\n<\/tr>\n<tr style=\"height: 84px;\">\n<td style=\"width: 100%; height: 10px;\" colspan=\"4\"><span style=\"color: #000000;\"><span style=\"color: #000000;\"><br \/>\nZZ.354. <b>Axel Friedrich<\/b><strong>\u00a0<\/strong><em><strong>(Fredrik)<\/strong><\/em><strong> von Meijerfeldt<\/strong>,\u00a0* Stockholm 11-11-1769,\u00a0\u2248 Jacob \u00a013-11-1769,\u00a0\u2020 \u00d6rebro 13-01-1795, \u2261 \u00d6rebro Nicolai 15-01-1795, graaf, majoor, ongehuwd, geen kinderen.<a id=\"portretten\"><\/a><\/span><\/span><\/td>\n<\/tr>\n<tr style=\"height: 28px;\">\n<td style=\"background-color: #d5e8eb; text-align: center; height: 28px; width: 100%;\" colspan=\"4\"><strong><span style=\"color: #000000;\">\u00a0PORTRETTEN<\/span><\/strong><\/td>\n<\/tr>\n<tr style=\"height: 471px;\">\n<td style=\"background-color: #ffffff; width: 100%; text-align: center; height: 471px;\" colspan=\"4\"><strong><span style=\"color: #000000;\"><br \/>\n<img loading=\"lazy\" decoding=\"async\" class=\"alignnone wp-image-49941\" src=\"https:\/\/meijenfeldt.nl\/wp-content\/uploads\/2022\/09\/AFMa-Stola-257x300.jpg\" alt=\"\" width=\"381\" height=\"445\" srcset=\"https:\/\/meijenfeldt.nl\/wp-content\/uploads\/2022\/09\/AFMa-Stola-257x300.jpg 257w, https:\/\/meijenfeldt.nl\/wp-content\/uploads\/2022\/09\/AFMa-Stola-877x1024.jpg 877w, https:\/\/meijenfeldt.nl\/wp-content\/uploads\/2022\/09\/AFMa-Stola-768x896.jpg 768w, https:\/\/meijenfeldt.nl\/wp-content\/uploads\/2022\/09\/AFMa-Stola-1316x1536.jpg 1316w, https:\/\/meijenfeldt.nl\/wp-content\/uploads\/2022\/09\/AFMa-Stola.jpg 1545w\" sizes=\"auto, (max-width: 381px) 100vw, 381px\" \/><br \/>\n<\/span><\/strong><span style=\"color: #000000;\"><span style=\"font-size: 10pt;\"><em>Portret:<\/em> Axel Friedrich, graaf von Meijerfeldt<br \/>\n<em>Jaartal:<\/em> 1782<br \/>\n<em>Artiest:<\/em> Jonas Forslund (1754-1809)<\/span><\/span><span style=\"color: #000000;\"><span style=\"color: #000000;\"><br \/>\n<span style=\"font-size: 10pt;\"><em> Bezit:<\/em> Stola herrg\u00e5rd<\/span><br \/>\n<span style=\"font-size: 10pt;\"><em> Foto:<\/em> Lester von Meijenfeldt (2022)<a id=\"levensloop\"><\/a><\/span><\/span><\/span><\/td>\n<\/tr>\n<tr style=\"height: 28px;\">\n<td style=\"background-color: #d5e8eb; text-align: center; height: 28px; width: 100%;\" colspan=\"4\"><strong><span style=\"color: #000000;\">LEVENSLOOP<br \/>\n<\/span><\/strong><\/td>\n<\/tr>\n<tr style=\"height: 224px;\">\n<td style=\"width: 100%; height: 10px;\" colspan=\"4\"><span style=\"color: #000000; font-size: 10pt;\"><br \/>\n24-12-1777 Gids regiment V\u00e4sterbotten;<\/span><br \/>\n<span style=\"color: #000000; font-size: 10pt;\">10-08-1779 Vaandrig in het regiment N\u00e4rke-V\u00e4rmland;<\/span><br \/>\n<span style=\"color: #000000; font-size: 10pt;\">17-02-1781 Stafvaandrig bij de Lijfwacht in zijn regiment; dienstwoning in Rilinge, Askers district, N\u00e4rke;<\/span><br \/>\n<span style=\"color: #000000; font-size: 10pt;\">27-09-1785 Luitenant in zijn regiment;<\/span><br \/>\n<span style=\"color: #000000; font-size: 10pt;\">1788\u00a0Adjudant generaal Armfelt;<\/span><br \/>\n<span style=\"color: #000000; font-size: 10pt;\">23-08-1790 Kapitein 1e majoorcompagnie van zijn regiment; S<\/span><span style=\"color: #000000; font-size: 10pt;\">tafadjudant van koning Gustaaf III;\u00a0<\/span><br \/>\n<span style=\"color: #000000; font-size: 10pt;\"><span style=\"color: #000000; font-size: 10pt;\">15-02-1793 Majoor 3e majoorscompagnie van zijn regiment; adjudant-kolonel koning Gustaf IV Adolf.<a id=\"kranten\"><\/a><\/span><\/span><\/td>\n<\/tr>\n<tr>\n<td style=\"background-color: #d5e8eb; text-align: center; width: 100%;\" colspan=\"4\"><strong><span style=\"color: #000000;\">KRANTEN<\/span><\/strong><\/td>\n<\/tr>\n<tr>\n<td style=\"background-color: #ffffff; width: 25%; text-align: left;\"><span style=\"color: #000000; font-size: 10pt;\">\u00a0<\/span><\/td>\n<td style=\"background-color: #ffffff; text-align: left; width: 50%;\" colspan=\"2\"><span style=\"color: #0000ff;\"><span style=\"font-size: 10pt;\">\u00a0<\/span><\/span><\/td>\n<td style=\"background-color: #ffffff; width: 25%; text-align: left;\"><span style=\"color: #000000; font-size: 10pt;\">\u00a0<\/span><\/td>\n<\/tr>\n<tr>\n<td style=\"background-color: #ffffff; width: 25%; text-align: left;\"><span style=\"color: #000000; font-size: 10pt;\">Inrikes Tidningar<\/span><\/td>\n<td style=\"background-color: #ffffff; text-align: left; width: 50%;\" colspan=\"2\"><span style=\"color: #0000ff;\"><span style=\"font-size: 10pt;\"><a style=\"color: #0000ff;\" href=\"https:\/\/tidningar.kb.se\/2509100\/1787-03-29\/edition\/145120\/part\/1\/page\/1\/?q=%20meyerfelt\">Kongl. Slottet, Bal=Par\u00e9, Quadrillen med fru friherrinan Cederstr\u00f6m<\/a><\/span><\/span><span style=\"color: #000000;\"><br \/>\n<\/span><\/td>\n<td style=\"background-color: #ffffff; width: 25%; text-align: left;\"><span style=\"color: #000000; font-size: 10pt;\">29-03-1787<\/span><\/td>\n<\/tr>\n<tr>\n<td style=\"background-color: #ffffff; width: 25%; text-align: left;\"><span style=\"color: #000000; font-size: 10pt;\">Inrikes Tidningar<\/span><\/td>\n<td style=\"background-color: #ffffff; text-align: left; width: 50%;\" colspan=\"2\"><span style=\"color: #0000ff;\"><span style=\"font-size: 10pt;\"><span style=\"font-size: 10pt;\"><a style=\"color: #0000ff;\" href=\"https:\/\/tidningar.kb.se\/2509100\/1787-04-05\/edition\/145120\/part\/1\/page\/2\/?q=%20meijerfelt&amp;page=1\">Kongl. Slottet, Bal=Par\u00e9, Quadrillen med Charlotte Wrangel<\/a><\/span><\/span><\/span><\/td>\n<td style=\"background-color: #ffffff; width: 25%; text-align: left;\"><span style=\"color: #000000; font-size: 10pt;\">05-04-1787<\/span><\/td>\n<\/tr>\n<tr>\n<td style=\"background-color: #ffffff; width: 25%; text-align: left;\"><span style=\"color: #000000; font-size: 10pt;\">Inrikes Tidningar<\/span><\/td>\n<td style=\"background-color: #ffffff; text-align: left; width: 50%;\" colspan=\"2\"><span style=\"color: #0000ff;\"><span style=\"font-size: 10pt;\"><a style=\"color: #0000ff;\" href=\"https:\/\/tidningar.kb.se\/2509100\/1788-03-17\/edition\/145120\/part\/1\/page\/2\/?q=%20mejerfelt\">Kongl. Slottet, Bal=Par\u00e9, Quadrillen med friherrinan D\u00fcben<\/a><a id=\"documenten\"><\/a><\/span><\/span><\/td>\n<td style=\"background-color: #ffffff; width: 25%; text-align: left;\"><span style=\"color: #000000; font-size: 10pt;\">17-03-1788<\/span><\/td>\n<\/tr>\n<tr>\n<td style=\"background-color: #ffffff; width: 25%; text-align: left;\"><span style=\"color: #000000; font-size: 10pt;\">\u00a0<\/span><\/td>\n<td style=\"background-color: #ffffff; width: 50%; text-align: left;\" colspan=\"2\"><span style=\"color: #0000ff;\"><span style=\"font-size: 10pt;\">\u00a0<\/span><\/span><\/td>\n<td style=\"background-color: #ffffff; width: 25%; text-align: left;\"><span style=\"color: #000000; font-size: 10pt;\">\u00a0<\/span><\/td>\n<\/tr>\n<tr style=\"height: 28px;\">\n<td style=\"height: 28px; background-color: #d5e8eb; text-align: center; width: 100%;\" colspan=\"4\"><strong><span style=\"color: #000000;\">DOCUMENTEN<\/span><\/strong><\/td>\n<\/tr>\n<tr style=\"height: 196px;\">\n<td style=\"width: 100%; height: 196px;\" colspan=\"4\"><span style=\"color: #000000; font-size: 10pt;\"><span style=\"color: #000000; font-size: 10pt;\"><strong style=\"color: #000000;\"><span style=\"color: #000000;\"><strong><br \/>\nSE\/KrA<\/strong><span style=\"font-weight: 400;\"> = Sverige \/ Krigsarkivet (Militair Archief Zweden); <strong>0023\/0 = <\/strong><\/span><\/span><\/strong><span style=\"color: #000000;\"><span style=\"font-weight: 400;\">Generalm\u00fcnsterrullor 1660-1887 \/ <\/span><\/span><span style=\"color: #000000;\"><span style=\"font-weight: 400;\">Arkiv med l\u00f6pande volymnumrering<\/span><\/span><span style=\"font-weight: 400; color: #0000ff;\"><span style=\"color: #000000;\">; <strong>0321\/I\/30<\/strong> = Meritf\u00f6rteckningar \/ Svenska indelta regementen \/<br \/>\nN\u00e4rke-V\u00e4rmlands regemente; <\/span><\/span><strong style=\"color: #000000;\"><span style=\"font-weight: 400; color: #0000ff;\"><span style=\"color: #000000;\"><strong>1051<\/strong> = Biografica\/003\/M\/8 <span style=\"color: #0000ff;\"><a style=\"color: #0000ff;\" href=\"https:\/\/sok.riksarkivet.se\/bildvisning\/A0066512_00010#?c=&amp;m=&amp;s=&amp;cv=9&amp;xywh=2334%2C-343%2C4137%2C2842\">Fiche<\/a>.<br \/>\n<\/span><\/span><\/span><\/strong><span style=\"font-weight: 400;\"><strong>SE\/LLA = <\/strong>Sverige \/\u00a0Landsarkivet i Lund; <strong>13459 = <\/strong>Vittsk\u00f6vle Kyrkoarkiv; <b>13234 = <\/b>K\u00f6pinge Kyrkoarkiv<\/span><strong style=\"color: #000000;\"><br style=\"font-weight: 400;\" \/><span style=\"color: #000000;\"><strong>SE\/RA<\/strong><span style=\"font-weight: 400;\">\u00a0= Sverige \/ Riksarkivet (Nationaal Archief Zweden);\u00a0<\/span><strong>756.1<\/strong><span style=\"font-weight: 400;\">\u00a0= \u00c4mnessamlingar \/ Personhistoria \/\u00a0<\/span><span style=\"color: #0000ff;\"><a style=\"font-size: 10pt; font-weight: 400; color: #0000ff;\" href=\"https:\/\/sok.riksarkivet.se\/?postid=Arkis+3ee29906-9b89-11d5-a701-0002440207bb&amp;vol=n%2cn%2cn%2cn%2cn%2cn%2cn%2cn&amp;s=Balder\">Biographica<\/a><\/span><span style=\"font-size: 10pt; font-weight: 400;\"> 1500t \u2013 1800t; <\/span><strong>270266\/01\/139<\/strong><span style=\"font-weight: 400;\"> = Ericsbergsarkivet \/ Autografsammlingen \/ Martin-Meijerfelt <span style=\"color: #0000ff;\"><a style=\"color: #0000ff;\" href=\"https:\/\/sok.riksarkivet.se\/bildvisning\/A0040220_00473#?c=&amp;m=&amp;s=&amp;cv=472&amp;xywh=-779%2C121%2C4242%2C2211\">Fiche<\/a><br \/>\n<span style=\"color: #000000;\"><b>SE\/S <\/b><\/span><\/span><\/span><\/span><\/strong><span style=\"font-weight: 400;\">= Sverige \/ <\/span><strong style=\"color: #000000;\"><span style=\"color: #000000;\"><span style=\"font-weight: 400;\"><span style=\"color: #0000ff;\"><span style=\"color: #000000;\">Kungliga Biblioteket; <strong>SB 17<\/strong> = <\/span><\/span><\/span><\/span><\/strong><span style=\"color: #000000;\"><span style=\"font-weight: 400;\"><span style=\"color: #0000ff;\"><span style=\"color: #000000;\"><span class=\"code9\">Svensk Bibliografi 1700-1829.<br \/>\n<\/span><\/span><\/span><\/span><\/span><strong><span style=\"font-weight: 400;\"><b>SE\/SSA <\/b><\/span><\/strong><span style=\"font-weight: 400;\">= Sverige \/<\/span><span style=\"font-weight: 400;\"><span style=\"font-weight: 400;\">Stockholm <\/span><\/span><span style=\"font-weight: 400;\"><span style=\"font-weight: 400;\">Stadsarkiv; <strong>0008<\/strong> = Jakob och Johannes kyrkoarkiv<\/span><\/span><strong style=\"color: #000000;\"><span style=\"color: #000000;\"><span style=\"font-weight: 400;\"><span style=\"color: #0000ff;\"><b><br \/>\n<\/b><\/span><\/span><\/span><\/strong><\/span><\/span><span style=\"color: #000000; font-size: 10pt;\"><span style=\"color: #000000; font-size: 10pt;\"><strong style=\"color: #000000;\"><span style=\"color: #000000;\"><span style=\"font-weight: 400;\"><span style=\"color: #0000ff;\"><span style=\"color: #000000;\"><strong>SE\/ULA<\/strong> = <\/span><\/span><\/span><\/span><\/strong><span style=\"color: #000000;\"><span style=\"font-weight: 400;\"><span style=\"color: #0000ff;\"><span style=\"color: #000000;\">Landsarkivet i Uppsala; <strong>11800<\/strong> = Nikolai kyrkoarkiv, \u00d6rebro<br \/>\n<\/span><\/span><\/span><\/span><strong style=\"color: #000000;\"><span style=\"color: #000000;\"><span style=\"font-weight: 400;\"><span style=\"color: #0000ff;\"><span style=\"color: #000000;\"><strong>SE\/\u00d6SA<\/strong> = Sverige \/ \u00d6rebro Stadsarchivet;\u00a0<\/span><br \/>\n<\/span><\/span><\/span>SE\/<span style=\"color: #800000;\"><span style=\"font-size: 10pt;\"><span style=\"font-weight: 400;\"><span style=\"color: #000000;\"><strong>VALA = <\/strong><\/span><\/span><span style=\"font-weight: 400; color: #000000;\"><span style=\"font-weight: 400;\">Sverige \/ Landesarkivet i Vadstena; <strong>03825\/01<\/strong> = G\u00f6ta Hovr\u00e4tt \/ Huvudarkivet<\/span><\/span><\/span><\/span><\/strong><\/span><\/span><\/td>\n<\/tr>\n<tr style=\"height: 28px;\">\n<td style=\"width: 25%; height: 28px;\"><span style=\"color: #800000;\"><strong><span style=\"font-size: 13.3333px;\">VINDPLAATS<\/span><\/strong><\/span><\/td>\n<td style=\"width: 50%; height: 28px;\" colspan=\"2\"><span style=\"color: #800000;\"><strong><span style=\"font-size: 10pt;\">INHOUD<\/span><\/strong><\/span><\/td>\n<td style=\"width: 25%; height: 28px;\"><span style=\"color: #800000;\"><strong><span style=\"font-size: 10pt;\">DATUM<\/span><\/strong><\/span><\/td>\n<\/tr>\n<tr style=\"height: 28px;\">\n<td style=\"width: 69.697%; height: 28px;\" colspan=\"2\"><span style=\"font-size: 10pt; color: #000000;\">SE\/SSA\/0008, F\u00f6delse- och Dopb\u00f6cker 1768-1775, fol 64<\/span><\/td>\n<td style=\"width: 5.30303%;\"><span style=\"font-size: 10pt; color: #0000ff;\"><a style=\"color: #0000ff;\" href=\"https:\/\/sok.riksarkivet.se\/bildvisning\/C0054703_00077#?c=&amp;m=&amp;s=&amp;cv=76&amp;xywh=606%2C-100%2C4923%2C3539\">geboorte<br \/>\ndoop<\/a>\u00a0<\/span><\/td>\n<td style=\"width: 25%; height: 28px;\"><span style=\"font-size: 10pt; color: #000000;\">11-11-1769<\/span><br \/>\n<span style=\"font-size: 10pt; color: #000000;\">13-11-1769<\/span><\/td>\n<\/tr>\n<tr style=\"height: 56px;\">\n<td style=\"width: 25%; height: 56px;\"><span style=\"font-size: 10pt; color: #000000;\">SE\/RA\/720, 132 B\u00f6rstorpsamlingen, 014 Vol E 3080<\/span><\/td>\n<td style=\"width: 50%; height: 56px;\" colspan=\"2\"><span style=\"font-size: 10pt; color: #000000;\">Brief aan Christina Margareta Augusta T\u00f6rnflycht (1714-1780) g.m. Axel Wrede-Sparre (1708-1772)<\/span><\/td>\n<td style=\"width: 25%; height: 56px;\"><span style=\"font-size: 10pt;\">1775<\/span><\/td>\n<\/tr>\n<tr>\n<td style=\"width: 25%;\"><span style=\"color: #000000; font-size: 10pt;\"><span style=\"color: #000000;\">SE\/KrA\/0321\/I\/30, 251<\/span><\/span><\/td>\n<td style=\"width: 50%;\" colspan=\"2\"><span style=\"font-size: 10pt; color: #0000ff;\"><span style=\"color: #000000;\">Meritf\u00f6rteckningar, N\u00e4rke-V\u00e4rmlands regemente,<\/span> <span style=\"color: #0000ff;\"><a style=\"color: #0000ff;\" href=\"https:\/\/sok.riksarkivet.se\/bildvisning\/A0004242_00251#?c=&amp;m=&amp;s=&amp;cv=250&amp;xywh=-310%2C889%2C3854%2C2057\"><span style=\"font-size: 10pt;\">Stabs Fenrich Gref Meijerfeldt<\/span><\/a><\/span><\/span><\/td>\n<td style=\"width: 25%;\"><span style=\"font-size: 13.3333px;\"><span style=\"font-size: 10pt;\">24-12-1777<br \/>\n10-08-1779<\/span><\/span><\/td>\n<\/tr>\n<tr>\n<td style=\"width: 25%;\"><span style=\"color: #000000; font-size: 10pt;\"><span style=\"color: #000000;\">SE\/KrA\/0321\/I\/30, 244<\/span><\/span><\/td>\n<td style=\"width: 50%;\" colspan=\"2\"><span style=\"font-size: 10pt; color: #0000ff;\"><a style=\"color: #0000ff;\" href=\"https:\/\/sok.riksarkivet.se\/bildvisning\/A0004242_00244#?c=&amp;m=&amp;s=&amp;cv=243&amp;xywh=-12%2C1968%2C3641%2C1944\">Fenrich tansporterad ut\u00e5n Westerbottens Regemente<\/a><\/span><\/td>\n<td style=\"width: 25%;\"><span style=\"font-size: 13.3333px;\">17-02-1781<\/span><\/td>\n<\/tr>\n<tr style=\"height: 28px;\">\n<td style=\"width: 25%; height: 28px;\"><span style=\"color: #000000; font-size: 10pt;\"><span style=\"color: #000000;\">SE\/KrA\/<\/span><strong style=\"color: #000000;\"><span style=\"color: #000000;\"><strong><span style=\"font-weight: 400;\">0023\/0, 190 fol 15<\/span><\/strong><\/span><\/strong><\/span><\/td>\n<td style=\"height: 28px; width: 50%;\" colspan=\"2\"><span style=\"font-size: 10pt; color: #0000ff;\"><span style=\"color: #000000;\">Nerike och Wermelands regemente, Lif Compagnit, <\/span><a style=\"color: #0000ff;\" href=\"https:\/\/sok.riksarkivet.se\/bildvisning\/A0028165_00015#?c=&amp;m=&amp;s=&amp;cv=14&amp;xywh=24%2C-64%2C3470%2C2188\">stabsfendrich<\/a><\/span><\/td>\n<td style=\"width: 25%; height: 28px;\"><span style=\"font-size: 13.3333px;\">20-12-1782<\/span><\/td>\n<\/tr>\n<tr>\n<td style=\"width: 25%;\"><span style=\"color: #000000; font-size: 10pt;\"><span style=\"color: #000000;\">SE\/KrA\/0321\/I\/30, 257-258<\/span><\/span><\/td>\n<td style=\"width: 50%;\" colspan=\"2\"><span style=\"font-size: 10pt; color: #0000ff;\"><a style=\"color: #0000ff;\" href=\"https:\/\/sok.riksarkivet.se\/bildvisning\/A0004242_00257#?c=&amp;m=&amp;s=&amp;cv=256&amp;xywh=-25%2C456%2C4119%2C2320\">Avancerad till Lieutenant<\/a><\/span><\/td>\n<td style=\"width: 25%;\"><span style=\"font-size: 13.3333px;\"><span style=\"font-size: 10pt;\">27-09-1785<\/span><\/span><\/td>\n<\/tr>\n<tr>\n<td style=\"width: 25%;\"><span style=\"font-size: 10pt;\"><span style=\"color: #000000; font-size: 10pt;\"><span style=\"color: #000000;\">SE\/KrA\/0321\/I\/30, <\/span><\/span>268-272-278<\/span><span style=\"color: #000000; font-size: 10pt;\"><span style=\"color: #000000;\"><br \/>\n<\/span><\/span><\/td>\n<td style=\"width: 50%;\" colspan=\"2\"><span style=\"font-size: 10pt; color: #0000ff;\"><a style=\"color: #0000ff;\" href=\"https:\/\/sok.riksarkivet.se\/bildvisning\/A0004242_00268#?c=&amp;m=&amp;s=&amp;cv=267&amp;xywh=177%2C181%2C3431%2C1933\">Lieutenant<\/a><\/span><\/td>\n<td style=\"width: 25%;\"><span style=\"font-size: 13.3333px;\"><span style=\"font-size: 10pt;\">27-09-1788<\/span><\/span><\/td>\n<\/tr>\n<tr style=\"height: 56px;\">\n<td style=\"width: 25%; height: 56px;\"><span style=\"font-size: 10pt;\"><span style=\"color: #000000; font-size: 10pt;\"><span style=\"color: #000000;\">SE\/KrA\/<\/span><strong style=\"color: #000000;\"><span style=\"color: #000000;\"><strong><span style=\"font-weight: 400;\">0023\/0, <\/span><\/strong><\/span><\/strong><\/span>191, fol 339<\/span><\/td>\n<td style=\"width: 50%; height: 56px;\" colspan=\"2\"><span style=\"font-size: 10pt; color: #0000ff;\"><a style=\"color: #0000ff;\" href=\"https:\/\/sok.riksarkivet.se\/bildvisning\/A0028166_00339#?c=&amp;m=&amp;s=&amp;cv=338&amp;xywh=379%2C1071%2C3499%2C2206\">Nerike och Wermelands regemente, Lif Compagnie, stabslieutenant<\/a><\/span><\/td>\n<td style=\"width: 25%; height: 56px;\"><span style=\"font-size: 13.3333px;\">08-07-1788<\/span><\/td>\n<\/tr>\n<tr style=\"height: 56px;\">\n<td style=\"width: 25%; height: 56px;\"><span style=\"font-size: 10pt;\"><span style=\"color: #000000; font-size: 10pt;\"><span style=\"color: #000000;\">SE\/KrA\/<\/span><strong style=\"color: #000000;\"><span style=\"color: #000000;\"><strong><span style=\"font-weight: 400;\">0023\/0, <\/span><\/strong><\/span><\/strong><\/span>191, fol 469<span style=\"color: #000000;\"><span style=\"color: #000000;\"><br \/>\n<\/span><\/span><\/span><\/td>\n<td style=\"width: 50%; height: 56px;\" colspan=\"2\"><span style=\"font-size: 10pt; color: #0000ff;\"><a style=\"color: #0000ff;\" href=\"https:\/\/sok.riksarkivet.se\/bildvisning\/A0028166_00469#?c=&amp;m=&amp;s=&amp;cv=468&amp;xywh=-181%2C717%2C4614%2C2909\">Nerike och Wermelands regemente, Lif Compagnie, stabslieutenant<\/a><\/span><\/td>\n<td style=\"width: 25%; height: 56px;\"><span style=\"font-size: 13.3333px;\"> 08-07-1788<\/span><\/td>\n<\/tr>\n<tr style=\"height: 56px;\">\n<td style=\"width: 25%; height: 56px;\"><span style=\"font-size: 10pt;\"><span style=\"color: #000000; font-size: 10pt;\"><span style=\"color: #000000;\">SE\/KrA\/<strong style=\"color: #000000;\"><strong><span style=\"font-weight: 400;\">0023\/0, 192, fol 249<\/span><\/strong><\/strong><\/span><\/span><\/span><\/td>\n<td style=\"width: 50%; height: 56px;\" colspan=\"2\"><span style=\"font-size: 10pt; color: #0000ff;\"><a href=\"https:\/\/sok.riksarkivet.se\/bildvisning\/A0028167_00249#?c=&amp;m=&amp;s=&amp;cv=248&amp;xywh=404%2C153%2C3992%2C2640\"><span style=\"color: #0000ff;\">Nerike och Wermelands regemente, Lif Compagnie,<\/span><\/a><a style=\"color: #0000ff;\" href=\"https:\/\/sok.riksarkivet.se\/bildvisning\/A0028167_00249#?c=&amp;m=&amp;s=&amp;cv=248&amp;xywh=404%2C153%2C3992%2C2640\">\u00a0<\/a>stabslieutnant, <span style=\"color: #000000;\">adjudant bij vader<\/span><\/span><\/td>\n<td style=\"width: 25%; height: 56px;\"><span style=\"font-size: 13.3333px;\">11-10-1789<\/span><\/td>\n<\/tr>\n<tr>\n<td style=\"width: 25%;\"><span style=\"font-size: 10pt;\"><span style=\"color: #000000; font-size: 10pt;\"><span style=\"color: #000000;\">SE\/KrA\/078\/A\/004\/\u00d6\/E 5, Band 23, Fol 211 en 218<\/span><\/span><\/span><\/td>\n<td style=\"width: 50%;\" colspan=\"2\"><span style=\"font-size: 10pt; color: #000000;\">Arm\u00e9ns pensionskassa, Meritband, <span style=\"font-size: 10pt;\">Nerike och Wermelands regemente,<\/span> <\/span><a href=\"https:\/\/sok.riksarkivet.se\/bildvisning\/A0043372_00216#?c=&amp;m=&amp;s=&amp;cv=215&amp;xywh=465%2C2865%2C3552%2C1944\"><span style=\"font-size: 10pt; color: #0000ff;\"><span style=\"color: #0000ff;\"><span style=\"color: #0000ff;\">Stabsadjudanten och Lieutenanten<\/span><\/span><\/span><\/a><\/td>\n<td style=\"width: 25%;\"><span style=\"font-size: 13.3333px;\">1790<\/span><\/td>\n<\/tr>\n<tr style=\"height: 46px;\">\n<td style=\"width: 25%; height: 46px;\"><span style=\"font-size: 10pt;\"><span style=\"color: #000000; font-size: 10pt;\"><span style=\"color: #000000;\">SE\/KrA\/<strong style=\"color: #000000;\"><strong><span style=\"font-weight: 400;\">0023\/0, <\/span><\/strong><\/strong>193, fol 5<\/span><\/span><\/span><\/td>\n<td style=\"height: 46px; width: 50%;\" colspan=\"2\"><span style=\"font-size: 10pt; color: #0000ff;\"><span style=\"color: #0000ff;\"><a href=\"https:\/\/sok.riksarkivet.se\/bildvisning\/A0028167_00249#?c=&amp;m=&amp;s=&amp;cv=248&amp;xywh=404%2C153%2C3992%2C2640\"><span style=\"color: #0000ff;\">Nerike och Wermelands regemente, <\/span><\/a><a href=\"https:\/\/sok.riksarkivet.se\/bildvisning\/A0028168_00006#?c=&amp;m=&amp;s=&amp;cv=5&amp;xywh=633%2C142%2C2334%2C1543\"><span style=\"color: #0000ff;\">Lif Compagniet,<\/span><\/a><a style=\"color: #0000ff;\" href=\"https:\/\/sok.riksarkivet.se\/bildvisning\/A0028168_00006#?c=&amp;m=&amp;s=&amp;cv=5&amp;xywh=633%2C142%2C2334%2C1543\">\u00a0<\/a><span style=\"color: #000000;\">befordrat til kapit\u00e4n<\/span><\/span><span style=\"color: #000000;\">\u00a0<\/span><\/span><\/td>\n<td style=\"width: 25%; height: 46px;\"><span style=\"font-size: 13.3333px;\">23-08-1790<br \/>\n<\/span><\/td>\n<\/tr>\n<tr>\n<td style=\"width: 25%;\"><span style=\"font-size: 10pt;\"><span style=\"color: #000000; font-size: 10pt;\"><span style=\"color: #000000;\">SE\/KrA\/078\/A\/004\/\u00d6\/E 5, Band 29, fol 276v<\/span><\/span><\/span><\/td>\n<td style=\"width: 50%;\" colspan=\"2\"><span style=\"font-size: 10pt; color: #0000ff;\"><span style=\"color: #0000ff;\"><span style=\"color: #0000ff;\"><span style=\"color: #000000;\">Arm\u00e9ns Pensionskassa, Nerike och Wermelands regemente, Meritband,<\/span> <a style=\"color: #0000ff;\" href=\"https:\/\/sok.riksarkivet.se\/bildvisning\/A0043372_00288#?c=&amp;m=&amp;s=&amp;cv=287&amp;xywh=563%2C2807%2C2845%2C1593\">Capitain och Stab Adjudant hos Kongl. Maj.t\u00a0<\/a><\/span><\/span><\/span><\/td>\n<td style=\"width: 25%;\"><span style=\"font-size: 13.3333px;\">23-08-1790<\/span><\/td>\n<\/tr>\n<tr style=\"height: 84px;\">\n<td style=\"width: 25%; height: 84px;\"><span style=\"font-size: 10pt;\"><span style=\"color: #000000; font-size: 10pt;\"><span style=\"color: #000000;\">SE\/KrA\/<strong style=\"color: #000000;\"><strong><span style=\"font-weight: 400;\">0023\/0, 193, fol 6 en 110<\/span><\/strong><\/strong><\/span><\/span><\/span><\/td>\n<td style=\"width: 50%; height: 84px;\" colspan=\"2\"><span style=\"font-size: 10pt; color: #0000ff;\"><span style=\"color: #0000ff;\"><a href=\"https:\/\/sok.riksarkivet.se\/bildvisning\/A0028167_00249#?c=&amp;m=&amp;s=&amp;cv=248&amp;xywh=404%2C153%2C3992%2C2640\"><span style=\"color: #0000ff;\">Nerike och Wermelands regemente, <\/span><\/a><a href=\"https:\/\/sok.riksarkivet.se\/bildvisning\/A0028168_00110#?c=&amp;m=&amp;s=&amp;cv=109&amp;xywh=298%2C2013%2C2332%2C1543\"><span style=\"color: #0000ff;\"> Premier Majorens Compagnie,<\/span><\/a><a style=\"color: #0000ff;\" href=\"https:\/\/sok.riksarkivet.se\/bildvisning\/A0028168_00110#?c=&amp;m=&amp;s=&amp;cv=109&amp;xywh=298%2C2013%2C2332%2C1543\">\u00a0<\/a>stabscapitain, <span style=\"color: #000000;\">adjudant bij koning<\/span><\/span><\/span><\/td>\n<td style=\"width: 25%; height: 84px;\"><span style=\"font-size: 13.3333px;\">31-03-1791<br \/>\n<\/span><\/td>\n<\/tr>\n<tr>\n<td style=\"width: 25%;\"><span style=\"font-size: 10pt;\"><span style=\"color: #000000; font-size: 10pt;\"><span style=\"color: #000000;\">SE\/KrA\/<strong style=\"color: #000000;\"><strong><span style=\"font-weight: 400;\">0023\/0, <\/span><\/strong><\/strong>194, fol 986<\/span><\/span><\/span><\/td>\n<td style=\"width: 50%;\" colspan=\"2\"><span style=\"color: #0000ff;\"><a style=\"color: #0000ff;\" href=\"https:\/\/sok.riksarkivet.se\/bildvisning\/A0028169_00534#?c=&amp;m=&amp;s=&amp;cv=533&amp;xywh=1659%2C-26%2C4314%2C1974\"><span style=\"font-size: 10pt;\">Nerike och Wermelands regemente, permission<\/span><\/a><\/span><\/td>\n<td style=\"width: 25%;\"><span style=\"font-size: 13.3333px;\">01-09-1792<\/span><\/td>\n<\/tr>\n<tr style=\"height: 56px;\">\n<td style=\"width: 25%; height: 56px;\"><span style=\"font-size: 10pt;\"><span style=\"color: #000000; font-size: 10pt;\"><span style=\"color: #000000;\">SE\/KrA\/<strong style=\"color: #000000;\"><strong><span style=\"font-weight: 400;\">0023\/0, 194, <\/span><\/strong><\/strong><\/span><\/span>fol 404<\/span><\/td>\n<td style=\"height: 56px; width: 50%;\" colspan=\"2\"><span style=\"font-size: 10pt; color: #0000ff;\"><span style=\"color: #0000ff;\"><span style=\"color: #0000ff;\"><a href=\"https:\/\/sok.riksarkivet.se\/bildvisning\/A0028169_00204#?c=&amp;m=&amp;s=&amp;cv=203&amp;xywh=453%2C1340%2C2676%2C1770\"><span style=\"color: #0000ff;\">Nerike och Wermelands regemente, Tredje Majorens Compagnie,\u00a0major<\/span><\/a>\u00a0<\/span><\/span><\/span><\/td>\n<td style=\"width: 25%; height: 56px;\"><span style=\"font-size: 13.3333px;\">15-02-1793<br \/>\n<\/span><\/td>\n<\/tr>\n<tr>\n<td style=\"width: 25%;\"><span style=\"font-size: 10pt;\">SE\/S\/SB 17, 850708a26 Jurid. Sv. R\u00e4tteg. Handl. (Br)<span style=\"color: #000000; font-size: 10pt;\"><span style=\"color: #000000;\"><br \/>\n<\/span><\/span><\/span><\/td>\n<td style=\"width: 50%;\" colspan=\"2\"><span style=\"font-size: 10pt; color: #0000ff;\"><span style=\"color: #0000ff;\"><span style=\"color: #0000ff;\"><span style=\"color: #0000ff;\"><a href=\"http:\/\/libris.kb.se\/bib\/2439132?vw=full\"><span style=\"color: #0000ff;\">\u00d6rebro Stads K\u00e4mn\u00e4rs=Ratts Protocoller<\/span>.<\/a> <a style=\"color: #0000ff;\" href=\"https:\/\/meijenfeldt.nl\/wp-content\/uploads\/2021\/01\/Orebro-Ratts-Protocol.pdf\">\u00d6rebro Stads K\u00e4mn\u00e4rs=Ratts Protocoller<\/a>,<span style=\"color: #000000;\"> H\u00e5llne Emellan Borgaren O.G. Roos, K\u00e4rande; Och Herr \u00d6fwerste=Lieutenanten Friherre J.W. \u00d6rnsk\u00f6ld, Konungens \u00d6fwer=Adjutant Grefwe Mejerfeldt Och Lieutenanten Eneschi\u00f6ld, Swarander; R\u00f6rande Personligit F\u00f6rol\u00e4mpande, \u00c5 Klubb=Salen, \u00d6rebro, Tryckte hos Joh. Pehr Lindh, 1795<\/span><\/span><\/span><\/span><\/span><\/td>\n<td style=\"width: 25%;\"><span style=\"font-size: 13.3333px;\">08-11-1794<\/span><\/td>\n<\/tr>\n<tr style=\"height: 84px;\">\n<td style=\"width: 25%; height: 84px;\"><span style=\"font-size: 10pt;\"><span style=\"color: #000000; font-size: 10pt;\"><span style=\"color: #000000;\">SE\/KrA\/<strong style=\"color: #000000;\"><strong><span style=\"font-weight: 400;\">0023\/0, 194, <\/span><\/strong><\/strong><\/span><\/span>fol 3\u00a0<\/span><\/td>\n<td style=\"height: 84px;\" colspan=\"2\"><span style=\"font-size: 10pt; color: #0000ff;\"><a style=\"color: #0000ff;\" href=\"https:\/\/sok.riksarkivet.se\/bildvisning\/A0028169_00008#?c=&amp;m=&amp;s=&amp;cv=7&amp;xywh=-144%2C138%2C4998%2C3305\">Nerike och Wermelands regemente, Tredje Majorens Compagnie, \u00f6fwer-adjudant Konung,\u00a0d\u00f6d<\/a>\u00a0<\/span><\/td>\n<td style=\"width: 25%; height: 84px;\"><span style=\"font-size: 13.3333px;\">13-01-1795<br \/>\n<\/span><\/td>\n<\/tr>\n<tr>\n<td style=\"width: 25%;\"><span style=\"font-size: 10pt;\"><span style=\"color: #000000; font-size: 10pt;\"><span style=\"color: #000000;\">fol 198<\/span><\/span><\/span><\/td>\n<td style=\"width: 50%;\" colspan=\"2\"><span style=\"color: #0000ff;\"><a style=\"color: #0000ff;\" href=\"https:\/\/sok.riksarkivet.se\/bildvisning\/A0028169_00104#?c=&amp;m=&amp;s=&amp;cv=103&amp;xywh=-851%2C167%2C7049%2C3226\"><span style=\"font-size: 10pt;\">Premier Majorens Compagnie<\/span><\/a><\/span><\/td>\n<td style=\"width: 25%;\"><span style=\"font-size: 13.3333px;\">13-01-1795<\/span><\/td>\n<\/tr>\n<tr>\n<td style=\"width: 25%;\"><span style=\"font-size: 10pt; color: #000000;\"><span style=\"font-size: 10pt;\"><span style=\"font-weight: 400;\">SE\/ULA\/11800, F \/ 1 D\u00f6d- och Begr\u00e4vningsb\u00f6cker 1693-1830,\u00a0fol 145<\/span><\/span><\/span><\/td>\n<td style=\"width: 50%;\" colspan=\"2\"><span style=\"font-size: 10pt; color: #0000ff;\"><span style=\"font-size: 10pt; color: #000000;\"><span style=\"font-size: 10pt;\"><span style=\"font-weight: 400;\"><a href=\"https:\/\/sok.riksarkivet.se\/bildvisning\/A0004598_00145#?c=&amp;m=&amp;s=&amp;cv=144&amp;xywh=1085%2C-102%2C4212%2C2755\"><span style=\"color: #0000ff;\">Begrafenis<\/span><\/a><\/span><\/span><\/span><\/span><\/td>\n<td style=\"width: 25%;\"><span style=\"font-size: 13.3333px;\">15-01-1795<\/span><\/td>\n<\/tr>\n<tr>\n<td style=\"width: 25%;\"><span style=\"font-size: 10pt; color: #000000;\"><span style=\"font-size: 10pt;\"><span style=\"font-weight: 400;\">SE\/\u00d6SA<\/span><\/span><\/span><\/td>\n<td colspan=\"2\"><span style=\"font-size: 10pt; color: #0000ff;\"><span style=\"font-size: 10pt;\"><span style=\"font-size: 10pt;\"><span style=\"font-weight: 400;\"><a style=\"color: #0000ff;\" href=\"https:\/\/meijenfeldt.nl\/wp-content\/uploads\/2021\/01\/Kort-Orebro.pdf\">K\u00e5rt Index M\u00e4nniskor \u00d6rebro<\/a><\/span><\/span><\/span><\/span><\/td>\n<td style=\"width: 25%;\"><span style=\"font-size: 13.3333px;\">1795<\/span><\/td>\n<\/tr>\n<\/tbody>\n<\/table>\n","protected":false},"excerpt":{"rendered":"<p>PERSOONSDOSSIER \u2190 Stamboom\u00a0 \u00a0***\u00a0 \u2193 Genealogie\u00a0 \u00a0***\u00a0 \u2193 Portretten\u00a0 \u00a0***\u00a0 \u2193 Levensloop\u00a0 \u00a0***\u00a0 \u2193 Kranten\u00a0 \u00a0***\u00a0 \u2193 Documenten FAMILIETAK \u00a0 OUDERS ZZ.352 \u00a0 Gravenwapen Axel Friedrich von Meijerfeldt \u00a0 GENEALOGIE ZZ.354. Axel Friedrich\u00a0(Fredrik) von Meijerfeldt,\u00a0* Stockholm 11-11-1769,\u00a0\u2248 Jacob \u00a013-11-1769,\u00a0\u2020 \u00d6rebro 13-01-1795, \u2261 \u00d6rebro Nicolai 15-01-1795, graaf, majoor, ongehuwd, geen kinderen. \u00a0PORTRETTEN Portret: Axel Friedrich, graaf &hellip; <a href=\"https:\/\/meijenfeldt.nl\/?page_id=41535\" class=\"more-link\">Verder lezen <span class=\"screen-reader-text\">ZZ.354. Axel Friedrich<\/span><\/a><\/p>\n","protected":false},"author":1,"featured_media":0,"parent":0,"menu_order":0,"comment_status":"closed","ping_status":"closed","template":"","meta":{"footnotes":""},"class_list":["post-41535","page","type-page","status-publish","hentry"],"_links":{"self":[{"href":"https:\/\/meijenfeldt.nl\/index.php?rest_route=\/wp\/v2\/pages\/41535","targetHints":{"allow":["GET"]}}],"collection":[{"href":"https:\/\/meijenfeldt.nl\/index.php?rest_route=\/wp\/v2\/pages"}],"about":[{"href":"https:\/\/meijenfeldt.nl\/index.php?rest_route=\/wp\/v2\/types\/page"}],"author":[{"embeddable":true,"href":"https:\/\/meijenfeldt.nl\/index.php?rest_route=\/wp\/v2\/users\/1"}],"replies":[{"embeddable":true,"href":"https:\/\/meijenfeldt.nl\/index.php?rest_route=%2Fwp%2Fv2%2Fcomments&post=41535"}],"version-history":[{"count":39,"href":"https:\/\/meijenfeldt.nl\/index.php?rest_route=\/wp\/v2\/pages\/41535\/revisions"}],"predecessor-version":[{"id":63288,"href":"https:\/\/meijenfeldt.nl\/index.php?rest_route=\/wp\/v2\/pages\/41535\/revisions\/63288"}],"wp:attachment":[{"href":"https:\/\/meijenfeldt.nl\/index.php?rest_route=%2Fwp%2Fv2%2Fmedia&parent=41535"}],"curies":[{"name":"wp","href":"https:\/\/api.w.org\/{rel}","templated":true}]}}