{"id":41530,"date":"2022-01-08T17:53:36","date_gmt":"2022-01-08T17:53:36","guid":{"rendered":"https:\/\/meijenfeldt.nl\/?page_id=41530"},"modified":"2023-10-19T15:04:33","modified_gmt":"2023-10-19T15:04:33","slug":"z-351-johan-august-iii","status":"publish","type":"page","link":"https:\/\/meijenfeldt.nl\/?page_id=41530","title":{"rendered":"ZZ.353. Johan August III"},"content":{"rendered":"<table style=\"border-collapse: collapse; width: 100%; height: 1762px;\">\n<tbody>\n<tr>\n<td style=\"width: 100%; background-color: #ffffff; text-align: center;\" colspan=\"4\"><span style=\"font-size: 14pt;\"><strong><span style=\"color: #000000;\">PERSOONSDOSSIER<\/span><\/strong><\/span><\/td>\n<\/tr>\n<tr>\n<td style=\"background-color: #ffffff; text-align: center; width: 100%;\" colspan=\"4\"><span style=\"color: #000000; font-size: 10pt;\"><span style=\"color: #0000ff;\"><a style=\"color: #0000ff;\" href=\"https:\/\/meijenfeldt.nl\/?page_id=654\">\u2190 Stamboom<\/a><\/span>\u00a0 \u00a0***\u00a0 <span style=\"color: #0000ff;\"><a style=\"color: #0000ff;\" href=\"#genealogie\">\u2193 Genealogie<\/a><\/span>\u00a0 \u00a0***\u00a0 <span style=\"color: #0000ff;\"><a style=\"color: #0000ff;\" href=\"#levensloop\">\u2193 Levensloop<\/a><\/span>\u00a0 \u00a0***\u00a0 <span style=\"color: #0000ff;\"><a style=\"color: #0000ff;\" href=\"#kranten\">\u2193 Kranten<\/a><\/span>\u00a0 \u00a0***\u00a0 <span style=\"color: #0000ff;\"><a style=\"color: #0000ff;\" href=\"#documenten\">\u2193 Documenten<\/a><\/span><\/span><span style=\"color: #008000;\"><strong><br \/>\n<\/strong><\/span><\/td>\n<\/tr>\n<tr style=\"height: 28px;\">\n<td style=\"background-color: #d5e8eb; text-align: center; height: 10px; width: 100%;\" colspan=\"4\"><span style=\"color: #000000;\"><strong>FAMILIETAK<\/strong><\/span><\/td>\n<\/tr>\n<tr style=\"height: 28px;\">\n<td style=\"width: 100%; height: 28px;\" colspan=\"4\"><span style=\"font-size: 6pt;\"><strong><span style=\"color: #000000;\">\u00a0<\/span><\/strong><\/span><\/td>\n<\/tr>\n<tr style=\"height: 10px;\">\n<td style=\"height: 10px; width: 25%;\"><\/td>\n<td style=\"width: 44.697%; height: 10px; text-align: center; background-color: #ffffff;\"><\/td>\n<td style=\"width: 5.30303%; height: 10px; background-color: #baafaf; text-align: center;\"><span style=\"color: #0000ff;\"><a style=\"color: #0000ff;\" href=\"https:\/\/meijenfeldt.nl\/?page_id=41514\"><span style=\"font-size: 6pt;\"><strong>OUDERS<\/strong><\/span><\/a><\/span><\/td>\n<td style=\"width: 25%; height: 10px;\"><\/td>\n<\/tr>\n<tr style=\"height: 28px;\">\n<td style=\"width: 25%; height: 28px;\"><\/td>\n<td style=\"width: 44.697%; text-align: center; height: 28px; background-color: #ffffff;\"><\/td>\n<td style=\"width: 5.30303%; height: 28px; background-color: #baafaf; text-align: center;\"><strong style=\"font-size: 8px; text-align: center;\"><span style=\"color: #000000;\">ZZ.352<\/span><\/strong><\/td>\n<td style=\"width: 25%; height: 28px;\"><\/td>\n<\/tr>\n<tr style=\"height: 56px;\">\n<td style=\"width: 25%; height: 10px; text-align: center; vertical-align: top;\"><span style=\"color: #008000;\"><span style=\"font-size: 6pt;\">\u00a0<\/span><\/span><\/td>\n<td style=\"width: 44.697%; height: 10px; text-align: center; vertical-align: middle; background-color: #ffffff;\"><span style=\"color: #008000;\"><span style=\"font-size: 6pt;\"><span style=\"color: #000000;\"><strong>Gravenwapen<\/strong><img loading=\"lazy\" decoding=\"async\" class=\"alignnone wp-image-35852 aligncenter\" style=\"color: #008000;\" src=\"https:\/\/meijenfeldt.nl\/wp-content\/uploads\/2021\/01\/Gravenwapen-258x300.jpg\" alt=\"\" width=\"376\" height=\"437\" srcset=\"https:\/\/meijenfeldt.nl\/wp-content\/uploads\/2021\/01\/Gravenwapen-258x300.jpg 258w, https:\/\/meijenfeldt.nl\/wp-content\/uploads\/2021\/01\/Gravenwapen.jpg 402w\" sizes=\"auto, (max-width: 376px) 100vw, 376px\" \/><\/span><\/span><\/span><\/td>\n<td style=\"width: 5.30303%; background-color: #e8fac5; height: 10px; text-align: center; vertical-align: middle;\"><span style=\"color: #000000;\"><strong><span style=\"font-size: 6pt;\">Johan<br \/>\n<\/span><\/strong><\/span><strong><span style=\"font-size: 6pt;\">August<\/span><\/strong><br \/>\n<span style=\"color: #000000;\"><span style=\"font-size: 6pt;\">von Meijerfeldt III<\/span><\/span><\/td>\n<td style=\"width: 25%; height: 10px; vertical-align: middle;\"><\/td>\n<\/tr>\n<tr style=\"height: 28px;\">\n<td style=\"width: 100%; height: 28px;\" colspan=\"4\"><span style=\"color: #008000;\"><strong><span style=\"font-size: 6pt;\">\u00a0<\/span><\/strong><\/span><\/td>\n<\/tr>\n<tr style=\"height: 28px;\">\n<td style=\"width: 100%; background-color: #d5e8eb; text-align: center; height: 28px;\" colspan=\"4\"><span style=\"color: #000000;\"><strong>GENEALOGIE<a id=\"genealogie\"><\/a><\/strong><\/span><\/td>\n<\/tr>\n<tr style=\"height: 84px;\">\n<td style=\"width: 100%; height: 10px; text-align: justify;\" colspan=\"4\"><span style=\"color: #000000;\"><span style=\"color: #000000;\">ZZ.353. <b>Johan August<\/b><strong> von Meijerfeldt III<\/strong>, * Stockholm 12-11-1766, \u2248 Riddarholm 14-11-1766, \u2020 Stockholm 23-05-1791, \u2261 Jacob 25-05-1791,\u00a0graaf, kapitein, ongehuwd, geen kinderen.<\/span><\/span><\/td>\n<\/tr>\n<tr style=\"height: 28px;\">\n<td style=\"background-color: #d5e8eb; text-align: center; width: 100%; height: 28px;\" colspan=\"4\"><strong><span style=\"color: #000000;\">\u00a0PORTRETTEN<a id=\"portretten\"><\/a><\/span><\/strong><\/td>\n<\/tr>\n<tr>\n<td style=\"background-color: #ffffff; width: 100%; text-align: center;\" colspan=\"4\"><strong><span style=\"color: #000000;\"><br \/>\n<img loading=\"lazy\" decoding=\"async\" class=\"alignnone wp-image-49934\" src=\"https:\/\/meijenfeldt.nl\/wp-content\/uploads\/2022\/09\/JAMIII-Stola-262x300.jpg\" alt=\"\" width=\"416\" height=\"476\" srcset=\"https:\/\/meijenfeldt.nl\/wp-content\/uploads\/2022\/09\/JAMIII-Stola-262x300.jpg 262w, https:\/\/meijenfeldt.nl\/wp-content\/uploads\/2022\/09\/JAMIII-Stola-895x1024.jpg 895w, https:\/\/meijenfeldt.nl\/wp-content\/uploads\/2022\/09\/JAMIII-Stola-768x878.jpg 768w, https:\/\/meijenfeldt.nl\/wp-content\/uploads\/2022\/09\/JAMIII-Stola-1343x1536.jpg 1343w, https:\/\/meijenfeldt.nl\/wp-content\/uploads\/2022\/09\/JAMIII-Stola-1791x2048.jpg 1791w\" sizes=\"auto, (max-width: 416px) 100vw, 416px\" \/><br \/>\n<\/span><\/strong><span style=\"color: #000000;\"><span style=\"color: #000000;\"><span style=\"font-size: 10pt;\"><em>Portret:<\/em> Johan August, graaf von Meijerfeldt III<br \/>\n<em>Kleding:<\/em> Uniform Koninklijke Lijfgarde<br \/>\n<em>Artiest:<\/em> Jonas Forslund (1754-1809)<\/span><br \/>\n<span style=\"font-size: 10pt;\"><em> Bezit:<\/em> Stola herrg\u00e5rd, <\/span><span style=\"font-size: 10pt;\">782<\/span><br \/>\n<span style=\"font-size: 10pt;\"><em> Foto:<\/em> Lester von Meijenfeldt (2022)<\/span><\/span><\/span><\/td>\n<\/tr>\n<tr style=\"height: 28px;\">\n<td style=\"background-color: #d5e8eb; text-align: center; height: 28px; width: 100%;\" colspan=\"4\"><strong><span style=\"color: #000000;\">LEVENSLOOP<a id=\"levensloop\"><\/a><br \/>\n<\/span><\/strong><\/td>\n<\/tr>\n<tr style=\"height: 224px;\">\n<td style=\"width: 100%; height: 10px;\" colspan=\"4\"><span style=\"font-size: 10pt; color: #000000;\"><br \/>\n24-12-1777 Sergeant regiment V\u00e4sterbotten;<\/span><br \/>\n<span style=\"font-size: 10pt; color: #000000;\">27-12-1778 Lijfdrabant;<\/span><br \/>\n<span style=\"font-size: 10pt; color: #000000;\">12-04-1780 Kornet regiment lichte dragonders;<\/span><br \/>\n<span style=\"font-size: 10pt; color: #000000;\">22-04-1788 Luitenant in zijn regiment;<\/span><br \/>\n<span style=\"font-size: 10pt; color: #000000;\">15-05-1789 Kapitein in zijn regiment;<\/span><br \/>\n<span style=\"font-size: 10pt; color: #000000;\">08-07-1789 Zware verwonding Slag bij Suttula;<\/span><br \/>\n<span style=\"font-size: 10pt; color: #000000;\"><span style=\"font-size: 10pt; color: #000000;\">02-05-1790 Ridder in de Zwaard Orde.<\/span><\/span><\/td>\n<\/tr>\n<tr>\n<td style=\"background-color: #d5e8eb; text-align: center; width: 100%;\" colspan=\"4\"><strong><span style=\"color: #000000;\">\u00a0KRANTEN<a id=\"kranten\"><\/a><\/span><\/strong><\/td>\n<\/tr>\n<tr>\n<td style=\"background-color: #ffffff; text-align: left; width: 25%;\"><span style=\"color: #800000;\"><strong><span style=\"font-size: 10pt;\">KRANT<\/span><\/strong><\/span><\/td>\n<td style=\"background-color: #ffffff; text-align: left; width: 50%;\" colspan=\"2\"><span style=\"color: #800000;\"><strong><span style=\"font-size: 10pt;\">\u00a0INHOUD<\/span><\/strong><\/span><\/td>\n<td style=\"background-color: #ffffff; text-align: left; width: 25%;\"><span style=\"color: #800000;\"><strong><span style=\"font-size: 10pt;\">DATUM<\/span><\/strong><\/span><\/td>\n<\/tr>\n<tr>\n<td style=\"background-color: #ffffff; text-align: left; width: 25%;\"><span style=\"color: #000000; font-size: 10pt;\">Dagligt Allehanda<\/span><\/td>\n<td style=\"background-color: #ffffff; text-align: left; width: 50%;\" colspan=\"2\"><span style=\"color: #0000ff; font-size: 10pt;\"><a style=\"color: #0000ff;\" href=\"https:\/\/tidningar.kb.se\/2631189\/1779-08-28\/edition\/144030\/part\/1\/page\/2\/?q=%20meijerfelt&amp;page=1\">Befordrade: Wid W\u00e4sterbottens (\u2026) til F\u00e4nrickar=Sergeantener<\/a><\/span><\/td>\n<td style=\"background-color: #ffffff; text-align: left; width: 25%;\"><span style=\"font-size: 10pt;\">28-08-1779<\/span><\/td>\n<\/tr>\n<tr>\n<td style=\"background-color: #ffffff; text-align: left; width: 25%;\"><span style=\"color: #000000; font-size: 10pt;\">Dagligt Allehanda<\/span><\/td>\n<td style=\"background-color: #ffffff; text-align: left; width: 50%;\" colspan=\"2\"><span style=\"color: #0000ff; font-size: 10pt;\"><a style=\"color: #0000ff;\" href=\"https:\/\/tidningar.kb.se\/2631189\/1780-07-19\/edition\/144030\/part\/1\/page\/2\/?q=%20meijerfelt&amp;page=1\">Befordrade: Wid L\u00e5tta Dragone=Corpsen: til Corneter, Lif=Drabanden<\/a><\/span><\/td>\n<td style=\"background-color: #ffffff; text-align: left; width: 25%;\"><span style=\"font-size: 10pt;\">19-07-1780<\/span><\/td>\n<\/tr>\n<tr>\n<td style=\"background-color: #ffffff; text-align: left; width: 25%;\"><span style=\"color: #000000; font-size: 10pt;\">Dagligt Allehanda<\/span><\/td>\n<td style=\"background-color: #ffffff; text-align: left; width: 50%;\" colspan=\"2\"><span style=\"color: #0000ff; font-size: 10pt;\"><a style=\"color: #0000ff;\" href=\"https:\/\/tidningar.kb.se\/2631189\/1789-06-13\/edition\/144030\/part\/1\/page\/2\/?q=%20meijerfeldt\">Capitain (\u2026) boende wid Regeringsgatan uti huset No: 104 tre trappor up<\/a><\/span><\/td>\n<td style=\"background-color: #ffffff; text-align: left; width: 25%;\"><span style=\"font-size: 10pt;\">13-06-1789<\/span><\/td>\n<\/tr>\n<tr style=\"height: 28px;\">\n<td style=\"height: 28px; background-color: #d5e8eb; text-align: center; width: 100%;\" colspan=\"4\"><strong><span style=\"color: #000000;\">DOCUMENTEN<a id=\"documenten\"><\/a><\/span><\/strong><\/td>\n<\/tr>\n<tr>\n<td style=\"width: 100%;\" colspan=\"4\"><span style=\"color: #800000;\"><span style=\"color: #800000;\"><span style=\"font-size: 10pt;\"><strong style=\"color: #000000;\"><strong>SE\/KrA<\/strong><span style=\"font-weight: 400;\">\u00a0= Sverige \/ Krigsarkivet (Militair Archief Zweden);\u00a0<strong>0023\/0 =\u00a0<\/strong><\/span><\/strong><span style=\"color: #000000;\">Generalm\u00fcnsterrullor 1660-1887 \/\u00a0<\/span><span style=\"color: #000000;\">Arkiv med l\u00f6pande volymnumrering<\/span><span style=\"font-weight: 400; color: #0000ff;\"><span style=\"color: #000000;\">;\u00a0<strong><strong>0078 =\u00a0<\/strong><\/strong>A\/004\/ \u00d6\/E 5 Arm\u00e9ns Pensionskassa \/ Meritband;\u00a0<\/span><\/span><\/span><strong style=\"color: #000000;\"><span style=\"font-weight: 400; color: #0000ff;\"><span style=\"color: #000000;\"><span style=\"font-size: 10pt;\"><strong>1051<\/strong>\u00a0= Biografica\/003\/M\/8\u00a0<\/span><span style=\"color: #0000ff;\"><span style=\"font-size: 10pt;\"><a style=\"color: #0000ff;\" href=\"https:\/\/sok.riksarkivet.se\/bildvisning\/A0066512_00032#?c=&amp;m=&amp;s=&amp;cv=31&amp;xywh=2439%2C351%2C3851%2C2646\">Fiche<\/a>.<\/span><br \/>\n<\/span><\/span><\/span><\/strong><span style=\"color: #000000;\"><strong><span style=\"font-size: 10pt;\">SE\/SSA <\/span><\/strong><span style=\"font-size: 10pt;\">= Sverige \/ Stockholm Stadsarkivet; <strong>0008<\/strong> = Jakob och Johannes kyrkoarkiv; <strong>0013<\/strong> = Riddarholmens Kyrkoarkiv<\/span><\/span><\/span><\/span><\/td>\n<\/tr>\n<tr style=\"height: 28px;\">\n<td style=\"width: 25%; height: 28px;\"><span style=\"color: #800000;\"><strong><span style=\"font-size: 13.3333px;\">VINDPLAATS<\/span><\/strong><\/span><\/td>\n<td style=\"height: 28px; width: 50%;\" colspan=\"2\"><span style=\"color: #800000;\"><strong><span style=\"font-size: 10pt;\">INHOUD<\/span><\/strong><\/span><\/td>\n<td style=\"width: 25%; height: 28px;\"><span style=\"color: #800000;\"><strong><span style=\"font-size: 10pt;\">DATUM<\/span><\/strong><\/span><\/td>\n<\/tr>\n<tr>\n<td style=\"width: 25%;\"><span style=\"color: #000000; font-size: 10pt;\"><span style=\"color: #000000;\"><span style=\"font-weight: 400;\"><span style=\"font-size: 10pt;\">SE\/SSA\/0013, C I \/ 2 F\u00f6delse- och Dopb\u00f6cker 1738-1793,<br \/>\nfolio 177<\/span><\/span><\/span><\/span><\/td>\n<td style=\"width: 50%;\" colspan=\"2\"><span style=\"font-size: 10pt; color: #0000ff;\"><span style=\"color: #000000; font-size: 10pt;\"><span style=\"color: #000000;\"><span style=\"font-weight: 400;\"><span style=\"font-size: 10pt;\"><a href=\"https:\/\/sok.riksarkivet.se\/bildvisning\/C0055335_00177#?c=&amp;m=&amp;s=&amp;cv=176&amp;xywh=3634%2C3402%2C2825%2C1743\"><em><span style=\"color: #0000ff;\">1766, 57, <strong>Johan August<\/strong>, f\u00f6dd d: 12 d\u00f6pt d: 14 Nov. fadern \u00e4r \u00d6fwersten och Riddaren Herr Grafen Johan August Mejerfeldt, modern \u00e4r Grefwinnan Lovisa Augusta Wrede-Sparre<\/span><\/em><span style=\"color: #0000ff;\"> etc. etc. etc. (getuigen)<\/span><\/a><\/span><\/span><\/span><\/span><\/span><\/td>\n<td style=\"width: 25%;\"><span style=\"font-size: 10pt;\">12-11-1766<br \/>\n14-11-1766<\/span><\/td>\n<\/tr>\n<tr>\n<td style=\"width: 25%;\"><span style=\"color: #000000; font-size: 10pt;\"><span style=\"color: #000000;\"><span style=\"font-weight: 400;\"><span style=\"font-size: 10pt;\">SE\/KrA\/<\/span>0023\/0, 1538 fol 150<\/span><\/span><\/span><span style=\"font-size: 10pt;\"><br \/>\n<\/span><\/td>\n<td style=\"width: 50%;\" colspan=\"2\"><span style=\"font-size: 10pt; color: #0000ff;\"><a style=\"color: #0000ff;\" href=\"https:\/\/sok.riksarkivet.se\/bildvisning\/A0029718_00150#?c=&amp;m=&amp;s=&amp;cv=149&amp;xywh=-437%2C144%2C5620%2C3717\">L\u00e4tta Dragonk\u00e5ren, Taube,\u00a0stabscornett<\/a><\/span><\/td>\n<td style=\"width: 25%;\"><span style=\"font-size: 10pt;\">10-06-1781<\/span><\/td>\n<\/tr>\n<tr>\n<td style=\"width: 25%;\"><span style=\"font-size: 10pt;\"><span style=\"color: #000000; font-size: 10pt;\"><span style=\"color: #000000;\"><span style=\"font-weight: 400;\">SE\/KrA\/0023\/0, 1538 fol 213<\/span><\/span><\/span><\/span><\/td>\n<td style=\"width: 50%;\" colspan=\"2\"><span style=\"font-size: 10pt; color: #0000ff;\"><a style=\"color: #0000ff;\" href=\"https:\/\/sok.riksarkivet.se\/bildvisning\/A0029718_00213#?c=&amp;m=&amp;s=&amp;cv=212&amp;xywh=86%2C229%2C4998%2C3305\">L\u00e4tta Dragonk\u00e5ren, Taube, stabscornett<\/a><br \/>\n<\/span><\/td>\n<td style=\"width: 25%;\"><span style=\"font-size: 10pt;\">14-07-1783<br \/>\n<\/span><\/td>\n<\/tr>\n<tr>\n<td style=\"width: 25%;\"><span style=\"font-size: 10pt;\"><span style=\"color: #000000; font-size: 10pt;\"><span style=\"color: #000000;\"><span style=\"font-weight: 400;\">SE\/KrA\/0023\/0, 1538 fol 287<\/span><\/span><\/span><\/span><\/td>\n<td style=\"width: 50%;\" colspan=\"2\"><span style=\"font-size: 10pt; color: #0000ff;\"><a style=\"color: #0000ff;\" href=\"https:\/\/sok.riksarkivet.se\/bildvisning\/A0029718_00287#?c=&amp;m=&amp;s=&amp;cv=286&amp;xywh=-438%2C143%2C5620%2C3717\">L\u00e4tta Dragonk\u00e5ren, Taube, cornett<\/a><br \/>\n<\/span><\/td>\n<td style=\"width: 25%;\"><span style=\"font-size: 10pt;\">25-07-1785<br \/>\n<\/span><\/td>\n<\/tr>\n<tr style=\"height: 28px;\">\n<td style=\"width: 25%; height: 28px;\"><span style=\"font-size: 10pt;\">SE\/KrA\/00778, Dl 27 fol 405\u00a0<\/span><\/td>\n<td style=\"height: 28px; width: 50%;\" colspan=\"2\"><span style=\"font-size: 10pt; color: #0000ff;\"><a style=\"color: #0000ff;\" href=\"https:\/\/sok.riksarkivet.se\/bildvisning\/A0043371_00436#?c=&amp;m=&amp;s=&amp;cv=435&amp;xywh=292%2C402%2C5759%2C3220\">L\u00e4tta Dragone Corps<\/a><\/span><\/td>\n<td style=\"width: 25%; height: 28px;\"><span style=\"font-size: 10pt;\">1786<\/span><\/td>\n<\/tr>\n<tr style=\"height: 28px;\">\n<td style=\"width: 25%; height: 28px;\"><span style=\"font-size: 10pt;\"><span style=\"color: #000000; font-size: 10pt;\"><span style=\"color: #000000;\"><span style=\"font-weight: 400;\">SE\/KrA\/0023\/0, <\/span><\/span><\/span>1539 fol 9<\/span><\/td>\n<td style=\"width: 50%; height: 28px;\" colspan=\"2\"><span style=\"font-size: 10pt;\"><a href=\"https:\/\/sok.riksarkivet.se\/bildvisning\/A0029719_00009#?c=&amp;m=&amp;s=&amp;cv=8&amp;xywh=-535%2C-210%2C4998%2C3305\"><span style=\"color: #0000ff;\">L\u00e4tta Dragonk\u00e5ren, Taube,\u00a0cornett<\/span><\/a><\/span><\/td>\n<td style=\"width: 25%; height: 28px;\"><span style=\"font-size: 10pt;\">20-06-1786<\/span><\/td>\n<\/tr>\n<tr style=\"height: 56px;\">\n<td style=\"width: 25%; height: 56px;\"><span style=\"font-size: 10pt;\"><span style=\"color: #000000; font-size: 10pt;\"><span style=\"color: #000000;\"><span style=\"font-weight: 400;\">SE\/KrA\/0023\/0, <\/span><\/span><\/span>1539 fol 81<\/span><\/td>\n<td style=\"width: 50%; height: 56px;\" colspan=\"2\"><span style=\"color: #0000ff;\"><a style=\"font-size: 13.3333px; color: #0000ff;\" href=\"https:\/\/sok.riksarkivet.se\/bildvisning\/A0029719_00081#?c=&amp;m=&amp;s=&amp;cv=80&amp;xywh=-342%2C41%2C4996%2C3304\">L\u00e4tta Dragonk\u00e5ren, Taube,\u00a0cornett<\/a><\/span><\/td>\n<td style=\"width: 25%; height: 56px;\"><span style=\"font-size: 13.3333px;\">27-06-1787<\/span><\/td>\n<\/tr>\n<tr style=\"height: 56px;\">\n<td style=\"width: 25%; height: 56px;\"><span style=\"font-size: 10pt;\"><span style=\"color: #000000; font-size: 10pt;\"><span style=\"color: #000000;\"><span style=\"font-weight: 400;\">SE\/KrA\/0023\/0, <\/span><\/span><\/span>1539 fol 235<\/span><\/td>\n<td style=\"height: 56px; width: 50%;\" colspan=\"2\"><span style=\"color: #0000ff;\"><a style=\"font-size: 13.3333px; color: #0000ff;\" href=\"https:\/\/sok.riksarkivet.se\/bildvisning\/A0029719_00235#?c=&amp;m=&amp;s=&amp;cv=234&amp;xywh=419%2C1079%2C2890%2C1911\">L\u00e4tta Dragonk\u00e5ren, Taube,\u00a0lieutnant<\/a><span style=\"font-size: 13.3333px;\">\u00a0bef\u00f6rdrat<\/span><\/span><\/td>\n<td style=\"width: 25%; height: 56px;\"><span style=\"font-size: 13.3333px;\">29-02-1788<\/span><\/td>\n<\/tr>\n<tr>\n<td style=\"width: 25%;\"><span style=\"font-size: 10pt;\"><span style=\"color: #000000; font-size: 10pt;\"><span style=\"color: #000000;\"><span style=\"font-weight: 400;\">SE\/KrA\/0023\/0, 1540 fol 6<\/span><\/span><\/span><\/span><\/td>\n<td style=\"width: 50%;\" colspan=\"2\"><span style=\"color: #0000ff; font-size: 10pt;\"><a style=\"color: #0000ff;\" href=\"https:\/\/sok.riksarkivet.se\/bildvisning\/A0029720_00006#?c=&amp;m=&amp;s=&amp;cv=5&amp;xywh=-195%2C400%2C4164%2C2754\">L\u00e4tta Dragonk\u00e5ren, \u00f6fwerste Taube, stabscapitaine<\/a><\/span><\/td>\n<td style=\"width: 25%;\"><span style=\"font-size: 13.3333px;\"><span style=\"font-size: 10pt;\">06-10-1789<\/span><\/span><\/td>\n<\/tr>\n<tr>\n<td style=\"width: 25%;\"><span style=\"font-size: 10pt;\"><span style=\"color: #000000; font-size: 10pt;\"><span style=\"color: #000000;\"><span style=\"font-weight: 400;\">SE\/KrA\/0023\/0, 1540 fol 302<\/span><\/span><\/span><\/span><\/td>\n<td style=\"width: 50%;\" colspan=\"2\"><span style=\"color: #0000ff;\"><a style=\"font-size: 13.3333px; color: #0000ff;\" href=\"https:\/\/sok.riksarkivet.se\/bildvisning\/A0029720_00302#?c=&amp;m=&amp;s=&amp;cv=301&amp;xywh=109%2C711%2C2892%2C1913\"><span style=\"font-size: 10pt;\">L\u00e4tta Dragonk\u00e5ren, \u00f6fwerste Taube, <\/span>stabscapitaine<\/a><br \/>\n<\/span><\/td>\n<td style=\"width: 25%;\"><span style=\"font-size: 10pt;\">06-10-1789<\/span><span style=\"font-size: 13.3333px;\"><br \/>\n<\/span><\/td>\n<\/tr>\n<tr>\n<td style=\"width: 25%;\"><span style=\"font-size: 10pt;\"><span style=\"color: #000000; font-size: 10pt;\"><span style=\"color: #000000;\"><span style=\"font-weight: 400;\">SE\/KrA\/0023\/0, 1540 fol 99<\/span><\/span><\/span><\/span><\/td>\n<td style=\"width: 50%;\" colspan=\"2\"><span style=\"color: #0000ff;\"><a style=\"font-size: 13.3333px; color: #0000ff;\" href=\"https:\/\/sok.riksarkivet.se\/bildvisning\/A0029720_00099#?c=&amp;m=&amp;s=&amp;cv=98&amp;xywh=537%2C1061%2C2772%2C1834\"><span style=\"font-size: 10pt;\">L\u00e4tta Dragonk\u00e5ren, \u00f6fwerste Taube, stabscapitaine <\/span>d\u00f6d<\/a><br \/>\n<\/span><\/td>\n<td style=\"width: 25%;\"><span style=\"font-size: 13.3333px;\">23-05-1791<\/span><\/td>\n<\/tr>\n<tr>\n<td style=\"width: 25%;\"><span style=\"font-size: 10pt;\"><span style=\"color: #000000; font-size: 10pt;\"><span style=\"color: #000000;\"><span style=\"font-weight: 400;\">SE\/SSA\/0008, F Ia \/ 3 D\u00f6d- och Begravingsb\u00f6cker 1785-1808, fol 39<\/span><\/span><\/span><\/span><\/td>\n<td style=\"width: 50%;\" colspan=\"2\"><span style=\"color: #0000ff;\"><span style=\"font-size: 10pt;\"><span style=\"color: #000000; font-size: 10pt;\"><span style=\"color: #000000;\"><span style=\"font-weight: 400;\"><a href=\"https:\/\/sok.riksarkivet.se\/bildvisning\/C0054721_00048#?c=&amp;m=&amp;s=&amp;cv=47&amp;xywh=-365%2C3108%2C4212%2C2755\"><em><span style=\"color: #0000ff;\">59. Joh. August Meijerfeldt, Grefve, Capit: vid Dragon Corpson, fr\u00e5lse<\/span><\/em><span style=\"color: #0000ff;\"> (adel), <em>D\u00f6dsdag<span style=\"font-size: 13.3333px;\"> 23, \u00a0Begraf. dag 25, \u00c5lder 24\u00bd \u00e5r, Sjukdom Contusion <\/span><\/em><span style=\"font-size: 13.3333px;\">(verwonding)<\/span><em><span style=\"font-size: 13.3333px;\">, F\u00f6rsamling Jacobi, ogift, Cathafalck <\/span><\/em><span style=\"font-size: 13.3333px;\">(opbaring in doodskist op verhoging)<em>, Pr\u00e4st D. Marraij, Ringning 1, Likvagn, t\u00e4cke samt <\/em>(met deken)<em>, bekl\u00e4dn. till &#8230; 5.<\/em><\/span><\/span><\/a><\/span><\/span><\/span><\/span><\/span><\/td>\n<td style=\"width: 25%;\"><span style=\"font-size: 13.3333px;\">23-05-1791<br \/>\n25-05-1791\u00a0<\/span><\/td>\n<\/tr>\n<\/tbody>\n<\/table>\n","protected":false},"excerpt":{"rendered":"<p>PERSOONSDOSSIER \u2190 Stamboom\u00a0 \u00a0***\u00a0 \u2193 Genealogie\u00a0 \u00a0***\u00a0 \u2193 Levensloop\u00a0 \u00a0***\u00a0 \u2193 Kranten\u00a0 \u00a0***\u00a0 \u2193 Documenten FAMILIETAK \u00a0 OUDERS ZZ.352 \u00a0 Gravenwapen Johan August von Meijerfeldt III \u00a0 GENEALOGIE ZZ.353. Johan August von Meijerfeldt III, * Stockholm 12-11-1766, \u2248 Riddarholm 14-11-1766, \u2020 Stockholm 23-05-1791, \u2261 Jacob 25-05-1791,\u00a0graaf, kapitein, ongehuwd, geen kinderen. \u00a0PORTRETTEN Portret: Johan August, graaf &hellip; <a href=\"https:\/\/meijenfeldt.nl\/?page_id=41530\" class=\"more-link\">Verder lezen <span class=\"screen-reader-text\">ZZ.353. Johan August III<\/span><\/a><\/p>\n","protected":false},"author":1,"featured_media":0,"parent":0,"menu_order":0,"comment_status":"closed","ping_status":"closed","template":"","meta":{"footnotes":""},"class_list":["post-41530","page","type-page","status-publish","hentry"],"_links":{"self":[{"href":"https:\/\/meijenfeldt.nl\/index.php?rest_route=\/wp\/v2\/pages\/41530","targetHints":{"allow":["GET"]}}],"collection":[{"href":"https:\/\/meijenfeldt.nl\/index.php?rest_route=\/wp\/v2\/pages"}],"about":[{"href":"https:\/\/meijenfeldt.nl\/index.php?rest_route=\/wp\/v2\/types\/page"}],"author":[{"embeddable":true,"href":"https:\/\/meijenfeldt.nl\/index.php?rest_route=\/wp\/v2\/users\/1"}],"replies":[{"embeddable":true,"href":"https:\/\/meijenfeldt.nl\/index.php?rest_route=%2Fwp%2Fv2%2Fcomments&post=41530"}],"version-history":[{"count":20,"href":"https:\/\/meijenfeldt.nl\/index.php?rest_route=\/wp\/v2\/pages\/41530\/revisions"}],"predecessor-version":[{"id":60477,"href":"https:\/\/meijenfeldt.nl\/index.php?rest_route=\/wp\/v2\/pages\/41530\/revisions\/60477"}],"wp:attachment":[{"href":"https:\/\/meijenfeldt.nl\/index.php?rest_route=%2Fwp%2Fv2%2Fmedia&parent=41530"}],"curies":[{"name":"wp","href":"https:\/\/api.w.org\/{rel}","templated":true}]}}