{"id":41514,"date":"2022-01-08T14:35:45","date_gmt":"2022-01-08T14:35:45","guid":{"rendered":"https:\/\/meijenfeldt.nl\/?page_id=41514"},"modified":"2025-01-08T14:26:22","modified_gmt":"2025-01-08T14:26:22","slug":"zz-35-johan-august-jr","status":"publish","type":"page","link":"https:\/\/meijenfeldt.nl\/?page_id=41514","title":{"rendered":"ZZ.35. Johann August jr"},"content":{"rendered":"<table style=\"border-collapse: collapse; width: 100%; height: 693px;\">\n<tbody>\n<tr>\n<td style=\"background-color: #ffffff; width: 36.2121%; text-align: left;\" colspan=\"2\"><\/td>\n<td style=\"background-color: #ffffff; text-align: center; width: 35.7576%;\" colspan=\"2\"><span style=\"color: #000000; font-size: 10pt; font-family: georgia, palatino, serif;\"><strong> PERSOONSDOSSIER<\/strong><\/span><\/td>\n<td style=\"background-color: #ffffff; width: 28.0304%; text-align: right;\" colspan=\"2\"><\/td>\n<\/tr>\n<tr style=\"height: 28px;\">\n<td style=\"background-color: #ffffff; text-align: center; width: 100%; height: 28px;\" colspan=\"6\"><span style=\"font-size: 10pt; color: #000000; font-family: georgia, palatino, serif;\"><span style=\"color: #0000ff;\"><a style=\"color: #0000ff;\" href=\"https:\/\/meijenfeldt.nl\/?page_id=654\">\u2190 Stamboom<\/a>\u00a0 \u00a0***\u00a0 \u00a0<a style=\"color: #0000ff;\" href=\"#genealogie\">\u2193 Genealogie<\/a><span style=\"font-size: 10pt;\">\u00a0 \u00a0***\u00a0 \u00a0<\/span><a style=\"color: #0000ff;\" href=\"https:\/\/meijenfeldt.nl\/?page_id=57227\">Kranten \u2192<\/a><span style=\"font-size: 10pt;\">\u00a0 <\/span><span style=\"color: #000000;\">\u00a0***\u00a0 \u00a0<\/span><a style=\"color: #0000ff;\" href=\"https:\/\/meijenfeldt.nl\/?page_id=42452\">Documenten \u2192<\/a><br \/>\n<a style=\"color: #0000ff;\" href=\"#portretten\">\u2193 Portretten<\/a>\u00a0 \u00a0<span style=\"color: #000000;\">***<\/span> \u00a0\u00a0<a style=\"color: #0000ff;\" href=\"#levensloop\">\u2193 Levensloop<\/a>\u00a0 \u00a0<span style=\"color: #000000;\">***\u00a0 \u00a0<span style=\"color: #0000ff;\"><a style=\"color: #0000ff;\" href=\"#handtekening\">\u2193 Handtekening<\/a><\/span>\u00a0 \u00a0***\u00a0 <span style=\"color: #0000ff;\"><a style=\"color: #0000ff;\" href=\"#bibliografie\">\u2193 Bibliografie<\/a><\/span>\u00a0<span style=\"color: #0000ff;\"><br \/>\n<\/span><\/span><\/span><\/span><\/td>\n<\/tr>\n<tr style=\"height: 28px;\">\n<td style=\"background-color: #d5e8eb; text-align: center; width: 100%; height: 28px;\" colspan=\"6\"><span style=\"color: #000000; font-family: georgia, palatino, serif; font-size: 12pt;\"><strong>FAMILIETAK<\/strong><\/span><\/td>\n<\/tr>\n<tr style=\"height: 28px;\">\n<td style=\"width: 100%; height: 28px;\" colspan=\"6\"><\/td>\n<\/tr>\n<tr style=\"height: 28px;\">\n<td style=\"width: 15.9091%; height: 28px;\"><\/td>\n<td style=\"width: 20.303%; height: 28px;\"><\/td>\n<td style=\"width: 19.8485%; height: 28px; text-align: center; background-color: #ffffff;\"><\/td>\n<td style=\"width: 15.9091%; background-color: #baafaf; text-align: center; height: 28px;\"><a style=\"color: #0000ff;\" href=\"https:\/\/meijenfeldt.nl\/?page_id=41395\"><span style=\"font-size: 6pt;\"><strong>OUDERS<\/strong><\/span><\/a><\/td>\n<td style=\"width: 16.5152%; height: 28px;\"><\/td>\n<td style=\"width: 11.5152%; height: 28px;\"><\/td>\n<\/tr>\n<tr style=\"height: 28px;\">\n<td style=\"width: 15.9091%; height: 28px;\"><\/td>\n<td style=\"width: 20.303%; height: 28px;\"><\/td>\n<td style=\"width: 19.8485%; height: 28px; text-align: center; background-color: #ffffff;\"><\/td>\n<td style=\"width: 15.9091%; background-color: #baafaf; text-align: center; height: 28px;\"><strong style=\"font-size: 8px; text-align: center;\"><span style=\"color: #000000;\">ZZ.35<\/span><\/strong><\/td>\n<td style=\"width: 16.5152%; height: 28px;\"><\/td>\n<td style=\"width: 11.5152%; height: 28px;\"><\/td>\n<\/tr>\n<tr style=\"height: 149px;\">\n<td style=\"width: 15.9091%; height: 261px;\" rowspan=\"2\"><\/td>\n<td style=\"text-align: center; vertical-align: middle; width: 20.303%; height: 149px;\"><span style=\"color: #008000;\"><span style=\"font-size: 6pt;\"><span style=\"color: #000000;\">\u00a0<\/span><\/span><\/span><\/td>\n<td style=\"height: 149px; text-align: center; vertical-align: middle; width: 19.8485%; background-color: #ffffff;\"><img loading=\"lazy\" decoding=\"async\" class=\"alignnone wp-image-35852 aligncenter\" style=\"color: #008000;\" src=\"https:\/\/meijenfeldt.nl\/wp-content\/uploads\/2021\/01\/Gravenwapen-258x300.jpg\" alt=\"\" width=\"376\" height=\"437\" srcset=\"https:\/\/meijenfeldt.nl\/wp-content\/uploads\/2021\/01\/Gravenwapen-258x300.jpg 258w, https:\/\/meijenfeldt.nl\/wp-content\/uploads\/2021\/01\/Gravenwapen.jpg 402w\" sizes=\"auto, (max-width: 376px) 100vw, 376px\" \/><\/td>\n<td style=\"width: 15.9091%; background-color: #e8fac5; text-align: center; vertical-align: middle; height: 149px;\"><span style=\"color: #000000; font-size: 10pt;\"><strong>Johann<br \/>\nAugust<\/strong><\/span><br \/>\n<span style=\"color: #000000; font-size: 10pt;\">von Meijerfeldt jr<\/span><\/td>\n<td style=\"width: 16.5152%; height: 149px;\"><\/td>\n<td style=\"width: 11.5152%; height: 149px;\"><\/td>\n<\/tr>\n<tr style=\"height: 112px;\">\n<td style=\"text-align: center; vertical-align: middle; width: 20.303%; height: 112px;\"><span style=\"color: #008000;\"><span style=\"font-size: 6pt;\"><span style=\"color: #000000;\">\u00a0<\/span><\/span><\/span><\/td>\n<td style=\"background-color: #e8fac5; text-align: center; vertical-align: middle; width: 19.8485%; height: 112px;\"><em style=\"color: #000000; font-size: 13.3333px;\">\u221e1<br \/>\nAnthonetta<br \/>\nN.N.<\/em><\/td>\n<td style=\"width: 15.9091%; background-color: #e8fac5; text-align: center; height: 112px;\"><\/td>\n<td style=\"width: 16.5152%; background-color: #e8fac5; text-align: center; vertical-align: middle; height: 112px;\"><span style=\"font-size: 10pt;\"><em style=\"color: #000000; text-align: center; background-color: #e8fac5;\">\u221e2<br \/>\nLovisa<br \/>\n<\/em><em>Augusta<\/em><\/span><br \/>\n<em><span style=\"font-size: 10pt;\">Wrede-Sparre<\/span><\/em><\/td>\n<td style=\"width: 11.5152%; vertical-align: middle; height: 112px;\"><span style=\"color: #000000;\"><em><span style=\"font-size: 6pt;\"><img loading=\"lazy\" decoding=\"async\" class=\"alignnone size-full wp-image-1265\" src=\"https:\/\/meijenfeldt.nl\/wp-content\/uploads\/2016\/11\/IMG_0431.jpg\" alt=\"\" width=\"197\" height=\"236\" \/><\/span><\/em><\/span><\/td>\n<\/tr>\n<tr style=\"height: 28px;\">\n<td style=\"width: 15.9091%; background-color: #ffffff; height: 28px;\"><\/td>\n<td style=\"width: 20.303%; background-color: #baafaf; height: 28px;\"><\/td>\n<td style=\"width: 19.8485%; background-color: #baafaf; text-align: center; height: 28px;\"><strong><span style=\"font-size: 6pt; color: #000000;\">KINDEREN<\/span><\/strong><\/td>\n<td style=\"width: 15.9091%; height: 28px;\"><\/td>\n<td style=\"width: 16.5152%; background-color: #baafaf; text-align: center; height: 28px;\"><strong><span style=\"font-size: 6pt; color: #000000;\">KINDEREN<\/span><\/strong><\/td>\n<td style=\"width: 11.5152%; height: 28px;\"><\/td>\n<\/tr>\n<tr style=\"height: 28px;\">\n<td style=\"width: 15.9091%; background-color: #ffffff; height: 28px;\"><\/td>\n<td style=\"width: 20.303%; background-color: #baafaf; height: 28px;\"><\/td>\n<td style=\"width: 19.8485%; height: 28px;\"><\/td>\n<td style=\"width: 15.9091%; height: 28px;\"><\/td>\n<td style=\"width: 16.5152%; background-color: #baafaf; height: 28px;\"><\/td>\n<td style=\"width: 11.5152%; height: 28px;\"><\/td>\n<\/tr>\n<tr style=\"height: 28px;\">\n<td style=\"width: 15.9091%; background-color: #baafaf; text-align: center; height: 28px;\"><strong><span style=\"font-size: 6pt;\">Z.351<\/span><\/strong><\/td>\n<td style=\"width: 20.303%; background-color: #baafaf; text-align: center; height: 28px;\"><strong><span style=\"font-size: 6pt;\">Z.352<\/span><\/strong><\/td>\n<td style=\"width: 19.8485%; text-align: center; background-color: #ffffff; height: 28px;\"><\/td>\n<td style=\"width: 15.9091%; background-color: #baafaf; text-align: center; height: 28px;\"><strong><span style=\"color: #000000; font-size: 6pt;\">ZZ.353<\/span><\/strong><\/td>\n<td style=\"width: 16.5152%; background-color: #baafaf; text-align: center; height: 28px;\"><strong><span style=\"color: #000000; font-size: 6pt;\">ZZ.354<\/span><\/strong><\/td>\n<td style=\"width: 11.5152%; background-color: #baafaf; text-align: center; height: 28px;\"><strong><span style=\"color: #000000; font-size: 6pt;\">ZZ.355<\/span><\/strong><\/td>\n<\/tr>\n<tr style=\"height: 56px;\">\n<td style=\"width: 15.9091%; background-color: #e8fac5; text-align: center; height: 56px;\"><span style=\"color: #0000ff;\"><a style=\"color: #0000ff;\" href=\"https:\/\/meijenfeldt.nl\/?page_id=40191\"><strong><span style=\"font-size: 6pt;\">Johan<br \/>\n<\/span><\/strong><strong><span style=\"font-size: 6pt;\">August<\/span><\/strong><\/a><\/span><\/td>\n<td style=\"width: 20.303%; background-color: #e8fac5; text-align: center; height: 56px;\"><span style=\"color: #0000ff;\"><a style=\"color: #0000ff;\" href=\"https:\/\/meijenfeldt.nl\/?page_id=41563\"><strong><span style=\"font-size: 6pt;\">Augusta<br \/>\n<\/span><\/strong><strong><span style=\"font-size: 6pt;\">Juliana<\/span><\/strong><\/a><\/span><\/td>\n<td style=\"width: 19.8485%; text-align: center; background-color: #ffffff; height: 56px;\"><\/td>\n<td style=\"width: 15.9091%; background-color: #e8fac5; text-align: center; height: 56px;\"><span style=\"color: #0000ff;\"><a style=\"color: #0000ff;\" href=\"https:\/\/meijenfeldt.nl\/?page_id=41530\"><strong><span style=\"font-size: 6pt;\">Johann<br \/>\n<\/span><\/strong><strong><span style=\"font-size: 6pt;\">August <\/span><\/strong><strong><span style=\"font-size: 6pt;\">III<\/span><\/strong><\/a><\/span><\/td>\n<td style=\"width: 16.5152%; background-color: #e8fac5; text-align: center; height: 56px;\"><span style=\"color: #0000ff;\"><a style=\"color: #0000ff;\" href=\"https:\/\/meijenfeldt.nl\/?page_id=41535\"><strong><span style=\"font-size: 6pt;\">Axel<br \/>\n<\/span><\/strong><strong><span style=\"font-size: 6pt;\">Friedrich<\/span><\/strong><\/a><\/span><\/td>\n<td style=\"width: 11.5152%; background-color: #e8fac5; text-align: center; height: 56px;\"><span style=\"color: #0000ff;\"><a style=\"color: #0000ff;\" href=\"https:\/\/meijenfeldt.nl\/?page_id=41540\"><strong><span style=\"font-size: 6pt;\">N.N.<\/span><\/strong><\/a><\/span><\/td>\n<\/tr>\n<tr style=\"height: 28px;\">\n<td style=\"width: 15.9091%; background-color: #baafaf; text-align: center; height: 28px;\"><strong><span style=\"font-size: 6pt;\">\u00a0N<\/span><\/strong><\/td>\n<td style=\"width: 20.303%; background-color: #ffffff; text-align: center; height: 28px;\"><strong><span style=\"font-size: 6pt;\">P<\/span><\/strong><\/td>\n<td style=\"width: 19.8485%; text-align: center; background-color: #ffffff; height: 28px;\"><\/td>\n<td style=\"width: 15.9091%; text-align: center; background-color: #ffffff; height: 28px;\"><strong><span style=\"font-size: 6pt;\">\u00a0<\/span><\/strong><\/td>\n<td style=\"width: 16.5152%; text-align: center; background-color: #ffffff; height: 28px;\"><strong><span style=\"font-size: 6pt;\">\u00a0<\/span><\/strong><\/td>\n<td style=\"width: 11.5152%; text-align: center; background-color: #ffffff; height: 28px;\"><strong><span style=\"font-size: 6pt;\">\u00a0<\/span><\/strong><\/td>\n<\/tr>\n<tr style=\"height: 84px;\">\n<td style=\"width: 15.9091%; background-color: #f29a3d; text-align: center; height: 84px;\"><span style=\"color: #0000ff;\"><a style=\"color: #0000ff;\" href=\"https:\/\/meijenfeldt.nl\/?page_id=58281\"><strong><span style=\"font-size: 6pt;\">STAMBOOM<br \/>\nNEDERLANDSE<br \/>\nFAMILIE<\/span><\/strong><\/a><\/span><\/td>\n<td style=\"width: 20.303%; background-color: #ffffff; text-align: center; height: 84px;\"><strong><span style=\"font-size: 6pt;\">\u00a0<\/span><\/strong><\/td>\n<td style=\"width: 19.8485%; text-align: center; background-color: #ffffff; height: 84px;\"><\/td>\n<td style=\"width: 15.9091%; text-align: center; background-color: #ffffff; height: 84px;\"><strong><span style=\"font-size: 6pt;\">\u00a0<\/span><\/strong><\/td>\n<td style=\"width: 16.5152%; text-align: center; background-color: #ffffff; height: 84px;\"><strong><span style=\"font-size: 6pt;\">\u00a0<\/span><\/strong><\/td>\n<td style=\"width: 11.5152%; text-align: center; background-color: #ffffff; height: 84px;\"><strong><span style=\"font-size: 6pt;\">\u00a0<\/span><\/strong><\/td>\n<\/tr>\n<\/tbody>\n<\/table>\n<table style=\"border-collapse: collapse; height: 200px; width: 100%;\">\n<tbody>\n<tr style=\"height: 10px;\">\n<td style=\"width: 135.54%; background-color: #d5e8eb; text-align: center; height: 10px;\" colspan=\"4\"><span style=\"color: #000000; font-family: georgia, palatino, serif; font-size: 12pt;\"><strong>GENEALOGIE<a id=\"genealogie\"><\/a><\/strong><\/span><\/td>\n<\/tr>\n<tr style=\"height: 136px;\">\n<td style=\"height: 55px; width: 135.54%; text-align: justify;\" colspan=\"4\"><span style=\"color: #000000;\"><br \/>\nZZ.35. <strong>Johann August <\/strong>graaf <strong>von Meijerfeldt <\/strong>jr, * Stralsund 04-05-1725, \u2248 St. Nikolai 05-05-1725,\u2020Stockholm 21-04-1800, \u2261 Nehringen 15-07-1800, veldmaarschalk, \u221e1 <em>N.N.<\/em>, twee kinderen Z.351 en Z.352, \u221e2 Stockholm 13-12-1763 <i>Lovisa Augusta<\/i> gravin <em>Wrede-Sparre<\/em>, * Sundby 14-09-1745, \u2020 Stockholm (Klara) 16-09-1817, \u2261 \u00d6ja, hofdame, dochter van Axel Wrede-Sparre (1708-1772) en Christina Margaretha Augusta T\u00f6rnflycht (1714-1780), drie kinderen ZZ.353 t\/m ZZ.355.<\/span><\/td>\n<\/tr>\n<tr style=\"height: 28px;\">\n<td style=\"width: 135.54%; background-color: #d5e8eb; text-align: center; height: 28px;\" colspan=\"4\"><span style=\"font-family: georgia, palatino, serif; font-size: 12pt;\"><strong><span style=\"color: #000000;\">PORTRETTEN<a id=\"portretten\"><\/a><\/span><\/strong><\/span><\/td>\n<\/tr>\n<tr style=\"height: 360px;\">\n<td style=\"background-color: #ffffff; text-align: center; vertical-align: top; height: 10px; width: 55.9517%;\" colspan=\"2\"><span style=\"color: #0000ff;\"><img loading=\"lazy\" decoding=\"async\" class=\"aligncenter\" src=\"https:\/\/meijenfeldt.nl\/wp-content\/uploads\/2018\/09\/15-JAjr-Kraft.bmp\" width=\"277\" height=\"373\" \/><\/span><\/td>\n<td style=\"background-color: #ffffff; text-align: center; vertical-align: top; width: 79.5881%; height: 10px;\" colspan=\"2\"><span style=\"color: #0000ff;\"><span style=\"font-size: 13.3333px;\"><img loading=\"lazy\" decoding=\"async\" class=\"wp-image-57386 aligncenter\" src=\"https:\/\/meijenfeldt.nl\/wp-content\/uploads\/2023\/07\/LAS-kleur-235x300.png\" alt=\"\" width=\"271\" height=\"346\" srcset=\"https:\/\/meijenfeldt.nl\/wp-content\/uploads\/2023\/07\/LAS-kleur-235x300.png 235w, https:\/\/meijenfeldt.nl\/wp-content\/uploads\/2023\/07\/LAS-kleur-803x1024.png 803w, https:\/\/meijenfeldt.nl\/wp-content\/uploads\/2023\/07\/LAS-kleur-768x980.png 768w, https:\/\/meijenfeldt.nl\/wp-content\/uploads\/2023\/07\/LAS-kleur.png 886w\" sizes=\"auto, (max-width: 271px) 100vw, 271px\" \/><\/span><\/span><\/td>\n<\/tr>\n<tr style=\"height: 28px;\">\n<td style=\"background-color: #d5e8eb; text-align: center; height: 28px; width: 135.54%;\" colspan=\"4\"><strong><span style=\"color: #000000;\"><span style=\"font-family: georgia, palatino, serif; font-size: 12pt;\">LEVENSLOOP<a id=\"levensloop\"><\/a><\/span><br \/>\n<\/span><\/strong><\/td>\n<\/tr>\n<tr style=\"height: 224px;\">\n<td style=\"height: 10px; width: 135.54%;\" colspan=\"4\"><span style=\"font-size: 10pt; color: #000000;\"><br \/>\n06-05-1737 Verkenner garnizoensregiment Dohna te Stralsund;<\/span><br \/>\n<span style=\"font-size: 10pt; color: #000000;\">17-02-1739 Student Universiteit Uppsala;<\/span><br \/>\n<span style=\"font-size: 10pt; color: #000000;\">06-06-1739 Kamerheer;<\/span><br \/>\n<span style=\"font-size: 10pt; color: #000000;\">13-06-1744 Kapitein\u00a0Lijfregiment Koningin te Stralsund;<\/span><br \/>\n<span style=\"font-size: 10pt; color: #000000;\">1745 Oostenrijkse dienst in Siliezi\u00eb;<\/span><br \/>\n<span style=\"font-size: 10pt; color: #000000;\">09-05-1746 Oostenrijkse dienst in Zuidelijke Nederlanden;<\/span><br \/>\n<span style=\"font-size: 10pt; color: #000000;\">1747 Adjudant-generaal Prins van Waldeck;<\/span><br \/>\n<span style=\"font-size: 10pt; color: #000000;\">1748 Kapitein\u00a0Lijfregiment Koningin te Stralsund;<\/span><br \/>\n<span style=\"font-size: 10pt; color: #000000;\">04-12-1751 Ridder in de Zwaard Orde;<\/span><br \/>\n<span style=\"font-size: 10pt; color: #000000;\">18-12-1751 Majoor garnizoensregiment Cronhiort te Stralsund;<\/span><br \/>\n<span style=\"font-size: 10pt; color: #000000;\">1756 In dienst Hertog van Brunswijk;<\/span><br \/>\n<span style=\"font-size: 10pt; color: #000000;\">1757 Terugkeer in Zweedse legers;<\/span><br \/>\n<span style=\"font-size: 10pt; color: #000000;\">1758 Majoor\u00a0regiment L\u00f6wenfels, vanaf 1764\u00a0Sprengtporten;\u00a0Commandant\u00a0Eerste Duitse bataljon grenadiers;<\/span><br \/>\n<span style=\"font-size: 10pt; color: #000000;\">22-10-1759 Luitenant-kolonel in het leger;<\/span><br \/>\n<span style=\"font-size: 10pt; color: #000000;\">29-06-1762 Kolonel in het leger;<\/span><br \/>\n<span style=\"font-size: 10pt; color: #000000;\">19-12-1766 Adjudant-Generaal bij de Koning; Luitenant-kolonel Lijfregiment Koningin<\/span><br \/>\n<span style=\"font-size: 10pt; color: #000000;\">02-05-1770 Kolonel en Commandant regiment Westerbotten;<\/span><br \/>\n<span style=\"font-size: 10pt; color: #000000;\">01-11-1773 Generaal-Majoor in het leger;<br \/>\n<\/span><span style=\"font-size: 10pt;\">26-01-1774 Lidmaat 61 van de Koninklijke Muzikale Academie;<\/span><br \/>\n<span style=\"font-size: 10pt; color: #000000;\">27-11-1775 Commandeur in de Zwaard Orde;<\/span><br \/>\n<span style=\"font-size: 10pt; color: #000000;\">27-02\/12-1778 Luitenant-Generaal in het leger;<\/span><br \/>\n<span style=\"font-size: 10pt; color: #000000;\">10-02-1779 Kolonel en Commandant regiment N\u00e4rke-Wermland;<\/span><br \/>\n<span style=\"font-size: 10pt; color: #000000;\">01-09-1782 Commandeur met Grootkruis in de Zwaard Orde;<\/span><br \/>\n<span style=\"font-size: 10pt; color: #000000;\">18-07-1789 Generaal van de infanterie;<\/span><br \/>\n<span style=\"font-size: 10pt; color: #000000;\">16-10-1789 Bevelhebber gehele Zweedse leger;<\/span><br \/>\n<span style=\"font-size: 10pt; color: #000000;\">19-07-1790 Ridder met Grootkruis in de Zwaard Orde;<\/span><br \/>\n<span style=\"font-size: 10pt; color: #000000;\">21-08-1790 Veldmaarschalk;<\/span><br \/>\n<span style=\"font-size: 10pt; color: #000000;\">29-03-1791 Afscheid;<br \/>\n<\/span><span style=\"color: #000000; font-size: 13.3333px;\">26-08-1792 E\u00e9n van \u2019s-Rijks Heren;<\/span><br \/>\n<span style=\"font-size: 10pt; color: #000000;\"><span style=\"font-size: 10pt; color: #000000;\">01-11-1797 Ridder in de Serafijnen Orde.<\/span><\/span><\/td>\n<\/tr>\n<tr style=\"height: 28px;\">\n<td style=\"width: 135.54%; background-color: #d5e8eb; text-align: center; height: 28px;\" colspan=\"4\"><span style=\"font-family: georgia, palatino, serif; font-size: 12pt; color: #000000;\"><strong>HANDTEKENING<a id=\"handtekening\"><\/a><\/strong><\/span><\/td>\n<\/tr>\n<tr style=\"height: 31px;\">\n<td style=\"height: 31px;\" colspan=\"2\"><img loading=\"lazy\" decoding=\"async\" class=\"size-medium wp-image-56082 aligncenter\" src=\"https:\/\/meijenfeldt.nl\/wp-content\/uploads\/2023\/05\/Johan-August-jr-300x107.jpg\" alt=\"\" width=\"300\" height=\"107\" srcset=\"https:\/\/meijenfeldt.nl\/wp-content\/uploads\/2023\/05\/Johan-August-jr-300x107.jpg 300w, https:\/\/meijenfeldt.nl\/wp-content\/uploads\/2023\/05\/Johan-August-jr.jpg 536w\" sizes=\"auto, (max-width: 300px) 100vw, 300px\" \/><\/td>\n<td style=\"height: 31px;\" colspan=\"2\"><img loading=\"lazy\" decoding=\"async\" class=\"size-medium wp-image-56083 aligncenter\" src=\"https:\/\/meijenfeldt.nl\/wp-content\/uploads\/2023\/05\/Louise-Augusta-Sparre-300x98.jpg\" alt=\"\" width=\"300\" height=\"98\" srcset=\"https:\/\/meijenfeldt.nl\/wp-content\/uploads\/2023\/05\/Louise-Augusta-Sparre-300x98.jpg 300w, https:\/\/meijenfeldt.nl\/wp-content\/uploads\/2023\/05\/Louise-Augusta-Sparre-768x251.jpg 768w, https:\/\/meijenfeldt.nl\/wp-content\/uploads\/2023\/05\/Louise-Augusta-Sparre.jpg 864w\" sizes=\"auto, (max-width: 300px) 100vw, 300px\" \/><\/td>\n<\/tr>\n<tr>\n<td style=\"background-color: #d5e8eb; text-align: center;\" colspan=\"4\"><span style=\"font-family: georgia, palatino, serif; font-size: 12pt;\"><strong>BIBLIOGRAFIE<a id=\"bibliografie\"><\/a><\/strong><\/span><\/td>\n<\/tr>\n<tr>\n<td style=\"width: 55.9517%;\" colspan=\"4\"><span style=\"font-family: georgia, palatino, serif; font-size: 10pt;\"><i><strong>\u2014 <span style=\"color: #0000ff;\"><a style=\"color: #0000ff;\" href=\"https:\/\/meijenfeldt.nl\/wp-content\/uploads\/2019\/03\/H%C3%B6gste-Bef%C3%A4lhafwarens-1.pdf\">H\u00f6gste bef\u00e4lhafwarens<\/a><\/span><\/strong> \u00f6fwer kongl. maj:ts i Finland sammandragne krigsmagt kung\u00f6relse, ang\u00e5ende en fr\u00e5n fientlige sidan i riket insmygd sm\u00e4delig och f\u00f6rr\u00e4disk skrift. <\/i>Tryckt i \u00c5bo 1788. \u00c5 nyo tryckt i Stockholm hos : Anders Zetterberg 1789.<\/span><br \/>\n<span style=\"font-family: georgia, palatino, serif; font-size: 10pt;\">\u2014 <strong><i>Boksamling<\/i>.<\/strong> <i>F\u00f6rteckning upp\u00e5 framlidne hans excellence feldtmarschalken m.m. herr grefve Johan August Meijerfelts efterlemnade boksamling som \u00e5 bokauctions-kammaren i Stockholm kommer att f\u00f6rs\u00e4ljas den 14 januarie [!] 1818 och f\u00f6ljande dagar<\/i>. =(Rubr.)= : (Stockholm, tryckt i Hedmanska tryckeriet, 1817.)<\/span><\/td>\n<\/tr>\n<\/tbody>\n<\/table>\n","protected":false},"excerpt":{"rendered":"<p>PERSOONSDOSSIER \u2190 Stamboom\u00a0 \u00a0***\u00a0 \u00a0\u2193 Genealogie\u00a0 \u00a0***\u00a0 \u00a0Kranten \u2192\u00a0 \u00a0***\u00a0 \u00a0Documenten \u2192 \u2193 Portretten\u00a0 \u00a0*** \u00a0\u00a0\u2193 Levensloop\u00a0 \u00a0***\u00a0 \u00a0\u2193 Handtekening\u00a0 \u00a0***\u00a0 \u2193 Bibliografie\u00a0 FAMILIETAK OUDERS ZZ.35 \u00a0 Johann August von Meijerfeldt jr \u00a0 \u221e1 Anthonetta N.N. \u221e2 Lovisa Augusta Wrede-Sparre KINDEREN KINDEREN Z.351 Z.352 ZZ.353 ZZ.354 ZZ.355 Johan August Augusta Juliana Johann August III Axel &hellip; <a href=\"https:\/\/meijenfeldt.nl\/?page_id=41514\" class=\"more-link\">Verder lezen <span class=\"screen-reader-text\">ZZ.35. Johann August jr<\/span><\/a><\/p>\n","protected":false},"author":1,"featured_media":0,"parent":0,"menu_order":0,"comment_status":"closed","ping_status":"closed","template":"","meta":{"footnotes":""},"class_list":["post-41514","page","type-page","status-publish","hentry"],"_links":{"self":[{"href":"https:\/\/meijenfeldt.nl\/index.php?rest_route=\/wp\/v2\/pages\/41514","targetHints":{"allow":["GET"]}}],"collection":[{"href":"https:\/\/meijenfeldt.nl\/index.php?rest_route=\/wp\/v2\/pages"}],"about":[{"href":"https:\/\/meijenfeldt.nl\/index.php?rest_route=\/wp\/v2\/types\/page"}],"author":[{"embeddable":true,"href":"https:\/\/meijenfeldt.nl\/index.php?rest_route=\/wp\/v2\/users\/1"}],"replies":[{"embeddable":true,"href":"https:\/\/meijenfeldt.nl\/index.php?rest_route=%2Fwp%2Fv2%2Fcomments&post=41514"}],"version-history":[{"count":75,"href":"https:\/\/meijenfeldt.nl\/index.php?rest_route=\/wp\/v2\/pages\/41514\/revisions"}],"predecessor-version":[{"id":69842,"href":"https:\/\/meijenfeldt.nl\/index.php?rest_route=\/wp\/v2\/pages\/41514\/revisions\/69842"}],"wp:attachment":[{"href":"https:\/\/meijenfeldt.nl\/index.php?rest_route=%2Fwp%2Fv2%2Fmedia&parent=41514"}],"curies":[{"name":"wp","href":"https:\/\/api.w.org\/{rel}","templated":true}]}}