{"id":41460,"date":"2022-01-06T14:39:06","date_gmt":"2022-01-06T14:39:06","guid":{"rendered":"https:\/\/meijenfeldt.nl\/?page_id=41460"},"modified":"2024-07-21T19:53:04","modified_gmt":"2024-07-21T19:53:04","slug":"zz-33-carl-friedrich-jr","status":"publish","type":"page","link":"https:\/\/meijenfeldt.nl\/?page_id=41460","title":{"rendered":"ZZ.33. Carl Friedrich jr"},"content":{"rendered":"<table style=\"border-collapse: collapse; width: 100%; height: 3885px;\">\n<tbody>\n<tr style=\"height: 30px;\">\n<td style=\"width: 100%; background-color: #ffffff; text-align: center; height: 30px;\" colspan=\"4\"><strong><span style=\"color: #000000; font-size: 14pt;\">PERSOONSDOSSIER<\/span><\/strong><\/td>\n<\/tr>\n<tr style=\"height: 56px;\">\n<td style=\"background-color: #ffffff; text-align: center; height: 56px; width: 100%;\" colspan=\"4\"><span style=\"color: #000000; font-size: 10pt;\"><span style=\"color: #0000ff;\"><a style=\"color: #0000ff;\" href=\"https:\/\/meijenfeldt.nl\/?page_id=654\">\u2190 Stamboom<\/a><\/span>\u00a0 \u00a0***\u00a0 <span style=\"color: #0000ff;\">\u00a0<a style=\"color: #0000ff;\" href=\"#genealogie\">\u2193 Genealogie<\/a><\/span>\u00a0 \u00a0***\u00a0 <span style=\"color: #0000ff;\">\u00a0<a style=\"color: #0000ff;\" href=\"#portretten\">\u2193 Portretten<\/a><\/span>\u00a0 \u00a0***\u00a0 <span style=\"color: #0000ff;\">\u00a0<a style=\"color: #0000ff;\" href=\"#levensloop\">\u2193 Levensloop<\/a><\/span>\u00a0\u00a0<span style=\"color: #0000ff;\"><br \/>\n<a style=\"color: #0000ff;\" href=\"#kranten\">\u2193 Kranten<\/a><\/span>\u00a0 \u00a0***\u00a0 <span style=\"color: #0000ff;\"><a style=\"color: #0000ff;\" href=\"#handtekening\">\u2193 Handtekening<\/a><\/span>\u00a0 \u00a0***\u00a0 <span style=\"color: #0000ff;\">\u00a0<a style=\"color: #0000ff;\" href=\"#bibliografie\">\u2193 Bibliografie<\/a><\/span>\u00a0 \u00a0***\u00a0 <span style=\"color: #0000ff;\">\u00a0<a style=\"color: #0000ff;\" href=\"#documenten\">\u2193 Documenten<\/a><\/span><\/span><\/td>\n<\/tr>\n<tr style=\"height: 28px;\">\n<td style=\"background-color: #d5e8eb; text-align: center; height: 10px; width: 100%;\" colspan=\"4\"><strong><span style=\"color: #000000;\">FAMILIETAK<\/span><\/strong><\/td>\n<\/tr>\n<tr style=\"height: 28px;\">\n<td style=\"width: 100%; height: 28px;\" colspan=\"4\"><span style=\"font-size: 6pt;\"><strong><span style=\"color: #000000;\">\u00a0<\/span><\/strong><\/span><\/td>\n<\/tr>\n<tr style=\"height: 10px;\">\n<td style=\"height: 10px; width: 25%;\"><\/td>\n<td style=\"width: 44.697%; height: 10px; text-align: center; background-color: #ffffff;\"><\/td>\n<td style=\"width: 5.30303%; height: 10px; background-color: #baafaf; text-align: center;\"><span style=\"font-size: 6pt; color: #0000ff;\"><strong><a style=\"color: #0000ff;\" href=\"https:\/\/meijenfeldt.nl\/?page_id=41395\">OUDERS<\/a><\/strong><\/span><\/td>\n<td style=\"width: 25%; height: 10px;\"><\/td>\n<\/tr>\n<tr style=\"height: 28px;\">\n<td style=\"width: 25%; height: 28px;\"><\/td>\n<td style=\"width: 44.697%; text-align: center; height: 28px; background-color: #ffffff;\"><\/td>\n<td style=\"width: 5.30303%; height: 28px; background-color: #baafaf; text-align: center;\"><strong style=\"font-size: 8px; text-align: center;\"><span style=\"color: #000000;\">ZZ.33<\/span><\/strong><\/td>\n<td style=\"width: 25%; height: 28px;\"><\/td>\n<\/tr>\n<tr style=\"height: 56px;\">\n<td style=\"width: 25%; height: 10px; text-align: center; vertical-align: top;\"><span style=\"color: #008000;\"><span style=\"font-size: 6pt;\">\u00a0<\/span><\/span><\/td>\n<td style=\"width: 44.697%; height: 10px; text-align: center; vertical-align: middle; background-color: #ffffff;\"><span style=\"color: #0000ff;\"><a style=\"color: #0000ff;\" href=\"https:\/\/meijenfeldt.nl\/?page_id=677\"><span style=\"font-size: 6pt;\"><strong>Gravenwapen<\/strong><img loading=\"lazy\" decoding=\"async\" class=\"alignnone wp-image-35852 aligncenter\" src=\"https:\/\/meijenfeldt.nl\/wp-content\/uploads\/2021\/01\/Gravenwapen-258x300.jpg\" alt=\"\" width=\"376\" height=\"437\" srcset=\"https:\/\/meijenfeldt.nl\/wp-content\/uploads\/2021\/01\/Gravenwapen-258x300.jpg 258w, https:\/\/meijenfeldt.nl\/wp-content\/uploads\/2021\/01\/Gravenwapen.jpg 402w\" sizes=\"auto, (max-width: 376px) 100vw, 376px\" \/><\/span><\/a><\/span><\/td>\n<td style=\"width: 5.30303%; background-color: #e8fac5; height: 10px; text-align: center; vertical-align: middle;\"><span style=\"color: #000000; font-size: 10pt;\"><strong>Carl Friedrich<\/strong><\/span><br \/>\n<span style=\"color: #000000; font-size: 10pt;\">von Meijerfeldt jr<\/span><\/td>\n<td style=\"width: 25%; height: 10px; vertical-align: middle;\"><\/td>\n<\/tr>\n<tr style=\"height: 28px;\">\n<td style=\"width: 100%; height: 28px;\" colspan=\"4\"><span style=\"color: #008000;\"><strong><span style=\"font-size: 6pt;\">\u00a0<\/span><\/strong><\/span><\/td>\n<\/tr>\n<tr style=\"height: 28px;\">\n<td style=\"width: 100%; background-color: #d5e8eb; text-align: center; height: 28px;\" colspan=\"4\"><span style=\"color: #000000;\"><strong>GENEALOGIE<a id=\"genealogie\"><\/a><\/strong><\/span><\/td>\n<\/tr>\n<tr style=\"height: 84px;\">\n<td style=\"width: 100%; height: 84px; text-align: justify;\" colspan=\"4\"><span style=\"color: #000000;\"><span style=\"color: #000000;\">ZZ.33. <b>Carl Friedrich<\/b> graaf von <strong>Meijerfeldt <\/strong>jr, * Vittsk\u00f6vle 13-02-1721, \u2248 Vittsk\u00f6vle 17-02-1721, \u2020 Ugerup 29-03-1791, \u2261 Vittsk\u00f6vle 26-05-1791, officier en kamerheer, ongehuwd, geen kinderen.<\/span><\/span><\/td>\n<\/tr>\n<tr style=\"height: 28px;\">\n<td style=\"background-color: #d5e8eb; text-align: center; width: 100%; height: 28px;\" colspan=\"4\"><strong><span style=\"color: #000000;\">\u00a0PORTRETTEN<a id=\"portretten\"><\/a><\/span><\/strong><\/td>\n<\/tr>\n<tr style=\"height: 543px;\">\n<td style=\"background-color: #ffffff; text-align: center; height: 543px; width: 100%;\" colspan=\"4\"><strong><span style=\"color: #000000;\"> <img loading=\"lazy\" decoding=\"async\" class=\"alignnone wp-image-57173\" src=\"https:\/\/meijenfeldt.nl\/wp-content\/uploads\/2023\/07\/CFMjr-kleur-248x300.jpg\" alt=\"\" width=\"431\" height=\"521\" srcset=\"https:\/\/meijenfeldt.nl\/wp-content\/uploads\/2023\/07\/CFMjr-kleur-248x300.jpg 248w, https:\/\/meijenfeldt.nl\/wp-content\/uploads\/2023\/07\/CFMjr-kleur-847x1024.jpg 847w, https:\/\/meijenfeldt.nl\/wp-content\/uploads\/2023\/07\/CFMjr-kleur-768x929.jpg 768w, https:\/\/meijenfeldt.nl\/wp-content\/uploads\/2023\/07\/CFMjr-kleur-1270x1536.jpg 1270w, https:\/\/meijenfeldt.nl\/wp-content\/uploads\/2023\/07\/CFMjr-kleur-1693x2048.jpg 1693w\" sizes=\"auto, (max-width: 431px) 100vw, 431px\" \/><br \/>\n<\/span><\/strong><span style=\"color: #000000;\"><span style=\"font-size: 10pt;\">Kamerheer<br \/>\nOlieverf op canvas<em><br \/>\nArtiest: <\/em>Georg David Mathieu (1737-1778) in 1763<em><br \/>\nBezit: <\/em>Ing. G.R. Lam?<em><br \/>\nFoto: <\/em>Nationalmuseum 1968:26<br \/>\n<em>Inkleuring:\u00a0<\/em>Lester von Meijenfeldt<em><br \/>\nVerhaal: <\/em><span style=\"color: #0000ff;\"><a style=\"color: #0000ff;\" href=\"https:\/\/meijenfeldt.nl\/?page_id=10601\">Paragraaf 1.7.2<\/a><\/span><em><br \/>\n<\/em><\/span><\/span><strong><span style=\"color: #000000;\"><br \/>\n<\/span><\/strong><\/td>\n<\/tr>\n<tr style=\"height: 28px;\">\n<td style=\"background-color: #d5e8eb; text-align: center; height: 28px; width: 100%;\" colspan=\"4\"><strong><span style=\"color: #000000;\">LEVENSLOOP<a id=\"levensloop\"><\/a><br \/>\n<\/span><\/strong><\/td>\n<\/tr>\n<tr style=\"height: 224px;\">\n<td style=\"width: 100%; height: 199px;\" colspan=\"4\"><span style=\"font-size: 12pt; color: #000000;\"><br \/>\n1731 Vrijwilliger Lijfregiment Koningin te Stralsund<\/span><br \/>\n<span style=\"font-size: 12pt; color: #000000;\">02-04-1740 Verkenner<\/span><br \/>\n<span style=\"font-size: 12pt; color: #000000;\">07-04-1741 Vaandrig<\/span><br \/>\n<span style=\"font-size: 12pt; color: #000000;\">1741 Luitenant (?) in dienst Duitse keizer a\/d Rijn<\/span><br \/>\n<span style=\"font-size: 12pt; color: #000000;\">19-11-1747 Kapitein regiment Cronhiort<\/span><br \/>\n<span style=\"font-size: 12pt; color: #000000;\">19-09-1750 Majoor<\/span><br \/>\n<span style=\"font-size: 12pt; color: #000000;\">31-08-1751 Ontslag uit het Zweedse leger; Kamerheer<\/span><br \/>\n<span style=\"font-size: 12pt; color: #000000;\">1760 Luitenant-kolonel in Deense dienst<sup>1<\/sup><\/span><br \/>\n<span style=\"font-size: 12pt; color: #000000;\">1762 Kolonel in Hessische dienst<sup>2<\/sup><\/span><br \/>\n<span style=\"font-size: 12pt; color: #000000;\"><span style=\"font-size: 12pt; color: #000000;\">28-04-1770 Ridder in de Zwaard Orde<\/span><\/span><\/p>\n<p><span style=\"font-family: georgia, palatino, serif; font-size: 10pt;\">1. In de periode 1760-1762 bezit en bewoont hij Gammel Kj\u00f8geg\u00e5rd in Denemarken.\u00a0<\/span><br \/>\n<span style=\"font-family: georgia, palatino, serif; font-size: 10pt;\">2. Bij overlijden is zijn rang inderdaad <em>\u00f6fwersten<\/em> (kolonel), maar waar hij precies in dienst staat en hoe hij zich verhoudt tot de daar levende tijd- en naamg<span style=\"color: #000000;\"><span style=\"color: #000000;\">enoot vml luitenant <span style=\"color: #0000ff;\"><a style=\"color: #0000ff;\" href=\"https:\/\/meijenfeldt.nl\/?page_id=2178\">Wilhelm Ludwig<\/a><\/span> von Meijerfeld is nog in onderzoek.<\/span><\/span><\/span><\/td>\n<\/tr>\n<tr style=\"height: 28px;\">\n<td style=\"width: 100%; background-color: #d5e8eb; text-align: center; height: 28px;\" colspan=\"4\"><strong><span style=\"color: #000000;\">KRANTEN<a id=\"kranten\"><\/a><\/span><\/strong><\/td>\n<\/tr>\n<tr style=\"height: 28px;\">\n<td style=\"background-color: #ffffff; width: 25%; text-align: left; height: 28px;\"><span style=\"color: #000000; font-size: 10pt;\">\u00a0<\/span><\/td>\n<td style=\"background-color: #ffffff; text-align: left; width: 50%; height: 28px;\" colspan=\"2\"><span style=\"color: #0000ff; font-size: 10pt;\">\u00a0<\/span><\/td>\n<td style=\"background-color: #ffffff; width: 25%; text-align: left; height: 28px;\"><span style=\"color: #000000; font-size: 10pt;\">\u00a0<\/span><\/td>\n<\/tr>\n<tr style=\"height: 28px;\">\n<td style=\"background-color: #ffffff; width: 25%; text-align: left; height: 28px;\"><span style=\"color: #000000; font-size: 10pt;\">Posttidningar<\/span><\/td>\n<td style=\"background-color: #ffffff; text-align: left; height: 28px; width: 50%;\" colspan=\"2\"><span style=\"color: #0000ff; font-size: 10pt;\"><a style=\"color: #0000ff;\" href=\"https:\/\/tidningar.kb.se\/2979645\/1750-10-22\/edition\/145134\/part\/1\/page\/1\/?q=%20mejerfelt\">Major<\/a><\/span><\/td>\n<td style=\"background-color: #ffffff; width: 25%; text-align: left; height: 28px;\"><span style=\"color: #000000; font-size: 10pt;\">22-10-1750<\/span><\/td>\n<\/tr>\n<tr style=\"height: 28px;\">\n<td style=\"background-color: #ffffff; width: 25%; text-align: left; height: 28px;\"><span style=\"font-size: 10pt;\">Inrikes Tidningar<\/span><span style=\"color: #000000; font-size: 10pt;\"><br \/>\n<\/span><\/td>\n<td style=\"background-color: #ffffff; text-align: left; width: 50%; height: 28px;\" colspan=\"2\"><span style=\"color: #0000ff; font-size: 10pt;\"><a style=\"color: #0000ff;\" href=\"https:\/\/tidningar.kb.se\/2509100\/1782-12-02\/edition\/145120\/part\/1\/page\/2\/?q=%20meijerfelt&amp;page=1\">Ystad, utpasserat til Stralsund<\/a><\/span><\/td>\n<td style=\"background-color: #ffffff; width: 25%; text-align: left; height: 28px;\"><span style=\"color: #000000; font-size: 10pt;\">01-12-1782<\/span><\/td>\n<\/tr>\n<tr style=\"height: 28px;\">\n<td style=\"background-color: #ffffff; width: 25%; text-align: left; height: 28px;\"><span style=\"font-size: 10pt;\">Inrikes Tidningar<br \/>\n<\/span><\/td>\n<td style=\"background-color: #ffffff; text-align: left; height: 28px; width: 50%;\" colspan=\"2\"><span style=\"color: #0000ff; font-size: 10pt;\"><a style=\"color: #0000ff;\" href=\"https:\/\/tidningar.kb.se\/2509100\/1791-05-19\/edition\/145120\/part\/1\/page\/3\/?q=%20meyerfelt\">D\u00f6d p\u00e5 S\u00e4tesg\u00e5rden Ugerup<\/a><\/span><\/td>\n<td style=\"background-color: #ffffff; width: 25%; text-align: left; height: 28px;\"><span style=\"color: #000000; font-size: 10pt;\">19-05-1791<\/span><\/td>\n<\/tr>\n<tr style=\"height: 28px;\">\n<td style=\"background-color: #d5e8eb; width: 100%; text-align: center; height: 28px;\" colspan=\"4\"><strong><span style=\"color: #000000; font-size: 12pt;\">HANDTEKENING<a id=\"handtekening\"><\/a><\/span><\/strong><\/td>\n<\/tr>\n<tr style=\"height: 28px;\">\n<td style=\"background-color: #ffffff; width: 100%; text-align: left; height: 28px;\" colspan=\"4\"><span style=\"font-size: 10pt;\">\u00a0<\/span><br \/>\n<span style=\"color: #0000ff; font-size: 10pt;\"> <img loading=\"lazy\" decoding=\"async\" class=\" wp-image-56075 aligncenter\" src=\"https:\/\/meijenfeldt.nl\/wp-content\/uploads\/2023\/05\/Carl-Friedrich-jr-300x145.jpg\" alt=\"\" width=\"410\" height=\"198\" srcset=\"https:\/\/meijenfeldt.nl\/wp-content\/uploads\/2023\/05\/Carl-Friedrich-jr-300x145.jpg 300w, https:\/\/meijenfeldt.nl\/wp-content\/uploads\/2023\/05\/Carl-Friedrich-jr.jpg 586w\" sizes=\"auto, (max-width: 410px) 100vw, 410px\" \/><\/span><\/td>\n<\/tr>\n<tr style=\"height: 28px;\">\n<td style=\"background-color: #d5e8eb; text-align: center; width: 100%; height: 28px;\" colspan=\"4\"><strong><span style=\"color: #000000;\">BIBLIOGRAFIE<a id=\"bibliografie\"><\/a><\/span><\/strong><\/td>\n<\/tr>\n<tr style=\"height: 368px;\">\n<td style=\"background-color: #ffffff; text-align: left; width: 100%; height: 368px;\" colspan=\"4\"><span style=\"color: #000000; font-size: 12pt; font-family: georgia, palatino, serif;\"><span style=\"color: #000000; font-size: 12pt; font-family: georgia, palatino, serif;\"><br \/>\n\u2014\u00a0<span style=\"color: #0000ff;\"><a style=\"color: #0000ff;\" href=\"http:\/\/www.digitale-bibliothek-mv.de\/viewer\/image\/PPN77481201X_1776\/33\/LOG_0012\/\"><em>Ode. <i>(Sie betrift das vor einigen Jaren erfolgte Ableben der Wolsel. Frau Gr\u00e4fin von Meyerfeldten, Excellenze)<\/i><\/em><\/a><\/span><i>,<\/i> Pommerschen Magazin, Zweiter Theil, Stralsund\/Greifswald 1776, artikel, blz. 17-21. &#x2663;<br \/>\n\u2014\u00a0<i>Victime de la nature!\u00a0Epouse du ciel! Oraison funebre &amp; pan\u00eagerique \u00e0 l\u2019occasion de la mort de la d\u00e9funte comtesse ci-devant madame Marguerithe d\u2019Ascheberg colonelle douairi\u00e8re de Barnekov\u2026\u00a0<\/i>solemnellement enterr\u00e9e le 13. de Decembre 1753 dans l\u2019Eglise \u00e0 : Witsk\u00f6fle,\u00a0Casten Aulin, Christelig lik-predikan \u00f6fwer the helige Guds ord [\u2026] t\u00e5 [\u2026] Margareta von Ascheberg [\u2026] sl\u00f6t sina w\u00e4lsignade dagar upp\u00e5 sin s\u00e4tes- g\u00e5rd Witskj\u00f6fle then 26. octob. 1753 [\u2026], Lund 1759. KB : Svensk Samling Likpredikningar Fol f\u00f6re 1900.<br \/>\n\u2014\u00a0Autels qui brulent des encens [\u2026] au grand jour de celebration de la fete des noses de [\u2026] Antoine Reinhold de Wrangel [\u2026] et de Mademoiselle Eleonore Mariane de Barnekow, Stockholm [1762]. KB : Verser m.m. till och \u00f6fver enskilda, B kvarto 38, 1762, no 307.<\/span><\/span><\/td>\n<\/tr>\n<tr style=\"height: 28px;\">\n<td style=\"height: 28px; background-color: #d5e8eb; text-align: center; width: 100%;\" colspan=\"4\"><strong><span style=\"color: #000000;\">DOCUMENTEN<a id=\"documenten\"><\/a><\/span><\/strong><\/td>\n<\/tr>\n<tr style=\"height: 252px;\">\n<td style=\"width: 100%; height: 252px;\" colspan=\"4\"><span style=\"color: #000000; font-size: 10pt;\"><span style=\"color: #000000; font-size: 10pt;\"><strong style=\"color: #000000;\"><span style=\"color: #000000;\"><strong><br \/>\nDE\/Glewitz\/AK <\/strong><\/span><\/strong><span style=\"color: #000000;\">= Deutschland \/ <\/span><span style=\"color: #000000;\">Pfarrambt Glewitz \/ Archiv Andreas Kirche.<\/span><strong style=\"color: #000000;\"><span style=\"color: #000000;\"><strong><br \/>\nSE\/KrA<\/strong><span style=\"font-weight: 400;\"> = Sverige \/ Krigsarkivet (Militair Archief Zweden); <strong>Rullor<\/strong> = <\/span><\/span><\/strong><span style=\"color: #000000;\"><span style=\"font-weight: 400;\">0023\/0<\/span><\/span> <span style=\"color: #000000;\"><span style=\"font-weight: 400;\">Generalm\u00fcnsterrullor 1660-1887 \/ <\/span><\/span><span style=\"color: #000000;\"><span style=\"font-weight: 400;\">Arkiv med l\u00f6pande volymnumrering<\/span><\/span><span style=\"font-weight: 400; color: #0000ff;\"><span style=\"color: #000000;\">; <strong>Biografica<\/strong> = <\/span><\/span><span style=\"font-weight: 400; color: #0000ff;\"><span style=\"color: #000000;\">1051\/<\/span><\/span><strong style=\"color: #000000;\"><span style=\"font-weight: 400; color: #0000ff;\"><span style=\"color: #000000;\">003\/M\/8 <span style=\"color: #0000ff;\"><a style=\"color: #0000ff;\" href=\"https:\/\/sok.riksarkivet.se\/bildvisning\/A0066512_00010#?c=&amp;m=&amp;s=&amp;cv=9&amp;xywh=2334%2C-343%2C4137%2C2842\">Fiche<\/a>.<br \/>\n<\/span><\/span><\/span><\/strong><span style=\"font-weight: 400;\"><strong>SE\/LLA = <\/strong>Sverige \/\u00a0Landsarkivet i Lund; <strong>13459 = <\/strong>Vittsk\u00f6vle Kyrkoarkiv; <b>13234 = <\/b>K\u00f6pinge Kyrkoarkiv<\/span><strong style=\"color: #000000;\"><br style=\"font-weight: 400;\" \/><span style=\"color: #000000;\"><strong>SE\/RA<\/strong><span style=\"font-weight: 400;\"> = Sverige \/ Riksarkivet (Nationaal Archief Zweden); <\/span><\/span><\/strong><strong style=\"color: #000000;\"><span style=\"color: #000000;\"><span style=\"font-size: 10pt; font-weight: 400;\"><strong>B\u00f6rstorp<\/strong> = <\/span><\/span><\/strong><span style=\"color: #000000;\"><span style=\"font-size: 10pt; font-weight: 400;\">720132 <\/span><\/span><strong style=\"color: #000000;\"><span style=\"color: #000000;\"><span style=\"font-size: 10pt; font-weight: 400;\">B\u00f6rstorpsamlingen;\u00a0\u00a0<strong>Ericsberg <\/strong><\/span><\/span><\/strong><strong style=\"color: #000000;\"><span style=\"color: #000000;\"><span style=\"font-weight: 400;\">= 270266 Ericsbergsarkivet, 01 Autografsammlingen. 139 Martin-Meijerfelt <span style=\"color: #0000ff;\"><a style=\"color: #0000ff;\" href=\"https:\/\/sok.riksarkivet.se\/bildvisning\/A0040220_00473#?c=&amp;m=&amp;s=&amp;cv=472&amp;xywh=-779%2C121%2C4242%2C2211\">Fiche<\/a><span style=\"color: #000000;\">; <strong>Stafsund<\/strong> =<\/span> <span style=\"color: #000000; font-size: 13.3333px;\">720807 Stafsundsarkivet.<\/span><br \/>\n<\/span><\/span><\/span>SE\/<span style=\"color: #800000;\"><span style=\"font-size: 10pt;\"><span style=\"font-weight: 400;\"><span style=\"color: #000000;\"><strong>VALA = <\/strong><\/span><\/span><span style=\"font-weight: 400; color: #000000;\"><span style=\"font-weight: 400;\">Sverige \/ Landesarkivet i Vadstena.<\/span><\/span><\/span><\/span><\/strong><\/span><\/span><\/td>\n<\/tr>\n<tr style=\"height: 28px;\">\n<td style=\"width: 25%; height: 28px;\"><span style=\"color: #800000;\"><strong><span style=\"font-size: 13.3333px;\">VINDPLAATS<\/span><\/strong><\/span><\/td>\n<td style=\"width: 50%; height: 28px;\" colspan=\"2\"><span style=\"color: #800000;\"><strong><span style=\"font-size: 10pt;\">INHOUD<\/span><\/strong><\/span><\/td>\n<td style=\"width: 25%; height: 28px;\"><span style=\"color: #800000;\"><strong><span style=\"font-size: 10pt;\">DATUM<\/span><\/strong><\/span><\/td>\n<\/tr>\n<tr style=\"height: 224px;\">\n<td style=\"width: 25%; height: 224px;\"><span style=\"color: #000000; font-size: 13.3333px;\"><span style=\"color: #000000; font-size: 10pt;\"><span style=\"font-weight: 400;\">SE\/LLA<strong>\/<\/strong><\/span><\/span>13459, C I \/ 2, F\u00f6delse- och Dopb\u00f6cker 1688-1741 fol 28<\/span><\/td>\n<td style=\"width: 50%; height: 224px;\" colspan=\"2\"><span style=\"color: #0000ff;\"><span style=\"font-size: 10pt;\"><span style=\"font-size: 13.3333px;\"><a style=\"color: #0000ff;\" href=\"https:\/\/sok.riksarkivet.se\/bildvisning\/C0062695_00042#?c=&amp;m=&amp;s=&amp;cv=41&amp;xywh=3079%2C206%2C1654%2C1538\">Anno 1721. d 17 febr: d\u00f6ptes Hans Excell:us Riks R\u00e5det, Generalens och General Gouverneurens uthi Pomeren H\u00f6gv\u00e4lborne H:r Grefve Mejerfeldts och H\u00f6gv\u00e4lborne fru grefvinna Brigitta Barnekous Sohn Carl Friedrick f\u00f6dd d 13 februarii om Morgonen Kl: half Sex. Till dopet bar honom des fru Mormoder H\u00f6gv\u00e4lborne fru grevinnan Margareta Ascheberg p\u00e5 Vittsski\u00f6fle.<\/a><\/span><\/span><\/span><\/td>\n<td style=\"width: 25%; height: 224px;\"><span style=\"font-size: 10pt; color: #000000;\">17-02-1721<\/span><\/td>\n<\/tr>\n<tr style=\"height: 84px;\">\n<td style=\"width: 25%; height: 84px;\"><span style=\"color: #000000; font-size: 13.3333px;\">SE\/KrA\/Rullor, 1354, fol 85<\/span><\/td>\n<td style=\"width: 50%; height: 84px;\" colspan=\"2\"><span style=\"font-size: 10pt; color: #0000ff;\"><a style=\"color: #0000ff;\" href=\"https:\/\/sok.riksarkivet.se\/bildvisning\/A0029452_00085#?c=&amp;m=&amp;s=&amp;cv=84&amp;xywh=-257%2C1446%2C3468%2C2294\">Drottningens livregemente till fot, \u00f6fwerste Z\u00fclich, Schantz Compagnie, f\u00f6rare med fouriers lohn,\u00a0permittad nach Hamburg<\/a><\/span><\/td>\n<td style=\"width: 25%; height: 84px;\"><span style=\"font-size: 10pt; color: #000000;\">01-04-1740<\/span><\/td>\n<\/tr>\n<tr style=\"height: 28px;\">\n<td style=\"width: 25%; height: 28px;\"><span style=\"color: #000000; font-size: 13.3333px;\">SE\/KrA\/Biografica, 11<\/span><\/td>\n<td style=\"width: 50%; height: 28px;\" colspan=\"2\"><span style=\"color: #0000ff;\"><a style=\"color: #0000ff;\" href=\"https:\/\/sok.riksarkivet.se\/bildvisning\/A0066512_00011#?c=&amp;m=&amp;s=&amp;cv=10&amp;xywh=3358%2C1397%2C2872%2C1973\"><span style=\"font-size: 10pt;\">Verlof naar Hamburg<\/span><\/a><\/span><\/td>\n<td style=\"width: 25%; height: 28px;\"><span style=\"font-size: 10pt; color: #000000;\">02-05-1740<\/span><\/td>\n<\/tr>\n<tr style=\"height: 28px;\">\n<td style=\"width: 25%; height: 28px;\"><span style=\"color: #000000; font-size: 13.3333px;\">SE\/KrA\/Biografica, 12<\/span><\/td>\n<td style=\"width: 50%; height: 28px;\" colspan=\"2\"><span style=\"color: #0000ff;\"><a style=\"color: #0000ff;\" href=\"https:\/\/sok.riksarkivet.se\/bildvisning\/A0066512_00012#?c=&amp;m=&amp;s=&amp;cv=11&amp;xywh=2895%2C1543%2C2872%2C1973\"><span style=\"font-size: 10pt;\">Verlof naar Hamburg<\/span><\/a><\/span><\/td>\n<td style=\"width: 25%; height: 28px;\"><span style=\"font-size: 10pt; color: #000000;\">19-01-1741<\/span><\/td>\n<\/tr>\n<tr style=\"height: 84px;\">\n<td style=\"width: 25%; height: 84px;\"><span style=\"color: #000000; font-size: 13.3333px;\"> SE\/KrA\/Rullor, 1355, fol 100<\/span><\/td>\n<td style=\"width: 50%; height: 84px;\" colspan=\"2\"><span style=\"color: #0000ff;\"><span style=\"font-size: 10pt;\"><span style=\"color: #0000ff;\"><a style=\"color: #0000ff;\" href=\"https:\/\/sok.riksarkivet.se\/bildvisning\/A0029453_00100#?c=&amp;m=&amp;s=&amp;cv=99&amp;xywh=-918%2C-168%2C6530%2C4319\">Drottningens Livregemente till fot, \u00f6fwerste\u00a0 Z\u00fclich, Schantz Compagnie, f\u00f6rare, avancerad till fendrick<\/a><span style=\"color: #000000;\">;<\/span><\/span> <span style=\"color: #0000ff;\">\u00a0<\/span><\/span><\/span><\/td>\n<td style=\"width: 25%; height: 84px;\"><span style=\"font-size: 10pt; color: #000000;\">07-04-1741<br \/>\n<\/span><\/td>\n<\/tr>\n<tr style=\"height: 28px;\">\n<td style=\"width: 25%; height: 28px;\"><span style=\"color: #000000; font-size: 13.3333px;\">SE\/KrA\/Biografica, 13<br \/>\n<\/span><\/td>\n<td style=\"width: 50%; height: 28px;\" colspan=\"2\"><span style=\"color: #0000ff;\"><a style=\"color: #0000ff;\" href=\"https:\/\/sok.riksarkivet.se\/bildvisning\/A0066512_00013#?c=&amp;m=&amp;s=&amp;cv=12&amp;xywh=3263%2C2147%2C2194%2C1507\"><span style=\"font-size: 10pt;\">Besluit Zweedse koning Friedrich\u00a0<\/span><\/a><\/span><\/td>\n<td style=\"width: 25%; height: 28px;\"><span style=\"font-size: 10pt; color: #000000;\">07-04-1741\u00a0<\/span><\/td>\n<\/tr>\n<tr style=\"height: 56px;\">\n<td style=\"width: 25%; height: 56px;\"><span style=\"color: #000000; font-size: 13.3333px;\">SE\/KrA\/Rullor, 1355, fol 229\u00a0<\/span><\/td>\n<td style=\"width: 50%; height: 56px;\" colspan=\"2\"><span style=\"color: #0000ff;\"><span style=\"font-size: 10pt;\"><a style=\"color: #0000ff;\" href=\"https:\/\/sok.riksarkivet.se\/bildvisning\/A0029453_00229#?c=&amp;m=&amp;s=&amp;cv=228&amp;xywh=214%2C1520%2C3641%2C2295\">Drottningens Livregemente til fot, \u00f6fwerste Z\u00fclich, Krassow Compagnie, fendrich<\/a><br \/>\n<\/span><\/span><\/td>\n<td style=\"width: 25%; height: 56px;\"><span style=\"font-size: 10pt; color: #000000;\">11-07-1741<\/span><\/td>\n<\/tr>\n<tr style=\"height: 28px;\">\n<td style=\"width: 25%; height: 28px;\"><span style=\"color: #000000; font-size: 13.3333px;\">SE\/KrA\/Biografica, 14<br \/>\n<\/span><\/td>\n<td style=\"width: 50%; height: 28px;\" colspan=\"2\"><span style=\"color: #0000ff;\"><span style=\"font-size: 10pt;\">\u00a0<\/span><\/span><\/td>\n<td style=\"width: 25%; height: 28px;\"><span style=\"font-size: 10pt; color: #000000;\">\u00a0<\/span><\/td>\n<\/tr>\n<tr style=\"height: 56px;\">\n<td style=\"width: 25%; height: 56px;\"><span style=\"color: #000000; font-size: 13.3333px;\">SE\/KrA\/Rullor, 1355, fol 455<\/span><\/td>\n<td style=\"width: 50%; height: 56px;\" colspan=\"2\"><span style=\"color: #0000ff;\"><span style=\"font-size: 10pt;\"><a style=\"color: #0000ff;\" href=\"https:\/\/sok.riksarkivet.se\/bildvisning\/A0029453_00455#?c=&amp;m=&amp;s=&amp;cv=454&amp;xywh=70%2C86%2C4998%2C3305\">Hildstein Compagnie, fendrich<\/a><br \/>\n<\/span><\/span><\/td>\n<td style=\"width: 25%; height: 56px;\"><span style=\"font-size: 10pt; color: #000000;\">30-07-1741<br \/>\n<\/span><\/td>\n<\/tr>\n<tr style=\"height: 56px;\">\n<td style=\"width: 25%; height: 56px;\"><span style=\"color: #000000; font-size: 13.3333px;\">SE\/VALA, 00388, C 3, fol 504<\/span><\/td>\n<td style=\"width: 50%; height: 56px;\" colspan=\"2\"><span style=\"font-size: 10pt;\"><span style=\"color: #0000ff;\"><a style=\"color: #0000ff;\" href=\"https:\/\/sok.riksarkivet.se\/bildvisning\/C0028838_00239#?c=&amp;m=&amp;s=&amp;cv=238&amp;xywh=647%2C58%2C2608%2C2424\"><span style=\"color: #000000;\"><span style=\"color: #0000ff;\">Kyrkoarchiv Tryserum, F\u00f6delse- och Dopb\u00f6cker, <\/span><\/span>Memorabilia <\/a><a style=\"color: #0000ff;\" href=\"https:\/\/sok.riksarkivet.se\/bildvisning\/C0028838_00239#?c=&amp;m=&amp;s=&amp;cv=238&amp;xywh=647%2C58%2C2608%2C2424\">1629-1798, orgel<\/a><\/span><\/span><\/td>\n<td style=\"width: 25%; height: 56px;\"><span style=\"font-size: 10pt; color: #000000;\">1746<\/span><\/td>\n<\/tr>\n<tr style=\"height: 56px;\">\n<td style=\"width: 25%; height: 56px;\"><span style=\"color: #000000; font-size: 13.3333px;\">SE\/KrA\/Rullor, 1271, fol 353<\/span><\/td>\n<td style=\"width: 50%; height: 56px;\" colspan=\"2\"><span style=\"color: #0000ff;\"><span style=\"font-size: 10pt;\"><a style=\"color: #0000ff;\" href=\"https:\/\/sok.riksarkivet.se\/bildvisning\/A0029348_00353#?c=&amp;m=&amp;s=&amp;cv=352&amp;xywh=301%2C-21%2C4999%2C3306\">Garnizons Regemente Stralsund, \u00f6fwerste Schwerin, Meijerfeldts Compagnie, capitain<\/a><\/span><\/span><\/td>\n<td style=\"width: 25%; height: 56px;\"><span style=\"font-size: 10pt; color: #000000;\">19-11-1747<\/span><\/td>\n<\/tr>\n<tr style=\"height: 56px;\">\n<td style=\"width: 25%; height: 56px;\"><span style=\"color: #000000; font-size: 13.3333px;\">SE\/KrA\/Rullor, 1272, fol 230<\/span><\/td>\n<td style=\"width: 50%; height: 56px;\" colspan=\"2\"><span style=\"color: #0000ff;\"><span style=\"font-size: 10pt;\"><a style=\"color: #0000ff;\" href=\"https:\/\/sok.riksarkivet.se\/bildvisning\/A0029350_00239#?c=&amp;m=&amp;s=&amp;cv=238&amp;xywh=296%2C116%2C4998%2C3305\">Garnizons Regemente Stralsund, \u00f6fwerste Cronhiort, Meijerfeltz Compagnie, capitain<\/a><\/span><\/span><\/td>\n<td style=\"width: 25%; height: 56px;\"><span style=\"font-size: 10pt; color: #000000;\">30-06-1750<\/span><\/td>\n<\/tr>\n<tr style=\"height: 56px;\">\n<td style=\"width: 25%; height: 56px;\"><span style=\"color: #000000; font-size: 13.3333px;\">SE\/KrA\/Rullor, 1273, fol 6<\/span><\/td>\n<td style=\"width: 50%; height: 56px;\" colspan=\"2\"><span style=\"color: #0000ff;\"><span style=\"font-size: 10pt;\"><a style=\"color: #0000ff;\" href=\"https:\/\/sok.riksarkivet.se\/bildvisning\/A0029351_00006#?c=&amp;m=&amp;s=&amp;cv=5&amp;xywh=246%2C1441%2C3459%2C2301\">Garnizons Regemente Stralsund, \u00f6fwst,\u00a0Cronhiort<br \/>\nRegementsstaben,\u00a0major<\/a><\/span><\/span><\/td>\n<td style=\"width: 25%; height: 56px;\"><span style=\"font-size: 10pt; color: #000000;\">03-09-1754<\/span><\/td>\n<\/tr>\n<tr style=\"height: 56px;\">\n<td style=\"width: 25%; height: 22px;\"><span style=\"font-size: 10pt;\"><span style=\"color: #000000; font-size: 10pt;\"><span style=\"color: #000000;\">SE\/RA\/Ericsberg<\/span><strong style=\"color: #000000;\"><span style=\"color: #000000;\"><strong>, <\/strong><\/span><\/strong><\/span>475<\/span><\/td>\n<td style=\"width: 50%; height: 22px;\" colspan=\"2\"><span style=\"color: #0000ff; font-size: 10pt;\"><a style=\"color: #0000ff;\" href=\"https:\/\/sok.riksarkivet.se\/bildvisning\/A0040220_00475#?c=&amp;m=&amp;s=&amp;cv=474&amp;xywh=-1649%2C397%2C6105%2C3182\">Brief uit Ystad aan Monseigneur<\/a><\/span><\/td>\n<td style=\"width: 25%; height: 22px;\"><span style=\"font-size: 10pt; color: #000000;\">05-04-1755<br \/>\n<\/span><\/td>\n<\/tr>\n<tr style=\"height: 10px;\">\n<td style=\"width: 25%; height: 10px;\" width=\"77\"><span style=\"color: #000000; font-size: 13.3333px;\">SE\/RA\/Stafsund\/01, <\/span><span style=\"color: #000000; font-size: 13.3333px;\">vol 7<\/span><\/td>\n<td style=\"height: 10px; width: 50%;\" colspan=\"2\" width=\"102\"><span style=\"font-size: 10pt; color: #000000;\">Brieven aan Fredrik Axel von Fersen (1719-1794)<\/span><\/td>\n<td style=\"width: 25%; height: 10px;\" width=\"168\"><span style=\"font-size: 10pt; color: #000000;\">1761, <\/span><span style=\"font-size: 10pt; color: #000000;\">1762 (2 bijl.)<\/span><\/td>\n<\/tr>\n<tr style=\"height: 31px;\">\n<td style=\"width: 25%; height: 31px;\" width=\"77\"><span style=\"color: #000000; font-size: 13.3333px;\">SE\/RA\/B\u00f6rstorp\/002, <\/span><span style=\"color: #000000; font-size: 13.3333px;\">vol E 3057<\/span><\/td>\n<td style=\"width: 50%; height: 31px;\" colspan=\"2\" width=\"102\"><span style=\"font-size: 10pt; color: #000000;\">Brief uit Stralsund aan Carl Sparre (1723-1791)<\/span><\/td>\n<td style=\"width: 25%; height: 31px;\" width=\"168\"><span style=\"color: #000000; font-size: 13.3333px;\">1766<\/span><\/td>\n<\/tr>\n<tr style=\"height: 48px;\">\n<td style=\"width: 25%; height: 48px;\" width=\"77\"><span style=\"font-size: 10pt; color: #000000;\">SE\/RA\/B\u00f6rstorp\/014, <\/span><span style=\"font-size: 10pt; color: #000000;\">vol E 3099<\/span><\/td>\n<td style=\"height: 48px; width: 50%;\" colspan=\"2\" width=\"102\"><span style=\"font-size: 10pt; color: #000000;\">Brief aan barones Brita Stina Sparre (1720-1776) g.m. Carl Fredrik T\u00f6rnflycht, (1711-1767).<\/span><\/td>\n<td style=\"width: 25%; height: 48px;\" width=\"168\"><span style=\"font-size: 10pt; color: #000000;\">\u00a0<\/span><span style=\"font-size: 10pt;\">1767<\/span><\/td>\n<\/tr>\n<tr style=\"height: 28px;\">\n<td style=\"width: 25%; height: 28px;\"><span style=\"color: #000000; font-size: 10pt;\"><span style=\"color: #000000;\">DE\/Glewitz<\/span><\/span><\/td>\n<td style=\"width: 50%; height: 28px;\" colspan=\"2\"><span style=\"font-size: 10pt; color: #0000ff;\"><a style=\"color: #0000ff;\" href=\"https:\/\/meijenfeldt.nl\/wp-content\/uploads\/2022\/03\/1772-02-16-CFjr-over-Pastor-Schroder-1.pdf\">Brief over Pastor Schr\u00f6der<\/a><\/span><\/td>\n<td style=\"width: 25%; height: 28px;\"><span style=\"font-size: 10pt; color: #000000;\">16-02-1772<\/span><\/td>\n<\/tr>\n<tr style=\"height: 28px;\">\n<td style=\"width: 25%; height: 28px;\"><span style=\"color: #000000; font-size: 10pt;\"><span style=\"color: #000000;\">DE\/Glewitz<\/span><\/span><\/td>\n<td style=\"width: 50%; height: 28px;\" colspan=\"2\"><span style=\"font-size: 10pt; color: #0000ff;\"><span style=\"font-size: 10pt;\"><a style=\"color: #0000ff;\" href=\"https:\/\/meijenfeldt.nl\/wp-content\/uploads\/2022\/03\/1773-01-14-CFjr-over-Pastor-Schroder-2.pdf\">Brief over Pastor Schr\u00f6der<\/a><\/span><\/span><\/td>\n<td style=\"width: 25%; height: 28px;\"><span style=\"font-size: 10pt; color: #000000;\">14-01-1773<br \/>\n<\/span><\/td>\n<\/tr>\n<tr style=\"height: 28px;\">\n<td style=\"width: 25%; height: 28px;\"><span style=\"color: #000000; font-size: 10pt;\"><span style=\"color: #000000;\">DE\/Glewitz<\/span><\/span><\/td>\n<td style=\"width: 50%; height: 28px;\" colspan=\"2\"><span style=\"font-size: 10pt; color: #0000ff;\"><span style=\"font-size: 10pt;\"><a style=\"color: #0000ff;\" href=\"https:\/\/meijenfeldt.nl\/wp-content\/uploads\/2022\/03\/1774-05-21-CFjr-Nehringsche-Kirchen-Matricel.pdf\">Nehringsche Kirchen Matricel<\/a><\/span><\/span><\/td>\n<td style=\"width: 25%; height: 28px;\"><span style=\"font-size: 10pt; color: #000000;\"><span style=\"font-size: 10pt;\"><span style=\"color: #000000;\">21-05-1774<\/span><\/span><\/span><\/td>\n<\/tr>\n<tr style=\"height: 56px;\">\n<td style=\"width: 25%; height: 56px;\"><span style=\"font-size: 10pt;\"><span style=\"color: #000000;\">SE\/RA\/B\u00f6rstorp\/004, vol E 2974<\/span><\/span><span style=\"font-size: 10pt; color: #000000;\"><br \/>\n<\/span><\/td>\n<td style=\"width: 50%; height: 56px;\" colspan=\"2\"><span style=\"font-size: 10pt; color: #000000;\"><span style=\"font-size: 10pt;\">Brief aan Fredrik Sparre<\/span><\/span><\/td>\n<td style=\"width: 25%; height: 56px;\"><span style=\"font-size: 10pt; color: #000000;\"><span style=\"font-size: 10pt;\"><span style=\"color: #000000;\">1774<\/span><\/span><\/span><\/td>\n<\/tr>\n<tr style=\"height: 56px;\">\n<td style=\"width: 25%; height: 56px;\"><span style=\"font-size: 10pt; color: #000000;\">SE\/RA\/Stafsund\/11,<br \/>\n<span style=\"font-size: 10pt; color: #000000;\">vol 28<\/span><br \/>\n<\/span><\/td>\n<td style=\"width: 50%; height: 56px;\" colspan=\"2\"><span style=\"font-size: 10pt; color: #000000;\">Brief uit Stralsund aan Carl Otto von H\u00f6pken (1715-1782)<br \/>\n<\/span><\/td>\n<td style=\"width: 25%; height: 56px;\"><span style=\"font-size: 10pt; color: #000000;\">22-03-1778<br \/>\n<\/span><\/td>\n<\/tr>\n<tr style=\"height: 10px;\">\n<td style=\"width: 25%; height: 10px;\" width=\"77\"><span style=\"color: #000000; font-size: 10pt;\"><span style=\"color: #000000;\">DE\/Glewitz\/AK<\/span><\/span><\/td>\n<td style=\"width: 50%; height: 10px;\" colspan=\"2\" width=\"102\"><a href=\"https:\/\/meijenfeldt.nl\/wp-content\/uploads\/2022\/03\/1779-02-27-CFjr-Unzucht-und-Huhereij.pdf\"><span style=\"font-size: 10pt; color: #008000;\"><span style=\"color: #0000ff;\">Publication: Unzucht und Hurereij<\/span><\/span><\/a><\/td>\n<td style=\"width: 25%; height: 10px;\" width=\"168\"><span style=\"font-size: 10pt;\">27-02-1779<\/span><\/td>\n<\/tr>\n<tr style=\"height: 140px;\">\n<td style=\"width: 25%; height: 140px;\"><span style=\"font-size: 10pt;\">Stadtarchiv Wismar<span style=\"color: #000000;\">,\u00a0<\/span><span style=\"color: #000000;\">Wismarer Tribunal, Relationen 02, 1779 III, nr. 1, fol. 2-10<\/span><br \/>\n<\/span><\/td>\n<td style=\"width: 50%; height: 140px;\" colspan=\"2\"><span style=\"color: #0000ff;\"><a style=\"color: #0000ff;\" href=\"https:\/\/www.digitale-bibliothek-mv.de\/viewer\/image\/PPN_STA-HWI_obj_5367027\/3\/\"><span style=\"font-size: 10pt;\">Der P\u00e4chter Fabricius zu Langenfelde contra den Gr\u00e4fl. Meyerfeldschen Curator<\/span><\/a><\/span><\/td>\n<td style=\"width: 25%; height: 140px;\"><span style=\"color: #000000; font-size: 13.3333px;\">1779<\/span><\/td>\n<\/tr>\n<tr style=\"height: 112px;\">\n<td style=\"width: 25%; height: 112px;\"><span style=\"font-size: 10pt;\">Stadtarchiv Wismar, Wismarer Tribunal, Relationen 02, 1780 II nr. 20, fol. 323-382<\/span><\/td>\n<td style=\"width: 50%; height: 112px;\" colspan=\"2\"><span style=\"color: #0000ff;\"><a style=\"color: #0000ff;\" href=\"https:\/\/www.digitale-bibliothek-mv.de\/viewer\/image\/PPN_STA-HWI_obj_5367030\/324\/\"><span style=\"font-size: 10pt;\">Credit-Wesen des Obristen und Ritters, Grafen Carl Friedrich von Meijerfeldt betreffend.<\/span><\/a><\/span><\/td>\n<td style=\"width: 25%; height: 112px;\"><span style=\"color: #000000; font-size: 13.3333px;\">09-04-1780<\/span><\/td>\n<\/tr>\n<tr style=\"height: 28px;\">\n<td style=\"width: 25%; height: 28px;\" width=\"77\"><span style=\"font-size: 10pt;\">SE\/RA\/B\u00f6rstorp\/004,<\/span><br style=\"color: #000000; font-size: 13.3333px;\" \/><span style=\"color: #000000; font-size: 10pt;\">vol E 2960<\/span><\/td>\n<td style=\"height: 28px; width: 50%;\" colspan=\"2\" width=\"102\"><span style=\"font-size: 10pt; color: #000000;\">Brief aan Fredrik Sparre (1731-1803)<\/span><\/td>\n<td style=\"width: 25%; height: 28px;\" width=\"168\"><span style=\"color: #000000; font-size: 13.3333px;\">1785<\/span><\/td>\n<\/tr>\n<tr style=\"height: 28px;\">\n<td style=\"width: 25%; height: 28px;\"><span style=\"color: #000000; font-size: 10pt;\"><span style=\"color: #000000;\">SE\/RA\/Ericsberg<\/span><strong style=\"color: #000000;\"><span style=\"color: #000000;\"><strong>, <\/strong><\/span><\/strong>478<\/span><\/td>\n<td style=\"width: 50%; height: 28px;\" colspan=\"2\"><span style=\"color: #0000ff;\"><a style=\"color: #0000ff;\" href=\"https:\/\/sok.riksarkivet.se\/bildvisning\/A0040220_00478#?c=&amp;m=&amp;s=&amp;cv=477&amp;xywh=-1995%2C188%2C6797%2C3388\"><span style=\"font-size: 10pt;\">Brief uit Ugerup aan Monseigneur<\/span><\/a><\/span><\/td>\n<td style=\"width: 25%; height: 28px;\"><span style=\"color: #000000; font-size: 10pt;\">04-04-1785<\/span><\/td>\n<\/tr>\n<tr style=\"height: 28px;\">\n<td style=\"width: 25%; height: 28px;\"><span style=\"font-size: 10pt;\"><span style=\"color: #000000; font-size: 10pt;\"><span style=\"color: #000000;\">SE\/RA\/Ericsberg<\/span><strong style=\"color: #000000;\"><span style=\"color: #000000;\"><strong>, <\/strong><\/span><\/strong><\/span>480<\/span><\/td>\n<td style=\"width: 50%; height: 28px;\" colspan=\"2\"><span style=\"color: #0000ff;\"><a style=\"color: #0000ff;\" href=\"https:\/\/sok.riksarkivet.se\/bildvisning\/A0040220_00480#?c=&amp;m=&amp;s=&amp;cv=479&amp;xywh=-1862%2C327%2C6795%2C3387\"><span style=\"font-size: 10pt;\">Vermogenverschuivingen <span style=\"font-size: 10pt; color: #0000ff;\">met moeder, zus en broer<\/span><\/span><\/a><\/span><\/td>\n<td style=\"width: 25%; height: 28px;\"><span style=\"font-size: 13.3333px;\">24-10-178<\/span><\/td>\n<\/tr>\n<tr style=\"height: 28px;\">\n<td style=\"width: 25%; height: 28px;\"><span style=\"font-size: 10pt;\"><span style=\"color: #000000; font-size: 10pt;\"><span style=\"color: #000000;\">SE\/RA\/Ericsberg<\/span><strong style=\"color: #000000;\"><span style=\"color: #000000;\"><strong>,<\/strong><\/span><\/strong><span style=\"color: #000000;\">\u00a0<\/span><\/span>482<\/span><\/td>\n<td style=\"height: 28px; width: 50%;\" colspan=\"2\"><span style=\"color: #0000ff; font-size: 10pt;\"><a style=\"color: #0000ff;\" href=\"https:\/\/sok.riksarkivet.se\/bildvisning\/A0040220_00482#?c=&amp;m=&amp;s=&amp;cv=481&amp;xywh=-1215%2C406%2C4715%2C2350\">Brief uit Ugerup aan Monseigneur<\/a><\/span><\/td>\n<td style=\"width: 25%; height: 28px;\"><span style=\"font-size: 13.3333px;\">10-05-1787<\/span><\/td>\n<\/tr>\n<tr style=\"height: 168px;\">\n<td style=\"width: 25%; height: 168px;\"><span style=\"font-size: 10pt;\">SE\/LLA\/13234, C \/ 1\u00a0 D\u00f6d- och Begravningsbok f\u00f6r \u00e4garne till Ugerup 1753-1791, fol 124v-125<i>\u00a0<\/i><\/span><\/td>\n<td style=\"width: 50%; height: 168px;\" colspan=\"2\"><span style=\"color: #0000ff; font-size: 10pt;\"><span style=\"font-size: 10pt;\"><a style=\"color: #0000ff;\" href=\"https:\/\/sok.riksarkivet.se\/bildvisning\/C0060981_00148#?c=&amp;m=&amp;s=&amp;cv=147&amp;xywh=-32%2C-836%2C4056%2C4695\"><i>\u00c5hr 1771 d. 1 Decemb. Kl. 11. f\u00f6rmiddagen behagade den stora Guden ryttar 9. dagers uti stunden Brustfeber ifr\u00e5n detta<\/i><\/a><i>\u00a0<\/i><\/span><\/span><\/td>\n<td style=\"width: 25%; height: 168px;\"><span style=\"font-size: 13.3333px;\">29-04-1791<\/span><\/td>\n<\/tr>\n<tr style=\"height: 102px;\">\n<td style=\"width: 25%; height: 102px;\"><span style=\"font-size: 10pt;\">SE\/LLA\/13234, C I \/ 1, D\u00f6d- och Begravnings-b\u00f6cker K\u00f6pinge 1752-1793, fol 125 en 174v<span style=\"color: #000000; font-size: 10pt;\"><span style=\"color: #000000;\"><br \/>\n<\/span><\/span><\/span><\/td>\n<td style=\"width: 50%; height: 102px;\" colspan=\"2\"><span style=\"color: #0000ff;\"><a style=\"color: #0000ff;\" href=\"https:\/\/sok.riksarkivet.se\/bildvisning\/C0060981_00148#?c=&amp;m=&amp;s=&amp;cv=147&amp;xywh=2960%2C491%2C3104%2C1750\"><span style=\"font-size: 10pt;\">Carl Friedrich Meijerfeldt<\/span><\/a><\/span><\/p>\n<p><span style=\"color: #0000ff; font-size: 10pt;\"><span style=\"font-size: 10pt;\"><a style=\"color: #0000ff;\" href=\"https:\/\/sok.riksarkivet.se\/bildvisning\/C0060981_00203#?c=&amp;m=&amp;s=&amp;cv=202&amp;xywh=578%2C487%2C2214%2C2059\">1791 April Hr. Exc. Grafen och \u00d6fwersten Meijerfeldt d\u00f6d d. 29 April<\/a><\/span><\/span><\/td>\n<td style=\"width: 25%; height: 102px;\"><span style=\"font-size: 13.3333px;\">29-04-1791 dood<br \/>\n24-05-1791 opbaring K\u00f6pinge Kyrka<br \/>\n26-05-1791 opbaring<br \/>\nVittsk\u00f6vle Kyrka<\/span><\/td>\n<\/tr>\n<tr style=\"height: 84px;\">\n<td style=\"width: 25%; height: 84px;\"><span style=\"color: #000000; font-size: 10pt;\">SE\/<span style=\"color: #800000;\"><span style=\"font-size: 10pt;\"><span style=\"font-weight: 400;\"><span style=\"color: #000000;\">VALA\/<\/span><\/span><span style=\"font-weight: 400; color: #000000;\"><span style=\"font-weight: 400;\">03825, 01. Huvudarkivet, E XI ba, 1791 II, nr 48, fol. 236<\/span><\/span><\/span><\/span><\/span><span style=\"font-size: 10pt;\"><br \/>\n<\/span><\/td>\n<td style=\"width: 50%; height: 84px;\" colspan=\"2\"><span style=\"color: #0000ff;\"><span style=\"font-size: 10pt; color: #000000;\">G\u00f6ta Hovr\u00e4tt, <\/span><a style=\"color: #0000ff;\" href=\"https:\/\/sok.riksarkivet.se\/bildvisning\/C0105507_00236#?c=&amp;m=&amp;s=&amp;cv=235&amp;xywh=688%2C64%2C5906%2C3306\"><span style=\"font-size: 10pt;\"><span style=\"font-size: 10pt;\">Bouppteckning<\/span><\/span><\/a><\/span><\/td>\n<td style=\"width: 25%; height: 84px;\"><span style=\"font-size: 13.3333px;\">22-07-1791<\/span><\/td>\n<\/tr>\n<\/tbody>\n<\/table>\n","protected":false},"excerpt":{"rendered":"<p>PERSOONSDOSSIER \u2190 Stamboom\u00a0 \u00a0***\u00a0 \u00a0\u2193 Genealogie\u00a0 \u00a0***\u00a0 \u00a0\u2193 Portretten\u00a0 \u00a0***\u00a0 \u00a0\u2193 Levensloop\u00a0\u00a0 \u2193 Kranten\u00a0 \u00a0***\u00a0 \u2193 Handtekening\u00a0 \u00a0***\u00a0 \u00a0\u2193 Bibliografie\u00a0 \u00a0***\u00a0 \u00a0\u2193 Documenten FAMILIETAK \u00a0 OUDERS ZZ.33 \u00a0 Gravenwapen Carl Friedrich von Meijerfeldt jr \u00a0 GENEALOGIE ZZ.33. Carl Friedrich graaf von Meijerfeldt jr, * Vittsk\u00f6vle 13-02-1721, \u2248 Vittsk\u00f6vle 17-02-1721, \u2020 Ugerup 29-03-1791, \u2261 Vittsk\u00f6vle 26-05-1791, &hellip; <a href=\"https:\/\/meijenfeldt.nl\/?page_id=41460\" class=\"more-link\">Verder lezen <span class=\"screen-reader-text\">ZZ.33. Carl Friedrich jr<\/span><\/a><\/p>\n","protected":false},"author":1,"featured_media":0,"parent":0,"menu_order":0,"comment_status":"closed","ping_status":"closed","template":"","meta":{"footnotes":""},"class_list":["post-41460","page","type-page","status-publish","hentry"],"_links":{"self":[{"href":"https:\/\/meijenfeldt.nl\/index.php?rest_route=\/wp\/v2\/pages\/41460","targetHints":{"allow":["GET"]}}],"collection":[{"href":"https:\/\/meijenfeldt.nl\/index.php?rest_route=\/wp\/v2\/pages"}],"about":[{"href":"https:\/\/meijenfeldt.nl\/index.php?rest_route=\/wp\/v2\/types\/page"}],"author":[{"embeddable":true,"href":"https:\/\/meijenfeldt.nl\/index.php?rest_route=\/wp\/v2\/users\/1"}],"replies":[{"embeddable":true,"href":"https:\/\/meijenfeldt.nl\/index.php?rest_route=%2Fwp%2Fv2%2Fcomments&post=41460"}],"version-history":[{"count":58,"href":"https:\/\/meijenfeldt.nl\/index.php?rest_route=\/wp\/v2\/pages\/41460\/revisions"}],"predecessor-version":[{"id":65349,"href":"https:\/\/meijenfeldt.nl\/index.php?rest_route=\/wp\/v2\/pages\/41460\/revisions\/65349"}],"wp:attachment":[{"href":"https:\/\/meijenfeldt.nl\/index.php?rest_route=%2Fwp%2Fv2%2Fmedia&parent=41460"}],"curies":[{"name":"wp","href":"https:\/\/api.w.org\/{rel}","templated":true}]}}