{"id":41427,"date":"2022-01-05T15:34:40","date_gmt":"2022-01-05T15:34:40","guid":{"rendered":"https:\/\/meijenfeldt.nl\/?page_id=41427"},"modified":"2025-05-27T12:53:27","modified_gmt":"2025-05-27T12:53:27","slug":"zz-32-ulrika-margaretha","status":"publish","type":"page","link":"https:\/\/meijenfeldt.nl\/?page_id=41427","title":{"rendered":"ZZ.32. Ulrika Margaretha"},"content":{"rendered":"<table style=\"border-collapse: collapse; width: 100%; height: 424px;\">\n<tbody>\n<tr>\n<td style=\"width: 100%; background-color: #ffffff; text-align: center;\" colspan=\"4\"><span style=\"font-size: 14pt;\"><strong><span style=\"color: #000000;\">PERSOONSDOSSIER<\/span><\/strong><\/span><\/td>\n<\/tr>\n<tr>\n<td style=\"background-color: #ffffff; text-align: center; width: 100%;\" colspan=\"4\"><span style=\"color: #000000; font-size: 10pt;\"><span style=\"color: #0000ff;\"><a style=\"color: #0000ff;\" href=\"https:\/\/meijenfeldt.nl\/?page_id=654\">\u2190 Stamboom<\/a><\/span>\u00a0 \u00a0***\u00a0 <span style=\"color: #0000ff;\"><a style=\"color: #0000ff;\" href=\"#genealogie\">\u2193 Genealogie<\/a><\/span>\u00a0 \u00a0***\u00a0 <span style=\"color: #0000ff;\"><a style=\"color: #0000ff;\" href=\"#documenten\">\u2193 Documenten<\/a><\/span><\/span><\/td>\n<\/tr>\n<tr style=\"height: 28px;\">\n<td style=\"background-color: #d5e8eb; text-align: center; height: 10px; width: 100%;\" colspan=\"4\"><strong><span style=\"color: #000000;\">FAMILIETAK<\/span><\/strong><\/td>\n<\/tr>\n<tr style=\"height: 28px;\">\n<td style=\"width: 100%; height: 28px;\" colspan=\"4\"><span style=\"font-size: 6pt;\"><strong><span style=\"color: #000000;\">\u00a0<\/span><\/strong><\/span><\/td>\n<\/tr>\n<tr style=\"height: 10px;\">\n<td style=\"height: 10px; width: 25%;\"><\/td>\n<td style=\"width: 25%; height: 10px; text-align: center; background-color: #ffffff;\"><\/td>\n<td style=\"width: 25%; height: 10px; background-color: #baafaf; text-align: center;\"><span style=\"color: #0000ff;\"><a style=\"color: #0000ff;\" href=\"https:\/\/meijenfeldt.nl\/?page_id=41395\"><span style=\"font-size: 6pt;\"><strong>OUDERS<\/strong><\/span><\/a><\/span><\/td>\n<td style=\"width: 25%; height: 10px;\"><\/td>\n<\/tr>\n<tr style=\"height: 28px;\">\n<td style=\"width: 25%; height: 28px;\"><\/td>\n<td style=\"width: 25%; text-align: center; height: 28px; background-color: #ffffff;\"><\/td>\n<td style=\"width: 25%; height: 28px; background-color: #baafaf; text-align: center;\"><span style=\"color: #000000;\"><span style=\"font-size: 8px;\"><b>ZZ.32<\/b><\/span><\/span><\/td>\n<td style=\"width: 25%; height: 28px;\"><\/td>\n<\/tr>\n<tr style=\"height: 56px;\">\n<td style=\"width: 25%; height: 56px;\"><\/td>\n<td style=\"width: 25%; height: 56px; text-align: center; background-color: #ffffff;\"><span style=\"color: #008000;\"><span style=\"font-size: 6pt;\"><span style=\"color: #000000;\"><img loading=\"lazy\" decoding=\"async\" class=\"alignnone wp-image-35852 aligncenter\" style=\"color: #008000;\" src=\"https:\/\/meijenfeldt.nl\/wp-content\/uploads\/2021\/01\/Gravenwapen-258x300.jpg\" alt=\"\" width=\"376\" height=\"437\" srcset=\"https:\/\/meijenfeldt.nl\/wp-content\/uploads\/2021\/01\/Gravenwapen-258x300.jpg 258w, https:\/\/meijenfeldt.nl\/wp-content\/uploads\/2021\/01\/Gravenwapen.jpg 402w\" sizes=\"auto, (max-width: 376px) 100vw, 376px\" \/><\/span><\/span><\/span><\/td>\n<td style=\"width: 25%; height: 56px; background-color: #e8fac5; text-align: center; vertical-align: middle;\"><span style=\"color: #000000; font-size: 10pt;\"><b>Ulrika<br \/>\nMargaretha<br \/>\n<\/b>von Meijerfeldt<\/span><\/td>\n<td style=\"width: 25%; height: 56px;\"><\/td>\n<\/tr>\n<tr style=\"height: 10px;\">\n<td style=\"width: 100%; height: 10px;\" colspan=\"4\"><span style=\"color: #000000;\"><strong><span style=\"font-size: 6pt;\">\u00a0<\/span><\/strong><\/span><\/td>\n<\/tr>\n<tr style=\"height: 28px;\">\n<td style=\"background-color: #d5e8eb; text-align: center; height: 28px; width: 100%;\" colspan=\"4\"><span style=\"color: #000000;\"><strong>GENEALOGIE<a id=\"genealogie\"><\/a><\/strong><\/span><\/td>\n<\/tr>\n<tr>\n<td style=\"background-color: #ffffff; text-align: justify; width: 100%;\" colspan=\"4\"><span style=\"color: #000000;\">ZZ.31. <strong>Ulrika Margaretha <\/strong>gravin von<strong> Meijerfeldt<\/strong>, * Tunnerstad 14-08-1719, \u2248 Visings\u00f6 15-08-1719, \u2020 Nehringen 26\/29-06-1728, \u2261 St. Andreas familiegraf 30-06-1728<\/span>.<\/td>\n<\/tr>\n<tr>\n<td style=\"background-color: #d5e8eb; text-align: center; width: 100%;\" colspan=\"4\"><strong><span style=\"color: #000000;\">DOCUMENTEN<a id=\"documenten\"><\/a><\/span><\/strong><\/td>\n<\/tr>\n<tr>\n<td style=\"background-color: #ffffff; text-align: left; width: 100%;\" colspan=\"4\"><span style=\"color: #000000; font-size: 10pt;\"><strong><br \/>\nSE\/VALA<\/strong> = Sverige \/\u00a0Landesarkivet i Vadstena; <b>00424 = <\/b>Kyrkoarchiv Visings\u00f6<\/span><\/td>\n<\/tr>\n<tr>\n<td style=\"background-color: #ffffff; text-align: left; width: 25%;\"><span style=\"color: #000000; font-size: 10pt;\">SE\/VALA\/00424, C \/ 1 F\u00f6delse- och dopb\u00f6cker 1693-1735,\u00a0\u00a0folio 292<\/span><\/td>\n<td style=\"background-color: #ffffff; text-align: left; width: 50%;\" colspan=\"2\"><span style=\"color: #000000; font-size: 10pt;\"><a href=\"https:\/\/sok.riksarkivet.se\/bildvisning\/C0023540_00160#?c=&amp;m=&amp;s=&amp;cv=159&amp;xywh=21%2C-212%2C2364%2C2198\"><em><span style=\"color: #0000ff;\">Tunnerstad d 15 Augusti f\u00f6ddes Hans h\u00f6g=grafvelige Excellences Kongl: Maijst: H. Riks R\u00e5det, sampt General och General Gouverneurens \u00f6fver Pomeren h\u00f6gborne H. Grefven Johan\u00a0<del>Gustaf<\/del>August Mejerfeldts, sampt H\u00f6gborna<\/span> <span style=\"color: #0000ff;\">fru grafvinnans Brigita Barnekovs dotter, hwilken \u2026.. d. 16 dito ock i dopat blef kallad<\/span><br \/>\n<span style=\"color: #0000ff;\">Ulrica Margareta warandes<\/span><br \/>\n<span style=\"color: #0000ff;\">manf\u00e4lks vittne <\/span><span style=\"color: #0000ff;\">1. H\u00f6g\u00e4dle och V\u00e4lborne H:r \u00d6fverst Gieger <\/span><span style=\"color: #0000ff;\">2. H\u00f6g\u00e4dle och V\u00e4lborne H:r \u00d6fverst Rijhel <\/span><span style=\"color: #0000ff;\">fruerne <\/span><span style=\"color: #0000ff;\">1. H\u00f6gborne fru grefvinnan Margareta Ascheberg <\/span><span style=\"color: #0000ff;\">2. H\u00f6g\u00e4dle och V\u00e4lborne fru \u00d6fverst=Lieutnantsken Gertrud Margareta Dijcker<\/span><\/em><\/a><\/span><\/td>\n<td style=\"background-color: #ffffff; text-align: left; width: 25%;\"><span style=\"color: #000000; font-size: 10pt;\">14-08-1719<br \/>\n15-08-1719<\/span><\/td>\n<\/tr>\n<tr>\n<td style=\"background-color: #ffffff; text-align: left; width: 25%;\"><span style=\"color: #0000ff;\"><span style=\"font-size: 10pt; color: #000000;\">Evangelisches Pfarramt Stralsund, St Nikolai Kirche, fol. 497<\/span><span style=\"font-size: 10pt;\"><br \/>\n<\/span><\/span><\/td>\n<td style=\"background-color: #ffffff; text-align: left; width: 50%;\" colspan=\"2\"><span style=\"color: #000000; font-family: georgia, palatino, serif; font-size: 10pt;\"><em>Tochter des general-gouverneurs, 12 Jahre, \u00fcberf\u00fchring nach Nehringen, bezahlt 4 gelaut<\/em><\/span><\/td>\n<td style=\"background-color: #ffffff; text-align: left; width: 25%;\"><span style=\"color: #000000; font-size: 10pt;\">29-06-1728<\/span><\/td>\n<\/tr>\n<tr>\n<td style=\"background-color: #ffffff; text-align: left; width: 25%;\"><span style=\"color: #000000;\"><span style=\"color: #000000; font-size: 13.3333px;\">Nehringsches Kirchen Buch Worinnen Verzeichert Welche 1. Vertrauet 2. Getauft 3. Begraven 1682-1791<\/span><\/span><\/td>\n<td style=\"background-color: #ffffff; text-align: left; width: 25%;\" colspan=\"2\"><span style=\"color: #0000ff;\"><a style=\"color: #0000ff;\" href=\"https:\/\/meijenfeldt.nl\/wp-content\/uploads\/2025\/05\/Kirchenbucher-Nehringen.pdf\"><em style=\"font-family: georgia, palatino, serif; font-size: 13.3333px;\">ist Sr. Exell. Hr. Graf Meyerfeldts \u00e4lteste Comtesse Tochter Ulrica Margaretha in hiesiges Erbbegr\u00e4bnis beygesetzt worden. Ihres altres 9. Jahr 10. Monat.<\/em><\/a><\/span><\/td>\n<td style=\"background-color: #ffffff; text-align: left; width: 25%;\"><span style=\"color: #000000; font-size: 10pt;\">30-06-1728<\/span><\/td>\n<\/tr>\n<\/tbody>\n<\/table>\n","protected":false},"excerpt":{"rendered":"<p>PERSOONSDOSSIER \u2190 Stamboom\u00a0 \u00a0***\u00a0 \u2193 Genealogie\u00a0 \u00a0***\u00a0 \u2193 Documenten FAMILIETAK \u00a0 OUDERS ZZ.32 Ulrika Margaretha von Meijerfeldt \u00a0 GENEALOGIE ZZ.31. Ulrika Margaretha gravin von Meijerfeldt, * Tunnerstad 14-08-1719, \u2248 Visings\u00f6 15-08-1719, \u2020 Nehringen 26\/29-06-1728, \u2261 St. Andreas familiegraf 30-06-1728. DOCUMENTEN SE\/VALA = Sverige \/\u00a0Landesarkivet i Vadstena; 00424 = Kyrkoarchiv Visings\u00f6 SE\/VALA\/00424, C \/ 1 F\u00f6delse- &hellip; <a href=\"https:\/\/meijenfeldt.nl\/?page_id=41427\" class=\"more-link\">Verder lezen <span class=\"screen-reader-text\">ZZ.32. Ulrika Margaretha<\/span><\/a><\/p>\n","protected":false},"author":1,"featured_media":0,"parent":0,"menu_order":0,"comment_status":"closed","ping_status":"closed","template":"","meta":{"footnotes":""},"class_list":["post-41427","page","type-page","status-publish","hentry"],"_links":{"self":[{"href":"https:\/\/meijenfeldt.nl\/index.php?rest_route=\/wp\/v2\/pages\/41427","targetHints":{"allow":["GET"]}}],"collection":[{"href":"https:\/\/meijenfeldt.nl\/index.php?rest_route=\/wp\/v2\/pages"}],"about":[{"href":"https:\/\/meijenfeldt.nl\/index.php?rest_route=\/wp\/v2\/types\/page"}],"author":[{"embeddable":true,"href":"https:\/\/meijenfeldt.nl\/index.php?rest_route=\/wp\/v2\/users\/1"}],"replies":[{"embeddable":true,"href":"https:\/\/meijenfeldt.nl\/index.php?rest_route=%2Fwp%2Fv2%2Fcomments&post=41427"}],"version-history":[{"count":18,"href":"https:\/\/meijenfeldt.nl\/index.php?rest_route=\/wp\/v2\/pages\/41427\/revisions"}],"predecessor-version":[{"id":73263,"href":"https:\/\/meijenfeldt.nl\/index.php?rest_route=\/wp\/v2\/pages\/41427\/revisions\/73263"}],"wp:attachment":[{"href":"https:\/\/meijenfeldt.nl\/index.php?rest_route=%2Fwp%2Fv2%2Fmedia&parent=41427"}],"curies":[{"name":"wp","href":"https:\/\/api.w.org\/{rel}","templated":true}]}}