{"id":41155,"date":"2022-01-02T10:32:21","date_gmt":"2022-01-02T10:32:21","guid":{"rendered":"https:\/\/meijenfeldt.nl\/?page_id=41155"},"modified":"2025-05-27T13:29:08","modified_gmt":"2025-05-27T13:29:08","slug":"zz-andreas-meijerfeldt","status":"publish","type":"page","link":"https:\/\/meijenfeldt.nl\/?page_id=41155","title":{"rendered":"ZZ. Andreas Meijer(feldt)"},"content":{"rendered":"<table style=\"border-collapse: collapse; width: 100%; height: 5741px;\">\n<tbody>\n<tr style=\"height: 30px;\">\n<td style=\"width: 100%; background-color: #ffffff; text-align: center; height: 30px;\" colspan=\"4\"><span style=\"font-size: 14pt;\"><strong><span style=\"color: #000000;\">PERSOONSDOSSIER<\/span><\/strong><\/span><\/td>\n<\/tr>\n<tr style=\"height: 28px;\">\n<td style=\"background-color: #ffffff; text-align: center; width: 100%; height: 28px;\" colspan=\"4\"><span style=\"color: #000000; font-size: 10pt;\"><span style=\"color: #0000ff;\"><a style=\"color: #0000ff;\" href=\"https:\/\/meijenfeldt.nl\/?page_id=654\">\u2190 Stamboom<\/a><\/span>\u00a0 \u00a0***\u00a0 <span style=\"color: #0000ff;\"><a style=\"color: #0000ff;\" href=\"#Genealogie\">\u2193 Genealogie<\/a><\/span>\u00a0 \u00a0***\u00a0 <span style=\"color: #0000ff;\"><a style=\"color: #0000ff;\" href=\"#levensloop\">\u2193 Levensloop<\/a><br \/>\n<\/span><span style=\"color: #0000ff;\"><a style=\"color: #0000ff;\" href=\"#bibliografie\">\u2193 Bibliografie<\/a><\/span>\u00a0 \u00a0***\u00a0 <span style=\"color: #0000ff;\"><a style=\"color: #0000ff;\" href=\"#handtekening\">\u2193 Handtekening<\/a><\/span>\u00a0 \u00a0***\u00a0 <span style=\"color: #0000ff;\">\u00a0\u2193 <a style=\"color: #0000ff;\" href=\"#documenten\">Documenten<\/a><\/span><\/span><\/td>\n<\/tr>\n<tr style=\"height: 28px;\">\n<td style=\"background-color: #d5e8eb; text-align: center; height: 28px; width: 100%;\" colspan=\"4\"><span style=\"color: #000000;\"><strong>FAMILIETAK<\/strong><\/span><\/td>\n<\/tr>\n<tr style=\"height: 28px;\">\n<td style=\"width: 100%; height: 28px;\" colspan=\"4\"><\/td>\n<\/tr>\n<tr style=\"height: 10px;\">\n<td style=\"height: 10px; width: 25%;\"><\/td>\n<td style=\"width: 21.5151%; height: 10px; background-color: #baafaf; text-align: center;\"><span style=\"color: #0000ff; font-size: 8pt;\"><a style=\"color: #0000ff;\" href=\"https:\/\/meijenfeldt.nl\/?page_id=41181\">OUDERS<\/a><\/span><\/td>\n<td style=\"width: 28.4849%; height: 10px;\"><\/td>\n<td style=\"width: 25%; height: 10px;\"><\/td>\n<\/tr>\n<tr style=\"height: 28px;\">\n<td style=\"width: 25%; height: 28px;\"><\/td>\n<td style=\"width: 21.5151%; background-color: #baafaf; text-align: center; height: 28px;\"><span style=\"font-size: 8pt;\"><strong><span style=\"color: #000000;\">ZZ<\/span><\/strong><\/span><\/td>\n<td style=\"width: 28.4849%; height: 28px;\"><\/td>\n<td style=\"width: 25%; height: 28px;\"><\/td>\n<\/tr>\n<tr style=\"height: 56px;\">\n<td style=\"width: 25%; height: 10px; text-align: center; vertical-align: top;\"><a href=\"https:\/\/meijenfeldt.nl\/?page_id=54278\"><span style=\"color: #008000;\"><span style=\"font-size: 6pt;\"><span style=\"color: #0000ff;\">Sk\u00f6lde Bref 1675<\/span><\/span><\/span><\/a><a href=\"https:\/\/meijenfeldt.nl\/?page_id=673\"><span style=\"color: #008000;\"><span style=\"font-size: 6pt;\"><img loading=\"lazy\" decoding=\"async\" class=\"alignnone size-full wp-image-1158 aligncenter\" src=\"https:\/\/meijenfeldt.nl\/wp-content\/uploads\/2016\/10\/image023.png\" alt=\"\" width=\"217\" height=\"261\" \/><\/span><\/span><\/a><\/td>\n<td style=\"width: 21.5151%; background-color: #e8fac5; height: 10px; text-align: center; vertical-align: middle;\"><span style=\"color: #0000ff;\"><a style=\"color: #0000ff;\" href=\"https:\/\/meijenfeldt.nl\/?page_id=36525\"><span style=\"font-size: 8pt;\"><strong>ANDREAS<\/strong><\/span><\/a><\/span><br \/>\n<span style=\"color: #0000ff; font-size: 8pt;\"><a style=\"color: #0000ff;\" href=\"https:\/\/meijenfeldt.nl\/?page_id=36525\">MEIJER<\/a><br \/>\n<a style=\"color: #0000ff;\" href=\"https:\/\/meijenfeldt.nl\/?page_id=36525\">geadeld<\/a><br \/>\n<a style=\"color: #0000ff;\" href=\"https:\/\/meijenfeldt.nl\/?page_id=36525\">VON MEIJERFELDT<\/a><\/span><\/td>\n<td style=\"width: 28.4849%; background-color: #e8fac5; height: 10px; text-align: center; vertical-align: middle;\"><span style=\"font-size: 8pt;\"><em><span style=\"color: #000000;\">\u221e Catharina<\/span><\/em><\/span><br \/>\n<span style=\"font-size: 8pt;\"><em><span style=\"color: #000000;\">Wulff<\/span><\/em><\/span><\/td>\n<td style=\"width: 25%; height: 10px; vertical-align: middle;\"><img loading=\"lazy\" decoding=\"async\" class=\"size-medium wp-image-1273 aligncenter\" src=\"https:\/\/meijenfeldt.nl\/wp-content\/uploads\/2016\/11\/IMG_0432-239x300.jpg\" alt=\"\" width=\"239\" height=\"300\" srcset=\"https:\/\/meijenfeldt.nl\/wp-content\/uploads\/2016\/11\/IMG_0432-239x300.jpg 239w, https:\/\/meijenfeldt.nl\/wp-content\/uploads\/2016\/11\/IMG_0432.jpg 300w\" sizes=\"auto, (max-width: 239px) 100vw, 239px\" \/><\/td>\n<\/tr>\n<tr style=\"height: 28px;\">\n<td style=\"width: 25%; height: 28px;\"><\/td>\n<td style=\"width: 50%; background-color: #baafaf; text-align: center; height: 28px;\" colspan=\"2\"><span style=\"color: #000000; font-size: 8pt;\"><strong>KINDEREN<\/strong><\/span><\/td>\n<td style=\"width: 25%; height: 28px;\"><\/td>\n<\/tr>\n<tr style=\"height: 28px;\">\n<td style=\"width: 25%; background-color: #baafaf; text-align: center; height: 28px;\"><span style=\"color: #000000; font-size: 8pt;\"><strong>ZZ.1<\/strong><\/span><\/td>\n<td style=\"width: 21.5151%; background-color: #baafaf; text-align: center; height: 28px;\"><span style=\"color: #000000; font-size: 8pt;\"><strong>ZZ.2<\/strong><\/span><\/td>\n<td style=\"width: 28.4849%; background-color: #baafaf; text-align: center; height: 28px;\"><span style=\"color: #000000; font-size: 8pt;\"><strong>ZZ.3<\/strong><\/span><\/td>\n<td style=\"width: 25%; background-color: #baafaf; text-align: center; height: 28px;\"><span style=\"color: #000000; font-size: 8pt;\"><strong>ZZ.4<\/strong><\/span><\/td>\n<\/tr>\n<tr style=\"height: 56px;\">\n<td style=\"width: 25%; background-color: #e8fac5; text-align: center; height: 56px;\"><span style=\"color: #0000ff; font-size: 8pt;\"><a style=\"color: #0000ff;\" href=\"https:\/\/meijenfeldt.nl\/?page_id=41267\">Hendrik<br \/>\n\/ Johann<\/a><\/span><\/td>\n<td style=\"width: 21.5151%; background-color: #e8fac5; text-align: center; height: 56px;\"><span style=\"color: #0000ff; font-size: 8pt;\"><a style=\"color: #0000ff;\" href=\"https:\/\/meijenfeldt.nl\/?page_id=41288\">Carl<br \/>\nFriedrich sr<\/a><\/span><\/td>\n<td style=\"width: 28.4849%; background-color: #e8fac5; text-align: center; height: 56px;\"><span style=\"color: #0000ff; font-size: 8pt;\"><a style=\"color: #0000ff;\" href=\"https:\/\/meijenfeldt.nl\/?page_id=41395\">Johann<br \/>\nAugust sr<\/a><\/span><\/td>\n<td style=\"width: 25%; background-color: #e8fac5; text-align: center; height: 56px;\"><span style=\"color: #0000ff; font-size: 8pt;\"><a style=\"color: #0000ff;\" href=\"https:\/\/meijenfeldt.nl\/?page_id=41357\">Wolmar<br \/>\nJohann<\/a><\/span><\/td>\n<\/tr>\n<tr style=\"height: 28px;\">\n<td style=\"width: 25%; height: 28px;\"><\/td>\n<td style=\"width: 21.5151%; background-color: #baafaf; text-align: center; height: 28px;\"><span style=\"color: #000000; font-size: 8pt;\"><strong>ZZ.2<\/strong><\/span><\/td>\n<td style=\"width: 28.4849%; background-color: #baafaf; text-align: center; height: 28px;\"><span style=\"color: #000000; font-size: 8pt;\"><strong>ZZ.3<a id=\"Genealogie\"><\/a><\/strong><\/span><\/td>\n<td style=\"width: 25%; height: 28px;\"><\/td>\n<\/tr>\n<tr style=\"height: 28px;\">\n<td style=\"width: 100%; height: 28px;\" colspan=\"4\"><\/td>\n<\/tr>\n<tr style=\"height: 28px;\">\n<td style=\"width: 100%; background-color: #d5e8eb; text-align: center; height: 28px;\" colspan=\"4\"><span style=\"color: #000000;\"><strong>GENEALOGIE<\/strong><\/span><\/td>\n<\/tr>\n<tr style=\"height: 168px;\">\n<td style=\"height: 168px; width: 100%;\" colspan=\"4\"><span style=\"color: #000000;\"><span style=\"color: #000000;\"><br \/>\nZZ.\u00a0<span style=\"color: #0000ff;\"><a style=\"color: #0000ff;\" href=\"https:\/\/meijenfeldt.nl\/?page_id=36525\"><strong>Andreas<\/strong><\/a><\/span>\u00a0(Anders, Andreae) \/\u00a0<span style=\"color: #0000ff;\"><a style=\"color: #0000ff;\" href=\"https:\/\/meijenfeldt.nl\/?page_id=36525\"><strong>Heinrich<\/strong><\/a><\/span> (Henric) Meijer, geadeld von Meijerfeldt, * ca 1630, \u00a0\u2020 Oberpahlen (<em>P\u00f5ltsamaa<\/em>) \/ Reval (<em>Tallinn<\/em>) v\u00f3\u00f3r 1687, heer van <span style=\"color: #0000ff;\"><a style=\"color: #0000ff;\" href=\"https:\/\/meijenfeldt.nl\/?page_id=99\">Festen<\/a><\/span> (<em>Vestiene, Letland<\/em>) en <span style=\"color: #0000ff;\"><a style=\"color: #0000ff;\" href=\"https:\/\/meijenfeldt.nl\/?page_id=99\">Laisholm<\/a><\/span> (<em>J\u00f5geva<\/em><i>, Estland<\/i>), zoon van <span style=\"color: #0000ff;\"><a style=\"color: #0000ff;\" href=\"https:\/\/meijenfeldt.nl\/?page_id=41181\">Johann Meijer en Dorothea von Taube<\/a><\/span>, militair en inspecteur, \u221e Riga 1660 (<i>Anna) Catharina Wulff<\/i>, * Riga 1630, \u22611 Riga, St. Petri 07-04-1692, uitvaart Stralsund St. Nicolai 03-06-1725, \u22612 Nehringen St. Andreas familiegraf 21-06-1725, dochter van Martin Wulff (1580-1633) en Ursula Marquard (1590-1665), (\u221e1 Herman R\u00f6telsdorff, 1600-1658), kinderen:<br \/>\n<span style=\"font-family: georgia, palatino, serif; font-size: 10pt;\">1. <span style=\"color: #0000ff;\"><a style=\"color: #0000ff;\" href=\"https:\/\/meijenfeldt.nl\/?page_id=41267\">Hendrik \/ Johann<\/a><\/span><\/span><br \/>\n<span style=\"font-size: 10pt;\">2. <\/span><span style=\"color: #0000ff; font-size: 8pt;\"><span style=\"font-size: 10pt; font-family: georgia, palatino, serif;\"><a style=\"color: #0000ff;\" href=\"https:\/\/meijenfeldt.nl\/?page_id=41288\">Carl Friedrich sr<\/a><\/span><br \/>\n<span style=\"font-size: 10pt;\"><span style=\"color: #000000;\">3.<\/span> <span style=\"font-family: georgia, palatino, serif;\"><a style=\"color: #0000ff;\" href=\"https:\/\/meijenfeldt.nl\/?page_id=41395\">Johann August sr<\/a><\/span><\/span><br \/>\n<span style=\"font-size: 10pt;\"><span style=\"color: #000000;\">4.<\/span> <span style=\"font-family: georgia, palatino, serif;\"><a style=\"color: #0000ff;\" href=\"https:\/\/meijenfeldt.nl\/?page_id=41357\">Wolmar Johann<\/a><\/span><\/span><br \/>\n<\/span><\/span><\/span><\/td>\n<\/tr>\n<tr style=\"height: 28px;\">\n<td style=\"background-color: #d5e8eb; text-align: center; height: 28px; width: 100%;\" colspan=\"4\"><strong><span style=\"color: #000000;\"><a id=\"levensloop\"><\/a>LEVENSLOOP<br \/>\n<\/span><\/strong><\/td>\n<\/tr>\n<tr style=\"height: 224px;\">\n<td style=\"width: 100%; height: 224px;\" colspan=\"4\"><span style=\"color: #000000; font-size: 10pt;\"><span style=\"color: #000000; font-size: 10pt;\">1648 Zweedse krijgsdienst in Dertigjarige Oorlog;<br \/>\n21-08-1654 Aankomst bij Universiteit T\u00fcbingen als hofmeesters voor halfbroers veldmaarschalk Carl Gustaf von Wrangel;<br \/>\n18-08-1655 Ingenieur in West-Polen onder Eric Dahlberg;<br \/>\n15-06-1656 Wervingscapitulatie voor majoor Andreas Meijer<br \/>\n06-07-1656 Ontheffing voor luitenant-kolonel Andreas Meijer om vier compagnie\u00ebn cavalerie te werven;<br \/>\n30-05-1657 Vertrek uit T\u00fcbingen met afgestudeerde Wolmar von Wrangel, in juni gevangenneming door Denen bij Hamburg en opsluiting in Gl\u00fcckstadt;<br \/>\n26-02-1658 Vrijlating dankzij Vrede van Roskilde; aansluitende reis naar Frankfurt a\/Main en L\u00fcbeck;<br \/>\n03-1660 Luitenant-kolonel kavalerie in Bremen-Verden;<br \/>\n05-1660 Afdanking uit leger na Vrede van Oliva\/Kopenhagen; eregeschenk en koninklijke gunsten;<br \/>\n1660 Oversteek naar R\u012bga en huwelijk;<br \/>\n1662 Hoofdinspecteur landgoederen Oberpalen;<br \/>\n24-11-1674 Zweedse adelstand met de naam Meijerfeldt.<a id=\"bibliografie\"><\/a><\/span><\/span><\/td>\n<\/tr>\n<tr style=\"height: 28px;\">\n<td style=\"width: 100%; background-color: #d5e8eb; text-align: center; height: 28px;\" colspan=\"4\"><strong><span style=\"color: #000000;\">BIBLIOGRAFIE<\/span><\/strong><\/td>\n<\/tr>\n<tr style=\"height: 140px;\">\n<td style=\"background-color: #ffffff; text-align: left; width: 100%; height: 140px;\" colspan=\"4\"><span style=\"color: #000000;\">&#8220;<span style=\"color: #0000ff;\"><a style=\"color: #0000ff;\" href=\"https:\/\/meijenfeldt.nl\/?page_id=49711\">Wahrhaffte Relation<\/a><\/span> wie ich nebst meinem Anvertrauten Baron Wrangell undt einem fiener den 20<sup>ten<\/sup> Junij auf L\u00fcnenburgischem grundt und boden von den K\u00f6nigl. D\u00e4hnische Solldaten zwischen Harburgh undt Hamburgh angehalten und aller bei mich habenden Sachen benommen worden&#8221;, Gl\u00fcckstadt 25 juni 1657.<a id=\"handtekening\"><\/a><\/span><\/td>\n<\/tr>\n<tr style=\"height: 28px;\">\n<td style=\"background-color: #d5e8eb; text-align: center; width: 100%; height: 28px;\" colspan=\"4\"><strong><span style=\"color: #000000;\">HANDTEKENING<\/span><\/strong><\/td>\n<\/tr>\n<tr style=\"height: 150px;\">\n<td style=\"background-color: #ffffff; text-align: center; width: 46.5151%; height: 150px;\" colspan=\"2\"><strong><span style=\"color: #000000;\"><img loading=\"lazy\" decoding=\"async\" class=\"alignnone wp-image-50970\" src=\"https:\/\/meijenfeldt.nl\/wp-content\/uploads\/2022\/11\/ZZ.-Andreas-Meijer-300x126.jpg\" alt=\"\" width=\"302\" height=\"126\" srcset=\"https:\/\/meijenfeldt.nl\/wp-content\/uploads\/2022\/11\/ZZ.-Andreas-Meijer-300x126.jpg 300w, https:\/\/meijenfeldt.nl\/wp-content\/uploads\/2022\/11\/ZZ.-Andreas-Meijer.jpg 476w\" sizes=\"auto, (max-width: 302px) 100vw, 302px\" \/><br \/>\n<\/span><\/strong><em><span style=\"color: #000000; font-size: 10pt;\">1662<\/span><\/em><\/td>\n<td style=\"background-color: #ffffff; text-align: center; width: 53.4849%; height: 150px;\" colspan=\"2\"><strong><span style=\"color: #000000;\"><img loading=\"lazy\" decoding=\"async\" class=\"alignnone size-medium wp-image-50971\" src=\"https:\/\/meijenfeldt.nl\/wp-content\/uploads\/2022\/11\/ZZ.-Andreas-Meijerfelt-300x94.jpg\" alt=\"\" width=\"300\" height=\"94\" srcset=\"https:\/\/meijenfeldt.nl\/wp-content\/uploads\/2022\/11\/ZZ.-Andreas-Meijerfelt-300x94.jpg 300w, https:\/\/meijenfeldt.nl\/wp-content\/uploads\/2022\/11\/ZZ.-Andreas-Meijerfelt.jpg 416w\" sizes=\"auto, (max-width: 300px) 100vw, 300px\" \/><br \/>\n<\/span><\/strong><span style=\"font-size: 10pt;\"><em><span style=\"color: #000000;\">1682<a id=\"documenten\"><\/a><\/span><\/em><\/span><\/td>\n<\/tr>\n<tr style=\"height: 28px;\">\n<td style=\"height: 28px; background-color: #d5e8eb; text-align: center; width: 100%;\" colspan=\"4\"><strong><span style=\"color: #000000;\">DOCUMENTEN<\/span><\/strong><\/td>\n<\/tr>\n<tr style=\"height: 280px;\">\n<td style=\"width: 100%; height: 280px;\" colspan=\"4\"><span style=\"color: #000000; font-size: 10pt;\"><span style=\"color: #000000; font-size: 10pt;\"><strong><br \/>\nEAA <\/strong>= Rahvusarhiiv (Archief Estland); <strong>1<\/strong> = Eestimaa rootsiaegne kindralkuberner (Zweedse Gouverneur Estland); <strong style=\"font-size: 10pt;\">278<\/strong><span style=\"font-size: 10pt;\"> = Liivimaa rootsiaegne kindralkuberner (Zweedse Gouverneur Lijfland); <strong>854<\/strong> = Archiv der Estl\u00e4ndischen Ritterschaft; <strong>858<\/strong> = <em>Eestimaa \u00fclemmaakohus <\/em>(President Obergericht Dorpat, Nils Bielke); <strong>914<\/strong> =<\/span><span style=\"font-size: 10pt;\">Tartu maakohus 1632-1889 (<\/span><span style=\"font-size: 10pt;\">Rechtbank Tartu).<\/span><em><br \/>\n<\/em><span style=\"font-size: 10pt;\"><strong>B&amp;B = <\/strong><span style=\"color: #000000;\">H. Bruiningk und N. Busch, \u201cLivl\u00e4ndische G\u00fcterurkunden: aus den Jahren 1207 bis 1500\u201d, Riga 1908.<\/span><strong><br \/>\n<\/strong><\/span><strong>LVVA<\/strong> = Latvijas Valsts Vestures Arhivs (Nationaal Archief Letland).<br \/>\n<strong>SE\/RA<\/strong> = Sverige \/ Riksarkivet (Nationaal Archief Zweden); <strong>754.1<\/strong> = Skrivelser fr\u00e5n milit\u00e4ra chefer M-\u00d6 \/ M \/ 1-1269 <a href=\"https:\/\/meijenfeldt.nl\/wp-content\/uploads\/2022\/09\/Fiche-Andreas-Meijer.pdf\"><span style=\"color: #0000ff;\">register<\/span><\/a><span style=\"color: #0000ff;\">; <\/span><\/span><\/span><span style=\"color: #000000; font-size: 10pt;\"><span style=\"color: #000000; font-size: 10pt;\"><strong>756.1<\/strong> = \u00c4mnessamlingar \/ Personhistoria \/ Biographica <span style=\"font-size: 10pt;\">1500t \u2013 1800t; <strong>Ericsberg<\/strong> = <\/span>270266 Ericsbergsarkivet \/ 01 Autografsammlingen \/ 139 Martin-Meijerfelt. <span style=\"color: #0000ff;\"><a style=\"color: #0000ff;\" href=\"https:\/\/sok.riksarkivet.se\/bildvisning\/A0040220_00457#?c=&amp;m=&amp;s=&amp;cv=456&amp;xywh=-958%2C278%2C4440%2C2213\">fiche<\/a><\/span>; <strong>Wrangel<\/strong> = 720795 Skoklostersammlingen \/ II. <\/span><\/span><span style=\"font-size: 10pt;\">Brevv\u00e4xling med diverse personer, <\/span><span style=\"color: #000000; font-size: 10pt;\"><span style=\"color: #000000; font-size: 10pt;\"><span style=\"color: #0000ff;\"><a style=\"color: #0000ff;\" href=\"https:\/\/sok.riksarkivet.se\/person?Namn=a.+meijer&amp;AvanceradSok=True&amp;PageSize=20&amp;page=1&amp;postid=Brev_173450&amp;tab=post&amp;FacettState=undefined%3Ac%7C#tab\">Vol E 8200<\/a><\/span> \/ III. \u00d6vriga best\u00e5nd \/ 02 Carl Gustaf Wrangels Archiv \/ B Skrivelser till C. G. Wrangel \/ <\/span><\/span><span style=\"color: #000000; font-size: 10pt;\"><span style=\"color: #0000ff;\"><a style=\"color: #0000ff;\" href=\"https:\/\/sok.riksarkivet.se\/person?Namn=anders+meijer&amp;AvanceradSok=True&amp;PageSize=100&amp;page=1&amp;postid=Brev_188485&amp;tab=post&amp;FacettState=undefined%3Ac%7C\">Vol E 8420<\/a><\/span> meier 012.<\/span><\/td>\n<\/tr>\n<tr style=\"height: 28px;\">\n<td style=\"width: 25%; height: 28px;\"><span style=\"font-size: 10pt; color: #000000;\">EAA 278, <span style=\"color: #0000ff; font-size: 10pt;\"><a style=\"color: #0000ff;\" href=\"http:\/\/ais.ra.ee\/index.php?module=202&amp;op=4&amp;tyyp=3&amp;otsing_id=20190201200920912526&amp;id=200704723886&amp;active=1&amp;query=Retelsdorff&amp;naita_ridu=&amp;sess_id=cbef012bf974ac72fe3a955b08da19bc\">1.XVI-2 Nr 32a, fol. 321-323r<\/a><\/span><\/span><\/td>\n<td style=\"height: 28px; width: 50%;\" colspan=\"2\"><span style=\"color: #000000; font-size: 10pt;\">Akte in Sachen des Herman Retelsdorff (Retelstorff) contra Hans Rigeman wegen Streitigkeiten um einige Holzmasten<\/span><\/td>\n<td style=\"width: 25%; height: 28px;\"><span style=\"color: #000000; font-size: 10pt;\">05-06-1647<\/span><\/td>\n<\/tr>\n<tr style=\"height: 28px;\">\n<td style=\"width: 25%; height: 28px;\"><span style=\"color: #000000;\"><span style=\"font-size: 10pt;\">EAA 278, <\/span><span style=\"font-size: 10pt;\"><span style=\"font-size: 10pt; color: #0000ff;\"><a style=\"color: #0000ff;\" href=\"http:\/\/ais.ra.ee\/index.php?module=202&amp;op=4&amp;tyyp=3&amp;otsing_id=20190201201812515444&amp;id=200704732836&amp;active=1&amp;query=R%C3%B6telstorff+&amp;naita_ridu=&amp;sess_id=0ba9fedcd4634e308d20a4443acfa034\">1.XVI-6 Nr. 1, fol. 1-47r<\/a><\/span><\/span><\/span><\/td>\n<td style=\"height: 28px; width: 50%;\" colspan=\"2\"><span style=\"font-size: 10pt; color: #000000;\">Akte in Sachen des Heinrich Witte von Schwanenberg contra Herman R\u00f6telstorff (R\u00f6telsdorff, Retelsd\u00f6rff, R\u00f6tesdorph) wegen des von diesem geforderten Geldes<\/span><\/td>\n<td style=\"width: 25%; height: 28px;\"><span style=\"font-size: 10pt;\">27-05-1654<\/span><br \/>\n<span style=\"font-size: 10pt;\">21-07-1654<\/span><\/td>\n<\/tr>\n<tr style=\"height: 112px;\">\n<td style=\"width: 25%; height: 82px;\"><span style=\"font-size: 10pt; color: #000000;\">SE\/RA\/Wrangel<br \/>\n<\/span><\/td>\n<td style=\"width: 50%; height: 82px;\" colspan=\"2\"><span style=\"font-size: 10pt; color: #000000;\"><span style=\"font-size: 10pt;\"><span style=\"color: #0000ff;\"><span style=\"color: #0000ff; font-size: 10pt;\"><span style=\"color: #000000;\"><a href=\"https:\/\/meijenfeldt.nl\/wp-content\/uploads\/2022\/09\/1654-08-29-Tubingen.pdf\"><span style=\"color: #0000ff;\">T\u00fcbingen, \u00e0 Son Excl. Monseigneur Gustaf Wrangel, Comte de Salmis, bzgl Studium Johan Fredrik und Wolmar Herman Wrangel<\/span><br \/>\n<\/a><\/span><\/span><\/span><\/span><\/span><\/td>\n<td style=\"width: 25%; height: 82px;\"><span style=\"font-size: 10pt;\">29-08-1654<br \/>\n<\/span><\/td>\n<\/tr>\n<tr style=\"height: 84px;\">\n<td style=\"width: 25%; height: 33px;\"><span style=\"font-size: 10pt; color: #000000;\">SE\/RA\/Wrangel<\/span><\/td>\n<td style=\"height: 33px; width: 50%;\" colspan=\"2\"><span style=\"font-size: 10pt; color: #0000ff;\"><span style=\"font-size: 10pt;\"><span style=\"font-size: 10pt;\"><a style=\"color: #0000ff;\" href=\"https:\/\/meijenfeldt.nl\/wp-content\/uploads\/2022\/09\/1654-09-12-Tubingen.pdf\">T\u00fcbingen<\/a><\/span><\/span><\/span><\/td>\n<td style=\"width: 25%; height: 33px;\"><span style=\"font-size: 10pt;\">12-09-1654<\/span><\/td>\n<\/tr>\n<tr style=\"height: 28px;\">\n<td style=\"width: 25%; height: 28px;\"><span style=\"font-size: 10pt; color: #000000;\">SE\/RA\/Wrangel<\/span><\/td>\n<td style=\"width: 50%; height: 28px;\" colspan=\"2\"><span style=\"font-size: 10pt; color: #0000ff;\"><span style=\"font-size: 10pt;\"><span style=\"font-size: 10pt;\"><a style=\"color: #0000ff;\" href=\"https:\/\/meijenfeldt.nl\/wp-content\/uploads\/2022\/09\/1654-11-10-Tubingen.pdf\">T\u00fcbingen<\/a><\/span><\/span><\/span><\/td>\n<td style=\"width: 25%; height: 28px;\"><span style=\"font-size: 10pt;\">10-11-1654<\/span><\/td>\n<\/tr>\n<tr style=\"height: 28px;\">\n<td style=\"width: 25%; height: 28px;\"><span style=\"font-size: 10pt; color: #000000;\">SE\/RA\/ Wrangel<\/span><\/td>\n<td style=\"height: 28px; width: 50%;\" colspan=\"2\"><span style=\"font-size: 10pt; color: #0000ff;\"><span style=\"font-size: 10pt;\"><span style=\"font-size: 10pt;\"><a style=\"color: #0000ff;\" href=\"https:\/\/meijenfeldt.nl\/wp-content\/uploads\/2022\/09\/1655-01-13-Tubingen.pdf\">T\u00fcbingen<\/a><\/span><\/span><\/span><\/td>\n<td style=\"width: 25%; height: 28px;\"><span style=\"font-size: 10pt;\">13-01-1655<\/span><\/td>\n<\/tr>\n<tr style=\"height: 55px;\">\n<td style=\"width: 25%; height: 55px;\"><span style=\"font-size: 10pt; color: #000000;\">SE\/RA\/RR 1112.9\/fol. 1v<\/span><\/td>\n<td style=\"width: 50%; height: 55px;\" colspan=\"2\"><span style=\"color: #0000ff;\"><a style=\"color: #0000ff;\" href=\"https:\/\/sok.riksarkivet.se\/bildvisning\/A0039200_00008#?c=&amp;m=&amp;s=&amp;cv=7&amp;xywh=225%2C210%2C3466%2C1913\"><span style=\"font-size: 10pt;\"><span style=\"font-size: 10pt;\"><span style=\"font-size: 10pt;\">V\u00e4rvingskapitulationer: Andreas Meijer, Major<\/span><\/span><\/span><\/a><\/span><\/td>\n<td style=\"width: 25%; height: 55px;\"><span style=\"font-size: 10pt;\">15-09-1656<\/span><\/td>\n<\/tr>\n<tr style=\"height: 84px;\">\n<td style=\"width: 25%; height: 84px;\"><span style=\"font-size: 10pt; color: #000000;\">SE\/RA\/RR 1112.1\/307 jul-aug 1656\/fol. 981-982<\/span><\/td>\n<td style=\"width: 50%; height: 84px;\" colspan=\"2\"><span style=\"color: #0000ff;\"><a style=\"color: #0000ff;\" href=\"https:\/\/sok.riksarkivet.se\/bildvisning\/A0038802_00065#?c=&amp;m=&amp;s=&amp;cv=64&amp;xywh=2090%2C949%2C3176%2C1433\"><span style=\"font-size: 10pt;\"><span style=\"font-size: 10pt;\"><span style=\"font-size: 10pt;\">Oberst leutenant Andre\u03b2 Meijer<\/span><\/span><\/span><\/a><br \/>\n<em><a style=\"color: #0000ff;\" href=\"https:\/\/meijenfeldt.nl\/?page_id=52841\"><span style=\"font-size: 10pt;\">Transcript en vertaling<\/span><\/a><\/em><\/span><\/td>\n<td style=\"width: 25%; height: 84px;\"><span style=\"font-size: 10pt;\">06-07-1656<\/span><\/td>\n<\/tr>\n<tr style=\"height: 28px;\">\n<td style=\"width: 25%; height: 28px;\"><span style=\"font-size: 10pt; color: #000000;\">SE\/RA\/Wrangel<\/span><\/td>\n<td style=\"height: 28px; width: 50%;\" colspan=\"2\"><span style=\"font-size: 10pt; color: #0000ff;\"><span style=\"font-size: 10pt;\"><span style=\"font-size: 10pt;\"><a style=\"color: #0000ff;\" href=\"https:\/\/meijenfeldt.nl\/wp-content\/uploads\/2022\/09\/1656-10-28-Tubingen.pdf\">T\u00fcbingen<\/a>\u00a0<\/span><\/span><\/span><\/td>\n<td style=\"width: 25%; height: 28px;\"><span style=\"font-size: 10pt;\">28-10-1656<\/span><\/td>\n<\/tr>\n<tr style=\"height: 28px;\">\n<td style=\"width: 25%; height: 28px;\"><span style=\"font-size: 10pt; color: #000000;\">SE\/RA\/Wrangel<\/span><\/td>\n<td style=\"width: 50%; height: 28px;\" colspan=\"2\"><span style=\"font-size: 10pt; color: #0000ff;\"><span style=\"font-size: 10pt;\"><span style=\"font-size: 10pt;\"><a style=\"color: #0000ff;\" href=\"https:\/\/meijenfeldt.nl\/wp-content\/uploads\/2022\/09\/1657-02-17-Tubingen.pdf\">T\u00fcbingen<\/a><\/span><\/span><\/span><\/td>\n<td style=\"width: 25%; height: 28px;\"><span style=\"font-size: 10pt;\">17-02-1657<\/span><\/td>\n<\/tr>\n<tr style=\"height: 28px;\">\n<td style=\"width: 25%; height: 28px;\"><span style=\"font-size: 10pt; color: #000000;\">SE\/RA\/Wrangel<\/span><\/td>\n<td style=\"width: 50%; height: 28px;\" colspan=\"2\"><span style=\"font-size: 10pt; color: #0000ff;\"><span style=\"font-size: 10pt;\"><span style=\"font-size: 10pt;\"><a style=\"color: #0000ff;\" href=\"https:\/\/meijenfeldt.nl\/wp-content\/uploads\/2022\/09\/1657-02-26-Conitz.pdf\">Conitz<\/a><\/span><\/span><\/span><\/td>\n<td style=\"width: 25%; height: 28px;\"><span style=\"font-size: 10pt;\">26-02-1657<\/span><\/td>\n<\/tr>\n<tr style=\"height: 28px;\">\n<td style=\"width: 25%; height: 28px;\"><span style=\"font-size: 10pt; color: #000000;\">SE\/RA\/Wrangel<\/span><\/td>\n<td style=\"width: 50%; height: 28px;\" colspan=\"2\"><span style=\"font-size: 10pt; color: #0000ff;\"><span style=\"font-size: 10pt;\"><span style=\"font-size: 10pt;\"><a style=\"color: #0000ff;\" href=\"https:\/\/meijenfeldt.nl\/wp-content\/uploads\/2022\/09\/1657-03-10-Tubingen.pdf\">T\u00fcbingen<\/a><\/span><\/span><\/span><\/td>\n<td style=\"width: 25%; height: 28px;\"><span style=\"font-size: 10pt;\">10-03-1657<\/span><\/td>\n<\/tr>\n<tr style=\"height: 28px;\">\n<td style=\"width: 25%; height: 28px;\"><span style=\"font-size: 10pt; color: #000000;\">SE\/RA\/Wrangel<\/span><\/td>\n<td style=\"height: 28px; width: 50%;\" colspan=\"2\"><span style=\"font-size: 10pt; color: #0000ff;\"><span style=\"font-size: 10pt;\"><span style=\"font-size: 10pt;\"><a style=\"color: #0000ff;\" href=\"https:\/\/meijenfeldt.nl\/wp-content\/uploads\/2022\/09\/1657-05-19-Tubingen.pdf\">T\u00fcbingen<\/a><\/span><\/span><\/span><\/td>\n<td style=\"width: 25%; height: 28px;\"><span style=\"font-size: 10pt;\">19-05-1657<\/span><\/td>\n<\/tr>\n<tr style=\"height: 56px;\">\n<td style=\"width: 25%; height: 10px;\"><span style=\"font-size: 10pt; color: #000000;\">SE\/RA\/Wrangel<\/span><\/td>\n<td style=\"width: 50%; height: 10px;\" colspan=\"2\"><span style=\"font-size: 10pt; color: #0000ff;\"><span style=\"font-size: 10pt;\"><span style=\"font-size: 10pt;\"><a style=\"color: #0000ff;\" href=\"https:\/\/meijenfeldt.nl\/wp-content\/uploads\/2022\/09\/1657-06-21-Stolpe.pdf\">Stolpe bzgl Verhaftung<\/a><\/span><\/span><\/span><\/td>\n<td style=\"width: 25%; height: 10px;\"><span style=\"font-size: 10pt;\">21-06-1657<\/span><\/td>\n<\/tr>\n<tr style=\"height: 28px;\">\n<td style=\"width: 25%; height: 28px;\"><span style=\"font-size: 10pt; color: #000000;\">SE\/RA\/Wrangel<\/span><\/td>\n<td style=\"width: 50%; height: 28px;\" colspan=\"2\"><span style=\"font-size: 10pt; color: #0000ff;\"><span style=\"font-size: 10pt;\"><span style=\"font-size: 10pt;\"><a style=\"color: #0000ff;\" href=\"https:\/\/meijenfeldt.nl\/wp-content\/uploads\/2022\/09\/1657-06-25-Gluckstadt.pdf\">Gl\u00fcckstadt,\u00a0 mit Relation<\/a>\u00a0 \u00a0<span style=\"color: #0000ff;\"><a style=\"color: #0000ff;\" href=\"https:\/\/meijenfeldt.nl\/?page_id=49711\">transcriptie<\/a><\/span><\/span><\/span><\/span><\/td>\n<td style=\"width: 25%; height: 28px;\"><span style=\"font-size: 10pt;\">25-06-1657<\/span><\/td>\n<\/tr>\n<tr style=\"height: 28px;\">\n<td style=\"width: 25%; height: 28px;\"><span style=\"font-size: 10pt; color: #000000;\">SE\/RA\/Wrangel<\/span><\/td>\n<td style=\"width: 50%; height: 28px;\" colspan=\"2\"><span style=\"font-size: 10pt; color: #000000;\"><span style=\"font-size: 10pt;\"><span style=\"color: #0000ff;\"><span style=\"color: #0000ff; font-size: 10pt;\"><span style=\"color: #000000;\"><a href=\"https:\/\/meijenfeldt.nl\/wp-content\/uploads\/2022\/09\/1657-06-29-Gluckstadt.pdf\"><span style=\"color: #0000ff;\">Gl\u00fcckstadt, mit Relation<\/span><\/a>\u00a0<\/span><br \/>\n<\/span><\/span><\/span><\/span><\/td>\n<td style=\"width: 25%; height: 28px;\"><span style=\"font-size: 10pt;\">29-06-1657<\/span><\/td>\n<\/tr>\n<tr style=\"height: 28px;\">\n<td style=\"width: 25%; height: 28px;\"><span style=\"font-size: 10pt; color: #000000;\">SE\/RA\/Wrangel<\/span><\/td>\n<td style=\"width: 50%; height: 28px;\" colspan=\"2\"><span style=\"font-size: 10pt; color: #0000ff;\"><span style=\"font-size: 10pt;\"><span style=\"font-size: 10pt;\"><a style=\"color: #0000ff;\" href=\"https:\/\/meijenfeldt.nl\/wp-content\/uploads\/2022\/09\/1658-06-22-Frankfurt.pdf\">Frankfurt<\/a><\/span><\/span><\/span><\/td>\n<td style=\"width: 25%; height: 28px;\"><span style=\"font-size: 10pt;\">22-06-1658<\/span><\/td>\n<\/tr>\n<tr style=\"height: 28px;\">\n<td style=\"width: 25%; height: 28px;\"><span style=\"font-size: 10pt; color: #000000;\">SE\/RA\/Wrangel<\/span><\/td>\n<td style=\"height: 28px; width: 50%;\" colspan=\"2\"><span style=\"font-size: 10pt; color: #0000ff;\"><a style=\"color: #0000ff;\" href=\"https:\/\/meijenfeldt.nl\/wp-content\/uploads\/2022\/09\/1658-07-31-Lubeck.pdf\">L\u00fcbeck<\/a><\/span><\/td>\n<td style=\"width: 25%; height: 28px;\"><span style=\"font-size: 10pt;\">31-07-1658<\/span><\/td>\n<\/tr>\n<tr style=\"height: 56px;\">\n<td style=\"width: 25%; height: 56px;\"><span style=\"font-size: 10pt; color: #000000;\">SE\/KrA\/0022, 1660\/14, fol 386<br \/>\n<\/span><\/td>\n<td style=\"width: 50%; height: 56px;\" colspan=\"2\"><span style=\"font-size: 10pt; color: #0000ff;\"><a style=\"color: #0000ff;\" href=\"https:\/\/sok.riksarkivet.se\/bildvisning\/A0053735_00404#?c=&amp;m=&amp;s=&amp;cv=403&amp;xywh=1800%2C579%2C3902%2C2295\">Bremen-Verden: Des Ober: Lieute: Meijers Kavaleriecompagnie<\/a><\/span><\/td>\n<td style=\"width: 25%; height: 56px;\"><span style=\"font-size: 10pt;\"><span style=\"color: #000000;\">01\/03-1660<\/span><br \/>\n<\/span><\/td>\n<\/tr>\n<tr style=\"height: 10px;\">\n<td style=\"width: 25%; height: 10px;\"><span style=\"font-size: 10pt; color: #000000;\">SE\/RA\/Wrangel<\/span><\/td>\n<td style=\"width: 50%; height: 10px;\" colspan=\"2\"><span style=\"font-size: 10pt; color: #0000ff;\"><span style=\"font-size: 10pt;\"><span style=\"font-size: 10pt;\"><a style=\"color: #0000ff;\" href=\"https:\/\/meijenfeldt.nl\/wp-content\/uploads\/2022\/09\/1660-05-23-Riga.pdf\">Riga<\/a><\/span><\/span><\/span><\/td>\n<td style=\"width: 25%; height: 10px;\"><span style=\"font-size: 10pt;\">23-05-1660<\/span><\/td>\n<\/tr>\n<tr style=\"height: 27px;\">\n<td style=\"width: 25%; height: 27px;\"><span style=\"font-size: 10pt; color: #000000;\">SE\/RA\/Wrangel<\/span><\/td>\n<td style=\"width: 50%; height: 27px;\" colspan=\"2\"><span style=\"font-size: 10pt; color: #0000ff;\"><span style=\"font-size: 10pt;\"><span style=\"font-size: 10pt;\"><a style=\"color: #0000ff;\" href=\"https:\/\/meijenfeldt.nl\/wp-content\/uploads\/2022\/09\/1661-04-13-Riga.pdf\">Riga<\/a><\/span><\/span><\/span><\/td>\n<td style=\"width: 25%; height: 27px;\"><span style=\"font-size: 10pt;\">13-04-1661<\/span><\/td>\n<\/tr>\n<tr style=\"height: 56px;\">\n<td style=\"width: 25%; height: 28px;\"><span style=\"font-size: 10pt; color: #000000;\">SE\/RA\/Wrangel<\/span><\/td>\n<td style=\"height: 28px; width: 50%;\" colspan=\"2\"><span style=\"font-size: 10pt; color: #0000ff;\"><span style=\"font-size: 10pt;\"><span style=\"font-size: 10pt;\"><a style=\"color: #0000ff;\" href=\"https:\/\/meijenfeldt.nl\/wp-content\/uploads\/2022\/09\/1662-03-10-Oberpahlen.pdf\">Oberpahlen<\/a><\/span><\/span><\/span><\/td>\n<td style=\"width: 25%; height: 28px;\"><span style=\"font-size: 10pt;\">10-03-1662<\/span><\/td>\n<\/tr>\n<tr style=\"height: 56px;\">\n<td style=\"width: 25%; height: 27px;\"><span style=\"font-size: 10pt; color: #000000;\">SE\/RA\/Wrangel<\/span><\/td>\n<td style=\"width: 50%; height: 27px;\" colspan=\"2\"><span style=\"font-size: 10pt; color: #0000ff;\"><span style=\"font-size: 10pt;\"><span style=\"font-size: 10pt;\"><a style=\"color: #0000ff;\" href=\"https:\/\/meijenfeldt.nl\/wp-content\/uploads\/2022\/09\/1662-04-26-Stockholm.pdf\">Stockholm<\/a><\/span><\/span><\/span><\/td>\n<td style=\"width: 25%; height: 27px;\"><span style=\"font-size: 10pt;\">26-04-1662<\/span><\/td>\n<\/tr>\n<tr style=\"height: 30px;\">\n<td style=\"width: 25%; height: 30px;\"><span style=\"font-size: 10pt; color: #000000;\">SE\/RA\/Wrangel<\/span><\/td>\n<td style=\"height: 30px; width: 50%;\" colspan=\"2\"><span style=\"font-size: 10pt; color: #0000ff;\"><span style=\"font-size: 10pt;\"><span style=\"font-size: 10pt;\"><a style=\"color: #0000ff;\" href=\"https:\/\/meijenfeldt.nl\/wp-content\/uploads\/2022\/09\/1662-05-10-Stockholm.pdf\">Stockholm<\/a><\/span><\/span><\/span><\/td>\n<td style=\"width: 25%; height: 30px;\"><span style=\"font-size: 10pt;\">10-05-1662<\/span><\/td>\n<\/tr>\n<tr style=\"height: 28px;\">\n<td style=\"width: 25%; height: 28px;\"><span style=\"font-size: 10pt; color: #000000;\">SE\/RA\/Wrangel<\/span><\/td>\n<td style=\"height: 28px; width: 50%;\" colspan=\"2\"><span style=\"font-size: 10pt; color: #0000ff;\"><span style=\"font-size: 10pt;\"><span style=\"font-size: 10pt;\"><a style=\"color: #0000ff;\" href=\"https:\/\/meijenfeldt.nl\/wp-content\/uploads\/2022\/09\/1662-05-24-Stockholm.pdf\">Stockholm<\/a><\/span><\/span><\/span><\/td>\n<td style=\"width: 25%; height: 28px;\"><span style=\"font-size: 10pt;\">24-05-1662<\/span><\/td>\n<\/tr>\n<tr style=\"height: 28px;\">\n<td style=\"width: 25%; height: 28px;\"><span style=\"font-size: 10pt; color: #000000;\">SE\/RA\/Wrangel<\/span><\/td>\n<td style=\"height: 28px; width: 50%;\" colspan=\"2\"><span style=\"font-size: 10pt; color: #0000ff;\"><span style=\"font-size: 10pt;\"><span style=\"font-size: 10pt;\"><a style=\"color: #0000ff;\" href=\"https:\/\/meijenfeldt.nl\/wp-content\/uploads\/2022\/09\/1662-05-31-Stockholm.pdf\">Stockholm<\/a><\/span><\/span><\/span><\/td>\n<td style=\"width: 25%; height: 28px;\"><span style=\"font-size: 10pt;\">31-05-1662<\/span><\/td>\n<\/tr>\n<tr style=\"height: 28px;\">\n<td style=\"width: 25%; height: 28px;\"><span style=\"font-size: 10pt; color: #000000;\">SE\/RA\/Wrangel<\/span><\/td>\n<td style=\"height: 28px; width: 50%;\" colspan=\"2\"><span style=\"font-size: 10pt; color: #0000ff;\"><span style=\"font-size: 10pt;\"><span style=\"font-size: 10pt;\"><a style=\"color: #0000ff;\" href=\"https:\/\/meijenfeldt.nl\/wp-content\/uploads\/2022\/09\/1662-06-04-Stockholm.pdf\">Stockholm<\/a><\/span><\/span><\/span><\/td>\n<td style=\"width: 25%; height: 28px;\"><span style=\"font-size: 10pt;\">04-06-1662<\/span><\/td>\n<\/tr>\n<tr style=\"height: 28px;\">\n<td style=\"width: 25%; height: 28px;\"><span style=\"font-size: 10pt; color: #000000;\">SE\/RA\/Wrangel<\/span><\/td>\n<td style=\"height: 28px; width: 50%;\" colspan=\"2\"><span style=\"font-size: 10pt; color: #0000ff;\"><span style=\"font-size: 10pt;\"><span style=\"font-size: 10pt;\"><a style=\"color: #0000ff;\" href=\"https:\/\/meijenfeldt.nl\/wp-content\/uploads\/2022\/09\/1662-06-07-Stockholm.pdf\">Stockholm<\/a><\/span><\/span><\/span><\/td>\n<td style=\"width: 25%; height: 28px;\"><span style=\"font-size: 10pt;\">07-06-1662<\/span><\/td>\n<\/tr>\n<tr style=\"height: 28px;\">\n<td style=\"width: 25%; height: 28px;\"><span style=\"font-size: 10pt; color: #000000;\">SE\/RA\/Wrangel<\/span><\/td>\n<td style=\"height: 28px; width: 50%;\" colspan=\"2\"><span style=\"font-size: 10pt; color: #0000ff;\"><span style=\"font-size: 10pt;\"><span style=\"font-size: 10pt;\"><a style=\"color: #0000ff;\" href=\"https:\/\/meijenfeldt.nl\/wp-content\/uploads\/2022\/09\/1662-06-11-Stockholm.pdf\">Stockholm<\/a>\u00a0<\/span><\/span><\/span><\/td>\n<td style=\"width: 25%; height: 28px;\"><span style=\"font-size: 10pt;\">11-06-1662<\/span><\/td>\n<\/tr>\n<tr style=\"height: 28px;\">\n<td style=\"width: 25%; height: 28px;\"><span style=\"font-size: 10pt; color: #000000;\">SE\/RA\/ Wrangel<\/span><\/td>\n<td style=\"height: 28px; width: 50%;\" colspan=\"2\"><span style=\"font-size: 10pt; color: #0000ff;\"><span style=\"font-size: 10pt;\"><span style=\"font-size: 10pt;\"><a style=\"color: #0000ff;\" href=\"https:\/\/meijenfeldt.nl\/wp-content\/uploads\/2022\/09\/1662-06-14-Stockholm.pdf\">Stockholm<\/a><\/span><\/span><\/span><\/td>\n<td style=\"width: 25%; height: 28px;\"><span style=\"font-size: 10pt;\">14-06-1662<\/span><\/td>\n<\/tr>\n<tr style=\"height: 28px;\">\n<td style=\"width: 25%; height: 28px;\"><span style=\"font-size: 10pt; color: #000000;\">SE\/RA\/Wrangel<\/span><\/td>\n<td style=\"height: 28px; width: 50%;\" colspan=\"2\"><span style=\"font-size: 10pt; color: #0000ff;\"><span style=\"font-size: 10pt;\"><span style=\"font-size: 10pt;\"><a style=\"color: #0000ff;\" href=\"https:\/\/meijenfeldt.nl\/wp-content\/uploads\/2022\/09\/1662-06-18-Stockholm.pdf\">Stockholm<\/a><\/span><\/span><\/span><\/td>\n<td style=\"width: 25%; height: 28px;\"><span style=\"font-size: 10pt;\">18-06-1662<\/span><\/td>\n<\/tr>\n<tr style=\"height: 28px;\">\n<td style=\"width: 25%; height: 28px;\"><span style=\"font-size: 10pt; color: #000000;\">SE\/RA\/Wrangel<\/span><\/td>\n<td style=\"height: 28px; width: 50%;\" colspan=\"2\"><span style=\"font-size: 10pt; color: #0000ff;\"><span style=\"font-size: 10pt;\"><span style=\"font-size: 10pt;\"><a style=\"color: #0000ff;\" href=\"https:\/\/meijenfeldt.nl\/wp-content\/uploads\/2022\/09\/1662-07-26-Stockholm.pdf\">Stockholm<\/a><\/span><\/span><\/span><\/td>\n<td style=\"width: 25%; height: 28px;\"><span style=\"font-size: 10pt;\">26-07-1662<\/span><\/td>\n<\/tr>\n<tr style=\"height: 28px;\">\n<td style=\"width: 25%; height: 28px;\"><span style=\"font-size: 10pt; color: #000000;\">SE\/RA\/Wrangel<\/span><\/td>\n<td style=\"height: 28px; width: 50%;\" colspan=\"2\"><span style=\"font-size: 10pt; color: #0000ff;\"><span style=\"font-size: 10pt;\"><span style=\"font-size: 10pt;\"><a style=\"color: #0000ff;\" href=\"https:\/\/meijenfeldt.nl\/wp-content\/uploads\/2022\/09\/1662-08-23-Reval.pdf\">Reval<\/a>\u00a0<\/span><\/span><\/span><\/td>\n<td style=\"width: 25%; height: 28px;\"><span style=\"font-size: 10pt;\">23-08-1662<\/span><\/td>\n<\/tr>\n<tr style=\"height: 28px;\">\n<td style=\"width: 25%; height: 28px;\"><span style=\"font-size: 10pt; color: #000000;\">SE\/RA\/Wrangel<\/span><\/td>\n<td style=\"height: 28px; width: 50%;\" colspan=\"2\"><span style=\"font-size: 10pt; color: #0000ff;\"><span style=\"font-size: 10pt;\"><span style=\"font-size: 10pt;\"><a style=\"color: #0000ff;\" href=\"https:\/\/meijenfeldt.nl\/wp-content\/uploads\/2022\/09\/1662-08-29-Reval.pdf\">Reval<\/a><\/span><\/span><\/span><\/td>\n<td style=\"width: 25%; height: 28px;\"><span style=\"font-size: 10pt;\">29-08-1662<\/span><\/td>\n<\/tr>\n<tr style=\"height: 28px;\">\n<td style=\"width: 25%; height: 28px;\"><span style=\"font-size: 10pt; color: #000000;\">SE\/RA\/Wrangel<\/span><\/td>\n<td style=\"width: 50%; height: 28px;\" colspan=\"2\"><span style=\"font-size: 10pt; color: #0000ff;\"><span style=\"font-size: 10pt;\"><span style=\"font-size: 10pt;\"><a style=\"color: #0000ff;\" href=\"https:\/\/meijenfeldt.nl\/wp-content\/uploads\/2022\/09\/1662-09-06-Reval.pdf\">Reval<\/a><\/span><\/span><\/span><\/td>\n<td style=\"width: 25%; height: 28px;\"><span style=\"font-size: 10pt;\">06-09-1662<\/span><\/td>\n<\/tr>\n<tr style=\"height: 28px;\">\n<td style=\"width: 25%; height: 28px;\"><span style=\"font-size: 10pt; color: #000000;\">SE\/RA\/Wrangel<\/span><\/td>\n<td style=\"width: 50%; height: 28px;\" colspan=\"2\"><span style=\"font-size: 10pt; color: #0000ff;\"><span style=\"font-size: 10pt;\"><span style=\"font-size: 10pt;\"><a style=\"color: #0000ff;\" href=\"https:\/\/meijenfeldt.nl\/wp-content\/uploads\/2022\/09\/1663-01-16-Riga.pdf\">Riga<\/a>\u00a0<\/span><\/span><\/span><\/td>\n<td style=\"width: 25%; height: 28px;\"><span style=\"font-size: 10pt;\">16-01-1663<\/span><\/td>\n<\/tr>\n<tr style=\"height: 28px;\">\n<td style=\"width: 25%; height: 28px;\"><span style=\"font-size: 10pt; color: #000000;\">SE\/RA\/Wrangel<\/span><\/td>\n<td style=\"width: 50%; height: 28px;\" colspan=\"2\"><span style=\"font-size: 10pt; color: #0000ff;\"><span style=\"font-size: 10pt;\"><span style=\"font-size: 10pt;\"><a style=\"color: #0000ff;\" href=\"https:\/\/meijenfeldt.nl\/wp-content\/uploads\/2022\/09\/1664-06-23-Reval.pdf\">Reval<\/a><\/span><\/span><\/span><\/td>\n<td style=\"width: 25%; height: 28px;\"><span style=\"font-size: 10pt;\">23-06-1664<\/span><\/td>\n<\/tr>\n<tr style=\"height: 28px;\">\n<td style=\"width: 25%; height: 28px;\"><span style=\"font-size: 10pt; color: #000000;\">SE\/RA\/Wrangel<\/span><\/td>\n<td style=\"width: 50%; height: 28px;\" colspan=\"2\"><span style=\"font-size: 10pt; color: #0000ff;\"><span style=\"font-size: 10pt;\"><span style=\"font-size: 10pt;\"><a style=\"color: #0000ff;\" href=\"https:\/\/meijenfeldt.nl\/wp-content\/uploads\/2022\/09\/1664-08-17-Oberpahlen.pdf\">Oberpahlen<\/a><\/span><\/span><\/span><\/td>\n<td style=\"width: 25%; height: 28px;\"><span style=\"font-size: 10pt;\">17-08-1664<\/span><\/td>\n<\/tr>\n<tr style=\"height: 28px;\">\n<td style=\"width: 25%; height: 28px;\"><span style=\"font-size: 10pt; color: #000000;\">SE\/RA\/Wrangel<\/span><\/td>\n<td style=\"width: 50%; height: 28px;\" colspan=\"2\"><span style=\"font-size: 10pt; color: #0000ff;\"><span style=\"font-size: 10pt;\"><span style=\"font-size: 10pt;\"><a style=\"color: #0000ff;\" href=\"https:\/\/meijenfeldt.nl\/wp-content\/uploads\/2022\/09\/1664-09-26-Oberpahlen.pdf\">Oberpahlen<\/a><\/span><\/span><\/span><\/td>\n<td style=\"width: 25%; height: 28px;\"><span style=\"font-size: 10pt;\">26-09-1664<\/span><\/td>\n<\/tr>\n<tr style=\"height: 56px;\">\n<td style=\"width: 25%; height: 56px;\"><span style=\"font-size: 10pt; color: #000000;\">RA\/SE\/Ericsberg, 458<\/span><\/td>\n<td style=\"height: 56px; width: 50%;\" colspan=\"2\"><span style=\"font-size: 10pt; color: #000000;\"><span style=\"font-size: 10pt;\"><a href=\"https:\/\/sok.riksarkivet.se\/bildvisning\/A0040220_00458#?c=&amp;m=&amp;s=&amp;cv=457&amp;xywh=-507%2C560%2C4245%2C2213\"><span style=\"color: #0000ff;\">Aan K<\/span><\/a><a style=\"font-size: 10pt; color: #0000ff;\" href=\"https:\/\/sok.riksarkivet.se\/bildvisning\/A0040220_00458#?c=&amp;m=&amp;s=&amp;cv=457&amp;xywh=-507%2C560%2C4245%2C2213\">empendorf, secretaris van GG graaf Oxenstierna<\/a><\/span><br \/>\n<\/span><\/td>\n<td style=\"width: 25%; height: 56px;\"><span style=\"font-size: 10pt;\">15-01-1665<\/span><\/td>\n<\/tr>\n<tr style=\"height: 84px;\">\n<td style=\"width: 25%; height: 10px;\"><span style=\"font-size: 10pt; color: #000000;\">SE\/RA\/Wrangel<\/span><\/td>\n<td style=\"width: 50%; height: 10px;\" colspan=\"2\"><span style=\"font-size: 10pt; color: #0000ff;\"><span style=\"font-size: 10pt;\"><span style=\"font-size: 10pt;\"><a style=\"color: #0000ff;\" href=\"https:\/\/meijenfeldt.nl\/wp-content\/uploads\/2022\/09\/1665-05-22-Reval.pdf\">Reval<\/a>\u00a0<\/span><\/span><\/span><\/td>\n<td style=\"width: 25%; height: 10px;\"><span style=\"font-size: 10pt;\">22-05-1665<\/span><\/td>\n<\/tr>\n<tr style=\"height: 56px;\">\n<td style=\"width: 25%; height: 56px;\"><span style=\"font-size: 10pt; color: #000000;\">RA\/SE\/Ericsberg, 461<\/span><\/td>\n<td style=\"height: 56px; width: 50%;\" colspan=\"2\"><span style=\"font-size: 10pt; color: #000000;\"><span style=\"font-size: 10pt;\"><span style=\"color: #0000ff;\"><a href=\"https:\/\/sok.riksarkivet.se\/bildvisning\/A0040220_00461#?c=&amp;m=&amp;s=&amp;cv=460&amp;xywh=86%2C914%2C2946%2C1536\"><span style=\"color: #0000ff;\">Aan Bernhard Meen, Ma\u00eetra d\u2019Hotel van GG graaf Oxenstierna<\/span><\/a><br \/>\n<\/span><\/span><\/span><\/td>\n<td style=\"width: 25%; height: 56px;\"><span style=\"font-size: 10pt;\">20-07-1665<\/span><\/td>\n<\/tr>\n<tr style=\"height: 84px;\">\n<td style=\"width: 25%; height: 30px;\"><span style=\"font-size: 10pt; color: #000000;\">SE\/RA\/Wrangel<\/span><\/td>\n<td style=\"height: 30px; width: 50%;\" colspan=\"2\"><span style=\"font-size: 10pt; color: #0000ff;\"><span style=\"font-size: 10pt;\"><span style=\"font-size: 10pt;\"><a style=\"color: #0000ff;\" href=\"https:\/\/meijenfeldt.nl\/wp-content\/uploads\/2022\/09\/1665-08-19-Reval.pdf\">Reval<\/a>\u00a0<\/span><\/span><\/span><\/td>\n<td style=\"width: 25%; height: 30px;\"><span style=\"font-size: 10pt;\">19-08-1665<\/span><\/td>\n<\/tr>\n<tr style=\"height: 56px;\">\n<td style=\"width: 25%; height: 56px;\"><span style=\"font-size: 10pt; color: #000000;\">SE\/RA\/756.1\/M\/I, M8a, Fol 10-13<\/span><\/td>\n<td style=\"height: 56px; width: 50%;\" colspan=\"2\"><span style=\"font-size: 10pt; color: #000000;\"><span style=\"font-size: 10pt;\"><span style=\"color: #000000;\">Meijer, <\/span><span style=\"color: #0000ff;\"><a style=\"color: #0000ff;\" href=\"https:\/\/sok.riksarkivet.se\/bildvisning\/A0069896_00010#?c=&amp;m=&amp;s=&amp;cv=9&amp;xywh=3382%2C226%2C2375%2C1327\"><span title=\"Riksarkivets \u00e4mnessamlingar. Personhistoria, SE\/RA\/756\/756.1\/M\/I\/M 8 b\">Relation\u00a0Arndt von Villerbeck Wolmar Wrangel Oberpahlen<\/span><\/a><\/span><\/span><\/span><\/td>\n<td style=\"width: 25%; height: 56px;\"><span style=\"font-size: 10pt;\">31-10-1666<\/span><\/td>\n<\/tr>\n<tr style=\"height: 56px;\">\n<td style=\"width: 25%; height: 56px;\"><span style=\"color: #000000; font-size: 13.3333px;\">SE\/RA\/7<\/span><span style=\"font-size: 10pt; color: #000000;\">56.1\/R\/I\/R9, Fol 25 en 33<\/span><\/td>\n<td style=\"width: 50%; height: 56px;\" colspan=\"2\"><span style=\"font-size: 10pt;\"><span style=\"color: #000000;\">Retelsdorff, Twist mellan arfwingar Herman R\u00f6telsdorf och Henrich von Schwanenberg:<\/span><a style=\"font-size: 10pt;\" href=\"https:\/\/sok.riksarkivet.se\/bildvisning\/A0070079_00025#?c=&amp;m=&amp;s=&amp;cv=24&amp;xywh=3609%2C1083%2C2468%2C1317\"><span style=\"color: #0000ff;\"><span style=\"color: #000000;\"><br \/>\n<\/span><del>&#8211; Andreas Meijer<\/del><\/span><\/a><br \/>\n<span style=\"font-size: 10pt; color: #0000ff;\">&#8211; <a style=\"color: #0000ff;\" href=\"https:\/\/sok.riksarkivet.se\/bildvisning\/A0070079_00033#?c=&amp;m=&amp;s=&amp;cv=32&amp;xywh=3604%2C2322%2C2175%2C1161\">Jungfrau Helena R\u00f6telsdorff och manliga arfwingar nembl: \u00d6fwer Inspectoren Andreas Meijer<\/a><\/span><\/span><span style=\"font-size: 10pt; color: #000000;\"><br \/>\n<\/span><\/td>\n<td style=\"width: 25%; height: 56px;\"><span style=\"font-size: 10pt;\"><span style=\"color: #000000;\">14-10-1667<\/span><\/span><\/td>\n<\/tr>\n<tr style=\"height: 56px;\">\n<td style=\"width: 25%; height: 56px;\"><span style=\"font-size: 10pt;\"><span style=\"color: #000000; font-size: 13.3333px;\">SE\/RA\/<span style=\"font-size: 10pt; color: #000000;\">756.1\/R\/I\/R9, <\/span><\/span><span style=\"font-size: 10pt; color: #000000;\">Fol <\/span>72<\/span><\/td>\n<td style=\"height: 56px; width: 50%;\" colspan=\"2\"><span style=\"font-size: 10pt;\"><span style=\"color: #000000;\">Retelsdorff,<\/span> Lit F:\u00a0<a href=\"https:\/\/sok.riksarkivet.se\/bildvisning\/A0070079_00072#?c=&amp;m=&amp;s=&amp;cv=71&amp;xywh=926%2C441%2C5103%2C2724\"><span style=\"color: #0000ff;\">herr Ober Inspector Andreas Meijer<\/span><\/a>\u00a0<\/span><\/td>\n<td style=\"width: 25%; height: 56px;\"><span style=\"font-size: 10pt;\"><span style=\"color: #000000;\">14-10-1667<\/span><br \/>\n<\/span><\/td>\n<\/tr>\n<tr style=\"height: 56px;\">\n<td style=\"width: 25%; height: 56px;\"><span style=\"font-size: 10pt;\"><span style=\"font-size: 10pt; color: #000000;\"><span style=\"color: #000000; font-size: 13.3333px;\">SE\/RA\/756.1\/R\/I\/R9, <\/span>Fol <\/span>112<\/span><\/td>\n<td style=\"height: 56px; width: 50%;\" colspan=\"2\"><span style=\"font-size: 10pt;\"><span style=\"color: #0000ff;\"><span style=\"color: #000000;\">Retelsdorff,<\/span> <a style=\"color: #0000ff;\" href=\"https:\/\/sok.riksarkivet.se\/bildvisning\/A0070079_00112#?c=&amp;m=&amp;s=&amp;cv=111&amp;xywh=2909%2C2285%2C3078%2C1643\">Ex Protocollo Cancellaria Regia Arcis Rigensis,\u00a0H. Ober-Inspector Andreas Meijer<\/a><\/span><\/span><\/td>\n<td style=\"width: 25%; height: 56px;\"><span style=\"font-size: 10pt;\"><span style=\"color: #000000;\">14-10-1667<br \/>\n<\/span><\/span><\/td>\n<\/tr>\n<tr style=\"height: 56px;\">\n<td style=\"width: 25%; height: 56px;\"><span style=\"font-size: 10pt;\"><span style=\"color: #000000; font-size: 13.3333px;\">SE\/RA\/<\/span><span style=\"font-size: 10pt; color: #000000;\">756.1\/R\/I\/R9, Fol <\/span>126<\/span><\/td>\n<td style=\"height: 56px; width: 50%;\" colspan=\"2\"><span style=\"font-size: 10pt; color: #0000ff;\"><span style=\"font-size: 10pt;\"><span style=\"color: #000000;\">Retelsdorff,<\/span> <\/span><a style=\"color: #0000ff;\" href=\"https:\/\/sok.riksarkivet.se\/bildvisning\/A0070079_00126#?c=&amp;m=&amp;s=&amp;cv=125&amp;xywh=2789%2C898%2C3076%2C1642\">H. Ober Inspector Andreas Meijer<\/a><\/span><\/td>\n<td style=\"width: 25%; height: 56px;\"><span style=\"font-size: 10pt;\"><span style=\"color: #000000;\">14-10-1667<br \/>\n<\/span><\/span><\/td>\n<\/tr>\n<tr style=\"height: 112px;\">\n<td style=\"width: 25%; height: 112px;\"><span style=\"font-size: 10pt;\"><span style=\"font-size: 10pt; color: #000000;\"> <span style=\"color: #000000; font-size: 13.3333px;\">SE\/RA\/<\/span>756.1\/R\/I\/R9, Fol <\/span>169 en 169v<\/span><\/td>\n<td style=\"width: 50%; height: 112px;\" colspan=\"2\"><span style=\"font-size: 10pt; color: #0000ff;\"><span style=\"font-size: 10pt;\"><span style=\"color: #000000;\">Retelsdorff,<\/span> <\/span><a style=\"color: #0000ff;\" href=\"https:\/\/sok.riksarkivet.se\/bildvisning\/A0070079_00169#?c=&amp;m=&amp;s=&amp;cv=168&amp;xywh=3211%2C1005%2C2558%2C1365\">Wir Carl K\u00f6nig etc. etc. etc. zwischen Schwanenbergschen und R\u00f6telsdorffschen Sterbh\u00e4user; Andreas Meijern in Reval aufgerichteten Transaction<\/a><\/span><\/td>\n<td style=\"width: 25%; height: 112px;\"><span style=\"font-size: 10pt;\"><span style=\"color: #000000;\">\u00a0<\/span><\/span><\/td>\n<\/tr>\n<tr style=\"height: 84px;\">\n<td style=\"width: 25%; height: 84px;\"><span style=\"font-size: 10pt; color: #000000;\">B&amp;B, deel 2, <span style=\"color: #0000ff;\"><a style=\"color: #0000ff;\" href=\"https:\/\/dspace.ut.ee\/bitstream\/handle\/10062\/16707\/bruiningk_livlandische_eod.pdf?sequence=1&amp;isAllowed=y\">pag. 329<\/a><\/span><\/span><span style=\"color: #000000;\"><span style=\"font-size: 10pt;\"><span style=\"font-size: 10pt; color: #000000;\"><br \/>\n<\/span><\/span><\/span><\/td>\n<td style=\"height: 84px; width: 50%;\" colspan=\"2\"><span style=\"font-size: 10pt; color: #0000ff;\"><span style=\"font-size: 10pt; color: #000000;\">Erich Johann Twilling wider den Oberinspektor auf Oberpahlen betr. Grenzestreit zw. Kardis (Ksp. Lais)<\/span><\/span><\/td>\n<td style=\"width: 25%; height: 84px;\"><span style=\"font-size: 10pt;\">1667<\/span><\/td>\n<\/tr>\n<tr style=\"height: 28px;\">\n<td style=\"width: 25%; height: 28px;\"><span style=\"font-size: 10pt; color: #000000;\">SE\/RA\/SE\/RA\/756.1\/M\/I, M8b, Fol 53<\/span><\/td>\n<td style=\"height: 28px; width: 50%;\" colspan=\"2\"><span style=\"font-size: 10pt;\"><span style=\"font-size: 10pt;\">Meijerfeldt, <\/span><\/span><span style=\"font-size: 10pt; color: #0000ff;\"><span style=\"font-size: 10pt; color: #000000;\"><span style=\"color: #0000ff;\"><a style=\"color: #0000ff;\" href=\"https:\/\/sok.riksarkivet.se\/bildvisning\/A0069897_00053#?c=&amp;m=&amp;s=&amp;cv=52&amp;xywh=-231%2C113%2C6392%2C3965\">Brief aan koning Karel XI<\/a><\/span><\/span><\/span><\/td>\n<td style=\"width: 25%; height: 28px;\"><span style=\"font-size: 10pt;\">20-09-1668<\/span><\/td>\n<\/tr>\n<tr style=\"height: 140px;\">\n<td style=\"width: 25%; height: 140px;\"><span style=\"color: #000000;\"><span style=\"font-size: 10pt;\"><span style=\"font-size: 10pt; color: #000000;\">B&amp;B, deel 1, <span style=\"color: #0000ff;\"><a style=\"color: #0000ff;\" href=\"https:\/\/dspace.ut.ee\/bitstream\/handle\/10062\/14626\/bruiningk_livlandische_eod.pdf?sequence=1&amp;isAllowed=y\">pag. 328<\/a><\/span><\/span><\/span><\/span><\/td>\n<td style=\"height: 140px; width: 50%;\" colspan=\"2\"><span style=\"font-size: 10pt; color: #0000ff;\"><span style=\"font-size: 10pt; color: #000000;\">Livl. Hofgericht 319 u. 997. Engelbercht Kawers Witwe Katharina Wolffeldt wider Andreas Meyer, Oberinspector Oberpahlen, betr. strittige Grenze zwischen Loper u. Oberpahlen sowie Spolien<\/span><\/span><\/td>\n<td style=\"width: 25%; height: 140px;\"><span style=\"font-size: 10pt;\">1668-1671<\/span><\/td>\n<\/tr>\n<tr style=\"height: 28px;\">\n<td style=\"width: 25%; height: 28px;\"><span style=\"color: #000000;\"><span style=\"font-size: 10pt;\"><span style=\"font-size: 10pt; color: #000000;\">SE\/RA\/Wrangel<\/span><\/span><\/span><\/td>\n<td style=\"width: 50%; height: 28px;\" colspan=\"2\"><span style=\"font-size: 10pt; color: #0000ff;\"><span style=\"font-size: 10pt;\"><a style=\"color: #0000ff;\" href=\"https:\/\/meijenfeldt.nl\/wp-content\/uploads\/2022\/09\/1669-12-05-Oberpahlen.pdf\">Oberpahlen<\/a><\/span><\/span><\/td>\n<td style=\"width: 25%; height: 28px;\"><span style=\"font-size: 10pt;\">05-12-1669<\/span><\/td>\n<\/tr>\n<tr style=\"height: 28px;\">\n<td style=\"width: 25%; height: 28px;\"><span style=\"color: #000000;\"><span style=\"font-size: 10pt;\"><span style=\"font-size: 10pt;\">EAA 278 <span style=\"font-size: 10pt; color: #0000ff;\"><a style=\"color: #0000ff;\" href=\"http:\/\/ais.ra.ee\/index.php?module=202&amp;op=4&amp;tyyp=3&amp;otsing_id=20190201200920912526&amp;id=200251834371&amp;active=1&amp;query=Retelsdorff&amp;naita_ridu=&amp;sess_id=cbef012bf974ac72fe3a955b08da19bc\"><span style=\"color: #0000ff;\">XVI-18c:2,\u00a0<span style=\"font-size: 10pt;\">fol. 311<\/span><span style=\"font-size: 10pt;\">\u00a0<\/span><\/span><br \/>\n<\/a><\/span><\/span><\/span><\/span><\/td>\n<td style=\"height: 28px; width: 50%;\" colspan=\"2\"><span style=\"font-size: 10pt; color: #000000;\">Helena a Retelsdorff. Ihre Acta Commissorialia Contr. Senatum Rigensen actione Familiae Herciscundae cum documentis<\/span><\/td>\n<td style=\"width: 25%; height: 28px;\"><span style=\"font-size: 10pt; color: #000000;\">22-04-1672<\/span><\/td>\n<\/tr>\n<tr style=\"height: 112px;\">\n<td style=\"width: 46.5151%; height: 60px;\" colspan=\"2\" width=\"104\"><span style=\"color: #000000; font-size: 10pt;\">SE\/RA\/ 1112.1 Riksregistraturet 1523-1718 \/ <\/span><span style=\"color: #000000; font-size: 10pt;\">412 Open Bref f. 309v<\/span><\/td>\n<td style=\"width: 28.4849%; height: 60px;\"><span style=\"color: #0000ff;\"><span style=\"font-size: 10pt;\"><a style=\"color: #0000ff;\" href=\"https:\/\/meijenfeldt.nl\/?page_id=54278\"><span style=\"font-size: 10pt;\">Sk\u00f6ldebref f\u00f6r Inspectoren Meijerfelt\u00a0<\/span><\/a><br \/>\n<\/span><\/span><\/td>\n<td style=\"width: 25%; height: 60px;\" width=\"150\"><span style=\"color: #000000; font-size: 10pt;\">24-11-1674<\/span><\/td>\n<\/tr>\n<tr style=\"height: 84px;\">\n<td style=\"width: 25%; height: 84px;\"><span style=\"color: #000000;\"><span style=\"font-size: 10pt;\"><span style=\"font-size: 10pt;\">EAA 854, <span style=\"font-size: 10pt; color: #0000ff;\"><a style=\"color: #0000ff;\" href=\"http:\/\/www.ra.ee\/apps\/vapid\/index.php?act=vapp&amp;id=807&amp;nimi=meijerfelt&amp;tiitel=&amp;andja=&amp;kujund=&amp;lang=de\">3742 F. 1 A. 142<\/a><\/span>,\u00a0<\/span><\/span><\/span><\/td>\n<td style=\"height: 84px; width: 50%;\" colspan=\"2\"><span style=\"font-size: 10pt; color: #000000;\">Andreas von Meijerfelt, Gutsverwalter von Oberpahlen, Oberstleutnant<br \/>\nGrundfiguren: Arm, Sichel, Burg<\/span><\/td>\n<td style=\"width: 25%; height: 84px;\"><span style=\"font-size: 10pt; color: #000000;\">24-11-1674<\/span><\/td>\n<\/tr>\n<tr style=\"height: 112px;\">\n<td style=\"width: 25%; height: 73px;\"><span style=\"color: #000000;\"><span style=\"font-size: 10pt;\"><span style=\"font-size: 10pt;\">SE\/RA\/720767\/075\u00a0 K\u00f6nigsmarck-Rabelska brevsamlingen <span style=\"color: #0000ff;\"><a style=\"color: #0000ff;\" href=\"https:\/\/sok.riksarkivet.se\/person?Namn=meijerfelt&amp;AvanceradSok=True&amp;PageSize=20&amp;page=1&amp;postid=Brev_66456&amp;tab=post&amp;FacettState=undefined%3Ac%7C#tab\">E 7927<\/a><\/span><\/span><\/span><\/span><\/td>\n<td style=\"width: 50%; height: 73px;\" colspan=\"2\"><span style=\"font-size: 10pt; color: #000000;\">Reval, brief aan Johan Rabel, secretaris van O.W. K\u00f6nigsmarck, \u201con il se trouvera\u201d<\/span><\/td>\n<td style=\"width: 25%; height: 73px;\"><span style=\"font-size: 10pt; color: #000000;\">09-02-1680<\/span><\/td>\n<\/tr>\n<tr style=\"height: 55px;\">\n<td style=\"width: 25%; height: 55px;\"><span style=\"color: #000000;\"><span style=\"font-size: 10pt;\"><span style=\"font-size: 10pt;\">EAA 1, <span style=\"color: #0000ff;\"><a style=\"color: #0000ff;\" href=\"https:\/\/ais.ra.ee\/index.php?module=202&amp;op=4&amp;tyyp=3&amp;otsing_id=20210126154805559149&amp;id=200704873203&amp;active=1&amp;query=meyerfelt&amp;naita_ridu=&amp;sess_id=322cdb717ebf04f2d11d8f73e2bb1787\">2.410 Nr 16<\/a><\/span><br \/>\nfol. 37-38p<\/span><\/span><\/span><\/td>\n<td style=\"height: 55px; width: 50%;\" colspan=\"2\"><span style=\"font-size: 10pt; color: #0000ff;\"><a href=\"https:\/\/meijenfeldt.nl\/wp-content\/uploads\/2021\/01\/EAA.1.2.410.pdf\"><span style=\"color: #008000;\"><span style=\"color: #0000ff;\">Supplicatum Humillimum H: Oberinspector Andreae Meijerfelt g H: Reinholt Wrangel<\/span><\/span><\/a><span style=\"color: #000000;\"><span style=\"color: #0000ff;\">\u00a0<\/span>(vereisten oogst landgoed Salla)<\/span><\/span><\/td>\n<td style=\"width: 25%; height: 55px;\"><span style=\"font-size: 10pt; color: #000000;\">18-10-1680<\/span><\/td>\n<\/tr>\n<tr style=\"height: 84px;\">\n<td style=\"width: 25%; height: 84px;\"><span style=\"color: #000000;\"><span style=\"font-size: 10pt;\"><span style=\"font-size: 10pt;\">EAA 1, <span style=\"color: #0000ff;\"><a style=\"color: #0000ff;\" href=\"http:\/\/ais.ra.ee\/index.php?module=202&amp;op=4&amp;tyyp=3&amp;otsing_id=20190201202232405271&amp;id=200704873802&amp;active=1&amp;query=Meyerfeldt&amp;naita_ridu=&amp;sess_id=4f5e987024c57099044e432ad657a6e1\">2.411 Nr. 29<\/a><\/span><br \/>\nfol. 111-112p<\/span><\/span><\/span><\/td>\n<td style=\"width: 50%; height: 84px;\" colspan=\"2\"><span style=\"font-size: 10pt; color: #000000;\"><a style=\"color: #000000;\" href=\"https:\/\/meijenfeldt.nl\/wp-content\/uploads\/2021\/01\/EAA.1.2.411.pdf\"><span style=\"color: #008000;\"><span style=\"color: #0000ff;\">H: Oberinspector Andreas Meijerfeldt cont. H: Lieutn. Reinhold Wrangell<\/span><\/span><br \/>\n<\/a>(weigering terugkeer)<\/span><\/td>\n<td style=\"width: 25%; height: 84px;\"><span style=\"font-size: 10pt; color: #000000;\">23-11-1680<\/span><\/td>\n<\/tr>\n<tr style=\"height: 84px;\">\n<td style=\"width: 25%; height: 84px;\"><span style=\"color: #000000;\"><span style=\"font-size: 10pt;\"><span style=\"font-size: 10pt;\">EAA 1, <span style=\"color: #0000ff;\"><a style=\"color: #0000ff;\" href=\"http:\/\/ais.ra.ee\/index.php?module=202&amp;op=4&amp;tyyp=3&amp;otsing_id=20190201202947636620&amp;id=200704886477&amp;active=1&amp;query=Meyerfelt&amp;naita_ridu=&amp;sess_id=2de0faf411576aa9e11f4f020a071573\">2.419 Nr. 58<\/a><\/span><br \/>\nfol. 161-163<\/span><\/span><\/span><\/td>\n<td style=\"width: 50%; height: 84px;\" colspan=\"2\"><span style=\"font-size: 10pt; color: #000000;\"><a style=\"color: #000000;\" href=\"https:\/\/meijenfeldt.nl\/wp-content\/uploads\/2021\/01\/EAA.1.2.419.pdf\"><span style=\"color: #008000;\"><span style=\"color: #0000ff;\">H: Oberinspector Andr\u00e9 Meijerfeldt cont. H: Lieutn. Reinh. Wrangell<\/span><\/span><\/a>\u00a0(claim om oogst\u00a0Salla terug te brengen)<\/span><\/td>\n<td style=\"width: 25%; height: 84px;\"><span style=\"font-size: 10pt; color: #000000;\">15-02-1682<\/span><\/td>\n<\/tr>\n<tr style=\"height: 140px;\">\n<td style=\"width: 25%; height: 140px;\"><span style=\"color: #000000;\"><span style=\"font-size: 10pt;\"><span style=\"font-size: 10pt;\">EAA 858, 2.3822<\/span><\/span><\/span><\/td>\n<td style=\"width: 50%; height: 140px;\" colspan=\"2\"><span style=\"font-size: 10pt; color: #0000ff;\"><a style=\"color: #0000ff;\" href=\"http:\/\/ais.ra.ee\/index.php?module=202&amp;op=4&amp;tyyp=3&amp;otsing_id=20190201203344159193&amp;id=200251763701&amp;active=1&amp;query=meyenfeld&amp;naita_ridu=&amp;sess_id=94b78f00e6607d3166906640b917300c\">Hakenrichter Reinhold Wrangell zu Sall, Kirchspiel St. Simonis contra Ober-Inspektor Andreas Meyenfeld betreffend eigenm\u00e4chtigen einseitigen R\u00fccktritt des Beklagten von dem vereinbarten Kauf des Gutes Sall<\/a><\/span><\/td>\n<td style=\"width: 25%; height: 140px;\"><\/td>\n<\/tr>\n<tr style=\"height: 28px;\">\n<td style=\"width: 25%; height: 28px;\"><span style=\"font-size: 10pt; color: #000000;\">a<\/span><\/td>\n<td style=\"width: 50%; height: 28px;\" colspan=\"2\"><span style=\"font-size: 10pt; color: #0000ff;\"><a style=\"color: #0000ff;\" href=\"https:\/\/meijenfeldt.nl\/wp-content\/uploads\/2021\/01\/EAA.858.2.3822a.pdf\">Umschlag<br \/>\n<\/a><\/span><\/td>\n<td style=\"width: 25%; height: 28px;\"><span style=\"color: #000000; font-size: 13.3333px;\">1682<\/span><\/td>\n<\/tr>\n<tr style=\"height: 28px;\">\n<td style=\"width: 25%; height: 28px;\"><span style=\"font-size: 10pt; color: #000000;\">b<\/span><\/td>\n<td style=\"width: 50%; height: 28px;\" colspan=\"2\"><span style=\"font-size: 10pt; color: #0000ff;\"><a style=\"color: #0000ff;\" href=\"https:\/\/meijenfeldt.nl\/wp-content\/uploads\/2021\/01\/EAA.858.2.3822b.pdf\">Processdata<br \/>\n<\/a><\/span><\/td>\n<td style=\"width: 25%; height: 28px;\"><span style=\"color: #000000; font-size: 13.3333px;\">16-02-1682<\/span><\/td>\n<\/tr>\n<tr style=\"height: 28px;\">\n<td style=\"width: 25%; height: 28px;\"><span style=\"font-size: 10pt; color: #000000;\">c<\/span><\/td>\n<td style=\"width: 50%; height: 28px;\" colspan=\"2\"><span style=\"font-size: 10pt; color: #0000ff;\"><a style=\"color: #0000ff;\" href=\"https:\/\/meijenfeldt.nl\/wp-content\/uploads\/2021\/01\/EAA.858.2.3822c.pdf\">Libellus<\/a>\u00a0<\/span><\/td>\n<td style=\"width: 25%; height: 28px;\"><span style=\"color: #000000; font-size: 13.3333px;\">01-03-1682<\/span><\/td>\n<\/tr>\n<tr style=\"height: 28px;\">\n<td style=\"width: 25%; height: 28px;\"><span style=\"font-size: 10pt; color: #000000;\">d\u00a0<\/span><\/td>\n<td style=\"width: 50%; height: 28px;\" colspan=\"2\"><span style=\"font-size: 10pt; color: #0000ff;\"><a style=\"color: #0000ff;\" href=\"https:\/\/meijenfeldt.nl\/wp-content\/uploads\/2021\/01\/EAA.858.2.3822d.pdf\">Exceptio Dilatoria<br \/>\n<\/a><\/span><\/td>\n<td style=\"width: 25%; height: 28px;\"><span style=\"color: #000000; font-size: 13.3333px;\">06-03-1682\u00a0<\/span><\/td>\n<\/tr>\n<tr style=\"height: 28px;\">\n<td style=\"width: 25%; height: 28px;\"><span style=\"font-size: 10pt; color: #000000;\">e<\/span><\/td>\n<td style=\"width: 50%; height: 28px;\" colspan=\"2\"><span style=\"font-size: 10pt; color: #0000ff;\"><a style=\"color: #0000ff;\" href=\"https:\/\/meijenfeldt.nl\/wp-content\/uploads\/2021\/01\/EAA.858.2.3822e.pdf\">Antwort auff dilat: Exception<br \/>\n<\/a><\/span><\/td>\n<td style=\"width: 25%; height: 28px;\"><span style=\"color: #000000; font-size: 13.3333px;\">14-03-1682<\/span><\/td>\n<\/tr>\n<tr style=\"height: 28px;\">\n<td style=\"width: 25%; height: 28px;\"><span style=\"font-size: 10pt; color: #000000;\">f<\/span><\/td>\n<td style=\"width: 50%; height: 28px;\" colspan=\"2\"><span style=\"font-size: 10pt; color: #0000ff;\"><a style=\"color: #0000ff;\" href=\"https:\/\/meijenfeldt.nl\/wp-content\/uploads\/2021\/01\/EAA.858.2.3822f.pdf\">Philip Friederich M\u00fcller<br \/>\n<\/a><\/span><\/td>\n<td style=\"width: 25%; height: 28px;\"><span style=\"color: #000000; font-size: 13.3333px;\">20-03-1682<\/span><\/td>\n<\/tr>\n<tr style=\"height: 28px;\">\n<td style=\"width: 25%; height: 28px;\"><span style=\"font-size: 10pt; color: #000000;\">g<\/span><\/td>\n<td style=\"width: 50%; height: 28px;\" colspan=\"2\"><span style=\"font-size: 10pt; color: #0000ff;\"><a style=\"color: #0000ff;\" href=\"https:\/\/meijenfeldt.nl\/wp-content\/uploads\/2021\/01\/EAA.858.2.3822g.pdf\">Capitain Matin Buschau<br \/>\n<\/a><\/span><\/td>\n<td style=\"width: 25%; height: 28px;\"><span style=\"color: #000000; font-size: 13.3333px;\">14-03-1682\u00a0<\/span><\/td>\n<\/tr>\n<tr style=\"height: 28px;\">\n<td style=\"width: 25%; height: 28px;\"><span style=\"font-size: 10pt; color: #000000;\">h<\/span><\/td>\n<td style=\"width: 50%; height: 28px;\" colspan=\"2\"><span style=\"font-size: 10pt; color: #0000ff;\"><a style=\"color: #0000ff;\" href=\"https:\/\/meijenfeldt.nl\/wp-content\/uploads\/2021\/01\/EAA.858.2.3822h.pdf\">Leutenant Friedrich Tiel<br \/>\n<\/a><\/span><\/td>\n<td style=\"width: 25%; height: 28px;\"><span style=\"color: #000000; font-size: 13.3333px;\">14-03-1682\u00a0<\/span><\/td>\n<\/tr>\n<tr style=\"height: 224px;\">\n<td style=\"width: 25%; height: 224px;\"><span style=\"font-size: 10pt; color: #000000;\">EAA 858, 2.3824<br \/>\n<\/span><\/td>\n<td style=\"width: 50%; height: 224px;\" colspan=\"2\"><span style=\"font-size: 10pt; color: #0000ff;\"><a style=\"color: #0000ff;\" href=\"http:\/\/ais.ra.ee\/index.php?module=202&amp;op=4&amp;tyyp=3&amp;otsing_id=20190201203500757159&amp;id=200251763724&amp;active=1&amp;query=meyerfeld&amp;naita_ridu=&amp;sess_id=b2397451de0ddc713acc906f73a83558\">Leutnant und Hakenrichter Reinhold Wrangell zu Sall, Kirchspiel St. Simonis contra Major und Mannrichter Bernhard Schulmann betreffend Schadenersatz wegen unbefugter Beisprache, durch welche der Verkauf des Gutes Sall an Oberinspektor Andreas Meyerfeld, Kapit\u00e4n Martin Buschau und Leutnant Friedrich Tielen verhindert wurde<\/a><\/span><\/td>\n<td style=\"width: 25%; height: 224px;\"><span style=\"color: #000000; font-size: 13.3333px;\">1680-1682<\/span><\/td>\n<\/tr>\n<tr style=\"height: 28px;\">\n<td style=\"width: 25%; height: 28px;\"><span style=\"font-size: 10pt; color: #000000;\">a<\/span><\/td>\n<td style=\"width: 50%; height: 28px;\" colspan=\"2\"><span style=\"font-size: 10pt; color: #0000ff;\"><a style=\"color: #0000ff;\" href=\"https:\/\/meijenfeldt.nl\/wp-content\/uploads\/2021\/01\/EAA.858.2.3824a.pdf\">Umschlag<\/a><\/span><\/td>\n<td style=\"width: 25%; height: 28px;\"><span style=\"color: #000000; font-size: 13.3333px;\">17-02-1682<\/span><\/td>\n<\/tr>\n<tr style=\"height: 28px;\">\n<td style=\"width: 25%; height: 28px;\"><span style=\"font-size: 10pt; color: #000000;\">b<\/span><\/td>\n<td style=\"width: 50%; height: 28px;\" colspan=\"2\"><span style=\"font-size: 10pt; color: #0000ff;\"><a style=\"color: #0000ff;\" href=\"https:\/\/meijenfeldt.nl\/wp-content\/uploads\/2021\/01\/EAA.858.2.3824b.pdf\">Schulman<\/a>\u00a0<\/span><\/td>\n<td style=\"width: 25%; height: 28px;\"><\/td>\n<\/tr>\n<tr style=\"height: 28px;\">\n<td style=\"width: 25%; height: 28px;\"><span style=\"font-size: 10pt; color: #000000;\">c<\/span><\/td>\n<td style=\"width: 50%; height: 28px;\" colspan=\"2\"><span style=\"font-size: 10pt; color: #0000ff;\"><a style=\"color: #0000ff;\" href=\"https:\/\/meijenfeldt.nl\/wp-content\/uploads\/2021\/01\/EAA.858.2.3824c.pdf\">Wrangell<\/a><\/span><\/td>\n<td style=\"width: 25%; height: 28px;\"><\/td>\n<\/tr>\n<tr style=\"height: 28px;\">\n<td style=\"width: 25%; height: 28px;\"><span style=\"font-size: 10pt; color: #000000;\">d<\/span><\/td>\n<td style=\"width: 50%; height: 28px;\" colspan=\"2\"><span style=\"font-size: 10pt; color: #0000ff;\"><a style=\"color: #0000ff;\" href=\"https:\/\/meijenfeldt.nl\/wp-content\/uploads\/2021\/01\/EAA.858.2.3824d.pdf\">Contract<\/a><\/span><\/td>\n<td style=\"width: 25%; height: 28px;\"><span style=\"color: #000000; font-size: 13.3333px;\">17-03-1680\u00a0<\/span><\/td>\n<\/tr>\n<tr style=\"height: 28px;\">\n<td style=\"width: 25%; height: 28px;\"><span style=\"font-size: 10pt; color: #000000;\">e<\/span><\/td>\n<td style=\"width: 50%; height: 28px;\" colspan=\"2\"><span style=\"font-size: 10pt; color: #0000ff;\"><a style=\"color: #0000ff;\" href=\"https:\/\/meijenfeldt.nl\/wp-content\/uploads\/2021\/01\/EAA.858.2.3824e.pdf\">Libellus Wrangell<\/a><\/span><\/td>\n<td style=\"width: 25%; height: 28px;\"><span style=\"color: #000000; font-size: 13.3333px;\">17-02-1682\u00a0<\/span><\/td>\n<\/tr>\n<tr style=\"height: 28px;\">\n<td style=\"width: 25%; height: 28px;\"><span style=\"font-size: 10pt; color: #000000;\">f<\/span><\/td>\n<td style=\"width: 50%; height: 28px;\" colspan=\"2\"><span style=\"font-size: 10pt; color: #0000ff;\"><a style=\"color: #0000ff;\" href=\"https:\/\/meijenfeldt.nl\/wp-content\/uploads\/2021\/01\/EAA.858.2.3824f.pdf\">Protestation Johan Christoph Scheding<\/a><\/span><\/td>\n<td style=\"width: 25%; height: 28px;\"><span style=\"color: #000000; font-size: 13.3333px;\">30-07-1681<\/span><\/td>\n<\/tr>\n<tr style=\"height: 28px;\">\n<td style=\"width: 25%; height: 28px;\"><span style=\"font-size: 10pt; color: #000000;\">g<\/span><\/td>\n<td style=\"width: 50%; height: 28px;\" colspan=\"2\"><span style=\"font-size: 10pt; color: #0000ff;\"><a style=\"color: #0000ff;\" href=\"https:\/\/meijenfeldt.nl\/wp-content\/uploads\/2021\/01\/EAA.858.2.3824g.pdf\">Exceptio Schulman<\/a><\/span><\/td>\n<td style=\"width: 25%; height: 28px;\"><span style=\"color: #000000; font-size: 13.3333px;\">23-02-1682\u00a0<\/span><\/td>\n<\/tr>\n<tr style=\"height: 28px;\">\n<td style=\"width: 25%; height: 28px;\"><span style=\"font-size: 10pt; color: #000000;\">h<\/span><\/td>\n<td style=\"width: 50%; height: 28px;\" colspan=\"2\"><span style=\"font-size: 10pt; color: #0000ff;\"><a style=\"color: #0000ff;\" href=\"https:\/\/meijenfeldt.nl\/wp-content\/uploads\/2021\/01\/EAA.858.2.3824h.pdf\">Replica Wrangell<\/a>\u00a0<\/span><\/td>\n<td style=\"width: 25%; height: 28px;\"><span style=\"color: #000000; font-size: 13.3333px;\">28-02-1782\u00a0<\/span><\/td>\n<\/tr>\n<tr style=\"height: 28px;\">\n<td style=\"width: 25%; height: 28px;\"><span style=\"font-size: 10pt; color: #000000;\">i<\/span><\/td>\n<td style=\"width: 50%; height: 28px;\" colspan=\"2\"><span style=\"font-size: 10pt; color: #0000ff;\"><a style=\"color: #0000ff;\" href=\"https:\/\/meijenfeldt.nl\/wp-content\/uploads\/2021\/01\/EAA.858.2.3824i.pdf\">Duplica Schulman<\/a>\u00a0<\/span><\/td>\n<td style=\"width: 25%; height: 28px;\"><span style=\"color: #000000; font-size: 13.3333px;\">06-03-1682\u00a0<\/span><\/td>\n<\/tr>\n<tr style=\"height: 28px;\">\n<td style=\"width: 25%; height: 28px;\"><span style=\"font-size: 10pt; color: #000000;\">j<\/span><\/td>\n<td style=\"width: 50%; height: 28px;\" colspan=\"2\"><span style=\"font-size: 10pt; color: #0000ff;\"><a style=\"color: #0000ff;\" href=\"https:\/\/meijenfeldt.nl\/wp-content\/uploads\/2021\/01\/EAA.858.2.3824j.pdf\">Ersuchungsschrift Wrangell<\/a>\u00a0<\/span><\/td>\n<td style=\"width: 25%; height: 28px;\"><\/td>\n<\/tr>\n<tr style=\"height: 28px;\">\n<td style=\"width: 25%; height: 28px;\"><span style=\"font-size: 10pt; color: #000000;\">k<\/span><\/td>\n<td style=\"width: 50%; height: 28px;\" colspan=\"2\"><span style=\"font-size: 10pt; color: #0000ff;\"><a style=\"color: #0000ff;\" href=\"https:\/\/meijenfeldt.nl\/wp-content\/uploads\/2021\/01\/EAA.858.2.3824k.pdf\">Supplica Schulman<\/a>\u00a0<\/span><\/td>\n<td style=\"width: 25%; height: 28px;\"><\/td>\n<\/tr>\n<tr style=\"height: 28px;\">\n<td style=\"width: 25%; height: 28px;\"><span style=\"font-size: 10pt; color: #000000;\">l<\/span><\/td>\n<td style=\"width: 50%; height: 28px;\" colspan=\"2\"><span style=\"font-size: 10pt; color: #0000ff;\"><a style=\"color: #0000ff;\" href=\"https:\/\/meijenfeldt.nl\/wp-content\/uploads\/2021\/01\/EAA.858.2.3824l.pdf\">Processdata<\/a><\/span><\/td>\n<td style=\"width: 25%; height: 28px;\"><\/td>\n<\/tr>\n<tr style=\"height: 84px;\">\n<td style=\"width: 25%; height: 84px;\"><span style=\"font-size: 10pt; color: #000000;\">SE\/RA\/\/756.1\/M\/I, M8b, Fol<span title=\"Riksarkivets \u00e4mnessamlingar. Personhistoria, SE\/RA\/756\/756.1\/M\/I\/M 8 b\">\u00a054<\/span><\/span><\/td>\n<td style=\"width: 50%; height: 84px;\" colspan=\"2\"><span style=\"font-size: 10pt; color: #0000ff;\"><span style=\"font-size: 10pt;\"><span style=\"color: #0000ff;\"><span style=\"color: #000000;\">Meijerfeldt, <\/span><a style=\"color: #0000ff;\" href=\"https:\/\/sok.riksarkivet.se\/bildvisning\/A0069897_00054#?c=&amp;m=&amp;s=&amp;cv=53&amp;xywh=507%2C247%2C3698%2C2293\">Besluit tot reductie Lustifer<\/a><\/span><\/span><\/span><\/td>\n<td style=\"width: 25%; height: 84px;\"><span style=\"font-size: 10pt;\"><span style=\"font-size: 13.3333px;\">27-07-1682<\/span><\/span><\/td>\n<\/tr>\n<tr style=\"height: 84px;\">\n<td style=\"width: 25%; height: 84px;\"><span style=\"font-size: 10pt; color: #000000;\">SE\/RA\/756.1\/M\/I, M8b, Fol<span title=\"Riksarkivets \u00e4mnessamlingar. Personhistoria, SE\/RA\/756\/756.1\/M\/I\/M 8 b\">\u00a053<\/span><\/span><\/td>\n<td style=\"height: 84px; width: 50%;\" colspan=\"2\"><span style=\"font-size: 10pt; color: #0000ff;\"><span style=\"font-size: 10pt;\"><span style=\"color: #0000ff;\"><span style=\"color: #000000;\">Meijerfeldt,<\/span> <a style=\"color: #0000ff;\" href=\"https:\/\/sok.riksarkivet.se\/bildvisning\/A0069897_00053#?c=&amp;m=&amp;s=&amp;cv=52&amp;xywh=-231%2C113%2C6392%2C3965\">Brief aan de koning inzake L<\/a><a style=\"color: #0000ff;\" href=\"https:\/\/sok.riksarkivet.se\/bildvisning\/A0069897_00053#?c=&amp;m=&amp;s=&amp;cv=52&amp;xywh=-231%2C113%2C6392%2C3965\">ustifer<\/a><a style=\"color: #0000ff;\" href=\"https:\/\/sok.riksarkivet.se\/bildvisning\/A0069897_00053#?c=&amp;m=&amp;s=&amp;cv=52&amp;xywh=-231%2C113%2C6392%2C3965\"><span style=\"font-size: 10pt; color: #333333;\">\u00a0<span style=\"color: #0000ff;\">dat hem 1661 door broers Wrangel in leen was gegeven door stiefmoeder gravin Wasaborg<\/span><\/span><\/a><\/span><\/span><\/span><\/td>\n<td style=\"width: 25%; height: 84px;\"><span style=\"font-size: 10pt;\"><span style=\"font-size: 13.3333px;\">20-09\u20131682<\/span><\/span><\/td>\n<\/tr>\n<tr style=\"height: 56px;\">\n<td style=\"width: 25%; height: 56px;\"><span style=\"font-size: 10pt; color: #000000;\">SE\/RA\/756.1\/M\/I, M8b, Fol<span title=\"Riksarkivets \u00e4mnessamlingar. Personhistoria, SE\/RA\/756\/756.1\/M\/I\/M 8 b\">\u00a018-19<\/span><br \/>\n<\/span><\/td>\n<td style=\"width: 50%; height: 56px;\" colspan=\"2\"><span style=\"font-size: 10pt; color: #0000ff;\"><span style=\"font-size: 10pt;\"><span style=\"color: #0000ff;\"><span style=\"color: #000000;\">Meijerfeldt,<\/span> <a style=\"color: #0000ff;\" href=\"https:\/\/sok.riksarkivet.se\/bildvisning\/A0069897_00018#?c=&amp;m=&amp;s=&amp;cv=17&amp;xywh=-903%2C340%2C8189%2C3967\">Besluit tot reductie Lustifer<\/a><br \/>\n<\/span><\/span><\/span><\/td>\n<td style=\"width: 25%; height: 56px;\"><span style=\"font-size: 10pt;\"><span style=\"font-size: 13.3333px;\">12-10-1682<br \/>\n<\/span><\/span><\/td>\n<\/tr>\n<tr style=\"height: 28px;\">\n<td style=\"width: 25%; height: 28px;\"><span style=\"font-size: 10pt; color: #000000;\">SE\/RA\/756.1\/M\/I, M8b, Fol 55<\/span><\/td>\n<td style=\"width: 50%; height: 28px;\" colspan=\"2\"><span style=\"font-size: 10pt; color: #0000ff;\"><span style=\"color: #000000;\">Meijerfeldt,<\/span> <a style=\"color: #0000ff;\" href=\"https:\/\/sok.riksarkivet.se\/bildvisning\/A0069897_00055#?c=&amp;m=&amp;s=&amp;cv=54&amp;xywh=317%2C540%2C4991%2C2602\">Besluit tot reductie Lustifer en broers Wrangel<\/a><\/span><\/td>\n<td style=\"width: 25%; height: 28px;\"><span style=\"font-size: 10pt;\">20-10-1682<\/span><\/td>\n<\/tr>\n<tr style=\"height: 84px;\">\n<td style=\"width: 25%; height: 84px;\"><span style=\"color: #000000;\"><span style=\"font-size: 10pt;\"><span style=\"font-size: 10pt;\">SE\/RA\/720767\/075\u00a0 K\u00f6nigsmarck-Rabelska brevsamlingen <span style=\"color: #0000ff;\"><a style=\"color: #0000ff;\" href=\"https:\/\/sok.riksarkivet.se\/person?Namn=meijerfelt&amp;AvanceradSok=True&amp;PageSize=20&amp;page=1&amp;postid=Brev_66456&amp;tab=post&amp;FacettState=undefined%3Ac%7C#tab\">E 7927<\/a><\/span><\/span><\/span><\/span><\/td>\n<td style=\"width: 50%; height: 84px;\" colspan=\"2\"><span style=\"font-size: 10pt; color: #000000;\">Brief aan Johan Rabel, secretaris van O.W. K\u00f6nigsmarck (Stockholm)<\/span><\/td>\n<td style=\"width: 25%; height: 84px;\"><span style=\"font-size: 10pt;\">1682<\/span><\/td>\n<\/tr>\n<tr style=\"height: 56px;\">\n<td style=\"width: 25%; height: 56px;\"><span style=\"color: #000000;\"><span style=\"font-size: 10pt;\"><span style=\"font-size: 10pt;\"> SE\/RA\/720767\/075\u00a0 K\u00f6nigsmarck-Rabelska brevsamlingen <span style=\"color: #0000ff;\"><a style=\"color: #0000ff;\" href=\"https:\/\/sok.riksarkivet.se\/person?Namn=meijerfelt&amp;AvanceradSok=True&amp;PageSize=20&amp;page=1&amp;postid=Brev_66456&amp;tab=post&amp;FacettState=undefined%3Ac%7C#tab\">E 7927<\/a><\/span><\/span><\/span><\/span><\/td>\n<td style=\"height: 56px; width: 50%;\" colspan=\"2\"><span style=\"font-size: 10pt; color: #000000;\">2 brieven aan Johan Rabel, secretaris van O.W. K\u00f6nigsmarck (Stockholm)<br \/>\n<\/span><\/td>\n<td style=\"width: 25%; height: 56px;\"><span style=\"font-size: 10pt;\">26-02-1683<br \/>\n13-07-1683<br \/>\n<\/span><\/td>\n<\/tr>\n<tr style=\"height: 56px;\">\n<td style=\"width: 25%; height: 56px;\"><span style=\"color: #000000;\"><span style=\"font-size: 10pt;\"><span style=\"font-size: 10pt;\"><span style=\"font-size: 10pt; color: #000000;\">EAA 858,\u00a0<span style=\"font-size: 10pt; color: #0000ff;\"><a style=\"color: #0000ff;\" href=\"https:\/\/ais.ra.ee\/index.php?module=202&amp;op=4&amp;tyyp=3&amp;otsing_id=20210125125648594419&amp;id=200251772079&amp;active=1&amp;query=reinhold+wrangell&amp;naita_ridu=&amp;sess_id=b65dde01ae14dedcb51d4590bab9c033\">2.3854<\/a><br \/>\n<span style=\"color: #000000;\">Ein Sammlung von Urkunden \u00a0zur Adels- und G\u00fctergeschichte,<\/span><br \/>\n<span style=\"color: #000000;\">deel 2.2, Zweedse tijd, Reval 1861, Nr. 912,<\/span> <span style=\"color: #0000ff;\"><a style=\"color: #0000ff;\" href=\"https:\/\/dspace.ut.ee\/bitstream\/handle\/10062\/22926\/est_a_580_abt_2_bd_1_bd_2.pdf?sequence=1&amp;isAllowed=y\">pag. 925<\/a><\/span><br \/>\n<\/span><\/span><\/span><\/span><\/span><\/td>\n<td style=\"width: 50%; height: 56px;\" colspan=\"2\"><span style=\"font-size: 10pt; color: #000000;\"><span style=\"font-size: 10pt; color: #0000ff;\"><span style=\"color: #000000;\">Erkenntniss des Oberlandgerichts in Sachen der Creditoren des Reinhold Wrangell von Sall.<br \/>\nEhst- und Livl\u00e4ndische Brieflade.<br \/>\n<i>sel. Overinspector\u00a0<\/i>Meyerfelds Wittwen<i> 425 Rthlr. 27\u00bd wrstk. in spec. Capital u. 136 Rthlr. Interessen<\/i><br \/>\n<\/span><\/span><\/span><\/td>\n<td style=\"width: 25%; height: 56px;\"><span style=\"font-size: 10pt;\"><span style=\"font-size: 10pt; color: #000000;\">21-03-1687<\/span><\/span><\/td>\n<\/tr>\n<tr style=\"height: 84px;\">\n<td style=\"width: 25%; height: 84px;\"><span style=\"color: #000000;\"><span style=\"font-size: 10pt;\"><span style=\"font-size: 10pt;\">LVVA, Riga St. Petri, Leichenbuch, 1657-1811<\/span><\/span><\/span><\/td>\n<td style=\"height: 84px; width: 50%;\" colspan=\"2\"><span style=\"font-size: 10pt; color: #000000;\"><a href=\"https:\/\/www.raduraksti.arhivi.lv\/objects\/1:4:11:2055:2474:23855#&amp;gid=1&amp;pid=52\"><span style=\"color: #0000ff;\">Pag. 92, nr. 13<\/span><\/a><br \/>\n<\/span><\/td>\n<td style=\"width: 25%; height: 84px;\"><span style=\"font-size: 10pt;\">07-04-1692<\/span><\/td>\n<\/tr>\n<tr style=\"height: 85px;\">\n<td style=\"height: 85px; width: 100%;\" colspan=\"4\"><span style=\"font-size: 10pt;\"><img loading=\"lazy\" decoding=\"async\" class=\"alignnone wp-image-21791\" style=\"color: #000000;\" src=\"https:\/\/meijenfeldt.nl\/wp-content\/uploads\/2019\/12\/Riga-St-Petri-1692-92-300x40.jpg\" alt=\"\" width=\"648\" height=\"86\" srcset=\"https:\/\/meijenfeldt.nl\/wp-content\/uploads\/2019\/12\/Riga-St-Petri-1692-92-300x40.jpg 300w, https:\/\/meijenfeldt.nl\/wp-content\/uploads\/2019\/12\/Riga-St-Petri-1692-92-768x102.jpg 768w, https:\/\/meijenfeldt.nl\/wp-content\/uploads\/2019\/12\/Riga-St-Petri-1692-92.jpg 799w\" sizes=\"auto, (max-width: 648px) 100vw, 648px\" \/><br \/>\n<\/span><\/td>\n<\/tr>\n<tr style=\"height: 111px;\">\n<td style=\"width: 25%; height: 111px;\"><span style=\"font-size: 10pt;\">Evangelisches Pfarramt Stralsund, St Nikolai Kirche, fol. 420<\/span><\/td>\n<td style=\"height: 111px; width: 50%;\" colspan=\"2\"><span style=\"font-size: 10pt;\">Wohn- un Sterbeort: <em>Stralsund<\/em><br \/>\nFriedhof: <em>St Nikolai, 2 Pulse Glocken<\/em><br \/>\n<em>W\u00fcrde die Leiche nach Nehringen \u00fcberf\u00fchrt und dort beigesetzt<\/em><\/span><\/td>\n<td style=\"width: 25%; height: 111px;\"><span style=\"font-size: 10pt;\">03-06-1725<\/span><\/td>\n<\/tr>\n<tr style=\"height: 139px;\">\n<td style=\"width: 25%; height: 139px;\"><span style=\"font-size: 10pt;\"><span style=\"color: #000000; font-size: 13.3333px;\">Nehringsches Kirchen Buch Worinnen Verzeichert Welche 1. Vertrauet 2. Getauft 3. Begraven 1682-1791<\/span> <\/span><\/td>\n<td style=\"width: 50%; height: 139px;\" colspan=\"2\"><span style=\"color: #0000ff;\"><a style=\"color: #0000ff;\" href=\"https:\/\/meijenfeldt.nl\/wp-content\/uploads\/2025\/05\/Kirchenbucher-Nehringen.pdf\"><em><span style=\"font-size: 10pt;\">die Frau Obristen Meyerfeldten in hiesiges patronat Begr\u00e4bni\u03b2 des Abends in der Stille beygesetzt worden<\/span><\/em><\/a><\/span><\/td>\n<td style=\"width: 25%; height: 139px;\"><span style=\"font-size: 10pt;\">21-06-1725<\/span><\/td>\n<\/tr>\n<\/tbody>\n<\/table>\n","protected":false},"excerpt":{"rendered":"<p>PERSOONSDOSSIER \u2190 Stamboom\u00a0 \u00a0***\u00a0 \u2193 Genealogie\u00a0 \u00a0***\u00a0 \u2193 Levensloop \u2193 Bibliografie\u00a0 \u00a0***\u00a0 \u2193 Handtekening\u00a0 \u00a0***\u00a0 \u00a0\u2193 Documenten FAMILIETAK OUDERS ZZ Sk\u00f6lde Bref 1675 ANDREAS MEIJER geadeld VON MEIJERFELDT \u221e Catharina Wulff KINDEREN ZZ.1 ZZ.2 ZZ.3 ZZ.4 Hendrik \/ Johann Carl Friedrich sr Johann August sr Wolmar Johann ZZ.2 ZZ.3 GENEALOGIE ZZ.\u00a0Andreas\u00a0(Anders, Andreae) \/\u00a0Heinrich (Henric) Meijer, &hellip; <a href=\"https:\/\/meijenfeldt.nl\/?page_id=41155\" class=\"more-link\">Verder lezen <span class=\"screen-reader-text\">ZZ. Andreas Meijer(feldt)<\/span><\/a><\/p>\n","protected":false},"author":1,"featured_media":0,"parent":0,"menu_order":0,"comment_status":"closed","ping_status":"closed","template":"","meta":{"footnotes":""},"class_list":["post-41155","page","type-page","status-publish","hentry"],"_links":{"self":[{"href":"https:\/\/meijenfeldt.nl\/index.php?rest_route=\/wp\/v2\/pages\/41155","targetHints":{"allow":["GET"]}}],"collection":[{"href":"https:\/\/meijenfeldt.nl\/index.php?rest_route=\/wp\/v2\/pages"}],"about":[{"href":"https:\/\/meijenfeldt.nl\/index.php?rest_route=\/wp\/v2\/types\/page"}],"author":[{"embeddable":true,"href":"https:\/\/meijenfeldt.nl\/index.php?rest_route=\/wp\/v2\/users\/1"}],"replies":[{"embeddable":true,"href":"https:\/\/meijenfeldt.nl\/index.php?rest_route=%2Fwp%2Fv2%2Fcomments&post=41155"}],"version-history":[{"count":107,"href":"https:\/\/meijenfeldt.nl\/index.php?rest_route=\/wp\/v2\/pages\/41155\/revisions"}],"predecessor-version":[{"id":73264,"href":"https:\/\/meijenfeldt.nl\/index.php?rest_route=\/wp\/v2\/pages\/41155\/revisions\/73264"}],"wp:attachment":[{"href":"https:\/\/meijenfeldt.nl\/index.php?rest_route=%2Fwp%2Fv2%2Fmedia&parent=41155"}],"curies":[{"name":"wp","href":"https:\/\/api.w.org\/{rel}","templated":true}]}}