{"id":33764,"date":"2020-10-11T11:50:16","date_gmt":"2020-10-11T11:50:16","guid":{"rendered":"http:\/\/meijenfeldt.nl\/?page_id=33764"},"modified":"2023-08-12T15:32:31","modified_gmt":"2023-08-12T15:32:31","slug":"lewenhaupt-kagg","status":"publish","type":"page","link":"https:\/\/meijenfeldt.nl\/?page_id=33764","title":{"rendered":"Kagg"},"content":{"rendered":"<p style=\"text-align: justify;\"><span style=\"font-size: 14pt; color: #000000;\"><strong>&#8220;Leonards Kaggs Dagbok 1698-1722&#8221;, Historiska Handlingar, deel 24, Stockholm 1912. &#x2663;<\/strong><\/span><\/p>\n<p><span style=\"color: #000000; font-size: 10pt; font-family: georgia, palatino, serif;\">Meijerfelt, Anna Maria, f. T\u00f6rnflycht 93.<\/span><br \/>\n<span style=\"color: #000000; font-size: 10pt; font-family: georgia, palatino, serif;\">Meijerfelt, August Johan, \u00f6fv.-l\u00f6jtnant vid \u00c5bo l\u00e4ns kavallerireg. 27, \u00f6fverste 32, 37, 38, 42, gen.-major, 54, 59, 61, 62, 65, 81, 82, 84, 92, 93, 115, 133, 138, 140.<\/span><br \/>\n<span style=\"color: #000000; font-size: 10pt; font-family: georgia, palatino, serif;\">Meijerfelt,<br \/>\nCarl Fredrik, \u00f6fv.-l\u00f6jtnant vid \u00d6sterbottens infanterireg. 133 (ft).<\/span><\/p>\n<p style=\"text-align: justify;\"><span style=\"color: #000000; font-family: georgia, palatino, serif;\"><span style=\"color: #0000ff;\"><a style=\"color: #0000ff;\" href=\"https:\/\/archive.org\/details\/historiska-handlingar-del-24-1912\/page\/26\/mode\/2up?q=Mejerfeldt\"><span style=\"font-size: 10pt;\">Pag. 27<\/span><\/a><\/span><span style=\"font-size: 10pt;\"> (04-12-1701)<\/span><\/span><\/p>\n<table style=\"border-collapse: collapse; width: 100%;\">\n<tbody>\n<tr>\n<td style=\"width: 50%;\"><span style=\"font-size: 10pt; font-family: georgia, palatino, serif;\">Den 4 December var action vid staden Treski i itne, d\u00e5 Hans Maij:t var med generalmajor Hummerhielms partie och \u00f6fverstelieutnants Mejerfelds, som bestodo tillsammans af 900 h\u00e4star commenderad manskap, och fiendens nembl:n Oginskis trouppar, hvilcka stodo i bem\u00e4lte stad med 15000 man cavallerie, hvilcka blefvo af Hans Maij:t uthki\u00f6rde och bortjagade men kommo \u00e5ter tillbackars samma affton kl\u00e5ckan 10 el:r 11 och attaquerade v\u00e5re, dock blefvo dhe igenom Guds macht af Hans Maij:t repousserade och aldeles f\u00f6rjagade, s\u00e5 att af fien- den blef p\u00e5 platsen 2,000 man, och fingo v\u00e5re m\u00e5nge estanda rer och fahnor af fienden; i denna action var Hans Maij:t sielf i stor fahra, men Gud afv\u00e4nde den samma.<\/span><\/td>\n<td style=\"width: 50%;\">\n<p id=\"tw-target-text\" class=\"tw-data-text tw-text-large tw-ta\" dir=\"ltr\" data-placeholder=\"Vertaling\"><span class=\"Y2IQFc\" lang=\"nl\" style=\"font-size: 10pt; font-family: georgia, palatino, serif;\">Op 4 december was er actie bij de stad Treski in Litouwen, toen Zijne Maj. deel uitmaakte van de partij van generaal-majoor Hummerhielm en van luitenant-kolonel Mejerfeld, die samen uit 900 manschappen ruiterij bestond, en de troepen van de vijand namelijk Oginski&#8217;s troepen, die waren gestationeerd in de stad met 15.000 man cavalerie, die op de vlucht werden geslagen en weggejaagd door Zijne Maj.t, maar diezelfde avond om 10 of 11 uur weer terugkwamen en de onze aanvielen, maar door de kracht van God werden ze afgeslagen door Zijne Maj.t en volledig verdreven, zodat 2.000 man van de vijand ter plaatse bleven en veel van onze standaarden en vlaggen op de vijand veroverden; bij deze actie was Zijne Maj.t zelf in groot gevaar, maar God wendde dat af.<\/span><\/p>\n<\/td>\n<\/tr>\n<\/tbody>\n<\/table>\n<p style=\"text-align: left;\"><span style=\"color: #000000; font-size: 10pt; font-family: georgia, palatino, serif;\"><span style=\"color: #0000ff;\"><a style=\"color: #0000ff;\" href=\"https:\/\/archive.org\/details\/historiska-handlingar-del-24-1912\/page\/32\/mode\/2up?q=Mejerfeldt\">Pag. 32<\/a><\/span> (06-07-1702)<\/span><\/p>\n<table style=\"border-collapse: collapse; width: 100%;\">\n<tbody>\n<tr>\n<td style=\"width: 50%;\"><span style=\"font-size: 10pt; font-family: georgia, palatino, serif;\">Den 6 Juli hade \u00f6fverste August Johan\u00a0<mark>Mejerfeldt<\/mark>, hvilcken var p\u00e5 partie commenderad med 600 h\u00e4star en rencontre med ett saxiskt partie, hvilcka bestodo af 2,000 h\u00e4star i en li- ten stad ben\u00e4md \u2014 , men effter fienden f\u00e5tt kundskap af bem\u00e4lte \u00f6fverstes ankomst, drog fienden sig af, och s\u00e5ledes al- lenast n\u00e5gre af des arriergarde nedergiordes, och n\u00e5gre fiente- lige p\u00e5llacker, hvilcka f\u00f6rstuckit sig undan i tr\u00e4g\u00e5rdar, togos till f\u00e5nga, ibland hvilka en f\u00f6rn\u00e4m wojvod var, den \u00f6fversten samma dag l\u00f6\u00f6sgaf om afftonen, men samma p\u00e5llack kom da- gen dereffter i gryningen med stor suite p\u00e5llackar med sig och attaquerade capten Funck af Lifdragon, hvilcken hade f\u00f6rvacht och nederh\u00f6gg 9 man f\u00f6r f\u00e4ltv\u00e4bel Falckman, som var ute att recognossera, dock blefvo dhe sedermera bortjagade<\/span><\/td>\n<td style=\"width: 50%;\">\n<p id=\"tw-target-text\" class=\"tw-data-text tw-text-large tw-ta\" dir=\"ltr\" data-placeholder=\"Vertaling\"><span class=\"Y2IQFc\" lang=\"nl\" style=\"font-family: georgia, palatino, serif; font-size: 10pt;\">Op 6 juli had kolonel August Johan Mejerfeldt, die deel uitmaakte van een groep met 600 paarden, een ontmoeting met een Saksische groep, die uit 2.000 paarden bestond, in een kleine stad genaamd &#8212;, maar nadat de vijand hoorde dat de genoemde kolonel was gearriveerd trok de vijand zich terug, en zo werd slechts een deel van de achterhoede onderworpen, en enkele vijandelijke p\u00e5laks, die zich op houten werven hadden verstopt, werden gevangen genomen, van wie soms een vooraanstaande voivode was, de kolonel op dezelfde dag vrijgelaten in de &#8217;s avonds, maar dezelfde p\u00e5laks kwamen de volgende dag bij het aanbreken van de dag met een grote groep poedels bij zich en vielen kapitein Funck van Lifdragon aan, die vooruit was gegaan en doodden 9 mannen van veldsergeant Falckman, die erop uit waren om te verkennen, maar ze werden later weggejaagd<\/span><\/p>\n<\/td>\n<\/tr>\n<\/tbody>\n<\/table>\n<p style=\"text-align: justify;\"><span style=\"color: #000000; font-size: 10pt; font-family: georgia, palatino, serif;\"><span style=\"color: #0000ff;\"><a style=\"color: #0000ff;\" href=\"https:\/\/archive.org\/details\/historiska-handlingar-del-24-1912\/page\/36\/mode\/2up?q=Mejerfeldt\">Pag. 37<\/a><\/span> (14-08-1702)<\/span><\/p>\n<table style=\"border-collapse: collapse; width: 100%;\">\n<tbody>\n<tr>\n<td style=\"width: 50%;\"><span style=\"font-size: 10pt; font-family: georgia, palatino, serif;\">Den 14 Augusti blef jag commenderad p\u00e5 partie ifr\u00e5n Crako med \u00f6fverste Mejerfeldtt, hvilcket partie bestod af 1,000 h\u00e4star f\u00f6rutom alla quarterm\u00e4stare och fourier af hela arm\u00e9en, d\u00e5 vi gardesfourier hade till v\u00e5r commendeur lieutnant Libert Rosenstierna, och kommo vi med samma partie samma natt 4 mibhl derifr\u00e5n till en liten stad ben\u00e4mnd Proschowitz, d\u00e4rest n\u00e5gre fientelige p\u00e5llackar med n\u00e5gre fahnor d\u00e4r l\u00e5go, hvilcka vi uthdrefvo, d\u00e5 vi fingo till f\u00e5nga af dem en lieutnant, ett par pukor och 3:ne gemene, och n\u00e5gre p\u00e5 platsen af dem slagne.<\/span><\/td>\n<td style=\"width: 50%;\">\n<p id=\"tw-target-text\" class=\"tw-data-text tw-text-large tw-ta\" dir=\"ltr\" data-placeholder=\"Vertaling\"><span class=\"Y2IQFc\" lang=\"nl\" style=\"font-family: georgia, palatino, serif; font-size: 10pt;\">Op 14 augustus werd ik gecommandeerd naar een groep uit Crakow met kolonel Mejerfelldt, welke partij bestond uit 1.000 paarden naast alle kwartiermakers en foeriers van het hele leger, aangezien we gardesfoerier hadden voor onze commandant luitenant Libert Rosenstierna, en we kwamen met de hetzelfde gezelschap dezelfde nacht 4 mijl vandaar naar een klein stadje genaamd Proschowitz, waar een paar vijandige palls met een paar vlaggen lagen, die we verdreven, toen we een luitenant, een paar pucks en de 3e burger van hen gevangen namen, en sommigen van hen werden ter plekke gedood.<\/span><\/p>\n<\/td>\n<\/tr>\n<\/tbody>\n<\/table>\n<p style=\"text-align: justify;\"><span style=\"color: #000000; font-size: 10pt; font-family: georgia, palatino, serif;\"><span style=\"color: #0000ff;\"><a style=\"color: #0000ff;\" href=\"https:\/\/archive.org\/details\/historiska-handlingar-del-24-1912\/page\/38\/mode\/2up?q=Mejerfeldt\">Pag. 38 <\/a><\/span>(16\/25-08-1702)<\/span><\/p>\n<table style=\"border-collapse: collapse; width: 100%;\">\n<tbody>\n<tr>\n<td style=\"width: 50%;\"><span style=\"font-size: 10pt; font-family: georgia, palatino, serif;\">Den 18 Augusti marcherade vi med samma partie med \u00f6fverste <mark>Mejerfeldt<\/mark>\u00a0fr\u00e5n staden Pinschoff till en by ben\u00e4md Buscke 2:ne mihl och d. 21 dito till staden Neustadt 3 mihl, den vi uthplundrade, och dagen dereffter, som var d. 22 d:o, br\u00e4nde vi opp hela staden f\u00f6r det borgarne i samma stadh n\u00e5- got tillf\u00f6rende p\u00e5 ski\u00e4lms vis ett partie af v\u00e5re af 30 man in- fanterie d\u00e4r massacrerat; och kommo vi med v\u00e5rt partie till- backars den 25 d. till staden Pinschoff.<\/span><\/td>\n<td style=\"width: 50%;\"><span style=\"color: #000000; text-align: justify; font-size: 10pt; font-family: georgia, palatino, serif;\">Kagg komt onder M. aan in Pinczow, na enkele schermutselingen onderweg met Kozakken. Twee dagen later 2 mijl naar het gehucht Buschke. Drie dagen later wordt Neustadt geplunderd en de volgende dag in de brand gestoken. Op 25 augustus keren zij terug in Pinczow.<\/span><\/td>\n<\/tr>\n<\/tbody>\n<\/table>\n<p style=\"text-align: justify;\"><span style=\"color: #000000; font-size: 10pt; font-family: georgia, palatino, serif;\"><span style=\"color: #0000ff;\"><a style=\"color: #0000ff;\" href=\"https:\/\/archive.org\/details\/historiska-handlingar-del-24-1912\/page\/40\/mode\/2up?q=Mejerfeldt\">Pag. 40<\/a><\/span> (18-09-1702)<\/span><\/p>\n<table style=\"border-collapse: collapse; width: 100%;\">\n<tbody>\n<tr>\n<td style=\"width: 50%;\"><span style=\"font-size: 10pt; font-family: georgia, palatino, serif;\">Den 18 September marscherade vi med hela partiet ifr\u00e5n staden Pinschoff s\u00e5 v\u00e4l \u00f6fverste Mejerfelds som ock major Gyllenkrooks sampt commendanten \u00f6fverstlieutnant Feilitz med alle v\u00e5re blesserade och saxiske f\u00e5ngar och artilleriet, d\u00e5 vi d. 19 d:o kommo till staden Opatowitz, som var fr\u00e5n Pinschoff 4 mihl; d\u00e5 vi under varande march fr\u00e5n Pinschoff s\u00e5 under den tiden vi med v\u00e5rt partie d\u00e4r l\u00e5go hade monge sm\u00e5 h\u00e4ndlar med p\u00e5llackar cossackar, och moste vi n\u00e5gre n\u00e4tter ligga till valls p\u00e5 Pinschoff sl\u00e5tt, d\u00e4rest var en vall och en graf ikring.<\/span><\/td>\n<td style=\"width: 50%;\">\n<p id=\"tw-target-text\" class=\"tw-data-text tw-text-large tw-ta\" dir=\"ltr\" data-placeholder=\"Vertaling\"><span class=\"Y2IQFc\" lang=\"nl\" style=\"font-size: 10pt;\">Op 18 september marcheerden we met het hele gezelschap vanuit de stad Pinczov, zowel van kolonel Mejerfeld als van majoor Gyllenkrook en de commandant luitenant-kolonel Feilitz met al onze gewonde en Saksische gevangenen en de artillerie, toen we op 19 september aankwamen bij de stad Opatowitz, die van Pinczov 4 mijl was; toen we op mars waren vanuit Pinczov, in de tijd dat wij en ons gezelschap daar waren, waren er veel kleine Kozakken met Polen, en we moesten een paar nachten op de wallen bij Pinczov liggen, toen was er een wal en een graf eromheen.<\/span><\/p>\n<\/td>\n<\/tr>\n<\/tbody>\n<\/table>\n<p style=\"text-align: justify;\"><span style=\"color: #000000; font-size: 10pt; font-family: georgia, palatino, serif;\"><span style=\"color: #0000ff;\"><a style=\"color: #0000ff;\" href=\"https:\/\/archive.org\/details\/historiska-handlingar-del-24-1912\/page\/40\/mode\/2up?q=Mejerfeldt\">Pag. 41-42<\/a><\/span> (16\/18-10-1702)<\/span><\/p>\n<table style=\"border-collapse: collapse; width: 100%; height: 137px;\">\n<tbody>\n<tr style=\"height: 137px;\">\n<td style=\"width: 50%; height: 137px;\"><span style=\"color: #000000; text-align: justify; font-size: 10pt; font-family: georgia, palatino, serif;\">Den 18 October indrog \u00f6fverste Mejerfeldt sig med sitt parti hvar till sitt regemente och compagnie.<\/span><\/td>\n<td style=\"width: 50%; height: 137px;\">\n<p style=\"text-align: justify;\"><span style=\"color: #000000; font-size: 10pt; font-family: georgia, palatino, serif;\">Kagg gaat onder Meijerfeldt&#8217;s luitenant Libert Rosenstierna van Opatovitz terug naar zijn regiment en wordt de volgende dag bevorderd tot &#8220;schergeant&#8221;.<\/span><\/p>\n<\/td>\n<\/tr>\n<\/tbody>\n<\/table>\n<p style=\"text-align: justify;\"><span style=\"color: #000000; font-size: 10pt; font-family: georgia, palatino, serif;\"><span style=\"color: #0000ff;\"><a style=\"color: #0000ff;\" href=\"https:\/\/archive.org\/details\/historiska-handlingar-del-24-1912\/page\/42\/mode\/2up?q=Mejerfeldt\">Pag. 42<\/a><\/span> (15-03-1703)<\/span><\/p>\n<table style=\"border-collapse: collapse; width: 100%;\">\n<tbody>\n<tr>\n<td style=\"width: 50%;\"><span style=\"font-size: 10pt; font-family: georgia, palatino, serif;\">Den 15 Martii blef \u00f6fversten\u00a0<mark>Mejerfeldt<\/mark>\u00a0i des afmarche fr\u00e5n staden Lublin, d\u00e4rest han var effter Hans Maij:ts arm\u00e9e com- menderad med 4,000 man infanterie m\u00e4st siuka och br\u00e4ckliga, d\u00e5 han blef attaquerad af n\u00e5gre 1,000:de p\u00e5llacker i en liten stadh 3 mihl fr\u00e5n ofvann\u00e4mde orth, d\u00e5 Mejerfelds adjutant Johan Bejer blef illa blesserad och f\u00e5ngen samt en regements- f\u00e4ltski\u00e4r och 6 af v\u00e5re gemene slagne.<\/span><\/td>\n<td style=\"width: 50%;\">\n<p id=\"tw-target-text\" class=\"tw-data-text tw-text-large tw-ta\" dir=\"ltr\" data-placeholder=\"Vertaling\"><span class=\"Y2IQFc\" lang=\"nl\" style=\"font-family: georgia, palatino, serif; font-size: 10pt;\">Op 15 maart was kolonel Mejerfeldt op mars vanuit de stad Lublin, waar hij was nadat het leger van Zijne Maj.t het bevel had gevoerd met 4.000 infanterie, meestal ziek en zwak, toen hij werd aangevallen door zo&#8217;n 1.000 Polen in een klein stadje op 3 mijl van de niet genoemde plaats. , toen Mejerfeld&#8217;s adjudant Johan Bejer zwaar gewond raakte en gevangen werd genomen, evenals een veldsnijder en 6 van onze gewone soldaten van ons regiment.<\/span><\/p>\n<\/td>\n<\/tr>\n<\/tbody>\n<\/table>\n<p style=\"text-align: justify;\"><span style=\"color: #000000; font-size: 10pt; font-family: georgia, palatino, serif;\"><span style=\"color: #0000ff;\"><a style=\"color: #0000ff;\" href=\"https:\/\/archive.org\/details\/historiska-handlingar-del-24-1912\/page\/50\/mode\/2up?q=Mejerfeldt\">Pag. 51<\/a><\/span> (20-11-1703)<\/span><\/p>\n<table style=\"border-collapse: collapse; width: 100%;\">\n<tbody>\n<tr>\n<td style=\"width: 50%;\"><span style=\"font-size: 10pt; font-family: georgia, palatino, serif;\">Den 20 November avancerade Johan Reinhold Trauttvetter till \u00f6fverstlieutnant under Mejerfelds regemente dragoner, hvilcket regemente d\u00e5 uppr\u00e4ttades, der till gamle Albedyhls regem. dragoner blefvo stammen d\u00e4rtill.<\/span><\/td>\n<td style=\"width: 50%;\">\n<p id=\"tw-target-text\" class=\"tw-data-text tw-text-large tw-ta\" dir=\"ltr\" data-placeholder=\"Vertaling\"><span class=\"Y2IQFc\" lang=\"nl\" style=\"font-family: georgia, palatino, serif; font-size: 10pt;\">Op 20 november schoof Johan Reinhold Trauttvetter op tot luitenant-kolonel onder het regiment dragonders van Mejerfeld, welk regiment toen werd opgericht. De dragonders van het oude Albedyhl&#8217;s regiment werden daar naar toe gezonden.<\/span><\/p>\n<\/td>\n<\/tr>\n<\/tbody>\n<\/table>\n<p style=\"text-align: justify;\"><span style=\"color: #000000; font-size: 10pt; font-family: georgia, palatino, serif;\"><span style=\"color: #0000ff;\"><a style=\"color: #0000ff;\" href=\"https:\/\/archive.org\/details\/historiska-handlingar-del-24-1912\/page\/54\/mode\/2up?q=Mejerfeldt\">Pag. 54<\/a><\/span> (24-02-1704)<\/span><\/p>\n<table style=\"border-collapse: collapse; width: 100%; height: 140px;\">\n<tbody>\n<tr style=\"height: 140px;\">\n<td style=\"width: 50%; height: 140px;\"><span style=\"font-size: 10pt; font-family: georgia, palatino, serif;\">Den 24 Februari avancerade \u00f6fverste Anders Lagercrona till generalmajor af infanterie. D:o samma dag avancerade August Johan Mejerfeldt ock till generalmajor.<\/span><\/td>\n<td style=\"width: 50%; height: 140px;\">\n<p id=\"tw-target-text\" class=\"tw-data-text tw-text-large tw-ta\" dir=\"ltr\" data-placeholder=\"Vertaling\"><span class=\"Y2IQFc\" lang=\"nl\" style=\"font-family: georgia, palatino, serif; font-size: 10pt;\">Op 24 februari werd kolonel Anders Lagercrona gepromoveerd tot generaal-majoor van de infanterie. Op dezelfde dag promoveerde ook August Johan Mejerfeldt tot generaal-majoor.<\/span><\/p>\n<\/td>\n<\/tr>\n<\/tbody>\n<\/table>\n<p style=\"text-align: justify;\"><span style=\"color: #000000; font-size: 10pt; font-family: georgia, palatino, serif;\"><span style=\"color: #0000ff;\"><a style=\"color: #0000ff;\" href=\"https:\/\/archive.org\/details\/historiska-handlingar-del-24-1912\/page\/58\/mode\/2up?q=Mejerfeldt\">Pag. 59<\/a><\/span>\u00a0(Posen, 09-08-1704)<\/span><\/p>\n<table style=\"border-collapse: collapse; width: 100%;\">\n<tbody>\n<tr>\n<td style=\"width: 50%;\"><span style=\"font-size: 10pt; font-family: georgia, palatino, serif;\">Den 9 Augusti om natten kom en saxisk corporal ifr\u00e5n generallieutnant Schulenburg af saxerne \u00f6fverl\u00f6pandes till v\u00e5re i staden Posen till capten G\u00f6ran P\u00e5hlman af Cronobergs infanterieregemente, hvilcken hade h\u00f6gvachten, d\u00e5 samma \u00f6fverl\u00f6pare ber\u00e4ttade general Schulenburgs dessein, hvileken om mor- gonen kom anmarcherandes med 1,500 saxisk cavallerie och 2,000 infanterie, d\u00e5 generalmajor Mejerfeldtt, hvileken commenderade v\u00e5re, nembl. sitt dragonregemente, N\u00e5rra Sk\u00e5nske cavall:regementet och Taubs dragoner, hvilcke slogo saxerne och dem aldeles bortjagade, capten Giersdorff af Mejerfelds slagen; ryttm\u00e4stare Cronberg af Sk\u00e5ninga och lieutnant Gross af Taubs illa blesserade och f\u00e5ngne, men 3 dagar dereffter tillbakars skic- kade, d\u00e5 ryttm\u00e4ster Cronberg strax dereffter blef d\u00f6d.<\/span><\/td>\n<td style=\"width: 50%;\">\n<p id=\"tw-target-text\" class=\"tw-data-text tw-text-large tw-ta\" dir=\"ltr\" data-placeholder=\"Vertaling\"><span class=\"Y2IQFc\" lang=\"nl\" style=\"font-family: georgia, palatino, serif; font-size: 10pt;\">Op 9 augustus &#8217;s nachts liep een Saksische korporaal van luitenant-generaal Schulenburg van de Saksen naar ons over in de stad Posen naar kapitein G\u00f6ran P\u00e5hlman van het infanterieregiment van Cronoberg, die de hoge wacht had, toen dezelfde overloper het plan van generaal Schulenburg vertelde: de rest van de ochtend marcheren met 1.500 Saksische cavalerie en 2.000 infanterie, tegen generaal-majoor Mejerfeldt, die het bevel voerde over zijn dragonderregiment, de N\u00e5rra Sk\u00e5nske cavalerie regiment en Taube&#8217;s dragonders, die de Saksen versloegen en volledig op de vlucht sloegen, kapitein Giersdorff werd door Mejerfelds verslagen; ritmeester Cronberg van Sk\u00e5ninga en luitenant Gross van Taube zwaar gewond en gevangen genomen, maar 3 dagen later teruggestuurd, omdat ritmeester Cronberg kort daarna stierf.<\/span><\/p>\n<\/td>\n<\/tr>\n<\/tbody>\n<\/table>\n<p style=\"text-align: left;\"><span style=\"color: #000000; font-size: 10pt; font-family: georgia, palatino, serif;\"><span style=\"color: #0000ff;\"><a style=\"color: #0000ff;\" href=\"https:\/\/archive.org\/details\/historiska-handlingar-del-24-1912\/page\/60\/mode\/2up?q=Mejerfeldt\">Pag. 61-65<\/a><\/span><\/span><\/p>\n<table style=\"border-collapse: collapse; width: 100%;\">\n<tbody>\n<tr>\n<td style=\"width: 50%;\"><span style=\"font-size: 10pt; font-family: georgia, palatino, serif;\">Den 7 September hade generalmajor Mejerfeldt action med 4,000 p\u00e5llackar fyra mihl fr\u00e5n Posen vid Stenziewo, hvilcka p\u00e5llacker generalen af H\u00f6g-P\u00e5hln Radomitzki commenderade, d\u00e5 v\u00e5ra fingo af samma p\u00e5llackar 12 par pukor sampt hela deras l\u00e4ger till byte, v\u00e5re bestodo af 3 regementer, N\u00e5rra Sk\u00e5ninga cavallerie, Mejerfeldts dragoner och &#8216;Taubs dragoner, hvilcka intet mer tillsammans giorde \u00e4n ongef\u00e4hr 1,200 man.<\/span><\/p>\n<p><span style=\"font-size: 10pt; font-family: georgia, palatino, serif;\">Samma dag, som var d. 11 September, hade \u00e5ter general-major Mejerfeldt en action med 5,000 saxare och 2,000 p\u00e5llac- ker, dem generallieutnant Brandtt af saxerne commenderade vid Warta str\u00f6m en half mibl fr\u00e5n Posen stadh, d\u00e5 capiten gref Ewert Gyllenstolpe af Mejerfeldts blef i armen illa blesse rad; om natten f\u00f6ruth rymde en corporal af Mejerfelds regemente, hvilcken utan tvifvel gifvit fienden kundskap att v\u00e5ra vore m\u00e4standels p\u00e5 fouragering commenderade med \u00f6fverstlieut- nanten af N\u00e5rra Sk\u00e5ninga Nils Gyllenstierna, hvilcken straxt kom med alla sina fouragierer tillbakars, att han s\u00e5ledes kom med i sielfva action, d\u00e5 fienden blef aldeles afslagen och bortjagad.<\/span><\/p>\n<p style=\"text-align: justify;\"><span style=\"font-size: 10pt; font-family: georgia, palatino, serif;\"><br \/>\nDen 4 October bel\u00e4grade general Brandtt af saxerne staden Posen, d\u00e5 dhe samma dag begynte att canonera p\u00e5 v\u00e5re i staden, och bestod fiendens hela macht under denna bel\u00e4gring med general Brandtt, hvileken commenderade saxerne, och general Pattk\u00e4ll, hvilcken f\u00f6rst\u00e4rckte general Brandt med ryssar, s\u00e5 att hela deras force bestod af 12,000 man, general Marderfeldtt commenderade v\u00e5re derinne, men \u00f6fversten Gabriel Lillieh\u00f6k var commendant.<\/span><\/p>\n<p><span style=\"font-size: 10pt; font-family: georgia, palatino, serif;\"><br \/>\nDen 22 October var ryttm\u00e4ster Anders Hall af N\u00e5rra Sk\u00e5nske cavallerie-regem. af general Marderfeldtt utskickad uhr staden Posen med 2:ne ryttare p\u00e5 paroll till fiendens l\u00e4ger effter deras egen begi\u00e4ran att inskicka en officer fr\u00e5n sig till ryttm\u00e4stare Trepka af cronarm\u00e9en, det ock skiedde, hvilcken var hoos v\u00e5re derinne f\u00e5ngen, den ock l\u00f6\u00f6s kom. Natten derp\u00e5, som var emil- lan d. 22 och 23 d:o, marcherade fienden ifr\u00e5n staden Posen, d\u00e5 s\u00e5ledes hela bel\u00e4gringen blef opph\u00e4fven, efftersom dhe f\u00e5tt kundskap, att Hans Maij:t med hela sin arm\u00e9e kom anmarche- randes ifr\u00e5n Warchav, d\u00e5 under varande blogade fienden i samma stad inskutit 4,000 canonsk\u00e5tt f\u00f6rutan med musqueterie; af v\u00e5re blefvo uti varande bel\u00e4gring med d\u00f6de och blesserade 50 man, och bestod hela v\u00e5r garnison af 77 man infanterie f\u00f6r- uthan dhe 3:ne regementer cavallerie, hvilcka generalmajor Mejerfeldt commenderade.<\/span><\/td>\n<td style=\"width: 50%;\">\n<p id=\"tw-target-text\" class=\"tw-data-text tw-text-large tw-ta\" dir=\"ltr\" data-placeholder=\"Vertaling\"><span class=\"Y2IQFc\" lang=\"nl\" style=\"font-family: georgia, palatino, serif; font-size: 10pt;\">Op 7 september voerde generaal-majoor Mejerfeldt actie met 4.000 Polen vier mijl van Posen bij Stenziewo, die de Poolse generaal van Groot-Polen Radomitzki commandeerde, waar <\/span><span style=\"font-size: 10pt; font-family: georgia, palatino, serif;\">op deze Polen 12 paar pauken en de buit in hun hele kamp werden veroverd door drie regimenten: N\u00e5rra Sk\u00e5ninga cavalerie, Mejerfeldt&#8217;s dragonders en &#8216;Taube&#8217;s dragonders, die samen niet meer dan ongeveer 1.200 man vormden.<\/span><\/p>\n<p id=\"tw-target-text\" class=\"tw-data-text tw-text-large tw-ta\" dir=\"ltr\" data-placeholder=\"Vertaling\"><span class=\"Y2IQFc\" lang=\"nl\" style=\"font-family: georgia, palatino, serif; font-size: 10pt;\">Op dezelfde dag, dat was 11 september, voerde generaal-majoor Mejerfeldt opnieuw een actie uit tegen 5.000 Saksen en 2.000 Polen, die luitenant-generaal Brandt van de Saksen aanvoerde bij de Warta-rivier, een halve mijl van de stad Posen, toen Mejerfeldt&#8217;s kapitein <\/span><span style=\"font-size: 10pt;\">Ewert Gyllenstolpe geblesseerd raakte aan de <\/span><span style=\"font-family: georgia, palatino, serif; font-size: 10pt;\">arm; de avond ervoor ontsnapte een korporaal van het regiment van Mejerfeld, die de vijand ongetwijfeld meedeelde dat de onze voornamelijk aan het foerageren waren, beval samen met de luitenant-generaal van N\u00e5rra Sk\u00e5ninga Nils Gyllenstierna, die onmiddellijk terugkeerde met al zijn fourageerders, zodat hij zich aldus bij de actie voegde , zodat de vijand volledig werd afgeslagen en weggejaagd.<\/span><\/p>\n<p id=\"tw-target-text\" class=\"tw-data-text tw-text-large tw-ta\" dir=\"ltr\" data-placeholder=\"Vertaling\"><span class=\"Y2IQFc\" lang=\"nl\" style=\"font-family: georgia, palatino, serif; font-size: 10pt;\">Op 4 oktober belegerde generaal Brandt van de Saksen de stad Posen, toen ze op dezelfde dag begonnen met kanonnades op ons in de stad, en de hele macht van de vijand weerstond tijdens dit beleg met generaal Brandt, die het bevel voerde over de Saksen en generaal Patk\u00fcl, die generaal Brandt versterkte met Russen, zodat hun hele strijdmacht uit 12.000 man bestond, prees generaal Mardefeldt de onze daar, maar kolonel Gabriel Lillieh\u00f6k was commandant.<\/span><\/p>\n<p id=\"tw-target-text\" class=\"tw-data-text tw-text-large tw-ta\" dir=\"ltr\" data-placeholder=\"Vertaling\"><span class=\"Y2IQFc\" lang=\"nl\" style=\"font-family: georgia, palatino, serif; font-size: 10pt;\">Op 22 oktober werd ritmeester Anders Hall van het N\u00e5rra Sk\u00e5nske cavalerie-regiment uitgestuurd door generaal Marderfeldt vanuit de stad Posen met 2 ruiters op voorwaardelijke vrijlating naar het kamp van de vijand op hun eigen verzoek om een \u200b\u200bofficier van henzelf naar ritmeesterTrepka van het Kroonleger te sturen, en dat gebeurde, want hij was daar gevangene, en kwam vrij. De volgende nacht, die tussen de 22e en de 23e was, marcheerde de vijand vanuit de stad Posen, toen het hele beleg aldus werd opgeheven, omdat ze hadden vernomen dat Zijne Maj.t met zijn hele leger vanuit Warschau marcheerde, toen, terwijl hij de vijand blokkeerde in dezelfde stad eerder 4.000 kanonschoten af \u200b\u200bmet geweervuur; van onze bleef belegerd met 50 doden en gewonden, en ons hele garnizoen bestond uit 77 infanteristen voor de 3e cavalerieregimenten, waarover generaal-majoor Mejerfeldt het bevel voerde.<\/span><\/p>\n<\/td>\n<\/tr>\n<\/tbody>\n<\/table>\n<p style=\"text-align: justify;\"><span style=\"color: #000000; font-size: 10pt; font-family: georgia, palatino, serif;\"><span style=\"color: #0000ff;\"><a style=\"color: #0000ff;\" href=\"https:\/\/archive.org\/details\/historiska-handlingar-del-24-1912\/page\/78\/mode\/2up?q=Mejerfeldt\">Pag. 78<\/a><\/span> (20-11-1705)<\/span><\/p>\n<table style=\"border-collapse: collapse; width: 100%;\">\n<tbody>\n<tr>\n<td style=\"width: 50%;\"><span style=\"font-size: 10pt; font-family: georgia, palatino, serif;\">Den 20 November attaquerade generalmajor Henski med 5,000 ryske dragoner capten Colmer af Mejerfelds regem. uti staden Pollotsk, hvilcken hade ett partie af 80 man dragoner af des regemente, bem\u00e4lte capten sielf tillika med lieutnant Wilhelm Gideon Lindeiner, Johan Trens samt cornet Fredric Borrn f\u00e5ngne hoos ryssa, dhe af v\u00e5re gemene blefvo alle slagne och f\u00e5ngne.<\/span><\/td>\n<td style=\"width: 50%;\">\n<p id=\"tw-target-text\" class=\"tw-data-text tw-text-large tw-ta\" dir=\"ltr\" data-placeholder=\"Vertaling\"><span class=\"Y2IQFc\" lang=\"nl\" style=\"font-family: georgia, palatino, serif; font-size: 10pt;\">Op 20 november viel generaal-majoor Henski met 5.000 Russische dragonders kapitein Colmer van Mejerfeld&#8217;s regiment aan. In de stad Pollotsk, die een groep van 80 dragonders van zijn regiment had, nam de kapitein zelf, samen met luitenant Wilhelm Gideon Lindeiner, Johan Trens en kornet Fredric Borrn, de Russen gevangen, en al onze gemenen werden verslagen en gevangengenomen.<\/span><\/p>\n<\/td>\n<\/tr>\n<\/tbody>\n<\/table>\n<p style=\"text-align: justify;\"><span style=\"color: #000000; font-size: 10pt; font-family: georgia, palatino, serif;\"><span style=\"color: #0000ff;\"><a style=\"color: #0000ff;\" href=\"https:\/\/archive.org\/details\/historiska-handlingar-del-24-1912\/page\/78\/mode\/2up?q=Mejerfeldt\">Pag 79-80<\/a><\/span> (15-01-1706)<\/span><\/p>\n<table style=\"border-collapse: collapse; width: 100%; height: 504px;\">\n<tbody>\n<tr style=\"height: 336px;\">\n<td style=\"width: 50%; height: 336px;\"><span style=\"font-size: 10pt; font-family: georgia, palatino, serif;\">Den 15 Januari d\u00e5 Hans Maij:t med v\u00e5r arm\u00e9e kom anmarcherandes under staden Grodno, marcherade vi \u00f6fver Niemen str\u00f6m, kom generalmajor Renn med en hoop esquadroner ryssar emot oss anmarcherandes vid difil\u00e9en, d\u00e5 granadier sampt lif- battaillon af Gardet g\u00e5fvo en salva p\u00e5 dem, och i samma salva blef lieutnant Alexd. Rubzoff af en rysk musquetkuhla igenom h\u00f6gre kn\u00e4et illa skuten, och i detsamma kom Mejerfelds dragon- regemente och tr\u00e4ffade n\u00e5got ongef\u00e4hr med en esquadron p\u00e5 samma ryssar, derp\u00e5 drogo ryssarne sig tillbakars in i staden igen, och lembnade 50 man p\u00e5 platsen effter sig, d\u00e5 vi m\u00e5ste med hela v\u00e5r arm\u00e9e ligga under bara himmelen den dagen och och hela natten derp\u00e5.<\/span><\/td>\n<td style=\"width: 50%; height: 336px;\"><span class=\"Y2IQFc\" lang=\"nl\" style=\"font-family: georgia, palatino, serif; font-size: 10pt;\">Op 15 januari, toen Zijne Maj.t met ons leger naar de stad Grodno marcheerde, marcheerden wij over de Niemen rivier, kwam\u00a0 generaal-majoor Renn met een stel Russische squadrons tegen ons marcheren bij het difil\u00e9e, toen grenadiers en een reddingsbataljon van de garde een salvo op hen afvuurde en in hetzelfde salvo luitenant Alexd. Rubzoff door een Russisch musket boven in de rechter knie zwaar werd geschoten, en tegelijkertijd kwam het dragonderregiment van Mejerfeld en had een nauwe ontmoeting met een squadron van dezelfde Russen, waarop de Russen zich weer terugtrokken in de stad en 50 man achterlieten, zodat wij die dag en de hele nacht daarna met ons hele leger onder de lucht moesten liggen.<br \/>\n<\/span><\/td>\n<\/tr>\n<tr style=\"height: 246px;\">\n<td style=\"width: 50%; height: 168px;\"><span style=\"font-size: 10pt; font-family: georgia, palatino, serif;\">Den 18 Januari blef capitenen Carl Fredric Zulich af Mejerfelds regemente dragoner f\u00e5ngen af ryssa ohngef\u00e4r en mihl fr\u00e5n Grodno, hvilcken var utom f\u00f6rvackten riden att recognossera, som det blef ett allarn vid des regemente, dock blef bem\u00e4lte capitain 24 timmar dereffter ransonerad.<\/span><\/td>\n<td style=\"width: 50%; height: 168px;\">\n<p style=\"text-align: justify;\"><span style=\"color: #000000; font-size: 10pt; font-family: georgia, palatino, serif;\">Russen en Zweden raken in gevecht bij Grodno, waarbij M.s dragonders actieve rol spelen. Op 18 januari wordt kapitein Carl Fredric Zulich door de Russen gevangen genomen nadat hij alleen op verkenning was uitgegaan, maar na 24 uur &#8220;ransonerad&#8221;.<\/span><\/p>\n<\/td>\n<\/tr>\n<\/tbody>\n<\/table>\n<p style=\"text-align: justify;\"><span style=\"color: #000000; font-size: 10pt; font-family: georgia, palatino, serif;\"><span style=\"color: #0000ff;\"><a style=\"color: #0000ff;\" href=\"https:\/\/archive.org\/details\/historiska-handlingar-del-24-1912\/page\/80\/mode\/2up?q=Mejerfeldt\">Pag. 81<\/a><\/span> (31-01-1706)<\/span><\/p>\n<table style=\"border-collapse: collapse; width: 100%;\">\n<tbody>\n<tr>\n<td style=\"width: 50%;\"><span style=\"font-size: 10pt; font-family: georgia, palatino, serif;\">Den 31 Januari gick generalmajor Mejerfeldt p\u00e5 partie fr\u00e5n byen Suchonitz med 3,000 h\u00e4star tillbakars till Grodno, d\u00e5 han slog ryssa och fick till f\u00e5nga 2 captener och 52 gemene.<\/span><\/td>\n<td style=\"width: 50%;\"><span style=\"color: #000000; text-align: justify; font-size: 10pt; font-family: georgia, palatino, serif;\">M. gaat van het gehucht Suchonitz met 3000 ruiters terug naar Grodno, waar hij de Russen versloeg en 2 kapiteins en 52 soldaten gevangen maakte.<\/span><\/td>\n<\/tr>\n<\/tbody>\n<\/table>\n<p style=\"text-align: justify;\"><span style=\"color: #000000; font-size: 10pt; font-family: georgia, palatino, serif;\"><span style=\"color: #0000ff;\"><a style=\"color: #0000ff;\" href=\"https:\/\/archive.org\/details\/historiska-handlingar-del-24-1912\/page\/82\/mode\/2up?q=Mejerfeldt\">Pag. 82<\/a><\/span> (11-02-1706)<\/span><\/p>\n<table style=\"border-collapse: collapse; width: 100%;\">\n<tbody>\n<tr>\n<td style=\"width: 50%;\"><span style=\"font-size: 10pt; font-family: georgia, palatino, serif;\">Samma dag, som var d. 11 Februari, gick generalmajor Mejerfeldtt p\u00e5 partie fr\u00e5n byen Suckowitz med 1,000 h\u00e4star, hvilcken hade \u00e5tskilliga rencontres ock med ryssa och kom den 14 d:o tillbakars igen, d\u00e5 han hade med sig tillf\u00e5nga af ryssarne 2 capitener och 52 gemene.<\/span><\/td>\n<td style=\"width: 50%;\"><span style=\"color: #000000; text-align: justify; font-size: 10pt; font-family: georgia, palatino, serif;\">Zelfde verhaal als hierboven, nu met 1000 ruiters.<\/span><\/td>\n<\/tr>\n<\/tbody>\n<\/table>\n<p style=\"text-align: justify;\"><span style=\"color: #000000; font-size: 10pt; font-family: georgia, palatino, serif;\"><span style=\"color: #0000ff;\"><a style=\"color: #0000ff;\" href=\"https:\/\/archive.org\/details\/historiska-handlingar-del-24-1912\/page\/84\/mode\/2up?q=Mejerfeldt\">Pag. 84-85<\/a><\/span> (29-04\/02-05-1706)<\/span><\/p>\n<table style=\"border-collapse: collapse; width: 100%;\">\n<tbody>\n<tr>\n<td style=\"width: 50%;\"><span style=\"font-size: 10pt; font-family: georgia, palatino, serif;\">Den 29 Arprill ber\u00e4nde v\u00e5re f\u00e4stningen Sabiers under generalmajor Mejerfeldts commendo med 3 regementer dragoner, nembl. Mejerfelds, Taubs, Stenbocks och Horns Pommerska infanterie regemente.<\/span><\/td>\n<td style=\"width: 50%;\"><span style=\"color: #000000; text-align: justify; font-size: 10pt; font-family: georgia, palatino, serif;\">M. neemt de vesting Zabiers met de dragonderregimenten van hemzelf, Taube en Stenbock en het Pommerse infanterieregiment van Horn. Karel XII laat alles vernietigen.<\/span><\/td>\n<\/tr>\n<\/tbody>\n<\/table>\n<p style=\"text-align: justify;\"><span style=\"color: #000000; font-size: 10pt; font-family: georgia, palatino, serif;\"><span style=\"color: #0000ff;\"><a style=\"color: #0000ff;\" href=\"https:\/\/archive.org\/details\/historiska-handlingar-del-24-1912\/page\/86\/mode\/2up?q=Mejerfeldt\">Pag. 87<\/a><\/span> (31-07-1706)<\/span><\/p>\n<table style=\"border-collapse: collapse; width: 100%;\">\n<tbody>\n<tr>\n<td style=\"width: 50%;\"><span style=\"color: #000000; text-align: justify; font-size: 10pt; font-family: georgia, palatino, serif;\">Den 31 Juli blef capten Dolck af Mejerfelts regem. i staden Zelitz af 3,000 p\u00e5llacker och 500 saxare \u00f6fverfallen, derest be- melte capten var p\u00e5 executionspartie med 60 h\u00e4star, capten sielf f\u00e5ngen, lieutnant Passelberger illa blesserad och f\u00e5ngen sampt 15 gemene ock f\u00e5ngne, p\u00e5 platsen blefvo slagne lieutnant Re- husen och 40 gemene, och 5 gemene tillbakars till regementet, cornet Depschi\u00e4tz fingo v\u00e5re sedan igen p\u00e5 platsen illa bles- serad<\/span><\/td>\n<td style=\"width: 50%;\"><span style=\"color: #000000; text-align: justify; font-size: 10pt; font-family: georgia, palatino, serif;\">Van de 60 ruiters wordt iedereen gevangen, gewond en de meesten gedood.<\/span><\/td>\n<\/tr>\n<\/tbody>\n<\/table>\n<p style=\"text-align: justify;\"><span style=\"color: #000000; font-size: 10pt; font-family: georgia, palatino, serif;\"><span style=\"color: #0000ff;\"><a style=\"color: #0000ff;\" href=\"https:\/\/archive.org\/details\/historiska-handlingar-del-24-1912\/page\/90\/mode\/2up?q=Mejerfeldt\">Pag. 91<\/a><\/span> (11-01-1707)<\/span><\/p>\n<table style=\"border-collapse: collapse; width: 100%;\">\n<tbody>\n<tr>\n<td style=\"width: 50%;\"><span style=\"font-size: 10pt; font-family: georgia, palatino, serif;\">Den 11 Januari blef capiten af Mejerfeldts dragonregemente gref Ewert Gyllenstolpe commenderad fr\u00e5n Saxen till Breslo p\u00e5 v\u00e4rfning.<\/span><\/td>\n<td style=\"width: 50%;\"><span style=\"color: #000000; text-align: justify; font-size: 10pt; font-family: georgia, palatino, serif;\">Meijerfeldt&#8217;s kapitein graaf Ewert Gyllenstolpe wordt van Saksen naar Breslo gezonden om te gaan aanwerven.<\/span><\/td>\n<\/tr>\n<\/tbody>\n<\/table>\n<p style=\"text-align: justify;\"><span style=\"color: #000000; font-size: 10pt; font-family: georgia, palatino, serif;\"><span style=\"color: #0000ff;\"><a style=\"color: #0000ff;\" href=\"https:\/\/archive.org\/details\/historiska-handlingar-del-24-1912\/page\/92\/mode\/2up?q=Mejerfeldt\">Pag. 92<\/a><\/span> (28-03-1707)<\/span><\/p>\n<table style=\"border-collapse: collapse; width: 100%;\">\n<tbody>\n<tr>\n<td style=\"width: 50%;\"><span style=\"font-size: 10pt; font-family: georgia, palatino, serif;\">Den 28 Martii blef general Johan Reinhold von Pattkull uhr K\u00f6nigstein i Saxen till v\u00e5re uthlefvererat till major Jacob Hindric Rothausen, hvilcken var dertill commenderad af general- major Mejerfelt effter Hans Maij:ts ordres med 14 officerare af samma regemente nembl.:n Mejerfelts, hvilceka bem\u00e4lte Pattkull convojerade och honom i arrest f\u00f6rde till Mejerfelts regemente.<\/span><\/td>\n<td style=\"width: 50%;\"><span style=\"color: #000000; text-align: justify; font-size: 10pt; font-family: georgia, palatino, serif;\">in opdracht van Mejerfelt volgens orders van de koning om hem met 14 officieren naar zijn regiment te brengen.<\/span><\/td>\n<\/tr>\n<\/tbody>\n<\/table>\n<p style=\"text-align: justify;\"><span style=\"color: #000000; font-size: 10pt; font-family: georgia, palatino, serif;\"><span style=\"color: #0000ff;\"><a style=\"color: #0000ff;\" href=\"https:\/\/archive.org\/details\/historiska-handlingar-del-24-1912\/page\/92\/mode\/2up?q=Mejerfeldt\">Pag. 93<\/a><\/span> (30-05-1707)<\/span><\/p>\n<table style=\"border-collapse: collapse; width: 100%;\">\n<tbody>\n<tr>\n<td style=\"width: 50%;\"><span style=\"font-size: 10pt; font-family: georgia, palatino, serif;\">Den 30 Maj stod generalmajor August Johan Mejerfeldtts br\u00f6llop i Giuntherdorff med jungfru Anna Maria T\u00f6rnflycht, som var gref Pipers sv\u00e4gerska, d\u00e4rest Hans Maij:t och kung Stanislaus sampt fr\u00e4mmande prinssar voro der med.<\/span><\/td>\n<td style=\"width: 50%;\"><span style=\"color: #000000; text-align: justify; font-size: 10pt; font-family: georgia, palatino, serif;\">Zijn koningen en prinsen aanwezig bij generaal-majoor August Johan Mejerfeldt&#8217;s bruiloft met Anna Maria T\u00f6rnflycht, de schoonzus van Piper.<\/span><\/td>\n<\/tr>\n<\/tbody>\n<\/table>\n<p style=\"text-align: justify;\"><span style=\"color: #000000; font-size: 10pt; font-family: georgia, palatino, serif;\"><span style=\"color: #0000ff;\"><a style=\"color: #0000ff;\" href=\"https:\/\/archive.org\/details\/historiska-handlingar-del-24-1912\/page\/94\/mode\/2up?q=Mejerfeldt\">Pag. 94<\/a><\/span> (18-09-1707)<\/span><\/p>\n<table style=\"border-collapse: collapse; width: 100%;\">\n<tbody>\n<tr>\n<td style=\"width: 50%;\"><span style=\"font-size: 10pt; font-family: georgia, palatino, serif;\">Den 18 September f\u00f6ll general Schultz med n\u00e5gre tusende ryskt cavallerie p\u00e5 generalmajor Mejerfelts dragone-regemente vid staden Calisch i tanckar att borttaga general Pattkull, hvilcken satt i arrest vid bem\u00e4lte regemente, d\u00e5 cornet Quitt- zoff och 5 dragoner af samma regemente blefvo slagne.<\/span><br \/>\n<span style=\"font-size: 10pt; font-family: georgia, palatino, serif;\">Den 28 September om afftonen sent blef bem\u00e4lte general Pattkull ifr\u00e5n generalmajor Mejerfelts regemente f\u00f6rd med convoj till \u00f6fverste Hielms dragon-regemente.<\/span><br \/>\n<span style=\"font-size: 10pt; font-family: georgia, palatino, serif;\">Den 30 September blef general Johan Reinhold von Pattkull r\u00e5br\u00e5kad vid staden Casmir, d\u00e5 capten Walldau af Hielms dragon-regemente commenderade exekutionen. Regementspr\u00e4sten M. Lorens Hagen af ofvann\u00e4mde regemente var med till d\u00f6den. 100 man dragoner till h\u00e4st convojerade honom till r\u00e4ttsplatsen, d\u00e4rest bem\u00e4lt plats var en ringborg om af 300 man; en\u00e4r bem\u00e4lte Pattkull till bem\u00e4lte r\u00e4ttplats kom, rief der capten Waldau, der majors dienst that, laut und sagte, allen und jeden sei hier mit kundt und zu wissen getahn, dass es Ihre Maij:ts unssers Allergn\u00e4digsten K\u00f6nig gestr\u00e4nge Bef\u00e4hl sei, dass dieser, der ein Landt-Verr\u00e4ther ist, ihm zu woll verdienter Straffe und andern zum exempell, ger\u00e4dert und geftiertelt werde, ein Jeder h\u00f6te sich vor Uhtreu und diene seinem K\u00f6nig redlig. Derp\u00e5 gick execution f\u00f6r sig.<\/span><\/td>\n<td style=\"width: 50%;\"><span style=\"color: #000000; font-size: 10pt; font-family: georgia, palatino, serif;\">De Russische generaal Schultz werpt zich met enkele duizenden ruiters vergeefs op Meijerfeldt bij Kalisch, omdat hij Patkul gevangen houdt. In de middag van 28 september begeleidt een konvooi Patkul naar het regiment van Hielm. Op 30 september wordt hij bij Kaszimir als landverrader geradbraakt en gevierendeeld.<\/span><\/td>\n<\/tr>\n<\/tbody>\n<\/table>\n<p style=\"text-align: justify;\"><span style=\"color: #000000; font-size: 10pt; font-family: georgia, palatino, serif;\"><span style=\"color: #0000ff;\"><a style=\"color: #0000ff;\" href=\"https:\/\/archive.org\/details\/historiska-handlingar-del-24-1912\/page\/102\/mode\/2up?q=Mejerfeldt\">Pag. 103<\/a><\/span> (20-08-1708)<\/span><\/p>\n<table style=\"border-collapse: collapse; width: 100%;\">\n<tbody>\n<tr>\n<td style=\"width: 50%;\"><span style=\"font-size: 10pt; font-family: georgia, palatino, serif;\">Den 20 Augusti attaquerade ryssarne och kalmuckar general- major Mejerfelts dragone-regemente och massacrerade ungef\u00e4r n\u00e5gra och 30 man af samma regemente.<\/span><\/td>\n<td style=\"width: 50%;\"><span style=\"color: #000000; text-align: justify; font-size: 10pt; font-family: georgia, palatino, serif;\">Overvallen Russen en Kalmukken het regiment van Meijerfeldt, die 30 doden te betreuren heeft.<\/span><\/td>\n<\/tr>\n<\/tbody>\n<\/table>\n<p style=\"text-align: justify;\"><span style=\"color: #000000; font-size: 10pt; font-family: georgia, palatino, serif;\"><span style=\"color: #0000ff;\"><a style=\"color: #0000ff;\" href=\"https:\/\/archive.org\/details\/historiska-handlingar-del-24-1912\/page\/114\/mode\/2up?q=mejerfeldt\">Pag. 115<\/a><\/span> (29-11-1708)<\/span><\/p>\n<p style=\"text-align: justify;\"><span style=\"color: #000000; font-size: 10pt; font-family: georgia, palatino, serif;\">Den 29 November gick generalmajor Meijerfelt med 4 regementer cavalle. ifr\u00e5n Lockovitz att br\u00e4nna upp cossackske \u00f6fversten Apostols gods.<\/span><\/p>\n<p style=\"text-align: justify;\"><span style=\"color: #000000; font-size: 10pt; font-family: georgia, palatino, serif;\"><span style=\"color: #0000ff;\"><a style=\"color: #0000ff;\" href=\"https:\/\/archive.org\/details\/historiska-handlingar-del-24-1912\/page\/132\/mode\/2up?q=mejerfeldt\">Pag. 133<\/a><\/span> (28 en 29-06-1709)<\/span><\/p>\n<p><span style=\"font-size: 10pt; font-family: georgia, palatino, serif;\">Af \u00d6sterbottens in- fanterie-regemente blefvo slagne \u00f6fverstlieutnant Meijerfeldt, lieutnanter slagne Lepps, Tweet, Jerring, Cederhielm.<\/span><\/p>\n<p style=\"text-align: justify;\"><span style=\"color: #000000; font-size: 10pt; font-family: georgia, palatino, serif;\">Den 29 Juni aff\u00e4rdades generalmajor Mejerfeldt fr\u00e5n Hans Maij:t tillbackars till czarn till Pultawa i n\u00e5gra affairer&#8221;<\/span><\/p>\n<p style=\"text-align: justify;\"><span style=\"color: #000000; font-size: 10pt; font-family: georgia, palatino, serif;\"><span style=\"color: #0000ff;\"><a style=\"color: #0000ff;\" href=\"https:\/\/archive.org\/details\/historiska-handlingar-del-24-1912\/page\/138\/mode\/2up?q=mejerfeldt\">Pag. 138<\/a><\/span> (07-08-1709)<\/span><\/p>\n<p style=\"text-align: justify;\"><span style=\"color: #000000; font-size: 10pt; font-family: georgia, palatino, serif;\">&#8220;Samma dag, som var den 7 Augusti, skickade Hans Maij:t generalmajoren Meijerfeldt fr\u00e5n Bender till Sv\u00e4rjet.&#8221;<\/span><\/p>\n<p style=\"text-align: justify;\"><span style=\"color: #000000; font-size: 10pt; font-family: georgia, palatino, serif;\"><span style=\"color: #0000ff;\"><a style=\"color: #0000ff;\" href=\"https:\/\/archive.org\/details\/historiska-handlingar-del-24-1912\/page\/140\/mode\/2up?q=mejerfeldt\">Pag. 140<\/a><\/span> (26-10-1709)<\/span><\/p>\n<table style=\"border-collapse: collapse; width: 100%;\">\n<tbody>\n<tr>\n<td style=\"width: 50%;\"><span style=\"font-size: 10pt; font-family: georgia, palatino, serif;\">Den 26 October anckom generalmajor Mejerfelt fr\u00e5n Bender ifr\u00e5n Hans Maij:t till Stockholm.<\/span><\/td>\n<td style=\"width: 50%;\"><span style=\"color: #000000; text-align: justify; font-size: 10pt; font-family: georgia, palatino, serif;\">Meijerfeldt komt in Stockholm aan.<\/span><\/td>\n<\/tr>\n<\/tbody>\n<\/table>\n","protected":false},"excerpt":{"rendered":"<p>&#8220;Leonards Kaggs Dagbok 1698-1722&#8221;, Historiska Handlingar, deel 24, Stockholm 1912. &#x2663; Meijerfelt, Anna Maria, f. T\u00f6rnflycht 93. Meijerfelt, August Johan, \u00f6fv.-l\u00f6jtnant vid \u00c5bo l\u00e4ns kavallerireg. 27, \u00f6fverste 32, 37, 38, 42, gen.-major, 54, 59, 61, 62, 65, 81, 82, 84, 92, 93, 115, 133, 138, 140. Meijerfelt, Carl Fredrik, \u00f6fv.-l\u00f6jtnant vid \u00d6sterbottens infanterireg. 133 (ft). &hellip; <a href=\"https:\/\/meijenfeldt.nl\/?page_id=33764\" class=\"more-link\">Verder lezen <span class=\"screen-reader-text\">Kagg<\/span><\/a><\/p>\n","protected":false},"author":1,"featured_media":0,"parent":0,"menu_order":0,"comment_status":"closed","ping_status":"closed","template":"","meta":{"footnotes":""},"class_list":["post-33764","page","type-page","status-publish","hentry"],"_links":{"self":[{"href":"https:\/\/meijenfeldt.nl\/index.php?rest_route=\/wp\/v2\/pages\/33764","targetHints":{"allow":["GET"]}}],"collection":[{"href":"https:\/\/meijenfeldt.nl\/index.php?rest_route=\/wp\/v2\/pages"}],"about":[{"href":"https:\/\/meijenfeldt.nl\/index.php?rest_route=\/wp\/v2\/types\/page"}],"author":[{"embeddable":true,"href":"https:\/\/meijenfeldt.nl\/index.php?rest_route=\/wp\/v2\/users\/1"}],"replies":[{"embeddable":true,"href":"https:\/\/meijenfeldt.nl\/index.php?rest_route=%2Fwp%2Fv2%2Fcomments&post=33764"}],"version-history":[{"count":19,"href":"https:\/\/meijenfeldt.nl\/index.php?rest_route=\/wp\/v2\/pages\/33764\/revisions"}],"predecessor-version":[{"id":57916,"href":"https:\/\/meijenfeldt.nl\/index.php?rest_route=\/wp\/v2\/pages\/33764\/revisions\/57916"}],"wp:attachment":[{"href":"https:\/\/meijenfeldt.nl\/index.php?rest_route=%2Fwp%2Fv2%2Fmedia&parent=33764"}],"curies":[{"name":"wp","href":"https:\/\/api.w.org\/{rel}","templated":true}]}}