{"id":31107,"date":"2020-07-15T10:36:31","date_gmt":"2020-07-15T10:36:31","guid":{"rendered":"http:\/\/meijenfeldt.nl\/?page_id=31107"},"modified":"2026-03-01T10:30:35","modified_gmt":"2026-03-01T10:30:35","slug":"genealogie-von-meyerfeld","status":"publish","type":"page","link":"https:\/\/meijenfeldt.nl\/?page_id=31107","title":{"rendered":"4.1.7. Genealogie"},"content":{"rendered":"<p><strong><span style=\"font-family: georgia, palatino, serif; font-size: 24pt;\">von Meijerfeld<\/span><\/strong><\/p>\n<p style=\"text-align: justify;\"><span style=\"color: #000000;\">HH. <strong>Wilhelm Ludwig<\/strong>, \u2248 Breitenbach am Herzberg 05-08-1723, doopvader baron Wilhelm Ludwig von D\u00f6rnberg, \u20201804, militair, zoon van Georg <span style=\"color: #0000ff;\"><a style=\"color: #0000ff;\" href=\"https:\/\/meijenfeldt.nl\/?page_id=5385\">Meijer<\/a><\/span> en Helena Sophia Berisch, \u221e1 Altenha\u03b2lau 23-12-1754 <em>Charlotta Augusta Renata von Drach<\/em>, * 1728,\u00a0\u2261 Altenha\u03b2lau 01-01-1763, dochter van Philipp Kilian von Drach (1685-1752),\u00a0\u221e2 Alten\u00adha\u03b2lau 26-06-1766 <em>Maria Philippina Elisabetha Henri\u00ebtta Gremp von Freu\u00addenstein<\/em>, \u2248 Bocken\u00adheim 10-07-1734, dochter van Johann Ernst Ludwig Gremp von Freudenstein (1699-1742) en Anna Elisabeth von Leeser (1699-1737), vier kinderen uit eerste en twee uit tweede huwelijk [HH.1 t\/m HH.6].\u00a0<\/span><\/p>\n<p style=\"padding-left: 40px; text-align: justify;\"><span style=\"color: #000000; font-family: georgia, palatino, serif; font-size: 10pt;\"><em>Levensloop:<\/em><br \/>\n1744 Cadet in dienst landgraaf Hessen-Kassel<br \/>\n1746 Met 6000 man naar Schotland voor Jacobijnenopstand<br \/>\n1747 Veldtochten en veldslagen in de Zuidelijke Nederlanden<br \/>\n06-1751 Vaandrig infanterie regiment Prinz von Isenburg<br \/>\n1754 Garnizoen Hanau, expeditie Gelnhausen<br \/>\n28-02-1756 Ontslag op verzoek<br \/>\n15-03-1757 Rijksadelstand met uitbreiding van wapenschild en naam<\/span><\/p>\n<p style=\"text-align: justify;\"><span style=\"color: #000000;\">HH.1. <strong>Ernst Wilhelm<\/strong>, * Altenha\u03b2lau 14-08-1756, \u2020 Altenha\u03b2lau 16-01-1760.<\/span><\/p>\n<p style=\"text-align: justify;\"><span style=\"color: #000000;\">HH.2. <strong>N.N. <\/strong>zoon, * 1757\/8, \u2020 1762?<\/span><\/p>\n<p style=\"text-align: justify;\"><span style=\"color: #000000;\">HH.3. <strong>Wilhelm August Friedrich Ludwig Carl Ernst<\/strong>, * Alten\u00adha\u03b2lau 24-10-1759, \u2020 Marburg an der Lahn 01-01-1834\/8,\u00a0 konf. 20-05-1774, \u221e Schwar\u00ad\u00adzenfels, Sinntal 01-04\/08-1797 <em>Amalie Elisabeth (Malchen) Knobel<\/em>, * Schwarzenfels 04-09\/11-1777, \u2248 Mottgers, \u2020 Kassel 02-09-1846\/05-02-1857, dochter <\/span><span style=\"color: #000000;\">blauwverffabrikant <\/span><span style=\"color: #000000;\">Frans Helfrich Knobel (1741-1810) <\/span><span style=\"color: #000000;\">en Maria Barbara Claus (-1807), twaalf kinderen [HH.31 t\/m HH.3<sup>12<\/sup>].<\/span><\/p>\n<table style=\"border-collapse: collapse; width: 100%;\">\n<tbody>\n<tr>\n<td style=\"width: 50%;\"><img loading=\"lazy\" decoding=\"async\" class=\"wp-image-2214 aligncenter\" src=\"https:\/\/meijenfeldt.nl\/wp-content\/uploads\/2017\/01\/image005-1.jpg\" alt=\"\" width=\"213\" height=\"315\" \/><\/td>\n<td style=\"width: 50%;\"><img loading=\"lazy\" decoding=\"async\" class=\"wp-image-2215 aligncenter\" src=\"https:\/\/meijenfeldt.nl\/wp-content\/uploads\/2017\/01\/image006.jpg\" alt=\"\" width=\"232\" height=\"317\" \/><\/td>\n<\/tr>\n<\/tbody>\n<\/table>\n<p style=\"text-align: justify; padding-left: 40px;\"><span style=\"color: #000000; font-family: georgia, palatino, serif; font-size: 10pt;\"><em>Levensloop:<\/em><br \/>\n09-1780 t\/m 1783 Rechtenstudie Universiteit van Gie\u03b2en.<\/span><br \/>\n<span style=\"color: #000000; font-family: georgia, palatino, serif; font-size: 10pt;\">07-07-1784 Assessor zonder stem bij Kurhessische regering en gerechtshof Hanau.<\/span><br \/>\n<span style=\"color: #000000; font-family: georgia, palatino, serif; font-size: 10pt;\">30-05-1788 Assessor met stem en salaris in beide organen.<\/span><br \/>\n<span style=\"color: #000000; font-family: georgia, palatino, serif; font-size: 10pt;\">18-04-1791 Raadslid Gerechtshof Hanau.<\/span><br \/>\n<span style=\"color: #000000; font-family: georgia, palatino, serif; font-size: 10pt;\">1792 Derde functie: Raadslid evangelische consistorie Hanau.<\/span><br \/>\n<span style=\"color: #000000; font-family: georgia, palatino, serif; font-size: 10pt;\">12-05-1798 Raadslid regering Hanau.<br \/>\n<em>1799 Advocatus principis<\/em>.<\/span><br \/>\n<span style=\"color: #000000; font-family: georgia, palatino, serif; font-size: 10pt;\">1800 Raadslid <em>Oberappellation<\/em>\u00a0Hanau en <em>Oberamtmann<\/em> in Vilbel.<\/span><br \/>\n<span style=\"color: #000000; font-family: georgia, palatino, serif; font-size: 10pt;\">1802 Vertegenwoordiger Landgraaf in buitengewone Rijksdeputatie te Regensburg inzake de schadeloosstellingen voor de Duitse vorsten. Tevens gezant voor de particuliere belangen van de Landgraaf.<\/span><br \/>\n<span style=\"color: #000000; font-family: georgia, palatino, serif; font-size: 10pt;\">01-01-1805\u00a0<em>Oberappellationsgerichtsrath<\/em> in Kassel.\u00a0<\/span><br \/>\n<span style=\"color: #000000; font-family: georgia, palatino, serif; font-size: 10pt;\">15-01-1808 Co-President Hoogste Gerechtshof in Kassel.<\/span><br \/>\n<span style=\"color: #000000; font-family: georgia, palatino, serif; font-size: 10pt;\">04-03-1814 President regering vorstendom Schaumburg in Rinteln.<\/span><br \/>\n<span style=\"color: #000000; font-family: georgia, palatino, serif; font-size: 10pt;\">1816 Geheimraad groothertogdom Fulda.<\/span><br \/>\n<span style=\"color: #000000; font-family: georgia, palatino, serif; font-size: 10pt;\">1816 Commandeur Eerste Klasse in Hessische Huisorde van de Gouden Leeuw.<\/span><br \/>\n<span style=\"color: #000000; font-family: georgia, palatino, serif; font-size: 10pt;\">1817 President en directeur leenhof Fulda.<\/span><br \/>\n<span style=\"color: #000000; font-family: georgia, palatino, serif; font-size: 10pt;\">1823 Hessisch Afgevaardigde in Duitse Bondsdag te Frankfurt. <\/span><span style=\"color: #000000; font-family: georgia, palatino, serif; font-size: 10pt;\">Buitengewoon gezant en gevolmachtigd minister bij koning van W\u00fcrttemberg te Stuttgart, groothertog van Hessen-Darmstadt en vrije rijksstad Frankfurt a\/M.\u00a0<\/span><br \/>\n<span style=\"color: #000000; font-family: georgia, palatino, serif; font-size: 10pt;\">01-01-1828 Grootkruis in de Hessische Huisorde.<\/span><br \/>\n<span style=\"color: #000000; font-family: georgia, palatino, serif; font-size: 10pt;\">28-03-1831 Bedank ministerschap, ontheffing van taken.<\/span><br \/>\n<span style=\"color: #000000; font-family: georgia, palatino, serif; font-size: 10pt;\">02-1834 Presi\u00addent Gerechtshof te Marburg.<\/span><\/p>\n<p style=\"padding-left: 40px; text-align: justify;\"><em><span style=\"font-family: georgia, palatino, serif; font-size: 10pt; color: #000000;\">Bibliografie:<\/span><\/em><br \/>\n<span style=\"font-family: georgia, palatino, serif; font-size: 10pt; color: #000000;\">\u2014 <strong>&#8220;<\/strong>Nach der von den beiden vermittelnden hohen M\u00e4chten einer \u2026&#8221;, Regensburg 25-09-1802.<strong><br \/>\n<\/strong><em>\u2014 &#8220;<\/em>Abhandlung der Lehen- und Er\u00adbfol\u00adge nach den Art. 3, 4, 5 und 6 des K\u00f6nigl. Decrets vom 28. M\u00e4rz 1809, die Allidification der Lehen im K\u00f6nigreich West\u00adphalen betreffend&#8221;, Kassel 1810.<\/span><br \/>\n<span style=\"font-family: georgia, palatino, serif; font-size: 10pt; color: #000000;\"><strong>\u2014 &#8220;<\/strong>Enige Bemerkungen zu dem von Herrn Wehrs herausgegebener Un\u00adterricht f\u00fcr Lehen\u00adbesitzer in West\u00adfa\u00adlen&#8221;, Marburg 1810, 32 blz.<\/span><br \/>\n<span style=\"font-family: georgia, palatino, serif; font-size: 10pt; color: #000000;\"><strong>\u2014 <\/strong>&#8220;<span style=\"color: #0000ff;\"><a style=\"color: #0000ff;\" href=\"http:\/\/fuldig.hs-fulda.de\/viewer\/image\/PPN322672872\/5\/#topDocAnchor\">Lebensgeschichte<\/a><\/span> des Kurf. Hessischen Geheimraths Wilhelm August von Meyer\u00adfeld (\u2026)\u00a0von ihm selbst geschrie\u00adben bis zum 15. Nov. 1832&#8243;, Hanau 1834.<\/span><\/p>\n<p style=\"text-align: justify;\"><span style=\"color: #000000;\">HH.31.<strong> Maria Helfrida Wilhelmina Franziska<\/strong>, * Hanau 12-05-1798, \u2020 13-03-1866.<\/span><\/p>\n<p><img loading=\"lazy\" decoding=\"async\" class=\" wp-image-64638 aligncenter\" style=\"text-align: center;\" src=\"https:\/\/meijenfeldt.nl\/wp-content\/uploads\/2024\/05\/1798-Maria-Helfrida-Wilh-Fra.jpg\" alt=\"\" width=\"260\" height=\"348\" \/><\/p>\n<p style=\"text-align: justify;\"><span style=\"color: #000000;\">HH.32. <strong>Johanna Carolina Friederika<\/strong>, * Hanau 29-04\/09-1799, \u2020 Kassel 12\/13-04-1866, \u221e Fulda 01-02-1818 <em>Ernst von Blu\u00admenstein<\/em>, * Rotenburg 11-02-1796, \u2020Lichtenthal 25-08-1875, kamerheer en hoofdboswachter, natuurlijke zoon van landgraaf Karl Emanuel von Hessen-Rheinfels-Rotenburg (1746-1812) of diens zoon Victor-Am\u00e9d\u00e9e (1779-1834) en Lucie Juliane Struve (1769-).<\/span><\/p>\n<table style=\"border-collapse: collapse; width: 100%;\">\n<tbody>\n<tr>\n<td style=\"width: 50%;\"><img loading=\"lazy\" decoding=\"async\" class=\"aligncenter\" style=\"text-align: center;\" src=\"https:\/\/meijenfeldt.nl\/wp-content\/uploads\/2024\/05\/1799-Johanna-Car-Fried-v-Blumenstein-233x300.jpg\" width=\"240\" height=\"309\" \/><\/td>\n<td style=\"width: 50%;\"><img loading=\"lazy\" decoding=\"async\" class=\"wp-image-64821 aligncenter\" src=\"https:\/\/meijenfeldt.nl\/wp-content\/uploads\/2024\/06\/1796-Blumenstein.jpg\" alt=\"\" width=\"217\" height=\"307\" \/><\/td>\n<\/tr>\n<\/tbody>\n<\/table>\n<p style=\"text-align: justify;\"><span style=\"color: #000000;\">HH.33.<strong> Friederika Louisa Theresia<\/strong>, * Hanau 03\/13-06-1801, \u2020 Marburg 13-04-1866\/06-12-1884, \u221e 1819 <em>Carl Friedrich von Len\u00adgerke<\/em>, * New York NY 12-06-1781, \u2020 Marburg 22-03\/06-12-1863, Hessisch kolonel, zoon van Georg Emanuel von Lengerke (1729-1798) en Elisabeth Beatty (1760-1812), tien kinderen.<\/span><\/p>\n<p><img loading=\"lazy\" decoding=\"async\" class=\"aligncenter\" style=\"text-align: center;\" src=\"https:\/\/meijenfeldt.nl\/wp-content\/uploads\/2024\/05\/1801-Friederika-Louisa-Theresia-v-Lengerke.jpg\" width=\"249\" height=\"332\" \/><\/p>\n<p style=\"text-align: justify;\"><span style=\"color: #000000;\">HH.34.<strong> Amalie Juliane<\/strong>, * Hanau 30-03-1803, \u2020 Bocken\u00adheim 28-01-1871, \u221e 1825 <em>Archil\u00adles d\u2019Orville<\/em>, * Offenbach 05-04-1794, \u2020 Bockenheim 1870, militair en bestuurder, zoon van Philipp Jacob d\u2019Orville en Anna Maria Hohannot.<\/span><\/p>\n<table style=\"border-collapse: collapse; width: 100%;\">\n<tbody>\n<tr>\n<td style=\"width: 50%;\"><img loading=\"lazy\" decoding=\"async\" class=\"aligncenter\" style=\"text-align: center;\" src=\"https:\/\/meijenfeldt.nl\/wp-content\/uploads\/2024\/05\/1803-Amalie-Juliane-dOrville.jpg\" width=\"236\" height=\"313\" \/><\/td>\n<td style=\"width: 50%;\"><img loading=\"lazy\" decoding=\"async\" class=\" wp-image-64825 aligncenter\" src=\"https:\/\/meijenfeldt.nl\/wp-content\/uploads\/2024\/06\/1794-dOrville.jpg\" alt=\"\" width=\"239\" height=\"309\" \/><\/td>\n<\/tr>\n<\/tbody>\n<\/table>\n<p style=\"text-align: justify; padding-left: 40px;\"><em><span style=\"color: #000000; font-family: georgia, palatino, serif; font-size: 10pt;\">Levensloop\u00a0<\/span><\/em><span style=\"color: #000000; font-family: georgia, palatino, serif; font-size: 13.3333px;\"><em>d&#8217;Orville:<\/em><br \/>\n<\/span><span style=\"color: #000000; font-family: georgia, palatino, serif; font-size: 10pt;\">1816\u00a0 in militaire dienst Hessen.<br \/>\n<\/span><span style=\"color: #000000; font-family: georgia, palatino, serif; font-size: 10pt;\">1836 Commandant Sch\u00fctzenbataillon en kolonel.<\/span><br \/>\n<span style=\"color: #000000; font-family: georgia, palatino, serif; font-size: 10pt;\"> 1848-1849 Minister van Oorlog. <\/span><br \/>\n<span style=\"color: #000000; font-family: georgia, palatino, serif; font-size: 10pt;\">1850 Officierenopstand tegen Grondwetsherziening, 1851 veroordeeld tot vijf jaar gevangenschap, 1852 vrij.<\/span><\/p>\n<p style=\"text-align: justify;\"><span style=\"color: #000000;\">HH.35.<strong> Sophia Friederika<\/strong>, * Hanau 29-09\/24-11-1804, \u2020 om\u00adstreeks 1870.<\/span><\/p>\n<p style=\"text-align: justify;\"><span style=\"color: #000000;\">HH.36.<strong> Friedrich August (Fritz)<\/strong>, * Kassel 25-08\/29-10-1806, \u2020 Treysa 13-04-1859, houtvester Melsungen, \u221e Ascha\u00adf\u00adfen\u00adburg 30-11-1833 <em>Philippina Scheurer<\/em>, * Aschaffenburg 25-05-1806, \u2020 Marburg 09-01-1868, dochter van Jakob Anton Schreurer en Katharina Gerlach, drie kinderen:<\/span><\/p>\n<p style=\"text-align: center;\"><img loading=\"lazy\" decoding=\"async\" class=\"\" src=\"https:\/\/meijenfeldt.nl\/wp-content\/uploads\/2024\/05\/1806-Friederich-August.jpg\" width=\"248\" height=\"332\" \/><\/p>\n<p style=\"text-align: justify;\"><span style=\"color: #000000;\">HH.361.<strong> Wilhelm August<\/strong>, * Hanau 18-12-1834, \u2020 Jalapa, Mexi\u00adco 03-11-1866, trein\u00admachi\u00adnist in Mexico.<\/span><\/p>\n<p style=\"text-align: justify;\"><span style=\"color: #000000;\">HH.362.<strong> Marie<\/strong>, * Aschaffenburg 11-08-1836, \u2020 Kassel 01-12-1933,\u00a0\u221e Markbreit 09-09-1869\u00a0<em>Jean Baptiste Keppel<\/em>, * Eltville, Rhein 21-08-1835, \u2020 Lindau, Breisgau 28-10-1886, zoon van Anton Keppel en Therese Bechaud.<\/span><\/p>\n<p style=\"text-align: justify; padding-left: 40px;\"><span style=\"font-family: georgia, palatino, serif; font-size: 12pt; color: #000000;\">Stift Kaufungen gegen Marie von Meyerfeld zu Kassel wegen Forderung an Stiftssteuern<\/span><\/p>\n<p><img loading=\"lazy\" decoding=\"async\" class=\"wp-image-64828 aligncenter\" src=\"https:\/\/meijenfeldt.nl\/wp-content\/uploads\/2024\/06\/1836-Marie-Keppel.jpg\" alt=\"\" width=\"243\" height=\"326\" \/><\/p>\n<p style=\"text-align: justify;\"><span style=\"color: #000000;\">HH.363.<strong> Dorothea Johanna<\/strong>, * Schl\u00fcchtern 09-01-1841, \u2020 1908 testament..<\/span><\/p>\n<p><span style=\"color: #000000;\">HH.37. zoon, dood geboren.<\/span><\/p>\n<p style=\"text-align: justify;\"><span style=\"color: #000000;\">HH.38.<strong> Ferdinand Alexander Ludwig<\/strong>, * Kassel 11-11-1808, \u2020 Kassel 28\/29-10-1882, militair en bestuurder, \u221e1 Kassel 15-08-1840 <em>Wilhelmine Bertha Elise There\u00adse Emma R\u00fcppel von Helm\u00adschwerdt<\/em>, * Kassel 10-10-1817, \u2020 Kassel 22-12-1842, dochter van Wilhelm Burghard R\u00fcppel von Helm\u00adschwerdt (1791\u20131860)\u00a0en Wilhelmine Caroline Friederike R\u00fcppel,\u00a0\u221e2 Falken\u00adberg,\u00a0Wabern 14-06-1870 <em>Klothil\u00adde von Blumenstein<\/em>, * Rotenburg 06-09-1829, \u2020 Karlsruhe 01-12-1906, dochter van HH.32, zoon uit het eerste huwe\u00adlijk.<\/span><\/p>\n<p style=\"padding-left: 40px; text-align: justify;\"><span style=\"font-family: georgia, palatino, serif; font-size: 10pt; color: #000000;\"><em>Levensloop:<\/em><br \/>\n1820 Kadet in Hessische dienst.<br \/>\n1825 Vaandrig.<br \/>\n1835 Officier.<br \/>\n1847 Lid generale staf, 1854 interim chef, 1856 chef.<br \/>\n<\/span><span style=\"font-family: georgia, palatino, serif; font-size: 10pt; color: #000000;\">1858 Kolonel.<\/span><br class=\"wikitext-br\" \/><span style=\"font-family: georgia, palatino, serif; font-size: 10pt; color: #000000;\">1863\u00a0<\/span><span style=\"color: #000000; font-family: georgia, palatino, serif; font-size: 13.3333px;\">Adjudant-Generaal van de Keurvorst.<br \/>\n<\/span><span style=\"font-family: georgia, palatino, serif; font-size: 10pt; color: #000000;\">1864\u00a0<\/span><span style=\"color: #000000; font-family: georgia, palatino, serif; font-size: 13.3333px;\">Generaal-majoor.<\/span><br class=\"wikitext-br\" \/><span style=\"font-family: georgia, palatino, serif; font-size: 10pt; color: #000000;\">16-05-1866 Minister van Oorlog.<br \/>\n<\/span><span style=\"font-family: georgia, palatino, serif; font-size: 10pt; color: #000000;\">30-10-1866 Commandant 14<sup>de<\/sup> Pruisisch infanterieregiment Magdeburg.<\/span><span style=\"font-family: georgia, palatino, serif; font-size: 10pt; color: #000000;\"><br \/>\n<\/span><span style=\"font-family: georgia, palatino, serif; font-size: 10pt; color: #000000;\">11-07-1870 Pensioen als l<\/span><span style=\"color: #000000; font-family: georgia, palatino, serif; font-size: 13.3333px;\">uitenant-generaal in Pruisische dienst.<\/span><br \/>\n<span style=\"font-family: georgia, palatino, serif; font-size: 10pt; color: #000000;\">Commandant van de stad Frankfurt in Frans-Duitse Oorlog.<\/span><\/p>\n<p style=\"text-align: justify; padding-left: 40px;\"><span style=\"color: #000000; font-family: georgia, palatino, serif; font-size: 10pt;\"><em>Bibliografie:<\/em><\/span><br \/>\n<span style=\"color: #000000; font-family: georgia, palatino, serif; font-size: 10pt;\"><em>\u2014 &#8220;<\/em>Die Ereignisse bei der Reserve-Division der deutschen Reichstruppen in Schleswig-Holstein im Kriege gegen D\u00e4nemark 1849&#8243;. Nach den Feldacten der Division und den eigenen Wahrnehmungen dargestellt von F. v. Meyerfeld, Hauptmann im Kurf\u00fcrstl. Hessischen Generalstabe. Als Manuscript authographirt. Kassel 1850, Folio.<\/span><\/p>\n<table style=\"border-collapse: collapse; width: 100%;\">\n<tbody>\n<tr>\n<td style=\"width: 50%; text-align: center; vertical-align: top;\"><img loading=\"lazy\" decoding=\"async\" class=\"aligncenter\" style=\"text-align: center;\" src=\"https:\/\/meijenfeldt.nl\/wp-content\/uploads\/2024\/05\/1808-Ferdinand-Alex-Ludwig-204x300.jpg\" width=\"258\" height=\"379\" \/><span style=\"color: #000000;\"><span style=\"font-family: georgia, palatino, serif; font-size: 10pt;\">Vader <\/span><em><span style=\"font-family: georgia, palatino, serif; font-size: 10pt;\">Ferdinand<\/span><\/em><\/span><\/td>\n<td style=\"width: 50%; text-align: center; vertical-align: top;\"><img loading=\"lazy\" decoding=\"async\" class=\"wp-image-64814 aligncenter\" src=\"https:\/\/meijenfeldt.nl\/wp-content\/uploads\/2024\/06\/1842-Wilhelm-August-Burghard.jpg\" alt=\"\" width=\"284\" height=\"382\" \/><span style=\"font-family: georgia, palatino, serif; font-size: 10pt; color: #000000;\">Zoon <\/span><em><span style=\"font-family: georgia, palatino, serif; font-size: 10pt; color: #000000;\">Wilhelm<\/span><\/em><\/td>\n<\/tr>\n<\/tbody>\n<\/table>\n<p style=\"text-align: justify;\"><span style=\"color: #000000;\">HH.381. <strong>Wilhelm August Burghard<\/strong>, * Kassel 23-05-1842, \u2020 Trier 27-02-1875, Pruisisch ritmeester,\u00a0\u221e Kassel 06-10-1869 <em>Emma Charlotte Friederike M\u00fc\/\u00f6ller<\/em>, * Kassel 18-11-1850, \u2020 M\u00fcnchen-Pasing 07-05-1922, twee doch\u00adters:<\/span><\/p>\n<p style=\"text-align: center;\"><img loading=\"lazy\" decoding=\"async\" class=\"alignnone wp-image-64818\" src=\"https:\/\/meijenfeldt.nl\/wp-content\/uploads\/2024\/06\/1870-Agnes-Maria.jpg\" alt=\"\" width=\"275\" height=\"378\" \/><\/p>\n<p style=\"text-align: justify;\"><span style=\"color: #000000;\">HH.3811.<strong> Agnes Sophie Wilhelmine<\/strong>, * Keulen 27-06-1870, \u2020 L\u00fcnen\u00adburg 20-05-1928, \u221e Kassel 24-09-1898 [zie zus] <em>Ernst von Jaec\u00adkel<\/em>, * Gross-Wudike 05-09-1858, \u2020 Kassel 06-06-1937, majoor, zoon van Carl Wilhelm von Jaeckel en Amalie Dorothea Meijer.<\/span><\/p>\n<p style=\"text-align: justify;\"><span style=\"color: #000000;\">HH.3812.<strong> Maria Philippine Ferdinande<\/strong>, * Keulen 01-11-1872, \u2020 Frankfurt am Oder 31-10-1921, \u221e Kassel 24-09-1898 [zie zus] <em>Maximili\u00adan von Knoch<\/em>, * Gera-Stadt 1869, \u2020 Halle an der Saale 28-01-1928, vier kinderen.<\/span><\/p>\n<p style=\"text-align: justify;\"><span style=\"color: #000000;\">HH.39.<strong> Wilhelm Christian Ludwig<\/strong>, * Kassel 16-12-1809, \u2020 Fulda 03-07-1885, griffier Ge\u00adrechts\u00adhof Fulda, \u221e <em>Maria There\u00adsia Wachenfeld<\/em>, * Schmalkalden 26-05-1821, \u2020 Fulda 19-05-1874, dochter van Wilhelm Ludwig Theodor Wachenfeld en Maria Elisabeth Henriette Treiber, vier kinderen [HH.391 t\/m HH.394].<\/span><\/p>\n<p style=\"text-align: justify; padding-left: 40px;\"><span style=\"color: #000000; font-family: georgia, palatino, serif; font-size: 12pt;\">Amtsaktuar zu Volkmarsen, Landgerichtsaktuar zu Schmalkalden und zu Oberaula, Aktuar zu Fulda<\/span><\/p>\n<table style=\"border-collapse: collapse; width: 100%;\">\n<tbody>\n<tr>\n<td style=\"width: 50%; text-align: center;\"><img loading=\"lazy\" decoding=\"async\" class=\" wp-image-64644 aligncenter\" style=\"text-align: center;\" src=\"https:\/\/meijenfeldt.nl\/wp-content\/uploads\/2024\/05\/1809-Wilhelm-Christian-Ludwig-214x300.jpg\" alt=\"\" width=\"249\" height=\"349\" srcset=\"https:\/\/meijenfeldt.nl\/wp-content\/uploads\/2024\/05\/1809-Wilhelm-Christian-Ludwig-214x300.jpg 214w, https:\/\/meijenfeldt.nl\/wp-content\/uploads\/2024\/05\/1809-Wilhelm-Christian-Ludwig.jpg 336w\" sizes=\"auto, (max-width: 249px) 100vw, 249px\" \/><span style=\"color: #000000;\"><span style=\"font-family: georgia, palatino, serif; font-size: 10pt;\">Vader <\/span><em><span style=\"font-family: georgia, palatino, serif; font-size: 10pt;\">Wilhelm Christian Ludwig<\/span><\/em><\/span><\/td>\n<td style=\"width: 50%; text-align: center;\"><img loading=\"lazy\" decoding=\"async\" class=\"wp-image-64815 aligncenter\" style=\"text-align: center;\" src=\"https:\/\/meijenfeldt.nl\/wp-content\/uploads\/2024\/06\/1844-Wilhelm-Ludwig-Eduard-1.jpg\" alt=\"\" width=\"261\" height=\"348\" \/><span style=\"color: #000000;\"><span style=\"font-family: georgia, palatino, serif; font-size: 10pt;\">Zoon <\/span><em><span style=\"font-family: georgia, palatino, serif; font-size: 10pt;\">Wilhelm Ludwig Eduard<\/span><\/em><\/span><\/td>\n<\/tr>\n<\/tbody>\n<\/table>\n<p style=\"text-align: justify;\"><span style=\"color: #000000;\">HH.391.<strong> Wilhelm Ludwig Eduard<\/strong>, * Schmalkal\u00adden 05-10-1844, \u2020 Wiesbaden 04-01-1898, apotheker Wiesbaden, \u221e Bad Soden, Tau\u00adnus 23-04-1896 <em>Bertha Wilhelmine Dietz<\/em>, * 30-07-1863, \u2020 1918, dochter van Friedrich Wilhelm Dietz (1833-1897) en Emma Suppus (1841-1922\/8), een doch\u00adter [HH.3911].<\/span><\/p>\n<p style=\"text-align: justify;\"><span style=\"color: #000000;\">HH.3911. <strong>Emma<\/strong>, * Wiesbaden 05-08-1897, \u2020 Frank\u00adfurt am Main 29-10-1918.<\/span><\/p>\n<p style=\"text-align: justify;\"><span style=\"color: #000000;\">HH.3912.<strong> Hermann Wilhelm \/ Walfgrud <\/strong>(geen zoon, maar broer van Bertha Dietz), * Danzig 08-09-1904, civiel manager, \u221e <em>Frances T. Dietz, * <\/em>Annapolis 03-08-1913, dochter van Herbert Edwards Dietz (1890-), een dochter [HH.39121].<\/span><\/p>\n<p style=\"padding-left: 40px;\"><span style=\"color: #000000; font-family: georgia, palatino, serif; font-size: 10pt;\"><em>Levensloop:<\/em><br \/>\n# 20 N 11th Str, Reading PA, 515 Penn. St, Reading, Kalamazoo, Montgomery (Maryland).<br \/>\n08-12-1941 vrijwillig in militaire dienst VS<br \/>\n# Fort Adams, Newport, Rhode Island 25-09-1942.<\/span><\/p>\n<p style=\"text-align: justify;\"><span style=\"color: #000000;\">HH.39121.<strong> Helen Theshald, <\/strong>#<strong>\u00a0<\/strong>Reading, Berks PA 26-03-1938.<\/span><\/p>\n<p style=\"text-align: justify;\"><span style=\"color: #000000;\">HH.392.<strong> Louise Natalie Wilhelmine Auguste<\/strong>, * Schmalkal\u00adden 26-03-1846, \u2020 Wiesbaden 04-08-1904.<\/span><\/p>\n<p style=\"text-align: justify;\"><span style=\"color: #000000;\">HH.393.<strong> Dorette Auguste Alwine<\/strong>, * Oberaula 07-03-1850, \u2020 Oberursel, Taunus 11-11-1909.<\/span><\/p>\n<p style=\"text-align: justify;\"><span style=\"color: #000000;\">HH.394.<strong> Maria Ulrike Emma Clothilde<\/strong>, * Oberaula 10-08-1853.<\/span><\/p>\n<p style=\"text-align: justify;\"><span style=\"color: #000000;\">HH.3<sup>10<\/sup>. <strong>Carl August<\/strong>, * Kassel 11-09-1811, \u2020 Rinteln 22-03-1815, verdronken in Weser.<\/span><\/p>\n<p><span style=\"color: #000000;\">HH.3<sup>11<\/sup>. <strong>Adolf,<\/strong> * Kassel 20-10-1813, \u2020 Kassel 1813.<\/span><\/p>\n<p style=\"text-align: justify;\"><span style=\"color: #000000;\">HH.3<sup>12<\/sup>.<strong> Dorothea Henri\u00ebtte Christiane Wilhelmine (Dorette)<\/strong>, * Rinteln 11-01\/08-04-1816, \u2020 Kassel 29-12-1890\/1.<\/span><\/p>\n<p style=\"text-align: center;\"><img loading=\"lazy\" decoding=\"async\" class=\"wp-image-64645 aligncenter\" src=\"https:\/\/meijenfeldt.nl\/wp-content\/uploads\/2024\/05\/1816-Dorothea-Hen-Chr-Wilh-237x300.jpg\" alt=\"\" width=\"244\" height=\"308\" srcset=\"https:\/\/meijenfeldt.nl\/wp-content\/uploads\/2024\/05\/1816-Dorothea-Hen-Chr-Wilh-237x300.jpg 237w, https:\/\/meijenfeldt.nl\/wp-content\/uploads\/2024\/05\/1816-Dorothea-Hen-Chr-Wilh.jpg 348w\" sizes=\"auto, (max-width: 244px) 100vw, 244px\" \/><\/p>\n<p style=\"text-align: justify;\"><span style=\"color: #000000;\">HH.4.<strong> Friedrich (August)<\/strong>, * Altenha\u03b2lau 18-02-1762, \u2020 Marburg 12-11-1830, militair in dienst Hessen-Kassel, \u221e Mottgers 05-01\/02-1804 <em>Johanna\u00a0 Catharina Henri\u00ad\u00ebtte\u00a0<\/em><\/span><em style=\"color: #000000;\">(Hanschen) <\/em><em style=\"color: #000000;\">Knobel<\/em><span style=\"color: #000000;\">, * Schwarzenfels 02\/22-07-1779, \u2020 1842, dochter van Frans Helfrich Knobel (1741-1810) en Maria Barbara Claus (-1807), jongere zuster van vrouw H.2, vijf kinderen [HH.41 t\/m HH.45].<\/span><\/p>\n<p style=\"text-align: justify; padding-left: 40px;\"><span style=\"font-family: georgia, palatino, serif; font-size: 10pt; color: #000000;\"><em>Levensloop:<\/em><br \/>\n1779 Onderofficier 2<sup>de<\/sup> bataljon gardegrenadiersregiment Hanau.<\/span><br \/>\n<span style=\"font-family: georgia, palatino, serif; font-size: 10pt; color: #000000;\">06-01-1781 Kornet vrijkorps Hessen-Nassau, in Engelse dienst naar Halifax, Noord-Amerika.<\/span><br \/>\n<span style=\"font-family: georgia, palatino, serif; font-size: 10pt; color: #000000;\">1797 Kapitein zonder compagnie in artillerieregiment.<\/span><br \/>\n<span style=\"font-family: georgia, palatino, serif; font-size: 10pt; color: #000000;\">1802 Compagniechef garnizoen Kassel.<\/span><br \/>\n<span style=\"font-family: georgia, palatino, serif; font-size: 10pt; color: #000000;\">1805 Kapitein artillerie.<\/span><br \/>\n<span style=\"font-family: georgia, palatino, serif; font-size: 10pt; color: #000000;\">1809 Commandant garde Prefect departement Fulda.<\/span><br \/>\n<span style=\"font-family: georgia, palatino, serif; font-size: 10pt; color: #000000;\">Opdracht Keurvorst rekrutering troepen in provincie Hanau.<\/span><br \/>\n<span style=\"font-family: georgia, palatino, serif; font-size: 10pt; color: #000000;\">1816 Majoor en commandant in Marburg.<br \/>\n28-07-1829 Kolonel in Marburg.<br \/>\n<\/span><\/p>\n<p style=\"text-align: justify;\"><span style=\"color: #000000;\">HH.41. <strong>Maria<\/strong>, * 1804, \u2020 24-09-1809.<\/span><\/p>\n<p style=\"text-align: justify;\"><span style=\"color: #000000;\">HH.42.<strong> Franz Wilhelm Ludwig<\/strong>, * Ziegenhain 13-12-1805, \u2020 Marburg 18-08-1837 (verdronken in de Lahn), jurist, ongehuwd.<\/span><\/p>\n<p style=\"padding-left: 40px; text-align: justify;\"><span style=\"font-family: georgia, palatino, serif; font-size: 10pt;\"><span style=\"color: #000000;\"><em>Levensloop:<\/em><br \/>\n03-05-1826 Promotie Rechtsgeleerheid.<\/span><\/span><span style=\"color: #000000; font-family: georgia, palatino, serif; font-size: 10pt;\"><br \/>\n<\/span><span style=\"font-family: georgia, palatino, serif; font-size: 10pt;\"><span style=\"color: #000000;\">07-1628 H<\/span><span style=\"color: #000000;\">oogleraar Privaatrecht, Universi\u00adteit Marburg,<br \/>\nProcu\u00adreur Ge\u00adrechtshof te Marburg.<br \/>\n<\/span><\/span><span style=\"font-family: georgia, palatino, serif; font-size: 10pt; color: #000000;\">05-05-1830 Afwijzing verzoek tot buitengewoon hoogleraarschap door ministerie.<\/span><\/p>\n<p style=\"padding-left: 40px; text-align: justify;\"><em><span style=\"font-family: georgia, palatino, serif; font-size: 10pt; color: #000000;\">Bibliografie:<\/span><\/em><br \/>\n<span style=\"font-family: georgia, palatino, serif; font-size: 10pt;\"><span style=\"color: #000000;\"><span style=\"font-family: georgia, palatino, serif; font-size: 10pt; color: #000000;\">\u2014 &#8220;De quibusdam quae de dote actione reddenda siat, scili\u00adcet, quae\u00admissa generali definitione dotis, de rebus aestima\u00adtis in dotim datis; de promis\u00adsa dato; item: de nomine in dotem dato; de usufruc\u00adtu in dotem dato&#8221;, <span style=\"color: #0000ff;\"><a style=\"color: #0000ff;\" href=\"https:\/\/www.delpher.nl\/nl\/boeken1\/gview?query=meyerfeldt&amp;coll=boeken1&amp;identifier=efhQAAAAcAAJ\">Dissertatie<\/a> <\/span>Universiteit Marburg 1826.<br \/>\n\u2014\u00a0 Lezingen over Romeins recht, Hessisch privaatrecht, civiel procesrecht en -praktijk.<br \/>\n\u2014\u00a0 <\/span>&#8220;\u00dcber die Verantwortlichkeit des Ehemannes in Bezug auf eine ihm versprochene dos, oder in dotem gegebene Forderung&#8221;, Rheinisches Museum f\u00fcr Jurisprudenz, Band 7, 1835,<\/span> <a href=\"http:\/\/dlib-zs.mpier.mpg.de\/mj\/kleioc\/0010\/exec\/bigpage\/%222085075_07%2b1835_0096%22\"><span style=\"color: #0000ff;\">pag. 90-135<\/span><\/a>.<\/span><br \/>\n<span style=\"font-family: georgia, palatino, serif; font-size: 10pt;\"><span style=\"color: #000000;\"><span style=\"font-family: georgia, palatino, serif; font-size: 10pt; color: #000000;\">\u2014 <\/span>&#8220;Die Lehre von den Schen\u00adkun\u00adgen, nach r\u00f6mischen Recht&#8221;, <span style=\"color: #0000ff;\"><a style=\"color: #0000ff;\" href=\"https:\/\/www.digitale-sammlungen.de\/en\/view\/bsb10566927?q=%28von+meyerfeld%29&amp;page=4,5\">deel 1<\/a><\/span> en <span style=\"color: #0000ff;\"><a style=\"color: #0000ff;\" href=\"http:\/\/reader.digitale-sammlungen.de\/de\/fs1\/object\/display\/bsb10566928_00005.html\">deel 2<\/a>, <\/span>Mar\u00adburg <\/span><\/span><span style=\"color: #0000ff;\"><span style=\"color: #000000;\">1835<\/span><\/span><span style=\"color: #000000; font-family: georgia, palatino, serif; font-size: 10pt;\">.<\/span><\/p>\n<p style=\"text-align: justify;\"><span style=\"color: #000000;\">HH.43. <strong>Amalie Sophie<\/strong>, * Schwarzenfels 18-06-1807, \u2020 23-08-1842, schilderes.<\/span><\/p>\n<p style=\"text-align: justify;\"><span style=\"color: #000000;\">HH.44.<strong> Marie Sophie Franziska Elisabeth<\/strong>, * Kassel 30-06-1809, \u2020 Kassel 08-07-1854.<\/span><\/p>\n<p style=\"text-align: justify;\"><span style=\"color: #000000;\">HH.45.<strong> Johann Christian Theodor<\/strong>, * Kassel 20-10-1815, \u2020 Marburg 08-03-1873, militair, \u221e1 Hanau 13-05-1849 <em>Theodo\u00adra Haller von Raitenbruch<\/em>, * Kassel 29-03-1826, \u2020 Hanau 07-08-1850, \u221e2 Kassel 14-12-1854 <em>Auguste Hupfeld<\/em>, * Spangenberg 26-04-1832, \u2020 Andernach 17-09-1893, elk huwelijk een dochter [HH.451 en HH.452].<\/span><\/p>\n<table style=\"border-collapse: collapse; width: 100%; height: 411px;\">\n<tbody>\n<tr style=\"height: 411px;\">\n<td style=\"width: 50%; text-align: center; height: 411px;\"><img loading=\"lazy\" decoding=\"async\" class=\"wp-image-64811 aligncenter\" src=\"https:\/\/meijenfeldt.nl\/wp-content\/uploads\/2024\/06\/1815-Joh-Chr-Theodor-174x300.jpg\" alt=\"\" width=\"230\" height=\"396\" \/><\/td>\n<td style=\"width: 50%; height: 411px; text-align: center;\"><img loading=\"lazy\" decoding=\"async\" class=\"wp-image-2241 aligncenter\" src=\"https:\/\/meijenfeldt.nl\/wp-content\/uploads\/2017\/01\/image009-206x300.jpg\" alt=\"\" width=\"274\" height=\"399\" srcset=\"https:\/\/meijenfeldt.nl\/wp-content\/uploads\/2017\/01\/image009-206x300.jpg 206w, https:\/\/meijenfeldt.nl\/wp-content\/uploads\/2017\/01\/image009.jpg 268w\" sizes=\"auto, (max-width: 274px) 100vw, 274px\" \/><em><span style=\"color: #000000; font-family: georgia, palatino, serif; font-size: 10pt;\">Auguste Hupfeld<\/span><\/em><\/td>\n<\/tr>\n<\/tbody>\n<\/table>\n<p style=\"padding-left: 40px;\"><span style=\"color: #000000; font-family: georgia, palatino, serif; font-size: 10pt;\"><em>Levensloop:<br \/>\n<\/em>1864-1865 Attach\u00e9 bij Hessisch gezantschap Bondsdag in Frankfurt.<\/span><br \/>\n<span style=\"color: #000000; font-family: georgia, palatino, serif; font-size: 10pt;\">Majoor in Hessische dienst.<br \/>\nKolonel in Prui\u00adsische dienst.<br \/>\nKommandeur 3<sup>de<\/sup> Landgendarmerie Brigade in Berlin.<\/span><\/p>\n<p style=\"text-align: justify;\"><span style=\"color: #000000;\">HH.451. <strong>Anna Franziska Sophie Theodora<\/strong>, * Hanau 30-07-1850, \u2020 Witzenhausen 18-10-1940.<\/span><\/p>\n<p style=\"text-align: center;\"><img loading=\"lazy\" decoding=\"async\" class=\"alignnone wp-image-64817\" src=\"https:\/\/meijenfeldt.nl\/wp-content\/uploads\/2024\/06\/1850-Anna-F-S-T.jpg\" alt=\"\" width=\"271\" height=\"383\" \/><\/p>\n<p style=\"text-align: justify;\"><span style=\"color: #000000;\">HH.452.<strong> Clothilde Louise Amalie<\/strong>, * Kassel 01-11-1855, \u2020 Merx\u00adhausen, 11-09-1926,\u00a0\u221e Fulda 26-07-1879 <em>Johann Heinrich Wilhelm Schrader<\/em>, * Kassel 18-12-1839, \u2020 Hamburg 16-04-1911\/15, rechter, zoon van Georg Friedrich Wilhelm Ludwig Schrader (1802-1845) en Therese Franziska Rosalie Kopp (1815-1839), 4 kinderen, wonen Kassel, Hohenzollernstrasse 76.<\/span><\/p>\n<p style=\"text-align: justify;\"><span style=\"color: #000000;\">HH.5. <strong>Anton Wilhelm Christian<\/strong>, * Altenha\u03b2lau 31-07-1768.<\/span><\/p>\n<p style=\"text-align: justify;\"><span style=\"color: #000000;\">HH.6. <strong>Johann Wolffgang Jacob August<\/strong>, \u2248 Gelnhausen Stadt 18-08-1774, zie <span style=\"color: #0000ff;\"><a style=\"color: #0000ff;\" href=\"https:\/\/meijenfeldt.nl\/?page_id=50470\">genealogie von Meijenfeldt<\/a><\/span>.<\/span><\/p>\n<p style=\"text-align: center;\"><span style=\"font-size: 10pt; color: #000000;\"><span style=\"color: #0000ff;\"><a id=\"voetnoot\"><\/a><a style=\"color: #0000ff;\" href=\"https:\/\/meijenfeldt.nl\/?page_id=5385\">Terug<\/a>\u00a0<\/span> \u00a0***\u00a0 \u00a0<span style=\"color: #0000ff;\"><a style=\"color: #0000ff;\" href=\"https:\/\/meijenfeldt.nl\/?page_id=50470\">Verder<\/a><\/span><\/span><\/p>\n","protected":false},"excerpt":{"rendered":"<p>von Meijerfeld HH. Wilhelm Ludwig, \u2248 Breitenbach am Herzberg 05-08-1723, doopvader baron Wilhelm Ludwig von D\u00f6rnberg, \u20201804, militair, zoon van Georg Meijer en Helena Sophia Berisch, \u221e1 Altenha\u03b2lau 23-12-1754 Charlotta Augusta Renata von Drach, * 1728,\u00a0\u2261 Altenha\u03b2lau 01-01-1763, dochter van Philipp Kilian von Drach (1685-1752),\u00a0\u221e2 Alten\u00adha\u03b2lau 26-06-1766 Maria Philippina Elisabetha Henri\u00ebtta Gremp von Freu\u00addenstein, \u2248 &hellip; <a href=\"https:\/\/meijenfeldt.nl\/?page_id=31107\" class=\"more-link\">Verder lezen <span class=\"screen-reader-text\">4.1.7. Genealogie<\/span><\/a><\/p>\n","protected":false},"author":1,"featured_media":0,"parent":0,"menu_order":0,"comment_status":"closed","ping_status":"closed","template":"","meta":{"footnotes":""},"class_list":["post-31107","page","type-page","status-publish","hentry"],"_links":{"self":[{"href":"https:\/\/meijenfeldt.nl\/index.php?rest_route=\/wp\/v2\/pages\/31107","targetHints":{"allow":["GET"]}}],"collection":[{"href":"https:\/\/meijenfeldt.nl\/index.php?rest_route=\/wp\/v2\/pages"}],"about":[{"href":"https:\/\/meijenfeldt.nl\/index.php?rest_route=\/wp\/v2\/types\/page"}],"author":[{"embeddable":true,"href":"https:\/\/meijenfeldt.nl\/index.php?rest_route=\/wp\/v2\/users\/1"}],"replies":[{"embeddable":true,"href":"https:\/\/meijenfeldt.nl\/index.php?rest_route=%2Fwp%2Fv2%2Fcomments&post=31107"}],"version-history":[{"count":67,"href":"https:\/\/meijenfeldt.nl\/index.php?rest_route=\/wp\/v2\/pages\/31107\/revisions"}],"predecessor-version":[{"id":78742,"href":"https:\/\/meijenfeldt.nl\/index.php?rest_route=\/wp\/v2\/pages\/31107\/revisions\/78742"}],"wp:attachment":[{"href":"https:\/\/meijenfeldt.nl\/index.php?rest_route=%2Fwp%2Fv2%2Fmedia&parent=31107"}],"curies":[{"name":"wp","href":"https:\/\/api.w.org\/{rel}","templated":true}]}}