{"id":21439,"date":"2019-11-30T13:56:25","date_gmt":"2019-11-30T13:56:25","guid":{"rendered":"http:\/\/meijenfeldt.nl\/?page_id=21439"},"modified":"2026-03-04T11:43:36","modified_gmt":"2026-03-04T11:43:36","slug":"de-verdediging-van-posen-ii","status":"publish","type":"page","link":"https:\/\/meijenfeldt.nl\/?page_id=21439","title":{"rendered":"1.4.5. Slag om Posen"},"content":{"rendered":"<p style=\"text-align: center;\"><img loading=\"lazy\" decoding=\"async\" class=\"wp-image-21466 aligncenter\" src=\"https:\/\/meijenfeldt.nl\/wp-content\/uploads\/2019\/11\/D62DC9C4-295B-438F-B5D0-5CD616D13608-300x130.jpeg\" alt=\"\" width=\"595\" height=\"258\" srcset=\"https:\/\/meijenfeldt.nl\/wp-content\/uploads\/2019\/11\/D62DC9C4-295B-438F-B5D0-5CD616D13608-300x130.jpeg 300w, https:\/\/meijenfeldt.nl\/wp-content\/uploads\/2019\/11\/D62DC9C4-295B-438F-B5D0-5CD616D13608-768x333.jpeg 768w, https:\/\/meijenfeldt.nl\/wp-content\/uploads\/2019\/11\/D62DC9C4-295B-438F-B5D0-5CD616D13608-1024x444.jpeg 1024w\" sizes=\"auto, (max-width: 595px) 100vw, 595px\" \/><em><span style=\"font-size: 10pt;\">Posen<\/span><\/em><\/p>\n<p style=\"text-align: justify;\"><span style=\"color: #000000;\">Op 8 augustus 1704 opent Schulenburg met een meerderheid van 1000 man o<\/span><span style=\"color: #000000;\">p drie verschillende punten de aanval op de Zweden. <\/span><span style=\"color: #000000;\">De Zweedse rechterflank krijgt meteen een aanvalsgolf te verduren. Johann August von Meijerfeldt voert daar het commando over twee squadrons cavalerie van Horn en vier compagnie\u00ebn \u00a0(van Vittinghof, Kerstdorf, Krudner en hemzelf) uit zijn eigen regiment. Hij weerstaat de aanval en vuurt zijn twee veldkanonnen onophoudelijk af. Met het zwaard in de hand breekt hij de aanval en jaagt de vijand terug, hoewel zij dubbel in aantal is.<\/span><\/p>\n<p style=\"text-align: justify;\"><span style=\"color: #000000;\">Zo weerstaat hij de\u00a0aanval <i>met sulken dapperheit, dat veele Saxen sneuvelden, en derselver Cavallerye eyndelyk over hoop raakte.<\/i> <span style=\"color: #0000ff;\"><a style=\"color: #0000ff;\" href=\"#voetnoot\">(1)<\/a><\/span><\/span><span style=\"color: #000000;\"> Dat laatste komt vooral doordat Johann August Taube met 16 kleine squadrons opdracht voor de achtervolging \u00a0geeft. Na bijna twee uur zijn de Saksen terug bij het bos. Van hen worden 100 gedood en 50 gevangen genomen.<\/span><\/p>\n<p style=\"text-align: justify;\"><span style=\"color: #000000;\">De linkervleugel wordt met 2000 Saksen aangevallen. Door\u00a0de enorme rook- en stofwolken raakt zij contact met de infanterie kwijt en staat plotseling tegenover een bajonettenmuur van twee bataljons Saksische infanterie. Hadden de vleugels van elkaar geweten waar zij waren dan had de linkerflank zich ongetwijfeld niet teruggetrokken onder de bescherming van de kanonnen in Posen.\u00a0<\/span><span style=\"color: #000000;\">De nog ziek op zijn bed liggende Mardefelt weet in zijn gedetailleerde verslag maar weinig over gang van zaken in de slag te melden, behalve de suggestie dat Johann August gevraagd zou hebben de stadspoorten voor hem te openen.<span style=\"color: #0000ff;\"><a style=\"color: #0000ff;\" href=\"#voetnoot\"> (2)<\/a><\/span><\/span><\/p>\n<table style=\"border-collapse: collapse; width: 100%;\">\n<tbody>\n<tr>\n<td style=\"width: 50%; vertical-align: top;\"><img loading=\"lazy\" decoding=\"async\" class=\"alignnone size-medium wp-image-62211\" src=\"https:\/\/meijenfeldt.nl\/wp-content\/uploads\/2024\/02\/Posen-kanon-300x85.jpg\" alt=\"\" width=\"300\" height=\"85\" srcset=\"https:\/\/meijenfeldt.nl\/wp-content\/uploads\/2024\/02\/Posen-kanon-300x85.jpg 300w, https:\/\/meijenfeldt.nl\/wp-content\/uploads\/2024\/02\/Posen-kanon-1024x291.jpg 1024w, https:\/\/meijenfeldt.nl\/wp-content\/uploads\/2024\/02\/Posen-kanon-768x219.jpg 768w, https:\/\/meijenfeldt.nl\/wp-content\/uploads\/2024\/02\/Posen-kanon.jpg 1156w\" sizes=\"auto, (max-width: 300px) 100vw, 300px\" \/><br \/>\n<span style=\"font-family: georgia, palatino, serif; font-size: 10pt;\"><span style=\"color: #000000;\"><em>2 van 10 rijkversierde 3-ponds kanonnen<br \/>\n<\/em><em><span style=\"font-size: 8pt;\">1699 <\/span><\/em><em><span style=\"font-size: 8pt;\">Karel XII schenkt aan Polen; <\/span><\/em><em style=\"color: #333333; font-size: 10.6667px;\"><span style=\"color: #000000;\">0<\/span><\/em><em style=\"color: #333333; font-size: 10.6667px;\"><span style=\"color: #000000;\">7-09-1703 <\/span><\/em><em style=\"font-size: 8pt; color: #333333;\"><span style=\"color: #000000;\">Lillih\u00f6\u00f6k vindt <\/span><\/em><em style=\"font-size: 8pt; color: #333333;\"><span style=\"color: #000000;\">bij bezetting Posen;<\/span><\/em><em style=\"font-size: 8pt; color: #333333;\"><span style=\"color: #000000;\">\u00a0<\/span><\/em><em style=\"font-size: 8pt; color: #333333;\"><span style=\"color: #000000;\">09-08-1704 <\/span><\/em><em style=\"font-size: 8pt; color: #333333;\"><span style=\"color: #000000;\">Mardefelt <\/span><\/em><em style=\"font-size: 8pt; color: #333333;\"><span style=\"color: #000000;\">g<\/span><\/em><em style=\"font-size: 8pt; color: #333333;\"><span style=\"color: #000000;\">ebruikt <\/span><\/em><em style=\"font-size: 8pt; color: #333333;\"><span style=\"color: #000000;\">bij verdediging; <\/span><\/em><em style=\"font-size: 8pt; color: #333333;\"><span style=\"color: #000000;\">daarna stuurt <\/span><\/em><em style=\"font-size: 8pt; color: #333333;\"><span style=\"color: #000000;\">Meijerfeldt terug en schenkt koning Oskar II aan Legermuseum.<\/span><\/em><em style=\"font-size: 8pt; color: #333333;\"><span style=\"color: #000000;\"><br \/>\n<\/span><\/em><\/span><\/span><\/td>\n<td style=\"width: 50%;\"><img loading=\"lazy\" decoding=\"async\" class=\"alignnone size-medium wp-image-62212\" src=\"https:\/\/meijenfeldt.nl\/wp-content\/uploads\/2024\/02\/Posen-geschut-300x253.jpg\" alt=\"\" width=\"300\" height=\"253\" srcset=\"https:\/\/meijenfeldt.nl\/wp-content\/uploads\/2024\/02\/Posen-geschut-300x253.jpg 300w, https:\/\/meijenfeldt.nl\/wp-content\/uploads\/2024\/02\/Posen-geschut-1024x865.jpg 1024w, https:\/\/meijenfeldt.nl\/wp-content\/uploads\/2024\/02\/Posen-geschut-768x649.jpg 768w, https:\/\/meijenfeldt.nl\/wp-content\/uploads\/2024\/02\/Posen-geschut.jpg 1055w\" sizes=\"auto, (max-width: 300px) 100vw, 300px\" \/><\/td>\n<\/tr>\n<tr>\n<td style=\"width: 50%;\" colspan=\"2\"><span style=\"font-family: georgia, palatino, serif; font-size: 10pt;\"><span style=\"color: #000000;\"><em>Tekst op alle kanonnen: \u201cAo 1699 AF K CARL D. XII SKIANKT TILL POLNSKE MINISTERN GALLETSKY MEN MED GUDZ HIELP IGENTAGIT WIDH POSEN Ao 171\u201d<\/em><\/span><em><span style=\"color: #000000;\">. <\/span><\/em><a href=\"#voetnoot\"><span style=\"color: #0000ff;\">(3)<\/span><\/a><\/span><\/td>\n<\/tr>\n<\/tbody>\n<\/table>\n<p style=\"text-align: justify;\"><span style=\"color: #000000;\">Schulenburg trekt naar Von Meijerfeldt\u2019s kamp, treft daar niets van waarde aan en ziet dat zijn soldaten de aanwezige brandewijn gulzig opdrinken. Hij steekt de boel in brand en besluit de aanval af te blazen. Had hij contact gehad met zijn rechtervleugel, dan had ook hij anders gehandeld. Taube komt terug van zijn achtervolging, verenigt zich met de overige troepen rond Posen om samen front maken tegen de Saksen, maar die dringen niet meer aan. <span style=\"color: #0000ff;\"><a style=\"color: #0000ff;\" href=\"#voetnoot\">(4)<\/a><\/span><\/span><\/p>\n<p style=\"text-align: justify;\"><span style=\"color: #000000;\">Schulenburg zelf is na afloop van het gevecht vol lof over de Zweedse cavalerie. <span style=\"color: #0000ff;\"><a style=\"color: #0000ff;\" href=\"#voetnoot\">(5)<\/a> <\/span>Karel XII zegt hierover aan generaal Rehnski\u00f6ld: <span style=\"color: #0000ff;\"><a style=\"color: #0000ff;\" href=\"#voetnoot\">(6<\/a>)<\/span><\/span><\/p>\n<p style=\"text-align: justify; padding-left: 40px;\"><span style=\"color: #000000; font-family: georgia, palatino, serif; font-size: 12pt;\"><i>Der H. General wird wohl wissen, da\u03b2 er eine action mit der Sachsen in Gro\u03b2 Polen gehabt und sie \u00fcberwunden hat, obgleich sie viel st\u00e4rker waren als er. Dabei hat er jedoch leider seine Bagage verloren, was ihn gewi\u03b2 etwas incommodiren wird.<\/i><\/span><\/p>\n<p style=\"text-align: justify;\"><span style=\"color: #000000;\">De Europese kranten krijgen via de berichten uit de stad Dantzig aanvankelijk de Saksische versie dat Johann August in de pan gehakt is en zelfs het leven heeft gelaten:<\/span><\/p>\n<p style=\"text-align: center;\"><img loading=\"lazy\" decoding=\"async\" class=\"aligncenter  wp-image-78791\" src=\"https:\/\/meijenfeldt.nl\/wp-content\/uploads\/2026\/03\/1704-09-02-O-Haarlemse-C-300x122.png\" alt=\"\" width=\"587\" height=\"239\" srcset=\"https:\/\/meijenfeldt.nl\/wp-content\/uploads\/2026\/03\/1704-09-02-O-Haarlemse-C-300x122.png 300w, https:\/\/meijenfeldt.nl\/wp-content\/uploads\/2026\/03\/1704-09-02-O-Haarlemse-C-768x313.png 768w, https:\/\/meijenfeldt.nl\/wp-content\/uploads\/2026\/03\/1704-09-02-O-Haarlemse-C.png 817w\" sizes=\"auto, (max-width: 587px) 100vw, 587px\" \/><em><span style=\"color: #000000; font-family: georgia, palatino, serif; font-size: 10pt;\">Oprechte Haerlemsche Courant 2 september 1704<\/span><\/em><\/p>\n<p style=\"text-align: justify;\"><span style=\"color: #000000;\">De Zweden zien deze slag als een persoonlijk succes voor generaal Von Meijerfeldt; hij vestigt er zijn naam mee in de Zweedse geschiedenisboeken. De overwinning wordt echter door beide partijen opge\u00ebist. <\/span><span style=\"color: #000000;\">Zelfs heden ten dage geven de Zweedse respectievelijk Duitse geschiedenisboeken nog verschillende lezingen over de gang van dit gevecht. <span style=\"color: #0000ff;\"><a style=\"color: #0000ff;\" href=\"#voetnoot\">(7)<\/a><\/span><\/span><\/p>\n<p style=\"text-align: justify;\"><span style=\"color: #000000;\">De feitelijke uitkomst is dat Schulenburg twee maal zoveel doden, gewonden en gevangen te betreuren heeft dan Von Meijerfeldt: 600 tegen 300. Johann August kampt echter met voedselgebrek en heeft een aanval van de Saksische hoofdmacht dan wel een langdurig beleg van Posen te duchten. Geen van twee\u00ebn geschiedt, want beide partijen trekken weg: hij krijgt opdracht om zich met Stanislaus te verenigen en Schulenburg moet kort daarop naar Warschau opbreken.<\/span><\/p>\n<p style=\"text-align: justify;\"><span style=\"color: #000000;\">Johann August laat Taube met 100 man, inclusief gewonden, in Posen achter en trekt oostwaarts naar Gnesen (<i>Gniezno<\/i>). Na \u00e9\u00e9n dag komt hij in Podvisitzka aan, vanwaar Bennet met 100 cavaleristen wordt teruggestuurd om het niet vernietigde deel van zijn bagage te halen. Een paar dagen later breekt hij rond middernacht op en arriveert die avond in Mielzin. De volgende dag arriveert hij weer in Slupsia, waar de Poolse vijand Smigelski vergeefs zijn wachtposten aanvalt. Die nacht marcheren de troepen door een dicht woud, waar zij enige wagens moeten achterlaten en komen uiteindelijk in Klitschow aan, waar zij enkele dagen uitrusten.<\/span><\/p>\n<p style=\"text-align: justify;\"><span style=\"color: #000000;\">Na enige dagen rust trekt Johann August naar Kunitza, waar hij heel laat aankomt en Poolse overste Mirzewski met 1000 man ontmoet om een brief te ontvangen van Stanislaus en Arvid Horn, die hem verdere instructies geven. Op 20 augustus vertrekken de troepen naar Kolo omgeven door water. De volgende dag wordt bijna 40 kilometer in 24 uur doorgereisd naar Lancicia, een lastige pas midden door moerassen. <\/span><\/p>\n<p style=\"text-align: justify;\"><span style=\"color: #000000;\">Op 23 augustus komt Lowicz in zicht. Johann August marcheert door de stad en houdt aan de andere zijde halt, opdat de Primaat van Warschau, de vrouw van Stanis\u00adlaus en diens schoonmoeder zich vanuit de burcht tussen de regimenten van Von Meijerfeldt en Horn kunnen voegen. Zij trekken naar het dorp Tokaring aan de Weichsel, de volgende dag naar Wladislau. Johann August draagt zijn luitenant-kolonel op om met 200 cavaleristen de kardinaal naar Thorn te brengen. Zelf trekt hij op 28 augustus door Nizerwas en Radzunsek, de volgende dag door Thorn en daarna het dorp Mokre. Op 30 augustus worden de regimenten in Thorn ingekwartierd. Het Zweedse garnizoen in Warschau onder graaf Arvid Horn moet zich intussen aan een grote overmacht van August de Sterke overgeven.<\/span><\/p>\n<p style=\"text-align: justify;\"><span style=\"color: #000000;\">Vervolgens richt de Saksische aandacht zich weer op de stad Posen en de regimenten van Von Meijerfeldt. Generaal Brandt en Patkul aan het hoofd van een Moskovische afdeling worden naar de stad gezonden. Patkul had tegen de onteigening van de landgoederen van de Duits-Baltische adel door de Zweedse Kroon geopponeerd en was bij verstek wegens hoogverraad veroordeeld tot verlies van zijn rechterhand en hoofd. Brandt en Patkul moeten een Poolse groep edelen onder de generaal voor Groot-Polen Radomiki bijstaan in een aanval op Posen. Keurvorst August komt intussen van weerszijden van de Weichsel op de drie Zweedse regimenten af.<\/span><\/p>\n<p style=\"text-align: justify;\"><span style=\"color: #000000;\">Johann August reageert bliksemsnel op deze hachelijke ontwikkelingen. Nadat hij zijn zieken en gewonden naar Elbing heeft gestuurd, gaat hij op 6 september om 2 uur op weg met zijn 3 regimenten. Hij vermomt zijn voorhoede met rode mantels als Saksen, mar\u00adcheert zo snel mogelijk in de nachtelijke uren en neemt onderweg zoveel mogelijk loyale Polen mee. In Zeita rust hij de middag en avond uit. In de middag van de volgende dag wordt Wallopitza bereikt, om te overnachten in Labezin. Op 8 september continueert Johann August langs Zuin en Loppino en Powelziska, in bevindt zich tot verrassing van zijn eigen manschappen nog maar 5 kilometer van Posen. Zodoende ontsnapt hij uit de omsingeling en bereikt de te beschermen stad Posen binnen recordtijd.<\/span><\/p>\n<p style=\"text-align: justify;\"><span style=\"color: #000000;\">Pas na het zenden van een vertrouwensofficier gelooft de verbijsterde Mardefelt dat Johann August opnieuw is gearriveerd en laat de poorten voor hem openen. <span style=\"color: #0000ff;\"><a style=\"color: #0000ff;\" href=\"#voetnoot\">(8)<\/a><\/span> Verbaasd ziet de bevolking het legertje dwars door de stad trekken en via een andere poort verdwijnen. Op aanwijzen van Mardefelt worden in galop op 9 september Radomiki en zijn Polen in Stienzewa uit hun slaap gehaald door de meedogenloze Zweden. Slechts enkelen weten op een ongezadeld paard te ontsnappen; honderden anderen wor\u00adden gedood of gevangen genomen. Er is een rijke buit aan paarden, 12 keteltrommen en 3 vaandels. Niets doet de Zweedse generaal echter meer plezier dan het in handen krijgen van de bontchave, de met pluimen versierde commandostaf van Radomiki. Vergeefs biedt de laatste hem daarvoor 2,000 dukaten losgeld. <span style=\"color: #0000ff;\"><a style=\"color: #0000ff;\" href=\"#voetnoot\">(9)<\/a><\/span> De Zweden genieten van de grote hoeveelheden bier, wijn en aqauvit. Na de succesvolle overrompeling van Radomiki blijft Johann August een paar dagen op het landgoed Kunerzewo van diens broer uitrusten.<\/span><\/p>\n<p style=\"text-align: justify;\"><span style=\"color: #000000;\">Johann August richt nu zijn aandacht op het in aantocht zijnde leger onder generaal Brandt. Op 13 september trekt hij \u2013 weer \u2019s nachts \u2013 naar een voorstad van Posen aan de Warthe. Zijn cavalerie is op advies van Mardefelt aan het foerageren, als Brandt op 19 september aan de overzijde van de rivier arriveert. Patkul hoort van het toeval en heeft al 2.000 Polen en Moskovieten de rivier overgezet, als Von Meijerfeldt met slechts 350 man van hemzelf en luitenant-kolonel Bolth op hem afstormt. Bij de uitval is het vooral Trautvetter die met 70 man door de vuurlinie stormt. Deze luitenant-kolonel zou nog lang aan zijn zijde vechten en later ook in Pommeren in zijn gouvernement bestuurder worden. Zij zaaien zoveel paniek, dat de vijand naar de rivier terug vlucht. Velen die de doorwaadbare plaats niet kunnen terugvinden sterven door verdrinking of het Zweedse staal. Aan de overkant van de rivier moet Brandt dit alles machteloos toezien. Op het moment dat hij eenmaal aanvalsgereed is, willen zelfs de Saksen de strijd niet meer aanbinden, omdat de Zweedse cavalerie van foerage is teruggekeerd. <span style=\"color: #0000ff;\"><a style=\"color: #0000ff;\" href=\"#voetnoot\">(10)<\/a><\/span><\/span><\/p>\n<p style=\"text-align: center;\"><img loading=\"lazy\" decoding=\"async\" class=\"wp-image-55849 aligncenter\" src=\"https:\/\/meijenfeldt.nl\/wp-content\/uploads\/2023\/04\/Posen-1704-300x218.jpg\" alt=\"\" width=\"597\" height=\"434\" srcset=\"https:\/\/meijenfeldt.nl\/wp-content\/uploads\/2023\/04\/Posen-1704-300x218.jpg 300w, https:\/\/meijenfeldt.nl\/wp-content\/uploads\/2023\/04\/Posen-1704.jpg 747w\" sizes=\"auto, (max-width: 597px) 100vw, 597px\" \/><span style=\"font-size: 10pt;\"><em>Belagerung der Stadt Posen von D. 4 October Bis D. 24 Oct. 1704<br \/>\nKopergravure P.S. Faber, Universiteitsbibliotheek Pozna\u0144\u00a0<\/em><\/span><\/p>\n<p style=\"text-align: justify;\"><span style=\"color: #000000;\">Johann August moet met zijn regimenten nu achter de stadmuren gaan, omdat een belegering op komst is. Hij heeft geen voorraden bij zich vanwege het vervroegd terugroepen van zijn cavalerie. In de stad kan hij alleen voorraden verkrijgen tegen betaling. Brandt begint met de \u00a0belegering van Posen en op 4 oktober arriveert een grote Russische troepenmacht met zwaar geschut. De plaatselijke bevolking en ook Joden zijn bereid tegen financi\u00eble vergoeding (om voedsel in te slaan) aan de verdediging mee te doen, bijvoorbeeld brandbommen blussen. Alle Zweedse posten krijgen een schriftelijke instructie, onder andere om de huizen voor de stadswallen af te breken of branden. Majoor Dudenburg ziet kans om met 10 ruiters naar de Zweedse hoofdmacht weg te komen om informatie te verstrekken.<\/span><\/p>\n<p style=\"text-align: justify;\"><span style=\"color: #000000;\">De volgende dag begint een onophoudelijk bombardement. Bressen in de muur kunnen steeds gedicht worden. De verdediging van Posen levert wel wat interne spanning op, omdat Mardefeldt de commandant van het garnizoen is en Johann August commandant van de veel talrijker troepen. Een voorbeeld is de vraag of de grote uitvalsbrug verbrand moet worden op het moment dat Patkul begint aan te dringen. Mardefeldt stelt het voor en pas nadat alle overige kolonels instemmen gaat Johann August akkoord. Op 27 oktober schrijft Patkul een ernstige dreigbrief tot overgave, maar de tamboer wordt zonder antwoord lachend teruggestuurd.<\/span><\/p>\n<p style=\"text-align: justify;\"><span style=\"color: #000000;\">De beschieting neemt toe en de bressen in de muren worden groter. Echte brand breekt niet uit, omdat de torens met zand en mest gevuld zijn. Medio oktober brengt de vijand alle troepen in gereedheid voor een bestorming, die door de enorme overmacht waarschijnlijk wel succesvol geweest zou zijn. Maar met de bestorming wordt gewacht en op 24 oktober volgt de plotselinge aftocht om tegen de Zweedse hoofdmacht in het geweer te komen. Dat is een slechte timing, omdat die juist besluit in winterkwartier te gaan. In alle gevechten rond Po\u00adsen heeft Johann August &#8216;slechts&#8217; 400 man verloren. Hij reist naar het hoofdkwartier van Karel XII, die zo tevreden is dat hij op 6 november met eigen ogen komt zien wat er allemaal met de stad gebeurd is. <span style=\"color: #0000ff;\"><a style=\"color: #0000ff;\" href=\"#voetnoot\">(11)<\/a><\/span><\/span><a id=\"voetnoot\"><\/a><\/p>\n<p style=\"text-align: center;\"><span style=\"color: #000000; font-size: 10pt;\"><span style=\"color: #0000ff;\"><a style=\"color: #0000ff;\" href=\"https:\/\/meijenfeldt.nl\/?page_id=139\">Terug<\/a><\/span>\u00a0 \u00a0***\u00a0 \u00a0<span style=\"color: #0000ff;\"><a style=\"color: #0000ff;\" href=\"https:\/\/meijenfeldt.nl\/?page_id=17374\">Verder<\/a><\/span><\/span><\/p>\n<p style=\"text-align: justify;\"><span style=\"color: #000000; font-size: 10pt;\">1. I. Le Long,<\/span><span style=\"color: #000000; font-size: 13.3333px;\">\u00a0<\/span><span style=\"color: #000000; font-size: 13.3333px;\">\u201cHet leven van den heldhaften Carel den XIIden, Koning der Sweden\u201d, Amsterdam 1721, deel 3<span style=\"font-size: 10pt;\">, <\/span><\/span><span style=\"color: #0000ff; font-size: 10pt;\"><a style=\"color: #0000ff;\" href=\"https:\/\/meijenfeldt.nl\/?page_id=9234\">pag. 183<\/a><\/span><span style=\"color: #000000; font-size: 10pt;\">.<br \/>\n<\/span><span style=\"color: #000000; font-size: 10pt;\">2. \u201c<i>Extrait d\u2019un journal fort ample, \u00e9crit par le Baron de Mardefeld, Major-G\u00e9n\u00e9ral, touchant tout ce qui s\u2019est pass\u00e9 avant &amp; pendant le Si\u00e8ge de Posnanie, l\u2019an 1704<\/i>\u201d, opgenomen in G. Adlerfeld,\u00a0<\/span><span style=\"color: #000000; font-size: 13.3333px;\">\u201cHistoire Militaire de Charles XII, Roi de Su\u00e8de\u201d, Amsterdam 1740, deel 2,<\/span> <span style=\"color: #0000ff;\"><a style=\"font-size: 10pt; color: #0000ff;\" href=\"https:\/\/meijenfeldt.nl\/?page_id=21276\">pag. 311-361<\/a><\/span><span style=\"color: #000000; font-size: 10pt;\">.<br \/>\n<\/span><span style=\"color: #000000; font-size: 10pt;\">3. <\/span><span style=\"color: #000000; font-size: 10pt;\"><span class=\"displayFields\">Kapitein F.A. Spaks, Katalog <span style=\"color: #0000ff;\"><a style=\"color: #0000ff;\" href=\"https:\/\/digitaltmuseum.se\/search\/?q=meyerfelt\">Arm\u00e9museum<\/a> <\/span>1888, pag. 33, nr. 274-279:\u00a0\u00a0&#8220;\u00c5r 1704 den 9. Aug. af general Meyerfelt&#8221;<em>. <\/em><\/span><\/span><span style=\"color: #000000; font-size: 10pt;\">O. Sj\u00f6str\u00f6m, \u201c<span class=\"displayFields\"><span class=\"subTitle\">N\u00e4r Karl XII tog tillbaka en g\u00e5va\u201c, i<\/span><\/span><\/span><span style=\"color: #000000; font-size: 10pt;\"><span class=\"displayFields\"><span class=\"italicLabel\">n: <\/span>Arm\u00e9museum: om krig och m\u00e4nniskor, [ed] Anna Maria Forssberg, Stockholm 2009, pag. 48-49, corrigeert het verhaal. [<span style=\"color: #0000ff;\"><a style=\"color: #0000ff;\" href=\"https:\/\/meijenfeldt.nl\/?page_id=33724\">CH-662<\/a><\/span>]<br \/>\n<\/span><\/span><span style=\"color: #000000; font-size: 10pt;\">4. J.A. Nordberg, <\/span><span style=\"color: #000000; font-size: 13.3333px;\">\u201cKonung Carl den XII:tes historia\u201d, Stockholm 1740, deel 1,<\/span><span style=\"color: #000000; font-size: 13.3333px;\">\u00a0<\/span><span style=\"font-size: 10pt; color: #0000ff;\"><a style=\"color: #0000ff;\" href=\"https:\/\/meijenfeldt.nl\/?page_id=9129\">pag. 486-487<\/a><\/span><span style=\"color: #000000; font-size: 10pt;\">. C. von Rosen, \u201cBidrag till k\u00e4nnedom om de h\u00e4ndelser, som n\u00e4rmast f\u00f6regingo svensk stormaktv\u00e4ldets fall\u201d, Stockholm 1936, deel 1, pag. 269.<br \/>\n<\/span><span style=\"color: #000000; font-size: 10pt;\">5. N. Herlitz, \u201cFr\u00e5n Thorn till Altranst\u00e4dt\u201d, Stockholm 1916, deel 1, <a style=\"color: #000000;\" href=\"https:\/\/books.google.se\/books?hl=sv&amp;id=iTIUAQAAIAAJ&amp;dq=adlerfeld+roi+de+suede&amp;focus=searchwithinvolume&amp;q=meyerfelt\"><span style=\"color: #0000ff;\">pag. 270, noot 2<\/span><\/a>.<\/span><br \/>\n<span style=\"color: #000000; font-size: 10pt;\">6. E. Carlson,\u00a0<\/span><span style=\"color: #000000; font-size: 13.3333px;\">\u00a0<\/span><span style=\"color: #000000; font-size: 13.3333px;\">\u201cDie eigenh\u00e4ndige briefe K\u00f6nig Karls XII.\u201d, Berlijn 1894,<\/span> <span style=\"font-size: 10pt;\"><a style=\"color: #000000;\" href=\"https:\/\/books.google.nl\/books?id=U4ddDwAAQBAJ&amp;printsec=frontcover&amp;dq=Carlson,+%E2%80%9CDie+eigenh%C3%A4ndige+briefe+K%C3%B6nig+Karls+XII&amp;hl=en&amp;sa=X&amp;ved=0ahUKEwjtlbDQg_zdAhVMKFAKHfemCGsQ6AEIDDAA#v=onepage&amp;q=Carlson%2C%20%E2%80%9CDie%20eigenh%C3%A4ndige%20briefe%20K%C3%B6nig%20Karls%20XII&amp;f=false\"><span style=\"color: #0000ff;\">pag. 267-268<\/span><\/a><\/span><span style=\"color: #000000; font-size: 10pt;\">.<br \/>\n<\/span><span style=\"color: #000000; font-size: 10pt;\">7. C. von Sarauw, \u201cDie Feldz\u00fcge Karls XII.\u201d, Leipzig 1881, <span style=\"color: #0000ff;\"><a style=\"color: #0000ff;\" href=\"https:\/\/meijenfeldt.nl\/?page_id=22866\">pag. 162<\/a><\/span>. O. Sj\u00f6str\u00f6m, \u201cThe Battle of Posen 9 August 1704\u201d.<\/span><br \/>\n<span style=\"color: #000000; font-size: 10pt;\">8. C. von Rosen, deel 1, pag. 271.<\/span><br \/>\n<span style=\"color: #000000; font-size: 10pt;\">9. F.G. Bengtsson, \u201cKarl XII:s levnad\u201d, Stockholm 1931,\u00a0<span style=\"color: #0000ff;\"><a style=\"color: #0000ff;\" href=\"https:\/\/meijenfeldt.nl\/?page_id=22940\">pag. 185-186<\/a><\/span>. I. Le Long, deel 3, <span style=\"color: #0000ff;\"><a style=\"color: #0000ff;\" href=\"https:\/\/meijenfeldt.nl\/?page_id=9234\">pag. 197<\/a><\/span>. N. Herlitz, deel 1, <a style=\"color: #000000;\" href=\"https:\/\/books.google.se\/books?hl=sv&amp;id=iTIUAQAAIAAJ&amp;dq=adlerfeld+roi+de+suede&amp;focus=searchwithinvolume&amp;q=meyerfelt\"><span style=\"color: #0000ff;\">pag. 274<\/span><\/a>.<\/span><br \/>\n<span style=\"color: #000000; font-size: 10pt;\">10. Post=Tijeder <span style=\"color: #0000ff;\"><a style=\"color: #0000ff;\" href=\"https:\/\/tidningar.kb.se\/2979645\/1704-08-23\/edition\/145134\/part\/1\/page\/1\/?q=%20meijerfelt\">23-08-1704<\/a><\/span>.<\/span><br \/>\n<span style=\"color: #000000; font-size: 10pt;\">11. I. Le Long, deel 3, <span style=\"color: #0000ff;\"><a style=\"color: #0000ff;\" href=\"https:\/\/meijenfeldt.nl\/?page_id=9234\">pag. 197<\/a><\/span>. J.A. Nordberg, deel 1, <span style=\"color: #0000ff;\"><a style=\"color: #0000ff;\" href=\"https:\/\/meijenfeldt.nl\/?page_id=9129\">pag. 540-558<\/a><\/span>.<\/span><\/p>\n","protected":false},"excerpt":{"rendered":"<p>Posen Op 8 augustus 1704 opent Schulenburg met een meerderheid van 1000 man op drie verschillende punten de aanval op de Zweden. De Zweedse rechterflank krijgt meteen een aanvalsgolf te verduren. Johann August von Meijerfeldt voert daar het commando over twee squadrons cavalerie van Horn en vier compagnie\u00ebn \u00a0(van Vittinghof, Kerstdorf, Krudner en hemzelf) uit &hellip; <a href=\"https:\/\/meijenfeldt.nl\/?page_id=21439\" class=\"more-link\">Verder lezen <span class=\"screen-reader-text\">1.4.5. Slag om Posen<\/span><\/a><\/p>\n","protected":false},"author":1,"featured_media":0,"parent":0,"menu_order":0,"comment_status":"closed","ping_status":"closed","template":"","meta":{"footnotes":""},"class_list":["post-21439","page","type-page","status-publish","hentry"],"_links":{"self":[{"href":"https:\/\/meijenfeldt.nl\/index.php?rest_route=\/wp\/v2\/pages\/21439","targetHints":{"allow":["GET"]}}],"collection":[{"href":"https:\/\/meijenfeldt.nl\/index.php?rest_route=\/wp\/v2\/pages"}],"about":[{"href":"https:\/\/meijenfeldt.nl\/index.php?rest_route=\/wp\/v2\/types\/page"}],"author":[{"embeddable":true,"href":"https:\/\/meijenfeldt.nl\/index.php?rest_route=\/wp\/v2\/users\/1"}],"replies":[{"embeddable":true,"href":"https:\/\/meijenfeldt.nl\/index.php?rest_route=%2Fwp%2Fv2%2Fcomments&post=21439"}],"version-history":[{"count":68,"href":"https:\/\/meijenfeldt.nl\/index.php?rest_route=\/wp\/v2\/pages\/21439\/revisions"}],"predecessor-version":[{"id":78789,"href":"https:\/\/meijenfeldt.nl\/index.php?rest_route=\/wp\/v2\/pages\/21439\/revisions\/78789"}],"wp:attachment":[{"href":"https:\/\/meijenfeldt.nl\/index.php?rest_route=%2Fwp%2Fv2%2Fmedia&parent=21439"}],"curies":[{"name":"wp","href":"https:\/\/api.w.org\/{rel}","templated":true}]}}