{"id":19366,"date":"2019-09-13T13:12:01","date_gmt":"2019-09-13T13:12:01","guid":{"rendered":"http:\/\/meijenfeldt.nl\/?page_id=19366"},"modified":"2023-01-28T12:43:35","modified_gmt":"2023-01-28T12:43:35","slug":"carlson-sveriges-historia","status":"publish","type":"page","link":"https:\/\/meijenfeldt.nl\/?page_id=19366","title":{"rendered":"Carlson Sveriges Historia"},"content":{"rendered":"<p><strong>F.F. en E. Carlson, \u201dSveriges Historia under Karl den Tolftes Regering\u201d, (&#8220;Sveriges historia under konungarne af Pfalziska huset&#8221;), <\/strong><strong>Stockholm 1855 resp. 1910.\u00a0<\/strong><\/p>\n<p><b>Deel 1<\/b><\/p>\n<p>Pag.<\/p>\n<p><b>Deel 2<\/b><\/p>\n<p><span style=\"color: #0000ff;\"><a style=\"color: #0000ff;\" href=\"https:\/\/babel.hathitrust.org\/cgi\/pt?id=umn.319510012911723;view=2up;seq=34;skin=mobile\">Pag. 30<\/a><\/span><\/p>\n<p>Hummerhjelm fattade posto vid Schauden, en ort ej l\u00e5ngt p\u00e5 andra sidan gr\u00e4nsen. Kort derefter s\u00e4ndes \u00f6fverstel\u00f6jtnant J. A. <mark class=\"solr_highlight_1\">Meijerfelt<\/mark> med 400 man till Polangen. Oginskis folk drog sig i f\u00f6rstone tillbaka. Men det var icke sv\u00e5rt att f\u00f6rutse, hurusom den svenska styrkans n\u00e4rvaro p\u00e5 litthauisk jord snart skulle leda till ytterligare f\u00f6rvecklingar.<\/p>\n<p>Samtidigt f\u00f6rfr\u00e5gade sig\u00a0<mark class=\"solr_highlight_1\">Meijerfelt<\/mark>; om han, i h\u00e4ndelse fienden visade sig stark p\u00e5 de orter, dit Hummerhjelms t\u00e5g gick, skulle rycka efter honom l\u00e4ngre in i landet; \u00f6fven detta bif\u00f6lls.<sup>2<\/sup>)<\/p>\n<p><sup>2<\/sup>) Registr. 25, 26 Sept.<\/p>\n<p><span style=\"color: #0000ff;\"><a style=\"color: #0000ff;\" href=\"https:\/\/babel.hathitrust.org\/cgi\/pt?id=umn.319510012911723;view=2up;seq=46;skin=mobile\">Pag. 43-44<\/a>, <span style=\"color: #000000;\">v<\/span><\/span>oetnoot 1.<\/p>\n<p>En utskickad fr\u00e5n f\u00e4ltherren Sapieha hade af\u00a0<mark class=\"solr_highlight_1\">Meijerfelt<\/mark>; beg\u00e4rt att han skulle rycka l\u00e4ngre in i landet. Det bif\u00f6lls af ko- nungen med f\u00f6ljande ord: \u201eF\u00f6rs\u00e4kra furstens utskickade, att vi ej l\u00e4re undfalla hans herre med hjelp, s\u00e5 vida han sl\u00e5r sig till v\u00e5rt parti. I kunnen s\u00e5som af Er sjelf l\u00e5ta f\u00f6r- m\u00e4rka, att oss vore ej obehagligt, om f\u00e4ltherren ville n\u00e4rmare f\u00f6rklara sig, huruvida han \u00e4r sinnad att bitr\u00e4da oss mot ko- nungen i Polen att hjelpa till dess dethronisation, som m\u00e5ste ske.) Till\u00a0<mark class=\"solr_highlight_1\">Meijerfelt<\/mark>; 15 Nov. 1701<\/p>\n<p>Han n\u00e5dde s\u00e5 Hummer hjelm, med hvilken <mark class=\"solr_highlight_1\">Meijerfelt<\/mark>\u00a0f\u00e5tt befallning att f\u00f6rena sig.<\/p>\n<p><span style=\"color: #0000ff;\"><a style=\"color: #0000ff;\" href=\"https:\/\/babel.hathitrust.org\/cgi\/pt?id=umn.319510012911723;view=2up;seq=70;skin=mobile\">Pag. 66<\/a>, <span style=\"color: #000000;\">v<\/span><\/span>oetnoot 1<\/p>\n<p>Bland dem n\u00e4mnes s\u00e4rskildt <mark class=\"solr_highlight_1\">Meijerfelt<\/mark>, som vid denna tid blef \u00f6fverste. Hermelins bref.<\/p>\n<p><span style=\"color: #0000ff;\"><a style=\"color: #0000ff;\" href=\"https:\/\/babel.hathitrust.org\/cgi\/pt?id=umn.319510012911723;view=2up;seq=156;skin=mobile\">Pag. 153<\/a><\/span><\/p>\n<p>Sin h\u00f6jdpunkt n\u00e5dde motst\u00e5ndet i staden Za- moiscie, hvars f\u00e4stning ans\u00e5gs vara den starkaste i Polen. Staden hade erlagt sin kontribution, men d\u00e5 \u00f6fverste\u00a0<mark class=\"solr_highlight_1\">Meijerfelt<\/mark>;, som \u00e4fven uts\u00e4ndts fr\u00e5n h\u00e4ren med en afdelning ryttare, fordrade utlemnandet af der f\u00f6rvarade, ryska k\u00f6pm\u00e4n tillh\u00f6riga varor, br\u00e4n- des f\u00f6rst\u00e4derna och portarne st\u00e4ngdes.<\/p>\n<p><span style=\"color: #0000ff;\"><a style=\"color: #0000ff;\" href=\"https:\/\/babel.hathitrust.org\/cgi\/pt?id=umn.319510012911723&amp;view=2up&amp;seq=391&amp;skin=mobile&amp;q1=mejerfelt\">Pag. 387<\/a><\/span><\/p>\n<p>Horn,\u00a0<mark class=\"solr_highlight_1\">Mejerfelt<\/mark>; och de f\u00f6rn\u00e4mste bland polackarne underst\u00f6dde Stanislai beg\u00e4ran om t\u00e5get till Storpolen. Efter l\u00e5ngt dr\u00f6jsm\u00e5l f\u00f6rklarade konung Carl&#8217;), att han v\u00e4ndtligen ville l\u00e5ta det ske\u00bb, men kallelserna till kr\u00f6ningen skulle likv\u00e4l f\u00f6rst vara ut- f\u00e4rdade. <mark class=\"solr_highlight_1\">Mejerfelt<\/mark>; fick befallning att r\u00e4cka konung Stanislaus handen, dock s\u00e5, att der han fann n\u00e5got f\u00f6rslag ej vara enligt med sin konungs afsigter och krigsreson, han ej skulle l\u00e5ta irra sig. F\u00f6reningen med polska kronarm\u00e9n skulle han undvika. Denna arm\u00e9, svag och illa f\u00f6rsedd \u2013 den ut- gjorde nu blott 5,000 man \u2013 gick \u00f6fver p\u00e5 venstra Weichselstranden.\u00a0<mark class=\"solr_highlight_1\">Mejerfelt<\/mark>;, som n\u00e4ra Po- sen tappert slagits med sachsarne, hade funnit dessa allt f\u00f6r starka och dragit sig derifr\u00e5n n\u00e4r mare Warschau.<\/p>\n<p><span style=\"color: #0000ff;\"><a style=\"color: #0000ff;\" href=\"https:\/\/babel.hathitrust.org\/cgi\/pt?id=umn.319510012911723&amp;view=2up&amp;seq=455&amp;skin=mobile&amp;size=150&amp;q1=mejerfelt\">Pag. 450-451<\/a><\/span><\/p>\n<p>Konungen befalde Piper fr\u00e5ge, om Danzigerboarne inballade sig, att n\u00e5gra privilegier kunde l\u00f6sa dem fr\u00e5n deras pligt mot republiken och deras f\u00f6rs\u00e4kran till konung Carl. Svaret dr\u00f6jde; men d\u00e5 befalde konungen general\u00a0<mark class=\"solr_highlight_1\">Mejerfelt<\/mark>; att med tv\u00e5 regementen dragoner rycka in i Danzigerwerder, tills vidare der taga sitt underh\u00e5ll och, om staden satte sig till motv\u00e4rn, \u00f6del\u00e4gga dess omr\u00e5de, dess f\u00f6rst\u00e4der, slutligen \u00e4fven staden Danzig sjelf).<\/p>\n<p><span style=\"color: #0000ff;\"><a style=\"color: #0000ff;\" href=\"https:\/\/babel.hathitrust.org\/cgi\/pt?id=umn.319510012911723&amp;view=2up&amp;seq=508&amp;skin=mobile&amp;size=150&amp;q1=mejerfelt\">Pag. 504<\/a><\/span><\/p>\n<p>Han l\u00e4t lossa n\u00e5gra kanonskott mot ryssarne och satte sig derefter sjelf tillika med prins Max och general\u00a0<mark class=\"solr_highlight_1\">Mejerfelt<\/mark>; i spetsen f\u00f6r gardets grenadierer.<\/p>\n<p><span style=\"color: #0000ff;\"><a style=\"color: #0000ff;\" href=\"https:\/\/babel.hathitrust.org\/cgi\/pt?id=umn.319510012911723&amp;view=2up&amp;seq=514&amp;skin=mobile&amp;q1=mejerfelt\">Pag. 510<\/a><\/span><\/p>\n<p>Generalmajor\u00a0<mark class=\"solr_highlight_1\">Mejerfelt<\/mark>; s\u00e4ndes med fyra rege- menten till Brzesc och Lublin, f\u00f6r att \u00e4fven i dessa. orter l\u00e5ta de gods, som tillh\u00f6rde konung Augusts anh\u00e4ngare, underg\u00e5 samma behandling; det skedde, och med sainma verkan.<\/p>\n<p><span style=\"color: #0000ff;\"><a style=\"color: #0000ff;\" href=\"https:\/\/babel.hathitrust.org\/cgi\/pt?id=umn.319510012911723&amp;view=2up&amp;seq=525&amp;skin=mobile&amp;size=150&amp;q1=mejerfelt\">Pag. 521<\/a><\/span><\/p>\n<p>general\u00a0<mark class=\"solr_highlight_1\">Mejerfelt<\/mark>; fick befallning att n\u00e4rma sig Dresden, och Carl den tolfte tog sitt h\u00f6gqvarter p\u00e5 adelsg\u00e5rden Alt-Ranstadt, half-annan mil fr\u00e5n Leipzig<\/p>\n<p><span style=\"color: #0000ff;\"><a style=\"color: #0000ff;\" href=\"https:\/\/babel.hathitrust.org\/cgi\/pt?id=umn.319510012911731;view=2up;seq=8;skin=mobile\"><strong>Deel 3<\/strong><\/a><\/span><\/p>\n<p><span style=\"color: #000000;\"><span style=\"color: #0000ff;\"><a style=\"color: #0000ff;\" href=\"https:\/\/babel.hathitrust.org\/cgi\/pt?id=umn.319510012911731;view=2up;seq=26;skin=mobile\">Pag. 8<\/a><\/span><\/span><\/p>\n<div class=\"ocr_line\" title=\"bbox 349 1832 1919 1889\">Bruiloft in Altranst\u00e4dt<\/div>\n<div title=\"bbox 349 1832 1919 1889\"><\/div>\n<p><span style=\"color: #0000ff;\"><a style=\"color: #0000ff;\" href=\"https:\/\/babel.hathitrust.org\/cgi\/pt?id=umn.319510012911731;view=2up;seq=102;skin=mobile\">Pag. 84<\/a><\/span><\/p>\n<p>Huwelijk M. in Altranst\u00e4dt<\/p>\n<p><span style=\"color: #0000ff;\"><a style=\"color: #0000ff;\" href=\"https:\/\/babel.hathitrust.org\/cgi\/pt?id=umn.319510012911731;view=2up;seq=176;skin=mobile\">Pag. 158-159<\/a><\/span><\/p>\n<p>11-09-1708. Gevechten bij Rajewka<\/p>\n<p><span style=\"color: #0000ff;\"><a style=\"color: #0000ff;\" href=\"https:\/\/babel.hathitrust.org\/cgi\/pt?id=umn.319510012911731;view=2up;seq=182;skin=mobile\">Pag. 165.<\/a><\/span><\/p>\n<p>Besluit bij Tatarsk<\/p>\n<p><span style=\"color: #0000ff;\"><a style=\"color: #0000ff;\" href=\"https:\/\/babel.hathitrust.org\/cgi\/pt?id=umn.319510012911731;view=2up;seq=192;skin=mobile\">Pag. 174<\/a><\/span><\/p>\n<p>Brief van M. aan Lewenhaupt via Poolse monnik om zich te haasten<\/p>\n<p><span style=\"color: #0000ff;\"><a style=\"color: #0000ff;\" href=\"https:\/\/babel.hathitrust.org\/cgi\/pt?id=umn.319510012911731;view=2up;seq=252;skin=mobile\">Pag. 235<\/a><\/span><\/p>\n<p>Voorspel Poltava<\/p>\n<p><a href=\"https:\/\/babel.hathitrust.org\/cgi\/pt?id=umn.319510012911731;view=2up;seq=276;skin=mobile\"><span style=\"color: #0000ff;\">Pag. 258-259<\/span><\/a><\/p>\n<p>Slag bij Poltava, uitzending M. naar het Russische kamp<\/p>\n<p><span style=\"color: #0000ff;\"><a style=\"color: #0000ff;\" href=\"https:\/\/babel.hathitrust.org\/cgi\/pt?id=umn.319510012911731;view=2up;seq=300;skin=mobile\">Pag. 283<\/a><\/span><\/p>\n<p>M. komt aan in Bender<\/p>\n<p><span style=\"color: #0000ff;\"><a style=\"color: #0000ff;\" href=\"https:\/\/babel.hathitrust.org\/cgi\/pt?id=umn.319510012911731;view=2up;seq=302;skin=mobile\">Pag. 284-285<\/a><\/span><\/p>\n<p>Capitulatie bij Perevolotjna. Verslag M.<\/p>\n<p><span style=\"color: #0000ff;\"><a style=\"color: #0000ff;\" href=\"https:\/\/babel.hathitrust.org\/cgi\/pt?id=umn.319510012911731;view=2up;seq=396;skin=mobile\">Pag. 378-379<\/a><\/span><\/p>\n<p>Veldtocht Stenbock<\/p>\n<p><span style=\"color: #0000ff;\"><a style=\"color: #0000ff;\" href=\"https:\/\/babel.hathitrust.org\/cgi\/pt?id=umn.319510012911731;view=2up;seq=424;skin=mobile\">Pag. 406<\/a><\/span><\/p>\n<p>Veldtocht Stenbock<\/p>\n<p><span style=\"color: #0000ff;\"><a style=\"color: #0000ff;\" href=\"https:\/\/babel.hathitrust.org\/cgi\/pt?id=umn.319510012911731;view=2up;seq=428;skin=mobile\">Pag. 411<\/a><\/span><\/p>\n<p>M. naar Halmstad<\/p>\n<p><span style=\"color: #0000ff;\"><a style=\"color: #0000ff;\" href=\"https:\/\/babel.hathitrust.org\/cgi\/pt?id=umn.319510012911731;view=2up;seq=448;skin=mobile\">Pag. 430-431<\/a><\/span><\/p>\n<p><span style=\"color: #0000ff;\"><span style=\"color: #000000;\">Veldtocht Stenbock<\/span><\/span><\/p>\n<p><span style=\"color: #333399;\"><span style=\"color: #0000ff;\"><a style=\"color: #0000ff;\" href=\"https:\/\/babel.hathitrust.org\/cgi\/pt?id=umn.319510012911731;view=2up;seq=454;skin=mobile\">Pag. 437<\/a><\/span><\/span><\/p>\n<p><span style=\"color: #333399;\"><span style=\"color: #000000;\">Voorbereidingen Slag bij Helsingborg<\/span><\/span><\/p>\n<p><span style=\"color: #0000ff;\"><a style=\"color: #0000ff;\" href=\"https:\/\/babel.hathitrust.org\/cgi\/pt?id=umn.319510012911731;view=2up;seq=460;skin=mobile\">Pag. 444<\/a><\/span><\/p>\n<p>Slag bij Helsingborg, M. op rechter vleugel<\/p>\n<p><span style=\"color: #0000ff;\"><a style=\"color: #0000ff;\" href=\"https:\/\/babel.hathitrust.org\/cgi\/pt?id=umn.319510012911731;view=2up;seq=474;skin=mobile\">Pag. 456<\/a><\/span><\/p>\n<p>Na de Slag bij Helsingborg<\/p>\n<p><span style=\"color: #0000ff;\"><a style=\"color: #0000ff;\" href=\"https:\/\/babel.hathitrust.org\/cgi\/pt?id=umn.319510012911731;view=2up;seq=488;skin=mobile\">Pag. 471<\/a><\/span><\/p>\n<p>St\u00e4mningen bland st\u00e4nderna.<\/p>\n<p><span style=\"color: #0000ff;\"><a style=\"color: #0000ff;\" href=\"https:\/\/babel.hathitrust.org\/cgi\/pt?id=umn.319510012911731;view=2up;seq=516;skin=mobile\">Noot 18<\/a><\/span><\/p>\n<p>Bezwaarschriften bij M.<\/p>\n<p><a href=\"https:\/\/babel.hathitrust.org\/cgi\/pt?id=umn.319510012911731;view=2up;seq=520;skin=mobile\"><span style=\"color: #0000ff;\">Noot 49<\/span><\/a><\/p>\n<p>Werfpatent voor M. om zijn regiment dragonders met 200 man te verstreken<\/p>\n<p><span style=\"color: #0000ff;\"><a style=\"color: #0000ff;\" href=\"https:\/\/babel.hathitrust.org\/cgi\/pt?id=umn.319510012911731;view=2up;seq=552;skin=mobile\">Noot 270<\/a><\/span><\/p>\n<p>Johan August M. raakt te water<\/p>\n<p><span style=\"color: #0000ff;\"><a style=\"color: #0000ff;\" href=\"https:\/\/babel.hathitrust.org\/cgi\/pt?id=umn.319510012911731;view=2up;seq=582;skin=mobile\">Noot 460<\/a><\/span><\/p>\n<p>Doden bij Veprik<\/p>\n<p><span style=\"color: #0000ff;\"><a style=\"color: #0000ff;\" href=\"https:\/\/babel.hathitrust.org\/cgi\/pt?id=umn.319510012911731;view=2up;seq=584;skin=mobile\">Noot 489<\/a><\/span><\/p>\n<p>Poltava. Meijerfeldts ber\u00e4ttelse<\/p>\n<p><span style=\"color: #0000ff;\"><a style=\"color: #0000ff;\" href=\"https:\/\/babel.hathitrust.org\/cgi\/pt?id=umn.319510012911731;view=2up;seq=592;skin=mobile\">Noot 528, 530 en 534\u00a0<\/a><\/span><\/p>\n<p>Reiswagen van Johan August M. resp. dood van Carl Fredrik M resp. oversteek van Johan August M.<\/p>\n<p><a href=\"https:\/\/babel.hathitrust.org\/cgi\/pt?id=umn.319510012911731;view=2up;seq=598;skin=mobile\"><span style=\"color: #0000ff;\">Noot 557 en 558<\/span><\/a><\/p>\n<p>M\u2019s ber\u00e4ttelse resp. M\u2019s ankomst i Bender<\/p>\n<p><span style=\"color: #0000ff;\"><a style=\"color: #0000ff;\" href=\"https:\/\/babel.hathitrust.org\/cgi\/pt?id=umn.319510012911731;view=2up;seq=602;skin=mobile\">Noot 575<\/a><\/span><\/p>\n<p>Johan August steekt over naar Russisch kamp<\/p>\n<p><span style=\"color: #0000ff;\"><a style=\"color: #0000ff;\" href=\"https:\/\/babel.hathitrust.org\/cgi\/pt?id=umn.319510012911731;view=2up;seq=644;skin=mobile\">Noot 880<\/a><\/span><\/p>\n<p>Kritiek Stenbock op Johan August M<\/p>\n<p><b>Deel 7<\/b><\/p>\n<p><span style=\"color: #0000ff;\"><a style=\"color: #0000ff;\" href=\"https:\/\/babel.hathitrust.org\/cgi\/pt?id=hvd.32044105510127&amp;view=2up&amp;seq=394&amp;size=200\">Pag. 387<\/a><\/span><\/p>\n<p>Posen<\/p>\n<p><span style=\"color: #0000ff;\"><a style=\"color: #0000ff;\" href=\"https:\/\/babel.hathitrust.org\/cgi\/pt?id=hvd.32044105510127&amp;view=2up&amp;seq=458&amp;size=300\">Pag. 451<\/a><\/span><\/p>\n<p>Dantzigerwerder<\/p>\n<p><span style=\"color: #0000ff;\"><a style=\"color: #0000ff;\" href=\"https:\/\/babel.hathitrust.org\/cgi\/pt?id=hvd.32044105510127&amp;view=2up&amp;seq=512\">Pag. 504<\/a><\/span><\/p>\n<p>Ruzana<\/p>\n<p><span style=\"color: #0000ff;\"><a style=\"color: #0000ff;\" href=\"https:\/\/babel.hathitrust.org\/cgi\/pt?id=hvd.32044105510127&amp;view=2up&amp;seq=518&amp;size=300\">Pag. 510<\/a><\/span><\/p>\n<p>Brest<\/p>\n<p><a href=\"https:\/\/babel.hathitrust.org\/cgi\/pt?id=hvd.32044105510127&amp;view=2up&amp;seq=528\"><span style=\"color: #0000ff;\">Pag. 521<\/span><\/a><\/p>\n<p>Dresden<\/p>\n","protected":false},"excerpt":{"rendered":"<p>F.F. en E. Carlson, \u201dSveriges Historia under Karl den Tolftes Regering\u201d, (&#8220;Sveriges historia under konungarne af Pfalziska huset&#8221;), Stockholm 1855 resp. 1910.\u00a0 Deel 1 Pag. Deel 2 Pag. 30 Hummerhjelm fattade posto vid Schauden, en ort ej l\u00e5ngt p\u00e5 andra sidan gr\u00e4nsen. Kort derefter s\u00e4ndes \u00f6fverstel\u00f6jtnant J. A. Meijerfelt med 400 man till Polangen. Oginskis &hellip; <a href=\"https:\/\/meijenfeldt.nl\/?page_id=19366\" class=\"more-link\">Verder lezen <span class=\"screen-reader-text\">Carlson Sveriges Historia<\/span><\/a><\/p>\n","protected":false},"author":1,"featured_media":0,"parent":0,"menu_order":0,"comment_status":"closed","ping_status":"closed","template":"","meta":{"footnotes":""},"class_list":["post-19366","page","type-page","status-publish","hentry"],"_links":{"self":[{"href":"https:\/\/meijenfeldt.nl\/index.php?rest_route=\/wp\/v2\/pages\/19366","targetHints":{"allow":["GET"]}}],"collection":[{"href":"https:\/\/meijenfeldt.nl\/index.php?rest_route=\/wp\/v2\/pages"}],"about":[{"href":"https:\/\/meijenfeldt.nl\/index.php?rest_route=\/wp\/v2\/types\/page"}],"author":[{"embeddable":true,"href":"https:\/\/meijenfeldt.nl\/index.php?rest_route=\/wp\/v2\/users\/1"}],"replies":[{"embeddable":true,"href":"https:\/\/meijenfeldt.nl\/index.php?rest_route=%2Fwp%2Fv2%2Fcomments&post=19366"}],"version-history":[{"count":59,"href":"https:\/\/meijenfeldt.nl\/index.php?rest_route=\/wp\/v2\/pages\/19366\/revisions"}],"predecessor-version":[{"id":53045,"href":"https:\/\/meijenfeldt.nl\/index.php?rest_route=\/wp\/v2\/pages\/19366\/revisions\/53045"}],"wp:attachment":[{"href":"https:\/\/meijenfeldt.nl\/index.php?rest_route=%2Fwp%2Fv2%2Fmedia&parent=19366"}],"curies":[{"name":"wp","href":"https:\/\/api.w.org\/{rel}","templated":true}]}}