{"id":130,"date":"2016-09-04T16:42:36","date_gmt":"2016-09-04T16:42:36","guid":{"rendered":"http:\/\/wordpress.celinevonmeijenfeldt.nl\/?page_id=130"},"modified":"2024-08-12T13:36:45","modified_gmt":"2024-08-12T13:36:45","slug":"1-2-4-achtervolging-door-polen","status":"publish","type":"page","link":"https:\/\/meijenfeldt.nl\/?page_id=130","title":{"rendered":"1.4.2. In Karel&#8217;s kielzog"},"content":{"rendered":"<p style=\"text-align: justify;\"><span style=\"color: #000000;\">Carl Friedrich von Meijerfeldt blijft in Sehlburg om Lijfland te verdedigen. Zijn jongere broers volgen de Zweedse koning Karel XII met de hoofdmacht over \u00a0de grens van Litouwen naar Polen. Van Johann August kan bijna elke stap gevolgd worden omdat hij dicht bij de koning staat. Dat staat in schil contrast tot Wolmar Johann, wiens regiment, rang en meeste bewegingen onbekend zijn.<\/span><\/p>\n<p style=\"text-align: justify;\"><span style=\"color: #000000;\">Johann August <\/span><span style=\"color: #000000;\">blijft een bijzondere voorkeur bij de Zweedse koning Karel XII genieten, zowel in diens entourage als in het volvoeren van speciale missies. Hij wordt niet alleen op verkenning uitgezonden, maar moet ook onaangenaam werk doen: contributie of proviand bij de lokale bevolking invorderen en de overgave van weerspannige vestingen opeisen, bijvoorbeeld op 15 april 1702 als de koning bij Grodno staat (tegenwoordig op het drielandenpunt Litouwen, Polen en Wit-Rusland). Hij trekt op 28 april 1702 met de koning Polen in, eerst naar Warschau (<em>Warszawa<\/em>) en dan met meteen verder zuidwaarts door naar Krakau (<i>Krak\u00f3w<\/i>) in achtervolging van de Saksische keurvorst August. <span style=\"color: #0000ff;\"><a style=\"color: #0000ff;\" href=\"#voetnoot\">(1)<\/a><\/span><\/span><\/p>\n<p style=\"text-align: justify;\"><span style=\"color: #000000;\">Het moet in deze tijd zijn geweest, dat kolonel Von Meijerfeldt 24 gevangen genomen Moskovieten aan de koning voorgeleidt. Karel XII vindt dit om allerlei redenen niet nodig en zegt: &#8220;<i>Een dode hond bijt niet meer&#8221;. <\/i>Zodra de Zweden systematisch hun Russische krijgsgevangenen vermoorden, beginnen de Russen omgekeerd hetzelfde te doen. Om het leven van zijn landgenoten te sparen trekt Karel zijn bevel in. Hierdoor zal Johann August zijn eigen gevangenschap bij de Russen in 1709 overleven.\u00a0<\/span><span style=\"color: #0000ff;\"><a style=\"color: #0000ff;\" href=\"#voetnoot\">(2) <\/a><\/span><\/p>\n<p style=\"text-align: justify;\"><span style=\"color: #000000;\">Carl Friedrich houdt zich in Lijfland bezig met de politiek, getuige een brief van hem, gedateerd 1 juni 1702, aan Riga&#8217;s gouverneur Fr\u00f6lich. Hij meldt van de geallieerde Litouwse vorst Sapieha te hebben vernomen, dat in Polen een Turkse gezant actief is. Deze zou het doel hebben een gezamenlijk aanvalsverdrag tussen Turkije en Polen tegen Rusland te sluiten, waardoor de Saksisch-Poolse koning als vijand zou moeten worden afgezworen. Duidend op de overeenkomst tussen dit streven en de politiek van de koning van Zweden, besluit hij zijn brief met de woorden &#8220;<em>so (scheint) den werke gott bestetigen woll(en)\u201d.<\/em> <span style=\"color: #0000ff;\"><a style=\"color: #0000ff;\" href=\"#voetnoot\">(3)<\/a><\/span><\/span><\/p>\n<p style=\"text-align: justify;\"><span style=\"color: #000000;\">Op 1 juli 1702 komt het Zweedse leger in Kielce aan, nog 117 km te gaan naar Krakau. Het bericht gaat dat <\/span><span style=\"color: #000000;\">een Saksisch leger van 3.000 man in de buurt is. <\/span><span style=\"color: #000000;\">Karel XII geeft Johann August opdracht om <\/span><span style=\"color: #000000;\">met 600 ruiters op verkenning uit te gaan. <\/span><span style=\"color: #000000;\"><span style=\"color: #0000ff;\"><a style=\"color: #0000ff;\" href=\"#voetnoot\">(4)<\/a>\u00a0<\/span><\/span><span style=\"color: #000000;\">In de nacht van 2 op 3 juli vertrekt hij zuidwaarts naar Opietza met bestemming Pinczow (<em>Pi\u0144cz\u00f3w<\/em>). <\/span><span style=\"color: #000000;\">Onderweg vlucht de Poolse bevolking voor hem uit en steekt al haar bezittingen in brand. <\/span><span style=\"color: #000000;\">In een bos bij dat dorpje wachten <\/span><span style=\"color: #000000;\">200 Kozakken hem op in een hinderlaag. Funk rijdt vooruit met 30 man en geeft zo hevig verweer, dat de vijand wegvlucht. <\/span><span style=\"color: #000000;\">Johann August neemt op de 6<sup>de<\/sup> juli enkele Polen gevangen, waaronder een aanzienlijke vorst (<em>wojvod<\/em>). In de loop van de avond laat hij hem vrij, die weinig dankbaar de volgende avond de aanval heropent, overigens vergeefs. <span style=\"color: #0000ff;\"><a style=\"color: #0000ff;\" href=\"#voetnoot\">(5)<\/a><\/span> Ongezien kan hij daarna de Saksen benaderen bij <\/span><span style=\"color: #000000;\">Klissow (<i>Klisz\u00f3w<\/i>) <\/span><span style=\"color: #000000;\">en constateren dat het niet alleen om 3.000 man gaat, maar ook dat een groot Saksisch-Pools leger onder aanvoering van koning Au\u00adgust is gearriveerd. <span style=\"color: #0000ff;\"><a style=\"color: #0000ff;\" href=\"#voetnoot\">(6)<\/a> <\/span><\/span><span style=\"color: #000000;\">Hij haast zich naar het Zweedse kamp terug en brengt op 8 juli rapport uit aan de koning. <\/span><\/p>\n<p style=\"text-align: justify;\"><span style=\"color: #000000;\">Karel XII besluit onmiddellijk slag te leveren. Johann August staat niet opgesteld in de twee linies als kolonel van zijn regiment cavalerie, maar is \u00e9\u00e9n van de vijf aides-de-camp-g\u00e9n\u00e9raux bij de koning, als deze bij de opstelling in slagorde van de ene stelling naar de andere ijlt. <span style=\"color: #0000ff;\"><a style=\"color: #0000ff;\" href=\"#voetnoot\">(7)<\/a><\/span> Zijn jongere broer Wolmar Johann komt hier opeens in de schijnwerpers. Gesuggereerd wordt dat hij bij het regiment van zijn broer dienst doet, maar daar zijn geen officieren met zijn naam. Rond deze tijd moet Wolmar Johann tot de rang van overste zijn bevorderd. De tussenstappen kapitein en majoor zijn buiten beeld gebleven. <span style=\"color: #0000ff;\"><a style=\"color: #0000ff;\" href=\"#voetnoot\">(8)<\/a><\/span> De slag bij Klissov wordt met grote overmacht gewonnen, maar tot een capitulatie komt het weer niet. In het nabij gelegen Pinczow\u00a0stationeert Johann August op 16 augustus de buitgemaakte artilleriegoederen en de Zweedse gewonden.<\/span><\/p>\n<p style=\"text-align: justify;\"><span style=\"color: #000000;\">Terwijl de hoofdmacht de laatste 100 km naar Krakau onderweg gaat, gaat Johann August op pad om de omgeving contributie op te leggen en wordt daarin gehinderd door generaal Brandt. Aanvankelijk had Karel XII plunderen verboden met het doel de Poolse edelen op zijn hand te krijgen, maar inmiddels maakt hij een uitzondering voor degenen die de Saksische keurvorst niet afzweren. De afwisselende Saksische en Zweedse repressie wordt voor de Poolse bevolking steeds zwaarder. Nadat hij op 18 augustus Buschke heeft aangedaan trekt Johann August de 21<sup>ste<\/sup> plunderend door Neustadt (<em>Noviemasta<\/em>), dat hij de volgende dag zelfs in brand steekt vanwege de weigerachtige houding. Hij maakt veel paarden buit, arresteert vijandige Polen en arriveert de 25<sup>ste<\/sup> in Pinczow om het kleine garnizoen met de gewonden daar te versterken. <span style=\"color: #0000ff;\"><a style=\"color: #0000ff;\" href=\"#voetnoot\">(9)<\/a><\/span><\/span><\/p>\n<p style=\"text-align: justify;\"><span style=\"color: #000000;\">Johann August begeeft zich vervolgens naar de Zweedse hoofd\u00admacht in Krakau, maar op 3 september krijgt hij opdracht met 600 ruiters naar Pinczow terug te keren, omdat de bevolking geen levensmiddelen afstaat en vijandelijke troepen zich daar samentrekken. Hij stormt de stad binnen en de bevolking staat &#8211; zijn reputatie als brandstichter kennende &#8211; onmiddellijk voedsel af. In verband met de dreigende Saksische omsingeling wil hij de stad ontruimen. De koning bericht hem eerst alle paarden voor het foerageren van de hoofdmacht nodig te hebben, maar bericht later dat kolonel Fersen met een hoeveelheid paarden naar hem onderweg is, waardoor hij 1.800 commandeert. <span style=\"color: #0000ff;\"><a style=\"color: #0000ff;\" href=\"#voetnoot\">(10)<\/a><\/span><\/span><br \/>\n<span style=\"color: #000000;\"><br \/>\nVan Johann August komt op 6 oktober het bericht, dat hij de gewonden en het geschut in opdracht van de koning heeft overgebracht naar Opatowitz (<em>Opatowiec<\/em>) bij de Weichsel\u00a0<\/span><span style=\"color: #000000;\">(<\/span><em style=\"color: #000000;\">Wisla<\/em><span style=\"color: #000000;\">) <\/span><span style=\"color: #000000;\">rivier en o<\/span><span style=\"color: #000000;\">nderweg Polen heeft overrompeld en verjaagd. Een dag later arri\u00adveert hij in het Zweedse hoofdkwartier met 40 paarden en keert een dag later terug naar Opatowitz.\u00a0<\/span><span style=\"color: #0000ff;\"><a style=\"color: #0000ff;\" href=\"#voetnoot\">(11)<\/a> <\/span><span style=\"color: #000000;\">De koning, herstellende van een dijbeenbreuk, bezoekt hem in Pirzicz met de hoofdmacht op 30 oktober. Hij laat de Saksische gevangenen vrij en geeft hen geld om naar huis te reizen. <\/span><span style=\"color: #0000ff;\"><a style=\"color: #0000ff;\" href=\"#voetnoot\">(12)\u00a0<\/a><\/span><\/p>\n<p style=\"text-align: justify;\"><span style=\"color: #000000;\">Generaal-majoor Stenbock krijgt in die tijd de zwaarste opdrachten en doet meer dan eens een beroep op de koning om kolonel Von Meijerfeldt met zijn 600 ruiters ter versterking naar hem toe te laten komen. Zo schrijft hij op 25 oktober een brief vanuit het slot Dombrowa. De koning antwoordt dat hij de kolonel net op foerageren heeft uitgestuurd en hem daarna voor andere speciale opdrachten nodig heeft. <a href=\"#voetnoot\"><span style=\"color: #0000ff;\">(13)<\/span><\/a> Hoewel ook Stenbock \u00e9\u00e9n van Karel\u2019s meest getrouwe en veelgeprezen officieren is, maakt hij met vrijwel iedereen <\/span><span style=\"color: #000000;\">binnen het Zweedse leger <\/span><span style=\"color: #000000;\">ruzie, vanaf hier ook met de gebroeders Von Meijerfeldt.<\/span><\/p>\n<p style=\"text-align: justify;\"><span style=\"color: #000000;\">Samen met de hoofdmacht volgt Johann August de Weichsel verder naar het noordoosten. In opdracht van de koning trekt hij rond de sterkste Poolse vesting Zamosch (<span class=\"aCOpRe\"><em>Zamo\u015b\u0107<\/em><\/span>) samen. Commandant Anna Zamoiski, weduwe en voogd voor haar zoon, denkt hiervan verschoond te blijven na eerder contributie aan Stenbock betaald te hebben. De eis is achtergelaten Russische goederen over te leveren en Johan August stuurt 20 dragonders naar de stad. De commandant weigert elk Zweed binnen te laten, ook al zou het de koning zelf zijn geweest. Karel XII ontsteekt in woede en geeft Stenbock opdracht de vesting te verpletteren zodra ze weer in de buurt zijn<\/span><span style=\"color: #000000;\">. <span style=\"color: #0000ff;\"><a style=\"color: #0000ff;\" href=\"#voetnoot\">(14)<\/a><\/span><\/span><a id=\"voetnoot\"><\/a><\/p>\n<p style=\"text-align: center;\"><span style=\"color: #000000; font-size: 10pt;\"><span style=\"color: #0000ff;\"><a style=\"color: #0000ff;\" href=\"https:\/\/meijenfeldt.nl\/?page_id=8940\">Terug\u00a0<\/a><\/span> \u00a0***\u00a0 \u00a0<span style=\"color: #0000ff;\"><a style=\"color: #0000ff;\" href=\"https:\/\/meijenfeldt.nl\/?page_id=9820\">Verder<\/a><\/span><\/span><\/p>\n<p style=\"text-align: justify;\"><span style=\"color: #000000; font-size: 10pt;\">1. Riksarkivet Sverige, 1112.1. Riksregistraturet 1523-1718, <span title=\"Riksregistraturet, Riksregistraturet, SE\/RA\/1112.1\/B\/629 (1702)\">B\/629<\/span>, <span style=\"color: #0000ff;\"><a style=\"color: #0000ff;\" href=\"https:\/\/sok.riksarkivet.se\/bildvisning\/A0039124_00785#?c=&amp;m=&amp;s=&amp;cv=784&amp;xywh=361%2C251%2C3765%2C2214\">pag. 777v<\/a><\/span>. L. Wisocki-Hochmuth, \u201cDagbok af en ingeni\u00f6r-officer 1700-1708\u201d, Karolinska Krigares Dagb\u00f6cker j\u00e4mte andra samtidiga skrifter, deel 2, Lund 1903, <span style=\"color: #0000ff;\"><a style=\"color: #0000ff;\" href=\"http:\/\/runeberg.org\/karolikrig\/2\/0173.html\">pag. 141<\/a>.<\/span><br \/>\n2. <\/span><span style=\"color: #000000; font-size: 10pt;\">I. Le Long, \u201cHet leven van den heldhaften Carel den XII, Koning der Swe\u00adden&#8221;, Amsterdam 1721, deel 5, <span style=\"color: #0000ff;\"><a style=\"color: #0000ff;\" href=\"https:\/\/books.google.nl\/books?id=2UBnAAAAcAAJ&amp;printsec=frontcover&amp;source=gbs_book_other_versions_r&amp;redir_esc=y#v=onepage&amp;q&amp;f=false\">pag. 418<\/a><\/span>. <em>G\u00f6teborgs Handels- Och Sj\u00f6fartstidning<\/em> <span style=\"color: #0000ff;\"><a style=\"color: #0000ff;\" href=\"https:\/\/tidningar.kb.se\/3678898\/1893-09-23\/edition\/144022\/part\/2\/page\/2\/?q=%20meierfeld\">23-09-1893<\/a><\/span>, &#8220;Karl XII:s karakt\u00e4r i samtida rysk belysning.&#8221;<br \/>\n3. H.E. Uddgren, &#8220;N\u00e5got om Karl XII:s stallning till kriget med Ryssland och f\u00f6rsvaret af \u00d6stersj\u00f6provinserna under \u00e5ren 1702-1706&#8221;, Karolinska F\u00f6rbundets \u00c5rsbock 1910, Lund 1911, pag. 90.<br \/>\n<\/span><span style=\"color: #000000; font-size: 10pt;\">4. \u201c<span class=\"ng-star-inserted\">En f\u00f6rn\u00e4hm officerares utf\u00f6rlige relation,\u00a0<\/span><span class=\"ng-star-inserted\">om den bataillen och h\u00e4rlige segren, som Hans Kongl. May:t af Swerige den 9\/19 julii anno 1702. wid Clissowa erh\u00e5llit \u00f6fwer konungen i Pohlen och hans sachsiska och pohlniska arm\u00e9e\u201d, Stockholm 1702,\u00a0<span style=\"color: #0000ff;\"><a style=\"color: #0000ff;\" href=\"https:\/\/digi.kansalliskirjasto.fi\/teos\/binding\/2200900?term=Meyerfeldts&amp;page=3&amp;marc=true\">pag. 3 en 7<\/a><\/span>. <\/span>S. Faber, \u201cDer Ausf\u00fchrlichen Lebens-Beschreibung Carls den XII. K\u00f6nigs in Schweden\u201d, Frankfurt und Leipzig 1704, deel 3, <\/span><span style=\"color: #000000; font-size: 10pt;\"><span style=\"color: #0000ff;\"><a style=\"color: #0000ff;\" href=\"https:\/\/app.digitale-sammlungen.de\/bookshelf\/bsb11098632\/view?view=ImageView&amp;manifest=https%3A%2F%2Fapi.digitale-sammlungen.de%2Fiiif%2Fpresentation%2Fv2%2Fbsb11098632%2Fmanifest&amp;canvas=https%3A%2F%2Fapi.digitale-sammlungen.de%2Fiiif%2Fpresentation%2Fv2%2Fbsb11098632%2Fcanvas%2F3\">pag. 14<\/a><\/span>. J.A. Nordberg, \u201cKonung Carl den XII: tes historia\u201d, Stockholm 1740, deel 1, pag. 266 (Franse vert. <span style=\"color: #0000ff;\"><a style=\"color: #0000ff;\" href=\"https:\/\/babel.hathitrust.org\/cgi\/pt?id=hvd.hn2zha&amp;view=1up&amp;seq=270&amp;size=125\">pag. 238<\/a><\/span>).<br \/>\n<\/span><span style=\"color: #000000; font-size: 10pt;\">5. G. Adlerfeld, \u201cKarl XII:s Krigsf\u00f6retag 1700-1706\u201d, Stockholm 1919, deel 1, <span style=\"color: #0000ff;\"><a style=\"color: #0000ff;\" href=\"https:\/\/babel.hathitrust.org\/cgi\/pt?id=njp.32101074631332&amp;view=1up&amp;seq=190\">pag. 146<\/a><\/span> (Engelse vert.). A. Lewenhaupt, &#8220;Leonhard Kaggs Dagbok 1698-1722&#8221;, Historisk Handlingar, deel 24, <span style=\"color: #0000ff;\"><a style=\"color: #0000ff;\" href=\"https:\/\/meijenfeldt.nl\/?page_id=33764\">pag. 32<\/a><\/span>. M. Ranft, \u201cDie Merkw\u00fcrdigen Lebensgeschichte derer vier ber\u00fcmten Schwedischen Feldmarschalle, Grafen Rehnschild, Steenbock, Meyerfeld und D\u00fccker\u201d, deel 3, \u201cLeben und Thaten des Feld-Marschalls Graf Meyerfeld\u201d , Leipzig 1753,\u00a0<a href=\"http:\/\/digital.slub-dresden.de\/werkansicht\/dlf\/68191\/293\/0\/\"><span style=\"color: #0000ff;\">pag. 280<\/span><\/a>.<\/span><br \/>\n<span style=\"color: #000000; font-size: 10pt;\"><span style=\"color: #333333;\">6<\/span>. C.P.H. Sperling, &#8220;Dagbok&#8221;, Karolinska Krigares Dagb\u00f6cker j\u00e4mte andra samtidiga skrifter, deel 3, Lund 1907, <span style=\"color: #0000ff;\"><a style=\"color: #0000ff;\" href=\"http:\/\/runeberg.org\/karolikrig\/3\/0072.html\">pag. 26 en 31<\/a><\/span>.<br \/>\n<\/span><span style=\"color: #000000; font-size: 10pt;\">7. S. Faber, deel 3, <span style=\"color: #0000ff;\"><a style=\"color: #0000ff;\" href=\"https:\/\/app.digitale-sammlungen.de\/bookshelf\/bsb11098632\/view?view=ImageView&amp;manifest=https%3A%2F%2Fapi.digitale-sammlungen.de%2Fiiif%2Fpresentation%2Fv2%2Fbsb11098632%2Fmanifest&amp;canvas=https%3A%2F%2Fapi.digitale-sammlungen.de%2Fiiif%2Fpresentation%2Fv2%2Fbsb11098632%2Fcanvas%2F3\">pag. 20<\/a><\/span>. I. Le Long, deel 2,<span style=\"color: #008000;\"><span style=\"color: #0000ff;\"> <a style=\"color: #0000ff;\" href=\"https:\/\/books.google.se\/books?id=8T9nAAAAcAAJ&amp;pg=PP7&amp;lpg=PP7&amp;dq=le+long+het+leven+van+den+heldhaften+carel+den+xii,+koning+der+swe%C2%ADden&amp;source=bl&amp;ots=kimy0itnrJ&amp;sig=ACfU3U2hwA4HeZ3IE4dNQRxTyfulosZ1Zw&amp;hl=nl&amp;sa=X&amp;sqi=2&amp;ved=2ahUKEwiQl_XYupnmAhWLY1AKHdQzBAIQ6AEwBHoECAcQAQ#v=onepage&amp;q=meyerfeldt&amp;f=false\">pag. 281<\/a><\/span>.<\/span> <\/span><span style=\"color: #000000; font-size: 10pt;\">I. Le Long, deel 2, <span style=\"color: #0000ff;\"><a style=\"color: #0000ff;\" href=\"https:\/\/books.google.se\/books?id=8T9nAAAAcAAJ&amp;pg=PP7&amp;lpg=PP7&amp;dq=le+long+het+leven+van+den+heldhaften+carel+den+xii,+koning+der+swe%C2%ADden&amp;source=bl&amp;ots=kimy0itnrJ&amp;sig=ACfU3U2hwA4HeZ3IE4dNQRxTyfulosZ1Zw&amp;hl=nl&amp;sa=X&amp;sqi=2&amp;ved=2ahUKEwiQl_XYupnmAhWLY1AKHdQzBAIQ6AEwBHoECAcQAQ#v=onepage&amp;q=meyerfeldt&amp;f=false\">pag. 286<\/a><\/span>. <\/span><span style=\"color: #000000; font-size: 10pt;\">J.A. Nordberg, <span style=\"color: #000000; font-size: 13.3333px;\">\u201cKonung Carl den XII:tes historia\u201d, Stockholm 1740, deel 1, <\/span><span style=\"color: #0000ff;\"><a style=\"color: #0000ff;\" href=\"https:\/\/babel.hathitrust.org\/cgi\/pt?id=hvd.hn2zha&amp;view=1up&amp;seq=273\">pag. 241<\/a> <span style=\"color: #000000;\">(Franse vert.)<\/span><\/span>.<\/span><br \/>\n<span style=\"color: #000000; font-size: 10pt;\">8. L. Wisocki-Hochmuth, <a href=\"http:\/\/runeberg.org\/karolikrig\/2\/0178.html\"><span style=\"color: #0000ff;\">pag. 146<\/span><\/a>, <\/span><span style=\"color: #000000; font-size: 10pt;\">&#8220;mit seinem bruder&#8221;.<br \/>\n<\/span><span style=\"color: #000000; font-size: 10pt;\">9. J. Cederhielm, <span style=\"color: #000000; font-size: 13.3333px;\">\u00a0<\/span><span style=\"color: #000000; font-size: 13.3333px;\">&#8220;Dagboksfragment&#8221;, Karolinska Krigares Dagb\u00f6cker j\u00e4mte andra samtidiga skrifter, deel 10, Lund 1914, <\/span><span style=\"color: #0000ff; font-size: 10pt;\"><a style=\"color: #0000ff;\" href=\"http:\/\/runeberg.org\/karolikrig\/10\/0509.html\">pag. 454<\/a><\/span>.\u00a0<\/span><span style=\"color: #000000;\"><span style=\"font-size: 10pt;\">K. Lundblad, \u201cCarl XII:s Historia\u201d, Christianstad 1835, deel<\/span> <span style=\"font-size: 10pt;\">1,<\/span><\/span><span style=\"font-size: 10pt;\"><span style=\"color: #008000;\">\u00a0<\/span><span style=\"color: #0000ff;\"><a style=\"color: #0000ff;\" href=\"https:\/\/babel.hathitrust.org\/cgi\/pt?id=hvd.hnnd3z&amp;view=1up&amp;seq=247&amp;skin=2021&amp;q1=meyer-\">pag. 229<\/a><\/span><\/span><span style=\"color: #008000; font-size: 13.3333px;\">. <\/span><span style=\"color: #000000; font-size: 10pt;\">L. Wisocki-Hochmuth, <\/span><span style=\"color: #0000ff; font-size: 10pt;\"><a style=\"color: #0000ff;\" href=\"http:\/\/runeberg.org\/karolikrig\/2\/0202.html\">pag. 170<\/a><\/span><span style=\"color: #000000; font-size: 10pt;\">. A. Lewenhaupt, <\/span><span style=\"color: #008000;\"><span style=\"color: #0000ff; font-size: 10pt;\"><a style=\"color: #0000ff;\" href=\"https:\/\/meijenfeldt.nl\/?page_id=33764\">pag. 38<\/a><\/span>.<br \/>\n<\/span><span style=\"color: #000000; font-size: 10pt;\">10. <\/span><span style=\"color: #000000; font-size: 13.3333px;\">Uppsala Universitetsbibliotek, <\/span><span style=\"color: #000000; font-size: 10pt;\">Brieven van Karel XII aan Johann August in augustus en september 1702. E. Carlson, <\/span><span style=\"color: #000000; font-size: 13.3333px;\">\u201cKoning Karl XII:s egenh\u00e4ndiga bref\u201d, Stockholm 1893, <\/span><a style=\"font-size: 10pt;\" href=\"https:\/\/babel.hathitrust.org\/cgi\/pt?id=inu.30000053834564;view=2up;seq=410;skin=mobile\"><span style=\"color: #0000ff;\">pag. 337 e.v.<\/span><\/a><span style=\"color: #000000; font-size: 10pt;\"> J.A. Nordberg, <\/span><span style=\"color: #0000ff;\"><span style=\"font-size: 10pt;\"><a style=\"color: #0000ff;\" href=\"https:\/\/meijenfeldt.nl\/?page_id=9129\">pag. 281<\/a><\/span><\/span><span style=\"color: #000000; font-size: 10pt;\">. C.P.H. Sperling, <\/span><a style=\"font-size: 10pt;\" href=\"http:\/\/runeberg.org\/karolikrig\/3\/0072.html\"><span style=\"color: #0000ff;\">pag. 32<\/span><\/a><span style=\"color: #000000; font-size: 10pt;\">.<br \/>\n<\/span><span style=\"color: #000000; font-size: 10pt;\">11. L. Wisocki-Hochmuth, <a style=\"font-size: 10pt;\" href=\"http:\/\/runeberg.org\/karolikrig\/2\/0208.html\"><span style=\"color: #0000ff;\">pag. 176-177<\/span><\/a>.<br \/>\n12. <\/span><span style=\"color: #000000; font-size: 10pt;\">G. Adlerfeld, &#8220;Karl XII:s Krigsf\u00f6retag 1700-1706&#8221;, Stockholm 1919. <\/span><span style=\"color: #000000; font-size: 10pt;\">J.A. Nordberg, <\/span><span style=\"color: #000000; font-size: 10pt;\">deel 1, alleen in Franse vert. <\/span><span style=\"color: #000000; font-size: 10pt;\"><span style=\"color: #0000ff;\"><a style=\"color: #0000ff;\" href=\"https:\/\/babel.hathitrust.org\/cgi\/pt?id=hvd.hn2zha&amp;view=1up&amp;seq=309\"> pag. 277<\/a> <span style=\"color: #000000;\">(met lagere rang van <\/span><\/span>luitenant-kolonel).<br \/>\n13. M<strong>. <\/strong>Stenbock, \u201cBref till Carl XII\u201d &amp; \u201cBilagor till M.s journal\u201d, Karolinska Krigares Dagb\u00f6cker j\u00e4mte andra samtidiga skrifter, deel 12, Lund 1918, <a href=\"http:\/\/runeberg.org\/karolikrig\/12\/0222.html\"><span style=\"color: #0000ff;\">pag. 133-135<\/span><\/a>. E. Carlson, <span style=\"color: #0000ff;\"><a style=\"color: #0000ff;\" href=\"https:\/\/babel.hathitrust.org\/cgi\/pt?id=inu.30000053834564&amp;view=2up&amp;seq=354&amp;skin=mobile&amp;size=125\">pag. 282<\/a><\/span>.<br \/>\n14.\u00a0<\/span><span style=\"font-size: 10pt;\">A. Fryxell, \u201cBer\u00e4ttelser ur Svenska Historien\u201d, Stockholm 1823-1872, d<\/span><span style=\"font-size: 10pt;\">eel 21, <span style=\"color: #0000ff;\"><a style=\"color: #0000ff;\" href=\"https:\/\/meijenfeldt.nl\/?page_id=11841&amp;preview_id=11841&amp;preview_nonce=64cb945fa8&amp;_thumbnail_id=-1&amp;preview=true\">pag. 250-251<\/a><\/span>.<\/span><\/p>\n","protected":false},"excerpt":{"rendered":"<p>Carl Friedrich von Meijerfeldt blijft in Sehlburg om Lijfland te verdedigen. Zijn jongere broers volgen de Zweedse koning Karel XII met de hoofdmacht over \u00a0de grens van Litouwen naar Polen. Van Johann August kan bijna elke stap gevolgd worden omdat hij dicht bij de koning staat. Dat staat in schil contrast tot Wolmar Johann, wiens &hellip; <a href=\"https:\/\/meijenfeldt.nl\/?page_id=130\" class=\"more-link\">Verder lezen <span class=\"screen-reader-text\">1.4.2. In Karel&#8217;s kielzog<\/span><\/a><\/p>\n","protected":false},"author":1,"featured_media":0,"parent":112,"menu_order":0,"comment_status":"closed","ping_status":"closed","template":"","meta":{"footnotes":""},"class_list":["post-130","page","type-page","status-publish","hentry"],"_links":{"self":[{"href":"https:\/\/meijenfeldt.nl\/index.php?rest_route=\/wp\/v2\/pages\/130","targetHints":{"allow":["GET"]}}],"collection":[{"href":"https:\/\/meijenfeldt.nl\/index.php?rest_route=\/wp\/v2\/pages"}],"about":[{"href":"https:\/\/meijenfeldt.nl\/index.php?rest_route=\/wp\/v2\/types\/page"}],"author":[{"embeddable":true,"href":"https:\/\/meijenfeldt.nl\/index.php?rest_route=\/wp\/v2\/users\/1"}],"replies":[{"embeddable":true,"href":"https:\/\/meijenfeldt.nl\/index.php?rest_route=%2Fwp%2Fv2%2Fcomments&post=130"}],"version-history":[{"count":163,"href":"https:\/\/meijenfeldt.nl\/index.php?rest_route=\/wp\/v2\/pages\/130\/revisions"}],"predecessor-version":[{"id":65788,"href":"https:\/\/meijenfeldt.nl\/index.php?rest_route=\/wp\/v2\/pages\/130\/revisions\/65788"}],"up":[{"embeddable":true,"href":"https:\/\/meijenfeldt.nl\/index.php?rest_route=\/wp\/v2\/pages\/112"}],"wp:attachment":[{"href":"https:\/\/meijenfeldt.nl\/index.php?rest_route=%2Fwp%2Fv2%2Fmedia&parent=130"}],"curies":[{"name":"wp","href":"https:\/\/api.w.org\/{rel}","templated":true}]}}